{"id":12329,"date":"2023-10-18T16:02:12","date_gmt":"2023-10-18T14:02:12","guid":{"rendered":"https:\/\/tv.a11.cz\/?post_type=video&#038;p=12329"},"modified":"2023-10-19T10:28:03","modified_gmt":"2023-10-19T08:28:03","slug":"zus-ve-veseli-nad-moravou-slavila-vyroci","status":"publish","type":"video","link":"https:\/\/tv.a11.cz\/video\/zus-ve-veseli-nad-moravou-slavila-vyroci\/","title":{"rendered":"ZU\u0160 ve Vesel\u00ed nad Moravou slavila v\u00fdro\u010d\u00ed"},"content":{"rendered":"","protected":false},"excerpt":{"rendered":"<p>P\u0159ehl\u00eddku toho nejlep\u0161\u00edho ze sv\u00e9 \u010dinnosti p\u0159edstavila ve\u0159ejnosti Z\u00e1kladn\u00ed Um\u011bleck\u00e1 \u0160kola Vesel\u00ed nad Moravou. Multi\u017e\u00e1nrov\u00fdm koncertem na N\u00e1m\u011bst\u00ed M\u00edru oslavila kulat\u00e9 v\u00fdro\u010d\u00ed sv\u00e9ho p\u0159est\u011bhov\u00e1n\u00ed do nov\u00e9 budovy. <\/p>\n","protected":false},"author":8,"featured_media":12377,"template":"","categories":[17,25,157],"porad":[],"region":[136,53],"kategorie":[],"class_list":["post-12329","video","type-video","status-publish","has-post-thumbnail","hentry","category-domaci","category-vzdelavani","category-zpravy","region-hodoninsko","region-jihomoravsky-kraj"],"acf":[],"meta_box":{"nbla_idec":"N2307572","nbla_title":"ZU\u0160 ve Vesel\u00ed nad Moravou slavila v\u00fdro\u010d\u00ed","nbla_subtitle":"","nbla_summary":"","nbla_description":"","nbla_transcription":"P\u0159ehl\u00eddku toho nejlep\u0161\u00edho ze sv\u00e9 \u010dinnosti p\u0159edstavila Ve\u0159ejnosti z\u00e1kladn\u00ed um\u011bleck\u00e1 \u0161kola Vesel\u00fd nad Moravou. Multi\u017e\u00e1nov\u00fdm koncertem na n\u00e1m\u011bst\u00ed M\u00edru oslavila kulat\u00e9 v\u00fdro\u010d\u00ed sv\u00e9ho p\u0159est\u011bhov\u00e1n\u00ed do nov\u00e9 budovy. P\u0159i pom\u00ednku tohoto v\u00fdro\u010d\u00ed jsme se rozhodli, \u017ee ud\u011bl\u00e1me formou open air koncertu a v\u011b\u0159ili jsme od sam\u00e9ho za\u010d\u00e1tku, \u017ee n\u00e1m vyjde po\u010das\u00ed, proto\u017ee to je velmi d\u016fle\u017eit\u00e1 podm\u00ednka tady t\u00e9to akce a stalo se, jsme za to velmi vd\u011b\u010dn\u00ed. Pr\u016f\u0159ez jednotliv\u00fdmi um\u011bleck\u00fdmi obory nab\u00eddl celkem jeden\u00e1ct vystoupen\u00ed, v nich se p\u0159edstavila jednotliv\u00e1 hudebn\u00ed t\u011blesa a soubory. Nechyb\u011bly mezi nimi nap\u0159\u00edklad \u017eestov\u00fd kvintet, rokov\u00e1 kapela, houslov\u00e9 duo, dechov\u00fd \u010di tane\u010dn\u00fd orchestr a cymb\u00e1lov\u00e1 muzika. Hudba P\u0159esto\u017ee ub\u011bhlo u\u017e 20 let, \u0159editel \u0161koly Ale\u0161 Smutn\u00fd m\u00e1 st\u00e1le v \u017eiv\u00e9 pam\u011bti i vzpom\u00ednky na p\u0159edchoz\u00ed p\u016fsobi\u0161t\u011b. P\u016fsobili jsme v budov\u011b, kter\u00e1 u\u017e je zbo\u0159en\u00e1, na Stol\u00e1\u0159sk\u00e9 ulici vlastn\u011b kousek zp\u00e1tky, to byl b\u00fdval\u00fd plemen\u00e1\u0159sk\u00fd podnik a tam ty podm\u00ednky byly stra\u0161n\u00e9, bylo to mal\u00e9, samoz\u0159ejm\u011b ta \u0161kola byla mnohem men\u0161\u00ed tehdy, byly jenom dva obory, m\u00edn ne\u017e polovi\u010dn\u00ed po\u010det \u017e\u00e1ku a prost\u011b stra\u0161n\u00e9 podm\u00ednky, naprosto nevyhovuj\u00edc\u00ed. Tak\u017ee to, \u017ee se ta budova mohla postavit, tak to bylo velk\u00e9 po\u017eehn\u00e1n\u00ed nejenom pro um\u011bleck\u00e9 vzd\u011bl\u00e1v\u00e1n\u00ed, ale v\u016fbec pro vesel\u00fd. V nov\u00e9 budov\u011b bylo mo\u017en\u00e9 otev\u0159\u00edt v\u0161echny obory a tak se na koncertu p\u0159edstavili i d\u011bti z tane\u010dn\u00edho a liter\u00e1rn\u011b dramatick\u00e9ho oboru. V\u00fdtvarn\u00fd obor vytvo\u0159il pam\u00e1te\u010dn\u00ed placky. Nyn\u00ed m\u00e1 z\u00e1kladn\u00ed um\u011bleck\u00e1 \u0161kola 545 \u017e\u00e1k\u016f. Koncert se prot\u00e1hl do pozdn\u00edch hodin, jeho z\u00e1v\u011br obstaral Big Band z\u00e1kladn\u00ed um\u011bleck\u00e9 \u0161koly.","nbla_serie":"","nbla_season":"","nbla_episode":"","nbla_duration":"118.8","nbla_genre":"","nbla_editorial_format":"","nbla_mtime":"1697637094","nbla_url":"https:\/\/origin.a11.cz\/vod\/5edzogq23nzo97mayhov6858o.mp4","nbla_version":"1697637046","nbla_odvysilano":"Ano","bunny_id":"feaf6a95-7942-472a-8845-8106e485ce2a","youtube_id":"","datum_vydani":"20231018","stopaz":"118.8","dokument":[],"video_to":["12378"]},"_links":{"self":[{"href":"https:\/\/tv.a11.cz\/api\/wp\/v2\/video\/12329","targetHints":{"allow":["GET"]}}],"collection":[{"href":"https:\/\/tv.a11.cz\/api\/wp\/v2\/video"}],"about":[{"href":"https:\/\/tv.a11.cz\/api\/wp\/v2\/types\/video"}],"author":[{"embeddable":true,"href":"https:\/\/tv.a11.cz\/api\/wp\/v2\/users\/8"}],"wp:featuredmedia":[{"embeddable":true,"href":"https:\/\/tv.a11.cz\/api\/wp\/v2\/media\/12377"}],"wp:attachment":[{"href":"https:\/\/tv.a11.cz\/api\/wp\/v2\/media?parent=12329"}],"wp:term":[{"taxonomy":"category","embeddable":true,"href":"https:\/\/tv.a11.cz\/api\/wp\/v2\/categories?post=12329"},{"taxonomy":"porad","embeddable":true,"href":"https:\/\/tv.a11.cz\/api\/wp\/v2\/porad?post=12329"},{"taxonomy":"region","embeddable":true,"href":"https:\/\/tv.a11.cz\/api\/wp\/v2\/region?post=12329"},{"taxonomy":"kategorie","embeddable":true,"href":"https:\/\/tv.a11.cz\/api\/wp\/v2\/kategorie?post=12329"}],"curies":[{"name":"wp","href":"https:\/\/api.w.org\/{rel}","templated":true}]}}