{"id":12327,"date":"2023-10-18T16:00:22","date_gmt":"2023-10-18T14:00:22","guid":{"rendered":"https:\/\/tv.a11.cz\/?post_type=video&#038;p=12327"},"modified":"2023-10-19T10:02:38","modified_gmt":"2023-10-19T08:02:38","slug":"zlinsky-a-jihomoravsky-kraj-vstupuji-do-spolecnosti-batuv-kanal","status":"publish","type":"video","link":"https:\/\/tv.a11.cz\/video\/zlinsky-a-jihomoravsky-kraj-vstupuji-do-spolecnosti-batuv-kanal\/","title":{"rendered":"Zl\u00ednsk\u00fd a Jihomoravsk\u00fd kraj vstupuj\u00ed do spole\u010dnosti Ba\u0165\u016fv kan\u00e1l"},"content":{"rendered":"","protected":false},"excerpt":{"rendered":"<p>Ba\u0165\u016fv kan\u00e1l pat\u0159\u00ed k nejnav\u0161t\u011bvovan\u011bj\u0161\u00edm turistick\u00fdm c\u00edl\u016fm ve Zl\u00fdnsk\u00e9m i Jihomoravsk\u00e9m kraji. Vodn\u00ed cestu, kter\u00e1 v sou\u010dasn\u00e9 chv\u00edli m\u011b\u0159\u00ed 52 kilometr\u016f, jen v lo\u0148sk\u00e9 turistick\u00e9 sez\u00f3n\u011b nav\u0161t\u00edvilo 85 tis\u00edc lid\u00ed.<\/p>\n","protected":false},"author":8,"featured_media":12362,"template":"","categories":[17,157],"porad":[],"region":[53,64],"kategorie":[],"class_list":["post-12327","video","type-video","status-publish","has-post-thumbnail","hentry","category-domaci","category-zpravy","region-jihomoravsky-kraj","region-zlinsky-kraj"],"acf":[],"meta_box":{"nbla_idec":"N2307570","nbla_title":"Zl\u00ednsk\u00fd a Jihomoravsk\u00fd kraj vstupuj\u00ed do spole\u010dnosti Ba\u0165\u016fv kan\u00e1l","nbla_subtitle":"","nbla_summary":"","nbla_description":"","nbla_transcription":"Ba\u0165\u016fv kan\u00e1l pat\u0159\u00ed k nejnav\u0161t\u011bvovan\u011bj\u0161\u00edm turistick\u00fdm c\u00edl\u016fm ve Zr\u00fdnsk\u00e9m i Jihomoravsk\u00e9m kraji. Vodn\u00ed cestu, kter\u00e1 v sou\u010dasn\u00e9 chv\u00edli m\u011b\u0159\u00ed 52 kilometr\u016f, jen v lo\u0148sk\u00e9 turistick\u00e9 sez\u00f3n\u011b nav\u0161t\u00edvilo 85 tis\u00edc lid\u00ed. Dal\u0161\u00ed rozvoj kan\u00e1lu do posud brzdilo nejednotn\u00e9 veden\u00ed, to by se ale m\u011blo od 1. ledna p\u0159\u00ed\u0161t\u00edho roku zm\u011bnit. Hejtmani obou kraj\u016f toti\u017e v ob\u0159adn\u00ed s\u00edni uherskohradi\u0161tsk\u00e9 radnice podepsali smlouvy, kter\u00e9 p\u0159ev\u00e1d\u011bj\u00ed od Agentury pro rozvoj turistiky na Ba\u0165ov\u011b kan\u00e1lu pr\u00e1va a povinnosti zakladatele v obecn\u011b prospe\u0161n\u00e9 spole\u010dnosti Ba\u0165\u016fv kan\u00e1l na Zr\u00fdnsk\u00fd a Jihomoravsk\u00fd kraj. Stru\u010dn\u011b \u0159e\u010deno, Ba\u0165\u016fv kan\u00e1l z\u00edsk\u00e1 jednotn\u00e9 veden\u00ed pod patron\u00e1tem obou kraj\u016f. V t\u00e9 spole\u010dnosti, obecn\u011b prospe\u0161n\u00e9 spole\u010dnosti, jsou obce, kter\u00e9 jsou podel toho Ba\u0165ova kan\u00e1lu. Tam je d\u016fle\u017eit\u00e9, \u017ee oni spolu na\u0161li spole\u010dnou \u0159e\u010d a my jako kraje k tomu p\u0159istupujeme a vlastn\u011b d\u00e1v\u00e1me jim tu podporu a jsme ochotn\u00ed se s nimi spole\u010dn\u011b bavit na t\u011bch rozvojev\u00fdch projektech. Tak\u017ee za m\u011b je d\u016fle\u017eit\u00e9 to, \u017ee ty obce se o tom budou bavit spole\u010dn\u011b a ty kraje v tom podporuj\u00ed. M\u016f\u017eu pod\u011bkovat v\u0161em t\u011bm subjekt\u016fm, kter\u00e9 dote\u010f d\u011blali na Ba\u0165\u00e1ku, jak ho rozvinuli, je to pro n\u00e1s fenom\u00e9n a chceme ho d\u00e1le rozv\u00edjet, tak jsem r\u00e1d, \u017ee ti partne\u0159i z\u016fst\u00e1vaj\u00ed, budou v ta\u017een\u00ed do hry, ale ty moderatorsk\u00e9 role a efektivitu v tom \u0159\u00edzen\u00ed p\u0159eb\u00edraj\u00ed dneska od prvn\u00edho prvn\u00edho oba dva kraje. Zm\u011bnu v\u00edt\u00e1 tak\u00e9 starosta Uhersk\u00e9ho hradi\u0161t\u011b Stanislav Blaha. Tak\u00e9 pro m\u011bsto je dal\u0161\u00ed rozvoj Ba\u0165ova kan\u00e1lu d\u016fle\u017eit\u00fdm faktorem pro zdej\u0161\u00ed turismus. Ka\u017ed\u00fd turista, kter\u00fd p\u0159ijede na Ba\u0165\u016fv kan\u00e1l, si chce celou trasu projet, chce, aby m\u011bl v\u0161ude skv\u011bl\u00e9 z\u00e1zem\u00ed a j\u00e1 se domn\u00edv\u00e1m, \u017ee pouze pokud to bude fungovat pod jednou spr\u00e1vcovskou spole\u010dnost\u00ed, tak je v\u0161e to, co jsem tady zm\u00ednil, garantov\u00e1no. V sou\u010dasn\u00e9 chv\u00edli se pracuje na prodlou\u017een\u00ed splavnosti Ba\u0165ova kan\u00e1lu z Krom\u011b\u0159\u00ed\u017ee a\u017e do Hodon\u00edna. M\u011blo by j\u00edt o investici ve v\u00fd\u0161i dvou miliard korun, kter\u00e9 p\u016fjdou ze st\u00e1tn\u00ed kasy. Kraje by ale m\u011bly investice koordinovat.","nbla_serie":"","nbla_season":"","nbla_episode":"","nbla_duration":"119.04","nbla_genre":"","nbla_editorial_format":"","nbla_mtime":"1697637137","nbla_url":"https:\/\/origin.a11.cz\/vod\/9gjuuw95v004ogr1bzdbspnu2.mp4","nbla_version":"1697637123","nbla_odvysilano":"Ano","bunny_id":"f9717919-640e-42c0-9c96-e21d8dacd815","youtube_id":"","datum_vydani":"20231018","stopaz":"119.04","dokument":[],"video_to":["12363"]},"_links":{"self":[{"href":"https:\/\/tv.a11.cz\/api\/wp\/v2\/video\/12327","targetHints":{"allow":["GET"]}}],"collection":[{"href":"https:\/\/tv.a11.cz\/api\/wp\/v2\/video"}],"about":[{"href":"https:\/\/tv.a11.cz\/api\/wp\/v2\/types\/video"}],"author":[{"embeddable":true,"href":"https:\/\/tv.a11.cz\/api\/wp\/v2\/users\/8"}],"wp:featuredmedia":[{"embeddable":true,"href":"https:\/\/tv.a11.cz\/api\/wp\/v2\/media\/12362"}],"wp:attachment":[{"href":"https:\/\/tv.a11.cz\/api\/wp\/v2\/media?parent=12327"}],"wp:term":[{"taxonomy":"category","embeddable":true,"href":"https:\/\/tv.a11.cz\/api\/wp\/v2\/categories?post=12327"},{"taxonomy":"porad","embeddable":true,"href":"https:\/\/tv.a11.cz\/api\/wp\/v2\/porad?post=12327"},{"taxonomy":"region","embeddable":true,"href":"https:\/\/tv.a11.cz\/api\/wp\/v2\/region?post=12327"},{"taxonomy":"kategorie","embeddable":true,"href":"https:\/\/tv.a11.cz\/api\/wp\/v2\/kategorie?post=12327"}],"curies":[{"name":"wp","href":"https:\/\/api.w.org\/{rel}","templated":true}]}}