{"id":12324,"date":"2023-10-18T15:51:50","date_gmt":"2023-10-18T13:51:50","guid":{"rendered":"https:\/\/tv.a11.cz\/?post_type=video&#038;p=12324"},"modified":"2023-10-19T09:24:27","modified_gmt":"2023-10-19T07:24:27","slug":"6-rocnik-cesko-americkeho-lekarskeho-sympozia-se-uskutecnil-ve-strakonicich","status":"publish","type":"video","link":"https:\/\/tv.a11.cz\/video\/6-rocnik-cesko-americkeho-lekarskeho-sympozia-se-uskutecnil-ve-strakonicich\/","title":{"rendered":"\u010cesko-americk\u00e9 l\u00e9ka\u0159sk\u00e9 sympozium se uskute\u010dnilo ve Strakonic\u00edch"},"content":{"rendered":"","protected":false},"excerpt":{"rendered":"<p>V prostor\u00e1ch ryt\u00ed\u0159sk\u00e9ho s\u00e1lu Strakonick\u00e9ho hradu se kon\u00e1 \u0161est\u00fd ro\u010dn\u00edk \u010cesko-americk\u00e9ho neurologicko-internistick\u00e9ho symp\u00f3zia, po\u0159\u00e1dan\u00fd Strakonickou nemocnic\u00ed a \u010ceskou l\u00e9ka\u0159skou komorou.<\/p>\n","protected":false},"author":8,"featured_media":12353,"template":"","categories":[17,154,157],"porad":[],"region":[52,83],"kategorie":[],"class_list":["post-12324","video","type-video","status-publish","has-post-thumbnail","hentry","category-domaci","category-zdravotnictvi","category-zpravy","region-jihocesky-kraj","region-strakonicko"],"acf":[],"meta_box":{"nbla_idec":"N2313121","nbla_title":"6. ro\u010dn\u00edk \u010desko-americk\u00e9ho l\u00e9ka\u0159sk\u00e9ho sympozia se uskute\u010dnil ve Strakonic\u00edch","nbla_subtitle":"","nbla_summary":"","nbla_description":"","nbla_transcription":"Strakonick\u00e1 nemocnice po \u010dty\u0159ech letech uspo\u0159\u00e1dala dal\u0161\u00ed ro\u010dn\u00edk \u010cesko-americk\u00e9ho neurologicko-internistick\u00e9ho symp\u00f3zie. V prostor\u00e1ch hryt\u00fd\u0159sk\u00e9ho s\u00e1lu Strakonick\u00e9ho hradu se kon\u00e1 \u0161est\u00fd ro\u010dn\u00edk \u010cesko-americk\u00e9ho neurologicko-internistick\u00e9ho symp\u00f3zie, po\u0159\u00e1dan\u00fd Strakonickou nemocnic\u00ed a \u010ceskou l\u00e9ka\u0159skou komorou. V sou\u010dasn\u00e9 dob\u011b jsme po \u0161est\u00e9 na tohoto \u010desko-americk\u00e9m Strakonicko-bostonsk\u00e9m symp\u00f3ziju. Kon\u00e1 se relativn\u011b nepravideln\u011b, ale na\u0161t\u011bst\u00ed u\u017e po \u0161est\u00e9 a je to odborn\u00e1 z\u00e1le\u017eitost, kterou koncipujeme ve spolupr\u00e1ci s Lehy Clinic, co\u017e je mese\u010d\u016fseck\u00e1 nemocnice s\u00eddl\u00edc\u00ed v Bostnu. T\u00e9mata t\u00e9 konference jsou jednak kvalita zdravotnictv\u00ed a jednak neurologie. P\u0159ijelo \u0161est koleg\u016f pr\u00e1v\u011b z tohoto Lehy Clinic, maj\u00ed sv\u00e1 aktivn\u00ed vystoupen\u00ed, stejn\u011b tak na\u0161i l\u00e9ka\u0159i. Ameri\u010dt\u00ed l\u00e9ka\u0159i je\u0161t\u011b p\u0159ed Strakonick\u00fdm symp\u00f3zijem p\u0159edn\u00e1\u0161ely o kvalit\u011b zdravotnictv\u00ed tak\u00e9 v Pra\u017esk\u00e9m Karol\u00ednu pod z\u00e1\u0161titok rektorky Univerzity Karlovy Mileny Kr\u00e1li\u010dkov\u00e9. Co se t\u00fd\u010de jejich pobytu ve Strakonic\u00edch, jde v podstat\u011b o v\u00fdm\u011bnu zku\u0161enost\u00ed, o obohacen\u00ed mezi, \u0159ekn\u011bme, trochu r\u016fzn\u00fdmi \u00farovn\u011bmi medic\u00edny, proto\u017ee oni jsou v\u00fdzkumn\u00e9, v\u011bdeck\u00e9 a l\u00e9\u010debn\u00e9 centrum. My jsme typick\u00e1 nemocnice toho st\u0159edn\u00edho \u010desk\u00e9ho form\u00e1tu a vym\u011b\u0148ujeme si zku\u0161enosti. A te\u010f je t\u0159eba \u0159\u00edct, \u017ee docela dost t\u011bch zku\u0161enost\u00ed i oni si berou od n\u00e1s, t\u011bch praktick\u00fdch. Takhle to prob\u011bhlo toti\u017e b\u011bhem dne\u0161n\u00edho dopoledne, kdy ti l\u00e9ka\u0159i vlastn\u011b r\u00e1di na\u010derpali n\u011bkter\u00e9 v\u011bdomosti a praktick\u00e9, \u0159ekn\u011bme, mane\u017eov\u00e1n\u00ed na\u0161ich pacient\u016f tak, jak to d\u011bl\u00e1me v \u010desk\u00e9 medic\u00edne. Hlavn\u00ed smysl Strakonick\u00fdch setk\u00e1v\u00e1n\u00ed vid\u00ed Tom\u00e1\u0161 Fiala p\u0159edev\u0161\u00edm ve v\u00fdm\u011bn\u011b zku\u0161enost\u00ed. Jsem r\u00e1d, \u017ee \u010das od \u010dasu n\u011bkte\u0159\u00ed na\u0161i l\u00e9ka\u0159i vycestuj\u00ed pr\u00e1v\u011b na tuhleto kliniku, zase nazb\u00edraj\u00ed zku\u0161enosti tam a takhle to funguje. Prost\u011b to, co \u010dlov\u011bk vid\u00ed, to je daleko d\u016fle\u017eit\u011bj\u0161\u00ed, ne\u017e kdy\u017e si to p\u0159e\u010dte. Sympozium se konalo pod z\u00e1\u0161titou hejtmana jiho\u010desk\u00e9ho kraje Martina Kuby a sen\u00e1tora Tom\u00e1\u0161e Fialy a bylo po\u0159\u00e1d\u00e1no v r\u00e1mci celo\u017eivotn\u00edho vzd\u011bl\u00e1v\u00e1n\u00ed l\u00e9ka\u0159\u016f. M\u00edsto ke srovn\u00e1n\u00ed zdravotn\u00ed p\u00e9\u010de u n\u00e1s a za oce\u00e1nem vr\u00e1t\u00edme p\u0159\u00ed\u0161t\u00ed t\u00fdden v exkluzivn\u00edm rozhovoru se strakonickou roda\u010dkou, doktorkou Dianou Apekauerovou z bostonsk\u00e9 lehy Klinik, kter\u00e1 je patronkou strakonick\u00fdch setk\u00e1v\u00e1n\u00ed.","nbla_serie":"","nbla_season":"","nbla_episode":"","nbla_duration":"189.52","nbla_genre":"","nbla_editorial_format":"","nbla_mtime":"1697636990","nbla_url":"https:\/\/origin.a11.cz\/vod\/cadlai638jjsjh7mm2cb0sdje.mp4","nbla_version":"1697636990","nbla_odvysilano":"Ano","bunny_id":"8edb7e2c-8d3e-45bc-be70-9f418526b69f","youtube_id":"","datum_vydani":"20231018","stopaz":"189.52","dokument":[],"video_to":["12354"]},"_links":{"self":[{"href":"https:\/\/tv.a11.cz\/api\/wp\/v2\/video\/12324","targetHints":{"allow":["GET"]}}],"collection":[{"href":"https:\/\/tv.a11.cz\/api\/wp\/v2\/video"}],"about":[{"href":"https:\/\/tv.a11.cz\/api\/wp\/v2\/types\/video"}],"author":[{"embeddable":true,"href":"https:\/\/tv.a11.cz\/api\/wp\/v2\/users\/8"}],"wp:featuredmedia":[{"embeddable":true,"href":"https:\/\/tv.a11.cz\/api\/wp\/v2\/media\/12353"}],"wp:attachment":[{"href":"https:\/\/tv.a11.cz\/api\/wp\/v2\/media?parent=12324"}],"wp:term":[{"taxonomy":"category","embeddable":true,"href":"https:\/\/tv.a11.cz\/api\/wp\/v2\/categories?post=12324"},{"taxonomy":"porad","embeddable":true,"href":"https:\/\/tv.a11.cz\/api\/wp\/v2\/porad?post=12324"},{"taxonomy":"region","embeddable":true,"href":"https:\/\/tv.a11.cz\/api\/wp\/v2\/region?post=12324"},{"taxonomy":"kategorie","embeddable":true,"href":"https:\/\/tv.a11.cz\/api\/wp\/v2\/kategorie?post=12324"}],"curies":[{"name":"wp","href":"https:\/\/api.w.org\/{rel}","templated":true}]}}