{"id":12321,"date":"2023-10-18T12:41:37","date_gmt":"2023-10-18T10:41:37","guid":{"rendered":"https:\/\/tv.a11.cz\/?post_type=video&#038;p=12321"},"modified":"2023-10-19T08:33:21","modified_gmt":"2023-10-19T06:33:21","slug":"na-slovensku-podepsali-koalicni-smlouvu","status":"publish","type":"video","link":"https:\/\/tv.a11.cz\/video\/na-slovensku-podepsali-koalicni-smlouvu\/","title":{"rendered":"Na Slovensku podepsali koali\u010dn\u00ed smlouvu"},"content":{"rendered":"","protected":false},"excerpt":{"rendered":"<p>Pod\u00edvejte se na report\u00e1\u017e o aktu\u00e1ln\u00edm politick\u00e9m d\u011bn\u00ed na Slovensku. <\/p>\n","protected":false},"author":8,"featured_media":12344,"template":"","categories":[20,157],"porad":[],"region":[],"kategorie":[],"class_list":["post-12321","video","type-video","status-publish","has-post-thumbnail","hentry","category-politika","category-zpravy"],"acf":[],"meta_box":{"nbla_idec":"N2300119","nbla_title":"Na Slovensku podepsali koali\u010dn\u00ed smlouvu","nbla_subtitle":"","nbla_summary":"","nbla_description":"","nbla_transcription":"L\u00edderi stran Smer SDH s SDI se nespodp\u00edsali koali\u010dnou dohodu podpisom memoranda o porozumen\u00ed a koali\u010dn\u00ed dohody sa podle prezidentky \u010cabutovy naplnila podm\u00ednka povedenia predsedu Smeru SD Roberta Fica zabezpe\u010dit vl\u00e1d\u011b ve\u010dinovou podporu v parlament\u011b. Dal\u0161\u00ed kroky ozn\u00e1m\u00ed potom, jako sa obozn\u00e1m\u00ed zmenami navrhovan\u00fdch \u010dlen\u016f vl\u00e1dy. S ozn\u00e1mi jej\u00ed zat\u00edl nedoru\u010dili. D\u011bkujem ven\u011b strany Smer, soci\u00e1ln\u00ed demokraci a za vz\u00e1jemnou d\u016fv\u011bru a za uskuto\u010dn\u011bn\u011b tohto aktu, kter\u00fd je nevyhnutn\u00fdm pro vytvoren\u00ed vl\u00e1dy SR a pro kreov\u00e1n\u00ed org\u00e1n\u016f NRS. Premiersk\u00fd post m\u00e1 zast\u00e1vat nominant Smeru SD. Smer m\u00e1 obsadit Ministerstva spravodlivosti, dopravy, financ\u00ed, zahrani\u010dn\u00fdch v\u011bc\u00ed, obrany a p\u016fvodu hospod\u00e1rstva. Hlasu maj\u00ed patrit posty ministrov vn\u016ftra, hospod\u00e1\u0159stva, zdravotnictva, \u0161kolstva, pr\u00e1ce a t\u011b\u017e ministra invest\u00edc\u00ed a region\u00e1ln\u00e9ho rozvoja. Slovensko v \u010do nejkra\u010d\u0161om mo\u017en\u00e9m term\u00edn\u011b pot\u0159ebuje fun\u010dnou, stabilnou a hlavn\u011b odborn\u011b dob\u0159e p\u0159ipravenou a schopnou vl\u00e1du. V prv\u00e9 \u010dasti na\u0161a misia z\u00e1chrana n\u00e1rodn\u00e9ho hlasu je spln\u011bna. Chcem v\u00e1s ubezpe\u010dit, \u017ee ten n\u00e1rodn\u00fd hlas bude jednotn\u00fd a tak, jako hovoril aj pan predseda Pellegrini, budeme dbat na to, aby na\u0161i nominanti od r\u00e1na do ve\u010dera slu\u017eili tomuto \u0161t\u00e1tu. Ministerstvo zahrani\u010dn\u00fdch v\u011bc\u00ed u\u017e nebude hovorcom cuz\u00edch z\u00e1ujm\u016f. Ministerstvo zahrani\u010dn\u00fdch v\u011bc\u00ed SR bude hovorcom slovensk\u00fdch z\u00e1ujm\u016f. Bude se robit slovensk\u00e1 zahrani\u010dn\u00e1 politika, bude se budovat zdrav\u00e9 vlastin\u011bctvo, bude se poslov\u0148ovat suverenita. Opakujem, p\u0159i plnom re\u0161pektov\u00e1n\u00ed, zahrani\u010dno-politick\u00e9 orientace je slovensk\u00e1, proto\u017ee to je n\u00e1\u0161 \u017eivotn\u00fd priestor. SNS bude nominovat \u0161\u00e9fov rezortov \u017eivotn\u00e9ho prost\u0159ed\u00ed a kultury a nov\u00e9ho ministerstva \u0161portu a cestovn\u00fdch ruch\u016f. Takzvan\u00e1 kri\u017eov\u00e1 kontrola m\u00e1 b\u00fdt na n\u011bkter\u00fdch ministerstv\u00e1ch. Predsedem parlamentu m\u00e1 b\u00fdt nominant hlasu SD. Koali\u010dn\u00e9 strany nominuje i podpredsedov, jedn\u00e9ho m\u00e1 navrhnout opoz\u00edcia. Chceme v\u00e1m ozn\u00e1mit, \u017ee skon\u010dila \u00e9ra, kdy v t\u00e9to krajin\u011b vl\u00e1dly mimovl\u00e1dn\u00e9 organizace. T\u00fdmto okam\u017en\u00fdm. Robert Fico chce, aby se o programovou vyhl\u00e1sen\u00ed a dovere vl\u00e1d\u011b hlasoval v parlament\u011b do 17. novembra. Term\u00edn by chceli stihnout v pr\u00edpad\u011b, \u017ee vl\u00e1da bude jmenov\u00e1na na budouc\u00ed t\u00fd\u017ede\u0148. C\u00edlom novej vl\u00e1dy bude podle Fica konsolidovat verejn\u00e9 financie tempom, kter\u00e9 nehoroz\u00ed dosiahnut\u00fd soci\u00e1ln\u00ed \u0161tandard a umo\u017en\u00ed velk\u00e9 investicie na podporu hospod\u00e1\u0159sk\u00e9ho rastu. Na\u010detol t\u011b\u017e zm\u011bny v trestn\u00e9m pr\u00e1ve a mechanizme ochrany ludsk\u00fdch pr\u00e1v z Bratislavy Viliam \u0160u\u0161ka.","nbla_serie":"","nbla_season":"","nbla_episode":"","nbla_duration":"164.36","nbla_genre":"","nbla_editorial_format":"","nbla_mtime":"1697625196","nbla_url":"https:\/\/origin.a11.cz\/vod\/30ry9niiff1o53o9qdw55xfls.mp4","nbla_version":"1697625196","nbla_odvysilano":"Ne","bunny_id":"2bcc695c-392d-490c-ae49-ab4deb8c4120","youtube_id":"","datum_vydani":"20231018","stopaz":"164.36","dokument":[],"video_to":["12345"]},"_links":{"self":[{"href":"https:\/\/tv.a11.cz\/api\/wp\/v2\/video\/12321","targetHints":{"allow":["GET"]}}],"collection":[{"href":"https:\/\/tv.a11.cz\/api\/wp\/v2\/video"}],"about":[{"href":"https:\/\/tv.a11.cz\/api\/wp\/v2\/types\/video"}],"author":[{"embeddable":true,"href":"https:\/\/tv.a11.cz\/api\/wp\/v2\/users\/8"}],"wp:featuredmedia":[{"embeddable":true,"href":"https:\/\/tv.a11.cz\/api\/wp\/v2\/media\/12344"}],"wp:attachment":[{"href":"https:\/\/tv.a11.cz\/api\/wp\/v2\/media?parent=12321"}],"wp:term":[{"taxonomy":"category","embeddable":true,"href":"https:\/\/tv.a11.cz\/api\/wp\/v2\/categories?post=12321"},{"taxonomy":"porad","embeddable":true,"href":"https:\/\/tv.a11.cz\/api\/wp\/v2\/porad?post=12321"},{"taxonomy":"region","embeddable":true,"href":"https:\/\/tv.a11.cz\/api\/wp\/v2\/region?post=12321"},{"taxonomy":"kategorie","embeddable":true,"href":"https:\/\/tv.a11.cz\/api\/wp\/v2\/kategorie?post=12321"}],"curies":[{"name":"wp","href":"https:\/\/api.w.org\/{rel}","templated":true}]}}