{"id":12320,"date":"2023-10-18T12:40:11","date_gmt":"2023-10-18T10:40:11","guid":{"rendered":"https:\/\/tv.a11.cz\/?post_type=video&#038;p=12320"},"modified":"2023-10-19T08:28:11","modified_gmt":"2023-10-19T06:28:11","slug":"dve-ste-lidi-prislo-v-brne-podporit-izrael","status":"publish","type":"video","link":"https:\/\/tv.a11.cz\/video\/dve-ste-lidi-prislo-v-brne-podporit-izrael\/","title":{"rendered":"Dv\u011b st\u011b lid\u00ed p\u0159i\u0161lo v Brn\u011b podpo\u0159it Izrael"},"content":{"rendered":"","protected":false},"excerpt":{"rendered":"<p>V Brn\u011b se se\u0161ly lid\u00e9 na podporu Izraele. Jednalo se o pokojn\u00e9 shrom\u00e1\u017ed\u011bn\u00ed, kter\u00e9 se uskute\u010dnilo v centru Brna na dominik\u00e1nsk\u00e9m n\u00e1m\u011bst\u00ed.<\/p>\n","protected":false},"author":8,"featured_media":12341,"template":"","categories":[17,157],"porad":[],"region":[134,53],"kategorie":[],"class_list":["post-12320","video","type-video","status-publish","has-post-thumbnail","hentry","category-domaci","category-zpravy","region-brnensko","region-jihomoravsky-kraj"],"acf":[],"meta_box":{"nbla_idec":"N2301123","nbla_title":"Dv\u011b st\u011b lid\u00ed p\u0159i\u0161lo v Brn\u011b podpo\u0159it Izrael","nbla_subtitle":"","nbla_summary":"","nbla_description":"","nbla_transcription":"V Brn\u011b se se\u0161ly lid\u00e9 na podporu Izraele. Jednalo se o pokojn\u00e9 zhrom\u00e1\u017ed\u011bn\u00ed, kter\u00e9 se uskute\u010dnilo v centru Brna na dominik\u00e1nsk\u00e9m n\u00e1m\u011bst\u00ed. Na podporu Izraele po teroristick\u00e9m \u00fatoku Ham\u00e1s\u016f se se\u0161lo v centr\u00e1ln\u00ed moravsk\u00e9 metropoli n\u011bkolik stovek \u00fa\u010dastn\u00edk\u016f. Zazn\u011bla izraelsk\u00e1 hymna a lid\u00e9 dr\u017eeli minutu ticha za ob\u011bti krvav\u00fdch \u00fatok\u016f.  Zazn\u011bla izraelsk\u00e1 hymna a lid\u00e9 dr\u017eeli minutu ticha za ob\u011bti krvav\u00fdch \u00fatok\u016f. Co n\u00e1s k tomu vedlo? Vedlo k tomu to, co se pr\u00e1v\u011b stalo p\u0159ed deseti dny, ta stra\u0161n\u00e1 v\u011bc, kter\u00e1 se stala a ten \u00fatok Ham\u00e1s\u016f na civiln\u00ed obyvatelstvo, na zavra\u017ed\u011bn\u00ed des\u00edtek nebo stovek d\u011bt\u00ed, civilist\u016f, dokonce i lid\u00ed, kte\u0159\u00ed p\u0159e\u017eili holokaust, prost\u011b hromadn\u00e9 vra\u017edy. Na m\u00edsto zhrom\u00e1\u017een\u00ed v Brn\u011b na podporu Izraela dorazilo zhruba dv\u011bst\u011b \u00fa\u010dastn\u00edk\u016f. Je to v\u00e1lka a ne omezen\u00e1 operace, v\u00e1lka. Jsem tady, proto\u017ee chci podpo\u0159it svoje lidi, proto\u017ee moje lidi um\u00edraj\u00ed v Izraeli, m\u00e1m tam rodinu a nakonec m\u00e1m strachy o lidi tady, o na\u0161e lidi. Tak cht\u011bla bych podpo\u0159it svou p\u0159\u00edtomnosti st\u00e1t Izrael v tuto chv\u00edli. M\u00e1te na to n\u011bjak\u00e9 vazby? Srd\u010dn\u00ed. Mysl\u00edm si, \u017ee je to dobr\u00e9 v\u011bd\u011bt ve\u0159ejnost, o co tady jde a \u017ee opravdu je nutn\u00e9 se postavit za to. Fakt, je to hrozn\u00fd. J\u00e1 nejsu ani proti palest\u00ednc\u016fm, ale tohle bylo od kruty, tak\u017ee j\u00e1 jsem tady, proto abych podpo\u0159ila Izrael. My jsme p\u0159i\u0161li na podporu t\u00e9to akce. Na podporu Izraela, ur\u010dit\u011b, v ka\u017ed\u00e9m p\u0159\u00edpad\u011b. Na podporu Izraela. Na p\u00f3diu vystoupila i prim\u00e1torka m\u011bsta Brna Mark\u00e9ta Va\u0148kov\u00e1. Dne\u0161n\u00edho dne se tady p\u0159ed Novou radnic\u00ed konalo takov\u00e9 p\u011btn\u00ed zhrom\u00e1\u017ed\u011bn\u00ed na vyj\u00e1d\u0159en\u00ed podpory Solidarity civiln\u00edmu obyvatelstvu v Izraeli. J\u00e1 jsem se ho za m\u011bsto velmi r\u00e1da u\u010dastnila a vyjad\u0159uje to n\u00e1zor v\u0161ech m\u00fdch koleg\u016f radn\u00edch, proto\u017ee jsme u\u017e minul\u00fd t\u00fdden na rad\u011b m\u011bsta Brna rozhodli o tom, \u017ee symbolicky vyv\u011bs\u00edme na budovu Nov\u00e9 radnice izraelskou lajku. Vrac\u00ed n\u00e1s to do doby holokaustu do nacistick\u00fdch t\u00e1bor\u016f. Izrael bojuje i za na\u0161\u00ed svobodu. Bu\u010fme s n\u00edm, a\u0165 je Izrael. Toto zvolal starosta Brna st\u0159ed Vojt\u011bch Mencel. Pan profesor Rektor na\u0161i dneskou \u010d\u00e1st v p\u00e1tek po\u017e\u00e1dal o mo\u017enosti spo\u0159\u00e1dat toto setk\u00e1n\u00ed ve prosp\u011bch ob\u010dan\u016f Izraele. My jsme mu velmi r\u00e1di v tomto vy\u0161li vst\u0159\u00edct a d\u00edky tomu se je dne\u0161n\u00ed zhrom\u00e1\u017ed\u011bn\u00ed kon\u00e1 tak, jak ho tady vid\u00edte. www.hradeckralove.org","nbla_serie":"","nbla_season":"","nbla_episode":"","nbla_duration":"179.2","nbla_genre":"","nbla_editorial_format":"","nbla_mtime":"1697625224","nbla_url":"https:\/\/origin.a11.cz\/vod\/93klmd301qg1ee2tdeodd4bx0.mp4","nbla_version":"1697625224","nbla_odvysilano":"Ne","bunny_id":"4c4bbbae-d55c-4dc1-8b74-37a532fe6dd4","youtube_id":"","datum_vydani":"20231018","stopaz":"179.2","dokument":[],"video_to":["12342"]},"_links":{"self":[{"href":"https:\/\/tv.a11.cz\/api\/wp\/v2\/video\/12320","targetHints":{"allow":["GET"]}}],"collection":[{"href":"https:\/\/tv.a11.cz\/api\/wp\/v2\/video"}],"about":[{"href":"https:\/\/tv.a11.cz\/api\/wp\/v2\/types\/video"}],"author":[{"embeddable":true,"href":"https:\/\/tv.a11.cz\/api\/wp\/v2\/users\/8"}],"wp:featuredmedia":[{"embeddable":true,"href":"https:\/\/tv.a11.cz\/api\/wp\/v2\/media\/12341"}],"wp:attachment":[{"href":"https:\/\/tv.a11.cz\/api\/wp\/v2\/media?parent=12320"}],"wp:term":[{"taxonomy":"category","embeddable":true,"href":"https:\/\/tv.a11.cz\/api\/wp\/v2\/categories?post=12320"},{"taxonomy":"porad","embeddable":true,"href":"https:\/\/tv.a11.cz\/api\/wp\/v2\/porad?post=12320"},{"taxonomy":"region","embeddable":true,"href":"https:\/\/tv.a11.cz\/api\/wp\/v2\/region?post=12320"},{"taxonomy":"kategorie","embeddable":true,"href":"https:\/\/tv.a11.cz\/api\/wp\/v2\/kategorie?post=12320"}],"curies":[{"name":"wp","href":"https:\/\/api.w.org\/{rel}","templated":true}]}}