{"id":12265,"date":"2023-10-17T17:56:39","date_gmt":"2023-10-17T15:56:39","guid":{"rendered":"https:\/\/tv.a11.cz\/?post_type=video&#038;p=12265"},"modified":"2023-10-17T19:40:56","modified_gmt":"2023-10-17T17:40:56","slug":"zeleny-dum-pohody-otevrel-sve-dvere-po-ctyrech-letech","status":"publish","type":"video","link":"https:\/\/tv.a11.cz\/video\/zeleny-dum-pohody-otevrel-sve-dvere-po-ctyrech-letech\/","title":{"rendered":"Zelen\u00fd d\u016fm pohody otev\u0159el sv\u00e9 dve\u0159e po \u010dty\u0159ech letech"},"content":{"rendered":"","protected":false},"excerpt":{"rendered":"<p>Po \u010dty\u0159let\u00e9 pauze se op\u011bt otev\u0159eli dve\u0159e Zelen\u00e9ho domu pohody. N\u00e1v\u0161t\u011bvn\u00edci mohli b\u011bhem tradi\u010dn\u00edho dne otev\u0159en\u00fdch dve\u0159\u00ed nahl\u00e9dnout nejen do prostor t\u00e9to organizace, ale mohly se tak\u00e9 sezn\u00e1mit s celou \u0159adou slu\u017eeb a aktivit, kter\u00e9 sv\u00fdm klient\u016fm nab\u00edz\u00ed. <\/p>\n","protected":false},"author":8,"featured_media":12281,"template":"","categories":[17,157],"porad":[],"region":[136,53],"kategorie":[],"class_list":["post-12265","video","type-video","status-publish","has-post-thumbnail","hentry","category-domaci","category-zpravy","region-hodoninsko","region-jihomoravsky-kraj"],"acf":[],"meta_box":{"nbla_idec":"N2307568","nbla_title":"Zelen\u00fd d\u016fm pohody otev\u0159el sv\u00e9 dve\u0159e po \u010dty\u0159ech letech","nbla_subtitle":"","nbla_summary":"","nbla_description":"","nbla_transcription":"Po \u010dty\u0159let\u00e9 pauze se op\u011bt otev\u0159eli dve\u0159e Zelen\u00e9ho domu pohody. N\u00e1v\u0161t\u011bvn\u00edci mohli b\u011bhem tradi\u010dn\u00edho dne otev\u0159en\u00fdch dve\u0159\u00ed nahl\u00e9dnout nejen do prostor t\u00e9to organizace, ale mohly se tak\u00e9 sezn\u00e1mit s celou \u0159adou slu\u017eeb a aktivit, kter\u00e9 sv\u00fdm klient\u016fm nab\u00edz\u00ed. Z klienty i zam\u011bstnanci se pozdravil tak\u00e9 starosta Libor St\u0159echa. Odpoledne se neslo v dobr\u00e9 n\u00e1lad\u011b, kterou doplnilo i bohat\u00e9 ob\u010derstven\u00ed. Co se t\u00fdk\u00e1 t\u00e9 programov\u00e9 nab\u00eddky, to je hlavn\u00ed, kv\u016fli \u010demu asi lid\u00e9 a z\u00e1jemci p\u0159ijdou, tak to je samotn\u00e1 budova Zelen\u00e9ho domu pohody, ta matersk\u00e1. Tady nab\u00edz\u00edme uk\u00e1zku jednotliv\u00fdch odd\u011blen\u00ed, kde m\u00e1me klienty star\u0161\u00ed i mlad\u0161\u00ed podle v\u011bkov\u00fdch kategori\u00ed. Nab\u00edz\u00edme uk\u00e1zku bydl\u00ed, jak maj\u00ed pokoje za\u0159\u00edzen\u00e9, jak se stravuj\u00ed. Prohl\u00e9dnout si bylo mo\u017en\u00e9 i deta\u0161ovan\u00e9 pracovi\u0161t\u011b, kter\u00e9 poskytuje denn\u00ed stacion\u00e1\u0159 s aktiviza\u010dn\u00edmi d\u00edlnami, nebo byty chr\u00e1n\u011bn\u00e9ho bydlen\u00ed. P\u0159\u00edchodz\u00ed se mohli pod\u00edvat tak\u00e9 na to, jak se m\u00edsto za \u010dty\u0159i roky zm\u011bnilo. T\u011bch rekonstrukc\u00ed bohu\u017eel z\u00e1sluhou toho, \u017ee nen\u00ed moc remesln\u00edk\u016f jsme moc nestihli, nicm\u00e9n\u011b jsme byli se r\u00e1di, \u017ee jsme zrekonstruovali soci\u00e1ln\u00ed za\u0159\u00edzen\u00ed pro klienty, zam\u011bstnance. D\u00e1 se \u0159\u00edct, \u017ee d\u011bl\u00e1me v\u0161echno pro to, aby jsme se n\u011bjak\u00fdm zp\u016fsobem zase n\u011bjak\u00fdm pohli. Nechyb\u011blo vystoupen\u00ed, kter\u00e9 si p\u0159ipravili klienti Zelen\u00e9ho dom\u016f pohody. Jedno bylo o popelce, druh\u00e9 se neslo v rokov\u00e9m duchu. Nech si to proj\u00edt v palec\u00edch a nepracuj\u00ed se v zvuk\u016fc\u00edch, sta\u010d se m\u011b rovnou trochu pochopit. Klienti Zelen\u00e9ho dom\u016f pohody jsou z\u00e1rove\u0148 velmi tv\u016fr\u010d\u00ed. Dokazuje to i d\u00edlo nazvan\u00e9 Hodon\u00ednsk\u00e9 leti\u0161t\u011b Marie Gotwaldov\u00e9, kter\u00e9 je k vid\u011bn\u00ed v Hodon\u00ednsk\u00e9m informa\u010dn\u00edm centru. Za\u010dalo to t\u00edm, \u017ee jsem si p\u0159\u00e1la let\u011bt velk\u00fd sen letadlem na dovolenou. A tak t\u00edm, \u017ee jsem si to prohloubila a za\u010dala jsem m\u00edt r\u00e1da takov\u00e9 ty leteck\u00e9 dny a letadla a v\u00fd\u0161ky toho letadla, tak m\u011b napadlo, \u017ee si vlastn\u011b postav\u00edm letadlo ze \u0161pilek. Je to i z kovu, je to i z batere, kter\u00e9 sv\u00edt\u00ed, dokonce i hraje.","nbla_serie":"","nbla_season":"","nbla_episode":"","nbla_duration":"134.72","nbla_genre":"","nbla_editorial_format":"","nbla_mtime":"1697557307","nbla_url":"https:\/\/origin.a11.cz\/vod\/7fyqnjuebpevchzq4h5yjxrea.mp4","nbla_version":"1697557307","nbla_odvysilano":"Ano","bunny_id":"69400ee5-39e3-4132-a461-7129b750620d","youtube_id":"","datum_vydani":"20231017","stopaz":"134.72","dokument":[],"video_to":["12282"]},"_links":{"self":[{"href":"https:\/\/tv.a11.cz\/api\/wp\/v2\/video\/12265","targetHints":{"allow":["GET"]}}],"collection":[{"href":"https:\/\/tv.a11.cz\/api\/wp\/v2\/video"}],"about":[{"href":"https:\/\/tv.a11.cz\/api\/wp\/v2\/types\/video"}],"author":[{"embeddable":true,"href":"https:\/\/tv.a11.cz\/api\/wp\/v2\/users\/8"}],"wp:featuredmedia":[{"embeddable":true,"href":"https:\/\/tv.a11.cz\/api\/wp\/v2\/media\/12281"}],"wp:attachment":[{"href":"https:\/\/tv.a11.cz\/api\/wp\/v2\/media?parent=12265"}],"wp:term":[{"taxonomy":"category","embeddable":true,"href":"https:\/\/tv.a11.cz\/api\/wp\/v2\/categories?post=12265"},{"taxonomy":"porad","embeddable":true,"href":"https:\/\/tv.a11.cz\/api\/wp\/v2\/porad?post=12265"},{"taxonomy":"region","embeddable":true,"href":"https:\/\/tv.a11.cz\/api\/wp\/v2\/region?post=12265"},{"taxonomy":"kategorie","embeddable":true,"href":"https:\/\/tv.a11.cz\/api\/wp\/v2\/kategorie?post=12265"}],"curies":[{"name":"wp","href":"https:\/\/api.w.org\/{rel}","templated":true}]}}