{"id":12260,"date":"2023-10-17T17:54:58","date_gmt":"2023-10-17T15:54:58","guid":{"rendered":"https:\/\/tv.a11.cz\/?post_type=video&#038;p=12260"},"modified":"2023-10-18T11:26:59","modified_gmt":"2023-10-18T09:26:59","slug":"kaple-sv-sebestiana-je-po-utoku-sprejeru-opravena","status":"publish","type":"video","link":"https:\/\/tv.a11.cz\/video\/kaple-sv-sebestiana-je-po-utoku-sprejeru-opravena\/","title":{"rendered":"Kaple sv. \u0160ebesti\u00e1na je po \u00fatoku sprejer\u016f opraven\u00e1"},"content":{"rendered":"","protected":false},"excerpt":{"rendered":"<p>Na ja\u0159e se na starobyl\u00fdch dve\u0159\u00edch barokn\u00ed kaple sv. \u0160ebesti\u00e1na na Palack\u00e9ho n\u00e1m\u011bst\u00ed v Uhersk\u00e9m Hradi\u0161ti objevilo d\u00edlo sprejera. M\u011bsto ud\u00e1lost p\u0159edalo policii k \u0161et\u0159en\u00ed. <\/p>\n","protected":false},"author":8,"featured_media":12295,"template":"","categories":[17,157],"porad":[],"region":[87,64],"kategorie":[],"class_list":["post-12260","video","type-video","status-publish","has-post-thumbnail","hentry","category-domaci","category-zpravy","region-hradistsko","region-zlinsky-kraj"],"acf":[],"meta_box":{"nbla_idec":"N2307566","nbla_title":"Kaple sv. \u0160ebesti\u00e1na je po \u00fatoku sprejer\u016f opraven\u00e1","nbla_subtitle":"","nbla_summary":"","nbla_description":"","nbla_transcription":"Na ja\u0159e se na starobil\u00fdch dve\u0159\u00edch barokn\u00ed kaple sv. \u0160ebesti\u00e1na na Palack\u00e9ho n\u00e1m\u011bst\u00ed v uhersk\u00e9m hradi\u0161ti objevilo neum\u011bl\u00e9 d\u00edlo sprayera. M\u011bstoud\u00e1lost p\u0159edalo polici\u00ed k \u0161et\u0159en\u00ed. Vandalem po\u0161kozen\u00e9 dve\u0159e ale bylo pot\u0159eba vr\u00e1tit do p\u016fvodn\u00edho stavu. Po\u010duli jsme oslovit restaur\u00e1tory samoz\u0159ejm\u011b ve spolupr\u00e1ci s pam\u00e1tk\u00e1\u0159i a stanovili jsme postup, kter\u00fdm obnov\u00edme tyto vstupn\u00ed dve\u0159e. Tak\u017ee do\u0161lo na restaur\u00e1torsk\u00e9 pr\u00e1ce a pochopiteln\u011b, kdy\u017e u\u017e jsme tady d\u011blali n\u011bjak\u00e9 opravy, tak jsme o\u010distili i fas\u00e1du kaple sv. \u0160ebesti\u00e1na. Restaur\u00e1torsk\u00e9 pr\u00e1ce na dve\u0159\u00edch a vy\u010di\u0161t\u011bn\u00ed povrchu fas\u00e1dy od biologick\u00fdch ne\u010distot vy\u0161ly m\u011bsto na 200 000 K\u010d. S vandalstv\u00edm v podob\u011b sprayer\u016f se ale m\u011bsto muselo letos vypo\u0159\u00e1dat u\u017e po druh\u00e9. Bohu\u017eel v leto\u0161n\u00edm roce je to ji\u017e po druh\u00e9, kdy na Zelen\u00e9m n\u00e1m\u011bst\u00ed se stala takov\u00e1 stejn\u00e1 v\u011bc sprayerstv\u00ed na p\u0159ilb\u011b na Pam\u00e1tn\u00edku obrany n\u00e1roda. Tak\u00e9 Pam\u00e1tn\u00edk obrany n\u00e1roda u\u017e je o\u010di\u0161t\u011bn\u00fd do p\u016fvodn\u00ed podoby. S drobn\u00fdmi p\u0159\u00edpady sprayerstv\u00ed se ale m\u011bsto pot\u00fdk\u00e1 pravideln\u011b na m\u011bstsk\u00e9 mobili\u00e1\u0159i, zdech i budov\u00e1ch.","nbla_serie":"","nbla_season":"","nbla_episode":"","nbla_duration":"73.4","nbla_genre":"","nbla_editorial_format":"","nbla_mtime":"1697557287","nbla_url":"https:\/\/origin.a11.cz\/vod\/4npvpb7m3um775txmhbpfgjsu.mp4","nbla_version":"1697557287","nbla_odvysilano":"Ano","bunny_id":"762634a4-1538-43c2-ab4e-7e9f3839f22c","youtube_id":"","datum_vydani":"20231017","stopaz":"73.4","dokument":[],"video_to":["12296"]},"_links":{"self":[{"href":"https:\/\/tv.a11.cz\/api\/wp\/v2\/video\/12260","targetHints":{"allow":["GET"]}}],"collection":[{"href":"https:\/\/tv.a11.cz\/api\/wp\/v2\/video"}],"about":[{"href":"https:\/\/tv.a11.cz\/api\/wp\/v2\/types\/video"}],"author":[{"embeddable":true,"href":"https:\/\/tv.a11.cz\/api\/wp\/v2\/users\/8"}],"wp:featuredmedia":[{"embeddable":true,"href":"https:\/\/tv.a11.cz\/api\/wp\/v2\/media\/12295"}],"wp:attachment":[{"href":"https:\/\/tv.a11.cz\/api\/wp\/v2\/media?parent=12260"}],"wp:term":[{"taxonomy":"category","embeddable":true,"href":"https:\/\/tv.a11.cz\/api\/wp\/v2\/categories?post=12260"},{"taxonomy":"porad","embeddable":true,"href":"https:\/\/tv.a11.cz\/api\/wp\/v2\/porad?post=12260"},{"taxonomy":"region","embeddable":true,"href":"https:\/\/tv.a11.cz\/api\/wp\/v2\/region?post=12260"},{"taxonomy":"kategorie","embeddable":true,"href":"https:\/\/tv.a11.cz\/api\/wp\/v2\/kategorie?post=12260"}],"curies":[{"name":"wp","href":"https:\/\/api.w.org\/{rel}","templated":true}]}}