{"id":12249,"date":"2023-10-17T17:47:33","date_gmt":"2023-10-17T15:47:33","guid":{"rendered":"https:\/\/tv.a11.cz\/?post_type=video&#038;p=12249"},"modified":"2023-10-17T19:26:22","modified_gmt":"2023-10-17T17:26:22","slug":"a11-zpravy-utery-17-10-2023","status":"publish","type":"video","link":"https:\/\/tv.a11.cz\/video\/a11-zpravy-utery-17-10-2023\/","title":{"rendered":"Hlavn\u00ed zpr\u00e1vy \u00fater\u00fd 17.10. 2023"},"content":{"rendered":"","protected":false},"excerpt":{"rendered":"<p>Dv\u011b st\u011b lid\u00ed v Brn\u011b podpo\u0159ilo Izrael &#8211; Na Slovensku podepsali koali\u010dn\u00ed smlouvu &#8211; K\u0159est magaz\u00ednu Estate&#038;Business &#8211; Benefi\u010dn\u00ed festival \u00datulek<\/p>\n","protected":false},"author":8,"featured_media":12280,"template":"","categories":[17,157],"porad":[212],"region":[218],"kategorie":[],"class_list":["post-12249","video","type-video","status-publish","has-post-thumbnail","hentry","category-domaci","category-zpravy","porad-hlavni-zpravy-a11","region-cela-cr"],"acf":[],"meta_box":{"nbla_idec":"A2300124","nbla_title":"A11 Zpr\u00e1vy","nbla_subtitle":"\u00dater\u00fd 17.10. 2023","nbla_summary":"Zpravodajstv\u00ed A11 ze v\u0161ech kout\u016f \u010cesk\u00e9 republiky","nbla_description":"","nbla_transcription":"Kr\u00e1sn\u00fd ve\u010der pr\u00e1v\u011b za\u010d\u00ednaj\u00ed a 11 zpr\u00e1vy v\u00edt\u00e1 v\u00e1s u nich Alexandra Pt\u00e1\u010dkov\u00e1. Po Praze se se\u0161ly lid\u00e9 na podporu Izraele tak\u00e9 v Brn\u011b. Z vra\u017eedn\u00e9ho teroristick\u00e9ho \u00fatoku Ham\u00e1s\u016f jsou st\u00e1le ot\u0159eseni. Schrom\u00e1\u017ed\u011bn\u00ed se uskute\u010dnilo na Dominik\u00e1nsk\u00e9m n\u00e1m\u011bst\u00ed a p\u0159il\u00e1kalo zhruba dv\u011b stovky lid\u00ed. V Brn\u011b se se\u0161ly lid\u00e9 na podporu Izraele. Jednalo se o pokojn\u00e9 schrom\u00e1\u017ed\u011bn\u00ed, kter\u00e9 se uskute\u010dnilo v centru Brna na Dominik\u00e1nsk\u00e9m n\u00e1m\u011bst\u00ed. Na podporu Izraele po teroristick\u00e9m \u00fatoku Ham\u00e1s\u016f se se\u0161lo v centr\u00e1ln\u00ed moravsk\u00e9 metropoli n\u011bkolik stovek \u00fa\u010dastn\u00edk\u016f. Zazn\u011bla izraelsk\u00e1 hymna a lid\u00e9 dr\u017eeli minutu ticha za ob\u011bti krvav\u00fdch \u00fatok\u016f. Zazn\u011bla izraelsk\u00e1 hymna a lid\u00e9 dr\u017eeli minutu ticha za ob\u011bti krvav\u00fdch \u00fatok\u016f. Co n\u00e1s k tomu vedlo? Vedlo k tomu to, co se pr\u00e1v\u011b stalo p\u0159ed deseti dny. Ta stra\u0161n\u00e1 v\u011bc, kter\u00e1 se stala a ten \u00fatok Ham\u00e1s\u016f na civiln\u00ed obyvatelstvo, na zavra\u017ed\u011bn\u00ed des\u00edtek nebo stovek d\u011bt\u00ed, civilist\u016f, dokonce i lid\u00ed, kte\u0159\u00ed p\u0159e\u017eili holokaust, prost\u011b hromadn\u00e9 vra\u017edy. Na m\u00edsto zhrom\u00e1\u017een\u00ed v Brn\u011b na podporu Izraela dorazilo zhruba dv\u011bst\u011b \u00fa\u010dastn\u00edk\u016f. Je to v\u00e1lka a ne omezen\u00e1 operace, v\u00e1lka. Jsem tady, proto\u017ee chci podpo\u0159it svoje lidi, proto\u017ee moje lidi um\u00edraj\u00ed v Izraeli, m\u00e1m tam rodinu a nakonec m\u00e1m strachy o lidi tady, o na\u0161i lidi. Tak cht\u011bla bych podpo\u0159it svou p\u0159\u00edtomnosti st\u00e1t Izrael v tuto chv\u00edli. M\u00e1te na to n\u011bjak\u00e9 vazby? Mysl\u00edm si, \u017ee je to dobr\u00fd v\u011bd\u011bt ve\u0159ejnost, o co tady jde a \u017ee opravdu je nutn\u00fd se postavit za to. Fakt, je to hrozn\u00fd. J\u00e1 nejsu ani proti palest\u00ednc\u016fm, ale tohle bylo od kruty. Tak\u017ee j\u00e1 jsem tady, proto abych podpo\u0159ila Izraela. My jsme p\u0159i\u0161li na podporu tady t\u00e9to akce. Na podporu Izraela ur\u010dit\u011b v ka\u017ed\u00e9m p\u0159\u00edpad\u011b. Na podporu Izraela. Na p\u00f3diu vystoupila i prim\u00e1torka m\u011bsta Brna Mark\u00e9ta Va\u0148kov\u00e1. Dne\u0161n\u00edho dne se tady p\u0159ed Novou radnic\u00ed konalo takov\u00e9 p\u011btn\u00ed zhrom\u00e1\u017ed\u011bn\u00ed na vyj\u00e1d\u0159en\u00ed podpory Solidarity civiln\u00edmu obyvatelstvu v Izraeli. J\u00e1 jsem se ho za m\u011bsto velmi r\u00e1da u\u010dastnila a vyjad\u0159uje to n\u00e1zor v\u0161ech m\u00fdch koleg\u016f radn\u00edch, proto\u017ee jsme u\u017e minul\u00fd t\u00fdden na rad\u011b m\u011bsta Brna rozhodli o tom, \u017ee symbolicky vyv\u011bs\u00edme na budovu Nov\u00e9 radnice izraelskou lajku. Vrac\u00ed n\u00e1s to do doby holokaustu do nacistick\u00fdch t\u00e1bor\u016f. Izrael bojuje i za na\u0161\u00ed svobodu. Bu\u010fme s n\u00edm, a\u0165 je Izrael. Toto zvolal starosta Brna st\u0159ed Vojt\u011bch Mencel. Pan profesor Rektor na\u0161i dneskou \u010d\u00e1st v p\u00e1tek po\u017e\u00e1dal o mo\u017enost uspo\u0159\u00e1dat toto setk\u00e1n\u00ed ve prosp\u011bch ob\u010dan\u016f Izraele. My jsme mu velmi r\u00e1di v tomto vy\u0161li vst\u0159\u00edct a d\u00edky tomu se i dne\u0161n\u00ed zhrom\u00e1\u017ed\u011bn\u00ed kon\u00e1 tak, jak ho tady vid\u00edte. Veden\u00ed m\u011bstsk\u00fdch \u010d\u00e1st\u00ed v\u010dela s magistr\u00e1tem vyv\u011bsil na budov\u00e1ch brn\u011bnsk\u00fdch \u00fa\u0159ad\u016f vlajky \u017eidovsk\u00e9ho st\u00e1tu. Z Brna pro televizi A11 Ji\u0159\u00ed V\u00fdner. Slovensk\u00e1 koali\u010dn\u00ed smlouva je na sv\u011bt\u011b. Podepsali ji p\u0159edsedov\u00e9 politick\u00fdch stran Sm\u011br soci\u00e1ln\u00ed demokracie Robert Fico, hlas soci\u00e1ln\u00ed demokracie Petr Pelegr\u00edny a slovensk\u00e9 n\u00e1rodn\u00ed strany Andrej Danko. Post p\u0159edsedy vl\u00e1dy obsad\u00ed strana Sm\u011br, kter\u00e1 zv\u00edt\u011bzila v parlamentn\u00edch volb\u00e1ch. Ty se na Slovensku konali 30. z\u00e1\u0159\u00ed. Fico je jasn\u00fdm kandid\u00e1tem na post premi\u00e9ra a do \u010dela vl\u00e1dy se postav\u00ed u\u017e po \u010dtvrt\u00e9. L\u00eddry str\u00e1n Smer SDH z SDI se nespodp\u00edsali koali\u010dnou dohodu podpisom memoranda o porozumen\u00ed a koali\u010dn\u00ed dohody se podle prezidentky \u010cabutovy naplnila podm\u00ednka poveden\u00ed p\u0159edsedu Smeru SD Roberta Fica zabezpe\u010dit vl\u00e1d\u011b ve\u010dinovou podporu v parlament\u011b. Dal\u0161\u00ed kroky ozn\u00e1m\u00ed potom, jako se obozn\u00e1mit s jm\u00e9nami navrhov\u00e1n\u00fdch \u010dlen\u016f vl\u00e1dy. S ozn\u00e1m\u00ed je j\u00ed zat\u00edm nedoru\u010dili. D\u011bkujeme m\u00e9n\u011b strany Smer soci\u00e1ln\u00ed demokracie za vz\u00e1jemnou d\u016fv\u011bru a za uskuto\u010dn\u011bn\u011b tohto aktu, kter\u00fd je nevyhnutn\u00fdm pre vytvoren\u00ed vl\u00e1dy SR a pre kreov\u00e1n\u00ed org\u00e1n\u016f NRS. Premiersk\u00fd post m\u00e1 zast\u00e1vat nominant Smeru SD. Smer m\u00e1 obsadit ministerstva spravodlivosti, dopravy, financ\u00ed, zahrani\u010dn\u00fdch v\u011bc\u00ed, obrany a p\u016fvodu hospod\u00e1rstva. Hlasu maj\u00ed pat\u0159it posty ministrov vn\u00fatra, hospod\u00e1rstva, zdravotnictva, \u0161kolstva, pr\u00e1ce a t\u011b\u017e ministra invest\u00edc\u00ed a region\u00e1ln\u00e9ho rozvoja. Slovensko v \u010do nejkra\u010d\u0161om mo\u017en\u00e9m term\u00edn\u011b pot\u0159ebuje funk\u010dnou, stabilnou, ale hlavn\u011b odborn\u011b dob\u0159e p\u0159ipravenou a schopnou vl\u00e1du. V prv\u00e9 \u010dasi na\u0161a misia z\u00e1chrana n\u00e1rodn\u00e9ho hlasu je spln\u011bna. Chcem v\u00e1s ubezpe\u010dit, \u017ee ten n\u00e1rodn\u00fd hlas bude jednotn\u00fd a tak, jako hovoril aj pan predseda Pellegrini, budeme dbat na to, aby na\u0161i nominanti od r\u00e1na do ve\u010dera slu\u017eili tomuto \u0161t\u00e1tu. Ministerstvo zahrani\u010dn\u00fdch v\u011bc\u00ed u\u017e nebude hovorcem cuz\u00edch z\u00e1ujm\u016f. Ministerstvo zahrani\u010dn\u00fdch v\u011bc\u00ed SR bude hovorcem slovensk\u00fdch z\u00e1ujm\u016f. Bude se robi\u0165 slovensk\u00e1 zahrani\u010dn\u00e1 politika, bude se budovat zdrav\u00e9 vlastin\u011bctvo, bude se posil\u0148ovat suverenita. Opakujem, p\u0159i plnom re\u0161pektovan\u00ed, zahrani\u010dno-politick\u00e9 orientace je slovensk\u00e1, proto\u017ee to je n\u00e1\u0161 \u017eivotn\u00fd priestor. SNS bude nominovat \u0161\u00e9fov rezortov \u017eivotn\u00e9ho prost\u0159ed\u011b, kultury a nov\u00e9ho ministerstva \u0161portu a cestovn\u00fdch ruch\u016f. Takzvan\u00e1 kri\u017eov\u00e1 kontrola m\u00e1 b\u00fdt na n\u011bkter\u00fdch ministerstv\u00e1ch. Predsedem parlamentu m\u00e1 b\u00fdt nominant hlasu SD. Koali\u010dn\u00e9 strany nominuje i podpredsedov, jedn\u00e9ho m\u00e1 navrhnout opoz\u00edcia. Chcem v\u00e1m ozn\u00e1mit, \u017ee skon\u010dila \u00e9ra, kdy v t\u00e9to krajin\u011b vl\u00e1dly mimovl\u00e1dn\u00e9 organizace t\u00fdmto okamihon. Robert Fico chce, aby se o programovou vyhl\u00e1sen\u00ed a dohovery vl\u00e1d\u011b hlasoval v parlament\u011b do 17. novembra. Term\u00edn by chceli stihnout v pr\u00edpad\u011b, \u017ee vl\u00e1da bude jmenov\u00e1na na budouc\u00ed t\u00fd\u017ede\u0148. C\u00edlom nov\u00e9 vl\u00e1dy bude podle Fica konsolidovat verejn\u00e9 financie tempom, kter\u00e9 nehoroz\u00ed dosiahnut\u00fd soci\u00e1ln\u00ed \u0161tandard a umo\u017en\u00ed velk\u00e9 investicie na podporu hospod\u00e1\u0159sk\u00e9ho rastu. Na\u010drtov t\u011b\u017e zm\u011bny v trestn\u00e9m pr\u00e1ve a mechanizme ochrany ludsk\u00fdch pr\u00e1v M\u011bstsk\u00fd \u00fa\u0159ad v Kyjov\u011b slou\u010dil pracovi\u0161t\u011b podatelny a pokladny. U\u0161et\u0159il t\u00edm pracovn\u00ed s\u00edlu a nav\u00edc zjednodu\u0161il pohyb klient\u016f po \u00fa\u0159ad\u011b. Klienti jsou spokojen\u00ed, nemus\u00ed chodit do schod\u016f. Jednu novinku pro sv\u00e9 klienty zavedl M\u011bstsk\u00fd \u00fa\u0159ad v Kyjov\u011b. Slou\u010dil toti\u017e pracovi\u0161t\u011b podatelny a pokladny. Zm\u011bna se t\u00fdk\u00e1 budovy \u00fa\u0159adu na Masarykov\u011b n\u00e1m\u011bst\u00ed 1, kde prob\u00edh\u00e1 velk\u00e1 \u010d\u00e1st \u00fa\u0159edn\u00edch \u00fakon\u016f. Vy\u0159izuj\u00ed se v n\u00ed p\u0159edev\u0161\u00edm dopravn\u00ed a stavebn\u00ed agendy a s\u00eddlivn\u00ed \u017eivnostensk\u00fd \u00fa\u0159ad. Hlavn\u00edm z\u00e1m\u011brem veden\u00ed \u00fa\u0159adu bylo u\u0161et\u0159it jednu pracovn\u00ed s\u00edlu. N\u00e1klady na provoz M\u011bstsk\u00e9ho \u00fa\u0159adu meziro\u010di nad\u016fstaj\u00ed, nejsou to jenom n\u00e1klady na energie, ale taky digitalizace a v\u016fbec slu\u017eby, kter\u00e9 na bedra obc\u00edm nakl\u00e1d\u00e1 st\u00e1t. To znamen\u00e1, \u017ee my mus\u00edme na tyto z\u00e1le\u017eitosti reagovat ze\u0161tihlov\u00e1n\u00edm \u00fa\u0159adu. V tuto chv\u00edli nap\u0159\u00edklad slu\u010dujeme pracovi\u0161t\u011b Pokladny na podatelnu v P\u0159\u00edzem\u00ed, budov\u00ed \u010d\u00edslo popisn\u00e9 jedna M\u011bstsk\u00e9ho \u00fa\u0159adu. T\u00edm doc\u00edl\u00edme sn\u00ed\u017een\u00ed o jednoho pracovn\u00edka. Zm\u011bna je ale tak\u00e9 p\u0159\u00edjemn\u00e1 pro klienty \u00fa\u0159adu, tedy pro ob\u010dany Kyjova a okol\u00ed. V\u011bt\u0161inu poplatk\u016f toti\u017e plat\u00ed za dopravn\u00ed agendy, kter\u00e9 s\u00eddly v P\u0159\u00edzem\u00ed, podobn\u011b jako Podatelna a te\u010f u\u017e i Pokladna. Klienti d\u00edky tomu nemus\u00ed chodit do Patra a Pokladnu hledat. Dal\u0161\u00ed krok k digitalizaci a modernizaci \u00fa\u0159adu, ale sou\u010dasn\u011b k zv\u00fd\u0161en\u00ed komfortu na\u0161ich klient\u016f, je po\u0159\u00edzen\u00ed poplatkov\u00e9ho automatu, kter\u00fd bude hned vedle sou\u010dasn\u00e9 podatelny a umo\u017en\u00ed vlastn\u011b lidem zaplatit prost\u0159ednictv\u00edm p\u0159\u00edstroje podobn\u00e9ho bankomatu. Do budoucna chyst\u00e1 m\u011bsto tak\u00e9 z\u0159\u00edzen\u00ed dal\u0161\u00ed internetov\u00e9 slu\u017eby port\u00e1lu ob\u010dana. Na n\u011bm si lid\u00e9 budou moci mno\u017estv\u00ed \u00fa\u0159edn\u00edch z\u00e1le\u017eitost\u00ed vy\u0159\u00eddit z klidu domova. V medi\u00e1ln\u00ed skupin\u011b A11 op\u011bt cinkaly sklenice s \u0161ampa\u0148sk\u00fdm. A11-tka m\u00e1 toti\u017e za sebou k\u0159est dal\u0161\u00edho vyd\u00e1n\u00ed magaz\u00ednu Estate &amp; Business. V Pra\u017esk\u00e9 galerii sou\u010dasn\u00e9ho um\u011bn\u00ed Kunsthalle z\u00e1rove\u0148 pok\u0159tila novou fotokn\u00edhu spole\u010dnosti EXX. Uvoln\u011bna atmosf\u00e9ra, bav\u00edc\u00ed se host\u00e9. Takhle medi\u00e1ln\u00ed skupina A11 pok\u0159tila magaz\u00edn Estate &amp; Business a tak\u00e9 fotokn\u00edhu spole\u010dnosti EXX. A to cel\u00e9 v prostor\u00e1ch Pra\u017esk\u00e9 galerie sou\u010dasn\u00e9ho um\u011bn\u00ed Kunsthalle. Zaj\u00edmav\u00fd bylo tady nastavovat to osv\u011btlen\u00ed, to expozi\u010dn\u00ed, proto\u017ee se zkou\u0161elo, jak ty sv\u011btla budou vypadat, kdy\u017e tam budou r\u016fzn\u00fd expon\u00e1ty, jak se nafokusuje osv\u011btlen\u00ed, jak\u00e1 bude barva, tak aby to z hlediska t\u011bch r\u016fzn\u00fdch expozit, kter\u00e9 se tady st\u0159\u00eddaj\u00ed, tak aby to bylo co nejvyhovuj\u00edc\u00ed a ty expon\u00e1ty maxim\u00e1ln\u011b vynikly. D\u016fle\u017eit\u00e1 v\u011bc, to osv\u011btlen\u00ed jsem ne\u0159e\u0161il j\u00e1, ale \u0159e\u0161il to m\u016fj partner Petr Brzek, kter\u00fd je specialista na tyhle stavby. Je n\u011bco, co za ty roky v podstat\u011b m\u016f\u017eeme \u0159\u00edct, cel\u00e9 t\u00e9 p\u0159\u00edpravy a realizace a samotn\u00e9 instalace, co v\u00e1s zasko\u010dilo dost? Jedin\u00e9, co bylo, tak asi tro\u0161ku n\u00e1ro\u010dn\u00e1 instalace ve vysok\u00fdch v\u00fd\u0161k\u00e1ch v\u0161ech sv\u00edtidel, kter\u00e1 tady pak sv\u00edt\u00ed na ty drah\u00e9 expon\u00e1ty a my jsme se nad nimi museli tro\u0161i\u010dku pohybovat a nastavovat sv\u00edtila. A co inspirovalo samotn\u00e9ho architekta? Zaj\u00edmav\u00fd bych \u0159ekl pr\u00e1v\u011b ten kontext a ta stavba jako takov\u00e1, proto\u017ee ona, jak je vlastn\u011b \u010dlenit\u00e1, tak n\u00e1s to inspirovalo k tomu, abychom vytvo\u0159ili uvnit\u0159 takov\u00fd bohat\u00fd sv\u011bt r\u016fzn\u00fdch \u00farovn\u00edk, tak aby ten n\u00e1v\u0161t\u011bvn\u00edk tou budovu mohl plynul\u00e9 proch\u00e1zet a vlastn\u011b ty \u00farovn\u011b \u0161ikovn\u011b od sebe odd\u011blovaly ty jednotliv\u00e9 galerijn\u00ed prostory. Jste si v\u0161imli, \u017ee budova nen\u00ed standardn\u00ed. Prostory jsou hodn\u011b propojen\u00e9, je tady mnoho \u00farovn\u00edk a vlastn\u011b v\u00edm, \u017ee jsem str\u00e1vila v\u00edkend v tom, jako nearchitekt, sna\u017eit se opravdu pochopit, jak ty prostory na sebe navazuj\u00ed. Ale u\u017e tehdy jsem v\u011bd\u011bla, \u017ee to bude budova pln\u00e1 p\u0159ekvapen\u00ed a ohromn\u011b kr\u00e1sn\u00e1. Krom\u011b v\u00fdstav modern\u00edho um\u011bn\u00ed v Kunsthalle najdete design shop, rozhlednu kav\u00e1rnu s v\u00fdhledem na Pra\u017esk\u00fd hrad a tak\u00e9 bystro s fam\u00f3zn\u00edmi ob\u011bdy ve stylu fusion kuchyn\u011b. Dokonce na\u0161e ned\u011bln\u00ed bran\u010de se dostaly do v\u00fdb\u011bru New York Times, kam maj\u00ed lidi zajet v Praze, kdy\u017e tady maj\u00ed str\u00e1vit dlouh\u00fd v\u00edkend. Tak to je pro n\u00e1s t\u0159eba velk\u00e9 ocen\u011bn\u00ed a je to degusta\u010dn\u00ed bran\u010d, kter\u00fd z\u00e1rove\u0148 zahrnuje volnou vstupenku do Kunsthalle do v\u00fdstav. Pr\u00e1v\u011b te\u010f si n\u00e1v\u0161t\u011bvn\u00edci mohou prohl\u00e9dnout multimedi\u00e1ln\u00ed projekt The Grief of Misfit Cathedrals. \u010cesky tedy \u017eal necht\u011bn\u00fdch katedr\u00e1l. V\u00fdstava se inspiruje opu\u0161t\u011bn\u00fdmi industri\u00e1ln\u00edmi objekty. Potrv\u00e1 do 14. ledna a pro vstup si p\u0159ipravte p\u0159\u00edjemn\u00fdch 120 korun. V cyklokempu Lod\u011bnice Brn\u00e1 prob\u011bhlo u\u017e 22. ro\u010dn\u00edk bohulib\u00e9 akce \u00datulek Fest. Organiz\u00e1tor\u016fm beneficn\u00edho festivalu se poda\u0159ilo pro opu\u0161t\u011bn\u00e1 zv\u00ed\u0159ata vybrat 50 tis\u00edc korun. Ve spolupr\u00e1ci se sponzory pro n\u011b po\u0159\u00eddili p\u0159es 1300 kilogram\u016f krmen\u00ed. V den \u010cesk\u00e9 st\u00e1tnosti p\u0159ed\u00e1vali organiz\u00e1to\u0159i 22. ro\u010dn\u00edku beneficn\u00edho festivalu \u00datulek Fest v\u00edt\u011b\u017eek leto\u0161n\u00edho ro\u010dn\u00edku festivalu, kter\u00fd prob\u011bhl 9. a 10. \u010dervna v cyklokempu Lod\u011bnice Brn\u00e1 u \u00dast\u00ed nad Labem. Krmen\u00ed za 50 tis\u00edc korun bylo i d\u00edky spolupr\u00e1ci s veterin\u00e1rn\u00ed ordinac\u00ed \u00dast\u00ed nad Labem Kr\u00e1l a T\u016fma a sponzorsk\u00e9mu p\u0159isp\u011bn\u00ed firmy Novico 1322 kilogram\u016f, \u010dili prakticky dvojn\u00e1sobek, ne\u017e by bylo mo\u017en\u00e9 za \u010d\u00e1stku 50 tis\u00edc korun b\u011b\u017en\u00fdm zp\u016fsobem po\u0159\u00eddit. \u00dasteck\u00fd \u00datulek Centrum pro zv\u00ed\u0159ata v Nouzy p\u0159i zoo \u00dast\u00ed nad Labem festival 608 kilogram\u016f kvalitn\u00edho krmen\u00ed pro psy. \u00dasteck\u00fd spolek Felicity Cat nakrm\u00ed ko\u010dky venku i ve sv\u00e9 klubovn\u011b, 258 kg granul\u00fd konzerv a kapsi\u010dek. A ps\u00ed domov\u0159epnice letos ocenil krmen\u00ed pro psy i ko\u010dky v celkov\u00e9 hmotnosti 456 kilogram\u016f. V\u0161em partner\u016fm festivalu pat\u0159\u00ed pod\u011bkov\u00e1n\u00ed za podporu a stejn\u011b tak \u00fa\u010dinkuj\u00edc\u00edm a n\u00e1v\u0161t\u011bvn\u00edk\u016fm za \u00fa\u010dast na festivalu. \u00datulek fest se na v\u00e1s bude op\u011bt t\u011b\u0161it p\u0159\u00ed\u0161t\u00ed rok 14. a 15. \u010dervna na sv\u00e9m 23. ro\u010dn\u00edku op\u011bt v cyklokempu Lod\u011bnice Brn\u00e1. V\u00edce na www.utulekfest.cz V Hline u litom\u011b\u0159ic prob\u011bhla nejvy\u0161\u0161\u00ed \u010desk\u00e1 disk golfov\u00e1 sout\u011b\u017e. Turnaj byl sou\u010d\u00e1st\u00ed z\u00e1rove\u0148 vyvrcholen\u00edm \u010cDG Tour. P\u0159edstavily se na n\u011bm \u010desk\u00e9 \u0161pi\u010dky tohoto sportu. V Hline u litom\u011b\u0159ic prob\u011bhla nejvy\u0161\u0161\u00ed \u010desk\u00e1 disk golfov\u00e1 sout\u011b\u017e. V dob\u011b od 6. do 8. \u0159\u00edjna se zde pohybovaly nejv\u011bt\u0161\u00ed tuzemsk\u00e9 \u0161pi\u010dky tohoto sportu. Tohle h\u0159i\u0161t\u011b je sv\u00fdm zp\u016fsobem speci\u00e1ln\u00ed, proto\u017ee jsme ho stavili jen kv\u016fli tomuto turnaji. Turnaj je sou\u010d\u00e1st\u00ed \u010cDG Tour, to je prvn\u00ed leg\u00e1l disk golfu v \u010cesk\u00e9 republice a je to jeho 4. posledn\u00ed turnaj. Postavili jsme ho tady na Hlin\u00ed, proto\u017ee to tady je n\u00e1dhern\u00fd, je tady p\u0159ekr\u00e1sn\u00fd prost\u0159ed\u00ed a hlavn\u011b jsou tady skv\u011bl\u00fd louky, kter\u00e9 jsou vlastn\u011b, kdy\u017e se tady previdete, tak to u\u017e je jako sama osoby disk golfov\u00e9 \u0159i\u0161t\u011b. U\u017e se sta\u010d\u00ed jenom vymyslet, kam se ty v\u011bci postav\u00ed. I \u010desk\u00fd disk golf pot\u0159ebuje sponzory. Turnaj na Hlin\u00e9 podpo\u0159ili tak\u00e9 m\u00edstn\u00ed podnikatel\u00e9. Ur\u010dit\u011b bychom tu akci neud\u011blali, kdybychom nem\u011bli lidi, kte\u0159\u00ed n\u00e1s podporuj\u00ed. Pat\u0159\u00ed k tomu, jestli to \u010cesk\u00e1 asociace disk golfu, pat\u0159\u00ed tam Ultimo CZ, disk golfov\u00fd obchod a pat\u0159\u00ed tam samoz\u0159ejm\u011b Obez hlina, kter\u00e1 n\u00e1m velmi pomohla a levn\u00e9 kom\u00edny CZ. A samoz\u0159ejm\u011b tam mus\u00edme zapo\u010d\u00edtat i na\u0161eho takov\u00e9ho nejd\u016fle\u017eit\u011bj\u0161\u00edho sponzora, kter\u00fdm je vlastn\u00ed chovane\u010dek, majitel v\u011bt\u0161iny pozemk\u016f, na kter\u00fd hrajeme a jeho pr\u0161uterie n\u00e1s podporuje i materi\u00e1ln\u011b. A\u0165 se to tak na prvn\u00ed pohled nezd\u00e1, disk golf je p\u0159\u00edbuzn\u00ed golfu. Ka\u017ed\u00fd turnaj prov\u00e1z\u00ed zvuk \u0159et\u011bz\u016f, kter\u00fd zna\u010d\u00ed, \u017ee hr\u00e1\u010d usp\u011bl a speci\u00e1ln\u011b upravn\u00e9 disky, kter\u00e9 mohou let\u011bt opravdu daleko, skute\u010dn\u011b hodil do ko\u0161e. Za\u010d\u00edn\u00e1 se na v\u00fdhozi\u0161ti, kon\u010d\u00ed se ko\u0161em, m\u00e1 to v\u017edycky n\u011bjak\u00fd par, to znamen\u00e1, na kolik hod\u016f je ur\u010den\u00fd, \u017ee to ten hr\u00e1\u010d by m\u011bl zahr\u00e1t. Hraje se proti paru h\u0159i\u0161t\u011b a hraje se samoz\u0159ejm\u011b taky proti soupe\u0159\u016fm, podle toho, na kolik hod\u016f to h\u0159i\u0161t\u011b zahraj\u00ed soupe\u0159i. \u010cesk\u00e9mu disk golfu se st\u00e1le v\u00edc se da\u0159\u00ed, v\u011bnuj\u00ed se mu mu\u017ei i \u017eeny a m\u00e1me i mistry Evropy. Hraju u\u017e, letos je to des\u00e1t\u00fdm rokem a hraju ho, proto\u017ee m\u011b to na za\u010d\u00e1tku tak chytilo, \u017ee u\u017e m\u011b to nikdy nepustilo vlastn\u011b. Ten moment, kdy vypust\u00edte ten disk a v\u00edte, kam to chcete hodit a p\u0159esn\u011b tam to dolet\u00ed, tak to je asi nejlep\u0161\u00ed pocit, co jsem zat\u00edm za\u017eil. Bohdan B\u00edlek poch\u00e1z\u00ed z Nov\u00e9ho J\u00ed\u010d\u00edna a nahlin\u00e9 byl nad\u0161en\u00fd, u\u010darovala krajina i skv\u011bl\u00e9 podm\u00ednky pro hran\u00ed disk golfu. M\u00e1 to tu kr\u00e1sn\u00e9 v\u00fdhledy rozhodn\u011b. Do n\u00e1s jsme minul\u00fd t\u00fdden m\u011bli turnaj u n\u00e1s na kopci v Nov\u00e9m J\u00ed\u010d\u00edn\u011b a je to hodn\u011b podobn\u00e9 a \u0159ekl bych, \u017ee v\u00fdhledy jsou i tro\u0161ku lep\u0161\u00ed. To je takov\u00e9 bl\u00ed\u017e tady v\u0161echno. A h\u0159i\u0161t\u011b je p\u011bkn\u00e9, ud\u011blali to ur\u010dit\u011b hezky. Od minul\u00e9ho roku je hodn\u011b zlep\u0161en\u00ed jsem sly\u0161el a jsem r\u00e1d, \u017ee jsem tady. Je to tu p\u011bkn\u00e9. A11 pr\u00e1v\u011b kon\u010d\u00ed a j\u00e1 p\u0159ed\u00e1v\u00e1m slovo B\u00e1\u0159e a Tondovi. Kr\u00e1sn\u00fd ve\u010der.","nbla_serie":"525","nbla_season":"2023","nbla_episode":"124","nbla_duration":"981.68","nbla_genre":"3.1.1.1","nbla_editorial_format":"2.1.1","nbla_mtime":"1697557135","nbla_url":"https:\/\/origin.a11.cz\/vod\/2w1d8jdqg8t3ut0iaftznfxbx.mp4","nbla_version":"1697557135","nbla_odvysilano":"Ano","bunny_id":"f6900b70-5722-4f67-ada8-6696f8245121","youtube_id":"","datum_vydani":"20231017","stopaz":"981.68","dokument":[],"video_to":[]},"_links":{"self":[{"href":"https:\/\/tv.a11.cz\/api\/wp\/v2\/video\/12249","targetHints":{"allow":["GET"]}}],"collection":[{"href":"https:\/\/tv.a11.cz\/api\/wp\/v2\/video"}],"about":[{"href":"https:\/\/tv.a11.cz\/api\/wp\/v2\/types\/video"}],"author":[{"embeddable":true,"href":"https:\/\/tv.a11.cz\/api\/wp\/v2\/users\/8"}],"wp:featuredmedia":[{"embeddable":true,"href":"https:\/\/tv.a11.cz\/api\/wp\/v2\/media\/12280"}],"wp:attachment":[{"href":"https:\/\/tv.a11.cz\/api\/wp\/v2\/media?parent=12249"}],"wp:term":[{"taxonomy":"category","embeddable":true,"href":"https:\/\/tv.a11.cz\/api\/wp\/v2\/categories?post=12249"},{"taxonomy":"porad","embeddable":true,"href":"https:\/\/tv.a11.cz\/api\/wp\/v2\/porad?post=12249"},{"taxonomy":"region","embeddable":true,"href":"https:\/\/tv.a11.cz\/api\/wp\/v2\/region?post=12249"},{"taxonomy":"kategorie","embeddable":true,"href":"https:\/\/tv.a11.cz\/api\/wp\/v2\/kategorie?post=12249"}],"curies":[{"name":"wp","href":"https:\/\/api.w.org\/{rel}","templated":true}]}}