{"id":12221,"date":"2023-10-17T12:21:20","date_gmt":"2023-10-17T10:21:20","guid":{"rendered":"https:\/\/tv.a11.cz\/?post_type=video&#038;p=12221"},"modified":"2023-10-17T19:18:00","modified_gmt":"2023-10-17T17:18:00","slug":"historicka-tramvaj-c-16-je-zpatky","status":"publish","type":"video","link":"https:\/\/tv.a11.cz\/video\/historicka-tramvaj-c-16-je-zpatky\/","title":{"rendered":"Historick\u00e1 tramvaj \u010d. 16 je zp\u00e1tky"},"content":{"rendered":"","protected":false},"excerpt":{"rendered":"<p>Historick\u00e1 tramvaj \u010d\u00edslo 16 je zp\u00e1tky v Olomouci. Trvalo to dlouh\u00fdch 24 let. Nov\u00fdm domovem se j\u00ed stalo ned\u00e1vno dostav\u011bn\u00e9 depo u hlavn\u00edho olomouck\u00e9ho n\u00e1dra\u017e\u00ed. <\/p>\n","protected":false},"author":8,"featured_media":12276,"template":"","categories":[17,22,157],"porad":[],"region":[106,59],"kategorie":[],"class_list":["post-12221","video","type-video","status-publish","has-post-thumbnail","hentry","category-domaci","category-doprava","category-zpravy","region-olomoucko","region-olomoucky-kraj"],"acf":[],"meta_box":{"nbla_idec":"N2306408","nbla_title":"Historick\u00e1 tramvaj \u010d. 16 je zp\u00e1tky","nbla_subtitle":"","nbla_summary":"","nbla_description":"","nbla_transcription":"Historick\u00e1 tramvaj \u010d\u00edslo 16 je zp\u00e1tky v Olomouci. Trvalo to dlouh\u00fdch 24 let. Nov\u00fdm domovem se ji stalo ned\u00e1vno dostav\u011bn\u00e9 depo u hlavn\u00edho olomouck\u00e9ho n\u00e1dra\u017e\u00ed. Jsme tomu hrozn\u011b r\u00e1di, \u017ee ji m\u016f\u017eeme zase deponovat zp\u00e1tky z Technick\u00e9ho muzea v Brn\u011b, kde byla od roku 1999 a to z kapacitn\u00edch d\u016fvod\u016f. My jsme ji dneska museli nakuplovat, jak se \u0159\u00edk\u00e1, napojit na v\u016fz 170, ale jinak bude zprovozn\u011bn\u00e1 a bude pln\u011b funk\u010dn\u00ed. Tramvaj byla spolu s dal\u0161\u00edmi t\u0159emi vozy vyrobena v roce 1914 ve Studence. Cestuj\u00edc\u00edm v Olomouci slou\u017eila a\u017e do roku 1956. Pan Bartu\u0161ek si ty \u010dasy dob\u0159e pamatuje. Jeho otec m\u011bl obchod v Ostru\u017enick\u00e9 ulici. J\u00e1 jsem sed\u011bl za v\u00fdkladem ka\u017ed\u00fd den a dival jsem se, jak tam proje\u017ed\u011bli tramvaje. To byla hlavn\u00ed trasa z hlavn\u00edho m\u011bst\u00ed na n\u00e1dra\u017e\u00ed. Byla to jednokolejka a ten provoz byl tro\u0161i\u010dku jin\u00fd, proto\u017ee nebyly auta a v\u0161ichni ob\u010dany jezd\u011bvali tramvajema. Tak\u017ee ty tramvaje byly dokonale nadspan\u00e9. Ovl\u00e1d\u00e1n\u00ed je zcela \u00fapln\u011b jin\u00e9. Dnes m\u00e1me ovl\u00e1d\u00e1n\u00ed za pomoc\u00ed po\u010d\u00edta\u010d\u016f, elektroniky. Jednou p\u00e1kou sedat dod\u00e1val revers, co\u017e byl sm\u011br vp\u0159ed a nebo vzad. No a pak vlastn\u011b tou hlavn\u00ed klikou se ovl\u00e1dalo, kde bylo j\u00edzdn\u00ed stupn\u011b, se volili postupn\u011b, a nebo stupn\u011b do brzdy. To byla brzda dynamick\u00e1, kde potom vlastn\u011b po zastaven\u00ed vozu se pou\u017eila brzda ru\u010dn\u00ed. Dal\u0161\u00ed osudy vyslou\u017eil\u00e9 tramvaje po roce 1956 jsou jako z detektivn\u00edho filmu. V\u016fz odkoupil jeden ze zam\u011bstnanc\u016f dopravn\u00edho podniku, jak byl tehdy zvykem. Pak se stopa ztr\u00e1c\u00ed. A\u017e v roce 1983 se\u0161lou karoserii objevili tramvajov\u00ed nad\u0161enci v zahr\u00e1dk\u00e1\u0159sk\u00e9 kolonii v Dro\u017ed\u00edn\u011b. J\u00e1 jsem m\u011bl n\u011bjak\u00e9 mrazen\u00ed, \u0159\u00edkal jsem si, tady by n\u011bco mohlo b\u00fdt. A kdy jsme potkali tam n\u011bjakou m\u00edstn\u00ed pan\u00ed, tak jsme se zeptali, jestli tam n\u011bkde n\u011bjak\u00fd zahradn\u00ed domek v podob\u011b tramvaje nen\u00ed. A to se na n\u00e1s d\u00edv\u00e1, \u0159\u00edkal, stojte pod n\u011bm tady. Majitel, kter\u00e9mu slou\u017eila jako zahradn\u00ed domek, necht\u011bl o prodeji ani sly\u0161et. A\u017e v roce 1988 nov\u00fd vlastn\u00edk zahrady daroval v\u016fz dopravn\u00edmu podniku. Tato tramvaj m\u011bla celkem \u0161t\u011bst\u00ed, \u017ee nebyla modernizovan\u00e1 zahr\u00e1dk\u00e1\u0159sk\u00fdm kut\u011bn\u00edm a byla kompletn\u00ed, v\u010detn\u011b tady t\u011bchto \u00fa\u017easn\u00fdch svitel na strop\u011b, co\u017e, kdy\u017e jsme vid\u011bli poprv\u00e9 v t\u011bch 80. letech, tak m\u011b spadla brada. N\u00e1sledn\u011b pro\u0161la starod\u00e1vn\u00e1 krasavice gener\u00e1ln\u00ed opravou v Krnov\u011b. U\u017e v pln\u00e9 kr\u00e1se se v Olomouci naskok objevila v roce 1999 v r\u00e1mci oslav z t\u00e9ho v\u00fdro\u010d\u00ed zah\u00e1jen\u00ed provozu tramvaj\u00ed v Olomouci. A pak je\u0161t\u011b byla vystavena v roce 2008 na Horn\u00edm n\u00e1m\u011bst\u00ed u p\u0159\u00edle\u017eitosti z t\u00e9ho v\u00fdro\u010d\u00ed vzniku republiky. V nov\u00e9 hale v Jeremenkov\u011b ulici si i tramvajov\u00ed nad\u0161enci budou moci prohl\u00e9dnout u\u017e p\u0159\u00ed\u0161t\u00ed rok, kdy tramvajov\u00e1 doprava v Olomouci oslav\u00ed 125. narozeniny. A\u017e z\u00edsk\u00e1 pot\u0159ebn\u00e1 technick\u00e1 povolen\u00ed, bude zde pa vyr\u00e1\u017eet i na spanil\u00e9 j\u00edzdy m\u011bstem.","nbla_serie":"","nbla_season":"","nbla_episode":"","nbla_duration":"192.12","nbla_genre":"","nbla_editorial_format":"","nbla_mtime":"1697537470","nbla_url":"https:\/\/origin.a11.cz\/vod\/bodum6i8sl70vo883ngg7u0nu.mp4","nbla_version":"1697537470","nbla_odvysilano":"Ano","bunny_id":"0a248e9c-7c82-4bc6-afb3-1f7919b0ec9d","youtube_id":"","datum_vydani":"20231017","stopaz":"192.12","dokument":[],"video_to":["12277"]},"_links":{"self":[{"href":"https:\/\/tv.a11.cz\/api\/wp\/v2\/video\/12221","targetHints":{"allow":["GET"]}}],"collection":[{"href":"https:\/\/tv.a11.cz\/api\/wp\/v2\/video"}],"about":[{"href":"https:\/\/tv.a11.cz\/api\/wp\/v2\/types\/video"}],"author":[{"embeddable":true,"href":"https:\/\/tv.a11.cz\/api\/wp\/v2\/users\/8"}],"wp:featuredmedia":[{"embeddable":true,"href":"https:\/\/tv.a11.cz\/api\/wp\/v2\/media\/12276"}],"wp:attachment":[{"href":"https:\/\/tv.a11.cz\/api\/wp\/v2\/media?parent=12221"}],"wp:term":[{"taxonomy":"category","embeddable":true,"href":"https:\/\/tv.a11.cz\/api\/wp\/v2\/categories?post=12221"},{"taxonomy":"porad","embeddable":true,"href":"https:\/\/tv.a11.cz\/api\/wp\/v2\/porad?post=12221"},{"taxonomy":"region","embeddable":true,"href":"https:\/\/tv.a11.cz\/api\/wp\/v2\/region?post=12221"},{"taxonomy":"kategorie","embeddable":true,"href":"https:\/\/tv.a11.cz\/api\/wp\/v2\/kategorie?post=12221"}],"curies":[{"name":"wp","href":"https:\/\/api.w.org\/{rel}","templated":true}]}}