{"id":12162,"date":"2023-10-16T18:01:51","date_gmt":"2023-10-16T16:01:51","guid":{"rendered":"https:\/\/tv.a11.cz\/?post_type=video&#038;p=12162"},"modified":"2023-10-16T19:13:44","modified_gmt":"2023-10-16T17:13:44","slug":"a11-zpravy-pondeli-16-10-2023","status":"publish","type":"video","link":"https:\/\/tv.a11.cz\/video\/a11-zpravy-pondeli-16-10-2023\/","title":{"rendered":"Hlavn\u00ed zpr\u00e1vy pond\u011bl\u00ed 16.10. 2023"},"content":{"rendered":"","protected":false},"excerpt":{"rendered":"<p>Starom\u011bstsk\u00e9 n\u00e1m\u011bst\u00ed a policejn\u00ed man\u00e9vry &#8211; Obc\u00edm se nel\u00edb\u00ed roz\u0161\u00ed\u0159en\u00ed z\u00e1plavov\u00fdch oblast\u00ed &#8211; \u0158idi\u010d v Brn\u011b si nast\u0159\u00edkal pep\u0159\u00e1k do obli\u010deje &#8211; Polygon Libros prov\u011b\u0159ili prof\u00edci z NATO &#8211; Z Balneo kongresu vze\u0161la l\u00e1ze\u0148sk\u00e1 deklarace<\/p>\n","protected":false},"author":8,"featured_media":12164,"template":"","categories":[17,157],"porad":[212],"region":[218],"kategorie":[],"class_list":["post-12162","video","type-video","status-publish","has-post-thumbnail","hentry","category-domaci","category-zpravy","porad-hlavni-zpravy-a11","region-cela-cr"],"acf":[],"meta_box":{"nbla_idec":"A2300123","nbla_title":"A11 Zpr\u00e1vy","nbla_subtitle":"Pond\u011bl\u00ed 16.10. 2023","nbla_summary":"Zpravodajstv\u00ed A11 ze v\u0161ech kout\u016f \u010cesk\u00e9 republiky","nbla_description":"","nbla_transcription":"Dobr\u00fd ve\u010der za\u010d\u00ednaj\u00ed A11 zpr\u00e1vy, v\u00edt\u00e1 v\u00e1s u nich B\u00e1ra Hlav\u00e1\u010dkov\u00e1. Starom\u011bstsk\u00e9 n\u00e1m\u011bst\u00ed v centru Prahy za\u017eilo v\u00fdjime\u010dn\u00e9 man\u00e9vry. Polici jeho v ned\u011bli ve\u010der evakuovala kv\u016fli n\u00e1lezu podez\u0159el\u00e9ho sudu u starom\u011bstsk\u00e9ho Orloje. Uzav\u0159eli se v\u0161echny vstupy na n\u00e1m\u011bst\u00ed a auta nemohla proj\u00ed\u017ed\u011bt ani pa\u0159\u00ed\u017eskou ulic\u00ed. Polici z t\u00e9 pak na\u0161li 22-let\u00e9ho mu\u017ee, kter\u00fd sud pat\u0159\u00edc\u00ed bl\u00edzk\u00e9 restauraci p\u0159ed Orloj p\u0159inesl. Mu\u017e\u016fm z\u00e1kona \u0159ekl, \u017ee ho tam um\u00edstil z recese. P\u0159\u00edpad te\u010f prov\u011b\u0159uj\u00ed jako p\u0159estupek, ale je\u0161t\u011b ho neuzav\u0159eli. N\u00e1m\u011bst\u00ed se znovu otev\u0159elo p\u0159ed p\u016flnoc\u00ed. Komplikace nov\u00fdch staveb, a to i t\u011bch drobn\u00fdch, toho se boj\u00ed obyvatele z\u00e1plavov\u00fdch \u00fazem\u00ed a to kv\u016fli jejich pl\u00e1novan\u00e9mu roz\u0161i\u0159ov\u00e1n\u00ed. V aktivn\u00edch z\u00f3n\u00e1ch, nav\u00edc poji\u0161\u0165ovny, nic nepojist\u00ed. T\u00edm p\u00e1dem to lokality vylou\u010d\u00ed, proto\u017ee stavby v nich se stanou neprodejn\u00e9. N\u011bkolik des\u00edtek obc\u00ed a m\u011bst v \u00dasteck\u00e9m kraji se ob\u00e1v\u00e1 aktualizace z\u00e1plavov\u00e9ho \u00fazem\u00ed. V praxi to bude znamenat, \u017ee v roz\u0161\u00ed\u0159en\u00fdch z\u00f3n\u00e1ch lid\u00e9 nezastav\u00ed ani \u017eiv\u00fd plot, domy a v aktivn\u00edch z\u00f3n\u00e1ch poji\u0161\u0165ovny nic nepojist\u00ed. To je samoz\u0159ejm\u011b stav, kter\u00fd z t\u011bch obc\u00ed potenci\u00e1ln\u011b d\u011bl\u00e1 vylou\u010den\u00e9 lokality, proto\u017ee nem\u016fj to se stanou neprodejn\u00e9. Z\u00e1jem o bydlen\u00ed v takov\u00fdch obc\u00edch ze strany t\u011bch lid\u00ed, kte\u0159\u00ed tam dneska \u017eij\u00ed a \u017eij\u00ed tam stalet\u00ed, proto\u017ee to nejsou vesnice, kter\u00e9 vznikly p\u0159ed n\u011bkolika lety nebo desetilet\u00edmi, ale vznikly p\u0159ed stalet\u00edmi. Ty vesnice vznikly s t\u00edm, \u017ee lid\u00e9 tam stavili domy s t\u00edm, \u017ee jsou v z\u00e1plavov\u00e9m \u00fazem\u00ed, \u017ee \u010das od \u010dasu ta voda zaplav\u00ed. Zat\u00edmco na t\u011bch horn\u00edch toc\u00edch vyhla\u0161ovat ty aktivn\u00ed z\u00f3ny m\u00e1 smysl, proto\u017ee to opravdu chr\u00e1n\u00ed majetky a \u017eivoty, proto\u017ee ta voda tam rychle prote\u010de, je to drav\u00fd prout, kter\u00fd podemele domy, smete lidi, smete t\u0159eba i auta. Tak na t\u011bch doln\u00edch toc\u00edch my v\u00edme t\u00fdden dop\u0159edu, \u017ee ta voda p\u0159ijde, ta voda nastoup\u00e1, zkles\u00e1, vyplav\u00ed ty domy, domy se vysu\u0161\u00ed a m\u016f\u017eou v t\u011bch domech d\u00e1l ty lid\u00e9 \u017e\u00edt. Proti nov\u00e9mu opat\u0159en\u00ed se na krajsk\u00e9m \u00fa\u0159ad\u011b se\u0161lo celkem 31 p\u0159ipom\u00ednek. Podle slov tiskov\u00e9 mluv\u010d\u00ed povod\u00ed LABE Lucie Je\u0161\u00e1tkov\u00e9 je nutn\u00e9 pochopit, \u017ee ani Ministerstvo \u017eivotn\u00edho prost\u0159ed\u00ed nem\u00e1 pravou moct zasahovat do vlastn\u00edch stanoven\u00ed z\u00e1plavov\u00fdch \u00fazem\u00ed. Prim\u00e1rn\u00edm \u00fa\u010delem stanoven\u00ed z\u00e1plavov\u00fdch \u00fazem\u00ed a aktivn\u00edch z\u00f3n z\u00e1plavov\u00fdch \u00fazem\u00ed je ochrana \u017eivota a majitku obyvatel \u010cesk\u00e9 republiky, nikoli omezovat jejich pr\u00e1va. Bude se jednat o aplikaci opat\u0159en\u00ed obecn\u00e9 povahy, kter\u00e9 se \u0159\u00edd\u00ed s pr\u00e1vn\u00edm \u0159\u00e1dem a v\u011bcn\u011b vodn\u00edm z\u00e1konem. Ta cesta se nejd\u0159\u00edv jevila v tom smyslu, \u017ee by se mohlo odd\u011blit jedno z krit\u00e9ri\u00ed, na z\u00e1klad\u011b kter\u00e9ho jsou ty aktivn\u00ed z\u00f3ny vyhl\u00e1\u0161eny. To ministerstvo \u017eivotn\u00edho prost\u0159ed\u00ed tuto mo\u017enost jako posoudilo zhruba p\u0159ed t\u0159emi m\u011bs\u00edci. Uk\u00e1zalo se, \u017ee nedojde k tak velk\u00e9mu sn\u00ed\u017een\u00ed jako zmen\u0161en\u00ed t\u011bch ploch, kter\u00e9 bychom si p\u0159edstavovali. Nedojde k tak velk\u00e9mu jako zm\u00edtn\u011bn\u00ed toho z\u00e1sobu, p\u0159edev\u0161\u00edm t\u011bch sou\u010dasn\u011b zastaven\u00fdch \u00fazem\u00ed. Toto \u00fazem\u00ed cel\u00e9 se stane vlastn\u011b zasa\u017een\u00fd aktivn\u00ed z\u00f3nou ze v\u0161emi t\u011bmi omezen\u00edmi, jenom proto\u017ee tady ta voda nastoup\u00e1, t\u0159eba i na v\u00fd\u0161ku 2-3 metry a zase skles\u00e1. Ale nehro\u017euje, ni\u010d\u00ed \u017eivot. Podle slov starosty mal\u00fd \u017eernosek je \u0159e\u0161en\u00ed pom\u011brn\u011b jednoduch\u00e9. V\u011bsnice vznikaly v m\u00edstech, kde lidi v\u011bd\u011bli, \u017ee ta voda p\u0159ijde jednou za \u010das. Tak\u017ee je to v tom taky, \u017ee mus\u00ed tomu b\u00fdt p\u0159izp\u016fsobeny ty stavby, co\u017e ve v\u011bt\u0161in\u011b p\u0159\u00edpad\u016f byly. Stavby stoj\u00ed, by\u0165 za\u017eili n\u011bkolikr\u00e1t vysokou povode\u0148 a za stalet\u00ed, kde tam ty domy stoj\u00ed. A ty lidi se zase mus\u00ed zvyknout, \u017ee s tou vodou tam \u017eijou, \u017ee ob\u010das p\u0159ijde. A tak, jak to d\u011blali na\u0161i p\u0159edci, spodn\u00ed patr byl hospod\u00e1\u0159sk\u00fdho charakteru a horn\u00ed patr byl obytn\u00fd. Tak kdy\u017e p\u0159i\u0161la voda, tak se vyst\u011bhovali z toho spodn\u00edho patra nahoru, po\u010dkali, a\u017e voda odejde a zase nast\u011bhovali zp\u00e1tky, vysu\u0161ili a \u017eili d\u00e1l. Pro televizi A11 Aneta Mitu\u0161inov\u00e1. Str\u00e1\u017en\u00edci v Brn\u011b \u0159e\u0161ili mimo\u0159\u00e1dnou situaci. Proj\u00ed\u017ed\u011bj\u00edc\u00ed motorista je zavolal do K\u0159enov\u00e9 ulice, kde na k\u0159i\u017eovatce s ulic\u00ed Vlhkou st\u00e1lo otev\u0159en\u00e9 auto. Jeho \u0159idi\u010d vystoupil s bolestivou grymasou ven a dr\u017eel se za obli\u010dej. S\u00e1m sob\u011b nast\u0159\u00edkal do o\u010d\u00ed pep\u0159ov\u00fd spray. V Brn\u011b se odehr\u00e1l dal\u0161\u00ed biz\u00e1rek. Z\u00e1sah, kter\u00fd str\u00e1\u017en\u00edci je\u0161t\u011b nepamatuj\u00ed. V\u00fd\u017ed\u011bl\u00edk p\u0159\u00edpadu mu\u017ee, kter\u00fd jel v aut\u011b a zaj\u00edzdy, si za\u010dal osv\u011b\u017eovat o\u010di d\u00e1vkou z pep\u0159ov\u00e9ho spraye. Brno m\u00e1 kandid\u00e1ta na takzvanou Darwinovu cenu. To je ironick\u00e9 ocen\u011bn\u00ed pro lidi, kte\u0159\u00ed se zaslou\u017eili o zlep\u0161en\u00ed lidsk\u00e9ho genofondu t\u00edm, \u017ee se s n\u011bj sami odstranili hloup\u00fdm zp\u016fsobem. V tomto p\u0159\u00edpad\u011b m\u011bl mlad\u00edk \u0161t\u011bst\u00ed a p\u0159e\u017eil. V Brn\u011b si toti\u017e zaj\u00edzdy hr\u00e1l s pep\u0159ov\u00fdm sprayem a nat\u0159\u00edkal si ho p\u0159\u00edmo do o\u010d\u00ed. Hekaj\u00edc\u00edho \u0159idi\u010de se v\u0161imli kolemdouc\u00ed, kte\u0159\u00ed zavolali napomoc m\u011bstskou polici. Str\u00e1\u017en\u00edci se pak nesta\u010dili divit. Str\u00e1\u017en\u00edk je\u0161t\u011b do K\u0159enov\u00e9 ulice p\u0159ivolal motorista, kter\u00fd si v\u0161iml otev\u0159en\u00e9ho BMW a \u0159idi\u010de, kter\u00fd vystoupil s bolestivou grymasou a dr\u017eel se za obli\u010dej. 26-let\u00fd mlad\u00edk udajn\u011b zaj\u00edzdy manipuloval s pep\u0159ov\u00fdm sprayem a pot\u0159ebn\u00edm pou\u017eil p\u0159\u00edmo v uzav\u0159en\u00e9 kabin\u011b vozidla. Vym\u00fdv\u00e1n\u00ed o\u010d\u00ed je zabralo zhruba 10 minut. Polici a kolemdouc\u00ed celou proceduru se z\u00e1jmem pozorovali. Brn\u011bj\u0161t\u00ed str\u00e1\u017en\u00edci usoudili, \u017ee na spr\u00e1vn\u00e9 z\u00e1sady \u0159\u00edzen\u00ed si bude mlad\u00fdch pro p\u0159\u00ed\u0161t\u011b pamatovat i bez trestu za dopravn\u00ed p\u0159estupek. Z Brna pro televizi A11, Ji\u0159\u00ed V\u00fdner. \u0158idi\u010di NATO tr\u00e9novali na poligonu v Ostrav\u011b. V\u00fdkon bezpe\u010dn\u00e9 j\u00edzdy Libros toti\u017e slou\u017e\u00ed k v\u00fdcviku profesion\u00e1ln\u00edch \u0159idi\u010d\u016f, na kter\u00e9 jsou kladeny ty nejv\u011bt\u0161\u00ed n\u00e1roky. Vojensk\u00e9, policajn\u00ed, hasi\u010dsk\u00e9 nebo z\u00e1chran\u00e1\u0159sk\u00e9. Jde o nejmodern\u011bj\u0161\u00ed poligon sv\u00e9ho druhu ve st\u0159edn\u00ed Evrop\u011b. Vyskou\u0161et si odli\u0161nou techniku, osobn\u011b prov\u011b\u0159it prosul\u00fd ostravsk\u00fd poligon a v neposledn\u00ed \u0159ad\u011b vym\u011bnit si zku\u0161enosti z bran\u017ee z koledii z m\u00fdch zem\u00ed. S takov\u00fdmto c\u00edlem nav\u0161t\u00edvili Ostravu odborn\u00edci z jednotliv\u00fdch \u010dlensk\u00fdch arm\u00e1d NATO. Na Librosu pro n\u011b p\u0159ipravili celodenn\u00ed program, nab\u00fdt\u00fd p\u0159edev\u0161\u00edm t\u00edm nejdycht\u011bj\u0161\u00edm, kter\u00fdm se vytv\u00e1\u0159\u00ed v\u011bt\u0161inou. N\u00e1v\u0161t\u011bv\u00edc\u00ed ostravn\u00edci se vytvo\u0159ili a p\u0159ipravili celodenn\u00ed program, nab\u00fdt\u00fd p\u0159edev\u0161\u00edm t\u00edm nejdycht\u011bj\u0161\u00ed o\u010dek\u00e1van\u00fdm praktick\u00fdmi j\u00edzdami. Nach\u00e1z\u00edme se v Ostrav\u011b na Librosu, kde mnozi \u0159idi\u010di zkou\u0161\u00ed a testuj\u00ed sv\u00e9 dokonalosti v \u0159\u00edzen\u00ed vozidel. Dnes je v\u00fdjime\u010dn\u00fd den, kdy p\u0159ijeli zahrani\u010dn\u00ed arm\u00e1dy testovat na tenhle poligon j\u00edzdu z r\u016f\u010dnosti. \u010cek\u00e1me, \u017ee tady p\u0159ijede mese reprezentant\u016f N\u011bmecka, Slovinska a dal\u0161\u00edch zem\u00ed, kte\u0159\u00ed si vyzkou\u0161ej\u00ed kurs bezpe\u010dn\u00e9 j\u00edzdy pro \u0159idi\u010de arm\u00e1dy. Uk\u00e1zkov\u00fd kurs se v\u0161im v\u0161udy, tak jak tady tyhle voj\u00e1chy cvi\u010d\u00edme b\u011b\u017en\u011b, budou moci si vyzkou\u0161et novou techniku, star\u0161\u00ed techniku, b\u011b\u017enou techniku, asfaltov\u00fd poligon, technicko-ter\u00e9nn\u00ed poligon, v\u0161echny simul\u00e1tory, trena\u017eery. P\u0159i\u0161li jsme se hlavn\u011b dozv\u011bd\u011bt, co nejv\u00edc o va\u0161ich vozidlech, vyzkou\u0161et si poligon a z\u00edskat nov\u00e9 zku\u0161enosti, kter\u00e9 v budoucnu upot\u0159eb\u00edme. O\u010dek\u00e1v\u00e1m a t\u011b\u0161\u00edm se, \u017ee si n\u011bkter\u00e9 z t\u011bch novinek s\u00e1m prakticky vyzkou\u0161\u00edm. T\u011b\u0161\u00edm se samoz\u0159ejm\u011b, je to pro m\u011b asi n\u011bco jin\u00e9ho, ne\u017e to, co d\u011bl\u00e1m moment\u00e1ln\u011b. I zn\u00e1m takov\u00e9to kurzy a takov\u00e9to j\u00edzdy. A kdy\u017e se st\u00e1v\u00e1m s bojensk\u00fdmi a civiln\u00edmi autami, tak jsem zv\u011bdav\u00fd, co na m\u011b p\u0159ijde tady. Technika je drah\u00e1, \u0159idi\u010di, v tomto p\u0159\u00edpad\u011b voj\u00e1ci, mus\u00ed plnit sv\u00e9 \u00fakoly a mus\u00ed s tou technikou v\u017edy dojet na to m\u00edsto ur\u010den\u00ed. M\u011bl by to zaj\u00edmat \u00fapln\u011b v\u0161echny. J\u00e1 bych pop\u0159\u00e1l v\u0161em, kte\u0159\u00ed tady dneska budou jezdit, ze zahrani\u010dn\u00edch i na\u0161ich voj\u00e1k\u016f, aby si vzali to nejlep\u0161\u00ed, co m\u016f\u017eou potom do sv\u00e9ho \u017eivota. A pop\u0159\u00e1l jim hlavn\u011b mnoho \u00fasp\u011bch\u016f p\u0159i \u0159\u00edzen\u00ed slu\u017eebn\u00edch vozidel, ale taky i v osobn\u00edm \u017eivot\u011b. Evropsk\u00fd l\u00e1ze\u0148sk\u00fd a balneologick\u00fd kongres m\u011bl premi\u00e9ru v Karlov\u00fdch Varech. Podpo\u0159il p\u0159edev\u0161\u00edm jedine\u010dnost l\u00e9\u010debn\u00e9ho l\u00e1ze\u0148stv\u00ed, a to i d\u00edky tomu, \u017ee na n\u011bm vznikla takzvan\u00e1 Karlovarsk\u00e1 l\u00e1ze\u0148sk\u00e1 deklarace. Ta m\u00e1 apelovat na evropsk\u00e9 politiky, aby nezapom\u00ednali za\u010dlenovat l\u00e1ze\u0148stv\u00ed do syst\u00e9mu cestovn\u00edho ruchu sv\u00fdch zem\u00ed. Ji\u017e 27. ro\u010dn\u00edk Evropsk\u00e9ho l\u00e1ze\u0148sk\u00e9ho a balneologick\u00e9ho kongresu prob\u011bhl ve dnech 4. a\u017e 6. \u0159\u00edjna premi\u00e9rov\u011b v Karlov\u00fdch Varech spolu s veletrhem Espa. Krom\u011b profesion\u00e1l\u016f z \u0159ad p\u0159edn\u00e1\u0161ej\u00edc\u00edch se zde setkali tak\u00e9 z\u00e1stupci poskytovatel\u016f l\u00e1ze\u0148sk\u00e9 p\u00e9\u010de, m\u00e9dia, odborn\u00edci i politick\u00e1 reprezentace. Mimo \u0159ady setk\u00e1n\u00ed profesion\u00e1l\u016f z oboru \u010di p\u0159edn\u00e1\u0161ek byla podeps\u00e1na Karlovarsk\u00e1 l\u00e1ze\u0148sk\u00e1 deklarace. Ta m\u00e1 podpo\u0159it jedine\u010dnost l\u00e9\u010debn\u00e9ho l\u00e1ze\u0148stv\u00ed a reagovat na trend st\u00e1rnut\u00ed populace tak, aby byla zohledn\u011bna ve strategick\u00fdch pl\u00e1nech jednotliv\u00fdch \u010dlensk\u00fdch zem\u00ed. Chceme zd\u016fraznit v\u00fdznam toho evropsk\u00e9ho l\u00e1ze\u0148stv\u00ed v t\u011bch hlavn\u00edch aspektech, kter\u00e9 to evropsk\u00e9 l\u00e1ze\u0148stv\u00ed tvo\u0159\u00ed a cht\u011bli bysme touto deklarac\u00ed vyslat poselstv\u00ed, p\u0159edev\u0161\u00edm pr\u00e1v\u011b politik\u016fm ze v\u0161ech \u010dlensk\u00fdch zem\u00ed EU, aby si tohoto v\u00fdznamu byli v\u011bdomi, aby nezapom\u00ednali za\u010dlenovat l\u00e1ze\u0148stv\u00ed do t\u011bch sv\u00fdch evropsk\u00fdch politik, a\u0165 u\u017e se t\u00fdk\u00e1 v oblasti t\u0159eba cestovn\u00edho ruchu, v oblasti p\u00e9\u010de o zdrav\u00ed. To znamen\u00e1, to je ten d\u016fvod a to je to, na kter\u00e9m jsme tu deklaraci vytvo\u0159ili. Z\u00e1rove\u0148 byly formulov\u00e1ny hlavn\u00ed p\u0159edpoklady pro dal\u0161\u00ed fungov\u00e1n\u00ed cel\u00e9ho syst\u00e9mu l\u00e1ze\u0148sk\u00e9 p\u00e9\u010de. Pro n\u00e1s je d\u016fle\u017eit\u00e9, aby l\u00e1ze\u0148stv\u00ed v t\u00e9 sv\u00e9 zdravotn\u00ed \u010d\u00e1sti jednozna\u010dn\u011b z\u016fstalo v syst\u00e9mu ve\u0159ejn\u00fdch \u00fahrad, aby se postupn\u011b odstran\u011bvaly byrokratick\u00e9 p\u0159ek\u00e1\u017eky, kter\u00e9 br\u00e1n\u00ed tomu, aby se lid\u00e9 do l\u00e1zn\u00ed dost\u00e1vali a v t\u00e9 podpo\u0159e bychom pot\u0159ebovali, \u0159ekn\u011bme, v\u00edce otev\u00edrat dve\u0159e ke spolupr\u00e1ci mezi l\u00e1zn\u011bmi a municipalitami, co\u017e je v oblasti vyu\u017eit\u00ed m\u00edstn\u00edch poplatk\u016f, aby t\u00e1 l\u00e1ze\u0148sk\u00e1 m\u011bsta nejen v\u00edc vyb\u00edrala, ale tak\u00e9 ty prost\u0159edky u\u017e\u00edvala, byla kr\u00e1sn\u011bj\u0161\u00ed a ty prost\u0159edky vyu\u017e\u00edvala i k tomu, \u017ee bude vytv\u00e1\u0159et atraktivn\u00ed programy, kter\u00e9 krom\u011b t\u011bch nemocn\u00fdch a l\u00e9\u010den\u00fdch a l\u00e9\u010dic\u00edch se p\u0159il\u00e1kaj\u00ed i ty ostatn\u00ed, aktivn\u011bj\u0161\u00ed, kte\u0159\u00ed touto cestou objev\u00ed pak i to srdce l\u00e1ze\u0148stv\u00ed, tak\u017ee to je n\u011bco, co bez t\u00e9 podpory \u00fapln\u011b ze shora nejde, proto\u017ee politika, rozd\u011blov\u00e1n\u00ed dan\u00ed a tak d\u00e1le, to je v\u0161echno velmi propojen\u00e9. D\u016fle\u017eitou sou\u010d\u00e1st\u00ed komplexn\u00edho procesu je vzd\u011bl\u00e1v\u00e1n\u00ed odborn\u00edk\u016f v oblasti l\u00e9\u010debn\u00e9ho l\u00e1ze\u0148stv\u00ed a promy\u0161len\u00e9 kroky pro realizaci pob\u00eddek, vyu\u017eit\u00ed inovac\u00ed a nastaven\u00ed obchodn\u00edch model\u016f. Mluvilo se tak\u00e9 o zm\u011bn\u00e1ch v l\u00e1ze\u0148sk\u00fdch spole\u010dnostech a m\u00edstech, kter\u00e1 mus\u00ed reagovat na v\u00fdvoj trhu a po\u017eadavky z\u00e1kazn\u00edk\u016f. Na kongres p\u0159icestovalo zhruba 350 \u00fa\u010dastn\u00edk\u016f z 33 zem\u00ed. Nechyb\u011bly ani t\u0159i minist\u0159i \u010desk\u00e9 vl\u00e1dy. Ministr zdravotnictv\u00ed Vlastimil V\u00e1lek, ministr pro evropsk\u00e9 z\u00e1le\u017eitosti Martin Dvo\u0159\u00e1k a ministr pro m\u00edstn\u00ed rozvoj Ivan Barto\u0161. Byly vyhl\u00e1\u0161eny ceny ESPA Innovation Awards za zaj\u00edmav\u00e9 a efektivn\u00ed p\u0159\u00edstupy zvy\u0161uj\u00edc\u00ed kvalitu l\u00e1ze\u0148sk\u00fdch hotel\u016f a rezort\u016f. \u00da\u010dastn\u00edci tak\u00e9 pro v\u011bt\u0161\u00ed zviditeln\u011bn\u00ed vytvo\u0159ili nov\u00fd rekord v po\u010dtu osob pij\u00edc\u00edch spole\u010dn\u011b term\u00e1ln\u00ed prameny a to 137. Tour de France ve tm\u011b to je nov\u00fd dokument zachycuj\u00edc\u00ed p\u0159\u00edb\u011bh nevidom\u00e9ho Ond\u0159eje Zme\u0161kala. Ten se postavil sv\u00e9mu osudu a st\u00e1le se v\u011bnuje sportu. Sn\u00edmek o jeho cest\u011b uvedlo kino v Napajedlech. Od narozen\u00ed vid\u011bl pouze na jedno oko. P\u0159esto\u017ee to bylo n\u00e1ro\u010dn\u00e9, nau\u010dil se s t\u00edm \u017e\u00edt a snil o tom, \u017ee jednou bude slavn\u00fdm sportovcem. Proto, kdy\u017e ve 20 oslepl \u00fapln\u011b, bylo to pro Ond\u0159eje Zme\u0161kala zdrcuj\u00edc\u00ed. N\u011bjak\u00fd \u010das potom trvalo, ne\u017e se dok\u00e1zal postavit sv\u00e9mu osudu. S pomoc\u00ed vid\u00edc\u00edch se u\u010dil b\u00fdt co nejv\u00edce samostatn\u00fd. Od toho se odv\u00edjelo ten sport, kdy za mnou p\u0159i\u0161el kamar\u00e1d Luk\u00e1\u0161 a \u0159ekl mi, leondromo, l\u00edb\u00ed se za\u010d\u00edt b\u011bhat a n\u011bkdy se prob\u00edhat na Olimpi\u00e1du. A tady to tak n\u011bjak za\u010dalo, \u017ee jsem si vlastn\u011b v chv\u00edli teda \u0165ukal na \u010delo, \u017ee je to \u0161\u00edlen\u00fd, ale pak d\u00edky tomu, \u017ee jsem vyb\u011bhal poprv\u011b se sv\u00fdm vodit\u00edm psem Blekem, kter\u00fdho jsem v\u017edycky m\u011bl, tak jsem zjistil, \u017ee to jde. Brzy na to poko\u0159il sv\u016fj prvn\u00ed z\u00e1vod a uv\u011bdomil si, \u017ee se mu d\u011btsk\u00fd sen st\u00e1t se sportovcem pln\u00ed. Od t\u00e9 chv\u00edle ho touh\u00e1hnala vp\u0159ed. S ka\u017edou dal\u0161\u00ed p\u0159ek\u00e1\u017ekou p\u0159ekon\u00e1val s\u00e1m sebe, a\u017e se probojoval k \u00fa\u010dasti na nejn\u00e1ro\u010dn\u011bj\u0161\u00edch celosv\u011btov\u00fdch z\u00e1vodech. A to nap\u0159\u00edklad a\u017e na Tour de France, kterou poko\u0159il jako prvn\u00ed nevydom\u00ed na sv\u011bt\u011b. Celou ud\u00e1lost dokumentuje sn\u00edmek Rostislava M\u00e1lka Tour de France ve tm\u011b. T\u00edm, \u017ee vlastn\u011b nevid\u00edm, tak pot\u0159ebuji tam par\u0165\u00e1ka. A t\u00edm par\u0165\u00e1kem na tu Tour de France byl vlastn\u011b Marek Petrka, kter\u00fd m\u011b d\u011blal h\u0159\u00ed\u010de, tak\u017ee na m\u011b to bylo sed\u011bt vzadu za n\u00edm a \u0161lepat. Sv\u00fdmi v\u00fdkony se Ond\u0159ej sna\u017e\u00ed inspirovat ostatn\u00ed. Druh\u00e1 rovina je charitativn\u00ed. T\u011bmito velk\u00fdmi akcemi chce pom\u00e1hat handicapovan\u00fdm d\u011btem. Pokud jste toto p\u0159\u00edjemn\u00e9 zetk\u00e1n\u00ed pro p\u00e1sly, Kino Napajedla pro v\u00e1s m\u00e1 spoustu dal\u0161\u00edch zaj\u00edmav\u00fdch akc\u00ed. Listopadov\u00fd program je opravdu barevn\u00fd. Za\u010d\u00edn\u00e1me za\u010d\u00e1tkem listopado, hned 4.11. obvykl\u00fdm a velmi obl\u00edben\u00fdm form\u00e1tem Snow Film Fest, jeho\u017e hostem letos bude Va\u0161\u00edk p\u00e1tek, jedn\u00e1 se o Zl\u00ednsk\u00e9 horolisce. 15. listopadu se m\u016f\u017eete t\u011b\u0161it na dokument Miroslava N\u00e1plavy Aquanaut. Pro m\u00edt\u00e1n\u00ed se z\u00fa\u010dastn\u00ed krom\u011b re\u017eis\u00e9ra tak\u00e9 prvn\u00ed \u010desk\u00fd aquanaut Pavel Gros. A11 pr\u00e1v\u011b kon\u010d\u00ed ve\u010dern\u00ed vys\u00edl\u00e1n\u00ed. Televize A11 pokra\u010duje dnes s Hankou a Vlastou. Tak z\u016fstan\u011bte s n\u00e1mi. Dobr\u00fd ve\u010der. www.arkance-systems.cz","nbla_serie":"525","nbla_season":"2023","nbla_episode":"123","nbla_duration":"911.24","nbla_genre":"3.1.1.1","nbla_editorial_format":"2.1.1","nbla_mtime":"1697471674","nbla_url":"https:\/\/origin.a11.cz\/vod\/31c1emrx03i7tpufn6zwycqs1.mp4","nbla_version":"1697471663","nbla_odvysilano":"Ano","bunny_id":"5a96a6eb-2e27-45b3-a3e5-4120aeefd29f","youtube_id":"","datum_vydani":"20231016","stopaz":"911.24","dokument":[],"video_to":[]},"_links":{"self":[{"href":"https:\/\/tv.a11.cz\/api\/wp\/v2\/video\/12162","targetHints":{"allow":["GET"]}}],"collection":[{"href":"https:\/\/tv.a11.cz\/api\/wp\/v2\/video"}],"about":[{"href":"https:\/\/tv.a11.cz\/api\/wp\/v2\/types\/video"}],"author":[{"embeddable":true,"href":"https:\/\/tv.a11.cz\/api\/wp\/v2\/users\/8"}],"wp:featuredmedia":[{"embeddable":true,"href":"https:\/\/tv.a11.cz\/api\/wp\/v2\/media\/12164"}],"wp:attachment":[{"href":"https:\/\/tv.a11.cz\/api\/wp\/v2\/media?parent=12162"}],"wp:term":[{"taxonomy":"category","embeddable":true,"href":"https:\/\/tv.a11.cz\/api\/wp\/v2\/categories?post=12162"},{"taxonomy":"porad","embeddable":true,"href":"https:\/\/tv.a11.cz\/api\/wp\/v2\/porad?post=12162"},{"taxonomy":"region","embeddable":true,"href":"https:\/\/tv.a11.cz\/api\/wp\/v2\/region?post=12162"},{"taxonomy":"kategorie","embeddable":true,"href":"https:\/\/tv.a11.cz\/api\/wp\/v2\/kategorie?post=12162"}],"curies":[{"name":"wp","href":"https:\/\/api.w.org\/{rel}","templated":true}]}}