{"id":12116,"date":"2023-10-16T19:43:14","date_gmt":"2023-10-16T17:43:14","guid":{"rendered":"https:\/\/tv.a11.cz\/?post_type=video&#038;p=12116"},"modified":"2023-10-16T19:27:27","modified_gmt":"2023-10-16T17:27:27","slug":"kino-hvezda-nabizi-vystavu-umprum-pohyb","status":"publish","type":"video","link":"https:\/\/tv.a11.cz\/video\/kino-hvezda-nabizi-vystavu-umprum-pohyb\/","title":{"rendered":"Kino Hv\u011bzda nab\u00edz\u00ed v\u00fdstavu Umprum &#8222;Pohyb&#8220;"},"content":{"rendered":"","protected":false},"excerpt":{"rendered":"<p>Ka\u017edoro\u010dn\u011b se Um\u011blecko-pr\u016fmyslov\u00e1 \u0161kola v Uhersk\u00e9m Hradi\u0161ti prezentuje na v\u00fdstav\u011b v Kin\u011b Hv\u011bzda. I tentokr\u00e1t sem lid\u00e9 mohou vyrazit za prezentac\u00ed v\u0161ech ateli\u00e9r\u016f. <\/p>\n","protected":false},"author":8,"featured_media":12165,"template":"","categories":[17,21,171,157],"porad":[],"region":[87,64],"kategorie":[],"class_list":["post-12116","video","type-video","status-publish","has-post-thumbnail","hentry","category-domaci","category-kultura","category-umeni","category-zpravy","region-hradistsko","region-zlinsky-kraj"],"acf":[],"meta_box":{"nbla_idec":"N2307557","nbla_title":"Kino Hv\u011bzda nab\u00edz\u00ed v\u00fdstavu Umprum \"Pohyb\"","nbla_subtitle":"","nbla_summary":"","nbla_description":"","nbla_transcription":"Ka\u017edoro\u010dn\u011b se Um\u011blecko-pr\u016fmyslov\u00e1 \u0161kola v Uhersk\u00e9m hradi\u0161ti prezentuje na v\u00fdstav\u011b ve foaje Kina hv\u011bzda. I tentokr\u00e1t sem lid\u00e9 mohou vyrazit za prezentac\u00ed pr\u00e1v\u011b v\u0161ech ateli\u00e9r\u016f. Jednotn\u00fdm pohybkem autorsk\u00fdch d\u011bl je spole\u010dn\u00e9 t\u00e9ma Pohyb. Letos to m\u00e1 n\u00e1zev Pohyb. Na vystaven\u00fdch v\u011bcech uvid\u00edte, pro\u010d to pr\u00e1v\u011b Pohyb je. Mysl\u00edm si, \u017ee to odr\u00e1\u017e\u00ed lo\u0148sk\u00fd rok a ten byl na na\u0161\u00ed \u0161kole v celku \u00fasp\u011b\u0161n\u00fd, mysl\u00edm si, \u017ee mimo\u0159\u00e1dn\u011b \u00fasp\u011b\u0161n\u00fd. V lo\u0148sk\u00e9m roce se toti\u017e umprumce \u00fasp\u011b\u0161n\u011b poda\u0159ilo zapojit se do zcela nov\u00e9ho evropsk\u00e9ho projektu z rodiny Erasmus, konkr\u00e9tn\u011b Discover EU. V jeho r\u00e1mci vyjeli po cel\u00e9 Evrop\u011b studenti, kte\u0159\u00ed maj\u00ed pr\u00e1v\u011b 18 let. Z Uhersk\u00e9ho hradi\u0161t\u011b se zapojilo v\u00edce ne\u017e 30 mlad\u00fdch lid\u00ed, kte\u0159\u00ed se o sebe museli v zahrani\u010d\u00ed sami postarat. V\u00fdjezdy z evropsk\u00e9ho projektu koordinuje D\u016fm zahrani\u010dn\u00ed spolupr\u00e1ce. Jeho z\u00e1stupky m\u011b nechyb\u011bla ani na Vernis\u00e1\u017ei, kde studenti na jednotliv\u00fdch panelech prezentovali sv\u00e9 z\u00e1\u017eitky i zku\u0161enosti. My jsme r\u00e1di, \u017ee tady ten projekt, m\u00edstn\u00ed \u0161kola se do n\u011bj zapojila, proto\u017ee bych \u0159ekla, \u017ee jsou takov\u00fd pr\u016fkopn\u00edci. My bychom cht\u011bli, aby se \u0161koly \u010d\u00edm d\u00e1l v\u00edce zapojovaly a podporovaly mlad\u00e9 lidi, kte\u0159\u00ed ty p\u0159\u00edle\u017eitosti nemaj\u00ed k vycestov\u00e1n\u00ed. Nab\u00eddky cestovat vyu\u017eili i Tereza Selingerov\u00e1 a Anna \u0160idl\u00edkov\u00e1, kter\u00e9 se b\u011bhem 21 dn\u00ed vypravili do Budape\u0161ti, Splitu, Lublan\u011b a V\u00eddn\u011b. Mn\u011b osobn\u011b se nejv\u00edc l\u00edbila okol\u00ed Lublan\u011b, celkov\u011b i Slovinsko, proto\u017ee procestovali jsme hodn\u011b tu p\u0159\u00edrodu a byl to stra\u0161n\u011b kr\u00e1sn\u00fd pohled. Hodn\u011b se toho nau\u010d\u00edte, kdy\u017e v\u00e1m jde tro\u0161ku o krk a ani nev\u00edte, kde budete t\u0159eba sp\u00e1t, tak\u017ee hrozn\u011b moc zku\u0161enost\u00ed. Je to ur\u010dit\u011b pak jist\u00e1 samostatnost a taky t\u00fdmov\u00e1 spolupr\u00e1ce, proto\u017ee nev\u00ed\u0161 v\u017edy v\u0161echno jde podle pl\u00e1nu. V\u00fdstava um\u011bleck\u00fdch d\u011bl v\u0161ech ateli\u00e9r\u016f Um\u011blecko-pr\u016fmyslov\u00e9 \u0161koly, stejn\u011b jako panelist cest budou v Kine hv\u011bzda k vid\u011bn\u00ed do konce \u0159\u00edjna.","nbla_serie":"","nbla_season":"","nbla_episode":"","nbla_duration":"122.56","nbla_genre":"","nbla_editorial_format":"","nbla_mtime":"1697218230","nbla_url":"https:\/\/origin.a11.cz\/vod\/1mligwvh55ryfptkff27uzykf.mp4","nbla_version":"1697218230","nbla_odvysilano":"Ano","bunny_id":"134b70d4-5a5b-46d1-b082-8a2719ba4fce","youtube_id":"","datum_vydani":"20231013","stopaz":"122.56","dokument":[],"video_to":["12166"]},"_links":{"self":[{"href":"https:\/\/tv.a11.cz\/api\/wp\/v2\/video\/12116","targetHints":{"allow":["GET"]}}],"collection":[{"href":"https:\/\/tv.a11.cz\/api\/wp\/v2\/video"}],"about":[{"href":"https:\/\/tv.a11.cz\/api\/wp\/v2\/types\/video"}],"author":[{"embeddable":true,"href":"https:\/\/tv.a11.cz\/api\/wp\/v2\/users\/8"}],"wp:featuredmedia":[{"embeddable":true,"href":"https:\/\/tv.a11.cz\/api\/wp\/v2\/media\/12165"}],"wp:attachment":[{"href":"https:\/\/tv.a11.cz\/api\/wp\/v2\/media?parent=12116"}],"wp:term":[{"taxonomy":"category","embeddable":true,"href":"https:\/\/tv.a11.cz\/api\/wp\/v2\/categories?post=12116"},{"taxonomy":"porad","embeddable":true,"href":"https:\/\/tv.a11.cz\/api\/wp\/v2\/porad?post=12116"},{"taxonomy":"region","embeddable":true,"href":"https:\/\/tv.a11.cz\/api\/wp\/v2\/region?post=12116"},{"taxonomy":"kategorie","embeddable":true,"href":"https:\/\/tv.a11.cz\/api\/wp\/v2\/kategorie?post=12116"}],"curies":[{"name":"wp","href":"https:\/\/api.w.org\/{rel}","templated":true}]}}