{"id":12093,"date":"2023-10-13T19:21:20","date_gmt":"2023-10-13T17:21:20","guid":{"rendered":"https:\/\/tv.a11.cz\/?post_type=video&#038;p=12093"},"modified":"2023-10-16T19:48:42","modified_gmt":"2023-10-16T17:48:42","slug":"rozsirovani-cyklostezek-na-kladensku-a-v-okoli","status":"publish","type":"video","link":"https:\/\/tv.a11.cz\/video\/rozsirovani-cyklostezek-na-kladensku-a-v-okoli\/","title":{"rendered":"Roz\u0161i\u0159ov\u00e1n\u00ed cyklostezek na Kladensku a v okol\u00ed"},"content":{"rendered":"","protected":false},"excerpt":{"rendered":"<p>Nov\u00e9 a bezpe\u010dn\u00e9 spojen\u00ed mohou naplno vyu\u017e\u00edvat cyklist\u00e9 i p\u011b\u0161\u00ed na Kladensku. Cyklostezka vznikla podle st\u00e1vaj\u00edc\u00ed silnice a vede mimo jin\u00e9 po d\u00e1lnic\u00ed D6.<\/p>\n","protected":false},"author":8,"featured_media":12189,"template":"","categories":[17,157],"porad":[],"region":[68,62],"kategorie":[],"class_list":["post-12093","video","type-video","status-publish","has-post-thumbnail","hentry","category-domaci","category-zpravy","region-kladensko","region-stredocesky-kraj"],"acf":[],"meta_box":{"nbla_idec":"N2316031","nbla_title":"Roz\u0161i\u0159ov\u00e1n\u00ed cyklostezek na Kladensku a v okol\u00ed","nbla_subtitle":"","nbla_summary":"","nbla_description":"","nbla_transcription":"Nov\u00e9 a bezpe\u010dn\u00e9 spojen\u00ed mohou naplno vyu\u017e\u00edvat cyklist\u00e9 i p\u011b\u0161\u00ed mezi Dru\u017ecem a DOXY na Kladensku. Cyklostezka vznikla podle st\u00e1vaj\u00edc\u00ed silnice a vede mimo jin\u00e9 po d\u00e1lnic\u00ed D6. Jej\u00ed p\u0159\u00edprava p\u0159itom nebyla jednoduch\u00e1. P\u0159\u00edprava byla hodn\u011b n\u00e1ro\u010dn\u00e1, proto\u017ee jsme ji p\u0159ipravili p\u011bt let. St\u00e1lo to 8,2 milion\u016f, v\u010detn\u011b DPH, co\u017e je dost. N\u00e1s samotn\u00fd to p\u0159ekvapilo. P\u0159ijet do \u010cesk\u00fd kraj se na t\u00e9hle cyklostezce pod\u00edlel finan\u010dn\u00ed \u010d\u00e1stkou zhruba 1,8 milion\u016f korun. Je to \u010d\u00e1stka, kter\u00e1 byla vyplacen\u00e1 z Fondu cyklistick\u00e9 infrastruktury. M\u00e1m radost z toho, \u017ee to vypad\u00e1, \u017ee postup bude stejn\u00fd jako u dal\u0161\u00edch cyklostezek, kter\u00e9 se u\u017e poda\u0159ilo otev\u0159\u00edt a podpo\u0159it z Fondu cyklistick\u00e9 infrastruktury. A to je tedy to, \u017ee na ty cyklostezky pak navazuj\u00ed dal\u0161\u00ed. U\u017e nyn\u00ed DOXY p\u0159ipravuj\u00ed prodlou\u017een\u00ed nov\u00e9 cyklostezky a\u017e ke Karlovarsk\u00e9 silnici a d\u00e1le na Velkou dobrou a do Kladna. Na \u010d\u00e1st z nich u\u017e maj\u00ed zaji\u0161t\u011bn\u00e9 i financov\u00e1n\u00ed a mohou tak sout\u011b\u017eit dodavatele. Strano ov\u0161em nez\u016fst\u00e1v\u00e1, ani dru\u017eec. P\u0159ipravujeme dal\u0161\u00ed cyklostezky na ka\u017edou obec, na Bra\u0161kov, na Doln\u00ed Bezd\u011bkov, na \u017dilinu. A kdy bude m\u00edstn\u00ed s\u00edt pro cyklisty hotov\u00e1? J\u00e1 si to nedovol\u00edm \u0159\u00edct a \u0159eknu do deseti let by snad mohla b\u00fdt. J\u00e1 bych r\u00e1d, kdyby to bylo za dva ruky, ale to je nere\u00e1l. Kraj nav\u00edc p\u0159ipravuje napojen\u00ed mezi Rakovn\u00edkem, K\u0159ivokl\u00e1tem a d\u00e1le na Ni\u017ebor. Sc\u00e9na z\u00e1sadn\u00ed pak bude stavbat cyklostezky na m\u00edst\u011b st\u00e1vaj\u00edc\u00ed \u017eeleznice mezi Kladnem a Prahou. Ur\u010dit\u011b v\u011b\u0159\u00edm, \u017ee jednou se bude napojovat i na tyhle ji\u017e postaven\u00e9 cyklostezky a my u\u017e jsme ji jako st\u0159edo\u010desk\u00fd kraj v n\u011bjak\u00fdch prvotn\u00edch f\u00e1z\u00edch odsouhlasili a te\u010f se vlastn\u011b p\u0159ipravuje projektov\u00e1 dokumentace. Cyklist\u00e9 se tedy od Prahy z\u00e1pad p\u0159es Kladensko a Rakovnick\u00e9 mohou t\u011b\u0161it na v\u00fdrazn\u00e9 zlep\u0161en\u00ed infrastruktury a tedy na bezpe\u010dn\u00e9 a pohodln\u00e9 propojen\u00ed jednotliv\u00fdch obc\u00ed nejen pro turistiku, ale i ka\u017edodenn\u00ed dopravu nap\u0159\u00edklad do \u0161koly nebo do pr\u00e1ce.","nbla_serie":"","nbla_season":"","nbla_episode":"","nbla_duration":"121.64","nbla_genre":"","nbla_editorial_format":"","nbla_mtime":"1697216817","nbla_url":"https:\/\/origin.a11.cz\/vod\/8qraxf58dlrojr0s370qihh9m.mp4","nbla_version":"1697216817","nbla_odvysilano":"Ne","bunny_id":"cbd9be08-f4bd-4b94-a436-91f9ce3c836b","youtube_id":"","datum_vydani":"20231013","stopaz":"121.64","dokument":[],"video_to":["12190"]},"_links":{"self":[{"href":"https:\/\/tv.a11.cz\/api\/wp\/v2\/video\/12093","targetHints":{"allow":["GET"]}}],"collection":[{"href":"https:\/\/tv.a11.cz\/api\/wp\/v2\/video"}],"about":[{"href":"https:\/\/tv.a11.cz\/api\/wp\/v2\/types\/video"}],"author":[{"embeddable":true,"href":"https:\/\/tv.a11.cz\/api\/wp\/v2\/users\/8"}],"wp:featuredmedia":[{"embeddable":true,"href":"https:\/\/tv.a11.cz\/api\/wp\/v2\/media\/12189"}],"wp:attachment":[{"href":"https:\/\/tv.a11.cz\/api\/wp\/v2\/media?parent=12093"}],"wp:term":[{"taxonomy":"category","embeddable":true,"href":"https:\/\/tv.a11.cz\/api\/wp\/v2\/categories?post=12093"},{"taxonomy":"porad","embeddable":true,"href":"https:\/\/tv.a11.cz\/api\/wp\/v2\/porad?post=12093"},{"taxonomy":"region","embeddable":true,"href":"https:\/\/tv.a11.cz\/api\/wp\/v2\/region?post=12093"},{"taxonomy":"kategorie","embeddable":true,"href":"https:\/\/tv.a11.cz\/api\/wp\/v2\/kategorie?post=12093"}],"curies":[{"name":"wp","href":"https:\/\/api.w.org\/{rel}","templated":true}]}}