{"id":12092,"date":"2023-10-13T19:20:52","date_gmt":"2023-10-13T17:20:52","guid":{"rendered":"https:\/\/tv.a11.cz\/?post_type=video&#038;p=12092"},"modified":"2023-10-13T21:17:29","modified_gmt":"2023-10-13T19:17:29","slug":"profesionalni-ridici-armad-nato-proverili-polygon-libros","status":"publish","type":"video","link":"https:\/\/tv.a11.cz\/video\/profesionalni-ridici-armad-nato-proverili-polygon-libros\/","title":{"rendered":"Profesion\u00e1ln\u00ed \u0159idi\u010di arm\u00e1d NATO prov\u011b\u0159ili polygon LIBROS"},"content":{"rendered":"","protected":false},"excerpt":{"rendered":"<p>Ostravu nav\u0161t\u00edvili odborn\u00edci z jednotliv\u00fdch \u010dlensk\u00fdch arm\u00e1d NATO. Na Librosu pro n\u011b p\u0159ipravili celodenn\u00ed program pln\u00fd p\u0159edev\u0161\u00edm t\u00edm nejdychtiv\u011bji o\u010dek\u00e1van\u00fdm &#8211; praktick\u00fdmi j\u00edzdami. <\/p>\n","protected":false},"author":8,"featured_media":12132,"template":"","categories":[17,157],"porad":[],"region":[58,115],"kategorie":[],"class_list":["post-12092","video","type-video","status-publish","has-post-thumbnail","hentry","category-domaci","category-zpravy","region-moravskoslezsky-kraj","region-ostravsko"],"acf":[],"meta_box":{"nbla_idec":"N2308185","nbla_title":"Profesion\u00e1ln\u00ed \u0159idi\u010di arm\u00e1d NATO prov\u011b\u0159ili polygon LIBROS","nbla_subtitle":"","nbla_summary":"","nbla_description":"","nbla_transcription":"Chceme ale asi tu kon\u010den\u00ed p\u0159epravit. Vyzkou\u0161et si odli\u0161nou techniku, osobn\u011b prov\u011b\u0159it prosul\u00fd ostravsk\u00fd poligon a v neposledn\u00ed \u0159ad\u011b vym\u011bnit si zku\u0161enosti z bran\u017ee z kolik jist\u00fdch zem\u00ed. S takov\u00fdmto c\u00edlem nav\u0161t\u00edvili ostravu odborn\u00edci z jednotliv\u00fdch \u010dlensk\u00fdch arm\u00e1d NATO. Na Librosu pro n\u011b p\u0159ipravili celden\u00ed program nab\u00fdt\u00fd p\u0159edev\u0161\u00edm t\u00edm nejdycht\u011bv\u011bji o\u010dek\u00e1van\u00fdm praktick\u00fdmi j\u00edzdami. Nach\u00e1z\u00edme se v ostrav\u011b na Librosu, kde mnozi \u0159idi\u010di zkou\u0161\u00ed a testuj\u00ed sv\u00e9 dokonalosti v \u0159\u00edzen\u00ed vozidel a dneska je v\u00fdjime\u010dn\u00fd den, kdy p\u0159ijeli zahrani\u010dn\u00ed arm\u00e1dy testovat pr\u00e1v\u011b na tenhle poligon j\u00edzdu z r\u016f\u010dnosti. \u010cek\u00e1me, \u017ee tady p\u0159ijede mise reprezentant\u016f N\u011bmecka, Slovinska a dal\u0161\u00edch zem\u00ed, kte\u0159\u00ed si vyzkou\u0161ej\u00ed kurs bezpe\u010dn\u00e9 j\u00edzdy pro \u0159idi\u010de arm\u00e1dy. Uk\u00e1zkov\u00fd kurs se v\u0161im v\u0161udy, tak jak tady tyhle voj\u00e1chy cvi\u010d\u00edme b\u011b\u017en\u011b, budou moci si vyzkou\u0161et novou techniku, star\u0161\u00ed techniku, b\u011b\u017enou techniku, asfaltov\u00fd poligon, technicko-ter\u00e9nn\u00ed poligon, v\u0161echny simul\u00e1tory, trena\u017eery. P\u0159i\u0161li jsme se hlavn\u011b dozv\u011bd\u011bt, co nejv\u00edc o va\u0161ich vozidlech, vyzkou\u0161et si poligon a z\u00edskat nov\u00e9 zku\u0161enosti, kter\u00e9 v budoucnu upot\u0159eb\u00edme. O\u010dek\u00e1v\u00e1m a t\u011b\u0161\u00edm se, \u017ee si n\u011bkter\u00e9 z t\u011bch novinek s\u00e1m prakticky vyzkou\u0161\u00edm. T\u011b\u0161\u00edm se samoz\u0159ejm\u011b, je to pro m\u011b asi n\u011bco jin\u00e9ho, ne\u017e to, co d\u011bl\u00e1m moment\u00e1ln\u011b. I zn\u00e1m takov\u00e9to kurzy a takov\u00e9to j\u00edzdky, zn\u00e1m to s vojensk\u00fdmi autami, jak s civiln\u00edmi, tak jsem zv\u011bdav\u00fd, co na m\u011b p\u0159ijde tady. Technika je drah\u00e1, \u0159idi\u010di v tomto p\u0159\u00edpad\u011b, voj\u00e1ci mus\u00ed plnit sv\u00e9 \u00fakoly a mus\u00ed s tou technikou v\u017edy dojet na to m\u00edsto ur\u010den\u00ed, \u010dili m\u011bl by to zaj\u00edmat \u00fapln\u011b v\u0161echny. J\u00e1 bych pop\u0159\u00e1l v\u0161em, kte\u0159\u00ed tady dneska budou jezdit, z zahrani\u010dn\u00edch i na\u0161ich voj\u00e1k\u016f, aby si vzali to nejlep\u0161\u00ed, co m\u016f\u017eou potom do toho sv\u00e9ho \u017eivota. A pop\u0159\u00e1l jim hlavn\u011b mnoho \u00fasp\u011bch\u016f p\u0159i \u0159\u00edzen\u00ed slu\u017eebn\u00edch vozidel, ale taky i v tom osobn\u00edm \u017eivot\u011b.","nbla_serie":"","nbla_season":"","nbla_episode":"","nbla_duration":"143.84","nbla_genre":"","nbla_editorial_format":"","nbla_mtime":"1697217572","nbla_url":"https:\/\/origin.a11.cz\/vod\/6evcl6ydx45rshvcz0yceqftj.mp4","nbla_version":"1697217572","nbla_odvysilano":"Ano","bunny_id":"83fdc2b2-e2ec-44b2-b3a2-7d7120d99a10","youtube_id":"","datum_vydani":"20231013","stopaz":"143.84","dokument":[],"video_to":["12133"]},"_links":{"self":[{"href":"https:\/\/tv.a11.cz\/api\/wp\/v2\/video\/12092","targetHints":{"allow":["GET"]}}],"collection":[{"href":"https:\/\/tv.a11.cz\/api\/wp\/v2\/video"}],"about":[{"href":"https:\/\/tv.a11.cz\/api\/wp\/v2\/types\/video"}],"author":[{"embeddable":true,"href":"https:\/\/tv.a11.cz\/api\/wp\/v2\/users\/8"}],"wp:featuredmedia":[{"embeddable":true,"href":"https:\/\/tv.a11.cz\/api\/wp\/v2\/media\/12132"}],"wp:attachment":[{"href":"https:\/\/tv.a11.cz\/api\/wp\/v2\/media?parent=12092"}],"wp:term":[{"taxonomy":"category","embeddable":true,"href":"https:\/\/tv.a11.cz\/api\/wp\/v2\/categories?post=12092"},{"taxonomy":"porad","embeddable":true,"href":"https:\/\/tv.a11.cz\/api\/wp\/v2\/porad?post=12092"},{"taxonomy":"region","embeddable":true,"href":"https:\/\/tv.a11.cz\/api\/wp\/v2\/region?post=12092"},{"taxonomy":"kategorie","embeddable":true,"href":"https:\/\/tv.a11.cz\/api\/wp\/v2\/kategorie?post=12092"}],"curies":[{"name":"wp","href":"https:\/\/api.w.org\/{rel}","templated":true}]}}