{"id":12088,"date":"2023-10-13T19:16:45","date_gmt":"2023-10-13T17:16:45","guid":{"rendered":"https:\/\/tv.a11.cz\/?post_type=video&#038;p=12088"},"modified":"2023-10-16T19:50:47","modified_gmt":"2023-10-16T17:50:47","slug":"novy-kalendar-chebu-vytvorili-mistni-fotografove","status":"publish","type":"video","link":"https:\/\/tv.a11.cz\/video\/novy-kalendar-chebu-vytvorili-mistni-fotografove\/","title":{"rendered":"Nov\u00fd kalend\u00e1\u0159 Chebu vytvo\u0159ili m\u00edstn\u00ed fotografov\u00e9"},"content":{"rendered":"","protected":false},"excerpt":{"rendered":"<p>Nov\u00fd stoln\u00ed kalend\u00e1\u0159 pro rok 2024 m\u011bsta Chebu je na sv\u011bt\u011b. Ve \u010dtvrtek 5. \u0159\u00edjna se proto v Kulturn\u00edm centru Svoboda konala vernis\u00e1\u017e za \u00fa\u010dasti v\u011bt\u0161iny jeho autor\u016f. <\/p>\n","protected":false},"author":8,"featured_media":12192,"template":"","categories":[17,157],"porad":[],"region":[130,54],"kategorie":[],"class_list":["post-12088","video","type-video","status-publish","has-post-thumbnail","hentry","category-domaci","category-zpravy","region-chebsko","region-karlovarsky-kraj"],"acf":[],"meta_box":{"nbla_idec":"N2302132","nbla_title":"Nov\u00fd kalend\u00e1\u0159 Chebu vytvo\u0159ili m\u00edstn\u00ed fotografov\u00e9","nbla_subtitle":"","nbla_summary":"","nbla_description":"","nbla_transcription":"Nov\u00fd stoln\u00ed kalend\u00e1\u0159 pro rok 2024 m\u011bsta Chebu je na sv\u011bt\u011b. Ve \u010dtvrtek 5. \u0159\u00edjna se proto v Kulturn\u00edm centru svoboda konala vernis\u00e1\u017e za \u00fa\u010dasti v\u011bt\u0161iny jeho autor\u016f. Do publikace, kter\u00e1 vych\u00e1z\u00ed od roku 2006, p\u0159isp\u011bly zdej\u0161\u00ed fotografov\u00e9 z v\u011bt\u0161\u00ed \u010d\u00e1sti amat\u00e9r\u0161t\u00ed. M\u016f\u017ee za to pan Tom\u00e1\u0161 Ivani\u010d, kter\u00fd si velmi chv\u00e1lil spolupr\u00e1ci na soci\u00e1ln\u00edch s\u00edt\u00edch a na m\u011bstsk\u00e9m Instagramu, \u017ee tam lid\u00e9 pos\u00edlej\u00ed kr\u00e1sn\u00e9 fotografie a \u017ee by bylo mo\u017en\u00e1 p\u011bkn\u00e9 je vyu\u017e\u00edt a tak jsme p\u0159i\u0161li k tomu kalend\u00e1\u0159i a tak se to vlastn\u011b narodilo ta my\u0161lenka. Administr\u00e1to\u0159i projektu museli vyselektovat 53 sn\u00edmk\u016f z obrovsk\u00e9ho mno\u017estv\u00ed fotografi\u00ed. Vyb\u00edrali jsme ty, kter\u00e9 nejl\u00e9pe prezentuj\u00ed m\u011bsto, kter\u00e9 se daj\u00ed za\u0159adit do n\u011bjak\u00e9ho ro\u010dn\u00edho obdob\u00ed, aby tam byla jaksi p\u0159ehl\u00eddka jaro, l\u00e9to, podzim, zima a t\u011bch fotografi\u00ed bylo celkem kolem p\u011bti tis\u00edc, tak\u017ee jsme se zapotili. Vernis\u00e1\u017e kalend\u00e1\u0159e, jen\u017e vych\u00e1z\u00ed v n\u00e1kladu 700 kus\u016f, byla iniciov\u00e1na jako pod\u011bkov\u00e1n\u00ed v\u0161em z\u00fa\u010dastn\u011bn\u00fdm. Osobn\u011b tak\u00e9 p\u0159i\u0161li autory pozdravit z\u00e1stupci m\u011bsta v \u010dele se starostou Janem Vrbou. Fotografov\u00e9 dostali mal\u00e9 pozornosti a m\u011bli mo\u017enost si spole\u010dn\u011b pobesedovat nad sklenkou sektu \u010cik\u00e1vy. Do publikace, kterou lze zakoupit za 140 korun v m\u00edstn\u00edm infocentru, p\u0159isp\u011bli Jan Burj\u00e1nek, M\u00e1ria Cibov\u00e1, Ana Dleskov\u00e1, Petr Dolej\u0161, Marek Dra\u017ean, Milo\u0161 Gabriel, Tom\u00e1\u0161 Hlav\u00e1\u010d, Radek Kala\u0161ov\u00e1, Sebastian Klimt, Miroslav N\u011bmec, Lubo\u0161 Stiburek, Martin Stola\u0159, Lubom\u00edr \u0160makal, Daniel T\u0159e\u010dek, Igor Voska a Lubom\u00edr Zrna.","nbla_serie":"","nbla_season":"","nbla_episode":"","nbla_duration":"117.12","nbla_genre":"","nbla_editorial_format":"","nbla_mtime":"1697216993","nbla_url":"https:\/\/origin.a11.cz\/vod\/9ndcsef02895hkh9e4ilblx0y.mp4","nbla_version":"1697216993","nbla_odvysilano":"Ano","bunny_id":"92274c04-c710-41eb-bb6e-1cfef81f1f38","youtube_id":"","datum_vydani":"20231013","stopaz":"117.12","dokument":[],"video_to":["12193"]},"_links":{"self":[{"href":"https:\/\/tv.a11.cz\/api\/wp\/v2\/video\/12088","targetHints":{"allow":["GET"]}}],"collection":[{"href":"https:\/\/tv.a11.cz\/api\/wp\/v2\/video"}],"about":[{"href":"https:\/\/tv.a11.cz\/api\/wp\/v2\/types\/video"}],"author":[{"embeddable":true,"href":"https:\/\/tv.a11.cz\/api\/wp\/v2\/users\/8"}],"wp:featuredmedia":[{"embeddable":true,"href":"https:\/\/tv.a11.cz\/api\/wp\/v2\/media\/12192"}],"wp:attachment":[{"href":"https:\/\/tv.a11.cz\/api\/wp\/v2\/media?parent=12088"}],"wp:term":[{"taxonomy":"category","embeddable":true,"href":"https:\/\/tv.a11.cz\/api\/wp\/v2\/categories?post=12088"},{"taxonomy":"porad","embeddable":true,"href":"https:\/\/tv.a11.cz\/api\/wp\/v2\/porad?post=12088"},{"taxonomy":"region","embeddable":true,"href":"https:\/\/tv.a11.cz\/api\/wp\/v2\/region?post=12088"},{"taxonomy":"kategorie","embeddable":true,"href":"https:\/\/tv.a11.cz\/api\/wp\/v2\/kategorie?post=12088"}],"curies":[{"name":"wp","href":"https:\/\/api.w.org\/{rel}","templated":true}]}}