{"id":12085,"date":"2023-10-13T19:12:17","date_gmt":"2023-10-13T17:12:17","guid":{"rendered":"https:\/\/tv.a11.cz\/?post_type=video&#038;p=12085"},"modified":"2023-10-13T21:09:24","modified_gmt":"2023-10-13T19:09:24","slug":"na-mirovem-namesti-v-litomericich-budou-podzemni-kontejnery","status":"publish","type":"video","link":"https:\/\/tv.a11.cz\/video\/na-mirovem-namesti-v-litomericich-budou-podzemni-kontejnery\/","title":{"rendered":"Na M\u00edrov\u00e9m n\u00e1m\u011bst\u00ed v Litom\u011b\u0159ic\u00edch budou podzemn\u00ed kontejnery"},"content":{"rendered":"","protected":false},"excerpt":{"rendered":"<p>V centru Litom\u011b\u0159ic budou podzemn\u00ed kontejnery, a to p\u0159\u00edmo v m\u011bstsk\u00e9 pam\u00e1tkov\u00e9 rezervaci na M\u00edrovem n\u00e1m\u011bst\u00ed. Ve\u0159ejnost se nemus\u00ed ni\u010deho ob\u00e1vat. Vzhled kontejner\u016f bude p\u0159izp\u016fsoben lokalit\u011b.<\/p>\n","protected":false},"author":8,"featured_media":12126,"template":"","categories":[17,223,157],"porad":[],"region":[93,63],"kategorie":[],"class_list":["post-12085","video","type-video","status-publish","has-post-thumbnail","hentry","category-domaci","category-ekologie","category-zpravy","region-litomericko","region-ustecky-kraj"],"acf":[],"meta_box":{"nbla_idec":"N2303310","nbla_title":"Na M\u00edrov\u00e9m n\u00e1m\u011bst\u00ed v Litom\u011b\u0159ic\u00edch budou podzemn\u00ed kontejnery","nbla_subtitle":"","nbla_summary":"","nbla_description":"","nbla_transcription":"V centru Litom\u011b\u0159ic budou podzemn\u00ed kontejnery a to p\u0159\u00edmo v m\u011bstsk\u00e9 pam\u00e1tkov\u00e9 rezervaci na m\u00edrovem n\u00e1m\u011bst\u00ed. Ve\u0159ejnost se ale nemus\u00ed ni\u010deho ob\u00e1vat, vzhled kontejner\u016f bude toti\u017e usp\u016fsoben lokalit\u011b. M\u011blo by to b\u00fdt ud\u011bl\u00e1no tak, aby to vlastn\u011b zapadlo vizu\u00e1ln\u011b do podoby toho n\u00e1m\u011bst\u00ed a mysl\u00edm si, \u017ee to je naprosto ozvyk. J\u00e1 to p\u0159irovn\u00e1v\u00e1m k tomu, \u017ee lid\u00e9 si zvykli, \u017ee na n\u00e1m\u011bst\u00ed jsou parkovac\u00ed automaty, vlastn\u011b nikomu nevad\u00ed, beru to u\u017e jako p\u0159irozenou sou\u010d\u00e1st t\u00e9to ve\u0159ejn\u00e9ho prost\u0159anstv\u00ed a ty velkou objov\u00e9 kontejnery. V podstat\u011b je to, ta nadzemn\u00ed \u010d\u00e1st je vlastn\u011b ekvivalent parkovac\u00edho automatu, kter\u00fd bude pouze je\u0161t\u011b ni\u017e\u0161\u00ed. Tak\u017ee si mysl\u00edm, \u017ee je to pouze o to, \u017ee lidi si mo\u017en\u00e1 pod t\u00edm p\u0159edstavuj\u00ed, \u017ee to je n\u011bco velk\u00e9ho, \u017ee to bude hro\u0161iv\u00fd, ale za m\u011b si mysl\u00edm, \u017ee naopak stejn\u011b tak, jako si zvykli na ve\u0159ejn\u00e9 osv\u011btlen\u00ed, mal\u00e9 odpadkov\u00e9 ko\u0161e na dopravn\u00ed zna\u010dky, na zaparkovan\u00e9 auta, tak stejn\u011b tak za m\u011bs\u00edc u\u017e nebudou vn\u00edmat, \u017ee tam ty kontejnery v\u016fbec jsou. S podzemn\u00edmi kontejnery na M\u00edrov\u00e9m n\u00e1m\u011bst\u00ed nakonec souhlasil i N\u00e1rodn\u00ed pam\u00e1tkov\u00fd \u00fastav. Existuj\u00ed toti\u017e pozitivn\u00ed p\u0159\u00edklady z jin\u00fdch m\u011bst, ve kter\u00fdch u\u017e kontejnerov\u00e1 st\u00e1n\u00ed v pam\u00e1tkov\u00e9 rezervaci jsou a historick\u00fd r\u00e1s m\u011bsta nijak nenaru\u0161uj\u00ed. Podzemn\u00ed kontejnery na n\u00e1m\u011bst\u00ed maj\u00ed nap\u0159\u00edklad v \u010cesk\u00e9m Krunov\u011b, v P\u00edsku, v Olomouci a v\u011bt\u0161in\u011b. Vlastn\u011b v mnoha m\u011bstech, kter\u00e9 jsou pam\u00e1tkovou rezervac\u00ed, tak p\u0159\u00edmo v historick\u00fdch centrech tyto velkob\u011bmov\u00e9 kontejnery jsou. A naopak i ze stran pracovn\u00edk\u016f pam\u00e1tkov\u00e9 p\u00e9\u010de jsou preferov\u00e1ny nebo\u0165 vizu\u00e1ln\u011b vypadaj\u00ed l\u00e9pe, ne\u017e kdy\u017e jsou tam se\u0159azeny ty velkob\u011bmov\u00e9 plastov\u00e9 kontejnery, kter\u00e9 vypadaj\u00ed jako vozov\u00e1 hradba, zab\u00edraj\u00ed spousta m\u00edsta a esteticky nejsou nijak p\u011bkn\u00e9. Jak \u010dasto se budou podzemn\u00ed kontejnery na m\u00edrov\u00e9m n\u00e1m\u011bst\u00ed vyv\u00e1\u017eet zat\u00edm nen\u00ed jasn\u00e9. \u010cetnost svozu ur\u010d\u00ed a\u017e samotn\u00fd provoz. Prostor je monitorov\u00e1n kamerami m\u011bstsk\u00e9 policie a technick\u00e9 slu\u017eby se po\u0159\u00e1dku na n\u00e1m\u011bst\u00ed i d\u00edky jeho turistick\u00e9 atraktivnosti v\u011bnuj\u00ed nadstandardn\u011b. Obdobn\u00e9 kontejnerov\u00e9 st\u00e1n\u00ed se dokon\u010duje tak\u00e9 v Li\u0161kov\u011b ulici. Oproti velkob\u011bmov\u00fdm kontejner\u016fm, t\u011bm stanovi\u0161t\u00edm, jak jsou ob\u010dan\u00e9 zvykl\u00ed, tak jak tady, tak v Li\u0161kov\u011b ulici bude jeden kontejner nav\u00edc na kovy, co\u017e zat\u00edm nebylo, ale vlastn\u011b se uk\u00e1zalo, \u017ee je opravdu velk\u00e9 mno\u017estv\u00ed kovov\u00e9ho odpadu, zejm\u00e9na plechovek a i ob\u010dan\u00e9 volali po tom, \u017ee ty sou\u010dasn\u00e9 kontejnery jsou nedosta\u010duj\u00edc\u00ed, \u017ee jsou ulice brzo zapln\u011bn\u00e9, tak te\u010fka u\u017e p\u0159istupujeme k tomu, \u017ee i vlastn\u011b ty velkob\u011bmov\u00e9 kontejnery d\u011bl\u00e1me na kov a kde to bude, tak bychom to r\u00e1di i roz\u0161\u00ed\u0159ili u t\u011bch st\u00e1vaj\u00edc\u00edch. M\u011bsto p\u016fvodn\u011b zva\u017eovalo um\u00edst\u011bn\u00ed podzemn\u00edho st\u00e1n\u00ed v centru do n\u011bkter\u00e9 z p\u0159ilehl\u00fdch ulic pobl\u00ed\u017e n\u00e1m\u011bst\u00ed, to v\u0161ak nebylo technicky mo\u017en\u00e9 kv\u016fli nedostate\u010dn\u00e9mu manipula\u010dn\u00edmu prostoru, kter\u00fd je nutn\u00fd pro v\u00fdvoz odpadu nebo kv\u016fli in\u017een\u00fdrsk\u00fdm s\u00edt\u00edm.","nbla_serie":"","nbla_season":"","nbla_episode":"","nbla_duration":"210.16","nbla_genre":"","nbla_editorial_format":"","nbla_mtime":"1697216579","nbla_url":"https:\/\/origin.a11.cz\/vod\/02e6y9tctjf8m3auk30mmboke.mp4","nbla_version":"1697216579","nbla_odvysilano":"Ano","bunny_id":"6e7211f9-66a4-4a52-993d-d42adb44bd52","youtube_id":"","datum_vydani":"20231013","stopaz":"210.16","dokument":[],"video_to":["12127"]},"_links":{"self":[{"href":"https:\/\/tv.a11.cz\/api\/wp\/v2\/video\/12085","targetHints":{"allow":["GET"]}}],"collection":[{"href":"https:\/\/tv.a11.cz\/api\/wp\/v2\/video"}],"about":[{"href":"https:\/\/tv.a11.cz\/api\/wp\/v2\/types\/video"}],"author":[{"embeddable":true,"href":"https:\/\/tv.a11.cz\/api\/wp\/v2\/users\/8"}],"wp:featuredmedia":[{"embeddable":true,"href":"https:\/\/tv.a11.cz\/api\/wp\/v2\/media\/12126"}],"wp:attachment":[{"href":"https:\/\/tv.a11.cz\/api\/wp\/v2\/media?parent=12085"}],"wp:term":[{"taxonomy":"category","embeddable":true,"href":"https:\/\/tv.a11.cz\/api\/wp\/v2\/categories?post=12085"},{"taxonomy":"porad","embeddable":true,"href":"https:\/\/tv.a11.cz\/api\/wp\/v2\/porad?post=12085"},{"taxonomy":"region","embeddable":true,"href":"https:\/\/tv.a11.cz\/api\/wp\/v2\/region?post=12085"},{"taxonomy":"kategorie","embeddable":true,"href":"https:\/\/tv.a11.cz\/api\/wp\/v2\/kategorie?post=12085"}],"curies":[{"name":"wp","href":"https:\/\/api.w.org\/{rel}","templated":true}]}}