{"id":12079,"date":"2023-10-13T18:12:11","date_gmt":"2023-10-13T16:12:11","guid":{"rendered":"https:\/\/tv.a11.cz\/?post_type=video&#038;p=12079"},"modified":"2023-10-13T20:51:31","modified_gmt":"2023-10-13T18:51:31","slug":"a11-zpravy-patek-13-10-2023","status":"publish","type":"video","link":"https:\/\/tv.a11.cz\/video\/a11-zpravy-patek-13-10-2023\/","title":{"rendered":"Hlavn\u00ed zpr\u00e1vy p\u00e1tek 13.10. 2023"},"content":{"rendered":"","protected":false},"excerpt":{"rendered":"<p>A11 se zam\u011b\u0159\u00ed na svou tvorbu a roz\u0161i\u0159ov\u00e1n\u00ed portfolia &#8211; Mu\u017e na \u010dty\u0159kolce uj\u00ed\u017ed\u011bl policii v Brn\u011b &#8211; Vesel\u00ed nad Moravou dokon\u010dilo dal\u0161\u00ed \u010d\u00e1st reziden\u010dn\u00edho projektu &#8211; Kladensko roz\u0161i\u0159uje cyklostezky<\/p>\n","protected":false},"author":8,"featured_media":12117,"template":"","categories":[17,157],"porad":[212],"region":[218],"kategorie":[],"class_list":["post-12079","video","type-video","status-publish","has-post-thumbnail","hentry","category-domaci","category-zpravy","porad-hlavni-zpravy-a11","region-cela-cr"],"acf":[],"meta_box":{"nbla_idec":"A2300122","nbla_title":"A11 Zpr\u00e1vy","nbla_subtitle":"P\u00e1tek 13.10. 2023","nbla_summary":"Zpravodajstv\u00ed A11 ze v\u0161ech kout\u016f \u010cesk\u00e9 republiky","nbla_description":"","nbla_transcription":"Kr\u00e1sn\u00fd ve\u010der pr\u00e1v\u011b za\u010d\u00ednaj\u00ed A11 zpr\u00e1vy, u kter\u00fdch v\u00e1s v\u00edt\u00e1 Tereza Jel\u00ednkov\u00e1. Medi\u00e1ln\u00ed d\u016fm A11 uspo\u0159\u00e1dal ve\u010d\u00edrek pro sv\u00e9 obchodn\u00ed partnery v centru Prahy. P\u0159edstavil na n\u011bm sv\u00e9 pl\u00e1novan\u00e9 c\u00edle pro nadch\u00e1zej\u00edc\u00ed rok 2024. Host\u00e9 se krom\u011b pl\u00e1n\u016f a novinek m\u011bli \u0161anci sezn\u00e1mit i s tv\u00e1\u0159emi televize A11. Vlastn\u00ed televizn\u00ed tvorba, propojov\u00e1n\u00ed printov\u00e9 a televizn\u00ed divize. To je jen \u010d\u00e1st pl\u00e1n\u016f medi\u00e1ln\u00ed skupiny A11, kter\u00e9 na ve\u010d\u00edrku pro obchodn\u00ed partnery v restauraci Losteria v ned\u00e1vno dokon\u010den\u00e9m komplexu Masary\u010dka u Masarykova n\u00e1dra\u017e\u00ed, prozradil jej\u00ed majitel Ale\u0161 Zavoral. Chceme je\u0161t\u011b posyvat printov\u00e9 divize a chceme tu televize d\u011blat lep\u0161\u00ed a lep\u0161\u00ed, aby ta programov\u00e1 struktura se po\u0159\u00e1d lep\u0161ila a zlep\u0161ovala. Jedn\u00edm z titul\u016f, kter\u00e9 roz\u0161\u00ed\u0159\u00ed portfolio ti\u0161t\u011bn\u00fdch magaz\u00edn\u016f medi\u00e1ln\u00edho domu A11, je \u010dasopis Harmonie. Jedin\u00fd titul na \u010desk\u00e9m trhu, kter\u00fd se ji\u017e 30 let v\u011bnuje klasick\u00e9 hudb\u011b a world music. Ten se za\u010dlen\u00ed do portfolia pr\u00e9miov\u00fdch titul\u016f CEO, Estate &amp; Business, Lawyers &amp; Business, Profi HR nebo Profi Medicina. Ten pr\u00e9miov\u00fd tisk se n\u00e1m zase zvedne o jeden exkluzivn\u00ed \u010dasopis, kter\u00fd v\u011b\u0159\u00edme, \u017ee bude \u00fasp\u011b\u0161n\u00fd a on je \u010dten\u00e1rsk\u00fd \u00fasp\u011b\u0161n\u00fd. To potvrduje svou dobu, co vych\u00e1z\u00ed. Krom\u011b p\u0159\u00edle\u017eitosti dozv\u011bd\u011bt se v\u00edce o pl\u00e1nech medi\u00e1ln\u00ed skupiny pro rok 2024, nab\u00eddl ve\u010d\u00edrek i \u0161anci setkat se s tv\u00e1\u0159emi televize A11. Krom\u011b moder\u00e1tor\u016f Bary Hlav\u00e1\u010dkov\u00e9, Bary Fi\u0161erov\u00e9, Jana Anton\u00edna Duchoslava, vrtuln\u00edka Majkla V\u00fd nebo re\u017eis\u00e9ra Tom\u00e1\u0161e Magnuska, dorazil i tv\u016frce jednoho z div\u00e1cky nej\u00fasp\u011b\u0161n\u011bj\u0161\u00edch po\u0159ad\u016f Pozor vlak Ji\u0159\u00ed Dlabaja. Dobrou zpr\u00e1vou pro fanou\u0161ky tohoto po\u0159adu je, \u017ee z obrazovky jen tak nezmiz\u00ed. My v tuhle chv\u00edli pracujeme asi 12 let, m\u00e1me pro n\u00e1s 128. d\u00edl, ale pro v\u00e1s je to mysl\u00edm n\u011bjak\u00fd 8. 9. d\u00edl, proto\u017ee jsme tady vlastn\u011b na A11 scenov\u00fd \u00fapln\u011b a my vydr\u017e\u00edme, pokud vy vydr\u017e\u00edte, tak my vydr\u017e\u00edme. Televize A11 se nyn\u00ed programov\u011b op\u00edr\u00e1 o kombinaci vlastn\u00ed produkce vych\u00e1zej\u00edc\u00ed ze spolupr\u00e1ce s pr\u00e9miov\u00fdmi a lifestyleov\u00fdmi ti\u0161t\u011bn\u00fdmi tituly. V roce 2024 bude televize A11 stav\u011bt na rozv\u00edjen\u00ed zpravodajstv\u00ed, publicistiky a vlastn\u00ed tvorby, ve kter\u00e9 si v\u00fdznamn\u00e9 m\u00edsto na\u0161la podve\u010dern\u00ed \u017eiv\u011b nat\u00e1\u010den\u00e1 show Dobr\u00fd ve\u010der z A11. Medi\u00e1ln\u00ed d\u016fm pl\u00e1nuje pokra\u010dovat tak\u00e9 v rozvoji pr\u00e9miov\u00e9ho segmentu. Ned\u00e1vn\u00e1 akvizice Hudebn\u00edho \u010dasopisu Harmonie dokazuje, \u017ee je pro n\u011bj segment pr\u00e9miov\u00fdch titul\u016f mimo\u0159\u00e1dn\u011b d\u016fle\u017eit\u00fd. Pro televizi A11 B\u00e1ra \u0160tanglov\u00e1. V divokou honi\u010dku se zm\u011bnil pokus o policejn\u00ed kontrolu rychle jedouc\u00ed \u010dty\u0159kolky v Brn\u011b. Zdrogovan\u00fd \u0159idi\u010d se nebezpe\u010dn\u011b \u0159\u00eddil ulicemi Brna. Hl\u00eddka si mu\u017ee v\u0161imla v Porgesov\u011b ulici. \u0158idi\u010di hroz\u00ed a\u017e dva roky v\u011bzen\u00ed. V Brn\u011b se odehr\u00e1la \u0161\u00edlen\u00e1 honi\u010dka. P\u0159\u00edmo v t\u011bchto m\u00edstech pro n\u00e1s jedovali brn\u011bn\u0161t\u00ed policist\u00e9 nenapraviteln\u00e9ho recidivistu, kter\u00fd se jim pokusil ujet na \u010dty\u0159kolce. Rychl\u00e9 j\u00edzdy m\u016f\u017ee na \u010dty\u0159kolce si v\u0161imli policist\u00e9 v brn\u011bnsk\u00e9 Porgesov\u011b ulici. Za husovick\u00fdm tunelem si hl\u00eddky v\u0161imne i recidivista, kter\u00fd p\u0159id\u00e1v\u00e1 plyn a sna\u017e\u00ed se ujet. Za\u010d\u00edn\u00e1 honi\u010dka. N\u011bkter\u00e9 k\u0159i\u017eovatky proj\u00ed\u017ed\u00ed na \u010dervenou, zat\u00e1\u010dky bere doslova smykem. Ve\u0161ker\u00e1 snaha zmizet policist\u016fm zohledu je v\u0161ak marn\u00e1. Do ulic vyr\u00e1\u017e\u00ed hned n\u011bkolik policejn\u00edch hl\u00eddek. Jede v cyklotestu, tak jak je kone\u010dn\u00e1 \u0161alin, tak d\u00e1l potom, nejel na most a jel kone\u010dnou \u0161alinu. Zakr\u00e1tko uji\u017ed\u011bn\u00ed kon\u010d\u00ed pobl\u00ed\u017e zast\u00e1vky Babick\u00e1 u tramvajov\u00e9 smy\u010dky, kde mu\u017e ve vysok\u00e9 rychlosti nezvl\u00e1d\u00e1 \u0159\u00edzen\u00ed a naj\u00ed\u017ed\u00ed se \u010dty\u0159kolkou na chodn\u00edk. Po zb\u011bsil\u00e9 j\u00edzd\u011b mu\u017ei na \u010dty\u0159kolce z\u016fst\u00e1vaj\u00ed na m\u00edst\u011b je\u0161t\u011b stopy od preumatik. Jedin\u00e9 \u0161t\u011bst\u00ed, \u017ee cel\u00e1 ud\u00e1lost se odehr\u00e1la v no\u010dn\u00edch hodin\u00e1ch, kdy tady byl minim\u00e1ln\u00ed provoz. Policist\u00e9 zjistili, \u017ee se jedn\u00e1 o nenapraviteln\u00e9ho \u0159\u00ed\u0161n\u00edka. P\u0159echvapen\u00edm pro n\u011b nebylo zji\u0161t\u011bn\u00ed, \u017ee hazard\u00e9r nem\u011bl za \u0159\u00edd\u00edtky, co pohled\u00e1vat. M\u011bl pozitivn\u00ed test nad ruky, z\u00e1kaz \u0159\u00edzen\u00ed a\u017e do roku 2025 a na stroji m\u011bl um\u00edst\u011bnou ciziregistra\u010dn\u00ed zna\u010dku. Tu v\u00fdm\u011bnil po jin\u00e9m uji\u017ed\u011bn\u00ed, aby zm\u00e1til policisty. Policist\u00e9 nenapraviteln\u00e9mu recidivistovi \u010dty\u0159kolku ot\u00e1hli, tomu hroz\u00ed st\u00edh\u00e1n\u00ed a pobyt ve v\u011bzen\u00ed. Zvrn\u00e1 pro televizi A11 Ji\u0159\u00ed V\u00fdner. Rada Karlovarsk\u00e9ho kraje budou jednat o zm\u011bn\u011b z\u00e1kona v rozpo\u010dtu dan\u00ed. Je to reakce na nerovnom\u011brn\u00e9 rozd\u011blen\u00ed financ\u00ed a aktu\u00e1ln\u00ed vl\u00e1dou chystan\u00e9 \u0161et\u0159en\u00ed. D\u00edky nov\u00e9mu navrhu by kraj mohl z\u00edskat finan\u010dn\u00ed nav\u00ed\u0161en\u00ed a\u017e 716 milion\u016f korun ro\u010dn\u011b. Rada Karlovarsk\u00e9ho kraje schv\u00e1lila z\u00e1konod\u00e1rnou iniciativu, kter\u00e1 navrhuje zm\u011bny z\u00e1kona o rozpo\u010dtov\u00e9m ur\u010den\u00ed dan\u00ed. Reaguje se t\u00edm nejen na p\u016fvodn\u00ed, podle kraje, nerovnom\u011brn\u00e9 nastaven\u00ed financ\u00ed, ale tak\u00e9 na aktu\u00e1ln\u00ed vl\u00e1dou chystan\u00e9 \u0161et\u0159en\u00ed. V asociaci kraj\u016f ji\u017e t\u00e9m\u011b\u0159 t\u0159i roky b\u011b\u017e\u00ed diskuze nad vyrovn\u00e1n\u00edm t\u011bch, \u0159ekn\u011bme, nespravedliv\u011b nastaven\u00fdch parametr\u016f pro jednotliv\u00e9 kraje. My jsme se u\u017e dobrali ve v\u011bt\u0161inov\u00e9 schod\u011b \u0159e\u0161en\u00ed, kter\u00e9 jsme navrhli ministerstvu financ\u00ed, kter\u00e9 by upravovalo rozpo\u010dtov\u00e9 ur\u010den\u00ed dan\u00ed jednak nav\u00ed\u0161en\u00edm procenta ze zd\u00edlen\u00fdch dan\u00ed a jednak zakotven\u00ed toho p\u0159\u00edsp\u011bvku, kter\u00fd dnes b\u011b\u017e\u00ed ze st\u00e1tn\u00edho fondu dopravn\u00ed infrastruktury a je p\u0159edm\u011btem ka\u017edoro\u010dn\u00edho dohadov\u00e1n\u00ed, tak\u017ee by byl pr\u00e1v\u011b garantov\u00e1n v r\u00e1mci Rudu. Ministerstvo financ\u00ed tento n\u00e1vrh ve fin\u00e1le nep\u0159ijalo a proto my jsme se domluvili s dal\u0161\u00edmi kraji, \u017ee p\u016fjdeme cestou z\u00e1konod\u00e1rn\u00e9 iniciativy, kter\u00fdm bychom tento n\u00e1vrh zm\u011bny krajsk\u00e9ho Rudu pr\u00e1v\u011b poslali do sn\u011bmovny. Samoz\u0159ejm\u011b uvid\u00edme, kolik t\u011bch kraj\u016f bude, j\u00e1 v\u00edm zat\u00edm o \u0161esti, \u017ee to budou schvalovat. Je potom tak\u00e9 p\u0159edm\u011btem jedn\u00e1n\u00ed s vl\u00e1dou, z\u016fstane u z\u00e1konod\u00e1rn\u00e9 iniciativy kraj\u016f anebo si to vl\u00e1da osvoj\u00ed jako sv\u016fj n\u00e1vrh. Podle n\u00e1vrhu by Karlovarsk\u00fd kraj mohl z\u00edskat nav\u00edc v\u00fdznamnou finan\u010dn\u00ed \u010d\u00e1stku. Pokud by to procento ze zd\u00edlen\u00fdch dan\u00ed bylo o to jeden procentn\u00ed bod nav\u00fd\u0161eno, tak pro n\u00e1s by to znamenalo v ro\u010dn\u00edm vypo\u0159\u00e1d\u00e1n\u00ed plus 716 milion\u016f korun. Co\u017e je samoz\u0159ejm\u011b v tom vlastn\u00edm, nikoli pr\u016ftokov\u00e9m rozpo\u010dtu, ale vlastn\u00edm t\u011bch 4 miliardy korun pom\u011brn\u011b v\u00fdrazn\u00fd po\u010din. O p\u0159edlo\u017een\u00ed do legislativn\u00edho procesu budou hlasovat kraj\u0161t\u00ed zastupitel\u00e9 na sv\u00e9m zased\u00e1n\u00ed 23. \u0159\u00edjna. M\u011bsto Vesel\u00fd nad Moravou p\u0159evzalo dal\u0161\u00ed \u010d\u00e1st rezidence Nov\u00e1 Tr\u017enice. Aktu\u00e1ln\u011b dokon\u010den\u00fd objekt obsahuje 15 byt\u016f a 7 zubn\u00edch ordinac\u00ed. Cel\u00e1 stavba by m\u011bla b\u00fdt fin\u00e1ln\u011b hotov\u00e1 do konce tohoto roku. Nejv\u011bt\u0161\u00ed bytov\u00fd projekt posledn\u00ed doby ve Vesel\u00fd nad Moravou se dostal do dal\u0161\u00edho st\u00e1dia. M\u011bsto p\u0159evzalo od zhotovitele druh\u00fd ze t\u0159\u00ed objekt\u016f rezidence Nov\u00e1 Tr\u017enice. Jedn\u00e1 se o budovu ozna\u010denou p\u00edsmenem B, kter\u00e1 le\u017e\u00ed uprost\u0159ed cel\u00e9ho are\u00e1lu. Dnes se ve Vesel\u00fd nad Moravou dost\u00e1v\u00e1me do dvou t\u0159etin realizace projektu rezidence Nov\u00e1 Tr\u017enice. A cht\u011bl bych moc pod\u011bkovat vynikaj\u00edc\u00edmu zhotoviteli spole\u010dnosti PSG Construction za v\u00fdborn\u011b odebranou pr\u00e1ci. Pro na\u0161i spole\u010dnost je tato stavba velk\u00fdm zadostn\u00fdm u\u010den\u011bn\u00edm a to, \u017ee se zde m\u016f\u017eeme sej\u00edt a v term\u00ednech p\u0159ed\u00e1vat d\u00edlo, je v\u017edy radost, i kdy\u017e po\u010das\u00ed n\u00e1m k tomu p\u0159\u00edli\u0161 nep\u0159eje. Budova st\u00e1la necel\u00fdch 100 milion\u016f korun. Nov\u00e9 bydlen\u00ed v n\u00ed najde 15 rodin. \u010c\u00e1st byt\u016f u\u017e m\u00e1 sv\u00e9 majitele, dal\u0161\u00ed bude m\u011bsto pronaj\u00edmat. Rad bych oslovil nebo vyzval v\u0161echny z\u00e1jemci, kte\u0159\u00ed by m\u011bli z\u00e1jem, pronajmouc\u00ed 12 voln\u00fdch byt\u016f v tomto objektu B nebo za mnou se nach\u00e1z\u00edc\u00edm objektu A, aby sledovali internetov\u00e9 str\u00e1nky m\u011bsta, kde jsou podrobn\u00e9 podm\u00ednky ve\u0159ejn\u00e9 sout\u011b\u017een\u00ed. Projekt rezidence Nov\u00e1 Tr\u017enice po\u010d\u00edtal nejen s byty, ale i s ob\u010dansk\u00fdm vybaven\u00edm. Prost\u0159edn\u00ed budovy se u\u017e t\u011b\u0161\u00ed zubn\u00ed l\u00e9ka\u0159i. Aktu\u00e1ln\u011b se nach\u00e1z\u00edme v p\u0159\u00edzem\u00ed toho reziden\u010dn\u00edho objektu B. A v tom cel\u00e9m p\u0159\u00edzem\u00ed se vlastn\u011b nach\u00e1z\u00ed sedm nov\u00fdch subarsk\u00fdch ordinac\u00ed, kter\u00e9, a to bych r\u00e1d zd\u016frozdil, byly soukromou investic\u00ed. Jsem tady jako z\u00e1stupce stomatolog\u016f budouc\u00edch v t\u011bchto prostorech. A na\u0161\u00edm c\u00edlem je od nov\u00e9ho roku zde fungovat. A budeme d\u011blat v\u0161echno pro to, aby od nov\u00e9ho roku jsme mohli zlep\u0161it kapacitu a dostupnosti stomatologick\u00e9 p\u00e9\u010de ve veseji nad Moravou a kol\u00ed. Stavba rezidence pokra\u010duje. Aktu\u00e1ln\u011b se intenzivn\u011b pracuje ve venkovn\u00edch prostorech. V tomto prostoru za objektem A se tuhletu chv\u00edli dokon\u010duje stav\u00edm\u00fd objekt parkovi\u0161t\u011b. Tady by p\u0159ipomn\u011bli, \u017ee se bude jednat o ve\u0159ejn\u00e9 parkovi\u0161t\u011b s celkovou kapacitou 45 parkovac\u00edch m\u00edst, kter\u00e9 budou ji doslou\u017eit. Jednak samoz\u0159ejm\u011b klient\u016fm zdej\u0161\u00edho reziden\u010dn\u00edho prostoru Nov\u00e1 Tr\u017enice, ale i obyvatel\u016fm sidi\u0161t\u011b Chaloupky a v\u016fbec n\u00e1v\u0161t\u011bvn\u00edk\u016fm centra m\u011bsta. Parkovi\u0161t\u011b, ale i t\u0159et\u00ed budova rezidence by podle projektu m\u011bly b\u00fdt hotov\u00e9 do konce tohoto roku. V centru m\u011bsta Vesel\u00fd nad Moravou tak celkov\u011b p\u0159ibude 42 nov\u00fdch byt\u016f v\u0161ech velikost\u00ed. Cyklist\u00e9 na Kladensku a v p\u0159ilehl\u00fdch okresech budou m\u00edt pohodln\u011bj\u0161\u00ed spojen\u00ed. Na nov\u011b otev\u0159enou cyklostesku mezi Dru\u017ecem a Doxy nav\u00e1\u017eou i dal\u0161\u00ed \u00faseky a p\u00e1te\u0159n\u00ed trasy. Nejd\u016fle\u017eit\u011bj\u0161\u00edm spojem bude napojen\u00ed mezi Prahou a Kladnem. Nov\u00e9 a bezpe\u010dn\u00e9 spojen\u00ed mohou naplno vyu\u017e\u00edvat cyklist\u00e9 i p\u011b\u0161\u00ed mezi Dru\u017ecem a Doxy na Kladensku. Cyklosteska vznikla podle st\u00e1vaj\u00edc\u00ed silnice a vede mimo jin\u00e9 po d\u00e1lnici D6. Jej\u00ed p\u0159\u00edprava p\u0159itom nebyla jednoduch\u00e1. P\u0159\u00edprava byla hodn\u011b n\u00e1ro\u010dn\u00e1, proto\u017ee jsme ji p\u0159ipravili p\u011bt let. St\u00e1lo to 8,2 milion\u016f, v\u010detn\u011b DPH, co\u017e je dost. P\u0159ijet do \u010cesk\u00fd kraj se na t\u00e9hle cyklostesce pod\u00edlel finan\u010dn\u00ed \u010d\u00e1stkou zhruba 1,8 milion\u016f korun. Je to \u010d\u00e1stka, kter\u00e1 byla vyplacen\u00e1 z Fondu cyklistick\u00e9 infrastruktury. M\u00e1m radost z toho, \u017ee to vypad\u00e1, \u017ee postup bude stejn\u00fd jako u dal\u0161\u00edch cyklostezek, kter\u00e9 se u\u017e poda\u0159ilo otev\u0159\u00edt a podpo\u0159it z Fondu cyklistick\u00e9 infrastruktury. A to je tedy to, \u017ee na ty cyklostesky pak navazuj\u00ed dal\u0161\u00ed. U\u017e nyn\u00ed DOXY p\u0159ipravuj\u00ed prodlou\u017een\u00ed nov\u00e9 cyklostesky a\u017e ke Karlovarsk\u00e9 silnici a d\u00e1le na Velkou dobrou a do Kladna. Na \u010d\u00e1st z nich u\u017e maj\u00ed zaji\u0161t\u011bn\u00e9 i financov\u00e1n\u00ed a mohou tak sout\u011b\u017eit dodavatele. Strano ov\u0161em nez\u016fst\u00e1v\u00e1, ani dru\u017eec. P\u0159ipravujeme dal\u0161\u00ed cyklostesky na ka\u017edou obec, na Bra\u0161kov, na Doln\u00ed Bezd\u011bkov, na \u017dilinu. A kdy bude m\u00edstn\u00ed s\u00edt pro cyklisty hotov\u00e1? J\u00e1 si to nedovol\u00edm \u0159\u00edct a \u0159eknu do deseti let by snad mohla b\u00fdt. J\u00e1 bych r\u00e1d, kdyby to bylo za dva ruky, ale to je nere\u00e1l. Kraj nav\u00edc p\u0159ipravuje napojen\u00ed mezi Rakovn\u00edkem, K\u0159ivokl\u00e1tem a d\u00e1le na Ni\u017ebor. Sc\u00e9na z\u00e1sadn\u00ed pak bude stavbat cyklostesky na m\u00edst\u011b st\u00e1vaj\u00edc\u00ed \u017eeleznice mezi Kladnem a Prahou. Ur\u010dit\u011b v\u011b\u0159\u00edm, \u017ee jednou se bude napojovat i na tyhle ji\u017e postaven\u00e9 cyklostesky a my u\u017e jsme ji jako st\u0159edo\u010desk\u00fd kraj v n\u011bjak\u00fdch prvotn\u00edch f\u00e1z\u00edch odsouhlasili a te\u010f se vlastn\u011b p\u0159ipravuje projektov\u00e1 dokumentace. Cyklist\u00e9 se tedy od Prahy z\u00e1pad p\u0159es Kladensko a Rakovnicko mohou t\u011b\u0161it na v\u00fdrazn\u00e9 zlep\u0161en\u00ed infrastruktury a tedy na bezpe\u010dn\u00e9 a pohodln\u00e9 propojen\u00ed jednotliv\u00fdch obc\u00ed nejen pro turistiku, ale i ka\u017edodenn\u00ed dopravu nap\u0159\u00edklad do \u0161koly nebo do pr\u00e1ce. Srpnov\u00e9 bou\u0159ky a vych\u0159ice zp\u016fsobily polomy les\u016f v ji\u017en\u00edch \u010cech\u00e1ch. V okol\u00ed m\u011bsta \u010cesk\u00fd Krumlov zanechaly \u0161kody okolo 800 kub\u00edk\u016f. Hlavn\u00edm c\u00edlem lesn\u00edk\u016f bylo zprovozn\u011bn\u00ed cest a odstran\u011bn\u00ed nebezpe\u010dn\u00fdch strom\u016f pro lidi. A postihly \u010ceskou republiku bou\u0159ky a s nimi spojen\u00e9 vych\u0159ice, kter\u00e9 zp\u016fsobily polomy tak\u00e9 v ji\u017en\u00edch \u010cech\u00e1ch. V okol\u00ed m\u011bsta \u010cesk\u00fd Krumlov vznikly \u0161kody n\u011bco okolo 800 kub\u00edk\u016f. Bohu\u017eel v n\u011bkter\u00fdch p\u0159\u00edpadech do\u0161lo k roz\u0161t\u00edp\u00e1n\u00ed kus\u016f, kter\u00e9 by jinak byly zpracov\u00e1ny na pil\u00e1ch. A tato roz\u0161t\u00edpan\u00e1 hmota je vyu\u017eiteln\u00e1 pouze jako palivo pro ob\u010dany nebo pro provozy zpracov\u00e1vaj\u00edc\u00ed tuto m\u00e9n\u011b kvalitn\u00ed hmotu na odst\u0159\u00edzkov\u00e9 desky. Na\u0161t\u011bst\u00ed se nejednalo o plo\u0161n\u00e9 \u0161kody, jsou to jednotliv\u00e9 nebo mal\u00e9 skupinky strom\u016f, kter\u00e9 jsou vyvr\u00e1cen\u00e9, po\u0161kozeny. Bou\u0159e p\u0159i\u0161la o v\u00edkendu a prvn\u00ed pracovn\u00ed \u010dety vyj\u00ed\u017ed\u011bly ji\u017e v ned\u011bli. Lesy m\u011bsta \u010cesk\u00fd Krumlov p\u0159i odkl\u00edzen\u00ed polom\u016f spolupracovaly i se \u017eivnostn\u00edky. To, aby stihly vyvr\u00e1cen\u00e9 stromy odstranit co nejd\u0159\u00edve. Prioritou \u010d\u00edslo jedna pro n\u00e1s bylo zprovozn\u00ed cest a odstran\u011bn\u00ed strom\u016f, kter\u00e9 by byly nebyspe\u010dn\u00e9 pro lidi, to znamen\u00e1 \u010d\u00e1ste\u010dn\u011b vyvr\u00e1cen\u00e9, zav\u011b\u0161en\u00e9 nad cestami, nad lokalitami, kde je zv\u00fd\u0161en\u00fd turistick\u00fd ruch. Potom jsme se posouvali do lokalit d\u00e1le od cest a v sou\u010dasn\u00e9 dob\u011b n\u00e1m je\u0161t\u011b zb\u00fdv\u00e1 \u010das moci zpracovat, ale jedn\u00e1 se o jednotliv\u00e9 v\u00fdvraty le\u017e\u00edc\u00ed nad zemi mimo cesty, kter\u00e9 niko neoro\u017euj\u00ed a z hlediska ochrany lesa v t\u011bchto lokalit\u00e1ch ani nehroz\u00ed napaden\u00ed hmyzn\u00fdmi \u0161k\u016fci a ro\u0161in\u00ed t\u011bchto \u0161k\u016fc\u016f do porost\u016f. Pol\u00e1man\u00e9 stromy byly sk\u00e1ceny motorov\u00fdmi pilami, nebylo tedy pot\u0159eba harvestor\u016f. B\u016f\u0159k\u00e1m a siln\u00e9mu v\u011btru p\u0159edch\u00e1zet nelze, lesn\u00edm polom\u016fm ov\u0161em do jist\u00e9 m\u00edry ano. Hodn\u011b um\u00edst\u011bn\u00fdmi t\u011b\u017ebami, a\u0165 u\u017e orientac\u00ed v\u016f\u010di vl\u00e1daj\u00edc\u00edm v\u011btr\u016fm se tomu d\u00e1 \u010d\u00e1ste\u010dn\u011b zabr\u00e1nit, ale nikdy se nevyhneme tomu, \u017ee se objev\u00ed n\u00e1razov\u00fd v\u00edtr z jin\u00e9ho sm\u011bru, z jak\u00e9ho je ten porost zvykl\u00fd a odoln\u00fd, nebo potom dojde ke kombinaci v\u011bt\u0161\u00edch de\u0161\u0165\u016f, kdy se podm\u00e1\u010d\u00ed p\u016fda, je m\u00e9n\u011b soudr\u017en\u00e1 a ty kok\u0159eny se potom v t\u00e9 p\u016fd\u011b neudr\u017e\u00ed. Srpnov\u00e1 bou\u0159e zp\u016fsobila polomy na cel\u00e9m lesn\u00edm majetku m\u011bsta \u010cesk\u00fd Krumlov. Na\u0161t\u011bst\u00ed se nejednalo o cel\u00e9 \u010d\u00e1sti lesa a v sou\u010dasn\u00e9 dob\u011b byste u\u017e ani nepoznali, ve kter\u00fdch m\u00edstech ke \u0161kod\u011b do\u0161lo. Jedna z nejmodern\u011bj\u0161\u00edch budov v \u010cesk\u00e9 republice byla otev\u0159ena 11. \u0159\u00edjna v Ostrav\u011b. V prostoru mezi Trojhad\u00edm a Novou Karol\u00ednou vyrostl administrativn\u00ed komplex Organica. Tento objekt je v\u00fdjime\u010dn\u00fd nejen sv\u00fdm vzhledem, ale i chytr\u00fdmi technologiemi. Jej\u00ed p\u016fdorys p\u0159ipom\u00edn\u00e1 \u010dty\u0159listou vrtuly s kruhem uprost\u0159ed. Je v n\u00ed p\u0159es 25 tis\u00edc \u010dtvere\u010dn\u00edch metr\u016f, zejm\u00e9na kancel\u00e1\u0159sk\u00fdch ploch. Z v\u011bt\u0161\u00ed \u010d\u00e1sti je bude vyu\u017e\u00edvat IT spole\u010dnost Tieto Evry. N\u00e1m p\u0159in\u00e1\u0161\u00ed, proto\u017ee jsme nejv\u011bt\u0161\u00ed severoevropsk\u00e1 firma, se siln\u00fdm d\u016frazem na ty seversk\u00e9 hodnoty. Mezi n\u011b pat\u0159\u00ed \u017eivotn\u00ed prost\u0159ed\u00ed, jak u\u017e bylo vlastn\u011b dneska zm\u00edn\u011bno n\u011bkolikr\u00e1t. Tato budova je nejzelen\u011bj\u0161\u00ed, to znamen\u00e1 spl\u0148uje z pohledu t\u011bch hodnot, norem a certifikac\u00ed a udr\u017eitelnosti k \u017eivotn\u00edmu prost\u0159ed\u00ed to, co my vy\u017eadujeme jako spole\u010dnost. Ze vnit\u0159 i z ven\u010d\u00ed je objekt prorostl\u00fd zelen\u00ed a d\u00edky fotovoltaick\u00e9 elektr\u00e1rn\u011b na st\u0159e\u0161e i z \u010d\u00e1sti energeticky sob\u011b sta\u010dn\u00ed. Inteligentn\u00ed vzduchotechnika bude pos\u00edlat \u010derstv\u00fd vzduch tam, kde bude pr\u00e1v\u011b pot\u0159eba. Talenst\u00e1 organika padla z vesm\u00edru a j\u00e1 jsem za to velmi r\u00e1d, proto\u017ee je to nad\u010dasov\u00e1 budova, kter\u00e1 spl\u0148uje prvky dne\u0161n\u00edch technologi\u00ed, kter\u00e9 se okolo n\u00e1s tvo\u0159\u00ed, a\u0165 to jsou samoz\u0159ejm\u011b fotovoltaick\u00e9 panely nebo smart syst\u00e9my v r\u00e1mci budov. Vlastn\u00ed aplikace nap\u0159\u00edklad nasm\u011bruj\u00ed \u0159idi\u010de na voln\u00e1 parkovac\u00ed m\u00edsta. Jeden z nejmodern\u011bj\u0161\u00edch dom\u016f u n\u00e1s postavila \u010cesk\u00e1 developersk\u00e1 a investi\u010dn\u00ed spole\u010dnost Kontera. Je to pro n\u00e1s v\u00fdznamn\u00fd projekt, je to prvotn\u00ed po\u010din administrativn\u00edho developmentu pro spole\u010dnost Kontera. M\u00e1m pocit, \u017ee jsme se toho zhostili velmi dob\u0159e a \u017ee jsme to zvl\u00e1dli. V \u010de\u0161em i evropsk\u00e9m kontextu v\u00fdjime\u010dn\u00e1 stavba p\u0159i\u0161la na 1,5 miliardy koruna. Trvala pouh\u00e9 dva roky. U\u017e p\u0159i slavnostn\u00edm otev\u0159en\u00ed bylo pro najeto asi 80% ploch. V tuto chv\u00edli jsou to kancel\u00e1\u0159t\u00ed n\u00e1jemci spole\u010dnosti Every a spole\u010dnost Stora Enzo. Nicm\u00e9n\u011b Organica nen\u00ed jen o nejmodern\u011bj\u0161\u00edch kancel\u00e1\u0159sk\u00fdch prostorech, ale bude nab\u00edzet i prvot\u0159\u00eddn\u00ed slu\u017eby sv\u00fdm u\u017eivatel\u016fm a ostrvan\u016fm. M\u00e1me klienty i kav\u00e1rnu CoCaf\u00e9, fitness centrum Individual Fitness a kant\u00ednu s p\u0159\u00edzna\u010dn\u00fdm n\u00e1zvem Kant\u00edn. V olomouck\u00e9m \u010cerven\u00e9m kostele se p\u0159ed\u00e1vala ocen\u011bn\u00ed. V anket\u011b Srdce nad Lan\u00ed byla ocen\u011bna des\u00edtka lid\u00ed a organizac\u00ed pracuj\u00edc\u00edch v soci\u00e1ln\u00edch slu\u017eb\u00e1ch. Dal\u0161\u00ed vyznamen\u00e1n\u00ed byla p\u0159ed\u00e1na v oblasti cestovn\u00edho ruchu a nejlep\u0161\u00ed \u017e\u00e1kovsk\u00e9 kresby. Nejlep\u0161\u00ed poskytovatel soci\u00e1ln\u00ed slu\u017eby, profesion\u00e1ln\u00ed pracovn\u00edk p\u0159\u00edm\u00e9 p\u00e9\u010de, filantrop nebo cena ve\u0159ejnosti. Toto jsou n\u011bkter\u00e1 ocen\u011bn\u00ed, kter\u00e1 v olomouck\u00e9m \u010cerven\u00e9m kostele obdr\u017eela des\u00edtka osob v anket\u011b Srdce nad Lan\u00ed. Touto cenou kraj pod\u011bkovala lidem a organizac\u00edm pracuj\u00edc\u00edm v soci\u00e1ln\u00edch slu\u017eb\u00e1ch. Do t\u00e9to doby jsme ocen\u011bvali v\u017edycky dva z\u00e1stupce soci\u00e1ln\u00ed oblasti, jednoho profesion\u00e1la a jednoho amat\u00e9ra. Vykonalo se to v\u017edycky jednou na zastupitelstvu, to znamen\u00e1 p\u0159ed zastupitelkami a zastupiteli. Bylo to takov\u00e1 rychl\u00e1 akce a nyn\u00ed se odbor soci\u00e1ln\u00ed rozhodl tomu d\u00e1t tento d\u016fstojn\u011bj\u0161\u00ed a celove\u010dern\u00ed h\u00e1v. My dne\u0161n\u00ed akci, tuto slavnost pova\u017eujeme za vrchol toho t\u00fddne soci\u00e1ln\u00edch slu\u017eeb v olomouck\u00e9m kraji, proto\u017ee jsme ocenili jenom by\u0165 mal\u00fd zlomek t\u011bch, kte\u0159\u00ed by se to zaslou\u017eili, ale ti, kte\u0159\u00ed se to opravdu zaslou\u017e\u00ed a sv\u00fdm celo\u017eivotn\u00edm p\u0159\u00edb\u011bhem a prac\u00ed v soci\u00e1ln\u00ed oblasti d\u011blaj\u00ed obrovsk\u00e9 renom\u00e9 a jsou p\u0159\u00edkladem a inspirac\u00ed pro ty ostatn\u00ed. J\u00e1 jako moc nejsem p\u0159iznivce ocen\u011bn\u00ed, tak\u017ee v\u017edycky si p\u0159ipad\u00e1m takovou, \u017ee nepat\u0159i\u010dn\u011b, \u017ee to ke mn\u011b nepat\u0159\u00ed, ale ocenuji to, \u017ee jin\u00ed jsou ocen\u011bn\u00ed. Jedn\u00edm z ocen\u011bn\u00fdch byl i fotograf a jezdec na handbajku Tom\u00e1\u0161 Hel\u00edsek. Na tu soci\u00e1ln\u00ed sf\u00e9ru se nev\u017edy \u00fapln\u011b mysl\u00ed a i kdy\u017e je to t\u0159eba jenom pomysln\u00e1 cena nebo nem\u00e1 zase takovou v\u00e1hu, tak minim\u00e1ln\u011b to ty lidi pot\u011b\u0161\u00ed a m\u016f\u017ee to vlastn\u011b i nasm\u011bdovat ostatn\u00ed lidi, a\u0165 to jsou politici nebo ve\u0159ejnost, vn\u00edmat tu soci\u00e1ln\u00ed sf\u00e9ru tro\u0161ku jinak. V p\u011bti kategori\u00edch cenou Hejtmana a absolutn\u00edho v\u00edt\u011bze oce\u0148oval Olomouck\u00fd kraj tak\u00e9 v oblasti cestovn\u00edho ruchu. Olomouck\u00fd kraj dlouhodob\u011b ud\u011bluje ceny v oblasti cestovn\u00edho ruchu, samoz\u0159ejm\u011b to z toho d\u016fvodu, \u017ee chceme nejen akt\u00e9ry v cestovn\u00edm ruchu, jim pop\u0159\u00e1t, pod\u011bkovat za tu jejich pr\u00e1ci a sna\u017een\u00ed, proto\u017ee bez nich by Olomouck\u00fd kraj nem\u011bl \u017e\u00e1dn\u00fd cestovn\u00ed ruch, ale samoz\u0159ejm\u011b tak\u00e9 proto, \u017ee ostatn\u00ed n\u00e1v\u0161t\u011bvn\u00edky na jejich m\u00edsta, kter\u00e1 jsou zn\u00e1m\u00e1 \u010di m\u00e9n\u011b zn\u00e1m\u00e1, pr\u00e1v\u011b pozveme. Ocen\u011bn\u00ed z\u00edskala nap\u0159\u00edklad nejlep\u0161\u00ed akce roku, novinka v cestovn\u00edm ruchu, nejlep\u0161\u00ed m\u00edsto bez bari\u00e9r, nejobl\u00edben\u011bj\u0161\u00ed b\u011b\u017eka\u0159sk\u00e1 trasa nebo unik\u00e1tn\u00ed gastronomick\u00fd z\u00e1\u017eitek. Absolutn\u00edm v\u00edt\u011bzem ankety se pak staly \u010dokol\u00e1dov\u00e9 losiny. Ta akce vznikla my\u0161lenkou, \u017ee jsme cht\u011bli propojit na\u0161i velkolosinskou pralink\u00e1nu v\u016fbec se sv\u011btem losinami a v\u0161echny pom\u00e1tky ve velk\u00fdch losin\u00e1ch. Krom\u011b cestovn\u00edho ruchu se ud\u011blovalo tak\u00e9 20 cen autor\u016fm nejlep\u0161\u00edch \u017e\u00e1kovsk\u00fdch krezeb s t\u00e9matem Olomouck\u00fd kraj s pta\u010d\u00ed, \u017eab\u00ed i m\u00e9 perspektivy. M\u011bsto Prost\u011bjov pl\u00e1nuje v\u00fdsadbu nov\u00fdch strom\u016f a okrasn\u00fdch rostlin. \u010c\u00e1st financ\u00ed bude \u010derpat z dota\u0161n\u00edho programu firmy \u010cES a Olomouck\u00e9ho kraje. Pro leto\u0161n\u00ed podzimn\u00ed o\u0161et\u0159en\u00ed st\u00e1vejc\u00edch d\u0159evin a v\u00fdsadbu nov\u00fdch schv\u00e1lili radn\u00ed rozpo\u010det 3 miliony korun z fondu Zelen\u011b. M\u011bsto bude zase o n\u011bco zelen\u011bj\u0161\u00ed. Radnice nech\u00e1 hned v n\u011bkolika lokolit\u00e1ch vysadit nov\u00e9 stromy, podpo\u0159ila tak\u00e9 v\u00fdsadbu lil\u00ed a lu\u010dn\u00edch kv\u011btin. Kr\u00e1da m\u011bsta schv\u00e1lila p\u0159ijet\u00ed dvou dotac\u00ed. Jedna dotace je ve v\u00fd\u0161i 135 tis\u00edc korun z nadace \u010cesu a to je na v\u00fdsadbu 22 strom\u016f, kter\u00e9 budeme vysazovat na Nerudov\u011b ulici, kde prob\u011bhla rekonstrukce, kanalizace a vodovodu. My jsme tam vyk\u00e1celi stromy, tak\u017ee te\u010f na podzim budeme s\u00e1zet 22 nov\u00fdch strom\u016f. To je asi 4 a\u017e 60 %, co dost\u00e1v\u00e1me z \u010cesu, tak\u017ee ty celkov\u00e9 n\u00e1klady budou asi 200 tis\u00edc korun. Nejde ov\u0161em jen o stromy nebo ke\u0159e. Lid\u00e9 se mohou t\u011b\u0161it na kr\u00e1sn\u00e9 kv\u011btinov\u00e9 z\u00e1hony. Potom jsme p\u0159ijali tak\u00e9 druhou dotaci ve v\u00fd\u0161i 87 tis\u00edc korun na vysadbu z\u00e1hon\u016f lil\u00ed a lu\u010dn\u00edch sm\u011bs\u00ed, kterou jsme provedli v \u017de\u0161ov\u011b a ve Vrahovic\u00edch, to je asi 200 metr\u016f \u010dtvere\u010dn\u00edch ploch kv\u011btin. A tuto dotaci ve v\u00fd\u0161i 87 tis\u00edc korun, jak jsem \u0159\u00edkal, jsme z\u00edskali od Olomouck\u00e9ho kraje. Radn\u00ed na sv\u00e9m jedn\u00e1n\u00ed schv\u00e1lili rozpo\u010dtov\u00e9 opat\u0159en\u00ed ve v\u00fd\u0161i 3 miliony 189 tis\u00edc korun na podz\u00edmn\u00ed v\u00fdsadbu zelen\u011b a o\u0161et\u0159en\u00ed st\u00e1vaj\u00edc\u00edch d\u0159evin. Tyto pen\u00edze p\u016fjdou z Fondu zelen\u011b. My jsme v leto\u0161n\u00edm roce, za\u010d\u00e1tkem roku schv\u00e1lili, \u017ee Fond zelen\u011b nebudeme vyu\u017e\u00edvat pouze na v\u00fdsadbu, ale vyu\u017eijeme ho i na o\u0161et\u0159ov\u00e1n\u00ed zelen\u011b, tak budeme o\u0161et\u0159ovat stromy na hlou\u010dely, budeme vysazovat ve m\u011bst\u011b asi 110 strom\u016f, vyu\u017eije se na komunitn\u00ed s\u00e1zen\u00ed Fond zelen\u011b a plus samoz\u0159ejm\u011b n\u011bjak\u00e9 v\u00fdsadby ke\u0159\u016f a kv\u011btin. M\u011bsto chce je\u0161t\u011b p\u0159ed pam\u00e1tkou zesnul\u00fdch prov\u00e9st v\u00fdm\u011bnu ke\u0159\u016f buksusu kolem hlavn\u00edho k\u0159\u00ed\u017ee na H\u0159bitov\u011b v Brn\u011bnsk\u00e9 ulici. U nich do\u0161lo v posledn\u00edch letech k v\u00fdrazn\u00e9mu zhor\u0161en\u00ed vitality. Ke\u0159eji jsou ka\u017edoro\u010dn\u011b napad\u00e1ny housenkami zav\u00edje\u010de zimostr\u00e1zov\u00e9ho. Proto budou nahrazeny vhodn\u011bj\u0161\u00edm druhem d\u0159evin. Repliky \u010desk\u00fdch korunova\u010dn\u00edch klenot\u016f jsou k vid\u011bn\u00ed a\u017e do 27. listopadu na Hrad\u011b v Litom\u011b\u0159ic\u00edch. Jedn\u00e1 se o mistrovsk\u00e9 repliky z d\u00edlny Ji\u0159\u00edho Urbana. N\u00e1v\u0161t\u011bvn\u00edci se mohou t\u011b\u0161it na dopl\u0148kov\u00e9 expon\u00e1ty a komentovan\u00e9 prohl\u00eddky. Na Hrad\u011b v Litom\u011b\u0159ic\u00edch jsou a\u017e do 27. listopadu k vid\u011bn\u00ed \u010desk\u00e9 korunova\u010dn\u00ed klenoty. Po deseti letech putov\u00e1n\u00ed tam toti\u017e dorazila v\u00fdstava mistrn\u011b zda\u0159il\u00fdch replik \u010desk\u00e9ho n\u00e1rodn\u00edho pokladu z d\u00edlny Ji\u0159\u00edho Urbana. Ji\u0159\u00ed Urbana je legenda mezi \u0161perka\u0159i a je pova\u017eov\u00e1n za jednoho z nejlep\u0161\u00edch \u010desk\u00fdch a evropsk\u00fdch zlatink\u016f. Na v\u00fdstav\u011b je k vid\u011bn\u00ed tak\u00e9 replika svatov\u00e1clavsk\u00e9ho me\u010de z d\u00edlny proslul\u00e9ho brn\u011bnsk\u00e9ho me\u010d\u00ed\u0159e a no\u017e\u00ed\u0159e Patryka B\u00e1rty. J\u00e1 kdy\u017e jsem p\u0159ich\u00e1zel p\u0159ed deseti lety s touto v\u00fdstavou, tak jsem m\u011bl takov\u00fd neskromn\u00fd sen, \u017ee proputujeme v\u0161echny kouty \u010cesk\u00e9 republiky, aby v podstat\u011b ka\u017ed\u00fd \u010cech m\u011bl mo\u017enost se pod\u00edvat a ud\u011blat si p\u0159edstavu, jak vypadaj\u00ed \u010desk\u00e9 korunova\u010dn\u00ed klenoty, proto\u017ee, co se budeme pov\u00eddat, origin\u00e1l se vystavuje jednou za p\u011bt let a mnoho lid\u00ed z r\u016fzn\u00fdch \u010d\u00e1st\u00ed \u010cesk\u00e9 republiky nem\u00e1 tu mo\u017enost odjet do Prahy a \u010dekat na hodinovou frontu, tak\u017ee jsme p\u0159i\u0161li s touto v\u00fdstavou. Jsem moc r\u00e1d, \u017ee jsme mohli uk\u00e1zat v\u00fdstavu v t\u011bchto kr\u00e1sn\u00fdch a netradi\u010dn\u00edch prostor\u00e1ch tady v litom\u011b\u0159ic\u00edch. N\u00e1\u0161t\u011bvn\u00edci se mohou t\u011b\u0161it na spoustu informac\u00ed prakticky o v\u0161ech korunovan\u00fdch panovnic\u00edch, kte\u0159\u00ed byli korunov\u00e1ni \u010desk\u00fdmi korunova\u010dn\u00edmi klenoty. Mohou se t\u011b\u0161it na spoustu dopl\u0148ov\u00fdch expon\u00e1t\u016f, nap\u0159\u00edklad kr\u00e1snou repliku sv\u00e1te\u010dn\u00fdch \u0161at\u016f Marie Terezie, husick\u00e9 zbran\u011b a spoustu dal\u0161\u00edch v\u011bc\u00ed, ale na co se mohou t\u011b\u0161it nejv\u00edc, jsou samoz\u0159ejm\u011b mistrovsk\u00e9 repliky \u010desk\u00fdch korunova\u010dn\u00edch klenot\u016f z d\u00edlny Ji\u0159\u00edho Urbana. A zaj\u00edmavost\u00ed na t\u00e9 v\u00fdstav\u011b je to, \u017ee my vystavujeme nejen to, o \u010dem se d\u011bti ve \u0161kol\u00e1ch u\u010d\u00ed, co jsou \u010desk\u00e9 korunova\u010dn\u00ed klenoty, to znamen\u00e1 svatov\u00e1clavskou korunu a renezan\u010dn\u00ed korunova\u010dn\u00ed \u017eezlo a jablko, ale my jsme pro n\u00e1\u0161t\u011bvn\u00edky p\u0159ipravili i repliky p\u016fvodn\u00edch gotick\u00fdch expon\u00e1t\u016f, kter\u00e9 z\u016fstaly ve V\u00eddni, jsou tam do dne\u0161ka, tak\u017ee lid\u00e9 maj\u00ed mo\u017enost se pod\u00edvat na to, jak vypadaly opravdu cel\u00e9 \u010desk\u00e9 korunova\u010dn\u00ed klenoty, kter\u00e9 korunovaly ty nejzn\u00e1m\u011bj\u0161\u00ed \u010desk\u00e9 panovn\u00edky, jako byl nap\u0159\u00edklad Karel IV. Z expozice MKZ Litom\u011b\u0159ice jsme velmi r\u00e1di, \u017ee se n\u00e1m poda\u0159ilo sem k n\u00e1m do Litom\u011b\u0159ic na Litom\u011b\u0159ick\u00fd hrad z\u00edskat takhle v\u00fdznamnou putovn\u00ed v\u00fdstavu replik korunova\u010dn\u00edch klenot\u016f, proto\u017ee oni si velmi \u00fazce vyb\u00edraj\u00ed tam m\u00edsta, kde se budou prezentovat a n\u00e1m se poda\u0159ilo je p\u0159esv\u011bd\u010dit, \u017ee hrad je t\u00edm nejlep\u0161\u00edm a nejreprezentativn\u011bj\u0161\u00edm m\u00edstem, proto aby tady p\u0159edstavili celou tu kolekci. V\u00fdstavu \u010cesk\u00e9 korunova\u010dn\u00ed klenoty na dosah si na hrad\u011b v Litom\u011b\u0159ic\u00edch m\u016f\u017eete prohl\u00e9dnout od pon\u011bd\u011bl\u00ed do soboty. Prvn\u00ed komentovan\u00e1 prohl\u00eddka v\u00fdstavy za\u010d\u00edn\u00e1 v 8 hodin 30 minut a ta posledn\u00ed v p\u016fl \u010dtvrt\u00e9 odpoledne. Podrobnosti najdete na webu www.mkz.ltm.cz. Zpr\u00e1vy na televizi A11 kon\u010d\u00ed a j\u00e1 p\u0159ed\u00e1v\u00e1m slovo do studia Hance a Vlastovi. Kr\u00e1sn\u00fd ve\u010der. www.hradeckesluzby.cz","nbla_serie":"525","nbla_season":"2023","nbla_episode":"122","nbla_duration":"1535.84","nbla_genre":"3.1.1.1","nbla_editorial_format":"2.1.1","nbla_mtime":"1697212844","nbla_url":"https:\/\/origin.a11.cz\/vod\/dpafh3qm3ki4ys6puteowcoqc.mp4","nbla_version":"1697212837","nbla_odvysilano":"Ano","bunny_id":"8b71f11f-e58d-44d1-b54a-a253255ea2ae","youtube_id":"","datum_vydani":"20231013","stopaz":"1535.84","dokument":[],"video_to":[]},"_links":{"self":[{"href":"https:\/\/tv.a11.cz\/api\/wp\/v2\/video\/12079","targetHints":{"allow":["GET"]}}],"collection":[{"href":"https:\/\/tv.a11.cz\/api\/wp\/v2\/video"}],"about":[{"href":"https:\/\/tv.a11.cz\/api\/wp\/v2\/types\/video"}],"author":[{"embeddable":true,"href":"https:\/\/tv.a11.cz\/api\/wp\/v2\/users\/8"}],"wp:featuredmedia":[{"embeddable":true,"href":"https:\/\/tv.a11.cz\/api\/wp\/v2\/media\/12117"}],"wp:attachment":[{"href":"https:\/\/tv.a11.cz\/api\/wp\/v2\/media?parent=12079"}],"wp:term":[{"taxonomy":"category","embeddable":true,"href":"https:\/\/tv.a11.cz\/api\/wp\/v2\/categories?post=12079"},{"taxonomy":"porad","embeddable":true,"href":"https:\/\/tv.a11.cz\/api\/wp\/v2\/porad?post=12079"},{"taxonomy":"region","embeddable":true,"href":"https:\/\/tv.a11.cz\/api\/wp\/v2\/region?post=12079"},{"taxonomy":"kategorie","embeddable":true,"href":"https:\/\/tv.a11.cz\/api\/wp\/v2\/kategorie?post=12079"}],"curies":[{"name":"wp","href":"https:\/\/api.w.org\/{rel}","templated":true}]}}