{"id":12044,"date":"2023-10-13T13:30:15","date_gmt":"2023-10-13T11:30:15","guid":{"rendered":"https:\/\/tv.a11.cz\/?post_type=video&#038;p=12044"},"modified":"2023-10-13T15:49:54","modified_gmt":"2023-10-13T13:49:54","slug":"fico-pellegrini-a-danko-se-dohodli-na-nove-slovenske-vlade","status":"publish","type":"video","link":"https:\/\/tv.a11.cz\/video\/fico-pellegrini-a-danko-se-dohodli-na-nove-slovenske-vlade\/","title":{"rendered":"Fico, Pellegrini a Danko se dohodli na nov\u00e9 slovensk\u00e9 vl\u00e1d\u011b"},"content":{"rendered":"","protected":false},"excerpt":{"rendered":"<p>Historick\u00e1 budova parlamentu byla m\u00edstem, kde Smer SD, Hlas SD a SNS podepsali memorandum o porozum\u011bn\u00ed, dohodli se na podpisu koali\u010dn\u00ed smlouvy a rozd\u011blen\u00ed pozic.<\/p>\n","protected":false},"author":8,"featured_media":12051,"template":"","categories":[20,157],"porad":[],"region":[],"kategorie":[],"class_list":["post-12044","video","type-video","status-publish","has-post-thumbnail","hentry","category-politika","category-zpravy"],"acf":[],"meta_box":{"nbla_idec":"N2300116","nbla_title":"Fico, Pellegrini a Danko se dohodli na nov\u00e9 slovensk\u00e9 vl\u00e1d\u011b","nbla_subtitle":"","nbla_summary":"","nbla_description":"","nbla_transcription":"Historick\u00e1 budova Slensk\u00e9ho parlamentu byla m\u011bstem, kde Smer SD, Hlas SD a SNS podp\u00edsali memorandum o porozumen\u00ed, dohodli se na podpise koali\u010dn\u00ed zmluvy a prirozd\u011blen\u00ed poz\u00edc\u00ed. Premiersk\u00fd post m\u00e1 patrit Smeru SD, predsedu parlamentu nominuje Hlas SD, vzniknout m\u00e1 i nov\u00e9 ministerstvo. Dne\u0161n\u011b podp\u00edsan\u00e9 memorandum, kter\u00e9 jsem v jm\u00e9n\u011b str\u00e1ny Hlas soci\u00e1lna demokracia podp\u00edsal, pln\u011b zodpoved\u00e1 a i v\u0161etk\u00fdm priorit\u00e1ma p\u0159edst\u00e1v\u00e1m strany Hlas soci\u00e1lna demokracia, kter\u00e9 hovor\u00edme jako politick\u00e1 strana od vzniku na\u0161ej politick\u00e9 strany. Smeru m\u00e1 okrem premiersk\u00e9ho postu patrit 6 ministerstv\u00ed o hlasu 7, SNS m\u00e1 obsadit 3 rezorty z toho jednoho s \u00fa\u010dinnost\u00ed od 1. janu\u00e1ra 2024. My jsme pou\u010den\u00ed a p\u0159ipraven\u00ed slu\u017eit a pracovat pre tento n\u00e1rod. Memorande garantuj\u00ed zahrani\u010dno-politickou orientaciu Slovensk\u00e9 republiky na z\u00e1klad\u011b \u010dlenstva v EU a NATO, jako i v dal\u0161\u00edch v\u00fdznamn\u00fdch mezin\u00e1rodn\u00fdch organiz\u00e1ci\u00e1ch p\u0159i plnom re\u0161pektov\u00e1n\u00ed suverenity a n\u00e1rodno-\u0161t\u00e1tn\u00fdch z\u00e1ujm\u016f Slovensk\u00e9 republiky a posil\u0148ov\u00e1n\u00ed zdrav\u00e9ho vlastn\u011bnectva. Je paradoxom v t\u00e9to krajin\u011b, d\u00e1my a p\u00e1ni, \u017ee vysok\u00fd policajn\u00ed funkcion\u00e1ri n\u00e1m jako telenovelu pon\u00fakaj\u00ed r\u016fzn\u00e9 tla\u010dov\u00e9 konferencie, na kter\u00e9 maj\u00ed r\u016fzn\u00e9 siln\u00e9 politick\u00e9 vyhl\u00e1sen\u011b a popritom n\u00e1m jedno m\u011bsto za druh\u00fdm poznamuj\u00ed mimo\u0159iadnu situaci v s\u00favislosti s migraciou. A chcem v\u00e1s ubezpe\u010dit, d\u00e1my a p\u00e1ni, \u017ee urob\u00edme v\u0161etko preto, aby pr\u00edslu\u0161n\u00e9 bezpe\u010dnostn\u00e9 zlo\u017eky tohto \u0161t\u00e1tu se vyspo\u0159\u00e1dali s touto obrovskou v\u00fdzvou pre Slovensku republiku, proto\u017ee ochrana ob\u010danov Slovensk\u00e9 republiky pre neleg\u00e1lnou migraciou je n\u00e1rodno-\u0161t\u00e1tn\u00fd z\u00e1ujem Slovensk\u00e9 republiky a ochrana suverenity a n\u00e1rodno-\u0161t\u00e1tn\u00fdch z\u00e1ujem\u016f Slovensk\u00e9 republiky bude prioritou vl\u00e1dy po zlo\u017een\u011b, kter\u00e9 se poku\u0161\u00e1me. Za z\u00e1kladn\u00fd c\u00edl koalicie si d\u00e1vaj\u00ed zv\u00fd\u0161ov\u00e1n\u00ed \u017eivotn\u00e9 \u00farovn\u011b obyvatel\u016f, sout\u011b\u017e, realizovat reformu trestn\u00e9ho syst\u00e9mu a mechanizmu ochrany ljudsk\u00fdch pr\u00e1v. Slovensko podle AFICA dosahuje aktu\u00e1ln\u011b nelichotiv\u00e9 prvenstva nap\u0159\u00edklad v rebli\u010dku chudoby a verejn\u00fdch financ\u00ed EU. Do\u010dasn\u00e1 \u00faradnick\u00e1 vl\u00e1da podle AFICA navrhla rozpo\u010det, kter\u00fd by chudobu je\u0161t\u011b prehlbil a novou vl\u00e1du k ni\u010demu nezavezuje. Ch\u00fdba mu v n\u011bm prvok solidarity. Jsme tu p\u0159ipraveni, zkuseni, ale i pou\u010deni. Tato kombin\u00e1cia na\u0161ich vlastnost\u00ed, kter\u00e9 m\u00e1me k dispoz\u00edci, n\u00e1s predur\u010duje k tomu, aby jsme to peklo, do kter\u00e9ho jdeme, zvl\u00e1dli. Fico deklarov\u00e1, \u017ee Slovensko chc\u00ed zpr\u00e1vovat demokraticky s re\u0161petom o\u010di pluralit\u011b n\u00e1zor\u016f. Lider smeru, Robert Fico, se bude uch\u00e1dzat v premiersk\u00fd post a novou vl\u00e1du chce m\u00e1t zastavenu \u010do najskor. Kabinet chce m\u00e1t zastaveny tak, aby mohlo Slovensko zastupovat Evropsk\u00e9 unie koncom oktobera. U\u017e nov\u00fd premi\u00e9r p\u0159ipomenul, \u017ee od vyjmenov\u00e1n\u00ed vl\u00e1dy bude m\u00e1t kabine 30 dn\u00ed na p\u0159ipravu a p\u0159edlo\u017een\u00ed vl\u00e1dn\u00e9ho programu s Bratislavem William \u010cu\u0161ka.","nbla_serie":"","nbla_season":"","nbla_episode":"","nbla_duration":"174.04","nbla_genre":"","nbla_editorial_format":"","nbla_mtime":"1697196327","nbla_url":"https:\/\/origin.a11.cz\/vod\/8hfixv7kdgyjvh6xsm0d3bdol.mp4","nbla_version":"1697196327","nbla_odvysilano":"Ne","bunny_id":"f1d1bb47-82d4-4740-88ea-edc01453a39b","youtube_id":"","datum_vydani":"20231013","stopaz":"174.04","dokument":[],"video_to":["12052"]},"_links":{"self":[{"href":"https:\/\/tv.a11.cz\/api\/wp\/v2\/video\/12044","targetHints":{"allow":["GET"]}}],"collection":[{"href":"https:\/\/tv.a11.cz\/api\/wp\/v2\/video"}],"about":[{"href":"https:\/\/tv.a11.cz\/api\/wp\/v2\/types\/video"}],"author":[{"embeddable":true,"href":"https:\/\/tv.a11.cz\/api\/wp\/v2\/users\/8"}],"wp:featuredmedia":[{"embeddable":true,"href":"https:\/\/tv.a11.cz\/api\/wp\/v2\/media\/12051"}],"wp:attachment":[{"href":"https:\/\/tv.a11.cz\/api\/wp\/v2\/media?parent=12044"}],"wp:term":[{"taxonomy":"category","embeddable":true,"href":"https:\/\/tv.a11.cz\/api\/wp\/v2\/categories?post=12044"},{"taxonomy":"porad","embeddable":true,"href":"https:\/\/tv.a11.cz\/api\/wp\/v2\/porad?post=12044"},{"taxonomy":"region","embeddable":true,"href":"https:\/\/tv.a11.cz\/api\/wp\/v2\/region?post=12044"},{"taxonomy":"kategorie","embeddable":true,"href":"https:\/\/tv.a11.cz\/api\/wp\/v2\/kategorie?post=12044"}],"curies":[{"name":"wp","href":"https:\/\/api.w.org\/{rel}","templated":true}]}}