{"id":12010,"date":"2023-10-12T18:17:13","date_gmt":"2023-10-12T16:17:13","guid":{"rendered":"https:\/\/tv.a11.cz\/?post_type=video&#038;p=12010"},"modified":"2023-10-12T20:48:07","modified_gmt":"2023-10-12T18:48:07","slug":"a11-zpravy-ctvrtek-12-10-2023","status":"publish","type":"video","link":"https:\/\/tv.a11.cz\/video\/a11-zpravy-ctvrtek-12-10-2023\/","title":{"rendered":"Hlavn\u00ed zpr\u00e1vy \u010dtvrtek 12.10. 2023"},"content":{"rendered":"","protected":false},"excerpt":{"rendered":"<p>Kladensk\u00e1 nemocnice m\u00e1 robotick\u00e9 rameno &#8211; Dohoda vl\u00e1dy na Slovensku &#8211; Nov\u00e9 sanitky v Olomouci &#8211; Dopravn\u011b preventivn\u00ed akce Zachra\u0148 \u017eivot<\/p>\n","protected":false},"author":8,"featured_media":12011,"template":"","categories":[17,157],"porad":[212],"region":[218],"kategorie":[],"class_list":["post-12010","video","type-video","status-publish","has-post-thumbnail","hentry","category-domaci","category-zpravy","porad-hlavni-zpravy-a11","region-cela-cr"],"acf":[],"meta_box":{"nbla_idec":"A2300121","nbla_title":"A11 Zpr\u00e1vy","nbla_subtitle":"\u010ctvrtek 12.10. 2023","nbla_summary":"Zpravodajstv\u00ed A11 ze v\u0161ech kout\u016f \u010cesk\u00e9 republiky","nbla_description":"","nbla_transcription":"Kr\u00e1sn\u00fd ve\u010der, mil\u00ed div\u00e1ci, pr\u00e1v\u011b za\u010d\u00ednaj\u00ed A11 zpr\u00e1vy, v\u00edt\u00e1 v\u00e1s u nich Alexandra Pt\u00e1\u010dkov\u00e1. Unik\u00e1tn\u00ed robotickou pom\u016fcku vyu\u017e\u00edvaj\u00ed p\u0159i urologick\u00fdch operac\u00edch v Kladensk\u00e9 nemocnici. Speci\u00e1ln\u011b rameno s kamerou pom\u00e1h\u00e1 p\u0159i laparoskopick\u00fdch v\u00fdkonech. Sami operat\u00e9\u0159i se p\u0159itom na jeho v\u00fdvoji a testov\u00e1n\u00ed pod\u00edleli. Robotick\u00e9 rameno s kamerou jako prvn\u00ed v \u010cesku zavedla na sv\u00e9m urologick\u00e9m odd\u011blen\u00ed Kladensk\u00e1 nemocnice. Na prvn\u00ed pohled nen\u00e1padn\u00e1 sou\u010d\u00e1st opera\u010dn\u00edho s\u00e1lu znamen\u00e1 v\u00fdznamnou pomoc pro samotn\u00e9 l\u00e9ka\u0159e a t\u00edm i pro dan\u00e9 pacienty. Robotick\u00e9 rameno n\u00e1m velmi zjednodu\u0161uje tu operaci. Zaprv\u00e9 m\u016f\u017ee u\u0161et\u0159it jednoho doktora, co\u017e v n\u00ed dob\u011bh\u00e1 nedostatek l\u00e9ka\u0159\u016f, tak\u017ee v proti krizov\u00fdch situac\u00edch m\u016f\u017ee doktor operovat jenom s instrument\u00e1\u0159kou, ze st\u0159\u00ed\u010dkou. N\u00e1m pom\u00e1h\u00e1 v tom udr\u017eovat opera\u010dn\u00ed pole opravdu v jedn\u00fd pozici, bez st\u0159esu jako rukou toho asistenta. Pr\u00e1ce se samotn\u00fdm ramenem, a tedy pohybla paroskopick\u00e9 kamery v opera\u010dn\u00edm poli, je po dostate\u010dn\u00e9m tr\u00e9ninku a doslova z\u0159it\u00ed se l\u00e9ka\u0159e z touto technologi\u00ed v podstat\u011b jednoduch\u00e1. M\u00e1 sv\u00e1 jasn\u00e1 pravidla a anglick\u00e9 povely. Na to rameno se mus\u00ed po ka\u017ed\u00fd probudit. Na to existuje heslo solo. Potom je tzv. vzh\u016fru p\u00e1r vte\u0159in. Mezidobou my m\u016f\u017eeme d\u00e1vat dal\u0161\u00ed hesla k pohybu ramena. \u010cty\u0159i z\u00e1kladn\u00fd, nahoru, dol\u016f, doleva, doprava, pak je\u0161t\u011b samoz\u0159ejm\u011b dovnit\u0159 a ven. M\u016f\u017eou se dokonce ukl\u00e1dat n\u011bjak\u00e9 polohy, kter\u00e9 se n\u00e1m l\u00edb\u00ed b\u011bhem toho v\u00fdkonu, za kter\u00fdma se m\u016f\u017eeme vr\u00e1tit velice jednodu\u0161e, taky s jedn\u00fdm heslem. Speci\u00e1ln\u00ed robotick\u00e9 rameno se u\u017e stalo pevnou sou\u010d\u00e1st\u00ed opera\u010dn\u00edho s\u00e1lu Kladensk\u00e9 urologie. Kladensk\u00e1 ramosnice ur\u010dit\u011b byla prvn\u00ed, kde jsme ho tady zkou\u0161eli. M\u00e1me t\u0159et\u00ed rok te\u010fka k dispozici, prvn\u00ed rok, co ho m\u00e1me koupen\u00fd, ale dva roky jsme ho tady testovali, zkou\u0161eli a vlastn\u011b i pod\u00edhali na ur\u010dit\u00fdm v\u00fdvoji toho ramena. Tak\u017ee to, co dneska vid\u00edte, jak to funguje, tak je to t\u0159i roky tvrd\u00fd pr\u00e1ce. Pokrok jde ale st\u00e1le dop\u0159edu a rameno nen\u00ed jedinou robotickou mo\u017enost\u00ed v urologick\u00e9 chirurgii. St\u00e1le to nejsou samostatn\u00ed roboti, jsou to ur\u010dit\u00fd telemanipul\u00e1ty, furt to mus\u00ed chirurgovl\u00e1dat rukama, ale syst\u00e9my se vyv\u00edjaj\u00ed, roz\u0161i\u0159uje se spektrum. Z\u00e1sadn\u00ed ov\u0161em je jich p\u0159\u00ednos pro kvalitu poskytovan\u00e9 p\u00e9\u010de a pr\u00e1ci \u0161pi\u010dkov\u00fdch l\u00e9ka\u0159\u016f a dal\u0161\u00edch zdravotn\u00edk\u016f. Pr\u00e1v\u011b pacienti kladensk\u00e9 nemocnice jsou jedni z t\u011bch, kte\u0159\u00ed mohou v\u00fdhody nejnov\u011bj\u0161\u00edch technologi\u00ed ocenit p\u0159i \u0159e\u0161en\u00ed jejich zdravotn\u00edho stavu. Fico, Pelegrini a Danko se domluvili na spolupr\u00e1ci a sestaven\u00ed nov\u00e9 slovensk\u00e9 vl\u00e1dy. P\u0159edsedov\u00e9 strany Sm\u011br soci\u00e1ln\u00ed demokracie, Hlas soci\u00e1ln\u00ed demokracie a Slovensk\u00e9 n\u00e1rodn\u00ed strany podepsali v Bratislav\u011b memorandum o porozum\u011bn\u00ed. Zm\u00edn\u011bn\u00e9 t\u0159i strany by m\u011bly vytvo\u0159it novou vl\u00e1dn\u00ed koalici, kter\u00e1 vzejde z v\u00fdsledk\u016f parlamentn\u00edch voleb. Ty se vzemi konaly 30. z\u00e1\u0159\u00ed. Historick\u00e1 budova slovensk\u00e9ho parlamentu byla m\u011bstem, kde Sm\u011br SD, Hlas SD a SNS podpisali memorandum o porozum\u011bn\u00ed, dohodli se na podpise koali\u010dn\u00ed zmluvy a prirozd\u011blen\u00ed poz\u00edc\u00ed. Premiersk\u00fd post m\u00e1 patrit Sm\u011bru SD, predsedu parlamentu nominuje Hlas SD, vzniknout m\u00e1 i nov\u00e9 ministerstvo. Dne\u0161n\u011b podpisan\u00e9 memorandum, kter\u00e9 jsem v m\u00e9n\u011b strany Hlas soci\u00e1ln\u00ed demokracie podpisal, pln\u011b zodpoved\u00e1 i v\u0161etk\u00fdm priorit\u00e1m a predst\u00e1v\u00e1m strany Hlas soci\u00e1ln\u00ed demokracie, kter\u00e9 hovor\u00edme jako politick\u00e1 strana od vzniku na\u0161ej politick\u00e9 strany. Sm\u011bru m\u00e1 okrem premiersk\u00e9ho postu patrit 6 ministerstv\u00ed u Hlasu 7, SNS m\u00e1 obsadit 3 rezorty z toho jednoho s \u00fa\u010dinnost\u00ed od 1. janu\u00e1ra 2024. My jsme pou\u010den\u00ed a p\u0159ipraven\u00ed slu\u017eit a pracovat pro tento n\u00e1rod. Memorande grantuj\u00ed zahrani\u010dno-politickou orientaciu Slovensk\u00e9 republiky na z\u00e1klad\u011b \u010dlenstva v EU a NATO, jako i v dal\u0161\u00edch v\u00fdznamn\u00fdch mezin\u00e1rodn\u00fdch organiz\u00e1ci\u00e1ch p\u0159i plnom re\u0161pektovan\u00ed suverenity a n\u00e1rodno-\u0161t\u00e1tn\u00fdch z\u00e1ujmov SR a posil\u0148ovan\u00ed zdrav\u00e9ho vlastn\u011bnictva. Je paradoxom v t\u00e9to krajin\u011b, d\u00e1my a p\u00e1ni, \u017ee vysok\u00fd policajn\u00ed funkcion\u00e1ri n\u00e1m jako telenovelu pon\u00fakaj\u00ed r\u016fzn\u00e9 tla\u010dov\u00e9 konferencie, na kter\u00e9 maj\u00ed r\u016fzn\u00e9 siln\u00e9 politick\u00e9 vyhl\u00e1sen\u00ed. A popritom n\u00e1m jedno m\u011bsto za druh\u00fdm poznamuj\u00ed mimoriadnu situaci v z\u016fvislosti s migraciou. A chcem v\u00e1s ubezpe\u010dit, d\u00e1my a p\u00e1ni, \u017ee urob\u00edme v\u0161etko preto, aby pr\u00edslu\u0161n\u00e9 bezpe\u010dnostn\u00e9 zlo\u017eky tohto \u0161t\u00e1tu se vysporadali s touto obrovskou v\u00fdzvou pro Slovenskou republiku, proto\u017ee ochrana ob\u010danov SR p\u0159ed neleg\u00e1lnou migraciou je n\u00e1rodno-\u0161t\u00e1tn\u00fdm z\u00e1ujmem SR a ochrana suverenity a n\u00e1rodno-\u0161t\u00e1tn\u00fdch z\u00e1ujem\u016f SR bude prioritou vl\u00e1dy po zlo\u017een\u011b, kter\u00e9 se poku\u0161\u00e1me. Za z\u00e1kladn\u00fd c\u00edl koalicie si d\u00e1vaj\u00ed zvy\u0161ov\u00e1n\u00ed \u017eivotn\u00e9 \u00farovn\u011b obyvatel\u016f, sout\u011b\u017e realizovat reformu trestn\u00e9ho syst\u00e9mu a mechanizmu ochrany ljudsk\u00fdch pr\u00e1v. Slovensko podle FICA dosahuje aktu\u00e1ln\u011b nelichotiv\u00e9 prvenstva, nap\u0159\u00edklad v rebli\u010dku chudoby a verejn\u00fdch financ\u00ed EU. Do\u010dasn\u00e1 \u00faradnick\u00e1 vl\u00e1da podle FICA navrhla rozpo\u010det, kter\u00fd by chudobu je\u0161t\u011b prehlbil a novou vl\u00e1du k ni\u010demu nezavezuje. Ch\u00fdba mu v n\u011bm prvok solidarity. Jsme tu p\u0159ipraveni, zkuseni, ale i pou\u010deni. Tato kombin\u00e1cia na\u0161ich vlastnost\u00ed, kter\u00e9 m\u00e1me k dispozicii, n\u00e1s predur\u010duje k tomu, aby jsme to peklo, do kter\u00e9ho jdeme, zvl\u00e1dli. FICA deklarov\u00e1, \u017ee Slovensko chc\u00ed zpr\u00e1vovat demokraticky s respektom o\u010di pluralit\u011b n\u00e1zor\u016f. Lider smeru Robert FICA se bude uch\u00e1dza\u0165 do premiersk\u00fd post a novou vl\u00e1du chce m\u00e1t zostavenu \u010do najskor. Kabinet chce m\u00e1t zostaveny tak, aby mohlo Slovensko zastupovat na samit\u011b EU koncom oktobra. U\u017e nov\u00fd premi\u00e9r p\u0159ipomenul, \u017ee od vyjmenov\u00e1n\u00ed vl\u00e1dy bude m\u00e1t kabinet 30 dn\u00ed na p\u0159\u00edpravu a predlo\u017een\u011b vl\u00e1dn\u00e9ho programu. Z Bratislavy, William \u010cu\u0161ka. Z\u00e1chranka Olomouck\u00e9ho kraje m\u00e1 nov\u00e9 sanitky. P\u011bt nabl\u00edzkanych voz\u016f bude k dispozici cel\u00e9mu \u00fazem\u00ed. Poslou\u017e\u00ed l\u00e9ka\u0159\u016fm i pacient\u016fm v P\u0159erov\u011b, Prost\u011bjov\u011b, v Z\u00e1b\u0159ehu a na nov\u00e9 z\u00e1kladn\u011b z\u00e1chrann\u00e9 slu\u017eby v Kojet\u00edn\u011b. Z\u00e1chran\u00e1\u0159i si p\u0159evzeli na heliportu v Olomouci p\u011bt \u00fapln\u011b nov\u00fdch sanitn\u00edch voz\u016f. Aktu\u00e1ln\u011b jsme dostali p\u011bt nov\u00fdch sanitn\u00edch vozidel, kter\u00e9 budou rozm\u011bstn\u011bne nap\u0159\u00ed\u010d cel\u00fdm olomouck\u00fdm krajem. Sanitky jsou v\u0161echny vybaveny nov\u00fdmi p\u0159\u00edstroji. Jedna jako um\u011bloplicn\u00ed ventilaci, d\u00e1le ods\u00e1vac\u00ed pumpou. Spole\u010dn\u011b s n\u00edm jsme tak\u00e9 obdr\u017eeli germicidn\u00ed lampy s nep\u0159\u00edm\u00fdm \u00fa\u010dinkem a tak\u00e9 transportn\u00ed \u017eidly a transportn\u00ed leh\u00e1tko. T\u011bhlet\u011bch p\u011bt nov\u00fdch voz\u016f je prvn\u00ed \u010d\u00e1st\u00ed v\u011bt\u0161\u00ed dod\u00e1vky 14 voz\u016f. Druh\u00e1 \u010d\u00e1st bude dod\u00e1na na ja\u0159i p\u0159\u00ed\u0161t\u00edho roku a nov\u00e9 vozy budou vyu\u017eity na z\u00e1kladn\u00e1ch v P\u0159erov\u011b, Prost\u011bjov\u011b, v Z\u00e1b\u0159ehu a na nov\u00e9 z\u00e1kladn\u011b v Kojet\u00edn\u011b. T\u011bhlet\u011bch p\u011bt voz\u016f p\u0159i\u0161lo na v\u00edce ne\u017e 20 milion\u016f korun. V\u011bt\u0161ina byla pokryta z dotace a kofinancoval tuto dod\u00e1vku v Olomouck\u00fdch kraj\u00edch tak, jako to b\u00fdv\u00e1 v\u017edy. Sna\u017e\u00edme se na zahrodnick\u00e9 z\u00e1chrann\u011b slu\u017eby Olomouck\u00e9ho kraje dodr\u017eovat \u0159eknu z\u00e1padn\u00ed re\u017eim, kdy st\u00e1\u0159\u00ed vozidel se sna\u017e\u00edme udr\u017eovat v rozmezi \u010dty\u0159i a\u017e \u0161esti let a n\u00e1jezdovy kilometry 160 a\u017e 220 tis\u00edc kilometr\u016f. Vozov\u00fd park dod\u00e1vkou tady t\u011bchto p\u011bti sanitn\u00edch vozidel vlastn\u011b jsme se dok\u00e1zali sn\u00ed\u017eit op\u011bt tu hranici t\u00e9 \u017eivotnosti sanitek a m\u00e1me i dal\u0161\u00edm vyberov\u00fdm \u0159\u00edzen\u00edm, kdy p\u0159ijde dal\u0161\u00edch sedn\u00e1c vozidel, m\u00e1me zabezpe\u010den\u00fd kontinu\u00e1ln\u00ed v\u00fdm\u011bnu sanitek do roku 2025. V sou\u010dasn\u00e9 dob\u011b m\u00e1 zdravotnick\u00e1 z\u00e1chrann\u00e1 slu\u017eba Olomouck\u00e9ho kraje k dispozici celkem 55 z\u00e1chran\u00e1\u0159sk\u00fdch vozidel. Lid\u00e9 na prost\u00fdho vzkusu mohli otestovat znalosti prvn\u00ed pomoci v r\u00e1mci akce Zachra\u0148 \u017eivot a to u\u017e po jednadvac\u00e1t\u00e9. Policist\u00e9 zastavovali \u0159idi\u010de v Hrub\u010dic\u00edch a v r\u00e1mci celkov\u00e9 kontroly ov\u011b\u0159ovali tak\u00e9 stav l\u00e9k\u00e1rn\u00ed\u010dek. Na nedostatky byli \u0159idi\u010di upozorn\u011bni. V prvn\u00ed \u0159\u00edjnovou st\u0159edu se uskute\u010dnila dopravn\u011b preventivn\u00ed akce Zachra\u0148 \u017eivot. V Hrub\u010dic\u00edch na Prost\u011bhovsku policie zastavovala automobily a kdo z \u0159idi\u010d\u016f cht\u011bl, mohl si ov\u011b\u0159it sv\u00e9 znalosti prvn\u00ed pomoci. Letos se jedn\u00e1 ji\u017e o 21. ro\u010dn\u00edk t\u00e9to dopravn\u011b preventivn\u00ed akce. Prvn\u011b mus\u00edm p\u0159edeslat, \u017ee je to akce tradi\u010dn\u00ed. J\u00e1 jsem na Prost\u011bhovsku jezd\u00edm u\u017e 20 let a p\u0159edt\u00edm samoz\u0159ejm\u011b u\u017e spolb\u011bhla, tak\u017ee je to opravdu dlouhodob\u00e1 z\u00e1le\u017eitost s n\u00e1zvem Zachra\u0148 \u017eivot. Je to vlastn\u011b d\u00e1no t\u00edm n\u00e1zvem, to znamen\u00e1, m\u00e1me namaskovan\u00e9 d\u011bti ze zdravotn\u00ed \u0161koly, r\u016fzn\u00e9 typy zran\u011bn\u00ed, takov\u00e9 jsou vybran\u00e9 typick\u00e9 pro p\u0159\u00edpadn\u00e9 nehody. \u0160of\u00e9\u0159i si mohli zkusit poskytnut\u00ed prvn\u00ed pomoci v praxi. Mnoho z nich vlastn\u011b zjist\u00ed, \u017ee a\u010d v prvn\u00ed chv\u00edli m\u011bli pocit, \u017ee to nezvl\u00e1dnou, tak najednou se jim n\u011bkde vyno\u0159\u00ed star\u00e9 znalosti ze \u0161koly, ze st\u0159edn\u00ed \u0161koly a podobn\u011b a opravdu ve v\u011bt\u0161in\u011b p\u0159\u00edpad\u016f jsme sv\u011bdky toho, \u017ee lid\u00e9 dok\u00e1\u017e\u00ed druh\u00e9mu \u010dlov\u011bku vnouzit pomoci, co\u017e je na t\u00e9to akci asi to nejhez\u010d\u00ed a to m\u011b t\u011b\u0161\u00ed, \u017ee opravdu jsou mezi n\u00e1mi ti, kter\u00fdm nen\u00ed jedno to, \u017ee vid\u00ed n\u011bkoho zran\u011bn\u00e9ho. P\u0159i akci Zachra\u0148 \u017eivot nejde o to po\u0161t\u011bhovat \u0159idi\u010de. Podstatou je prevence a ponau\u010den\u00ed. Kdy\u017e se t\u00fdk\u00e1 l\u00e9karn\u00ed\u010dek, samoz\u0159ejm\u011b je to pro \u0159e\u0161ek, ale takov\u00fd, jako bych \u0159ekl, pro \u0159e\u0161ek z\u00e1jm\u00e9na proto, aby v\u016fbec mohli poskytnout tu prvn\u00ed pomoc na m\u00edst\u011b \u010dinu, kdy\u017e do\u0161lo k t\u00e9 dopravn\u00ed nehod\u011b. P\u0159ev\u00e1\u017en\u011b v\u011bt\u0161in\u011b l\u00e9karn\u00ed\u010dky samoz\u0159ejm\u011b maj\u00ed, dnes u\u017e to nen\u00ed tak, jak to bylo d\u0159\u00edv, kdy vlastn\u011b l\u00e9karn\u00ed\u010dka m\u011bla ur\u010ditou certifikaci do ur\u010dit\u00e9ho expirac\u00ed k ur\u010dit\u00e9mu datu, dnes to po\u0159\u00e1d funguje tak, \u017ee \u0159idi\u010d je pom\u00edn\u011bn m\u00edt u sebe l\u00e9karn\u00ed\u010dku a nen\u00ed tam d\u016fle\u017eit\u00e1 doba expirace t\u00e9 l\u00e9karn\u00ed\u010dky, ale \u017ee v\u016fbec vlastn\u011b je a obsahuje to, co m\u00e1. Znalosti prvn\u00ed pomoci ov\u011b\u0159ovali a tak\u00e9 vysv\u011btlovali odborn\u00edci ze zdravotn\u00ed \u0161koly. A to na modelov\u00fdch situac\u00edch, kter\u00e9 simulovali n\u011bkolik druh\u016f zran\u011bn\u00ed. My jsme tady se studenty zdravotnick\u00e9 \u0161koly v Prst\u0148ov\u011b, \u017e\u00e1ky t\u0159et\u00edch ro\u010dn\u00edk\u016f. M\u00e1me nasimulovan\u00e9 tady zran\u011bn\u00ed, kter\u00e9 se mohou st\u00e1t v pr\u016fb\u011bhu autonehody nebo p\u0159ipadn\u011b n\u011bjak\u00e9 situace i v r\u00e1mci b\u011b\u017en\u00e9ho \u017eivota. M\u00e1me tady nasimulov\u00e1no bezv\u011bdom\u00ed, takhle je \u00fale\u017eitost \u010dlov\u011bka, na kter\u00e9m zjev\u011bn\u011b nejsou \u017e\u00e1dn\u00e9 zn\u00e1mky n\u011bjak\u00e9ho po\u0161kozen\u00ed. Pak je tady ot\u0159ez mozku, kdy i takov\u00e9 nen\u00e1padn\u00e9 zn\u00e1mky n\u011bjak\u00e9ho pran\u011bn\u00ed hlavy mohou b\u00fdt zr\u00e1dn\u00e9, kdy doch\u00e1z\u00ed postupn\u011b k nakrv\u00e1cen\u00ed do dutiny lebn\u00ed a mohou b\u00fdt probl\u00e9my s potom zv\u011bdom\u00edm. A potom zde m\u00e1me dal\u0161\u00ed zran\u011bn\u00ed namaskovan\u00e9 a to je ciz\u00ed p\u0159edm\u011bt, konkr\u00e9tn\u011b na z\u00e1p\u011bst\u00ed horn\u00ed kon\u010detiny, kdy op\u011bt to m\u016f\u017ee b\u00fdt v r\u00e1mci n\u011bjak\u00e9ho n\u00e1razu do sklen\u011bn\u00e9 v\u00fdpl\u0148 a tak d\u00e1le. Prvn\u00ed pomoc lze poskytnout i tehdy, pokud l\u00e9k\u00e1rni\u010dka chyb\u00ed. \u0158idi\u010di nav\u00edc maj\u00ed povinnost prvn\u00ed pomoc poskytnout. Samoz\u0159ejm\u011b, \u017ee v\u011bt\u0161inou je v\u017edycky ten \u0159idi\u010d na tom m\u011bst\u011b \u010dinu, kdy ohl\u00e1s\u00ed dopravn\u00ed nehodu, m\u00e1 ze z\u00e1kona povinnost zastavit a prov\u00e9st tu prvn\u00ed pomoc a kdy\u017e je ne, vystavuje se nebezpe\u010d\u00ed testn\u00edho postihu za to, \u017ee neposkytl pr\u00e1v\u011b tu prvn\u00ed pomoc. Akce Zachra\u0148 \u017eivot je organizovan\u00e1 odborem dopravy magistr\u00e1tu m\u011bsta Prost\u011bjov, Besipu, Dopravn\u00edm inspektor\u00e1tem Prost\u011bjov a St\u0159edn\u00ed zdravotnickou \u0161kolou Prost\u011bjov. Jak poskytnout prvn\u00ed pomoc si uv\u011b\u0159ili t\u00e9m\u011b\u0159 t\u0159i des\u00edtk \u0159idi\u010d\u016f, za to dostali mal\u00e9 d\u00e1rky, kter\u00e9 m\u016f\u017eou vyu\u017e\u00edt p\u0159i cestov\u00e1n\u00ed. Prostor b\u00fdval\u00e9 \u0161kolky na n\u00e1m\u011bst\u00ed 24. dubna ve Vesel\u00fd nad Moravou znovu o\u017eije, prom\u011bn\u00ed se toti\u017e na ve\u0159ejn\u00e9 prostranstv\u00ed. M\u011bsto z\u00edskalo na jeho p\u0159em\u011bnu dotaci ze st\u00e1tn\u00edho fondu podpory investic. Vstup na zahradu mate\u0159sk\u00e9 \u0161koly na n\u00e1m\u011bst\u00ed 24. dubna ve Vesel\u00fd nad Moravou je\u0161t\u011b st\u00e1le chr\u00e1n\u00ed z\u00e1mek. Asi za p\u016fl roku se tu ale budou znovu hr\u00e1t d\u011bti nebo odpo\u010d\u00edvat seniori. M\u011bsto toti\u017e tento prostor p\u0159ebuduje na ve\u0159ejn\u00e9 prostr\u00e1nstv\u00ed. P\u00e1tek 6. \u0159\u00edjna byla na radnici podeps\u00e1na smlova o d\u00edlo, kter\u00e1 se dot\u00fdk\u00e1 n\u00e1m\u011bst\u00ed 24. dubna, takov\u00e9 pom\u011brn\u011b rozs\u00e1hl\u00e9 revitalizace cel\u00e9ho toho prostoru, kter\u00fd u\u017e dnes m\u00e1 povahu Brownfieldu. Mate\u0159skou \u0161kolu nav\u0161t\u011bvovali generace veselsk\u00fdch d\u011bt\u00ed. Vnitru stavby ale doutnala \u010dasovan\u00e1 bomba, kter\u00e1 tak\u00e9 zabr\u00e1nila jej\u00ed rekonstrukci. Ve chv\u00edli, kdy se p\u0159ipravovala rekonstrukce, tak se zjistila p\u0159\u00edtomnost asbestu. A na z\u00e1klad\u011b stanovisek hygieny do\u0161lo vlastn\u011b k rozhodnut\u00ed o demolici cel\u00e9 t\u00e9to \u0161kolky. Te\u010f p\u016fjde budova k zemi. Samoz\u0159ejm\u011b tak, aby se zabr\u00e1nilo uvol\u0148ov\u00e1n\u00ed \u010d\u00e1stic asbestu do ovzdu\u0161\u00ed. Cel\u00fd prostor, v\u010detn\u011b zahrady, zarostl\u00e9 zelen\u00ed se prom\u011bn\u00ed na park. \u00dapravy se dotknou tak\u00e9 jeho nejbli\u017e\u0161\u00edho okol\u00ed. V tomto prostorac\u00ed za mnou vznikne takov\u00fd nov\u00fd par\u010d\u00edk p\u0159\u00edjemn\u00e9 ve\u0159ejn\u00e9 prostr\u00e1nstv\u00ed, kter\u00fd zachov\u00e1v\u00e1 v\u0161echny zarostl\u00e9 stromy, bude dopln\u011bn\u00fd samoz\u0159ejm\u011b dal\u0161\u00ed zelen\u00ed, budou tam hern\u00ed prvky a samoz\u0159ejm\u011b um\u00edst\u011bny budou i nov\u00e9 podzemn\u00ed kontejnery. A v t\u00e9 lokalit\u011b kolem 24. dobn\u00e1 vznikne 27 nov\u00fdch parkovac\u00edch m\u00edst. Oprav\u00ed se chodn\u00edky, p\u0159ibudou tu fitness i d\u011btsk\u00e9 hern\u00ed prvky, alt\u00e1n, lavi\u010dky, p\u00edtko, ve\u0159ejn\u00e9 osv\u011btlen\u00ed a dal\u0161\u00ed mobili\u00e1\u0159 parku. M\u011bsto z\u00edskalo na tento projekt v\u00edce ne\u017e 9 milionovou dotaci ze st\u00e1tn\u00edho fondu podpory investic. V\u00fdval\u00e1 \u0161kolka toti\u017e vykazuje znaky Brownfieldu. Staveby pr\u00e1ce za\u010dnou je\u0161t\u011b v pr\u016fb\u011bhu \u0159\u00edjna a v\u0161e by m\u011blo b\u00fdt hotov\u00e9 v dubnu roku 2024. Leto\u0161n\u00ed z\u00e1\u0159\u00ed bylo p\u0159ipom\u00ednkou 85. v\u00fdro\u010d\u00ed od vyhl\u00e1\u0161en\u00ed v\u0161eobecn\u00e9 mobilizace a podpisu M\u011bchovsk\u00e9 dohody. T\u011bmto ud\u00e1lostem p\u0159edch\u00e1zelo budov\u00e1n\u00ed opevn\u011bn\u00ed na Kr\u00e1licku. V\u00fdstavbu Tvrze Bouda mapuje dokument P\u0159ilo\u017ete na ohn\u011b, kter\u00fd m\u011bl ned\u00e1vno premi\u00e9ru. T\u00edmto sn\u00edmkem chce Pardubick\u00fd kraj n\u00e1v\u0161t\u011bvn\u00edk\u016fm p\u0159ibl\u00ed\u017eit tato smutn\u00e1 v\u00fdro\u010d\u00ed na\u0161ich d\u011bjin. P\u0159edprostor d\u011blost\u0159eleck\u00e9 Tvrze Bouda u Tichon\u00edna na Kr\u00e1licku se prom\u011bnil ve venkovn\u00ed kinos\u00e1l. Stal se m\u00edstem premi\u00e9ry dokumentu P\u0159ilo\u017ete na ohn\u011b. Film, kter\u00fd Pardubick\u00fd kraj objednal, tak se t\u00fdk\u00e1 pevnosti Bouda v historick\u00e9m kontextu. Je to tro\u0161i\u010dku jin\u00fd film, ne\u017e kter\u00fd byl nato\u010den\u00fd p\u0159ed asi sedmi lety, kdy jsme p\u0159ipravili mnohem v\u00edce odborn\u00fd a technick\u00fd sn\u00edmek. Kdy\u017e jsem byl osloven, jestli bych necht\u011bl zpracovat t\u00e9ma historie Tvrze Bouda, jeliko\u017e m\u00e1m fortifika\u010dn\u00ed pam\u00e1tky z obdob\u00ed t\u0159ic\u00e1t\u00fdch let, osobn\u011b velmi r\u00e1d dostr\u00e1c\u00edm na Boudu jezd\u00edm, tak jsem byl vylo\u017een\u00fd nad\u0161enej. Premi\u00e9ru doprov\u00e1zel n\u00e1stup vojska Isalvy. Dokument je protk\u00e1n vzpom\u00ednkami dcery arm\u00e1dn\u00edho gener\u00e1la Ludv\u00edka Krej\u010d\u00edho, Marie \u017di\u017ekov\u00e9, kter\u00e1 se premi\u00e9ry z\u00fa\u010dastnila osobn\u011b. Jej\u00ed tat\u00ednek zast\u00e1val v\u00fdznamnou funkci. Byl v t\u00e9 dob\u011b t\u011bch rozhoduj\u00edc\u00edch t\u0159ic\u00e1t\u00fdch letech hlavn\u00edm velitelem \u0161t\u00e1bu, to znamen\u00e1 vlastn\u011b nejvy\u0161\u0161\u00edm voj\u00e1kem v r\u00e1mci cel\u00e9 \u010ceskoslovensk\u00e9 arm\u00e1dy. P\u016fvodn\u00edm z\u00e1m\u011brem bylo nato\u010det historick\u00fd materi\u00e1l. Kdy\u017e jsme si \u0159ekli, \u017ee by byla \u0161koda vytvo\u0159it video u\u010debnici, tak jsme vzali z\u00e1pisky voj\u00e1k\u016f, kte\u0159\u00ed tu skute\u010dn\u011b slou\u017eili a zpracovali jsme to v podstat\u011b skoro jako filmov\u00fd p\u0159\u00edb\u011bh. Krom\u011b skute\u010dn\u00fdch herc\u016f si zahr\u00e1li i \u010dlenov\u00e9 klubu vojensk\u00e9 historie. Za\u0161lo jim to skv\u011ble. Pochopiteln\u011b Robert \u010cada se tak\u00e9 do\u010dkal sv\u00e9 role, proto\u017ee cel\u00fd p\u0159\u00edb\u011bh se odehr\u00e1v\u00e1 nebo to\u010d\u00ed kolem t\u0159\u00ed z\u00e1kladn\u00edch postav, co\u017e je velitel tvrze a dva poru\u010d\u00edci. Pr\u00e1v\u011b jednoho z nich stv\u00e1rnil m\u00edstop\u0159edseda klubu Bouda. Co kdy\u017e se nepoda\u0159\u00ed ty pancerov\u00e9 kopule osadit v\u010das? Co kdy\u017e N\u011bmci p\u0159ijdu a\u017e sem? Tak tady budete t\u0159i, vy dva a jede N\u011bmec. Bylo to pro m\u011b slo\u017eit\u00fd, proto\u017ee j\u00e1 herec nejsem, tak\u017ee musel jsem se n\u011bjak\u00fd v\u011bci ur\u010dit\u00fd nau\u010dit, m\u00e1m jin\u00fd dialog prost\u011b ne\u017e herci atd. Samotn\u00e9 nat\u00e1\u010den\u00ed trvalo pouh\u00e9 \u010dty\u0159i nat\u00e1\u010dec\u00ed dny. Za\u010d\u00ednalo se v Dubnu. Byla neuv\u011b\u0159iteln\u00e1 zima. My jsme byli v podzem\u00ed n\u011bkolik hodin a \u0161t\u00e1b to samoz\u0159ejm\u011b poc\u00edtoval a brblal. Lid\u00e9 uvid\u00ed opravdu, jak to bylo p\u0159i t\u00e9 mobilizaci. Uvid\u00ed \u017eivot p\u0159\u00edmo v t\u00e9 tvrzi. D\u00e1le uvid\u00ed ur\u010dit\u00fd malinko p\u0159est\u0159elky, kdy\u017e n\u00e1s napadal frajkov. Sn\u00edmek by m\u011bl b\u00fdt mimo jin\u00e9 \u00favodem do prohl\u00eddkov\u00fdch tras na tvrzi Bouda. Je rovn\u011b\u017e p\u0159ipom\u00ednkou 85. v\u00fdro\u010d\u00ed vyhl\u00e1\u0161en\u00ed V\u0161eobecn\u00e9 mobilizace a n\u00e1sledn\u00e9ho podpisu Mn\u00edchovsk\u00e9 dohody. Je to ji\u017e 80 let, kdy m\u011bla v Terez\u00ednsk\u00e9m getu premi\u00e9ru d\u011btsk\u00e1 opera Brundibar. \u017didovsk\u00fdm v\u011bz\u0148\u016fm tehdy dod\u00e1vala nad\u011bji, \u017ee se poda\u0159\u00ed porazit Hitlera. A Brundibar se do Terez\u00edna vr\u00e1til zp\u011bt. Operu nastudovali studenti n\u011bmeck\u00e9 \u0161koly. Z\u00e1jem ze strany div\u00e1k\u016f byl obrovsk\u00fd. 23. z\u00e1\u0159\u00ed roku 1943 se v p\u016fdn\u00edm divadle Magdebursk\u00fdch kas\u00e1ren odehr\u00e1lo prvn\u00ed terez\u00ednsk\u00e9 p\u0159edstaven\u00ed legend\u00e1rn\u00ed d\u011btsk\u00e9 opery Brundibar. Tedy letos uplynulo 80 let a Brundibar se do Terez\u00edna vr\u00e1til v pod\u00e1n\u00ed student\u016f n\u011bmeck\u00e9 \u0161koly, kte\u0159\u00ed hr\u00e1li pln\u00e9mu hledi\u0161ti. N\u00e1s o\u0161lovila \u0161kola, jedn\u00e1 se o gymn\u00e1zium z n\u011bmeck\u00e9ho Wilfr\u00e1tu, kte\u0159\u00ed s Brundibarem vystoupili v getu Vrize. Na\u0161e velvyslankyn\u011b jim doporu\u010dila kontaktovat pr\u00e1v\u011b n\u00e1s, pam\u00e1tn\u00edk Terez\u00edn, \u017ee by bylo symbolick\u00e9 odehr\u00e1t to p\u0159edstaven\u00ed Vravy. Oni mezi t\u00edm hr\u00e1li to p\u0159edstaven\u00ed ve slo\u017een\u00ed, v jak\u00e9m budou zp\u00edvat i tady, v Izraeli a i v Palestin\u011b. A dohodli jsme se a pr\u00e1v\u011b vznikla tato akce, kter\u00e1 si p\u0159ipomenuje tadyto kulat\u00e9 v\u00fdro\u010d\u00ed pr\u00e1v\u011b dnes. D\u011btskou operu Brundibar napsal skladatel Hans Kr\u00e1sa v roce 1938. Sv\u00e9 premi\u00e9ry se ale do\u010dkala a\u017e na p\u0159ilomu let 1942 a 1943 v \u017eidovsk\u00e9m styrod\u010dinci v Praze. Skladatel Hans Kr\u00e1sa byl mezi t\u00edm v srpnu roku 1942 p\u0159evezen transportem do terez\u00ednsk\u00e9ho geta a pra\u017eskou premi\u00e9ru sv\u00e9 opery nevid\u011bl. V getu se ale setkal s d\u011btmi, kter\u00e9 \u00fa\u010dinkovali v pra\u017esk\u00e9 verzi Brundib\u00e1ra a operu tedy za doprovodu deseti\u010dlen\u00e9ho orchestru spole\u010dina zkou\u0161eli b\u011bhem jednoho a p\u016fl m\u011bs\u00edce znovu. Do z\u00e1\u0159\u00ed roku 1944 odehr\u00e1li celkem pades\u00e1t p\u011bt repr\u00edz. V\u011bt\u0161ina d\u011btsk\u00fdch protagonist\u016f Brundib\u00e1ra se ov\u0161em konce v\u00e1lky nedo\u017eila. D\u00edky pam\u00e1tn\u00edk\u016f Terez\u00edn ale jejich odkaz \u017eije d\u00e1l. Pam\u00e1tn\u00edk Terez\u00edn si toti\u017e Brundib\u00e1ra p\u0159ipom\u00edn\u00e1 ka\u017ed\u00fd rok. My v\u011bt\u0161inou Brundib\u00e1ra pl\u00e1nujeme, kdy\u017e jsou r\u016fzn\u00e9 vzpom\u00ednkov\u00e9 akce, a\u0165 u\u017e je to t\u0159eba v\u00fdro\u010d\u00ed vzniku zalo\u017een\u00ed geta. On se hr\u00e1l naposledy pr\u00e1v\u011b, kdy\u017e bylo 75. v\u00fdro\u010d\u00ed prvn\u00edho transportu do Terez\u00edna. Ov\u0161em ten Brundib\u00e1r se v Terezin\u011b hraje de facto ka\u017ed\u00fd rok. V\u011bt\u0161inou na\u0161e vzd\u011bl\u00e1vac\u00ed odd\u011blen\u00ed napl\u00e1nuje p\u0159edstaven\u00ed v r\u00e1mci sv\u00e9ho vzd\u011bl\u00e1vac\u00edho programu pro \u0161koly, tak\u017ee tento prostor Brundib\u00e1ra v pr\u016fb\u011bhu t\u011bch let sly\u0161\u00ed opakovan\u011b. Nej\u010dast\u011bji ho tady hraje diskman\u016f v rozhlasov\u00fd d\u011btsk\u00fd zbor a pr\u00e1v\u011b pod veden\u00edm man\u017eel\u016f Fleglov\u00fdch, kte\u0159\u00ed p\u0159ijali pozv\u00e1n\u00ed a kte\u0159\u00ed p\u0159ijdou sem na to p\u0159edstaven\u00ed i dnes. Opera Brundib\u00e1r byla sv\u00e9ho \u010dasu zneu\u017eita nacistickou propagandou jako d\u016fkaz idyllick\u00e9ho \u017eivota \u017did\u016f v Terez\u00edn\u011b. V Kaplici v\u016fbec poprv\u00e9 prob\u011bhla akce Kaplick\u00e9 dvorky. Ta n\u00e1v\u0161t\u011bvn\u00edky vpustila do m\u00edst, kam se b\u011b\u017en\u011b nepod\u00edvaj\u00ed. Nechyb\u011bl ani zaj\u00edmav\u00fd a bohat\u00fd doprovodn\u00fd program. P\u0159esv\u011bd\u010dte se v n\u00e1sleduj\u00edc\u00ed report\u00e1\u017ei. V Kaplici se v ned\u011bli 8. \u0159\u00edjna konala akce Kaplick\u00e9 dvorky. Otev\u0159eny byly vybran\u00e9 dvorky, kam by se n\u00e1v\u0161t\u011bvn\u00edci jinak nedostali a kaplic\u00e1ci se tak mohli pod\u00edvat na r\u016fzn\u00e1 m\u00edsta z jin\u00e9ho \u00fahlu pohledu. V r\u00e1mci akce byl p\u0159ipraven zaj\u00edmav\u00fd program. M\u00e1me tady dv\u011b v\u00fdstavy, jednu star\u00fdch fotografi\u00ed, jednu v\u00fdstavu m\u00edstn\u00edho vytvarn\u00edka, pana Ol\u00e1ha. M\u00e1me tady workshopy pro d\u011bti, \u010dten\u00ed, ne\u010dekanou kav\u00e1rnu a taky vyr\u00e1b\u011bn\u00ed t\u0159eha louvinsk\u00fdch kost\u00fdm\u016f. Inspirace pro den otev\u0159en\u00fdch dvork\u016f p\u0159i\u0161la z m\u011bst, kde se takov\u00e9 akce konaj\u00ed ka\u017edoro\u010dn\u011b, jako nap\u0159\u00edklad v T\u00e1bo\u0159e nebo v \u010cesk\u00fdch Bud\u011bjovic\u00edch. V Kaplici se takov\u00e1 akce letos po\u0159\u00e1dala poprv\u00e9. Organiz\u00e1to\u0159i vyu\u017eili r\u016fzn\u00fdch prostor pro v\u00fdstavu historick\u00fdch fotografi\u00ed a tak\u00e9 pro v\u00fdstavu pana Ol\u00e1ha. Pan Ol\u00e1ha maluje domy v Kaplici, tak, jak by si p\u0159edstavl, \u017ee by m\u011bly vypadat ty, kter\u00e9 nevypadaj\u00ed \u00fapln\u011b t\u0159eba ide\u00e1ln\u011b. A krom\u011b toho, \u017ee m\u00e1 dneska v\u00fdstavu v ulic\u00edch, tak z\u00e1rove\u0148 p\u0159ipravuje ve spolupr\u00e1ci se spole\u010dnost\u00ed Ledak s mobiln\u00edm hospicem svoji v\u00fdstavu v Kapkafe a v Ar\u0161e. Ta v\u00fdstava je beneficn\u00ed, on daroval n\u011bkolik obraz\u016f a v\u00edt\u011b\u017eek p\u016fjde na podporu hospice. Ahoj, kdo v\u00e1s u\u010dil malovat a jak\u00e9 to bylo? M\u016fj prad\u011bd z Ma\u010farska. A co v\u00e1s u\u010dil malovat, jak\u00e9 v\u011bci? Nap\u0159ed ornamenty, pak n\u011bjak\u00e9 krajinky a to u\u017e jsem z\u016fstal. I p\u0159es nep\u0159\u00edze\u0148 po\u010das\u00ed se akce Kaplick\u00e9 dvorky konala a vyl\u00e1kala ven m\u00edstn\u00ed n\u00e1v\u0161t\u011bvn\u00edky. N\u011bkter\u00e9 z akc\u00ed byly kv\u016fli zim\u011b a mrholen\u00ed p\u0159esunuty do vnit\u0159n\u00edch prostor, jako nap\u0159\u00edklad koncert nebo poh\u00e1dka pro d\u011bti. Poh\u00e1dku pro n\u00e1s p\u0159ipravila Jazykovka Kaplice a je to interaktivn\u00ed poh\u00e1dka o hledov\u00e9 husence. A koncert se bude ohr\u00e1vat tady na radni\u010dn\u00edm dvorku Kapela Poprv\u00e9, kter\u00e1 je m\u00edstn\u00ed a potom tady budou zp\u00edvat d\u011bti. Vyda\u0159enou akci Kaplick\u00e9 dvorky po\u0159\u00e1dala m\u00edstn\u00ed ak\u010dn\u00ed skupina Pomal\u0161\u00ed a kabinet Kaplice za pomoc\u00ed kulturn\u00edho informa\u010dn\u00edho centra v Kaplici. A11 pr\u00e1v\u011b kon\u010d\u00ed a j\u00e1 vrac\u00edm slovo do studia B\u00e1\u0159e a Tondovi. Kr\u00e1sn\u00fd ve\u010der. www.arkance-systems.cz","nbla_serie":"525","nbla_season":"2023","nbla_episode":"121","nbla_duration":"1387.32","nbla_genre":"3.1.1.1","nbla_editorial_format":"2.1.1","nbla_mtime":"1697126526","nbla_url":"https:\/\/origin.a11.cz\/vod\/ey2519kw6a6qrx1nu94bg6q11.mp4","nbla_version":"1697126518","nbla_odvysilano":"Ano","bunny_id":"f183184f-6abe-4584-9f6b-30183062b135","youtube_id":"","datum_vydani":"20231012","stopaz":"1387.32","dokument":[],"video_to":[]},"_links":{"self":[{"href":"https:\/\/tv.a11.cz\/api\/wp\/v2\/video\/12010","targetHints":{"allow":["GET"]}}],"collection":[{"href":"https:\/\/tv.a11.cz\/api\/wp\/v2\/video"}],"about":[{"href":"https:\/\/tv.a11.cz\/api\/wp\/v2\/types\/video"}],"author":[{"embeddable":true,"href":"https:\/\/tv.a11.cz\/api\/wp\/v2\/users\/8"}],"wp:featuredmedia":[{"embeddable":true,"href":"https:\/\/tv.a11.cz\/api\/wp\/v2\/media\/12011"}],"wp:attachment":[{"href":"https:\/\/tv.a11.cz\/api\/wp\/v2\/media?parent=12010"}],"wp:term":[{"taxonomy":"category","embeddable":true,"href":"https:\/\/tv.a11.cz\/api\/wp\/v2\/categories?post=12010"},{"taxonomy":"porad","embeddable":true,"href":"https:\/\/tv.a11.cz\/api\/wp\/v2\/porad?post=12010"},{"taxonomy":"region","embeddable":true,"href":"https:\/\/tv.a11.cz\/api\/wp\/v2\/region?post=12010"},{"taxonomy":"kategorie","embeddable":true,"href":"https:\/\/tv.a11.cz\/api\/wp\/v2\/kategorie?post=12010"}],"curies":[{"name":"wp","href":"https:\/\/api.w.org\/{rel}","templated":true}]}}