{"id":12002,"date":"2023-10-12T16:22:28","date_gmt":"2023-10-12T14:22:28","guid":{"rendered":"https:\/\/tv.a11.cz\/?post_type=video&#038;p=12002"},"modified":"2023-10-13T15:57:26","modified_gmt":"2023-10-13T13:57:26","slug":"ostravska-organica-je-evropskym-architektonickym-skvostem","status":"publish","type":"video","link":"https:\/\/tv.a11.cz\/video\/ostravska-organica-je-evropskym-architektonickym-skvostem\/","title":{"rendered":"Ostravsk\u00e1 ORGANICA je evropsk\u00fdm architektonick\u00fdm skvostem"},"content":{"rendered":"","protected":false},"excerpt":{"rendered":"<p>Jej\u00ed p\u016fdorys p\u0159ipom\u00edn\u00e1 \u010dty\u0159listou vrtuli s kruhem uprost\u0159ed. Je v n\u00ed p\u0159es 25 tis\u00edc \u010dtvere\u010dn\u00edch metr\u016f, zejm\u00e9na kancel\u00e1\u0159sk\u00fdch ploch. Z v\u011bt\u0161\u00ed \u010d\u00e1sti je bude vyu\u017e\u00edvat IT spole\u010dnost.<\/p>\n","protected":false},"author":8,"featured_media":12060,"template":"","categories":[17,157],"porad":[],"region":[58,115],"kategorie":[],"class_list":["post-12002","video","type-video","status-publish","has-post-thumbnail","hentry","category-domaci","category-zpravy","region-moravskoslezsky-kraj","region-ostravsko"],"acf":[],"meta_box":{"nbla_idec":"N2308182","nbla_title":"Ostravsk\u00e1 ORGANICA je evropsk\u00fdm architektonick\u00fdm skvostem","nbla_subtitle":"","nbla_summary":"","nbla_description":"","nbla_transcription":"Jej\u00ed p\u016fdorys p\u0159ipom\u00edn\u00e1 \u010dty\u0159listou vrtuli s kruhem uprost\u0159ed. Je v n\u00ed p\u0159es 25 tis\u00edc \u010dtvere\u010dn\u00edch metr\u016f, zejm\u00e9na kancel\u00e1\u0159sk\u00fdch ploch. Z v\u011bt\u0161\u00ed \u010d\u00e1sti je bude vyu\u017e\u00edvat IT spole\u010dnost Tieto Evry. N\u00e1m p\u0159in\u00e1\u0161\u00ed, proto\u017ee jsme nejv\u011bt\u0161\u00ed severoevropsk\u00e1 firma, se siln\u00fdm d\u016frazem na ty seversk\u00e9 hodnoty. Mezi n\u011b pat\u0159\u00ed \u017eivotn\u00ed prost\u0159ed\u00ed, jak u\u017e bylo vlastn\u011b dneska zm\u00edn\u011bno n\u011bkolikr\u00e1t, tato budova je nejzelen\u011bj\u0161\u00ed, to znamen\u00e1 spl\u0148uje z pohledu t\u011bch hodnot, norem a certifikac\u00ed a udr\u017eitelnost\u00ed k \u017eivotn\u00edmu prost\u0159ed\u00ed to, co my vy\u017eadujeme jako spole\u010dnost. Zevnit\u0159 i zven\u010d\u00ed je objekt prorostl\u00fd zelen\u00ed a d\u00edky fotovoltaick\u00e9 elektr\u00e1rn\u011b na st\u0159e\u0161e i z \u010d\u00e1sti energeticky sob\u011b sta\u010dn\u00ed. Inteligentn\u00ed vzduchotechnika bude pos\u00edlat \u010derstv\u00fd vzduch tam, kde bude pr\u00e1v\u011b pot\u0159eba. Talensta Organica padla z vesm\u00edru a j\u00e1 jsem za to velmi r\u00e1d, proto\u017ee je to nad\u010dasov\u00e1 budova, kter\u00e1 spl\u0148uje prvky dne\u0161n\u00edch technologi\u00ed, kter\u00e9 se okolo n\u00e1s tvo\u0159\u00ed, a\u0165 to jsou samoz\u0159ejm\u011b fotovoltaick\u00e9 panely nebo smart syst\u00e9my v r\u00e1mci budov. Vlastn\u00ed aplikace nap\u0159\u00edklad nasm\u011bruj\u00ed \u0159idi\u010de na voln\u00e1 parkovac\u00ed m\u00edsta. Jeden z nejmodern\u011bj\u0161\u00edch dom\u016f u n\u00e1s postavila \u010cesk\u00e1 developersk\u00e1 a investi\u010dn\u00ed spole\u010dnost Kontera. Je to pro n\u00e1s v\u00fdznamn\u00fd projekt, je to prvotn\u00ed po\u010din administrativn\u00edho developmentu pro spole\u010dnost Kontera. M\u00e1m pocit, \u017ee jsme se toho zhostili velmi dob\u0159e a \u017ee jsme to zvl\u00e1dli. V na\u0161em i evropsk\u00e9m kontextu v\u00fdjime\u010dn\u00e1 stavba p\u0159i\u0161la na 1,5 miliardy koruna. Trvala pouh\u00e9 dva roky. U\u017e p\u0159i slavnostn\u00edm otev\u0159en\u00ed bylo pro najeto asi 80% ploch. V tuto chv\u00edli jsou to kancel\u00e1\u0159t\u00ed n\u00e1jemci spole\u010dnosti Everia a spole\u010dnost Stora Enzo. Nicm\u00e9n\u011b Organika nen\u00ed jen o nejmodern\u011bj\u0161\u00edch kancel\u00e1\u0159sk\u00fdch prostorech, ale bude nab\u00edzet i prvot\u0159\u00eddn\u00ed slu\u017eby sv\u00fdm u\u017eivatel\u016fm a i ostravan\u016fm. M\u00e1me za klienty i kav\u00e1rnu Cocafe, fitness centrum Individual Fitness a kant\u00ednu s p\u0159\u00edzna\u010dn\u00fdm n\u00e1zvem Kant\u00edn.","nbla_serie":"","nbla_season":"","nbla_episode":"","nbla_duration":"130.92","nbla_genre":"","nbla_editorial_format":"","nbla_mtime":"1697119550","nbla_url":"https:\/\/origin.a11.cz\/vod\/a13kkc9c7a5r5dqc0plg3retw.mp4","nbla_version":"1697119550","nbla_odvysilano":"Ano","bunny_id":"7dde2e00-f6f7-46b9-9660-93454eb39f88","youtube_id":"","datum_vydani":"20231012","stopaz":"130.92","dokument":[],"video_to":["12061"]},"_links":{"self":[{"href":"https:\/\/tv.a11.cz\/api\/wp\/v2\/video\/12002","targetHints":{"allow":["GET"]}}],"collection":[{"href":"https:\/\/tv.a11.cz\/api\/wp\/v2\/video"}],"about":[{"href":"https:\/\/tv.a11.cz\/api\/wp\/v2\/types\/video"}],"author":[{"embeddable":true,"href":"https:\/\/tv.a11.cz\/api\/wp\/v2\/users\/8"}],"wp:featuredmedia":[{"embeddable":true,"href":"https:\/\/tv.a11.cz\/api\/wp\/v2\/media\/12060"}],"wp:attachment":[{"href":"https:\/\/tv.a11.cz\/api\/wp\/v2\/media?parent=12002"}],"wp:term":[{"taxonomy":"category","embeddable":true,"href":"https:\/\/tv.a11.cz\/api\/wp\/v2\/categories?post=12002"},{"taxonomy":"porad","embeddable":true,"href":"https:\/\/tv.a11.cz\/api\/wp\/v2\/porad?post=12002"},{"taxonomy":"region","embeddable":true,"href":"https:\/\/tv.a11.cz\/api\/wp\/v2\/region?post=12002"},{"taxonomy":"kategorie","embeddable":true,"href":"https:\/\/tv.a11.cz\/api\/wp\/v2\/kategorie?post=12002"}],"curies":[{"name":"wp","href":"https:\/\/api.w.org\/{rel}","templated":true}]}}