{"id":11892,"date":"2023-10-11T15:53:21","date_gmt":"2023-10-11T13:53:21","guid":{"rendered":"https:\/\/tv.a11.cz\/?post_type=video&#038;p=11892"},"modified":"2023-10-11T20:13:35","modified_gmt":"2023-10-11T18:13:35","slug":"ceny-olomouckeho-kraje-jsou-predany","status":"publish","type":"video","link":"https:\/\/tv.a11.cz\/video\/ceny-olomouckeho-kraje-jsou-predany\/","title":{"rendered":"Ceny Olomouck\u00e9ho kraje jsou p\u0159ed\u00e1ny"},"content":{"rendered":"","protected":false},"excerpt":{"rendered":"<p>Nejlep\u0161\u00ed poskytovatel soci\u00e1ln\u00ed slu\u017eby, profesion\u00e1ln\u00ed pracovn\u00edk p\u0159\u00edm\u00e9 p\u00e9\u010de, filantrop nebo cena ve\u0159ejnosti. Toto jsou n\u011bkter\u00e1 ocen\u011bn\u00ed, kter\u00e1 v Olomouck\u00e9m \u010derven\u00e9m kostele obdr\u017eela des\u00edtka osob v anket\u011b Srdce na dlani.<\/p>\n","protected":false},"author":8,"featured_media":11920,"template":"","categories":[17,157],"porad":[],"region":[106,59],"kategorie":[],"class_list":["post-11892","video","type-video","status-publish","has-post-thumbnail","hentry","category-domaci","category-zpravy","region-olomoucko","region-olomoucky-kraj"],"acf":[],"meta_box":{"nbla_idec":"N2306394","nbla_title":"Ceny Olomouck\u00e9ho kraje jsou p\u0159ed\u00e1ny","nbla_subtitle":"","nbla_summary":"","nbla_description":"","nbla_transcription":"\u266a Srdce, srdce na dlan\u00ed. \u266a Nejlep\u0161\u00ed poskytovatel soci\u00e1ln\u00ed slu\u017eby, profesion\u00e1ln\u00ed pracovn\u00edk p\u0159\u00edm\u00e9 p\u00e9\u010de, filantrop nebo cena ve\u0159ejnosti. Toto jsou n\u011bkter\u00e1 ocen\u011bn\u00ed, kter\u00e1 v Olomouck\u00e9m \u010derven\u00e9m kostele obdr\u017eela des\u00edtka osob v anket\u011b Srdce na dlan\u00ed. Touto cenou kraj pod\u011bkoval lidem a organizac\u00edm pracuj\u00edc\u00edm v soci\u00e1ln\u00edch slu\u017eb\u00e1ch. Do t\u00e9to doby jsme ocen\u011bvali v\u017edycky dva, dva z\u00e1stupce soci\u00e1ln\u00ed oblasti, jednoho profesion\u00e1la a jednoho amat\u00e9ra. Vykonalo se to v\u017edycky jednou na zastupitelstvu, to znamen\u00e1 p\u0159ed zastupitelkami a zastupiteli a bylo to takov\u00e1 jako rychl\u00e1 akce. A nyn\u00ed se teda odbor soci\u00e1ln\u00ed rozhodl tomu d\u00e1t, \u0159ekn\u011bme, tento d\u016fstojn\u011bj\u0161\u00ed a celove\u010dern\u00ed h\u00e1v. My dne\u0161n\u00ed akci, tuto slavnost pova\u017eujeme za vrchol toho t\u00fddne soci\u00e1ln\u00edch slu\u017eeb v Olomouck\u00e9m kraji, proto\u017ee jsme ocenili jenom b\u00fdt mal\u00fd zlomek t\u011bch, kte\u0159\u00ed by si to zaslou\u017eili, ale ti, kte\u0159\u00ed se to opravdu zaslou\u017e\u00ed a sv\u00fdm celo\u017eivotn\u00edm p\u0159\u00edb\u011bhem a prac\u00ed v soci\u00e1ln\u00ed oblasti d\u011blaj\u00ed obrovsk\u00e9 renom\u00e9 a jsou p\u0159\u00edkladem a inspirac\u00ed pro ty ostatn\u00ed. J\u00e1 jako moc nejsem p\u0159iznivce ocen\u011bn\u00ed, tak\u017ee v\u017edycky si p\u0159ipad\u00e1m takovou nepat\u0159i\u010dn\u011b, \u017ee to ke mn\u011b nepat\u0159\u00ed, ale ocenuji to, \u017ee jin\u00ed jsou ocen\u011bn\u00ed. Jedn\u00edm z ocen\u011bn\u00fdch byl i fotograf a jezdec na handbajku Tom\u00e1\u0161 Hel\u00edsek. Na tu soci\u00e1ln\u00ed sf\u00e9ru se nev\u017edy \u00fapln\u011b mysl\u00ed a i kdy\u017e je to t\u0159eba jenom pomysln\u00e1 cena nebo nem\u00e1 zase takovou v\u00e1hu, tak minim\u00e1ln\u011b to ty lidi pot\u011b\u0161\u00ed a m\u016f\u017ee to vlastn\u011b i nasm\u011brovat ostatn\u00ed lidi, a\u0165 to jsou politici nebo ve\u0159ejnost, vn\u00edmat tu soci\u00e1ln\u00ed sf\u00e9ru tro\u0161ku jinak. V p\u011bti kategori\u00edch cenou Hejtmana a absolutn\u00edho v\u00edt\u011bze oce\u0148oval Olomouck\u00fd kraj tak\u00e9 v oblasti cestovn\u00edho ruchu. Olomouck\u00fd kraj dlouhodob\u011b ud\u011bluje ceny v oblasti cestovn\u00edho ruchu. Samoz\u0159ejm\u011b to z toho d\u016fvodu, \u017ee chceme nejen akt\u00e9ry v cestovn\u00edm ruchu, jim pop\u0159\u00e1t, pod\u011bkovat za tu jejich pr\u00e1ci a sna\u017een\u00ed, proto\u017ee bez nich by Olomouck\u00fd kraj nem\u011bl \u017e\u00e1dn\u00fd cestovn\u00ed ruch, ale samoz\u0159ejm\u011b tak\u00e9 proto, \u017ee ostatn\u00ed n\u00e1v\u0161t\u011bvn\u00edky na jejich m\u00edsta, kter\u00e1 jsou zn\u00e1m\u00e1 \u010di m\u00e9n\u011b zn\u00e1m\u00e1, pr\u00e1v\u011b pozveme. Ocen\u011bn\u00ed z\u00edskala nap\u0159\u00edklad nejlep\u0161\u00ed akce roku, novinka v cestovn\u00edm ruchu, nejlep\u0161\u00ed m\u00edsto bez bari\u00e9r, nejobl\u00edben\u011bj\u0161\u00ed b\u011b\u017eka\u0159sk\u00e1 trasa nebo unik\u00e1tn\u00ed gastronomick\u00fd z\u00e1\u017eitek. Absolutn\u00edm v\u00edt\u011bzem ankety se pak staly \u010dokol\u00e1dov\u00e9 losiny. Akce vznikla my\u0161lenkou, \u017ee jsme cht\u011bli propojit na\u0161i velkolosinskou pralink\u00e1rnu v\u016fbec se sv\u011btem losinami a s ve\u0161ker\u00fdmi pom\u00e1dkami ve velk\u00fdch losin\u00e1ch. Krom\u011b cestovn\u00edho ruchu se ud\u011blovalo tak\u00e9 20 cen autor\u016fm nejlep\u0161\u00edch \u017e\u00e1kovsk\u00fdch krezeb s t\u00e9matem Olomouck\u00fd kraj s pta\u010d\u00ed, \u017eab\u00ed i m\u00e9 perspektivy.","nbla_serie":"","nbla_season":"","nbla_episode":"","nbla_duration":"181","nbla_genre":"","nbla_editorial_format":"","nbla_mtime":"1697031773","nbla_url":"https:\/\/origin.a11.cz\/vod\/b1xbbm2uzii081bj88v9c86bu.mp4","nbla_version":"1697031773","nbla_odvysilano":"Ano","bunny_id":"802c22ad-4088-495a-bc88-fad42579d318","youtube_id":"","datum_vydani":"20231011","stopaz":"181","dokument":[],"video_to":["11921"]},"_links":{"self":[{"href":"https:\/\/tv.a11.cz\/api\/wp\/v2\/video\/11892","targetHints":{"allow":["GET"]}}],"collection":[{"href":"https:\/\/tv.a11.cz\/api\/wp\/v2\/video"}],"about":[{"href":"https:\/\/tv.a11.cz\/api\/wp\/v2\/types\/video"}],"author":[{"embeddable":true,"href":"https:\/\/tv.a11.cz\/api\/wp\/v2\/users\/8"}],"wp:featuredmedia":[{"embeddable":true,"href":"https:\/\/tv.a11.cz\/api\/wp\/v2\/media\/11920"}],"wp:attachment":[{"href":"https:\/\/tv.a11.cz\/api\/wp\/v2\/media?parent=11892"}],"wp:term":[{"taxonomy":"category","embeddable":true,"href":"https:\/\/tv.a11.cz\/api\/wp\/v2\/categories?post=11892"},{"taxonomy":"porad","embeddable":true,"href":"https:\/\/tv.a11.cz\/api\/wp\/v2\/porad?post=11892"},{"taxonomy":"region","embeddable":true,"href":"https:\/\/tv.a11.cz\/api\/wp\/v2\/region?post=11892"},{"taxonomy":"kategorie","embeddable":true,"href":"https:\/\/tv.a11.cz\/api\/wp\/v2\/kategorie?post=11892"}],"curies":[{"name":"wp","href":"https:\/\/api.w.org\/{rel}","templated":true}]}}