{"id":11883,"date":"2023-10-11T15:36:41","date_gmt":"2023-10-11T13:36:41","guid":{"rendered":"https:\/\/tv.a11.cz\/?post_type=video&#038;p=11883"},"modified":"2023-10-12T09:05:34","modified_gmt":"2023-10-12T07:05:34","slug":"dilnobrani-letos-poprve-i-s-pripravou-studene-kuchyne","status":"publish","type":"video","link":"https:\/\/tv.a11.cz\/video\/dilnobrani-letos-poprve-i-s-pripravou-studene-kuchyne\/","title":{"rendered":"D\u00edlnobran\u00ed letos poprv\u00e9 i s p\u0159\u00edpravou studen\u00e9 kuchyn\u011b"},"content":{"rendered":"","protected":false},"excerpt":{"rendered":"<p>Kulturn\u00ed d\u016fm v Polepech po roce op\u011bt hostil d\u00edlno bran\u00ed, sout\u011b\u017en\u00ed kl\u00e1n\u00ed klient\u016f za\u0159\u00edzen\u00ed Centra soci\u00e1ln\u00ed pomoci. Letos na t\u00e9ma zdrav\u00ed z na\u0161ich zahrad.<\/p>\n","protected":false},"author":8,"featured_media":11936,"template":"","categories":[17,157],"porad":[],"region":[93,63],"kategorie":[],"class_list":["post-11883","video","type-video","status-publish","has-post-thumbnail","hentry","category-domaci","category-zpravy","region-litomericko","region-ustecky-kraj"],"acf":[],"meta_box":{"nbla_idec":"N2303307","nbla_title":"D\u00edlnobran\u00ed letos poprv\u00e9 i s p\u0159\u00edpravou studen\u00e9 kuchyn\u011b","nbla_subtitle":"","nbla_summary":"","nbla_description":"","nbla_transcription":"Kulturn\u00ed d\u016fm v Polepech po roce op\u011bt hostil d\u00edlno bran\u00ed, sout\u011b\u017en\u00ed kl\u00e1n\u00ed klient\u016f za\u0159\u00edzen\u00ed Centra soci\u00e1ln\u00ed pomoci, letos na t\u00e9ma zdrav\u00ed z na\u0161ich zahrad. Dneska jsme se sem se\u0161li z toho, aby jsme posoudili jednotliv\u00fd discipl\u00edny a zru\u010dnost na\u0161ich u\u017eivatel\u016f v r\u00e1mci centra v jednotliv\u00fdch discipl\u00edn\u00e1ch, kter\u00e9 jsou keramika, vy\u0161\u00edv\u00e1n\u00ed, malov\u00e1n\u00ed na pl\u00e1tno a kulin\u00e1\u0159stv\u00ed. Kulin\u00e1\u0159stv\u00ed je jako nov\u00e1 discipl\u00edna, kterou jsme dneska leto\u0161n\u00edm roce zvolili a to z toho d\u016fvodu, proto\u017ee t\u00e9ma je letos v\u0161ech v\u0161ech zdrav\u00e9 z na\u0161ich zahrad, tak\u017ee proto jsme zvolili a cht\u011bli jsme zapojit i v r\u00e1mci na\u0161\u00ed pala\u010dink\u00e1rny n\u011bjakou \u010dinnost na\u0161ich u\u017eivatel\u016f a proto jsme zvolili tu kulin\u00e1\u0159skou \u010d\u00e1st. V kulin\u00e1\u0159sk\u00e9 \u010d\u00e1sti p\u0159ihl\u00e1\u0161en\u00ed u\u017eivatel\u00e9 p\u0159ipravovaly recepstu Denn\u00e9 kuchyn\u011b z na m\u00edst\u011b nab\u00eddnut\u00fdch surovin, kter\u00e9 znali dop\u0159edu. Na m\u00edst\u011b tak vznikaly nejr\u016fzn\u011bj\u0161\u00ed pomaz\u00e1nky, ovocn\u00e9 sal\u00e1ty nebo t\u0159eba zeleninov\u00fd koktejl. Na\u0161\u00edm c\u00edlem je hlavn\u011b integrace na\u0161ich u\u017eivatel\u016f a t\u00edm, \u017ee doch\u00e1zej\u00ed do na\u0161ich soci\u00e1ln\u011b-terapeutick\u00fdch d\u00edlek, tak aby vid\u011bli, \u017ee to, co se tam u\u010d\u00ed v denn\u00edm re\u017eimu, tak\u017ee opravdu je k n\u011b\u010demu a dne\u0161n\u00ed denci opravdu mohou porovnat sv\u00e9 zku\u0161enosti a znavosti, kter\u00e9 denn\u011b z\u00edsk\u00e1vaj\u00ed. J\u00e1 pracuji v pala\u010dink\u00e1rn\u011b a tady v d\u011bln\u00e1ch a chod\u00edme do \u0161koly, do institutu, jako na t\u0159i roky budeme a v k\u0159i\u017eici v kuchyni pracuji. Jsem v Litov\u011b u Traty a tam vyr\u00e1b\u00edme taky r\u016fzn\u00e9 v\u011bci, h\u00e1\u010dkujeme, pleteme, na velikonoce d\u011bl\u00e1me pro \u00fast\u00ed nad labem ty kyvany panenky, tak\u017ee m\u00e1me toho spousty. D\u00edlno Bran\u00ed m\u011blo i svou nesout\u011b\u017en\u00fd \u010d\u00e1st, kde do\u0161lo nap\u0159\u00edklad na v\u00fdrobu p\u0159\u00edrodn\u00ed kosmetiky, malov\u00e1n\u00ed ta\u0161ek \u010di tvorbu dr\u00e1tkov\u00fdch z\u00e1pich\u016f. D\u00edlno Bran\u00ed po\u0159\u00e1daj\u00ed soci\u00e1ln\u011b terapeutick\u00e9 d\u00edlny cestou integrace. Samoz\u0159ejm\u011b velk\u00e9 pod\u011bkov\u00e1n\u00ed pat\u0159\u00ed v\u0161em zam\u011bstnanc\u016fm, kter\u00e9 se do dne\u0161n\u00ed organizace zapojily a tak\u00e9 samoz\u0159ejm\u011b obc\u00edch, polepy, kter\u00e9 n\u00e1m prostory pronaj\u00edmaj\u00ed ka\u017edoro\u010dn\u011b na na\u0161e v\u011bt\u0161\u00ed akce, kter\u00e9 po\u0159\u00e1d\u00e1me.","nbla_serie":"","nbla_season":"","nbla_episode":"","nbla_duration":"154.66","nbla_genre":"","nbla_editorial_format":"","nbla_mtime":"1697030934","nbla_url":"https:\/\/origin.a11.cz\/vod\/7puj2bjddlae3tnlp99iqkqw7.mp4","nbla_version":"1697030934","nbla_odvysilano":"Ano","bunny_id":"13bbf00c-9861-4948-a064-e7944cfcd12a","youtube_id":"","datum_vydani":"20231011","stopaz":"154.66","dokument":[],"video_to":["11937"]},"_links":{"self":[{"href":"https:\/\/tv.a11.cz\/api\/wp\/v2\/video\/11883","targetHints":{"allow":["GET"]}}],"collection":[{"href":"https:\/\/tv.a11.cz\/api\/wp\/v2\/video"}],"about":[{"href":"https:\/\/tv.a11.cz\/api\/wp\/v2\/types\/video"}],"author":[{"embeddable":true,"href":"https:\/\/tv.a11.cz\/api\/wp\/v2\/users\/8"}],"wp:featuredmedia":[{"embeddable":true,"href":"https:\/\/tv.a11.cz\/api\/wp\/v2\/media\/11936"}],"wp:attachment":[{"href":"https:\/\/tv.a11.cz\/api\/wp\/v2\/media?parent=11883"}],"wp:term":[{"taxonomy":"category","embeddable":true,"href":"https:\/\/tv.a11.cz\/api\/wp\/v2\/categories?post=11883"},{"taxonomy":"porad","embeddable":true,"href":"https:\/\/tv.a11.cz\/api\/wp\/v2\/porad?post=11883"},{"taxonomy":"region","embeddable":true,"href":"https:\/\/tv.a11.cz\/api\/wp\/v2\/region?post=11883"},{"taxonomy":"kategorie","embeddable":true,"href":"https:\/\/tv.a11.cz\/api\/wp\/v2\/kategorie?post=11883"}],"curies":[{"name":"wp","href":"https:\/\/api.w.org\/{rel}","templated":true}]}}