{"id":11873,"date":"2023-10-11T15:28:20","date_gmt":"2023-10-11T13:28:20","guid":{"rendered":"https:\/\/tv.a11.cz\/?post_type=video&#038;p=11873"},"modified":"2023-10-12T09:36:10","modified_gmt":"2023-10-12T07:36:10","slug":"dobry-vecer-s-a11-11-10-2023-3-cast","status":"publish","type":"video","link":"https:\/\/tv.a11.cz\/video\/dobry-vecer-s-a11-11-10-2023-3-cast\/","title":{"rendered":"Dobr\u00fd ve\u010der s A11 11.10.2023 &#8211; 3.\u010d\u00e1st"},"content":{"rendered":"","protected":false},"excerpt":{"rendered":"<p>Na\u0161\u00edm dal\u0161\u00edm hostem k dne\u0161n\u00edmu t\u00e9matu, co\u017e je sv\u011btov\u00fd den d\u00edvek, je dal\u0161\u00ed mu\u017e, kter\u00fd o tom v\u00ed sv\u00e9, a to je pan Michal Viewegh.<\/p>\n","protected":false},"author":8,"featured_media":11950,"template":"","categories":[],"porad":[245],"region":[],"kategorie":[],"class_list":["post-11873","video","type-video","status-publish","has-post-thumbnail","hentry","porad-dobry-vecer-s-a11"],"acf":[],"meta_box":{"nbla_idec":"A2390018C","nbla_title":"Dobr\u00fd ve\u010der s A11","nbla_subtitle":"11.10.2023 - 3.\u010d\u00e1st","nbla_summary":"","nbla_description":"","nbla_transcription":"Hezky Dobr\u00fd ve\u010der, s\u00e1le 11, j\u00e1 jsem Michael V\u00ed, to je moje dne\u0161n\u00ed spolumoder\u00e1torka Linda F\u00ed, ale se t\u011b\u0161\u00edm, \u017ee to je\u0161t\u011b to druhou p\u016flku prost\u011b vl\u00edteme na ty dal\u0161\u00ed hosty a na\u0161\u00edm dal\u0161\u00edm hostem tomu dne\u0161n\u00edmu t\u00e9matu, co\u017e je sv\u011btov\u00fd den d\u00edvek je dal\u0161\u00ed mu\u017e, kter\u00fd o tom v\u00ed sv\u00fd a to je pan Michal V\u00edvek. A je Michale. Den, Michal. Vy se nezn\u00e1te teda, jako\u017ee dobr\u00fd den, jsme se n\u011bkde u\u017e to, ale nen\u00ed n\u011bjak. J\u00e1 jsem tak drze tyknul, ale taky tak, \u017ee bychom dovr\u00e1tili. Tak my s Michalem se zn\u00e1me n\u011bjakou u\u017e dobu v podstat\u011b d\u00edky a byl tady Filip Jel\u00ednek, proto\u017ee jsme ti hrali k narozen\u011b n\u00e1m a to je vlastn\u011b to, co byl 50 jin\u00fdm d\u017eesdoku, 50 jin\u00fd a to te\u010f u\u017e to je 10 let, ne to je p\u0159es 10, jo, to u\u017e se m\u016f\u017ee\u0161 promit, \u017ee jsme to nezopakovali, jsme t\u011b tehdy tak jako nesklamali, nebyli jsme dobr\u00fd, nejt\u011b to jsem byl je\u0161t\u011b v pln\u00fd form\u011b, ale pak mi p\u00e1r m\u011bs\u00edc\u016f na to praskla orta, nespoj\u00ed to s t\u00edm koncertem. A tak\u017ee mn\u011b p\u0159i\u0161lo, jako\u017ee v invalidn\u00edm d\u016fchodu, kter\u00fdm te\u010fka jsem, \u017ee bych jako si nechal hr\u00e1t k 60 n\u00e1m je a\u00e9r, tak to nev\u00edm, p\u0159itom tak r\u00e1d tan\u010d\u00ed\u0161, jako, proto\u017ee to je v\u017edycky jako ten, jako na parket\u011b prvn\u00ed, kolikr\u00e1t m\u011b zachr\u00e1nil na n\u011bjak\u00fdch mejdanech, kde nikdo netancoval a Michal \u0161el prost\u011b je to, jestli si m\u016f\u017eu dovolit \u0159\u00edct, je to trochu i kamar\u00e1d, jako tam bydl\u00edme, \u017ee na S\u00e1zavsku a proto\u017ee dneska sv\u011btov\u00fd den d\u00edvek, tak potom proto jsem jako pozval Michal, \u017ee ten m\u00e1 k tomu taky co \u0159\u00edct. J\u00e1 ve mnou, tak my jsme septali Filipa, zept\u00e1m se podobn\u011b i na tebe na to sam\u00e9. Ty jsi prvn\u00ed takov\u00e9, jako by zam\u011blovanost pro\u017eil v kolik letech, jako kdy to bylo, jako n\u011bjak, a\u0165 u\u017e platonick\u00e9, nebo a bylo to do d\u00edvky. Bylo to do d\u00edvky, jako tehdy n\u011bjak. Tehdy n\u00e1s nenapadalo nic jin\u00fdho n\u011bjak, n\u011bkoho, ale si nepamatuji, \u017ee bych si vzpom\u00ednal v d\u011btstv\u00ed na na n\u011bkoho, kdo se zam\u011bloval na kamar\u00e1da, kter\u00fd by se zam\u011bloval do chlapce, to se vyna\u0159ilo a\u017e n\u011bjak pozd\u011bji, co tady bylo n\u011bkde pl\u00ed\u017eiv\u011b n\u011bkde. Oni teda oni tvrd\u00ed, \u017ee ty lidi trpili a \u017ee to neprozradili, ale p\u0159itom jako t\u00edm jako ti\u0161e vlastn\u011b se tr\u00e1pili, tak\u017ee mo\u017en\u00fd to je, ale tehdy se o tom rozhodn\u011b nemluvilo, tak\u017ee kolik t\u011b tak jako bylo, kdy se poprv\u00e9 t\u0159eba l\u00edbal pod stromem n\u011bkde v parku nebo dr\u017eel holku za ruku v z\u00e1li do kina. J\u00e1 jsem se zam\u011bloval do sv\u00e9 prvn\u00ed \u017eeny v plaveck\u00e9m baz\u00e9nu v Limburce, kde jsem j\u00ed poprv\u00e9 vid\u011bl v plavk\u00e1ch, tak tam p\u0159esko\u010dila jizka. A ne man\u017eelka prvn\u00ed man\u017eelka, ale byla to pozd\u011bji se z n\u00ed skute\u010dn\u011b stala man\u017eelka, tak ona m\u00e1 je\u0161t\u011b legendu, \u017ee jsme se \u00fadajn\u011b u\u017e jako pusinkovali ve \u0161kolce, kterou, tak vid\u00ed\u0161, jsme jsme tam, j\u00e1 si to nepamatuji, toho \u0159\u00edk\u00e1m d\u00edvka. Tak, tak to pr\u00fd za\u010dalo, \u017ee se mi \u0161m\u00edroval na hol\u010di\u010d\u00edch z\u00e1chodc\u00edch, ale to j\u00e1 pop\u00edr\u00e1m tuhle epizodu se t\u011b ned\u011bl\u00e1m. Hrali jste se ve \u0161kolce na doktora, my t\u0159eba jo a mn\u011b to p\u0159i\u0161lo kv\u016fli divn\u00fd jako fakt, \u017ee mi bylo p\u011bt. J\u00e1 jsem se pr\u00fd omezoval na \u0161m\u00edrov\u00e1n\u00ed na z\u00e1chodc\u00edch jako co je pravda, to u\u017e dneska se nikdo nerozv\u00ed. Jak\u00fd tv\u016fj vkus, to znamen\u00e1, to jsme se taky ptali Filipa preferuje\u0161 jako typy d\u00edvek nebo co by m\u011bly m\u00edt, nemluvme o inteligenci, to je druh\u00e1 v\u011bc, kter\u00e1 samoz\u0159ejm\u011b to dopl\u0148uje. A to nen\u00ed, ale nen\u00ed to d\u016fle\u017eit\u00fd v tom mlad\u00e9m v\u011bku pak, a kdy\u017e je to d\u00edvka, \u017ee tak to prost\u011b \u0159ekne\u0161, \u017ee to d\u00edvka. Jak\u00fd by si sestavil, jak jak \u0159\u00edk\u00e1m identikit? No j\u00e1 bych se jako spisovatel m\u011bl b\u00fdt schopen vyj\u00e1d\u0159it a sestavit identikit, ale j\u00e1 jsem to nikdy nedok\u00e1zal, teda p\u0159\u00edpadn\u011b holik. J\u00e1 nedok\u00e1\u017eu \u0159\u00edct jako prototyp holky, kter\u00e1 se mi l\u00edb\u00ed jako vizu\u00e1ln\u011b, jo prost\u011b, proto\u017ee tam prost\u011b mus\u00ed n\u011bco b\u00fdt a m\u016f\u017ee to b\u00fdt blond\u00fdna, bruneta, hn\u011bdovl\u00e1ska, je to jedno, m\u016f\u017ee b\u00fdt siln\u011bj\u0161\u00ed, \u0161t\u00edhl\u00e1, jo opravdu nikdy jsem to nem\u011bl takhle, prost\u011b v\u017edycky to bylo, bu\u010f tam n\u011bco mezi n\u00e1ma bylo, p\u0159esko\u010dilo n\u011bco, byla n\u011bjak\u00fdm zp\u016fsobem sympatick\u00e1, ale nikdy jsem to nem\u011bl jako vizu\u00e1ln\u011b na prvn\u00ed dobrou. No a nem\u011bn\u00ed se to, se\u0161 po\u0159\u00e1d jako m\u00e1\u0161 to po\u0159\u00e1d takov\u00e9 stejn\u011b. M\u00e1m to stejn\u011b, ale n\u011bkdy se to, kdy\u017e si \u0159ekl, vyv\u00ed, n\u011bkdy si nemysl\u00edm, \u017ee by z toho n\u011bco mohlo b\u00fdt a hejhle, ono je nap\u0159\u00edklad jsem ubytoval Ukrajinku a tam jsem si fakt nemyslel, \u017ee by z toho n\u011bco bylo. Dneska se m\u00e1me r\u00e1di. No to pr\u00e1v\u011b jsem cht\u011bl taky zm\u00ednit, proto\u017ee tohleto na to na to na tebe v\u00edm, tak\u017ee ty si vlastn\u011b, jak z toho n\u011bkde v rozhovoru se mnou jsme d\u011blali, kovidn\u00ed doba ti p\u0159inesl dal\u0161\u00ed l\u00e1sku, jak si to n\u011bjak tehdy definoval. Respektive b\u011bhem kovidu a taky povodn\u00ed a tak d\u00e1le na Morav\u011b jsem v\u017edycky nab\u00edzel, \u017ee u\u017e jsem po rozvodu bydlel s\u00e1m ve sv\u00e9m velk\u00e9m s\u00e1hovsk\u00e9m dom\u011b, tak by m\u011b p\u0159i\u0161lo sobeck\u00fd tu nab\u00eddku neud\u011blat, tak\u017ee jsem v\u017edycky nab\u00eddl, \u017ee n\u011bjakou matku s d\u011btma ubytuju. Nikdy si m\u011b nikdo nev\u0161im, a kdy\u017e p\u0159i\u0161la ukrajinsk\u00e1 krize, tak jsem vypln\u011bli internetov\u00fd dotazn\u00edk na ubytov\u00e1n\u00ed ukrajinc\u016f a zvala se mi pan\u00ed ze S\u00e1zavy, \u017ee m\u00e1 teda n\u011bkde v panel\u00e1kov\u00e9m 2 plus jedna ukrajinku s d\u00edt\u011btem \u00fadajn\u011b protivn\u00fdm, a\u0165 si pro n\u011b teda p\u0159ijedu, kdy\u017e jsem tak hodnej. No a ud\u011blal z toho a j\u00e1 jsem to skute\u010dn\u011b teda tro\u0161ku jsem zalek, zejm\u00e9na toho zlobiv\u00fdho d\u00edt\u011bte, ale je zlobiv\u00fd, u\u017e nebylo cesty zp\u011bt a je zlobiv\u00fd nebo tak v\u0161echny d\u011bti, kdy\u017e nejsou na\u0161e vlastn\u00ed, \u017eeho tak n\u00e1m p\u0159ipad\u00e1, \u017ee zlobiv\u00fd, ale ale jako \u0159ekl bych, \u017ee se to tak jako docela rozumn\u011b vyva\u017euje, \u017ee hodnej zlobiv\u00fd, tak\u017ee jste spolu u\u017e tak dlouho, to je jako dva t\u0159i roky, to u\u017e je to p\u0159es rok rozhodn\u011b, no to mo\u017en\u00e1 v\u00edc jako, kdy\u017e jsme spolumluvili v lodni v l\u00e9t\u011b, no ale ukrajinsk\u00e1 budou to budou, no tak vlastn\u011b, no vlastn\u011b u\u017e to jako let\u00ed to no. Tak to je tohle, to jsme probrali, samoz\u0159ejm\u011b dostaneme se k tv\u00fdm kn\u00ed\u017ek\u00e1m. Tvoj\u00ed kn\u00ed\u017eka v\u00fdchovat d\u00edvek v \u010cech\u00e1ch, to je kolik\u00e1tej rok, tak mimochodem. Tady zkou\u0161\u00ed\u0161 mou pam\u011bt, na kterou m\u00e1m invalidn\u00ed d\u016fchod, ale tak j\u00e1 jsem to jsem m\u011bl v\u00fdgooglovat, tohle zrovna tohle zrovna v\u00edm, je to, mysl\u00edm, 93 rok a to se t\u011b ur\u010dit\u011b u\u017e n\u011bkdo ptal. Psal jsi tam z vlastn\u00ed zku\u0161enosti jako\u017ee profesora, kter\u00fd m\u011bl rom\u00e1nek ze studentkou. J\u00e1 jsem m\u011bl rom\u00e1nek s pan\u00ed u\u010ditelkou z kolegyn\u00ed, tak\u017ee jo takhle, ale nejako \u017e\u00e1k, ne, nejako u\u010ditel, jako j\u00e1 jsem, j\u00e1 jsem se t\u011b\u0161il, \u017ee to se v\u0161ichni na t\u00e9 zbraslavsk\u00e9 z\u00e1kladce, no tak\u017ee je to skute\u010dn\u011b tak, jako v mnoha m\u00fdch knih\u00e1ch, jako na motivy. Skute\u010dn\u00fd \u0159\u00edtel zbraslavsk\u00e9 z\u00e1kladky to u\u017e dneska asi m\u016f\u017eu \u0159\u00edct, se jmenoval vysko\u010dil v rom\u00e1nu, jsem je nasko\u010dil, \u017ee jo a tak d\u00e1le, tak\u017ee mysl\u00edm, \u017ee se poznal, tak\u017ee a m\u016f\u017eu se zeptat, mysl\u00ed\u0161 si, \u017ee m\u00e1 b\u00fdt mezi v\u00fdchovou d\u00edvek a chlapc\u016f, teda, \u017ee to \u0159eknu hezky, \u017ee m\u00e1 b\u00fdt n\u011bjakej rozd\u00edl, nebo se m\u00e1 k t\u011bm d\u011btem p\u0159istupovat stejn\u011b, jestli je v n\u011b\u010dem, jako\u017ee up\u0159ednostnit nebo n\u011bco odpustit n\u011bjak\u00fdmu pohlav\u00ed. J\u00e1, jako b\u00fdval\u00fd u\u010ditel, j\u00e1 jsem jako jako samoz\u0159ejm\u011b, \u017ee jako r\u00e1d bych v\u011b\u0159il, \u017ee jako chlap se prost\u011b k holk\u00e1m chov\u00e1m prost\u011b laskav\u011bji t\u0159eba nebo nebo jemn\u011bj\u00edc ne\u017e chlap\u016fm, \u017ee jo, tak tak r\u00e1d bych v\u011b\u0159il, \u017ee jako u\u010ditel jsem tento rozd\u00edl d\u011blal, ale to by museli \u0159\u00edct m\u00e9 b\u00fdval\u00e9 \u0159a\u010dky. Let\u00ed to, let\u00ed to, no j\u00e1 ur\u010dit\u011b zajdu, mus\u00edm se pod\u00edvat. Ty m\u00e1\u0161 samoz\u0159ejm\u011b i d\u00edvky jako dcery, nebo jako d\u00edt\u011b t\u0159i dcery, tak\u017ee to se a to jsou v\u0161echno v d\u00edv\u010d\u00edm v\u011bku nebo u\u017e jako vlastn\u011b skoro ne, jak to je, no tak to m\u00e1\u0161 hlavn\u011b jedna \u0161edes\u00e1t \u0159ehov, \u010dili m\u00e9 nejstar\u0161\u00ed dce\u0159i je p\u0159es \u010dty\u0159icet, a to m\u011b to moj\u00ed vlastn\u011b taky t\u00fdm moj\u00ed, bude te\u010f ponov\u011b v roce \u010dty\u0159icet a pak m\u00e1m osmn\u00e1ct dvacet nebo skoro, tak\u017ee to u\u017e jako skoro to d\u00edv\u010d\u00ed obdob\u00ed maj\u00ed za sebou a zlobyli t\u0159eba, kdy\u017e, kdy\u017e jim bylo t\u011bch \u010dtrn\u00e1ct patn\u00e1ct m\u011bli tu d\u00edv\u010d\u00ed pubertu, ta b\u00fdv\u00e1 kolikr\u00e1t hor\u0161\u00ed ne\u017e kluk\u016f, \u017ee to je pravda, ale ne, j\u00e1 si v\u016fbec nic takov\u00e9ho nespom\u00edn\u00e1m, to bylo samoz\u0159ejm\u011b skv\u011blou v\u00fdchovou, \u017ee jo, jasn\u011b, ale taky, \u017ee jsi nebyl doma. No se k tob\u011b samoz\u0159ejm\u011b za chvilku vr\u00e1t\u00edme, te\u010f se ale poj\u010fte pod\u00edvat spole\u010dn\u011b se mnou na d\u00edvku roku 2025. Eh, eh, eh, to je govno, to je kr\u00e1sn\u00fd, to je m\u016fj. Je, je, ahoj, j\u00e1 jsem P\u00e9\u0165a, va\u0161e d\u00edvka roku 2025. To jsou v\u011bci, co? www.arkance-systems.cz","nbla_serie":"4200","nbla_season":"2023","nbla_episode":"18","nbla_duration":"558.36","nbla_genre":"","nbla_editorial_format":"","nbla_mtime":"1697022616","nbla_url":"https:\/\/origin.a11.cz\/vod\/e507uh0l016bxq8r07ecxia6f.mp4","nbla_version":"1697022616","nbla_odvysilano":"Ano","bunny_id":"502125c9-b4de-456e-8bc6-ac9a71ce17f2","youtube_id":"","datum_vydani":"20231011","stopaz":"558.36","dokument":[],"video_to":[]},"_links":{"self":[{"href":"https:\/\/tv.a11.cz\/api\/wp\/v2\/video\/11873","targetHints":{"allow":["GET"]}}],"collection":[{"href":"https:\/\/tv.a11.cz\/api\/wp\/v2\/video"}],"about":[{"href":"https:\/\/tv.a11.cz\/api\/wp\/v2\/types\/video"}],"author":[{"embeddable":true,"href":"https:\/\/tv.a11.cz\/api\/wp\/v2\/users\/8"}],"wp:featuredmedia":[{"embeddable":true,"href":"https:\/\/tv.a11.cz\/api\/wp\/v2\/media\/11950"}],"wp:attachment":[{"href":"https:\/\/tv.a11.cz\/api\/wp\/v2\/media?parent=11873"}],"wp:term":[{"taxonomy":"category","embeddable":true,"href":"https:\/\/tv.a11.cz\/api\/wp\/v2\/categories?post=11873"},{"taxonomy":"porad","embeddable":true,"href":"https:\/\/tv.a11.cz\/api\/wp\/v2\/porad?post=11873"},{"taxonomy":"region","embeddable":true,"href":"https:\/\/tv.a11.cz\/api\/wp\/v2\/region?post=11873"},{"taxonomy":"kategorie","embeddable":true,"href":"https:\/\/tv.a11.cz\/api\/wp\/v2\/kategorie?post=11873"}],"curies":[{"name":"wp","href":"https:\/\/api.w.org\/{rel}","templated":true}]}}