{"id":11836,"date":"2023-10-10T19:30:08","date_gmt":"2023-10-10T17:30:08","guid":{"rendered":"https:\/\/tv.a11.cz\/?post_type=video&#038;p=11836"},"modified":"2023-10-10T18:41:03","modified_gmt":"2023-10-10T16:41:03","slug":"a11-zpravy-utery-10-10-2023","status":"publish","type":"video","link":"https:\/\/tv.a11.cz\/video\/a11-zpravy-utery-10-10-2023\/","title":{"rendered":"Hlavn\u00ed zpr\u00e1vy \u00fater\u00fd 10.10. 2023"},"content":{"rendered":"","protected":false},"excerpt":{"rendered":"<p>Kompletn\u00ed obnova Sl\u00e1nsk\u00e9 plov\u00e1rny &#8211; Podzimn\u00ed Flora v Olomouci &#8211; Stoupa CUP pom\u00e1h\u00e1 charit\u011b &#8211; Kyjovsk\u00e1 porodnice nab\u00edz\u00ed rodinn\u00fd pokoj<\/p>\n","protected":false},"author":8,"featured_media":11852,"template":"","categories":[17,157],"porad":[212],"region":[218],"kategorie":[],"class_list":["post-11836","video","type-video","status-publish","has-post-thumbnail","hentry","category-domaci","category-zpravy","porad-hlavni-zpravy-a11","region-cela-cr"],"acf":[],"meta_box":{"nbla_idec":"A2300119","nbla_title":"A11 Zpr\u00e1vy","nbla_subtitle":"\u00dater\u00fd 10.10. 2023","nbla_summary":"Zpravodajstv\u00ed A11 ze v\u0161ech kout\u016f \u010cesk\u00e9 republiky","nbla_description":"","nbla_transcription":"Dobr\u00fd ve\u010der, jsou tady A11 zpr\u00e1vy, v\u00edt\u00e1 v\u00e1s u nich B\u00e1ra Hlav\u00e1\u010dkov\u00e1. Plov\u00e1rna ve Slan\u00e9m se u\u017e s koncem letn\u00edch teplot za\u010dala p\u0159ipravovat na p\u0159\u00ed\u0161t\u00ed sezonu. Po letech \u010dek\u00e1n\u00ed je toti\u017e v pln\u00e9m proudu obnova tamn\u00ed plov\u00e1rny. Ta se do\u010dkala z\u00e1sadn\u00ed rekonstrukce poprv\u00e9 od sedmdes\u00e1t\u00fdch let minul\u00e9ho stolet\u00ed. P\u016fvodn\u00ed sl\u00e1nsk\u00e1 plov\u00e1rna slou\u017eila od roku 1902, diskuze o j\u00ed kompletn\u00ed renovaci p\u0159itom trvaly v\u00edce ne\u017e \u010dty\u0159i roky. Nakonec se j\u00ed poda\u0159ilo po n\u011bkolik\u00e1 zm\u011bn\u00e1ch projektu prosadit letos v \u010dervnu. M\u011bsto na\u0161\u00ed velikosti si koupali\u0161t\u011b zaslou\u017e\u00ed a mus\u00edm \u0159\u00edct, \u017ee pro m\u011b je to mo\u017en\u00e1 i takov\u00e1 tro\u0161ku satisfakce, proto\u017ee je\u0161t\u011b v roce 2018, kdy koupali\u0161t\u011b nepro\u0161lo p\u0159\u00edsn\u00fdmi hygienick\u00fdmi normami, tak se mi poda\u0159ilo na dva roky to uzav\u0159en\u00ed koupali\u0161t\u011b odd\u00e1lit. Ov\u0161em dal\u0161\u00ed v\u00fdjimku se u\u017e sl\u00e1nsk\u00e9 radnici nepoda\u0159ilo vybojovat a to kv\u016fli velmi \u0161patn\u00e9mu technick\u00e9mu stavu cel\u00e9ho are\u00e1lu. Ten se prom\u011bn\u00ed doslova od z\u00e1kladu, v\u010detn\u011b p\u016fvodn\u00edch baz\u00e9nov\u00fdch van a z\u00e1zem\u00ed. V tuto chv\u00edli prob\u00edhaj\u00ed bourac\u00ed pr\u00e1ce, to znamen\u00e1 ten, kdo zn\u00e1 plov\u00e1rnu z D\u0159\u00edv\u011bj\u0161ka, tak si v\u0161iml, \u017ee zmizely v podstat\u011b takov\u00e9 ty technologick\u00e9 domky a podobn\u011b. Ty bourac\u00ed pr\u00e1ce v tuto chv\u00edli prob\u00edhaj\u00ed zejm\u00e9na v t\u011bch p\u016fvodn\u00edch baz\u00e9nech. Zmizela t\u0159eba takov\u00e1 ta d\u011bl\u00edc\u00ed ze\u010f a podobn\u011b. Sou\u010dasn\u00fd projekt zahrnuje i nov\u00e9 vrty pro v\u00fdrazn\u011b levn\u011bj\u0161\u00ed dod\u00e1vky vody nebo d\u011btsk\u00e9 pr\u016fzdali\u0161t\u011b s oh\u0159\u00edvanou vodou. Naopak prozat\u00edm chyb\u00ed takov\u00e9 prvky, jako jsou to bog\u00e1ny nebo skluzavky. Celkov\u00e1 investice se odhadoje mezi 120 a 130 miliony korun. Pevn\u011b v\u011b\u0159\u00edm a douf\u00e1m, \u017ee pokud nedojde k \u017e\u00e1dn\u00fdm komplikac\u00edm, tak p\u0159\u00ed\u0161t\u00ed letn\u00ed sezon bychom plov\u00e1rnu otev\u0159eli. Prozat\u00edm je datum otev\u0159en\u00ed na pomezi \u010dervna a \u010dervence 2024. Rozhoduj\u00edc\u00ed bude nejen kvalita dodavatele, ale i pov\u011btrnostn\u00ed podm\u00ednky. Bez ohledu na datum je jasn\u00e9, \u017ee plov\u00e1rnu bude provouzovat M\u011bstsk\u00e1 spole\u010dnost PSH, kter\u00e1 u\u017e nyn\u00ed zaji\u0161\u0165uje nap\u0159\u00edklad chod aquaparku nebo zimn\u00edho stadionu. P\u0159\u00ed\u0161t\u00ed by m\u011bla b\u00fdt zm\u011bna, proto\u017ee d\u0159\u00edve to provozovaly technick\u00e9 slu\u017eby, nep\u0159i\u0161lo n\u00e1m to \u00fapln\u011b logick\u00e9. Nav\u00edc by se m\u011bly sn\u00ed\u017eit i samotn\u00e9 provozn\u00ed n\u00e1klady d\u00edky nov\u00fdm technologi\u00edm. Obnova Sl\u00e1nsk\u00e9 plov\u00e1rny jde zat\u00edm podle pl\u00e1nu. U\u017e p\u0159\u00ed\u0161t\u00ed t\u00fddny ale uk\u00e1\u017e\u00ed, \u017ee se na tomto trendu nic nezm\u011bn\u00ed. Pomoc posti\u017een\u00e9mu Teovi se rozhodli v Setin\u0161t\u00ed hokejist\u00e9. Ve spolupr\u00e1ci se Stoupakapem sch\u00e1n\u011bj\u00ed finance pro chlape\u010dka, kter\u00fd se zotavuje po dvoulet\u00e9m komatu. Vyb\u00edraj\u00ed mimo jin\u00e9 prost\u0159ednictv\u00edm kasi\u010dek. Pro Tea prob\u011bhne i speci\u00e1ln\u00ed helloweensk\u00e9 bruslen\u00ed. Pom\u00e1h\u00e1me, tak se jmenuje spole\u010dn\u00e1 charitativn\u00ed akce spolku Stoupakap a setinsk\u00fdch hokejist\u016f. Jej\u00edm c\u00edlem je schrom\u00e1\u017edit finance pro Tea, syna rodi\u010d\u016f Pavl\u00edny a Petra Maz\u00e1\u010dov\u00fdch, kter\u00fdm se \u0161estilet\u00fd chlapec po invazivn\u00edch vy\u0161et\u0159en\u00edch v nemocnici vr\u00e1til dom\u016f v komatu, ve kter\u00e9m byl t\u00e9m\u011b\u0159 dva roky. Teu se probouzel, nebylo to tak, jak to b\u00fdv\u00e1 ve filmech, \u017ee se \u010dlov\u011bk probud\u00ed z komatu a n\u011bco v\u00e1m \u0159ekne a za\u010dne v\u00e1m vypr\u00e1v\u011bt, jak\u00e9 to bylo, tak to teda ne. U n\u00e1s to bylo a je to \u00fapln\u011b jinak. Bylo to postupn\u00e9, pozvoln\u00e9. Teu n\u00e1m n\u011bco ukazoval, n\u011bco se t\u0159eba zm\u011bnilo, n\u011bco se zlep\u0161ilo a u\u017e jsme si \u0159\u00edkali, v\u00fdborn\u011b bude to, ale nebylo to taky tak. \u010cekali jsme si zase na takov\u00fd ten mal\u00fd z\u00e1zrak. Kr\u016f\u010dky zlep\u0161en\u00ed, nap\u0159\u00edklad v podob\u011b spolknut\u00e9 ka\u0161e, p\u0159ich\u00e1zeli u TA pomalu. S postupem \u010dasu ale z\u00e1zraky ukazuje rodi\u010d\u016fm st\u00e1le \u010dast\u011bji. Charitativn\u00ed sb\u00edrka Pom\u00e1h\u00e1me vyb\u00edr\u00e1 finance prost\u0159ednictv\u00edm kasi\u010dek. V pl\u00e1nu jsou i dal\u0161\u00ed akce. Kasi\u010dky jsme um\u00edstili minul\u00fd t\u00fdden a symbolicky tu kasi\u010dku prvn\u00ed na Lapa\u010di, jak dasilis pohrt\u011bl Erik Hr\u0148\u00e1k, kter\u00fd jako kapit\u00e1n, spr\u00e1vn\u00fd kapit\u00e1n, kter\u00fd mu vybral v kabin\u011b mezi klukama pen\u00edzky, tak\u017ee hodil je tam. Dal\u0161\u00ed v\u011bc je transparentn\u00ed \u00fa\u010det, na kter\u00fd lidi m\u016f\u017eou pos\u00edlat pen\u00edze, a\u0165 p\u0159es QR k\u00f3d, anebo norm\u00e1ln\u011b p\u0159es internetov\u00e9 bankov\u00ed cny, tak, jak jsou zvykl\u00ed. Akc\u00ed s kasi\u010dkou bude tak\u00e9 hellowinsk\u00e9 bruslen\u00ed a prod\u00e1vat by se pro TA m\u011bl i speci\u00e1ln\u00ed merch. S \u010d\u00edm pen\u00edze p\u0159i cest\u011b k uzdraven\u00ed TA pom\u016f\u017eou, nazna\u010dil tat\u00ednek Petr. Hlavn\u011b pro neurorehabilitaci, pro mas\u00e1\u017ee pot\u0159ebujeme, vlastn\u011b trvali jsme na cest\u011b, jezd\u00edme do p\u0159\u00edrody, jezd\u00edme na kon\u011b, d\u011bl\u00e1me hypoterapii a vlastn\u011b trvali jsme na cest\u011b. Kdy\u017e nejsme na cest\u011b, jsme doma, tak cvi\u010d\u00edme. TU je\u0161t\u011b neuvl\u00e1d\u00e1 t\u011blo, je\u0161t\u011b se nedok\u00e1\u017ee s\u00e1m pohnout, nedok\u00e1\u017ee se s\u00e1m postavit, posadit, nedok\u00e1\u017ee se oto\u010dit, tak\u017ee vlastn\u011b pot\u0159ebujeme m\u00edt tady opravdu dost teplo. Tak\u017ee temperujeme tady t\u0159eba p\u0159\u00edmo topem velik\u00fdm, m\u00e1me ty p\u0159\u00edmo topy v ka\u017ed\u00e9m pokoji, proto\u017ee my tady nem\u016f\u017eeme m\u00edt 21 stup\u0148\u016f, ty mus\u00edme m\u00edt fakt 23,5 minim\u00e1ln\u011b, aby mu nebylo zima. Organiz\u00e1to\u0159i Charitativn\u00ed sb\u00edrku Pom\u00e1h\u00e1me napl\u00e1novali nejm\u00e9n\u011b do jara p\u0159\u00ed\u0161t\u00edho roku. Ten konec je mo\u017en\u00e1 malinko takov\u00fd plovouc\u00ed, proto\u017ee \u010dek\u00e1me, nebo budeme \u010dekat, jak bude hokejov\u00fd klub ve svoj\u00ed p\u016fsobnosti, jak se jim bude da\u0159it. Tak\u017ee prvopl\u00e1n je takov\u00fd, \u017ee bychom cht\u011bli n\u011bkdy v b\u0159eznu, kdy za\u010d\u00edn\u00e1 nebo prob\u00edh\u00e1 playoff. Jste vzk\u00e1zal jinem, kte\u0159\u00ed do t\u00e9 sb\u00edrky d\u00e1vaj\u00ed pen\u00edze. Velk\u00e9 d\u00edky. Novou modern\u00ed t\u011blocvi\u010dnu dostane Vala\u0161sk\u00e9 Mezi\u0159\u00ed\u010d\u00ed. Jej\u00ed stavbu schv\u00e1lili zastupitel\u00e9 na sv\u00e9m zased\u00e1n\u00ed. Slou\u017eit bude \u0161kol\u00e1m i sportovn\u00edm odd\u00edl\u016fm. Zastupitel\u00e9 m\u011bsta Vala\u0161sk\u00e9ho Mezi\u0159\u00ed\u010d\u00ed schv\u00e1lili na z\u00e1\u0159ivojem zased\u00e1n\u00ed p\u0159\u00edpravu projektu modern\u00ed \u0161koln\u00ed t\u011blocvi\u010dny, kter\u00e1 bude z\u00e1rove\u0148 slou\u017eit i jako tr\u00e9ninkov\u00e1 sportovn\u00ed hala. Stavba tolik pot\u0159ebn\u00e9ho za\u0159\u00edzen\u00ed vznikne v centru m\u011bsta u z\u00e1kladn\u00ed \u0161koly K\u0159i\u017en\u00e1. Z\u00e1kladn\u00ed \u0161kola K\u0159i\u017en\u00e1 je nejv\u011bt\u0161\u00ed \u0161kolou v na\u0161em m\u011bst\u011b. P\u0159itom m\u00e1 velice nevyhovuj\u00edc\u00ed podm\u00ednky co se t\u00fd\u010de t\u011blocvi\u010dny. Proto jsme se rozhodli, \u017ee nech\u00e1me p\u0159istavit novou t\u011blocvi\u010dnu, kter\u00e1 bude m\u00edt parametry sportovn\u00ed haly. Po\u010d\u00edt\u00e1me s t\u00edm, \u017ee by zde vzniklo h\u0159i\u0161t\u011b o rozm\u011brech 43 x 23 metr\u016f s tribunou pro 200 div\u00e1k\u016f. Nov\u00e1 stavba v\u00fdrazn\u011b zlep\u0161\u00ed tr\u00e9ninkov\u00e9 podm\u00ednky pro v\u0161echny s\u00e1lov\u00e9 sporty, kter\u00e9 se dlouhodob\u011b pot\u00fdkaj\u00ed s nedostatkem t\u011blocvi\u010den ve m\u011bst\u011b. S navr\u017een\u00fdm \u0159e\u0161en\u00edm pln\u011b souhlas\u00ed i m\u011bstsk\u00fd architekt Ond\u0159ej Chyb\u00edk. J\u00e1 v\u011b\u0159\u00edm tomu, \u017ee to je krok s pr\u00e1vn\u00fdm sm\u011brem. Takov\u00e9to stavby by m\u011bly st\u00e1t ve m\u011bst\u011b. M\u011bly by umo\u017enit lidem p\u0159ij\u00edt p\u011b\u0161ky. To samotn\u00e9 um\u00edst\u011bn\u00ed vedle z\u00e1kladn\u00ed \u0161koly je geni\u00e1ln\u00ed, proto\u017ee domy maj\u00ed fungovat 24 hodin denn\u011b, 7 dn\u00ed v t\u00fddnu, 365 dn\u00ed v roce. A tady jsme kousek k tomu, aby se to poda\u0159ilo, proto\u017ee kdy\u017e si p\u0159edstav\u00edte, ten d\u016fm dopoledne bude fungovat \u017e\u00e1k\u016fm z\u00e1kladn\u00ed \u0161koly, odpoledne m\u016f\u017ee fungovat odd\u011bl\u016fm sportovn\u00edm a ve\u010der star\u0161\u00edm p\u00e1n\u016fm na nohyb\u00e1l nebo fotb\u00e1lek. Tak\u017ee ten d\u016fm najednou nemus\u00edte stavit t\u0159i haly, ale sta\u010d\u00ed postavit jednu. P\u0159\u00ed\u0161t\u00ed rok prob\u011bhne architektonick\u00e1 sout\u011b\u017e na podobu stavby. Odhadovan\u00e9 n\u00e1klady na realizaci projektu se aktu\u00e1ln\u011b pohybuj\u00ed okolo 80 milion\u016f korun bez DPH. V\u011bt\u0161\u00ed pohodl\u00ed nab\u00edz\u00ed pro \u010derstv\u00e9 rodi\u010de porodnice v Kyjov\u011b. Maminky a tat\u00ednkov\u00e9 novorozenat tam mohou nov\u011b vyu\u017e\u00edt takzvan\u00fd rodinn\u00fd pokoj. Ten navozuje rodinnou atmosf\u00e9ru a umo\u017e\u0148uje i otc\u016fm str\u00e1vit cel\u00fd \u010das v nemocnici. Nemocnice Kyjov p\u0159i\u0161la s dal\u0161\u00ed novinkou, kter\u00e1 m\u00e1 zp\u0159\u00edjemnit mamink\u00e1m prvn\u00ed hodiny a dny po porodu. A nejen\u00fdm, do rodinn\u00e9ho pokoje, kter\u00fd zprovoznila zdej\u0161\u00ed porodnice, jsou toti\u017e zv\u00e1n\u00ed i tatinci, p\u0159\u00edpadn\u011b dal\u0161\u00ed p\u0159\u00edbuzn\u00ed. C\u00edlem je, aby maminka zde po porodu v r\u00e1mci \u0161esti ned\u011bl\u00ed mohla le\u017eet a b\u00fdt se sv\u00fdm man\u017eelem. A p\u0159itom, \u017ee je zaji\u0161t\u011bn\u00fd servis zdravotn\u00ed profesion\u00e1ly v r\u00e1mci nemocnice. \u010cili c\u00edlem je navodit tu dom\u00e1c\u00ed, p\u0159\u00e1telskou atmosf\u00e9ru, kter\u00e1 vlastn\u011b v nemocnici m\u016f\u017ee n\u011bkomu chyb\u011bt. Na rodinn\u00e9m pokoji m\u016f\u017ee b\u00fdt krom\u011b maminky a jej\u00edho doprovodu, to znamen\u00e1 partnera, nebo m\u016f\u017ee tam b\u00fdt t\u0159eba i babi\u010dka nebo d\u011bde\u010dek, pokud cht\u011bj\u00ed, tak p\u0159\u00edtomnost star\u0161\u00edho sourozence, kter\u00fd je t\u0159eba doma. Nemysl\u00edme t\u00edm \u0161kol\u00e1ky, ale mysl\u00edme t\u00edm mlad\u0161\u00ed sourozence. Krom\u011b dvou l\u016f\u017eka a k\u0159esel tu nechyb\u00ed samostatn\u00e1 lednice, rychlovadn\u00e1 konvice, soci\u00e1ln\u00ed za\u0159\u00edzen\u00ed, zabudovan\u00e1 vani\u010dka a p\u0159ebalovac\u00ed pult i polohovateln\u00e1 post\u00fdlka s monitorem dechu pro miminko. K dispozici je televize i Wi-Fi a stravov\u00e1n\u00ed je voliteln\u011b zaji\u0161t\u011bno pro celou rodinu. Atmosf\u00e9ru dopl\u0148uje obraz pracovnice kijovsk\u00e9 nemocnice Hany Krystov\u00e9. V dob\u011b nat\u00e1\u010den\u00ed jsme tu zastihli m\u00edsto starostu Rub\u0148an Michala \u0160vagerku s jeho man\u017eelkou. My jsme v porodnici, proto\u017ee se n\u00e1m pr\u00e1v\u011b narodila dcera a cht\u011bl bych pod\u011bkovat cel\u00e9mu t\u00fdmu ginekologick\u00e9ho odd\u011blen\u00ed pod veden\u00edm pana prim\u00e1\u0159e Kostky. Rodili jsme c\u00edsa\u0159sk\u00fdm \u0159ezem a to, co t\u00fdm okolo pana prim\u00e1\u0159e a i z ostatn\u00edch odd\u011blen\u00ed jsem m\u011bl tu mo\u017enost vid\u011bt, tak jsou to obrov\u0161t\u00ed profesion\u00e1lov\u00e9. Rodinn\u00fd pokoj si m\u016f\u017ee maminka rezervovat u\u017e p\u0159i p\u0159ijezdu do porodnice. Krom\u011b n\u011bho jsou na novorozeneck\u00e9m odd\u011blen\u00ed kijovsk\u00e9 nemocnice k dispozici tak\u00e9 nadstandardn\u00ed pokoje, kter\u00e9 jsou ale ur\u010den\u00e9 pouze pro maminku s d\u00edt\u011btem. Pilot Petr Pa\u010des dostal pam\u011btn\u00ed desku na leti\u0161ti v Roudnici nad Labem. Pa\u010des byl \u010dlenem m\u00edstn\u00edho a\u00e9roklubu. V luni tragicky zahynul p\u0159i hav\u00e1rii historick\u00e9ho letounu na leteck\u00e9m Nuvchebu. Pa\u010des zasv\u011btil l\u00e9t\u00e1n\u00ed cel\u00fd sv\u016fj \u017eivot. Na leti\u0161ti v Roudnici nad Labem byla slavnostn\u011b odhalena pam\u011btn\u00ed deska p\u0159ipom\u00ednaj\u00edc\u00ed \u010dlena m\u00edstn\u00edho a\u00e9roklubu Petra Pa\u010dese. Petr Pa\u010des tragicky zahynul p\u0159i hav\u00e1rii historick\u00e9ho letounu Hawker Hurricane Mk. IV, kter\u00fd se z\u0159\u00edtil 14. srpna lo\u0148sk\u00e9ho roku na leteck\u00e9m Nuvchebu. Byl mu pouze 58 let. Obl\u00edben\u00fd a zn\u00e1m\u00fd pilot l\u00e9t\u00e1n\u00ed zasv\u011btil cel\u00fd sv\u016fj \u017eivot. Pan Pa\u010des byl kluh, kter\u00fd od 14 let u\u017e ze a\u00e9roklubu v Roudnici se zaj\u00edmal o let\u00e1n\u00ed, o letadla. Jak se \u0159\u00edk\u00e1, \u010dichnul si k tomu vzduchu, zal\u00edbil se mu, d\u00e1l studoval potom na vysok\u00e9 vojensk\u00e9 \u0161kole letectva v Ko\u0161ic\u00edch. St\u00e1l se vojensk\u00fdm pilotem, kde dos\u00e1hl t\u00e9 nejvy\u0161\u0161\u00ed kvalifikace. Byl st\u00edjac\u00edm pilotem, potom dopravn\u00edm pilotem. Po reorganizaci arm\u00e1dy v 90. letech ode\u0161el do civilu a l\u00e9tal ve spole\u010dnosti Travel Service p\u0159ed t\u00edm pro \u00fa\u0159adu civiln\u00edho letectv\u00ed, kde letal s kalibra\u010dn\u00edm letounem. Zkr\u00e1tka cel\u00fd \u017eivot se v\u011bnoval letectvu, a\u0165 u\u017e vojensk\u00e9mu, tak civiln\u00edmu. Byl instruktorem za v\u0161ech podm\u00ednek, vysv\u011bt\u0161il spoustu mlad\u00fdch kluk\u016f v l\u00e9t\u00e1n\u00ed. Splnil mnoha mlad\u00fdm kluk\u016fm sen st\u00e1t se pilotem, tak\u017ee cel\u00fd \u017eivot o letectvu. R\u016fdnick\u00fd starousta Franti\u0161ek Pad\u011blek Petra Pa\u010de se dob\u0159e znal, jako b\u00fdval\u00fd gener\u00e1l se s n\u00edm potk\u00e1val v profesn\u00edm i civiln\u00edm \u017eivot\u011b. Petr nastoupil jako mlad\u00fd poru\u010d\u00edk po absolvov\u00e1n\u00ed vysok\u00e9 leteck\u00e9 \u0161koly do Bechyn\u011b, k dev\u00e1t\u00e9mu st\u00edjac\u00edmu pluku, kde j\u00e1 jsem v t\u00e9 dob\u011b zhodoukolnosti valil tomuto pluku. Tak\u017ee p\u0159i\u0161el mlad\u00fd poru\u010d\u00edk, no p\u0159i\u0161lo i v\u00edc, pln\u00ed el\u00e1nu, pln\u00ed \u017eivota, tak\u017ee to byl m\u016fj prvn\u00ed kontakt s Petrem, byl to takov\u00fd \u017eivel, ale v tom dobr\u00e9m slova smyslu. Zkr\u00e1tka um\u011bl u\u017e\u00edvat toho \u017eivota plnymi dou\u0161ky, tak jako ka\u017ed\u00fd pilot by m\u011bl. Ti, kte\u0159\u00ed Petra Pa\u010de se znali, \u0159\u00edkaj\u00ed, \u017ee byl nejen v\u00fdborn\u00fdm pilotem, ale i v\u00fdjime\u010dnou osobnost\u00ed. To byl tak slu\u0161nej, chytrej a vst\u0159\u00edcnej \u010dlov\u011bk, \u017ee bohu\u017eel jsem tady 56 let na tomto leti\u0161ti. Ale takov\u00fdho \u010dlov\u011bka jsme tu nem\u011bli a boj\u00edm se pro ty dal\u0161\u00ed generace, \u017ee tu ani nebude. Tak\u017ee to byl tak vz\u00e1cn\u00fd \u010dlov\u011bk, \u017ee j\u00e1 to ne\u0159\u00edk\u00e1m proto, \u017ee se dneska vzpom\u00edn\u00e1 tady u t\u00e9 desky. Ale ka\u017edej s ka\u017ed\u00fdm se tady poh\u00e1dal, a\u0165 to byly v\u011bci z\u00e1sadn\u00ed, nebo m\u00e9n\u011b, nebo osobn\u00ed atd. Ale Pe\u0165a nikdy. Pe\u0165a byl rozumnej, za sv\u00fdmi n\u00e1zory si st\u00e1l a dok\u00e1zal je v\u0161em vysv\u011btlit. Pam\u011btn\u00ed deska pilota Petra Pa\u010de se vznikla s iniciativy A\u00e9roklubu Roudnice nad Labem a jej\u00edho odhalen\u00ed se z\u00fa\u010dastnili z\u00e1stupci m\u011bsta i osobnost\u00ed tu\u0159emsk\u00e9ho letectv\u00ed. Noc v\u011bdc\u016f odhalila ve\u0159ejnosti tajemstv\u00ed virtu\u00e1ln\u00ed reality. Fakulta logistiky a krizov\u00e9ho \u0159\u00edzen\u00ed Univerzity Tom\u00e1\u0161e Baty pozvala z\u00e1jemce p\u0159\u00edmo do sv\u00fdch u\u010deben, ale i na dal\u0161\u00ed zaj\u00edmav\u00e1 l\u00e1kadla a aktivity. Ho\u0159\u00edc\u00ed v\u016fz a \u00fasp\u011b\u0161n\u00fd z\u00e1sah profesion\u00e1ln\u00edch hasi\u010d\u016f. I tak vypadala noc v\u011bdc\u016f, kterou v uhersk\u00e9m hradi\u0161ti p\u0159ipravila pro ve\u0159ejnost fakulta logistiky a krizov\u00e9ho \u0159\u00edzen\u00ed Univerzity Tom\u00e1\u0161e Baty. Celorepublikov\u00e1 akce p\u0159il\u00e1kala p\u0159edbudovu \u0161koly i do jejich u\u010deben stovky z\u00e1jemc\u016f, p\u0159edev\u0161\u00edm tedy rodin s d\u011btmi. Pr\u00e1v\u011b pro n\u011b m\u011bla fakulta p\u0159ipraven\u00fd program prov\u00e1zen\u00fd sv\u011btly modr\u00fdch maj\u00e1k\u016f, ale i z\u00e1konitostmi p\u0159\u00edrodn\u00edch v\u011bd nebo sv\u011btem modern\u00edch technologi\u00ed. Smyslem takov\u00e9 akce je, aby univerzita otev\u0159ela br\u00e1ny, de facto svoje dve\u0159e, \u0161irok\u00e9 ve\u0159ejnosti, aby se m\u00edstn\u00ed obyvatele mohli sezn\u00e1mit s t\u00edm, co se \u00fad\u00ed\u0159 na univerzit\u00e1ch d\u011bje. Hlavn\u00edm smyslem n\u00e1sledn\u011b je uk\u00e1zat nejen v\u00fdukov\u00e9 prostory, ale tak\u00e9 pokusy a to, co se vlastn\u011b na t\u011bch univerzit\u00e1ch u\u010d\u00ed, vyu\u017e\u00edt toho, jak\u00fdm zp\u016fsobem my studenty u\u010d\u00edme a to je v\u0161echno uk\u00e1zat. N\u00e1v\u0161t\u011bvn\u00edci akce mohly voln\u011b proch\u00e1zet a zdr\u017eet se u toho stanovi\u0161t\u011b, kter\u00e9 je pr\u00e1v\u011b zaujalo. D\u011bti se mohly t\u0159eba p\u0159esv\u011bd\u010dit o tom, jak nesnadno se pohybuje v protichemick\u00e9m obleku. Velk\u00fdm l\u00e1kadlem byla technika a pr\u00e1ce slo\u017eek integrovan\u00e9ho z\u00e1chran\u00e9ho syst\u00e9mu, kter\u00fd s podstatou zdej\u0161\u00edho studijn\u00edho zam\u011b\u0159en\u00ed p\u0159\u00edmo souvis\u00ed. My tady se sna\u017e\u00edme t\u0159eba \u0161ifrov\u00e1n\u00ed, kybernetickou bezpe\u010dnost, virtu\u00e1ln\u00ed realitu. M\u00e1me tady planet\u00e1rium, proto\u017ee leto\u0161n\u00ed n\u00e1zevn\u00ed akce se jmenuje Tajemstv\u00ed. Ka\u017ed\u00fd rok m\u00e1me jedno, jeden t\u0159\u00ed vlastek, letos je to o Tajemstv\u00ed. Tak\u017ee skute\u010dn\u011b se sna\u017e\u00edme v \u0161irok\u00e9 ve\u0159ejnosti, hlavn\u011b rodi\u010d\u016fm a d\u011btem, mo\u017en\u00e1 v budoucnu na\u0161im potenci\u00e1ln\u00edm student\u016fm uk\u00e1zat, \u017ee univerzita tady je a \u017ee m\u00e1me co nab\u00eddnout. V \u010cesk\u00e9 republice se Noc v\u011bdc\u016f kon\u00e1 od roku 2005 a je zastoupena univerzitami, v\u011bdeck\u00fdmi \u00fastavy, hv\u011bzd\u00e1rnami a dal\u0161\u00edmi institucemi. Do akce se v cel\u00e9 republice zapojila v\u00edce ne\u017e stovka m\u00edst a p\u0159es 800 v\u011bdc\u016f. V\u00fdstavi\u0161t\u011b Flora v Olomouci bylo pln\u00e9 ovoce a zeleniny. Zaplnilo a provonilo hlavn\u00ed expozici. Tu v dal\u0161\u00edch pavilonech doplnili t\u0159eba region\u00e1ln\u00ed potraviny, v\u010dela\u0159sk\u00e1 v\u00fdstava, bylinky a ko\u0159en\u00ed nebo zahradnick\u00e9 trhy. N\u011bkolik des\u00edtek strom\u016f, tis\u00edce barevinn\u00fdch kv\u011btin, ale hlavn\u011b des\u00edtky tun vonav\u00e9ho ovoce a \u010derstv\u00e9 zeleniny. Tak vypadala hlavn\u00ed expozice v pavilonu A s n\u00e1zvem Spole\u010dn\u00e9 ko\u0159eny na leto\u0161n\u00ed podzimn\u00ed v\u00fdstav\u011b Flora Olomouc Horty Komplex. Dominantn\u00edm prvkem je mapa b\u00fdval\u00e9ho \u010ceskoslovenska a v r\u00e1mci t\u00e9 mapy, krom\u011b toho, \u017ee charakterizuje tu p\u0159\u00edrodu \u010ceskoslovenska, tak jsou zakomponovan\u00e9 v\u00fdp\u011bsky \u010desk\u00fdch zelen\u00e1\u0159\u016f a ovocn\u00e1\u0159\u016f. Samoz\u0159ejm\u011b, \u017ee podzimn\u00ed Flora to nen\u00ed jen hlavn\u00ed expozice. V p\u0159\u00edstavb\u011b je expozice \u010cesk\u00e9ho zahradk\u00e1\u0159sk\u00e9ho svazu, v pavilonu E je Olima jako gastrofestival, prezentace region\u00e1ln\u00ed potraviny, prezentace potravin zna\u010dky klasa, jsou \u010d\u00e1sti Flory, ji\u017e neodmysliteln\u011b pat\u0159\u00ed Han\u00e1ck\u00e1 v\u010dera v\u00fdstava v\u010dela\u0159sk\u00e1, to znamen\u00e1 v\u010dela\u0159sk\u00fdch produkt\u016f a prost\u0159edk\u016f, pomuce pro v\u010dela\u0159e, no a v oran\u017eerii ta von\u00ed b\u011blinkama a ko\u0159en\u00edm. Tak\u017ee prezentace \u010dlen\u016f PLR a CZ. Nesp\u00edme ale tak\u00e9 zapomenout je\u0161t\u011b na zahradnick\u00e9 trhy a bohat\u00fd doprovodn\u00fd program. Je to ot\u00e1zka floristick\u00fdch show, p\u0159edn\u00e1\u0161ek o b\u011blink\u00e1ch, o p\u011bstov\u00e1n\u00ed, chili papri\u010dek, odr\u016ft v\u00edn, kter\u00fdm se da\u0159\u00ed i tady na Han\u00e9. Opravdu toho programu je stra\u0161n\u011b moc. U tak velk\u00e9 ud\u00e1losti samoz\u0159ejm\u011b nechyb\u011bly i vz\u00e1cn\u00ed host\u00e9. Je to \u00fa\u017easn\u00e9, je to vlastn\u011b nejv\u011bt\u0161\u00ed v\u00fdstava ovocn\u00e1\u0159\u016f, zalen\u00e1\u0159\u016f v \u010cesk\u00e9 republice a to, \u017ee jsme schopni uk\u00e1zat, \u017ee i tento sektor, kter\u00fd opravdu nen\u00ed jednoduch\u00fd, tak i p\u0159esto, \u017ee jsou tady po\u0159\u00e1d skv\u011bl\u00fd nad\u0161en\u00ed p\u011bstitele ovoce, zeleniny, to, \u017ee jsme schopni dod\u00e1vat na \u010desk\u00fd tal\u00ed\u0159, do \u010desk\u00fdch dom\u00e1cnost\u00ed \u010deskou zeleninu, \u010desk\u00e9 ovoce, tak je to n\u011bco, co jako minister zem\u011bnitelnosti mus\u00edm jednozna\u010dn\u011b ocenit. V\u00fddojmi jsou skv\u011bl\u00e9, to, co jsem mohl vid\u011bt, ohlasy, kter\u00e9 jsem zachytil, tak hovo\u0159\u00ed \u00fapln\u011b stejn\u011b v superlatev\u011bch, tak\u017ee j\u00e1 jsem moc t\u011b\u0161\u00edm, a\u017e si to budu moc prohl\u00e9dnout osobn\u011b. Zat\u00edm z toho, co jsem vid\u011bl, tak i to, jak ji uchopili design\u00e9\u0159i a architekti pro ten leto\u0161n\u00ed rok, tak je ur\u010dit\u011b pro n\u00e1v\u0161t\u011bvn\u00edky l\u00e1kadlem. A jak se hlavn\u00ed expozice l\u00edbila n\u00e1v\u0161t\u011bvn\u00edk\u016fm? Vid\u00edme, \u017ee tady fot\u00edte, co v\u00e1s tady tak zaujalo. No, jak kr\u00e1sn\u011b ta zelenina vypad\u00e1. Hned bych si vzala. Kr\u00e1sn\u00fd, moc kr\u00e1sn\u00fd. Jo, jo, moc hezk\u00e1. No, je to kr\u00e1sn\u00fd, j\u00e1 se sem v\u017edycky moc t\u011b\u0161\u00edm. Je to kr\u00e1sn\u00fd, j\u00e1 to v\u017edycky obdivuju, proto\u017ee se mi hrozn\u011b l\u00edb\u00ed ten v\u00fdb\u011br t\u011bch odrud, jak je ka\u017ed\u00e1 zelenina jin\u00e1, kolik m\u00e1 tvaru, tak je to \u00fa\u017easn\u00fd. \u010cty\u0159denn\u00ed podzimn\u00ed v\u00fdstavu Flora Olomouc Horty Complex nakonec nav\u0161t\u00edvilo asi 23 tis\u00edc n\u00e1v\u0161t\u011bvn\u00edk\u016f, co\u017e je zhruba o t\u0159itis\u00edcovky v\u00edc ne\u017e v lo\u0148sk\u00e9m roce. Uk\u00e1zky vyhled\u00e1v\u00e1n\u00ed a zadr\u017een\u00ed pachatele nebo poslu\u0161nost \u010dty\u0159noh\u00fdch mil\u00e1\u010dk\u016f. Tak vypadalo lou\u010den\u00ed s pr\u00e1zninami v kynologick\u00e9m klubu v Petrovic\u00edch u Karvin\u00e9. \u0160lo o akci na cvi\u010di\u0161ti, kde se tak\u00e9 p\u0159edstavovala jednotliv\u00e1 ps\u00ed plemena. Kynologick\u00fd klub v Petrovic\u00edch u Karvin\u00e9 obnovil tradici lou\u010den\u00ed s pr\u00e1zninami a p\u0159ed m\u011bs\u00edc\u00ed z\u00e1\u0159\u00ed si tak u\u017eili je\u0161t\u011b letn\u00edho po\u010das\u00ed v\u0161ichni pospolu. U n\u00e1s na na\u0161em cvi\u010di\u0161ti, na\u0161\u00ed z\u00e1kladn\u00ed kynologick\u00e9 organizace dnes prob\u011bhne uk\u00e1zka, kdy nejprve d\u011btem p\u0159edstav\u00edme plemena, kter\u00e9 tam doch\u00e1zej\u00ed na cvi\u010di\u0161t\u011b pravideln\u011b, tak\u017ee d\u011bti budou m\u00edt mo\u017enost zh\u00e1dat jednotliv\u00e9 druhy plemen. Nechyb\u011bla tak\u00e9 uk\u00e1zka z\u00e1kladn\u00ed poslu\u0161nosti \u010dty\u0159noh\u00fdch mil\u00e1\u010dk\u016f. P\u0159edvedou poslu\u0161nost, cv\u00edky z\u00e1kladn\u00ed poslu\u0161nosti, aby jsme d\u011bti tro\u0161ku obezn\u00e1mili s t\u00edm, jak ten pejsek m\u00e1 poslouchat, jak m\u00e1 fungovat. P\u0159edstavena byla tak\u00e9 obrana civiln\u00ed, ale i slu\u017eebn\u00ed. Kdy bude pejsek ob\u00edhat makety, vyhled\u00e1vat pachatele, n\u00e1sledn\u011b bude zadr\u017een\u00ed pachatele a n\u011bjak\u00fd boj pachatele se psem, to bude ta civiln\u00ed \u010d\u00e1st obran a n\u00e1sledn\u011b bude prob\u00edhat sp\u00ed\u0161e slu\u017eebn\u00ed obrana celot\u011blov\u00fd oblek Ringo. Kdy n\u00e1m pejsek zadr\u017e\u00ed op\u011bt pachatele, nejprve bude pejsek jeden zasahovat na vrchn\u00ed \u010d\u00e1st t\u011bla, n\u00e1sledn\u011b bude druh\u00fd policajn\u00ed veter\u00e1n pes osmi lety, tak ten bude kousat na nohy. V\u0161e v\u0161ak nebylo jen okinologi\u00ed. D\u011bti si mohli zasouti\u017eit tak\u00e9 na p\u011bti stanovi\u0161t\u00edch. Poznav\u00e1n\u00ed plamen, n\u00e1sledn\u011b n\u011bjak\u00fd slalom, hodna mamlasa, st\u0159elba ze vzduchovky. Kdy\u017e pozb\u00edr\u00e1 v\u0161ech p\u011bt raz\u00edtek, na konci po vyhl\u00e1\u0161en\u00ed dostane bal\u00ed\u010dek se sladkostmi. O dal\u0161\u00ed atrakce pak nebyla nouze. Neopomenuto bylo tak\u00e9 ob\u010derstven\u00ed. Klasicky \u010depovan\u00e9 pivo, \u010depovan\u00e1 kufula, klob\u00e1sy, p\u00e1rky, sladkosti pro d\u011bti. V\u0161e se konalo ve spolupr\u00e1ci s obc\u00ed a sponzory. Aktu\u00e1ln\u011b m\u00e1 klub okolo 25 aktivn\u00edch \u010dlen\u016f. Co se t\u00fd\u010de plemen, je zde velk\u00e1 r\u016fznorodost. Ta klasick\u00e1 n\u011bmeck\u00fd ov\u010d\u00e1k, belgick\u00fd ov\u010d\u00e1k, m\u00e1me tady tak\u00e9 p\u00e1r chodsk\u00fdch ps\u016f, n\u011bjak\u00e9 hovavardy a potom k\u0159\u00ed\u017eence. 3. z\u00e1\u0159ijovou sobotu si tak u\u017eili v\u0161ichni, kdo zav\u00edtali. Z Petrovic u Karvin\u00e9 Mark\u00e9ta Pla\u010dkov\u00e1. Fotbalov\u00fd sv\u00e1tek pro\u017eilo Milevsko. Konal se tam den fotbalu, p\u0159i kter\u00e9m se p\u0159edstavila \u010dinnost m\u00edstn\u00edho klubu. V r\u00e1mci druh\u00e9ho ro\u010dn\u00edku akce se odehr\u00e1lo i des\u00e1t\u00e9 kolo krajsk\u00e9ho p\u0159eboru mu\u017e\u016f. V Milevsku se v sobotu 7. \u0159\u00edjna konal druh\u00fd ro\u010dn\u00edk akce Den fotbalu, kter\u00fd po\u0159\u00e1d\u00e1 klub FC ZVVZ Milevsko pro p\u0159\u00e1tele a podporovatele Milevsk\u00e9 kopan\u00e9. V r\u00e1mci t\u00e9to akce p\u0159edstavujeme \u010dinnost na\u0161eho klubu, to znamen\u00e1 utk\u00e1n\u00ed ml\u00e1de\u017enick\u00fdch i dosp\u011bl\u00fdch t\u00fdm\u016f. Leto\u0161n\u00edm roce jsme tu akci museli posunout a to z dobr\u00e9ho d\u016fvodu, proto\u017ee prob\u00edhala rekonstrukce jak um\u011bl\u00e9 tr\u00e1vy, tak atletick\u00e9 dr\u00e1hy. M\u011bsto Milevsk\u00e9 je hrd\u00fdm partnerem sportovc\u016f, hlavn\u011b fotbalu a proto jsme se rozhodli v leto\u0161n\u00edm roce na rekonstrukci fotbalov\u00e9ho stadionu um\u011bl\u00e9 tr\u00e1vy. Za to d\u011bkujeme N\u00e1rodn\u00edm sportovn\u00edm agent\u016f\u0159e, jeho \u010desk\u00e9mu kraju a m\u011bsto Milevsko, kter\u00fd se pod\u00edlili finan\u010dn\u011b a tak\u00e9 jsme vlastn\u011b opravili atletick\u00fd ov\u00e1l, kter\u00fd je tady v okol\u00ed jejich h\u0159i\u0161t\u011b. Tak\u017ee to tak\u00e9 d\u011bkujeme jeho \u010desk\u00e9mu kraju, krajsk\u00e9mu investi\u010dn\u00edmu fondu a my vlastn\u011b m\u011bsto Milevsko jsme to v\u00fdrazn\u011b podpo\u0159ili a v\u00fdrazn\u011b podporujeme sportovce, nejen fotbal, ale i ostatn\u00ed sporty, kter\u00fdch tady m\u00e1me mnoho. Na den fotbalu bylo po\u010das\u00ed pon\u011bkud chladn\u011bj\u0161\u00ed, fotbalist\u00e9 se p\u0159i h\u0159e ale i p\u0159esto po\u0159\u00e1dn\u011b zapotili. U t\u00e9to p\u0159\u00edle\u017eitosti se toti\u017e odehr\u00e1lo pro fotbalov\u00fd klub Milevsko d\u016fle\u017eit\u00e9 utk\u00e1n\u00ed. Jednalo se o des\u00e1t\u00e9 kolo krajsk\u00e9ho p\u0159eboru mu\u017e\u016f a Milevsko do n\u011bj vstoupilo se 16 body proti Rudolfovu z 18 body. Fotbalov\u00fd klub v Milevsku je v\u00fdznamn\u011b podporov\u00e1n veden\u00edm m\u011bsta. J\u00e1 si mysl\u00edm, \u017ee sport, kultura a vzd\u011bl\u00e1n\u00ed je z\u00e1kladem podpory ka\u017ed\u00e9ho m\u011bsta, kter\u00e9 chce m\u00edt zdrav\u00e9, \u0161ikovn\u00e9 d\u011bti, kter\u00e9 tady potom sportuj\u00ed a v tomhle skute\u010dn\u00e9m m\u011bst\u011b. Sportovn\u00ed klub byl v Milevsku zalo\u017een v roce 1920 a prvn\u00edm sportem zde byla pr\u00e1v\u011b kopan\u00e1. Za 103 let fungov\u00e1n\u00ed fotbalov\u00fd klub Milevsko ud\u011blal hodn\u011b pr\u00e1ce. Pr\u00e1ce tohoto klubu je dlouhodob\u011b vynikaj\u00edc\u00ed. Ten fotbal nen\u00ed samotn\u00fd. To je fotbal, hokej, floorball. To je v\u0161echno. H\u00e1zen\u00e1 v Milevsku, kter\u00e9 v\u00fdborn\u011b funguj\u00ed, ale fotbal te\u010f skute\u010dn\u011b \u0161pi\u010dkou m\u00e1 vyvinutou ml\u00e1de\u017e, vynikaj\u00edc\u00ed tren\u00e9ry a my se sna\u017e\u00edme, aby m\u011bli takov\u00e9 to sponzorsk\u00e9, dobr\u00e9 podlo\u017e\u00ed. A11 pr\u00e1v\u011b kon\u010d\u00ed ve\u010dern\u00ed vys\u00edl\u00e1n\u00ed televize. A11 pokra\u010duje dnes s B\u00e1rou a Tondou. Tak z\u016fsta\u0148te s n\u00e1mi. Dobr\u00fd ve\u010der. www.arkance-systems.cz","nbla_serie":"525","nbla_season":"2023","nbla_episode":"119","nbla_duration":"1452.64","nbla_genre":"3.1.1.1","nbla_editorial_format":"2.1.1","nbla_mtime":"1696951792","nbla_url":"https:\/\/origin.a11.cz\/vod\/4vtutsdc5hwl0s86tbamzot0z.mp4","nbla_version":"1696951781","nbla_odvysilano":"Ano","bunny_id":"ca877861-f2a4-4790-907a-b1707dec738c","youtube_id":"","datum_vydani":"20231010","stopaz":"1452.64","dokument":[],"video_to":[]},"_links":{"self":[{"href":"https:\/\/tv.a11.cz\/api\/wp\/v2\/video\/11836","targetHints":{"allow":["GET"]}}],"collection":[{"href":"https:\/\/tv.a11.cz\/api\/wp\/v2\/video"}],"about":[{"href":"https:\/\/tv.a11.cz\/api\/wp\/v2\/types\/video"}],"author":[{"embeddable":true,"href":"https:\/\/tv.a11.cz\/api\/wp\/v2\/users\/8"}],"wp:featuredmedia":[{"embeddable":true,"href":"https:\/\/tv.a11.cz\/api\/wp\/v2\/media\/11852"}],"wp:attachment":[{"href":"https:\/\/tv.a11.cz\/api\/wp\/v2\/media?parent=11836"}],"wp:term":[{"taxonomy":"category","embeddable":true,"href":"https:\/\/tv.a11.cz\/api\/wp\/v2\/categories?post=11836"},{"taxonomy":"porad","embeddable":true,"href":"https:\/\/tv.a11.cz\/api\/wp\/v2\/porad?post=11836"},{"taxonomy":"region","embeddable":true,"href":"https:\/\/tv.a11.cz\/api\/wp\/v2\/region?post=11836"},{"taxonomy":"kategorie","embeddable":true,"href":"https:\/\/tv.a11.cz\/api\/wp\/v2\/kategorie?post=11836"}],"curies":[{"name":"wp","href":"https:\/\/api.w.org\/{rel}","templated":true}]}}