{"id":11504,"date":"2023-10-05T18:11:34","date_gmt":"2023-10-05T16:11:34","guid":{"rendered":"https:\/\/tv.a11.cz\/?post_type=video&#038;p=11504"},"modified":"2023-10-05T19:10:07","modified_gmt":"2023-10-05T17:10:07","slug":"a11-zpravy-ctvrtek-5-10-2023","status":"publish","type":"video","link":"https:\/\/tv.a11.cz\/video\/a11-zpravy-ctvrtek-5-10-2023\/","title":{"rendered":"Hlavn\u00ed zpr\u00e1vy \u010dtvrtek 5.10. 2023"},"content":{"rendered":"","protected":false},"excerpt":{"rendered":"<p>Sol\u00e1rn\u00ed \u00fa\u010det umo\u017en\u00ed v\u00fdkup elekt\u0159iny &#8211; N\u00e1r\u016fst migrant\u016f pokra\u010duje &#8211; Ch\u00fdn\u011b a Hostivice postav\u00ed novou \u0161kolu za v\u00edce ne\u017e miliardu &#8211; Medaile pro hasi\u010de<\/p>\n","protected":false},"author":8,"featured_media":11532,"template":"","categories":[17,157],"porad":[212],"region":[218],"kategorie":[],"class_list":["post-11504","video","type-video","status-publish","has-post-thumbnail","hentry","category-domaci","category-zpravy","porad-hlavni-zpravy-a11","region-cela-cr"],"acf":[],"meta_box":{"nbla_idec":"A2300116","nbla_title":"A11 Zpr\u00e1vy","nbla_subtitle":"\u010ctvrtek 5.10. 2023","nbla_summary":"Zpravodajstv\u00ed A11 ze v\u0161ech kout\u016f \u010cesk\u00e9 republiky","nbla_description":"","nbla_transcription":"Kr\u00e1sn\u00fd ve\u010der pr\u00e1v\u011b za\u010d\u00ednaj\u00ed A11 zpr\u00e1vy, u kter\u00fdch v\u00e1s v\u00edt\u00e1 Teresa Jelinkov\u00e1. Dom\u00e1cnosti si mohou u spole\u010dnosti Moravsk\u00e9 naftov\u00e9 doly spole\u010dn\u011b se smlouvou o zdru\u017een\u00fdch dod\u00e1vk\u00e1ch elekt\u0159iny uzav\u0159\u00edt tak\u00e9 jednoduch\u00fd dodatek ke smlouv\u011b o tzv. sol\u00e1rn\u00edm \u00fa\u010dtu. Na tento \u00fa\u010det si jim pak budou \u00fa\u010dtovat v\u0161echny p\u0159ebytky elekt\u0159iny z fotovoltajky. Spole\u010dnost za jednu vykoupenou kWh nab\u00edz\u00ed dv\u011b koruny. Typick\u00fd z\u00e1kazn\u00edk t\u00edm pr\u00fd m\u016f\u017ee u\u0161et\u0159it a\u017e \u0161est tis\u00edc korun ro\u010dn\u011b. Popularita vyu\u017e\u00edv\u00e1n\u00ed sol\u00e1rn\u00ed energie v \u010cesku rok od roku stoup\u00e1. Na tento trend zareagovala i spole\u010dnost MND, kter\u00e1 nov\u011b nab\u00edz\u00ed sol\u00e1rn\u00ed \u00fa\u010det, je\u017e umo\u017en\u00ed v\u00fdkup elekt\u0159iny z fotovoltajky od z\u00e1kazn\u00edk\u016f. Jednodu\u0161e \u0159e\u010deno, vyrobenou sol\u00e1rn\u00ed energii, kterou z\u00e1kazn\u00edci hned nespot\u0159ebuj\u00ed, MND vykoup\u00ed a pen\u00edze pak mohou vyu\u017e\u00edt na sn\u00ed\u017een\u00ed sv\u00fdch vlastn\u00edch n\u00e1klad\u016f na elekt\u0159inu v r\u00e1mci vyu\u010dtov\u00e1n\u00ed. Hlavn\u00ed v\u00fdhody, kter\u00e9 jsou dnes oproti konkurenci, tak je jednoduchost. N\u00e1\u0161 z\u00e1kazn\u00edk si m\u016f\u017ee produkt sednat jednodu\u0161e p\u0159es interaktivn\u00ed formul\u00e1\u0159 na na\u0161ich webov\u00fdch str\u00e1nk\u00e1ch, anebo p\u0159es telefonn\u00ed linku 8400-500. Z\u00e1rove\u0148 ten produkt je velmi fairov\u00fd, proto\u017ee z\u00e1kazn\u00edk dop\u0159edu v\u00ed, jakou cenu za v\u00fdkup dost\u00e1v\u00e1. V na\u0161em p\u0159\u00edpad\u011b je to 2000 korun za ka\u017edou megawatt hodinu, kter\u00fd bude m\u00edt z p\u0159etoku. Sol\u00e1rn\u00ed \u00fa\u010det mohou z\u00e1kazn\u00edci MND kombinovat s jak\u00fdmkoliv cen\u00edkem na dod\u00e1vku elekt\u0159iny od t\u00e9to spole\u010dnosti. Stav tohoto \u00fa\u010dtu si pak mohou z\u00e1kazn\u00edci pohodln\u011b kontrolovat na port\u00e1lu Moje MND, kde krom\u011b aktu\u00e1ln\u00edho z\u016fstatku v korun\u00e1ch uvid\u00ed i mno\u017estv\u00ed vykoupen\u00e9 elekt\u0159iny. Sol\u00e1rn\u00ed \u00fa\u010det je velmi jednodu\u0161e zalo\u017eiteln\u00fd na na\u0161ich webov\u00fdch str\u00e1nk\u00e1ch. Kdy\u017e z\u00e1kazn\u00edk se rozhodne pro tuto volbu, tak sta\u010d\u00ed, kdy\u017e p\u0159i p\u0159echodu k n\u00e1m se svoj\u00ed elekt\u0159inou si v podstat\u011b jen zaklikne, \u017ee ten sol\u00e1rn\u00ed \u00fa\u010det chce m\u00edt. A nebo druhou alternativou je zavolat si na na\u0161\u00ed bezplatnou linku 8400500, kde vlastn\u011b ho kolegyn\u011b nebo oper\u00e1to\u0159i navedou a celou smlouvu za\u0159\u00edd\u00ed. Pro MND je sol\u00e1rn\u00ed energie v\u00fdznamnou sou\u010d\u00e1st\u00ed biznisu. Terma aktu\u00e1ln\u011b dokon\u010dila akvizici Velk\u00e9 fotovoltaick\u00e9 elektr\u00e1rny Orlov\u00e1 u Ostravy a na Ji\u017en\u00ed Morav\u011b stav\u00ed dal\u0161\u00ed v lokalit\u011b Mu\u0161ov. Pr\u00e1v\u011b zde pod P\u00e1lavou se b\u011bhem p\u0159\u00edpravn\u00fdch prac\u00ed poda\u0159ilo odkl\u00edt hroby langobardsk\u00fdch elit ze \u0161est\u00e9ho stolet\u00ed. N\u00e1sledoval tak rozs\u00e1hl\u00fd archeologick\u00fd pr\u016fzkum oblasti, na kter\u00fd MND v\u011bnovali 400 tis\u00edc korun. Archeolog\u016fm se poda\u0159ilo objevit hroby s kostrami, \u0161perky i dal\u0161\u00edmi v\u011bcmi osobn\u00ed pot\u0159eby z doby st\u011bhov\u00e1n\u00ed n\u00e1rod\u016f. MND jsou tak\u00e9 prvn\u00ed, kdo v \u010cesku p\u0159ich\u00e1z\u00ed s konceptem agrovoltaiky, spojen\u00edm zem\u011bd\u011blsk\u00e9 produkce s v\u00fdrobou energie ze sol\u00e1rn\u00edch panel\u016f. Nadvin\u00edc\u00ed je konstrukce s fotovoltaick\u00fdmi panely, tak\u017ee nedoch\u00e1z\u00ed k z\u00e1boru zem\u011bd\u011blsk\u00e9 p\u016fdy. My na t\u00e9 zem\u011bd\u011blsk\u00e9 \u010d\u00e1sti spolupracujeme s Mendelovou univerzitou, na t\u00e9 technologick\u00e9 \u010d\u00e1sti spolupracujeme s \u010cVUT Praha, tak\u017ee to je opravdu projekt, kter\u00fd m\u00e1 budoucnost a my tady zkou\u0161\u00edme to, co asi v bl\u00edzk\u00e9 budoucnosti uvid\u00edte i n\u011bkde jinde. Pro televizi A11 Ond\u0159ej F\u00e9r a B\u00e1ra \u0160tanglov\u00e1. Jihomoravsk\u00fd kraj se st\u00e1le pot\u00fdk\u00e1 s probl\u00e9mem migrant\u016f. Po\u010dty zachycen\u00fdch b\u011b\u017eenc\u016f jsou oproti za\u010d\u00e1tku roku skoro desetin\u00e1sobn\u00e9. Policie kv\u016fli tomu zintenzivn\u011bla nam\u00e1tkov\u00e9 kontroly v bl\u00edzkosti hranic. Na Ji\u017en\u00ed Morav\u011b pokra\u010duje masivn\u00ed n\u00e1r\u016fst migrant\u016f. Po\u010dty zachycen\u00fdch osob jsou oproti za\u010d\u00e1tku roku desetin\u00e1sobn\u00e9. Sv\u011bd\u010d\u00ed o tom i p\u0159\u00edpad z Lan\u017ehotu, kde se vedle \u0159idi\u010de tisnilo dal\u0161\u00edch 25 osob, z toho p\u011bt d\u011bt\u00ed. P\u0159i kontrole dod\u00e1vky s ma\u010farskou registra\u010dn\u00ed zna\u010dkou na b\u00fdval\u00e9m hrani\u010dn\u00edm p\u0159echodu Lan\u017ehot se jihomorav\u0161t\u00ed policist\u00e9 nesta\u010dili divit. Na b\u00fdval\u00e9m hrani\u010dn\u00edm p\u0159echodu Lan\u017ehot jsme kontrolovali dod\u00e1vku, v n\u00ed\u017e se mimo \u0159idi\u010de tisnilo dal\u0161\u00edch 25 osob, z t\u011bch 25 osob tam bylo p\u011bt d\u011bt\u00ed. Ve stejn\u00fd den jsme na stejn\u00e9 m\u00edst\u011b kontrolovali jinou dod\u00e1vku, kde mimo \u0159idi\u010de bylo dal\u0161\u00edch 17 osob, v\u0161echno to byly sy\u0159an\u00e9. Oproti m\u011bs\u00edc\u016fm v po\u010d\u00e1tku leto\u0161n\u00edho roku, kdy v lednu policie odhalila 35 b\u011b\u017eenc\u016f, dos\u00e1hly po\u010dty zaji\u0161t\u011bn\u00fdch migrant\u016f v z\u00e1\u0159\u00ed t\u00e9m\u011b\u0159 desetin\u00e1sobku. Policie jich dosud zajistila 292. Oproti minul\u00e9mu roku se policist\u016fm poda\u0159ilo zadr\u017eet v\u011bt\u0161\u00ed mno\u017estv\u00ed p\u0159evad\u011b\u010d\u016f. Pozitivn\u00ed zpr\u00e1vou je, \u017ee oproti lo\u0148sk\u00e9mu roku se jedn\u00e1 o pokles. Pohled nem\u011bl\u00fd do statistik, tak v r\u00e1mci Homorovsk\u00e9ho kraje jsme v m\u011bs\u00edci z\u00e1\u0159\u00ed zajistili p\u0159es 300 b\u011b\u017eenc\u016f. Je to o sto v\u00edce ne\u017e v m\u011bs\u00edci srpnu. Tahle \u010d\u00edsla nutno podotknout, \u017ee jsou v\u00fdrazn\u011b ni\u017e\u0161\u00ed ne\u017e v minul\u00e9m roce. Probl\u00e9my s migranty hl\u00e1s\u00ed i n\u011bmeck\u00e1 policie, kter\u00e1 na hranic\u00edch s \u010ceskem a Polskem zes\u00edl\u00ed pru\u017en\u00e9 a mobiln\u00ed kontroly. V policejn\u00edch kontrol\u00e1ch se bude i nad\u00e1le pokra\u010dovat. Zbrn\u00e1 pro televizi A11 Ji\u0159\u00ed V\u00fdner. V\u00fdrazn\u00fd n\u00e1r\u016fst po\u010dtu obyvatel a tedy i n\u00e1roky na kapacitu z\u00e1kladn\u00edch \u0161kol se rozhodli vy\u0159e\u017eit v Ch\u00edni a Hostivici v okrese Praha-Z\u00e1pad. Ob\u011b m\u011bsta spole\u010dn\u011b vybuduj\u00ed \u0161kolu pro v\u00edce ne\u017e 800 \u017e\u00e1k\u016f. Jedn\u00e1 se p\u0159itom o jeden z pouh\u00fdch \u0161esti projekt\u016f v cel\u00e9 \u010cesk\u00e9 republice. Ch\u00edn\u011b a Hostivice budou m\u00edt novou \u0161kolu. P\u0159es 800 \u017e\u00e1k\u016f najde unik\u00e1tn\u00ed a modern\u00ed z\u00e1zem\u00ed na dosud nezastav\u011bn\u00e9m prostranstv\u00ed na okreji Ch\u00edn\u011b. N\u00e1ro\u010dn\u00e9 p\u0159\u00edpravy, architektonick\u00e1 sout\u011b\u017e a v\u00fdb\u011br dodavatele jsou minulost\u00ed. P\u0159ich\u00e1z\u00ed samotn\u00e1 realizace stavby. Budeme stav\u011bt \u0161kolu pro 810 \u017e\u00e1k\u016f. Stavba bude zah\u00e1jen\u00e1, po\u010d\u00edt\u00e1me zat\u00edm v polovin\u011b \u0159\u00edjna. Demografick\u00e9 k\u0159ivky a studie jasn\u011b u\u010duj\u00ed hlavn\u00ed sp\u00e1dovou oblast nov\u00e9 \u0161koly, kter\u00e1 je jednou z m\u00e1la nov\u00fdch svazkov\u00fdch v republikov\u00e9m m\u011b\u0159\u00edtku. Jedn\u00e1 se o Hostivice a Ch\u00edn\u011b. Ch\u00edn\u011b vlastn\u011b ulice m\u00e1 Rudensk\u00e1 a hlavn\u00ed m\u00e1 sp\u00e1dovou oblast nastavenou vlastn\u011b ke svazkov\u00e9 \u0161kole. U Hostivice je to potom lokalita Hostivic\u00edch, Brv\u00ed a \u010d\u00e1ste\u010dn\u011b Litovic. Za samotnou stavu zaplat\u00ed svazek m\u011bst v\u00edce ne\u017e 800 milion\u016f korun. Posadnou \u010d\u00e1st z nich pomohou pokr\u00fdt po dlouh\u00fdch jedn\u00e1n\u00edch vybojovan\u00e9 dotace. Nejv\u011bt\u0161\u00ed d\u00edl finan\u010dn\u00edch prost\u0159edk\u016f poskytuje Ministerstvo \u0161kolstv\u00ed, ml\u00e1de\u017ee a t\u011blov\u00fdchovy, kter\u00e9 poskytuje p\u0159es 757 milion\u016f korun. D\u00e1le m\u00e1me za\u017e\u00e1d\u00e1no z St\u00e1tn\u00edho fondu \u017eivotn\u00edho prost\u0159ed\u00ed na pasivn\u00ed standard budovy. \u017d\u00e1d\u00e1me do N\u00e1rodn\u00ed sportovn\u00ed agentury, proto\u017ee m\u00e1me velk\u00e9 sportovi\u0161t\u011b, kter\u00e9 je p\u0159ilehl\u00fdm prostorem ke \u0161kole. A potom samoz\u0159ejm\u011b st\u0159edo\u010desk\u00fd kraj, kter\u00fd poskytuje na velk\u00e9 projekty typu \u0161kol tak\u00e9 dotace. Cel\u00fd komplex v\u010detn\u011b venkovn\u00edho h\u0159i\u0161t\u011b a z\u00e1zem\u00ed nejen pro ch\u00ednsk\u00e9 fotbalisty a dal\u0161\u00ed sportovce se m\u016f\u017ee pochlubit i fotovoltajkou nebo zelenou st\u0159echou. \u010c\u00e1ste\u010dn\u011b na n\u00ed bude hern\u00ed prostor v\u010detn\u011b venkovn\u00edch u\u010deben. A co je na \u0161kole mo\u017en\u00e1 nejzaj\u00edmav\u011bj\u0161\u00ed? To je to vstupn\u00ed prostranstv\u00ed t\u00e9 \u0161koly, kdy\u017e vlastn\u011b vejdete do t\u00e9 budovy v r\u00e1mci t\u011bch vizualizac\u00ed a m\u00e1te tam to vstupn\u00ed schodi\u0161t\u011b a jsou tam ty \u0161atny, tak u\u017e v t\u011bch n\u00e1vrz\u00edch p\u016fsobilo minim\u00e1ln\u011b neobvykl\u00fdm dojmem, nebo ne \u00fapln\u011b t\u00edm konven\u010dn\u00edm. V polovin\u011b \u0159\u00edjna dojde k podpisu smlouvy a p\u0159ed\u00e1n\u00ed stavini\u0161t\u011b do davatelsk\u00e9 firm\u011b. Ta by m\u011bla nov\u00fd \u0161koln\u00ed komplex Vaskov\u00e9 \u0161koly Ch\u00edn\u011b a Hostivic p\u0159edat na je\u0159e 2025. Olomouck\u00fdm hasi\u010d\u016fm se dostalo pod\u011bkov\u00e1n\u00ed za pomoc p\u0159i ha\u0161en\u00ed po\u017e\u00e1ru v \u0158ecku b\u011bhem leto\u0161n\u00edho srpna a z\u00e1\u0159\u00ed. Krajsk\u00fd hejtman rozdal medaile osmi po\u017e\u00e1rn\u00edk\u016fm z Olomoucka. Celkem se z\u00e1chran\u00fdch akc\u00ed z\u00fa\u010dastnilo 119 hasi\u010d\u016f z cel\u00e9 \u010cesk\u00e9 republiky. Mnohahodinov\u00e1 vy\u010derp\u00e1vaj\u00edc\u00ed d\u0159ina, n\u00e1ro\u010dn\u00e9 klimatick\u00e9 podm\u00ednky, nep\u0159\u00edstupn\u00fd ter\u00e9n, abnorm\u00e1ln\u00ed fyzick\u00e9 i psychick\u00e9 nasazen\u00ed. Olomou\u010dti hasi\u010di si p\u0159i rozs\u00e1hl\u00fdch po\u017e\u00e1rech v \u0158ecku s\u00e1hli nad nosil. Svou misi ale splnili. Za skv\u011blou pr\u00e1ci jim pod\u011bkoval krajsk\u00fd hejtman. A j\u00e1 bych cht\u011bl tady t\u011bmto lidem upravdu vysmeknout velkou poklonu a velkou pochvalu za to, co d\u011blaj\u00ed nejen pro n\u00e1s, ale tak\u00e9 p\u0159i takov\u00fdch mezin\u00e1rodn\u00edch pomoc\u00edch. Pom\u00e1hat v boji s nevyzpytateln\u00fdm \u017eivelem se v srpnu a v z\u00e1\u0159\u00ed vydalo do \u0158ecka celkem 119 hasi\u010d\u016f z \u010cesk\u00e9 republiky, v\u010detn\u011b osmi profesion\u00e1l\u016f z \u00fazemn\u00edho odboru P\u0159erov. A to ve dvou vln\u00e1ch v t\u00e9 prvn\u00ed od 22. srpna do 1. z\u00e1\u0159\u00ed \u010dty\u0159\u00ed a ve druh\u00e9 zase \u010dty\u0159\u00ed do 12. z\u00e1\u0159\u00ed. Jako profesion\u00e1ln\u00ed hasi\u010d slou\u017e\u00edm na stanici Lipn\u00edk u\u017e jeden\u00e1ct\u00fdm rokem a z hlediska rozsahu tohoto po\u017e\u00e1ru, kter\u00fd jsme za\u017eili v tom \u0158ecku, hned po \u010desk\u00e9m \u0160v\u00fdcarsku byl jeden z nejv\u011bt\u0161\u00edch, kter\u00e9 jsme v\u016fbec spotkali. V hasi\u010de \u010dekala opravdov\u00e1 apokalypsa. Ohe\u0148 zachv\u00e1til \u00fazem\u00ed desetkr\u00e1t v\u011bt\u0161\u00ed ne\u017e \u010desk\u00e9 \u0160v\u00fdcarsko. Denn\u011b ho\u0159elo a\u017e p\u011bt tis\u00edc hektar\u016f lesa. V p\u0159\u00edm\u00e9m ohro\u017een\u00ed byly vesnice a farmy. Ta linie po\u017e\u00e1ru byla t\u0159eba jen 20 kilometr\u016f dlouh\u00e1, tak\u017ee n\u00e1m se poda\u0159ilo tu vesnici ochr\u00e1nit. Po\u017e\u00e1r obe\u0161el do kola a \u0161el n\u011bkam nekontrolovateln\u011b d\u00e1l a pak se z\u0159e\u0161ilo, co d\u00e1l. P\u0159i t\u011bch n\u00e1razov\u00fdch v\u011btrech se ty po\u017e\u00e1ry vlastn\u011b \u0161\u00ed\u0159ily takovou rychlost\u00ed, \u017ee my jsme absolutn\u011b nem\u011bli \u0161anci p\u0159edpokl\u00e1dat, kam p\u016fjde, jak\u00fdm zp\u016fsobem vylet\u00ed. Opravdu byla nutn\u00e1 leteck\u00e1 podpora v n\u011bkter\u00fdch p\u0159\u00edpadech, kter\u00e9 n\u00e1m v podstat\u011b t\u00edmhlet\u00edm zachra\u0148ovaly \u017eivoty. To, co kolegov\u00e9 za\u017eili v \u0158ecku, tak nesne se srovn\u00e1n\u00ed s p\u0159edchodz\u00edm ud\u00e1lostmi, kter\u00e9 za\u017eili pr\u00e1v\u011b tady v \u010cesk\u00e9 republice a mysl\u00edm si, \u017ee to zvl\u00e1dli velice dob\u0159e a jsem na n\u011b hrd\u00fd. \u0160el byste do toho znovu? Rozhodn\u011b, rozhodn\u011b. Je to moje pr\u00e1ce a j\u00e1 tu pr\u00e1ci m\u00e1m r\u00e1d. Ostatn\u011b stejn\u011b jako kluci, mysl\u00edm, \u017ee by hovo\u0159ili \u00fapln\u011b stejn\u011b. Pr\u00e1ce je to napl\u0148uj\u00edc\u00ed a \u010dlov\u011bk to d\u011bl\u00e1 srd\u00ed\u010dkem, tak\u017ee je to super. Zku\u0161enosti z\u00edskan\u00e9 v \u0158ecku te\u010f budou Hasi\u010di p\u0159ed\u00e1vat sv\u00fdm dal\u0161\u00edm koleg\u016fm v Krajsk\u00e9m zboru. Probl\u00e9my technick\u00fdch slu\u017eeb \u0159e\u0161\u00ed zastupitel\u00e9 m\u011bsta Vset\u00edna. Dle prob\u011bhl\u00fdch kontrol mohlo doj\u00edt k pochyben\u00ed v hospoda\u0159en\u00ed. Zadan\u00e9 opravy sice prob\u011bhly v co nejkrat\u0161\u00edm \u010dase a jak nejl\u00e9pe mohly, nicm\u00e9n\u011b technick\u00e9 slu\u017eby \u0159\u00e1dn\u011b nevyhl\u00e1sily ve\u0159ejn\u00e9 zak\u00e1zky. O technick\u00fdch slu\u017eb\u00e1ch se mluvilo na minulem zased\u00e1n\u00ed Vset\u00ednsk\u00e9ho zastupitelstva v souvislosti s kontrolou v\u00fdboru, kter\u00e1 tu prob\u011bhla. Podle n\u011bkter\u00fdch toti\u017e p\u0159\u00edsp\u011bvkov\u00e1 organizace m\u011bsta nehospoda\u0159\u00ed dob\u0159e. V\u00fdsledek diskoze \u2013 za\u0159azen\u00ed mimo \u017e\u00e1dn\u00e9ho bodu na program p\u0159\u00ed\u0161t\u00edho \u0159\u00e1dn\u00e9ho zased\u00e1n\u00ed. J\u00e1 kv\u016fli tomu, aby se ty v\u011bci opravdu vyjasnili, tak jsem souhlasil s t\u00edm, aby jsme je\u0161t\u011b jednou ve\u0159ejn\u011b o t\u011bch v\u011bcech mluvili na zastupitelstvu, aby bylo z\u0159ejm\u00e9, \u017ee tam u \u010d\u00e1tn\u00e9mu zamet\u00e1n\u00ed n\u011bjak\u00e9ho rozkr\u00e1d\u00e1n\u00ed nebo n\u011bjak\u00fdch v\u011bc\u00ed, kter\u00e9 se opakuj\u00ed nekal\u00fdch, tak\u017ee k n\u00edm nedo\u0161lo. Probl\u00e9my v technick\u00fdch slu\u017eb\u00e1ch se podle starosty datuj\u00ed asi t\u0159i roky zp\u011bt a souvis\u00ed se zad\u00e1v\u00e1n\u00edm zak\u00e1zek. Ty ov\u0161em podle n\u011bj m\u011bly sv\u00e1 nesporn\u00e1 specifika. Se po d\u016fkladn\u00e9 prov\u011brce uk\u00e1zalo, \u017ee doty\u010dn\u00ed pracovn\u00edci u\u0161et\u0159ili m\u011bstu pen\u00edze, zcela jist\u011b opravili ty v\u011bci opravdu nejlevn\u011bj\u0161\u00edm zp\u016fsobem, ale bohu\u017eel poru\u0161ili p\u0159itom p\u0159edpisy t\u00edm, \u017ee nevyhl\u00e1sili \u0159\u00e1dnou zak\u00e1zku a tak d\u00e1le. Konkr\u00e9tn\u011b m\u011bly b\u00fdt opravy provedeny v co nejkrat\u0161\u00edm \u010dase. N\u011bkter\u00e9 z nich byly nav\u00edc velmi z\u00e1va\u017en\u00e9 a hrozilo nav\u00fd\u0161en\u00ed n\u00e1klad\u016f na odstran\u011bn\u00ed n\u00e1sledn\u00fdch \u0161kod z prodlen\u00ed. No nicm\u00e9n\u011b to je neomlouv\u00e1. M\u011bly jednat o tom, \u017ee v t\u011bchto nal\u00e9hav\u00fdch p\u0159\u00edpadech i z\u00e1kon umo\u017e\u0148uje n\u011bjak\u00fd, \u0159ekn\u011bme, zrychlen\u00fd postup, ale to neud\u011blali. A v tom spo\u010d\u00edv\u00e1 ta vina. Tak\u017ee oni u\u0161et\u0159ili m\u011b z tu pen\u00edze, opravili dan\u00e9 v\u011bci, ale ud\u011blali to \u0161patn\u00fdm zp\u016fsobem. A za tento proh\u0159e\u0161ek byly lid\u00e9 z veden\u00ed technick\u00fdch slu\u017ee posti\u017eeni. Na\u0159\u00edzena je tu i dal\u0161\u00ed kontrola, kter\u00e1 zhodnot\u00ed n\u00e1pravn\u00e9 kroky spole\u010dnosti. O technick\u00fdch slu\u017eb\u00e1ch m\u011bsta Vset\u00edna se bude jednat na zased\u00e1n\u00ed zastupitelstva v pond\u011bl\u00ed 30. \u0159\u00edjna. Strakonick\u00e1 tepl\u00e1rna je v tak dobr\u00e9 kondici, \u017ee nepot\u0159ebuje nav\u00e1zat strategickou spolupr\u00e1ci se t\u0159et\u00edm subjektem. Rozhodli o tom zastupitel\u00e9 m\u011bsta na sv\u00e9m zased\u00e1n\u00ed. Zastupitel\u00e9 m\u011bsta definitivn\u011b zam\u00edtly v\u0161echna dal\u0161\u00ed jedn\u00e1n\u00ed o mo\u017en\u00e9m vstupu strategick\u00e9ho partnera pro Strakonickou tepl\u00e1rnu. P\u0159edn\u011b bych cht\u011bl \u0159\u00edci, \u017ee na\u0161im dlouhodob\u00fdm c\u00edlem na radnici bylo dos\u00e1hnout 100% vlastnictv\u00ed tepl\u00e1rny, kter\u00e9 to poda\u0159ilo na za\u010d\u00e1tku pr\u00e1zdn\u011b nebo ke konci \u0161koln\u00edho roku, kdy jsme odsouhlasili na zastupitelstvo vyt\u011bsn\u011bn\u00ed mal\u00fdch akcion\u00e1\u0159\u016f definitivn\u011b a n\u00e1sledn\u011b valn\u00e1 hromada tepl\u00e1rny toto jakoby provedla. Je\u0161t\u011b p\u0159ed t\u00edmto rozhodnut\u00edm zastupitel\u016f bylo m\u011bsto oslobov\u00e1no r\u016fzn\u00fdmi tepl\u00e1rensk\u00fdmi subjekty, vzda je mo\u017en\u00e9 majetkov\u011b vstoupit do Strakonick\u00e9 tepl\u00e1rny jako men\u0161inov\u00fd akcion\u00e1\u0159. Byla mezi nimi nap\u0159\u00edklad i plze\u0148sk\u00e1 tepl\u00e1rensk\u00e1 spole\u010dnost. To jsme byli oslovov\u00e1ni neofici\u00e1ln\u011b u\u017e del\u0161\u00ed dobu, ale po\u0159\u00e1d jsme to odalovali s t\u00edm, \u017ee rozhodnut\u00ed by m\u011bl padnout a\u017e po z\u00edsk\u00e1n\u00ed 100% vlastnictv\u00ed, \u017ee na to nen\u00ed vhodn\u00e1 doba. Te\u010f tedy na posledn\u00edm jedn\u00e1n\u00ed zastupitelstva do\u0161lo na \u0159adu vypo\u0159\u00e1dat se s t\u011bmi nab\u00eddkami, kter\u00e9 u\u017e mezi t\u00edm p\u0159i\u0161ly jako ofici\u00e1ln\u00ed a zastupitelstvo rozhodlo v\u011bt\u0161in\u011b o tom, \u017ee chceme jako m\u011bsto provozovat tepl\u00e1rnu vlastn\u00edmi silami, vlastn\u00eddy ze 100% a d\u00e1le u\u017e s \u017e\u00e1dn\u00fdmi potenci\u00e1ln\u00edmi investory nejednat. Zastupitel\u00e9 na sv\u00e9m jedn\u00e1n\u00ed 20. z\u00e1\u0159\u00ed dali jasn\u011b najevo, \u017ee tepl\u00e1rna definitivn\u011b z\u016fstane v majetku m\u011bsta. Cel\u00fd z\u00e1znam diskuse si m\u016f\u017eete poslechnout na webov\u00fdch str\u00e1nk\u00e1ch m\u011bsta. M\u011bsto Prost\u011bjov po vystoupen\u00ed ze servisn\u00ed spole\u010dnosti Olomouck\u00e9ho kraje \u0159e\u0161\u00ed ot\u00e1zku, jak nakl\u00e1dat z odpady. V \u00favahu v sou\u010dasn\u00e9 dob\u011b p\u0159ipadaj\u00ed dva projekty soukrom\u00fdch spole\u010dnost\u00ed, kter\u00e9 jsou pro m\u011bsto ekonomicky v\u00fdhodn\u011bj\u0161\u00ed. Kam s n\u00edm? P\u0159esn\u011b, to je ot\u00e1zka, kterou mus\u00ed \u0159e\u0161it m\u011bsta a obce v souvislosti s odpady. A stejn\u00e9 je to tak\u00e9 v Prost\u011bjov\u011b. M\u011bsto vystoupilo ze servisn\u00ed spole\u010dnosti odpady Olomouck\u00e9ho kraje a nakl\u00e1d\u00e1n\u00ed s nimi si bude \u0159e\u0161it samo. My jsme jasn\u011b \u0159ekli, \u017ee v tuto chv\u00edli ekonomicky tento projekt se n\u00e1m nejv\u00ed jako ten nejlep\u0161\u00ed, proto\u017ee b\u011bhem p\u011bti let jsme m\u011bli investovat 66 milion\u016f korun na stavbu ty velk\u00e9 t\u0159\u00edd\u00edc\u00ed l\u00ednky. A my \u0159\u00edk\u00e1me, i vzhledem k tomu, co se dneska d\u011bje v tom ve\u0159ejn\u00e9m prostoru a mysl\u00edm t\u00edm \u017eivotn\u00edm post\u0159ed\u00ed, kter\u00e9 deklaruje, \u017ee se budou vykupovat plastov\u00e9 lahve se budou vykupovat nebo respektive vracet a mo\u017en\u00e1 i len\u00edkov\u00e9 obaly. Tak\u017ee v tom p\u0159\u00edpad\u011b potom ta t\u0159\u00edd\u00edc\u00ed l\u00ednka opravdu dost\u00e1v\u00e1 \u00fapln\u011b jinej rozm\u011br ekonomicky. U\u017e se nem\u016f\u017ee za n\u00e1s, a nen\u00ed to jenom n\u00e1\u0161 n\u00e1zor, je to samoz\u0159ejm\u011b n\u00e1zor odborn\u00edk\u016f, kter\u00e9 my poslouch\u00e1me, nem\u016f\u017ee vyplatit. Nyn\u00ed jsou pro Prost\u011bjov dv\u011b varianty \u0159e\u0161en\u00ed, jak nalo\u017eit z odpady. A to je projekt, kter\u00fd n\u00e1m p\u0159edstavila firma PGPT, to je plazmov\u00e9 splinov\u00e1n\u00ed a potom projekt firmy FCC, kterou dnes spolupracujeme v oblasti toho odparovatelstv\u00ed pr\u016fv\u00e1dctv\u00ed v tuto chv\u00edli. No a j\u00e1 bych cht\u011bl \u0159\u00edct jednozna\u010dn\u011b dv\u011b asi z\u00e1sadn\u00ed v\u011bci. A to je to, \u017ee my ani spole\u010dnosti FCC, ale tak\u00e9 firm\u011b PGPT v \u017e\u00e1dn\u00e9m p\u0159\u00edpad\u011b nikdy na\u0161e m\u011bsto ne\u0159eklo, kde takov\u00e9 za\u0159\u00edzen\u00ed m\u00e1 st\u00e1t. To je opravdu v\u00fdhradn\u011b v\u011bc\u00ed t\u011bchto spole\u010dnost\u00ed. Pro m\u011bsto jsou alternativy, kter\u00e9 nab\u00edzej\u00ed zm\u00edn\u011bn\u00e9 firmy, ekonomicky v\u00fdhodn\u011bj\u0161\u00ed. Ov\u0161em nem\u016f\u017ee nijak ovlivnit to, kde budou za\u0159\u00edzen\u00ed na zpracov\u00e1n\u00ed odpad\u016f postaveny. My nebudeme t\u011bmto firm\u00e1m \u0159\u00edkat, kde toto za\u0159\u00edzen\u00ed m\u00e1 st\u00e1t. My pouze \u0159\u00edk\u00e1me, a opakuju to po druh\u00e9, \u017ee to, co navrhuj\u00ed v oblasti odparovatelstv\u00ed se n\u00e1m zd\u00e1 jako ekonomicky v\u00fdhodn\u00e9. Ka\u017edop\u00e1dn\u011b, jak si poradit s odpady, to je probl\u00e9m, kter\u00fd je t\u0159eba \u0159e\u0161it \u0161etrn\u011b v ohledu pln\u011b k \u017eivotn\u00edmu prost\u0159ed\u00ed. Cestou je diskuze odborn\u00edku tak, aby v\u0161e bylo vyhovuj\u00edc\u00ed ekonomicky i ekologicky. Za m\u011b je opravdu d\u016fle\u017eit\u00e9 si \u0159\u00edct, co d\u00e1l s odpadem po roku 2030. Je to opravdu v\u011bc, kter\u00e1 se mus\u00ed, mus\u00ed \u0159e\u0161it. A ty alternativy, kter\u00e9 jsou na stole, pot\u0159ebuj\u00ed asi velkou diskuzi, pot\u0159ebuj\u00ed argumenty a argumenty odborn\u00edk\u016f, argumenty lid\u00ed z praxe, kte\u0159\u00ed se t\u00edmto zab\u00fdvaj\u00ed spoustu a spoustu let. A my m\u00e1me velk\u00fd probl\u00e9m v\u016fbec zasednout k jednomu stolu a \u0159\u00edkat si tedy o tom, jak\u00e1 ta varianta bude pro n\u00e1s, pro v\u0161echny, ekonomicky, ale hlavn\u011b ekologicky nejv\u00fdhodn\u011bj\u0161\u00ed. Pokud bude zavedena z\u00e1loha na pedlahve, tak krajsk\u00fd projekt podle prost\u011bhovsk\u00fdch radn\u00edk nem\u016f\u017ee ekonomicky fungovat. Mnoho let se odpad vyv\u00e1\u017eeli na skl\u00e1dky, co\u017e neum\u011brn\u011b zat\u011b\u017euje \u017eivotn\u00ed prost\u0159ed\u00ed. Proto bylo nutn\u00e9 za\u010d\u00edt situaci \u0159e\u0161it jinak. V Lys\u00e9 nad Labem dnes za\u010dala v\u00fdstava Podzimn\u00ed zem\u011bd\u011blec 2023. N\u00e1v\u0161t\u011bvn\u00edci se mohou t\u011b\u0161it na zahradn\u00ed trhy \u010di v\u00fdstavu hospod\u00e1\u0159sk\u00fdch zv\u00ed\u0159at. Absolutn\u00ed novinkou jsou pak farm\u00e1\u0159sk\u00e9 trhy. V\u00fdstava potrv\u00e1 a\u017e do ned\u011ble 8. \u0159\u00edjna. Na v\u00fdstave\u0161ti v Lys\u00e9 nad Labem m\u016f\u017eete od dne\u0161n\u00edho dne nav\u0161t\u00edvit 57. pokra\u010dov\u00e1n\u00ed obl\u00edben\u00e9 prodejn\u011b kontrakta\u010dn\u00ed v\u00fdstavy Zem\u011bd\u011blec. Je tady nejen Podzimn\u00ed zem\u011bd\u011blec, ale je tady i v\u00fdstava N\u00e1\u0161 hof a te\u010fkon ta velk\u00e1 na\u0161e novinka veletr zem\u011bd\u011blsk\u00e9 techniky. Ka\u017edoro\u010dn\u011b tuto zem\u011bd\u011blskou a zahr\u00e1dk\u00e1\u0159skou v\u00fdstavu nav\u0161t\u00edv\u00ed kolem 30.000 lid\u00ed. Toto \u010d\u00edslo svi\u010d\u00ed hlavn\u011b o tom, \u017ee se jedn\u00e1 o jednu z nejobl\u00edben\u011bj\u0161\u00edch v\u00fdstav mezi \u0161irokou ve\u0159ejnost\u00ed. V\u011b\u0159\u00edm v tom, \u017ee ka\u017ed\u00fd si najde to sv\u00e9. Je tady opravdu p\u0159es zahradn\u00ed trhy, farm\u00e1\u0159sk\u00e9 trhy, v\u00fdstava ove\u010dek a kos. Pak tady m\u00e1me pasen\u00ed ovc\u00ed pomoc\u00ed ps\u016f, co\u017e je taky velkou novinkou. M\u00e1me tady zem\u011bd\u011blsk\u00fd sv\u011bt pro d\u011bti. Mno\u017estv\u00ed hospod\u00e1\u0159sk\u00fdch zv\u00ed\u0159at a v\u0161emo\u017en\u00e9 zem\u011bd\u011blsk\u00e9 techniky ale nep\u0159iprav\u00ed n\u00e1v\u0161t\u011bvn\u00edky o jejich obl\u00edben\u00e9 podzimn\u00ed zahradnick\u00e9 trhy, kde si budou moci vybrat z velk\u00e9ho mno\u017estv\u00ed okrasn\u00fdch i ovocn\u00fdch d\u0159evin, ke\u0159\u016f, hnojiv a zahradnick\u00e9 chemie. Nejen leto\u0161n\u00ed akci si nenechal uj\u00edt ani Janc Kope\u010dek, m\u00edsto p\u0159edseda Poslaneck\u00e9 sn\u011bmovny. J\u00e1 jsem jezd\u00edm do Lise nad Labem na v\u00fdstav\u011b\u0161t\u011b pom\u011brn\u011b pravideln\u011b. Jsou tady zaj\u00edmav\u00e9 v\u00fdstavy, kter\u00e9 se t\u00fdkaj\u00ed venkov\u00e1, co\u017e si mysl\u00edm, \u017ee je dob\u0159e, \u017ee to k Lise zem\u011bd\u011blsk\u00e9mu regionu, kde je zem\u011bd\u011blsk\u00e1 \u010dinnost velmi v\u00fdrazn\u00e1, \u017ee to sem pat\u0159\u00ed a \u017ee i Lise jako m\u011bsto to posouv\u00e1 n\u011bkam dop\u0159edu, proto\u017ee sem p\u0159ijedou bez zesporu nejen ob\u010dan\u00e9 st\u0159edo \u010cesk\u00e9ho kraje, ale mysl\u00edm si, \u017ee u\u017e to m\u00e1 nadregion\u00e1ln\u00ed v\u00fdznam a \u017ee se do st\u0159edn\u00edch \u010cech a do Lise nad Labem p\u0159\u00edmo dostanou i lidi z jin\u00fdch kraj\u016f, co\u017e si mysl\u00edm, \u017ee pom\u00e1h\u00e1 i m\u011bstu jako takov\u00e9mu. Leto\u0161n\u00ed ro\u010dn\u00ed zahr\u00e1dk\u00e1\u0159sk\u00e9 v\u00fdstavy m\u016f\u017eete p\u0159ij\u00edt nav\u0161t\u00edvit a\u017e do 8. \u0159\u00edjna. Pro n\u00e1v\u0161t\u011bvn\u00edky lidsk\u00e9ho zem\u011bd\u011blce jsme letos p\u0159ichystali dal\u0161\u00ed novinku a to jsou farm\u00e1\u0159sk\u00e9 trhy. A proto\u017ee dobr\u00e9 j\u00eddlo a pit\u00ed produkty z regionu k na\u0161emu zem\u011bd\u011blci ur\u010dit\u011b pat\u0159\u00ed, r\u00e1da bych v\u00e1s pozvala v sobotu na st\u0159edo \u010cesk\u00e9 do\u017e\u00ednky kde budou ma\u017eoretky, kmochov\u00e1 hudba a tak\u00e9 bar\u00e1\u010dn\u00edci. A to cel\u00e9 bude moderovat Jakub Koh\u00e1k. A pokud v\u00e1s nel\u00e1kaj\u00ed zem\u011bd\u011blsk\u00e1 zv\u00ed\u0159ata ani zem\u011bd\u011blsk\u00e9 stroje, m\u016f\u017eete se tady v Lise stavit nap\u0159\u00edklad na halu\u0161ky. Pro televizi A11 a Neta Mitu\u0161inov\u00e1. V \u010cesk\u00e9m Krumlov\u011b se konaly ka\u017edoro\u010dn\u00ed svatov\u00e1clavsk\u00e9 slavnosti. I letos nab\u00eddli bohat\u00fd kulturn\u00ed program slo\u017een\u00fd s vystoupen\u00ed popul\u00e1rn\u00edch kapel, dobr\u00e9ho j\u00eddla a pit\u00ed. Nechyb\u011bl ani tradi\u010dn\u00ed jarmark \u010di vystoupen\u00ed folklorn\u00edch soubor\u016f. 28. z\u00e1\u0159\u00ed, st\u00e1tn\u00ed sv\u00e1tek na po\u010det svat\u00e9ho V\u00e1clava patro na \u010desk\u00e9 zem\u011b. Svatov\u00e1clavsk\u00e9 slavnosti se v \u010cesk\u00e9m Krumlov\u011b konaj\u00ed ka\u017edoro\u010dn\u011b. Pro\u010d vlastn\u011b tyto slavnosti vznikly, to prozradil organiz\u00e1tor a \u0159editel m\u011bstsk\u00e9ho divadla v \u010cesk\u00e9m Krumlov\u011b, pan Jan Voz\u00e1bal. M\u011bsto bylo podvodou, ale bylo tu hodn\u011b pomocn\u00edk\u016f, kte\u0159\u00ed pom\u00e1hali. Byly to hasi\u010di z Nov\u00e9ho m\u011bsta na Morav\u011b a z jin\u00fdch. No a my jsme si \u0159ekli, \u017ee ty svatov\u00e1clavsk\u00e9 slavnosti v tom roce 2002 v\u011bnujeme t\u00edm, kter\u00fd n\u00e1m pomohli. Od t\u00e9 doby teda u\u017e uplynulo 22 let a ze svatov\u00e1clavsk\u00fdch slavnost\u00ed se stala takov\u00e1 kr\u00e1sn\u00e1, mil\u00e1, pohodov\u00e1 akce, kter\u00e1 je vinovan\u00e1 v\u0161em krumlov\u00e1k\u016fm, ale i v\u0161em n\u00e1v\u0161t\u011bvn\u00edm krum\u016fm dobr\u00e9mu j\u00eddlu, pit\u00ed. P\u0159\u00edklad v p\u00e1te\u010dn\u00edm programu vystoupili na n\u00e1m\u011bst\u00ed svornosti kapely Epidemie David Koz\u00e1k nebo bluegrassov\u00e1 legend\u00e1rn\u00ed kapela Druh\u00e1 tr\u00e1va s frontmanem Robertem K\u0159e\u0161\u0165anem. Sou\u010d\u00e1st\u00ed dal\u0161\u00edho kulturn\u00edho programu byl tradi\u010dn\u00ed jarmark nebo vystoupen\u00ed folklorn\u00edch soubor\u016f. D\u016fm Egona \u0160ileho. N\u00e1v\u0161t\u011bvn\u00edci na tomto m\u00edst\u011b mohou nahl\u00e9dnout do m\u00edst, kde um\u011blec \u017eil. Tento ikonick\u00fd mal\u00ed\u0159 se stal d\u016fle\u017eitou sou\u010d\u00e1st\u00ed \u010deskokrumlovsk\u00e9 historie. St\u00e1v\u00e1 expozice prob\u00edh\u00e1 od jara do podzimu. Pro mnoh\u00e9 z podnikatel\u016f n\u00e1stup podzimu symbolizuje konec sez\u00f3ny. Tu nadch\u00e1zej\u00edc\u00ed op\u011bt otev\u0159ou za\u010d\u00e1tkem jara. Vala\u0161sk\u00e1 zahrada. To je n\u00e1zev pro zahradnick\u00e9 a \u0159emeslnick\u00e9 trhy, kter\u00e9 se pravideln\u011b konej\u00ed v Ro\u017enov\u011b pod Radho\u0161t\u011bm. I leto\u0161n\u00ed z\u00e1\u0159\u00ed tomu nebylo jinak. Akce nab\u00eddla \u0161irok\u00fd sortiment v\u00fdrobk\u016f a n\u00e1v\u0161t\u011bvn\u00edky pohostila tradi\u010dn\u00edmi pokrmy. Kv\u011bten a z\u00e1\u0159\u00ed jsou v Ro\u017enov\u011b pod Radho\u0161t\u011bm ka\u017edoro\u010dn\u011b spojeny s kon\u00e1n\u00edm zahradnick\u00fdch a \u0159emeslnick\u00fdch trh\u016f Vala\u0161sk\u00e1 zahrada. I letos se ve dnech 22. a\u017e 24. z\u00e1\u0159\u00ed zaplnil Ro\u017enovsk\u00fd sportkem prodejci a kupuj\u00edc\u00ed. Vala\u0161sk\u00e1 zahrada je vlastn\u011b u\u017e takov\u00e1 zna\u010dka. A jsem r\u00e1d, \u017ee jsme to po\u010d\u00edtali, \u017ee u\u017e to d\u011bl\u00e1me po 21. se to kon\u00e1. A ta podzimn\u00ed je takov\u00e1 specifick\u00e1, je to takov\u00e1 oslava Skl\u00edzn\u011b, to znamen\u00e1 bur\u010da, syry, obrovsk\u00fd v\u00fdb\u011br uzenin a samoz\u0159ejm\u011b k tomu prioritn\u011b jsou ovocn\u00e9 stromky, trvalky, kv\u00edtka v\u00edcem\u00e9n\u011b. Kdy\u017e se tady n\u011bkdo zept\u00e1 na br\u00e1n\u011b, co tady m\u00e1me, tak v\u017edycky \u0159\u00edk\u00e1me v\u0161echno. V\u0161echno to mus\u00edte vid\u011bt na vlastn\u00ed o\u010di. V\u011bt\u0161ina prodejc\u016f jezd\u00ed na Vala\u0161skou zahradu opakovan\u011b. N\u011bjak\u00fdch 90% tvo\u0159\u00ed st\u00e1l\u00edce, to jsou ti, kte\u0159\u00ed tady jezd\u00ed, maj\u00ed svoje m\u00edsto, vystavuj\u00ed a n\u011bjak\u00fdch t\u011bch 10-15% jsou v\u017edycky n\u011bjac\u00ed nov\u00ed, kte\u0159\u00ed si to p\u0159ijedou vyzkou\u0161et. M\u00e1me tady samoz\u0159ejm\u011b n\u011bco z Polska, m\u00e1me tady n\u011bco z \u010cech p\u0159ijeli, te\u010f tu p\u0159ijela region\u00e1ln\u00ed potravina. Jsme z Ozazrivej, p\u0159\u00edmo z na\u0161ej obce, kde m\u00e1me v\u00fdrob\u0148u na tyto na\u0161e ou\u010de v\u00fdrobky. \u010co se t\u00fdk\u00e1 sortimentu, rob\u00ed se korba\u010dky, ou\u010de, o\u0161t\u011bpky, brinza, ou\u010de a \u017ein\u010dica z ou\u010diny. A samoz\u0159ejm\u011b chod\u00edm tu r\u00e1da, chod\u00edm tu pravideln\u011b. Pravideln\u011b na Valack\u00e9 zahrad\u011b prod\u00e1v\u00e1me jarn\u00ed a podzimn\u00ed. Hodn\u011b z\u00e1n\u00edmav\u00e9 jsou pirohy a chleba. Nejv\u011bt\u0161\u00ed bochn\u00edk v\u00e1\u017e\u00ed 3,60 kg. A jak\u00e9 jsou pirohy? Pirohy jsou diros, nyva, zeli uzene, \u0161umka, syr. Na zahradnick\u00e9 a \u0159emesln\u00e9 trhy se sj\u00ed\u017ed\u011bj\u00ed n\u00e1v\u0161t\u011bvn\u00edci ze \u0161irok\u00e9ho okol\u00ed. J\u00e1 u\u017e m\u00e1m v aut\u011b pln\u00fd kufr ze sestrou. U\u017e se t\u011b\u0161\u00edme v\u017edycky na dal\u0161\u00ed. Jezd\u00edme sem pravideln\u011b, v\u017edycky na ja\u0159e a na podzim. A p\u0159ij\u00ed\u017ed\u00edme se Fridlantu nad Ostravici. Chceme si jednak ud\u011blat radost a v\u017edycky nakupujeme strome\u010dky, rostlinky a samoz\u0159ejm\u011b i r\u016fzn\u00e9 dobroty. P\u0159ehoupne se zima, tak jsme se zeptali, bude jarn\u00ed Valack\u00e1 zahrada 2024? Tradice mus\u00ed pokra\u010dovat a \u017ee je to i n\u011bjak\u00e1 zodpov\u011bdnost p\u0159i t\u011bm prodejc\u016fm, proto\u017ee tady m\u00e1te 120 prodejc\u016f, kte\u0159\u00ed spolehaj\u00ed, \u017ee ta Valack\u00e1 zahrada se bude konat a ud\u011bl\u00e1me maximum pro to, aby se konala. Jarn\u00ed Valack\u00e1 zahrada by se m\u011bla uskute\u010dnit za\u010d\u00e1tkem kv\u011btna p\u0159\u00ed\u0161t\u00edho roku. Ze zpr\u00e1v je to ode m\u011b pro tuto chv\u00edli v\u0161e. Ale vys\u00edl\u00e1n\u00ed televize A11 pokra\u010duje dal\u0161\u00edm zaj\u00edmav\u00fdm programem. Kr\u00e1sn\u00fd ve\u010der. www.arkance-systems.cz","nbla_serie":"525","nbla_season":"2023","nbla_episode":"116","nbla_duration":"1533.84","nbla_genre":"3.1.1.1","nbla_editorial_format":"2.1.1","nbla_mtime":"1696521753","nbla_url":"https:\/\/origin.a11.cz\/vod\/27teobkdrnrvr6mezz1pyax9p.mp4","nbla_version":"1696521745","nbla_odvysilano":"Ano","bunny_id":"c06ca3da-05fe-4444-9449-bb15bca49b06","youtube_id":"","datum_vydani":"20231005","stopaz":"1533.84","dokument":[],"video_to":[]},"_links":{"self":[{"href":"https:\/\/tv.a11.cz\/api\/wp\/v2\/video\/11504","targetHints":{"allow":["GET"]}}],"collection":[{"href":"https:\/\/tv.a11.cz\/api\/wp\/v2\/video"}],"about":[{"href":"https:\/\/tv.a11.cz\/api\/wp\/v2\/types\/video"}],"author":[{"embeddable":true,"href":"https:\/\/tv.a11.cz\/api\/wp\/v2\/users\/8"}],"wp:featuredmedia":[{"embeddable":true,"href":"https:\/\/tv.a11.cz\/api\/wp\/v2\/media\/11532"}],"wp:attachment":[{"href":"https:\/\/tv.a11.cz\/api\/wp\/v2\/media?parent=11504"}],"wp:term":[{"taxonomy":"category","embeddable":true,"href":"https:\/\/tv.a11.cz\/api\/wp\/v2\/categories?post=11504"},{"taxonomy":"porad","embeddable":true,"href":"https:\/\/tv.a11.cz\/api\/wp\/v2\/porad?post=11504"},{"taxonomy":"region","embeddable":true,"href":"https:\/\/tv.a11.cz\/api\/wp\/v2\/region?post=11504"},{"taxonomy":"kategorie","embeddable":true,"href":"https:\/\/tv.a11.cz\/api\/wp\/v2\/kategorie?post=11504"}],"curies":[{"name":"wp","href":"https:\/\/api.w.org\/{rel}","templated":true}]}}