{"id":11472,"date":"2023-10-07T12:31:42","date_gmt":"2023-10-07T10:31:42","guid":{"rendered":"https:\/\/tv.a11.cz\/?post_type=video&#038;p=11472"},"modified":"2023-10-09T12:13:55","modified_gmt":"2023-10-09T10:13:55","slug":"na-palici-tomas-zdechovsky","status":"publish","type":"video","link":"https:\/\/tv.a11.cz\/video\/na-palici-tomas-zdechovsky\/","title":{"rendered":"Tom\u00e1\u0161 Zdechovsk\u00fd &#8211; europoslanec za KDU \u010cSL"},"content":{"rendered":"","protected":false},"excerpt":{"rendered":"<p>V\u00edt\u00e1me v\u00e1s u dal\u0161\u00edho d\u00edlu Na palici, kde budeme prob\u00edrat aktu\u00e1ln\u00ed t\u00e9mata, kter\u00e1 jsou tak tro\u0161ku &#8222;na palici&#8220;. Ve studiu je Zuzana Bub\u00edlkov\u00e1 a na\u0161\u00edm dne\u0161n\u00edm hostem je pan Tom\u00e1\u0161 Zdechovsk\u00fd, europoslanec za KDU \u010cSL.<\/p>\n","protected":false},"author":8,"featured_media":11662,"template":"","categories":[175,174,173],"porad":[216],"region":[],"kategorie":[],"class_list":["post-11472","video","type-video","status-publish","has-post-thumbnail","hentry","category-osobnosti","category-rozhovory","category-ze-spolecnosti","porad-na-palici"],"acf":[],"meta_box":{"nbla_idec":"A2329013","nbla_title":"Na Palici","nbla_subtitle":"Tom\u00e1\u0161 Zdechovsk\u00fd","nbla_summary":"Po\u0159ad komentuje z\u00e1sadn\u00ed spole\u010densk\u00e1 t\u00e9mata a ud\u00e1losti uplynul\u00e9ho t\u00fddne nebo nadch\u00e1zej\u00edc\u00edch dn\u00ed","nbla_description":"","nbla_transcription":"Dobr\u00fd ve\u010der, v\u00e1\u017een\u00ed div\u00e1ci, v\u00edt\u00e1m v\u00e1s v po\u0159adu na palici, kde budeme prob\u00edrat aktu\u00e1ln\u00ed t\u00e9mata, kter\u00e1 jsou tak tro\u0161ku na palici. Se mnou ve studiu je tady Zuzana Bub\u00edlkov\u00e1 a na\u0161\u00edm dne\u0161n\u00edm hostem je pan Tom\u00e1\u0161 Zdechovsk\u00fd, europoslanec za KDU \u010cSL. Dobr\u00fd ve\u010der. Dobr\u00fd ve\u010der. Dobr\u00fd ve\u010der. Tak, jak se m\u00e1te? Dneska byste p\u0159ijel vlastn\u011b z Bruselu, je to tak? P\u0159ilet\u011bl jste letadlem nebo stejnou? P\u0159ilet\u011bl jsem letadlem, ale m\u00e1m se skv\u011ble samoz\u0159ejm\u011b. M\u00e1te se skv\u011ble? Takovou zapozoru. Ale co, uhlikov\u00e1 stopa? No, cht\u011bl jsem p\u016fvodn\u011b to b\u011b\u017eet, ale to bych nedob\u011bhl do va\u0161eho po\u0159adu t\u0159\u00edvej ne\u017e za 14 dn\u00ed a to byste byli ne\u0161\u0165astn\u00ed, tak\u017ee proto jsem to vzal. To by se n\u00e1m, to by se n\u00e1m nevy\u0161lo do toho ve\u010dern\u00edho programu, \u017ee jo, \u010dten\u00e1zna\u010dek. Ale tak seberte n\u011bkde n\u011bjak\u00fd pap\u00edrek a rozst\u0159\u00edd\u00edte ho a mysl\u00edm, \u017ee to bude v po\u0159\u00e1dku. J\u00e1 mysl\u00edm, \u017ee dneska zased\u00edm dva stromy a \u017ee to bude nejt\u011b\u017eov\u00fd. Jestli to ust\u00ednete, v\u00fdborn\u011b. M\u00e1m tady prvn\u00ed takov\u00e9 zaj\u00edmav\u00e9 t\u00e9ma, proto\u017ee ve studiu Walta Disneyho vznikla rasov\u011b a genderov\u011b korektn\u00ed poh\u00e1dka o sn\u011bhurce. Tady dokonce m\u00e1me takovou uk\u00e1zku. Kr\u00e1sku se sn\u011bhob\u00edlou plet\u00ed hraje mexick\u00e1 here\u010dka, kterou nezachr\u00e1n\u00ed sedm trpastl\u00edk\u016f, nicm\u00e9n\u011b sedm mystick\u00fdch bytost\u00ed r\u016fzn\u00e9 barvy pleti, r\u016fzn\u00e9ho somatotypu a v\u00fd\u0161ky. To je docela vlastn\u011b kontroverzn\u00ed t\u00e9ma. Co si o tom mysl\u00edte? P\u0159ed\u011bl\u00e1v\u00e1n\u00ed klasick\u00fdch disneyovsk\u00fdch poh\u00e1dek, kter\u00e9 jsou n\u011bkolik des\u00edtek let star\u00e9, do vlastn\u011b takov\u00e9hoto aktu\u00e1ln\u00ed podoby. J\u00e1 mysl\u00edm, \u017ee je\u0161t\u011b bude h\u016f\u0159, jo. J\u00e1 si mysl\u00edm, \u017ee p\u0159\u00ed\u0161t\u00ed sn\u011bhurka bude transgender, jo. Jej\u00ed otec kr\u00e1l, ten bude bisexual, kter\u00fd se je\u0161t\u011b hled\u00e1. Je\u0161t\u011b se nev\u00ed, jo. Trpastl\u00edci nebudou trpastl\u00edci, ale budou to z\u00e1stupci v\u0161ech kontinent\u016f. A j\u00e1 bych tam teda je\u0161t\u011b dala z\u00e1pasn\u00edka sumo, aby nebyly diskriminov\u00e1ni je\u0161t\u011b jej\u00ed ob\u00e9zn\u00ed, jo. J\u00e1 jsem ho tam pr\u00e1v\u011b nevid\u011bl a mysl\u00edm si, \u017ee ta poh\u00e1dka by se m\u011bla zak\u00e1zat. Jo, j\u00e1 si taky mysl\u00edm. Proto\u017ee tohle stoj\u00ed p\u0159esn\u011b toto a j\u00e1 si mysl\u00edm, \u017ee cel\u00fd studium Volta Disney by za tuhle poh\u00e1dku jsme m\u011bli zap\u00e1lit. J\u00e1 si mysl\u00edm, \u017ee prince prince by mohl b\u00fdt gay, kter\u00fd ov\u0161em Sn\u011bhurku nepol\u00edb\u00ed, proto\u017ee od n\u00ed nebude m\u00edt p\u00edsemn\u00e9 povolen\u00ed, jo. Nebude m\u00edt p\u00edsemnej zouhlas a je\u0161t\u011b bych to jako vy\u0161perkoval t\u00edm, \u017ee ji uvid\u00ed a \u0159ekne ne, ty mus\u00ed\u0161 z\u016fstat mrtv\u00e1. Proto\u017ee opravdu nem\u016f\u017eeme m\u011bnit prost\u011b danost. Jednou se um\u0159ela, tak\u017ee ned\u00e1 se nic d\u011blat. Ne, ale jako m\u011b to docela jako, j\u00e1 jsem pro, aby se nediskriminovalo nic, ale proboha, pro\u010d se takov\u00e9to poh\u00e1dky p\u0159eprost nevznikaj\u00ed nov\u00e9 poh\u00e1dky, kter\u00e9 u\u017e s t\u00edm to jako po\u010d\u00edtaj\u00ed, ne. Tu bychom se taky mohli do\u017e\u00edt toho, \u017ee Popelka bude um\u011bl\u00e1 inteligenca, jo. A t\u0159eba \u017di\u017eka, jo. \u017di\u017eka by v dal\u0161\u00edm historick\u00e9m filmu mohl b\u00fdt Arab, kter\u00fd bude se Zigmundem bojovat o to, aby se tady postavili me\u0161ity. No, j\u00e1 mysl\u00edm, \u017ee a\u017e sem p\u0159ijde pan J\u00e1kl, tak bychom um\u011bli, mo\u017en\u00e1 bychom um\u011bli zak\u00e1zat vstup vlastn\u011b do tohoto po\u0159adu, proto\u017ee \u017di\u017eka nebyl \u010dern\u00fd. To je pravda, ale jako m\u011b to zar\u00e1\u017e\u00ed tro\u0161ku, \u017ee to \u0159\u00edk\u00e1te zrovna, v\u00ed kde to vznik\u00e1, jo, v tom parlamentu. U n\u00e1s to nevznik\u00e1, j\u00e1 t\u0159eba proti tomuhle soufakt jako bojuji. A j\u00e1 si mysl\u00edm, \u017ee v\u00edte, pro\u010d nevznikaj\u00ed nov\u00fd poh\u00e1dky s n\u011bjak\u00fdm takov\u00fdmhle t\u00e9matem, proto\u017ee kdy\u017e vznikla ta kn\u00ed\u017eka, kter\u00e1 byla tak d\u017eendrov\u011b a v\u0161echno korektn\u00ed, tak ji nikdo nekupoval, tak\u017ee asi tak. Cht\u011bl jsem si vr\u00e1tit k tomu panu J\u00e1klovi, ten vlastn\u011b m\u00e1 \u010dist\u00fd \u0161t\u00edt, proto\u017ee ve filmu se objevil \u010dern, a vlastn\u011b nebo etnicky, etnick\u00e1 men\u0161ina, Ben Christoval, tak\u017ee tam je to jako v pohod\u011b. Zaj\u00edmav\u00e1 v\u011bc je, \u017ee vlastn\u011b, aby film dneska mohl b\u00fdt ocen\u011bn Oscarem za nejlep\u0161\u00ed film, tak tam mus\u00ed b\u00fdt pom\u011brov\u011b opravdu za\u0159azen\u00e9 etnick\u00e9 men\u0161iny nebo mus\u00ed b\u00fdt d\u017eendrov\u011b v\u00e1\u017een\u00fd. Kam to zp\u011bje tohle? Co si o tom mysl\u00edte? Tak j\u00e1 si mysl\u00edm, \u017ee moje d\u011bti miluj\u00ed And\u011bl P\u00e1n\u011b, a j\u00e1 jsem r\u00e1d, \u017ee zrovna re\u017eis\u00e9r Strach, kter\u00fd tomu prost\u011b nehrabe a \u017ee jede ty v\u011bci tak, jak je jede. J\u00e1 si mysl\u00edm, \u017ee m\u011bnit historii prost\u011b a snaha za ka\u017edou cenu to tam protla\u010dit povede k tomu, \u017ee vlastn\u011b lidi postupn\u011b se proti tomu za\u010dnou br\u00e1nit a nebudou to ur\u010dit\u011b br\u00e1t. Nikdo nechce jako historicky p\u0159iblble m\u011bn\u011bnou poh\u00e1dku a j\u00e1 mus\u00edm \u0159\u00edct, \u017ee reakce m\u00fdch d\u011bt\u00ed na snahu vlastn\u011b ve \u0161kole zahv\u00e1d\u011bt n\u011bjakou d\u017eendrovou v\u00fdchovu je takov\u00e1, \u017ee to prost\u011b se tomu vysm\u00edvaj\u00ed a ignoruj\u00ed to. 360 pohlav\u00ed, jak \u0159\u00edk\u00e1 Bohd\u00e1lka. U v\u0161ech je 360, jedno na ka\u017ed\u00fd den. 364, tak jak \u0159\u00edk\u00e1 Bohd\u00e1lka, tak mi je uka\u017ete. J\u00e1 jsem je\u0161t\u011b v \u017eivot\u011b nevid\u011bla. No, tak t\u0159eba na t\u011bch nebin\u00e1rn\u00edch toalet\u00e1ch, te\u010f se o tom p\u0159esv\u011bd\u010d\u00ed, \u017ee to je 68. pohlav\u00ed. Budete chodit na nebin\u00e1rn\u00ed toalety? Ne, nebudu, nebudu. J\u00e1 u\u017e jsem je za\u017eil na Tajvanu, tam byly pro t\u0159et\u00ed pohlav\u00ed toalety. V\u00edte, jak vypadaly? To byla norm\u00e1ln\u00ed m\u00edsta, jenom m\u011bl po\u010d\u00faran\u00fd prk\u00fdnko. A v\u00edte, \u017ee j\u00e1 jsem tak o tom uvazovala, \u017ee co byly vlastn\u011b p\u0159edch\u016fdce t\u011bchto nebin\u00e1rn\u00edch toalet, a j\u00e1 jsem p\u0159i\u0161la na to, \u017ee to byly takov\u00e9 ty \u0161lapky, ty tureck\u00e9 z\u00e1chody. A vlastn\u011b Entropa de facto u v\u00e1s zabudovala. Velmi v rad\u011b. M\u00e1te teda tureck\u00e9 z\u00e1chody v Bruselu? Nem\u00e1me, ale ur\u010dit\u011b si mysl\u00edm, \u017ee n\u011bkdo z koleg\u016f, abysme tureckou men\u0161inu, kter\u00e1 tam je hodn\u011b zastoupena, tak abysme ji nediskriminovali. Mysl\u00edm, \u017ee by jsme to m\u011bli zav\u00edst. J\u00e1 mysl\u00edm, \u017ee jsme to vy\u010derpali. M\u016f\u017eeme pokro\u010dit k druh\u00e9mu t\u00e9matu, kter\u00e1 se t\u00fdk\u00e1 vlastn\u011b fotbalu. Proto\u017ee FIFA zah\u00e1jila vy\u0161et\u0159ov\u00e1n\u00ed prezidenta \u0160pan\u011blsk\u00e9 fotbalov\u00e9 federace za to, \u017ee nov\u00e9 mistrn\u00ed sv\u011bta p\u0159i gratulaci l\u00edbal na tv\u00e1\u0159, ale nejenom na tv\u00e1\u0159, ale jednu z nich, dokonce pol\u00edbil na \u00fasta. Asi blb\u011b, proto\u017ee jsi zt\u011b\u017eoval. Je to poru\u0161en\u00ed \u010dl\u00e1nku 13 disciplin\u00e1rn\u00edho \u0159\u00e1du FIFA o ur\u00e1\u017eliv\u00e9m chov\u00e1n\u00ed. N\u011bkter\u00e9 hr\u00e1\u010dky, aktivistky i premi\u00e9r \u017e\u00e1daj\u00ed jeho potrest\u00e1n\u00ed i odvol\u00e1n\u00ed a j\u00e1 m\u00e1m dokonce pocit, \u017ee on u\u017e odvol\u00e1n byl. Nen\u00ed to a\u017e moc, kdy\u017e ch\u00e1pu, pol\u00edbek na \u00fasta u\u017e m\u016f\u017ee b\u00fdt t\u0159eba p\u0159es \u010d\u00e1ru, ale kdy\u017e to vlastn\u011b vezmeme do d\u016fsledku, i vlastn\u011b by s\u00e1m, je\u0161t\u011b p\u0159ed t\u00edm, \u017ee jsme za\u010dali nat\u00e1\u010det, tak jste \u0159\u00edkal, \u017ee v Bruselu jsou n\u011bjak\u00e9 formul\u00e1\u0159e p\u0159\u00edmo, \u017ee tam hodn\u011b jede m\u00fdt\u016f. Nebude to teda nakonec o tom, \u017ee kdy\u017e v\u00e1m budu cht\u00edt podat ruku, nebo tady pan\u00ed Bub\u00edlkov\u00e9, \u017ee se budu opravdu muset zeptat, m\u00e1m na to souhlas, nem\u00e1m na to souhlas. No a n\u011bkdo to asi povede takhle do at absurdit. J\u00e1 bych byl v\u017edycky r\u00e1d, kdyby v t\u011bch emoc\u00ed m\u011b n\u011bjak\u00e1 kr\u00e1sn\u00e1 \u017eena pol\u00edbila, proto\u017ee jsem koukal, \u017ee toho fotbalu fakt byl hezk\u00fd a l\u00edbat um\u011bl, ale j\u00e1 rozum\u00edm, j\u00e1 nechci to \u00fapln\u011b p\u0159est\u0159elit, rozum\u00edm, \u017ee jsou tady n\u011bjak\u00e9 hranice, ale zase mus\u00edte rozum\u011bt, \u017ee to m\u00e1 euforie, vyhr\u00e1li, v\u00edte kolikr\u00e1t vyhr\u00e1li \u0161pan\u011blsk\u00fd fotbalistky mistrovstv\u00ed sv\u011bta, no mockr\u00e1t ne, tak\u017ee emoce, tak\u017ee j\u00ed dal pusu a m\u011bli bychom tyhle v\u011bci prost\u011b p\u0159ej\u00edt. J\u00e1 v\u017edycky, kdy\u017e vid\u00edm ty aktivistky, kter\u00fd se do toho pou\u0161t\u011bj\u00ed, tak si mysl\u00edm, \u017ee ty, kdyby se v\u011bd\u011blo, \u017ee se opravdu l\u00edb\u00e1 na tom h\u0159i\u0161ti p\u0159\u00edmo na \u00fasta, tak ty tam stoj\u00ed v prvn\u00ed \u0159ad\u011b. J\u00e1 jsem docela r\u00e1da, \u017ee jsem tak star\u00e1 a v\u011bt\u0161inu sv\u00e9ho \u017eivota jsem vlastn\u011b pro\u017eila je\u0161t\u011b v takov\u00fdch norm\u00e1ln\u00edch \u017eensko-mu\u0159sk\u00fdch staz\u00edch. N\u00e1s v\u017edy si v redakci kolegov\u00e9 norm\u00e1ln\u011b i pl\u00e1cili p\u0159es zadek, jo, jako spr\u00e1vn\u011b, nikdo to nebral jako blb\u011b. To u\u017e by dneska byl asi jako t\u011b\u017ek\u00fd p\u0159e\u0161lat. No te\u010f, pros\u00edm v\u00e1s, kdy\u017e mi d\u00e1vaj\u00ed zvuka\u0159i prost\u011b mikroport, tak v\u017edycky ka\u017ed\u00fd se m\u011b zept\u00e1, \u017ee jestli si to nechci d\u00e1t sama. Mo\u017en\u00e1, \u017ee u\u017e je to hv\u011bzdu, \u017ee u\u017e je to pro n\u011b zatrz\u00e9. N\u00e1m to kdy\u017e si zamontov\u00e1vali i do spodn\u00edho pr\u00e1dla, aby to nebylo vid\u011bt, jo, ty kabl\u00edky a nikdo se nept\u00e1. Te\u010f se v\u00e1s zeptaj, jo, a potom hov\u00ed, no ale kdy\u017e to budu d\u011blat j\u00e1, j\u00e1 se v\u00e1s mus\u00edm dotknout, mohu. No samoz\u0159ejm\u011b, \u0159\u00edk\u00e1m, \u017ee jo. Kone\u010dn\u011b, kone\u010dn\u011b. Ne, ale v\u00edte co, j\u00e1 to tady nechci zlehcovat, ale v ka\u017ed\u00e9m p\u0159\u00edpad\u011b, j\u00e1 se trestaj ti, kte\u0159\u00ed jsou, j\u00e1 nev\u00edm, uchylov\u00e9, anebo kte\u0159\u00ed to zneuz\u00fdvaj\u00ed, ale podle m\u011b je to po\u0159\u00e1d men\u0161ina a pro\u010d se my jako v\u011bt\u0161ina m\u00e1me m\u011bnit na n\u011bjak\u00e9 roboty bez emoc\u00ed? P\u0159esn\u011b tak, ve Rusk\u00e9m parlamentu zavedli \u0161kolen\u00ed o sexu\u00e1ln\u00edm zneu\u017e\u00edv\u00e1n\u00ed a nikdo jim tam nechodil. Tak\u017ee vlastn\u011b tyhle jakoby... Tak\u017ee vy jste nepro\u0161kolen\u00fd. Nepro\u0161kolen\u00fd, ale t\u0159eba kolegyn\u011b \u0160ojdrov\u00e1 na to \u0161la, \u0159\u00edkala, \u017ee teda moc, nic nov\u00fdho se tam nenau\u010dila, ale abych \u0159ekl R\u00e1mcovi jakoby to, opravdu, tyhle jist\u00e9 v\u011bci, kdy\u017e se p\u0159e\u017eenou, tak ty lidi je za\u010dnou bojkotovat a ignorovat a stejnak jakoby, stejnak to bude prob\u00edhat. J\u00e1 m\u016f\u017eu \u0159\u00edct, \u017ee pracoval jsem na odd\u011blen\u00ed vlastn\u011b v dob\u011b covidu a v dob\u011b covidu, kdy vlastn\u011b bylo, v prvn\u00ed linii jsme byli v\u0161ichni v t\u011bch mund\u016frech, tak jsme byli pod t\u011bma mund\u016frama jenom v tr\u00e9nk\u00e1ch nebo ve spodn\u00edm pr\u00e1v\u011b. \u017densk\u00fd chlapy p\u0159evl\u00edkali, jsme se spole\u010dn\u011b po \u0161ift\u011b a to to. Mysl\u00edm si, \u017ee to nikdo ne\u0159e\u0161il. V arm\u00e1d\u011b taky nikdo ne\u0159e\u0161\u00ed. \u017densk\u00fd chlapy, sp\u00edte tam mimochodem v lese, vedle v\u00e1s sp\u00ed \u017eena, jestli na v\u00e1s v noci d\u00e1 ruku, nebo to ne\u0159e\u0161\u00edte. To za\u010dne se \u0159e\u0161it. To se za\u010dne. Prost\u011b kv\u016fli jednomu \u00fachylovi, kter\u00fd n\u011bkde n\u011bkoho obt\u011b\u017eoval a obt\u011b\u017euje a prost\u011b m\u00e1 jako probl\u00e9m a samoz\u0159ejm\u011b ta ob\u011b\u0165 m\u00e1 probl\u00e9m, tak se z toho ud\u011bl\u00e1 n\u011bjak\u00e9 pravidlo, jak \u0159\u00edk\u00e1te, kter\u00e9 nikdy \u010dasto ned\u00e1v\u00e1 smysl a tohle z toho mi p\u0159ijde jako uk\u00e1zka tro\u0161ku hodnu na \u010darodejnice prost\u011b tak dal jednu pusu. Omluvil se, omluvil, tak\u017ee bych to p\u0159i\u0161el a\u017e abych d\u00e1l. Jako je zaj\u00edmav\u00fd, \u017ee vlastn\u011b v\u0161echny ty hr\u00e1\u010dky pol\u00edbil na tv\u00e1\u0159 a jednu si teda, jestli jsi j\u00ed jako vybral. A mo\u017en\u00e1 mu naspulila. No mo\u017en\u00e1 mu naspulila, p\u0159esn\u011b. A ty st\u00e1tn\u00edci. Cht\u011bla, aby se kolem toho stahu n\u011bjak\u00fd medi\u00e1n\u00ed toho \u010do. Pamatujete si, jak si st\u00e1tn\u00edci d\u011blavali jako francouz\u00e1ky, ty by te\u010fka mohly b\u00fdt jako je\u0161t\u011b v Evrop\u011b potrest\u00e1v\u011b. Dr\u017e m\u011b v zhus\u00e1ch. Ale ne, j\u00e1 vlastn\u011b te\u010fka pamatuju, \u017ee jednou jsem p\u0159i st\u00e1tn\u00ed n\u00e1v\u0161t\u011bv\u011b od \u017eeny taky dostal pusu a nebyla zrovna jako na tv\u00e1\u0159. Mo\u017en\u00e1 jsem to m\u011bl tehdy zavolat. No, je\u0161t\u011b. D\u00edky za n\u00e1pad, tak j\u00e1 se s v\u00e1ma lou\u010d\u00edm, tak to doje\u010fte ten po\u0159\u00e1d a j\u00e1 u\u017e jdu volat svou t\u00fdbu. J\u00e1 mysl\u00edm, \u017ee byste mohli zalo\u017eit hnut\u00ed m\u00ednou. Why not me? P\u0159esn\u011b tak. Cht\u011bl jsem je\u0161t\u011b podotknout vlastn\u011b takovou relativn\u011b zaj\u00edmavou v\u011bc, kterou vlastn\u011b m\u016f\u017eeme i t\u0159eba na tomhle p\u0159\u00edpad\u011b sledovat, \u017ee se ty n\u016f\u017eky tak za\u010d\u00ednaj\u00ed jako zvl\u00e1\u0161tn\u00edm zp\u016fsobem rozv\u00edrat. Na jednu stranu, tady v\u0161ichni cht\u011bj\u00ed volnost, \u017eeny cht\u011bj\u00ed chodit bez podprsenek, v\u0161echno je tam ide\u00e1ln\u011b n\u011bjak\u00fdm pr\u016fsv\u011btl\u00fdm overal\u016fm atd. Na druhou stranu, jakmile se na n\u011b teda u\u017e pod\u00edv\u00e1, \u017ee tam t\u0159eba tak u\u017e je to vlastn\u011b probl\u00e9m. Jak tohle z toho jako \u0159e\u0161it? Vlastn\u011b co teda zam\u011b\u0159\u00ed o to na ty \u017eeny? Jak ty \u017eeny t\u00edm t\u0159eba sleduj\u00ed? Pro\u010d na jednu stranu cht\u011bj\u00ed volnost? Poj\u010fme si chodit jak chceme, budeme tady chodit v\u0161ichni na z\u00ed. Na druhou stranu, rozhodn\u011b se na m\u011b nekoukejte, proto\u017ee to bude ur\u00e1\u017eliv\u011b a sexu\u00e1ln\u011b. Tak to je p\u0159esn\u011b na \u010derven\u00fdch oberc\u00edch a na takov\u00fdch t\u011bch akc\u00ed, kde \u017eeny p\u0159ijdou po r\u00e1he. \u010c\u00edm v\u00edc je voda, ale t\u00edm v\u00edc podle blesku a podle t\u011bchto, podle, te\u010f nemysl\u00edm jenom blesk, ale v\u016fbec podle bulv\u00e1ru. O\u010di nechat, jo, tady p\u0159e\u017eu silikony a neotrnete o\u010di, jo, ale hned prost\u011b se \u0159ekne, \u017ee tam n\u011bkdo na n\u00ed koukal. J\u00e1 si mysl\u00edm, \u017ee to my, \u017eeny, d\u011bl\u00e1me, proto abych se na n\u00e1s koukali a dneska nem\u00e1m kahotky. Spadne, jo. J\u00e1 taky ne. Dob\u0159e, je to te\u010f takov\u00fd krokav\u011bl, jedem na ostrom dneska. Tak to se uv\u00e1m, te\u010f potrh\u00e1m partu, j\u00e1 jsem si teda dneska zpomn\u011bla, pro jistotu jsem si ho vzal. Ne, ale j\u00e1 to te\u010fka uzav\u0159u, j\u00e1 to d\u00e1m do reality, jo, to samoz\u0159ejm\u011b b\u011bte zdat hledet, pros\u00edm v\u00e1s, jo, ale vlastn\u011b maminka toho, toho, z toho FIFA, jo, z toho, tak ta dr\u017e\u00ed hladovku, protestn\u00ed na ochranu sv\u00e9ho syna, jo, a zase, a vlastn\u011b \u0160pan\u011blsko se rozd\u011bluje na dva t\u00e1bory, jedni dr\u017e\u00ed, jako a chod\u00ed podepisovat petice t\u00e9 mamince, jo, aby, aby tam z\u016fstala druh\u00fd, kter\u00fd se na stran\u011b toho, tak\u017ee to vede dal\u0161\u00edm, jako, rozd\u011blov\u00e1n\u00ed spole\u010dnosti, mohli bychom to vy\u0159e\u0161it n\u011bjak\u00fdm fajtem, t\u0159eba v kleci, \u017ee jo, n\u011bjak\u00fdm MMA, MMA z\u00e1pasem, tady sle\u010dny fotbalistky, a maminky, maminky, p\u0159\u00edslu\u0161n\u00e9ho, p\u0159ece, j\u00e1 mysl\u00edm, \u017ee bychom to mohli sp\u00ed\u0161 rozhodovat inteligen\u010dn\u00edm kv\u00edzem, j\u00e1 mysl\u00edm, \u017ee to bychom se v\u00edc pobavili, ano, poj\u010fme o to, ur\u010dit\u011b, n\u011bjak\u00e1 takov\u00e1 v\u011bdomostn\u00ed, v\u011bdomostn\u00ed hra, mo\u017en\u00e1 by byla zaj\u00edmav\u011bj\u0161\u00ed, ne\u017e, ne\u017e, kdyby se tam poml\u00e1tili bez rukavic. Dal\u0161\u00ed, dal\u0161\u00ed takov\u00e1 perli\u010dka, premier Fiala prohl\u00e1sil, \u017ee Andrej Babi\u0161 m\u016f\u017ee zlevnit potraveny jedin\u00fdm rozhodnut\u00edm, t\u00edm, \u017ee sn\u00ed\u017e\u00ed ceny cel\u00fd agrofert. Tak, pan\u00ed Bub\u00edlkov\u00e1. No, j\u00e1 to pova\u017euju, to te\u010f, te\u010f bude tvrd\u011b politicky, jo, ale, jako, j\u00e1 to nepova\u017euju za ekonomick\u00fd v\u00edro, j\u00e1 to pova\u017euju za politick\u00fd v\u00edro, kter\u00fd m\u00e1 jedin\u00fd c\u00edl, jo, odradit lidi, aby volili Babi\u0161, aby ho za\u010dali nen\u00e1vid\u011bt, proto\u017ee j\u00e1 jsem se na to teda d\u00edvala. V podstat\u011b agrofert nem\u00e1 jedinou komoditu, kde by on ur\u010doval ceny na trhu, jo, tak\u017ee v podstat\u011b, jako, m\u016f\u017ee slevnit, ale si mysl\u00edm, \u017ee by to nejv\u00edc uv\u00edtali obchodnici, proto\u017ee by si zvy\u0161ili mar\u017ee, tak\u017ee j\u00e1 mysl\u00edm, \u017ee z\u00e1kazn\u00edk by to nakonec v\u016fbec ani nepoc\u00edtil, no. No, to je v\u011bt\u0161inou \u00fak, kdy\u017e sni\u017eujete DPH, v\u017edycky ty politici se p\u0159edh\u00e1n\u00ed, kdo sni\u017e\u00ed to DPH, vy ho sni\u017e\u00edte na pl\u00ednky a obchodn\u00edk b\u00e1dzo si to sni\u017een\u00ed dot\u00e1hne jakoby svoj\u00ed mar\u017e\u00ed, ale tadyhle tro\u0161ku premi\u00e9r m\u00e1 pravdu a tro\u0161ku mo\u017en\u00e1 provokuje, opravdu, kdy\u017e se kouknete na ceny, j\u00e1 jsem 50 kilometr\u016f od polsk\u00fdch hranic, v Hradci Kr\u00e1lov\u00e9 ob\u010das p\u0159ejedeme hranice, jedeme do Polska, kdy\u017e opravdu by jedete do Polska, tak stejn\u00fd zbo\u017e\u00ed, kter\u00fd tady je a kter\u00fd je t\u0159eba produkov\u00e1no u pana Babi\u0161e, a\u0165 u\u017e to je svou vodn\u011bnsk\u00e1 k\u016f\u0159ata, tak tam ta cena je prost\u011b v\u00fdrazn\u011b, v\u00fdrazn\u011b n\u011bj\u0161\u00ed. A je to chyb\u00e1\u010d\u00ed, proto\u017ee vlastn\u011b tady se d\u011blal de facto takov\u00fd jako pr\u016fzkum, vlastn\u011b va\u0161i minist\u0159i to d\u011blali, jo, a nakonec se zjistilo, \u017ee za vysok\u00e9 ceny nem\u016f\u017ee nikdo, \u017ee je to na balov\u00e1n\u00ed. To j\u00e1 se \u00fapln\u011b nemysl\u00edm, prost\u011b v\u0161ichni \u0159\u00edkali, no te\u010fka stoup\u00e1 nahoru cena nafty, no jednou ta cena nafty \u0161la dohl\u016f a cena z\u016fstala nahoru. Elektrika \u0161la nahoru, no. Od prosince u\u017e jde dohl\u016f, d\u00edky zastropov\u00e1n\u00ed a dotaci. Tak\u017ee j\u00e1 si mysl\u00edm, \u017ee pravdu m\u00e1 a j\u00e1 si mysl\u00edm, \u017ee opravdu... No dob\u0159e, ale vy\u0159e\u0161il by to jenom Agrofert. Te\u010f Agrofert kolik dod\u00e1v\u00e1 do s\u00edt\u011b. To je spousta. J\u00e1 v\u00edm, \u017ee se vzal jako Agrofert, proto\u017ee je nejv\u011bt\u0161\u00ed a politicky zaj\u00edmav\u00fd. Ale m\u011b Andrej nejv\u00edc k\u0159i\u010d\u00ed, \u017ee to je fialov\u00e1 dr\u00e1hota, tak\u017ee to je vlastn\u011b... Babi\u0161ov\u00e1 dr\u00e1hota, po\u0159\u00e1d je to dr\u00e1hota. Tak\u017ee si budeme vyk\u0159ikovat do\u010di dr\u00e1hota. Ale pokud j\u00e1 v\u00edm, tak Babi\u0161 na to i reagoval. Mysl\u00edm, \u017ee to... Jste mi \u0159\u00edkal, \u017ee to m\u00e1te. Babi\u0161 na to reagoval. \u0158ekl, \u017ee vlastn\u011b fiala pro n\u00e1s sly\u0161el, \u017ee inflace kles\u00e1 d\u00edky tlaku vl\u00e1dy na potravinov\u00e9 \u0159et\u011bzce a k tomu Babi\u0161 odpov\u011bd\u011bl, vy m\u016f\u017eete tla\u010dit na nejv\u00edc r\u00e1no v t\u00e9 m\u00edstnosti, kam chod\u00edme v\u0161ichni. J\u00e1 jsem fakt r\u00e1da, \u017ee v\u00edm, co skoro prezident d\u011bl\u00e1 po r\u00e1nu, jo. A j\u00e1 jsem sly\u0161ela, \u017ee pr\u00fd, kdy\u017e si u toho pomysl\u00ed na fialu a na vl\u00e1du, tak ani nemus\u00ed tla\u010dit, \u017ee by to desalo. To byl v\u00fdrok, jako tyto v\u00fdroky jsou p\u0159i\u0161edny. Ov\u0161em fakt je, \u017ee j\u00e1 si osobn\u011b, aspo\u0148 m\u016f\u017eete m\u011b opravit, jo, z bruselsk\u00e9ho pohledu, ale j\u00e1 si osobn\u011b mysl\u00edm, \u017ee vl\u00e1da m\u00e1 na ceny potravin asi takov\u00fd vliv, jako j\u00e1 na rozhodnut\u00ed brazilsk\u00e9 vl\u00e1dy, \u017ee nebude vypalovat, jako amazonsk\u00fd pr\u00e1les, jo. A oni n\u011bkde p\u0159estali, tak\u017ee to je d\u00edky v\u00e1m, jo, tak to je dobr\u00fd. J\u00e1 to jsem v\u011bd\u011bl. Ani se to se nemusela. Bub\u00edlkov\u00e1 se pomyslela na to, \u017ee prost\u011b stopn\u011bte vypalov\u00e1n\u00ed pr\u00e1lesu a te\u010fka se vyhlazn\u011bte. Tak nechcete zkusit takhle zalobovat i tady u t\u011bch potravinov\u00fdch \u0159et\u011bzc\u016f? Ne, j\u00e1 si mysl\u00edm, \u017ee jako na ty potravinov\u00e9 \u0159et\u011bzce tla\u010d\u00edme, my z\u00e1kazn\u00edci budeme p\u0159estali tolik nakupovat, jako p\u0159edt\u00edm, jo. Kupujeme ve slev\u00e1ch, v\u010detn\u011b m\u011b, jo, anebo potom chod\u00edme do Polska a do t\u011bchto v\u011bc\u00ed. Z Prahy jezd\u00edte taky do Polska, jo, to v\u00edc projede. Ne, j\u00e1 do Polska nejezd\u00edm, ale j\u00e1 kupuju ve slev\u00e1ch, jo, j\u00e1 to koup\u00edm, a\u017e to je v t\u00e9 slev\u011b, jo. To je to jako, to j\u00e1 m\u00e1m prolezl\u00fd. To je dobr\u00fd, to je dobr\u00fd. Vlastn\u011b jenom takhle, co jsem tak jako vypozoroval, tak n\u011bkter\u00e9 ty \u0159et\u011bzce jako opravdu s tou cenou jdou lehce dol\u016f, ale bude to teda pravd\u011bpodobn\u011b zp\u016fsoben\u00e9 t\u00edm, vlastn\u011b t\u011bma men\u0161\u00edma n\u00e1kupama. Teoreticky by se tedy dal \u0159\u00edct, \u017ee pokud bychom se v\u0161ichni jako celospole\u010densk\u00fd domluvili, \u017ee budeme dr\u017eet p\u016fst, n\u011bjakou dietu, p\u0159eru\u0161ovan\u00fd p\u016fst, 16 hodin nej\u00edm, 8 hodin se naj\u00edm, tak vlastn\u011b mo\u017en\u00e1 bychom byli zdrav\u011bj\u0161\u00ed, vypadali bychom l\u00e9pe, u\u0161et\u0159ili bychom a nav\u00edc je\u0161t\u011b vlastn\u011b bychom donutili teda ty \u0159et\u011bzce. Vy jste u\u017e za\u010dala. Vypad\u00e1te velice dob\u0159e. Vypad\u00e1te fakt dob\u0159e. Za tu dobu, co v\u00e1s zn\u00e1m. Takhle mysl\u00edm, \u017ee te\u010f jste na tom nejl\u00edp. Ale mo\u017en\u00e1, \u017ee je to t\u00edm, \u017ee j\u00e1 jsem ze staktua. Ne, pan\u00ed Bubilko, j\u00e1 mysl\u00edm, \u017ee pak se domluv\u00edme. Co d\u011bl\u00e1te dneska ve\u010der? Dneska ve\u010der rozcvi\u010duju nohy Bolary. Tak v\u00e1m si m\u016f\u017eu pomoct. V\u00edte, ono opravdu je pot\u0159eba, ten tlak i na ty \u0159et\u011bzce, na ty producenty vyvinout. Proto\u017ee j\u00e1 m\u00e1m rodinu v Rakousku, kouknu k n\u00e1m, velmi \u010dasto cestuju a nikde ty ceny, opravdu potravy ne\u0161ly tak nahoru, jako u n\u00e1s. A jablka za 39 korun, to se sm\u011bju, proto\u017ee producenti jablek vlastn\u011b tu cenu dr\u017e\u00ed mezi 12 a 14 korunama u\u017e hodn\u011b dlouho. Mar\u017ee t\u011bch \u0159et\u011bzc\u016f, ty \u0161ly neskute\u010dn\u011b nahoru a kdy\u017e n\u011bkdy sly\u0161\u00edm, no ale za to m\u016f\u017ee vlastn\u011b n\u011bjak\u00e1 situace, jak to, \u017ee v tom Polsku ty jablka koup\u00edte za 24, jak to, \u017ee v Rakousku, te\u010fka jsme byli vlastn\u011b o v\u00edkendu s d\u011btma, tak jsme koupili kilo jablek za 29 korun. Prost\u011b je to nesmysl. Tak kdo za to vlastn\u011b m\u016f\u017ee? Te\u010f jste asi obvinil \u0159et\u011bzce a Maroze. Jo, j\u00e1 si mysl\u00edm, \u017ee prost\u011b je to kombinace kombinace prost\u011b producent\u016f a kombinace prost\u011b \u0159et\u011bzc\u016f. N\u011bkter\u00e9 jako by ceny si prost\u011b... No a co v tom m\u016f\u017eou d\u011blat politici? Politici edukovat ob\u010dana, \u0159\u00edkat mu to, co jste \u0159\u00edkal na za\u010d\u00e1tku, koupujte, tak jako pan\u00ed Bub\u00edlkova, vyb\u00edrajte v\u011bci ve Slav\u011b a tla\u010dte ty \u0159et\u011bzce na to, aby znamenaly. No tak\u017ee vlastn\u011b ten poradce Fiali, ten K\u0159e\u010dek ud\u011blal de facto v\u00fdborn\u00fd eduka\u010dn\u00ed t\u00fdm, kdy\u017e \u0159ekl, \u017ee kdy\u017e chcete lev\u00e9 potraviny, jezd\u00edte do Polsky. J\u00e1 si mysl\u00edm, \u017ee hodn\u011b potravin\u00e1\u0159\u016fm tady zatrnulo a za\u010dali se koukat na to, jestli mus\u00edme distribuovat svoje potraviny p\u0159\u00edmo do Polsky. U\u017e jsem nejkr\u00e1sn\u011bj\u0161\u00ed v\u00fdrok k tomu m\u011bl Stanyura, mysl\u00edm v ned\u011bli, kdy\u017e prohl\u00e1sil, na co j\u00e1 s t\u00edm m\u00e1m d\u011blat, \u017ee jezd\u011bj\u00ed v\u0161ichni do Polska a ztrac\u00edme jako pen\u00edze. J\u00e1 tam nejezd\u011bm. A to se div\u00edm, proto\u017ee on je z Opavy a on by to opravdu m\u011bl jako co by n\u011bkdo ud\u011blal. Tak, je\u0161t\u011b m\u00e1 n\u011bkdo n\u011bco k tomuto t\u00e9matu? Ne, ne, j\u00e1 u\u017e ne. J\u00e1 u\u017e jsem se vypov\u00eddala. Mysl\u00edm si, \u017ee stihneme je\u0161t\u011b jednu takovou napali\u010dku, abych to tak nazval, proto\u017ee ministra Spravedlnosti Bla\u0161ka nachytali redakto\u0159i v \u017di\u017ekovsk\u00e9 hospod\u011b, jak oslavuje s b\u00fdval\u00fdm kontroverzn\u00edm zemanov\u00fdm poradcem Martinem Nejedl\u00fdm, kter\u00e9ho pro\u0161et\u0159uje Bezpe\u010dnostn\u00ed informa\u010dn\u00ed slu\u017eba jako bezpe\u010dnostn\u00ed riziko st\u00e1tu. Nen\u00ed to vlastn\u011b jako zaj\u00edmav\u00e1 schoda okolnost\u00ed, \u017ee se pan Bla\u017eek s n\u00e1hodou odstane v stejn\u00e9 hospod\u011b jako pan Nejedl\u00fd? No, tak on pom\u00e1hal vyjedn\u00e1vat tuhle vl\u00e1du v dob\u011b, kdy vlastn\u011b pan Zeman, prezident Zeman byl i neboc\u00ed, tak\u017ee vlastn\u011b komunikoval tady s t\u011bmi, ale to tak jako j\u00e1 tomu nev\u011b\u0159\u00edm. A existuje jako z\u00e1znam, mo\u017en\u00e1 si ho i pust\u00edme, kde ho p\u0159\u00edmo nachytali a j\u00e1 jsem se nad t\u00edm stra\u0161n\u011b zasm\u00e1la, kdy\u017e jsem to vid\u011bla, proto\u017ee teda Bla\u017eek jim m\u011bl jak z praku, jo. M\u016f\u017eeme se pod\u00edvat na ten z\u00e1znam? No, no, no, m\u016f\u017eem. Popros\u00edm o produkci. Jste s panem Nejedl\u00fdm? Jo. No. A pro\u010d si \u0159e\u0161\u00edte? Dneska? No. Tak tohle s tobou budete v\u011b\u0159it, jo. No, j\u00e1 tady bydl\u00edm z\u00e1rove\u0148, jo. To v\u00edm, no. A vy jste n\u00e1hodou... Nechte toho. Ne, to... Pod\u00edvejte, tak jste ministr. Jste ministrem i ve\u010der, jo. Tak\u017ee pod\u00edvejte si. Za mnou te\u010fka speci\u00e1ln\u011b jsem... Pod\u00edvejte si, co tady d\u011bl\u00e1te s panem Nejedl\u00fdm. S panem Nejedl\u00fdm, byla obrovsk\u00e1 m\u016f\u017eka, j\u00e1 bydl\u00edm tady z\u00e1rove\u0148 a tady jsme se potkali, to je v\u0161echno. Jako \u00fapln\u011b n\u00e1hodn\u011b, jo, jste se tady s panem Nejedl\u00fdm potkali. No, tak m\u00e1 tro\u0161ku \u010derven\u00e9 tv\u00e1\u0159i\u010dky, \u017ee jo. J\u00e1 mysl\u00edm, \u017ee pan Bla\u017eek zavla\u017eoval nejenom zven\u010d\u00ed, ale i ze vnit\u0159, jo. A u\u017e zvenku, v\u0161imn\u011bte si, bylo sucho a on byl furt zavla\u017een\u00fd. On zavla\u017eoval p\u011bt hodin. Je pravda, \u017ee vlastn\u011b, on se k tomu vyj\u00e1d\u0159il, \u017ee byla b\u016f\u0159ka, \u017ee vlastn\u011b teda se jako schoval p\u0159ed de\u0161t\u011bm, to byla asi dlouh\u00e1 b\u016f\u0159ka. To byla ukrutn\u00e1 b\u016f\u0159ka, ale j\u00e1 v\u00e1m \u0159eknu s\u00e1m za sebe, j\u00e1 teda jako p\u0159ij\u00edt do hospody a b\u00fdt tam pan Nejedl\u00fd a i kdyby se strhlo torn\u00e1do, tak j\u00e1 se snad rad\u0161i nek\u00e1mo odm\u00edst t\u00edm torn\u00e1dem, ne\u017e bych tam u\u010doval v oslav\u011b jeho narozenin. Ale tak oni pr\u00fd bydl\u00ed n\u011bjak vedle sebe a podobn\u011b, ale m\u011b sp\u00ed\u0161e zaujalo to, \u017ee premi\u00e9r Fiala \u0159ekl, \u017ee mu v\u011b\u0159\u00ed, \u017ee tam byl n\u00e1hodou, jo. J\u00e1 teda nev\u00edm, ale vy byste v\u011b\u0159ili? J\u00e1 teda ne. J\u00e1 bych mu dal p\u011bt \u017elutejch karet a pak bych \u0159ekl, \u017ee jestli nep\u0159estane, tak mu d\u00e1m je\u0161t\u011b dal\u0161\u00edch p\u011bt a dostane \u010dervenou. No my v\u016fbec m\u00e1me \u0161t\u011bst\u00ed na ty premi\u00e9ry z ODS, jo. Vzpom\u00edn\u00e1te si, Topol\u00e1nek, tak ten velice br\u00e1nil sv\u00e9ho lobbystu Dal\u00edka, jo. Ne\u010das ten na sob\u011b nechal rajtovat tu svou sekret\u00e1\u0159ku na d\u011blo, jo. A te\u010fka Br\u0148\u00e1k, jako Fiala, tak ten br\u00e1n\u00ed Br\u0148\u00e1ky tak, \u017ee vlastn\u011b s\u00e1m ze sebe d\u011bl\u00e1 profesorsk\u00e9ho moulu. Ale teda, jako v\u00fdmluva, je to v\u00fdborn\u00e1 v\u00e1\u017een\u00ed, jo. To byste vy, chlapy, m\u011bli vocenit. Drah\u00e1, j\u00e1 jsem ti nebyl nev\u011brn\u00fd, j\u00e1 jsem se schoval p\u0159ed Bou\u0161kou do prvn\u00edho domu a j\u00e1 fakt nem\u016f\u017eu za to, \u017ee ten d\u016fm je va\u0159ejn\u00fd. Dob\u0159e, to se budu pamatovat. \u017divot prost\u011b p\u0159in\u00e1\u0161\u00ed jako mnoh\u00e1 p\u0159ekvapen\u00ed a mnoh\u00e9 n\u00e1hody, no. A vlastn\u011b, kdy\u017e zmoknete, tak mus\u00edte b\u00fdt nah\u00fd, tak\u017ee to je jako jasn\u00fd, je to no jasn\u011b... No jasn\u011b, slu\u0161il jsem. No, tam vlastn\u011b je\u0161t\u011b... M\u011bl by rezignovat, nebo ne? No, z m\u00e9ho pohledu, jako narezignace to nen\u00ed, Nejedl\u00fd nen\u00ed odsouzen\u00fd za nic, ale jako mysl\u00edm si, \u017ee tohle s toho podrazilo \u00fapln\u011b jeho politickou kari\u00e9ru a te\u010fka chv\u00edli bych b\u00fdt n\u00edm tak nikde nevystupoval moc, proto\u017ee bude sm\u011b\u0161nej. Jak byste takovou situaci \u0159e\u0161il vy? Nemysl\u00edm samoz\u0159ejm\u011b jako p\u0159\u00edmo, tady s panem Nejedl\u00fdm, ale jako... Kdybych byl, kdybych se odstl... Ne, kdyby to byl minister va\u0161\u00ed strany. A byli jste v koalici spolu, byli jste ve vl\u00e1d\u011b, cht\u011bli jste tam b\u00fdt a te\u010f to to se stalo. No, ale my jsme xklad museli \u0159e\u0161it r\u016fzn\u00e9 situace, jako KDU \u010cSL a v\u017edycky jsme to z\u0159e\u0161ili sp\u00ed\u0161 odchodem t\u011bch lid\u00ed. Pavel Bla\u017eek, a\u0165 u\u017e m\u00e1 jakoukoliv hlavu, tak mu d\u00e1v\u00e1 kdokoliv jakoukoliv ps\u00ed hlavu, tak on je velice chytrej a schopnej a na tom ministerstvu d\u011bl\u00e1 spoustu pr\u00e1ce, kterou \u0159ada lid\u00ed nevid\u00ed. A z druhou stranu prost\u011b m\u00e1 k\u00e1mo\u0161e, se kter\u00fdch n\u011bkdy cel\u00fd koalici b\u011bh\u00e1m r\u00e1z po z\u00e1dech. Tak jo, n\u00e1m se \u010das naplnil, my v\u00e1m moc kr\u00e1t d\u011bkujeme za n\u00e1v\u0161t\u011bvu tady u n\u00e1s ve studiu a s div\u00e1kymi se rozlou\u010d\u00edme a budeme se velice t\u011b\u0161it p\u0159\u00ed\u0161t\u00ed t\u00fdden zase v po\u0159adu na Palici. M\u011bjte se hezky. Na shl\u00e1nou. M\u011bjte se kr\u00e1sn\u011b. www.arkance-systems.cz","nbla_serie":"887","nbla_season":"2023","nbla_episode":"13","nbla_duration":"1527.68","nbla_genre":"","nbla_editorial_format":"","nbla_mtime":"1696500753","nbla_url":"https:\/\/origin.a11.cz\/vod\/9q8p4ehsjfc36jc4ud2dsot9j.mp4","nbla_version":"1696500753","nbla_odvysilano":"Ano","bunny_id":"715aa51e-b00b-46cb-a802-1d8218ec8b9f","youtube_id":"","datum_vydani":"20231005","stopaz":"1527.68","dokument":[],"video_to":[]},"_links":{"self":[{"href":"https:\/\/tv.a11.cz\/api\/wp\/v2\/video\/11472","targetHints":{"allow":["GET"]}}],"collection":[{"href":"https:\/\/tv.a11.cz\/api\/wp\/v2\/video"}],"about":[{"href":"https:\/\/tv.a11.cz\/api\/wp\/v2\/types\/video"}],"author":[{"embeddable":true,"href":"https:\/\/tv.a11.cz\/api\/wp\/v2\/users\/8"}],"wp:featuredmedia":[{"embeddable":true,"href":"https:\/\/tv.a11.cz\/api\/wp\/v2\/media\/11662"}],"wp:attachment":[{"href":"https:\/\/tv.a11.cz\/api\/wp\/v2\/media?parent=11472"}],"wp:term":[{"taxonomy":"category","embeddable":true,"href":"https:\/\/tv.a11.cz\/api\/wp\/v2\/categories?post=11472"},{"taxonomy":"porad","embeddable":true,"href":"https:\/\/tv.a11.cz\/api\/wp\/v2\/porad?post=11472"},{"taxonomy":"region","embeddable":true,"href":"https:\/\/tv.a11.cz\/api\/wp\/v2\/region?post=11472"},{"taxonomy":"kategorie","embeddable":true,"href":"https:\/\/tv.a11.cz\/api\/wp\/v2\/kategorie?post=11472"}],"curies":[{"name":"wp","href":"https:\/\/api.w.org\/{rel}","templated":true}]}}