{"id":11317,"date":"2023-10-03T19:00:15","date_gmt":"2023-10-03T17:00:15","guid":{"rendered":"https:\/\/tv.a11.cz\/?post_type=video&#038;p=11317"},"modified":"2023-10-03T17:58:21","modified_gmt":"2023-10-03T15:58:21","slug":"a11-zpravy-utery-3-10-2023","status":"publish","type":"video","link":"https:\/\/tv.a11.cz\/video\/a11-zpravy-utery-3-10-2023\/","title":{"rendered":"Hlavn\u00ed zpr\u00e1vy \u00fater\u00fd 3.10. 2023"},"content":{"rendered":"","protected":false},"excerpt":{"rendered":"<p>Nehoda sanitky v brn\u011b &#8211; V\u00fdsledky voleb na Slovensku &#8211; Z ekomiliard budou podpo\u0159eny \u010dty\u0159i projekty v Sokolov\u011b &#8211; O budoucnosti nemocnice je rozhodnuto<\/p>\n","protected":false},"author":8,"featured_media":11337,"template":"","categories":[17,157],"porad":[212],"region":[218],"kategorie":[],"class_list":["post-11317","video","type-video","status-publish","has-post-thumbnail","hentry","category-domaci","category-zpravy","porad-hlavni-zpravy-a11","region-cela-cr"],"acf":[],"meta_box":{"nbla_idec":"A2300114","nbla_title":"A11 Zpr\u00e1vy","nbla_subtitle":"\u00dater\u00fd 3.10. 2023","nbla_summary":"Zpravodajstv\u00ed A11 ze v\u0161ech kout\u016f \u010cesk\u00e9 republiky","nbla_description":"","nbla_transcription":"Kr\u00e1sn\u00fd ve\u010der pr\u00e1v\u011b za\u010d\u00ednaj\u00ed a jeden\u00e1ct zpr\u00e1vy v\u00edt\u00e1 v\u00e1s u nich Aleksandra Pt\u00e1\u010dkov\u00e1. V Brn\u011b se stala d\u011bsiv\u00e1 nehoda houkaj\u00edc\u00ed sanitky. Ta se post\u0159edu s dod\u00e1vkou p\u0159evr\u00e1tila na bok a des\u00edtky metr\u016f klouzela po silnici. Dva z\u00e1chran\u00e1\u0159i se lehce zranili. Nehodu zachytila palubn\u00ed kamera v zaparkovan\u00e9m aut\u011b. V Brn\u011b se odehr\u00e1la zde v t\u011bchto m\u00edstech v ulici Ceil \u0161\u00edlen\u00e1 nehoda dod\u00e1vky a z\u00e1chran\u00e1\u0159sk\u00e9ho vozu. Vzduchem doslova let\u011bla sanitka. Nehodu, kterou Brno je\u0161t\u011b nepamatuje, se odehr\u00e1la v ran\u00fdch hodin\u00e1ch. Z\u00e1chran\u00e1\u0159i m\u00ed\u0159ili na houka\u010dky v p\u0159\u00edpadu za pacientem. V k\u0159i\u017eovatce Ceil a koli\u0161t\u011b jim v\u00fd\u017eij\u00ed do dr\u00e1hy dod\u00e1vka, kter\u00e1 jich v\u016fz po n\u00e1razu okam\u017eit\u011b odmr\u0161t\u00ed. Sanitka se p\u0159evrac\u00ed a bokem klou\u017ee po silnici des\u00edtky metr\u016f. Na pomoc zran\u011bn\u00fdm b\u011b\u017e\u00ed okam\u017eit\u011b kolem douc\u00ed. V tom aut\u011b nebyl nikdo zran\u011bn, ov\u0161em na\u0161i dva zdravotn\u00edci utrp\u011bli zran\u011bn\u00ed leh\u010d\u00edho charakteru. Na\u0161e pos\u00e1dka byla na v\u00fdjezdu za pacientem, to znamen\u00e1 byla pod v\u00fdstra\u017en\u00fdmi za\u0159\u00edzen\u00edmi. K havarovan\u00fdm voz\u016fm se zj\u00ed\u017ed\u00ed policie, hasi\u010di a z\u00e1chrann\u00e1 slu\u017eba. My jsme na m\u00edst\u011b zjistili, \u017ee jedno vozidlo se nach\u00e1z\u00ed na boku, tak\u017ee bylo nutn\u00e9 jej zvednout zp\u00e1tky na kola, tak\u017ee jsme si povolali speci\u00e1ln\u00ed techniku. M\u00edsto jsme zajistili proti po\u017e\u00e1ru a t\u00edm vlastn\u011b na\u0161e pr\u00e1ce na m\u00edst\u011b skon\u010dila. Dod\u00e1vku, kter\u00e1 narazila do sanitky, \u0159\u00eddil cezinec V\u00fdchodu a televizi A11, se k nehod\u011b vyj\u00e1d\u0159il. V \u00fater\u00fd dopoledne do\u0161lo ke kolizi dod\u00e1vky a sanitn\u00edho vozu v ulici Cehil. P\u0159\u00ed\u010diny t\u00e9to nehody vy\u0161et\u0159ujeme. Jedin\u00e9, co v t\u00e9to chv\u00edli lze k t\u00e9 nehod\u011b \u0159\u00edct, je to, \u017ee oba dva \u0159idi\u010di m\u011bli negativn\u00ed test na alkohol. Nehoda dod\u00e1vky a z\u00e1chrann\u00e1\u0159sk\u00e9ho vozu zp\u016fsobila v Brn\u011b dopravn\u00ed kolaps. Ulice byla zcela uzav\u0159ena. V d\u016fsledku nehody do\u0161lo k omezen\u00ed na tramvajov\u00fdch link\u00e1ch, kter\u00e9 ulic\u00ed Cehil proj\u00ed\u017ed\u011bj\u00ed a museli jsme nasadit tak\u00e9 n\u00e1hradn\u00ed autobusovou dopravu. Z Brna pro televizi A11, Ji\u0159\u00ed V\u00fdn\u00e1r. V\u00edt\u011bzstv\u00ed ve slovensk\u00fdch parlamentn\u00edch volb\u00e1ch slav\u00ed strana Sm\u011br soci\u00e1ln\u00ed demokracie b\u00fdval\u00e9ho premi\u00e9ra Roberta Fica. Druh\u00e9 je s odstupem progresivn\u00ed Slovensko, kter\u00e9 exit poly favorizovaly na v\u00fdhru. Na t\u0159et\u00edm m\u00edst\u011b skon\u010dil hlas soci\u00e1ln\u00ed demokracie. Ten bude m\u00edt kl\u00ed\u010dovou roli p\u0159i sestavov\u00e1n\u00ed vl\u00e1dy. V N\u00e1rodn\u00ed rad\u011b usedne sedm stran. Volebn\u00ed \u00fa\u010dast byla nejvy\u0161\u0161\u00ed od roku 2002. V\u00edt\u011bzstv\u00ed parlamentn\u00edch voleb na slovensku je strana Sm\u011br SD byla dlhodobo volebn\u00fdm favoritom, co potvrdzovala i \u00fa\u010dast zahrani\u010dn\u00fdch m\u00e9di\u00ed v centr\u00e1le t\u011bjto strany po\u010das volebn\u00e9 noci, len ofici\u00e1ln\u011b se nyn\u00ed akreditovalo 150 novin\u00e1rov. U\u017e n\u00e1d r\u00e1no bylo jasn\u00e9, kdo bude v\u00edt\u011bzstv\u00edm voleb a tomu zodpovedala i atmosf\u00e9ra v centr\u00e1le. Kdy\u017e byli tak\u00e9, jako byli, tak jsme se t\u011b\u0161ili, \u017ee to nakonec dopadlo tak, jako to dopadlo. T\u0159eba se hlavn\u011b pod\u011bkovat v\u0161em lidem, kte\u0159\u00ed se rozhodli za sv\u00fdm hl\u00e1sem urobit to, co je pro nich nejpodstatn\u011bj\u0161\u00ed. Na politik\u00e1ch je po volb\u00e1ch, aby hlas nesklamali. A tak s nimi budeme i naklada\u0165. Do slovensk\u00e9ho parlamentu se dostalo sedm politick\u00fdch subjekt\u016f pro kresivn\u00e9 slovensko hlas SD O\u013dANO, kres\u0165ansk\u00e1 unia a za ljudi KDH, SAS, SNS. Najbli\u017e\u0161\u011b dva t\u00fd\u017edny chce l\u00edder smerov SD Robert Fico rokovat s ostatn\u00fdmi stranami o programoch. Ako l\u00edder v\u00edt\u011bznej strany se bude uch\u00e1dza\u0165 o post predsedu vl\u00e1dy. Ni\u010d jin\u00e9 urobit nem\u016f\u017eem v tomto okam\u017eiku. Bylo by to zklaman\u00ed lud\u00ed, kdybych povedal n\u011bco jin\u00e9. Tuto povinnost m\u00e1m a d\u00e1me do toho v\u0161etko. Volebn\u00e1 \u00fa\u010dast dos\u00e1hla takmer 70 %. Vysokou volebnou \u00fa\u010dast potvrdzovali aj vo volebn\u00fdch komisi\u00e1ch u\u017e po\u010das p\u0159\u00edb\u011bhu vol\u011bb. \u00da\u010dast je dost vysok\u00e1. Naozaj. Do obeda kopkujeme st\u00e1le, lebo se fakt naozaj nest\u00edh\u00e1. Bru\u0161ku m\u00e1me pln\u00e9, povedal bych pov\u011bt\u0161in\u011b, hej. Choci mnohy n\u011b. A uvid\u00edme do budoucnosti, co to znova prines\u00ed. Hlavn\u00e9 o\u010dek\u00e1v\u00e1n\u00ed pro m\u011b je to, aby vyhrala opoz\u00edc\u00ed a opoz\u00ed\u010dn\u00ed strany. Douf\u00e1m, \u017ee slovensk\u00fd n\u00e1rod se u\u017e kone\u010dn\u011b zpam\u011btal. A zv\u00edt\u011bz\u00ed naozaj rozv\u00ed. Najvy\u0161\u0161\u00ed \u00fa\u010dast byla v bratislavsk\u00e9m kraji. A najni\u017e\u0161\u00ed takmer 61 % v ko\u0161ick\u00e9m kraji. Policia je vid\u011bl v z\u00favislosti s volbami do NR SR. Spolu 23 podnetov po\u010das volebn\u00e9ho d\u0148a, jich zaznamenala 93. Z\u00e1chran\u00e1ry po\u010das voleb zasahovaly 23kr\u00e1t. Za to dalo o\u010dak\u00e1vat a douf\u00e1m, \u017ee ta vl\u00e1da, kter\u00e1 prijde, bude m\u00e1t lep\u0161ie v\u00fdsledky. Mysl\u00edm si, \u017ee to je men\u0161e zvolen\u00e9, lebo j\u00e1 jsem v\u011bd\u011bj\u00edc\u00ed \u010dlov\u011bk. V podstat\u011b maly se ty kres\u0165ansk\u00e9 strany to, \u017ee se hadaj\u00ed. A prost\u011b se zopakovala situace p\u0159ed \u010dtyrok rok\u016fm. J\u00e1 jsem z toho dost pl\u00e1nen\u00fd. Z t\u011bch obchod\u016f, kter\u00e9 vlastn\u011b p\u0159e\u0161lo. Ale lid\u00e9 asi zvolili, \u010do cht\u011bli. Za m\u011b ob\u010dania Slov\u011bnska rozhodli. A mysl\u00edm si, \u017ee je to jich pr\u00e1vo. Z\u00e1m\u011br si mysl\u00edm, \u017ee je v po\u0159\u00e1dku. Ale j\u00e1 si mysl\u00edm, \u017ee to dopadne dob\u0159e. \u017de slovensk\u00e9 ob\u010dania se rozhodli, podle m\u011b, dob\u0159e. Prioritou nov\u00e9 vl\u00e1dy bude podle predsedu smeru SD konsolid\u00e1cia verejn\u00fdch financ\u00ed, o\u010dista org\u00e1nov \u010dinn\u00fdch v trestnom konan\u00ed, r\u011b\u0161en\u011b cien potravin a energii. A kdyby k tomu do\u0161lo smer s\u00fa\u010das\u0165ov vl\u00e1dy, na prvom rokov\u00e1n\u00ed vl\u00e1dy v\u0161chv\u00e1l\u00edme vl\u00e1dn\u00e9 nariaden\u011b, kter\u00e9 obnov\u00ed kontroly na hraniciach s Ma\u010farskou na zelen\u00e9 hranici. Teraz je hlavnou v\u00fdzvou prevl\u00e1du, jako se vysporiada s ekonomickou situaciou. Mus\u00edme po\u010dkat na to, jako dopadnou koali\u010dn\u00e9 rozhovory a ak\u00e1 vl\u00e1da vznikne. FICO vylu\u010duje zmenu zahrani\u010dno-politick\u00e9 orientace, Slovenska slobuje reviziu pl\u00e1novan\u00e9ho \u010derpan\u011b eurofondov a v\u00fdznamn\u00e9 zdroje presunou tak, aby byly k dispozic\u00ed samozpr\u00e1vam. Z Bratislavy, Viliam \u0160u\u0161ka. Z programu 18 Ekomiliard p\u016fjdou na Sokolovsku pen\u00edze do \u010dty\u0159 prioritizovan\u00fdch projekt\u016f. Radnice chyst\u00e1 vybudov\u00e1n\u00ed z\u00e1chytn\u00e9ho parkovi\u0161t\u011b za kl\u00e1\u0161terem v Sokolov\u011b, \u00fapravu b\u0159ehu \u0159eky Oh\u0159e nebo druhou etapu Ji\u017en\u00edho Lomu. A to nen\u00ed v\u0161e. Zastupitelstvo m\u011bsta Sokolov na sv\u00e9m z\u00e1\u0159ijov\u00e9m zased\u00e1n\u00ed schv\u00e1lilo zm\u011bnu prioritizace projektov\u00fdch z\u00e1m\u011br\u016f souvisej\u00edc\u00edch s n\u00e1hradami \u0160KOD pot\u011b\u017eb\u011b takzvan\u00fdch 18 Ekomiliard. Do \u010dty\u0159 projekt\u016f s p\u016fvodn\u011b ni\u017e\u0161\u00ed prioritou m\u00e1 j\u00edt okolo 288 milion\u016f korun. Cht\u011bli bychom p\u0159esunout tuto \u010d\u00e1sku do d\u00edl\u010d\u00edch projekt\u016f, kde jedn\u00edm z nich je t\u0159eba vybudov\u00e1n\u00ed z\u00e1chytn\u00e9ho parkovi\u0161t\u011b na ontenick\u00e9 v\u00fdsypky. To je parkovi\u0161t\u011b za kl\u00e1\u0161terem v Sokolov\u011b, tak aby lid\u00e9, kte\u0159\u00ed p\u0159\u00edj\u00ed\u017ed\u00ed do Sokolova, mohli v klidu zaparkovat. Cht\u011bli bychom finan\u010dn\u00ed prost\u0159edky vyu\u017e\u00edt t\u0159eba na \u00fapravu b\u0159ehu \u0159eky Oh\u0159e a navazuj\u00edc\u00edch podzemk\u016f, na \u00fapravu lobesk\u00e9ho potoka a zase t\u0159eba husov\u00fdch sad\u016f a\u017e do are\u00e1lu zdrav\u00ed. Velkou \u010d\u00e1st finan\u010dn\u00edch prost\u0159edk\u016f bychom cht\u011bli vyu\u017e\u00edt na etapu dv\u011b li\u017en\u00ed lom, to znamen\u00e1 v sou\u010dasn\u00e9 dob\u011b za kryjicerovou l\u00e1vkou se p\u0159ipravuj\u00ed stav\u011bbn\u00ed parcely, m\u011blo bych 36 a my bychom samoz\u0159ejm\u011b cht\u011bli ud\u011blat etapu dv\u011b, aby tam vzniklo zase zhruba kolem 20 parcel. Finance p\u016fvodn\u011b m\u011bly b\u00fdt pou\u017eity na jeden velk\u00fd projekt, p\u00e1te\u0159n\u00ed s\u00edt\u011b a dopravn\u00ed a technick\u00e9 infrastruktury \u010d\u00e1sti Hru\u0161kov\u00e1. Tam se po\u010d\u00edtalo, \u017ee tam bude velk\u00fd rozvoj bydlen\u00ed, nicm\u00e9n\u011b na z\u00e1klad\u011b t\u00e9 anal\u00fdzy jsme zjistili, \u017ee m\u011bsto Sokolov tam m\u00e1 asi 60 podzemk\u016f, dal\u0161\u00edch 80 podzemk\u016f maj\u00ed soukrom\u00ed vlastn\u00edci, my bychom museli nastratovat proces odkupu a podobn\u011b a ten proces by byl velmi zdlouhav\u00fd. M\u011bsto se proto rozhodlo \u0159e\u0161it problematiku na Hru\u0161kov\u00e9 samostatn\u00fdm projektem lok\u00e1ln\u00edho vodovodn\u00edho \u0159adu za zhruba 37 milion\u016f korun, kterou by m\u011bla realizovat spole\u010dnost Sokolovsk\u00e1 vod\u00e1rensk\u00e1. Zm\u00edn\u011bn\u00fdch \u010dty\u0159 velk\u00fdch projekt\u016f m\u00e1 Sokolov v r\u016fzn\u00fdch f\u00e1z\u00edch v p\u0159\u00edprav na dv\u011b stovky men\u0161\u00edch akc\u00ed v r\u00e1mci rozvoje m\u011bsta. Je to samoz\u0159ejm\u011b infrastruktura m\u011bsta, \u0159e\u0161\u00edme tam bydlen\u00ed, \u0159e\u0161\u00edme tam volno\u010dasov\u00e9 aktivity, \u0159e\u0161\u00edme tam \u0161koly, tak, aby se m\u011bsto Sokolov p\u0159ipravilo i na tu budouc\u00ed etapu, kter\u00e1 n\u00e1s douf\u00e1m v\u0161echny \u010dek\u00e1, to znamen\u00e1, \u017ee ta transformace prob\u011bhne tak, jak si p\u0159edstavujeme a j\u00e1 po\u0159\u00e1d jenom neust\u00e1le v\u0161echny upozornuji, tak v\u011b\u0159\u00edme, \u017ee se poda\u0159\u00ed, kde by mohlo bydlet deset tis\u00edc lid\u00ed, tak servisn\u00edm m\u011bstem bude pr\u00e1v\u011b m\u011bsto Sokolov a my se na to mus\u00edme p\u0159ipravit. Dlouhodob\u00fd st\u00e1tn\u00ed projekt zm\u00edrn\u011bn\u00ed n\u00e1sledk\u016f t\u011b\u017eby m\u00e1 po posledn\u00ed \u010dtvrt\u00e9 aktualizaci alokov\u00e1ny pro Karlovarsk\u00fd kraj 2,3 miliardy korun. V Sokolov\u011b se v r\u00e1mci tohoto fondu realizovala \u0159ada cyklostezek, opravily se Anton\u00ednsk\u00e9 mosty nebo vznikla nov\u00e1 Krejcarov\u00e1 l\u00e1vka. Dele ne\u017e rok a p\u016fl trvala p\u0159\u00edprava smlouvy mezi m\u011bstem Vala\u0161sk\u00e9 Mezi\u0159\u00ed\u010d\u00ed a skupinou \u00c1gel. Ta zabezpe\u010duje provoz Mezi\u0159\u00ed\u010dsk\u00e9 nemocnice na dal\u0161\u00edch 35 let. Definitivn\u00ed podobu smlouvy odsouhlasili zastupitel\u00e9 na sv\u00e9m zased\u00e1n\u00ed. Zastupitel\u00e9 m\u011bsta Vala\u0161sk\u00e9 Mezi\u0159\u00ed\u010d\u00ed odsouhlasili na sv\u00e9m z\u00e1\u0159ijov\u00e9m zased\u00e1n\u00ed smlouvu mezi m\u011bstem a skupinou \u00c1gel. Smlouva zajist\u00ed chod zdej\u0161\u00ed nemocnice na dal\u0161\u00edch 35 let. Smlouva, kter\u00e1 m\u00e1 cirka 80 stran, \u0159e\u0161\u00ed velmi zjednodu\u0161en\u011b t\u0159i z\u00e1kladn\u00ed parametry, na kter\u00fdch jsme se domluvili. Zaprv\u00e9 zdravotn\u00ed slu\u017eby budou poskytov\u00e1ny na \u00fadob\u00ed dal\u0161\u00edch 35 let. A to s t\u00edm, \u017ee nesm\u00ed doj\u00edt k z\u00e1sadn\u00edmu omezen\u00ed \u0161k\u00e1ly poskytov\u00e1n\u00fdch zdravotn\u00edch slu\u017eeb. N\u00e1jemce n\u00e1m bude platit n\u00e1jem takzvan\u00e9 pachtovn\u00e9, a to cirka ve v\u00fd\u0161i 10 milion\u016f korun ro\u010dn\u011b. A m\u011bsto se zav\u00e1zalo, \u017ee 80% takto z\u00edsk\u00e1n\u00fdch prost\u0159edk\u016f bude zp\u011btn\u011b investovat do budov nemocnice, tak, aby tento are\u00e1l byl v co nejlep\u0161\u00ed kondici. No a za t\u0159et\u00ed velmi d\u016fle\u017eit\u00fd bod. Nov\u00fd n\u00e1jemce se zav\u00e1zal k tomu, \u017ee postav\u00ed novou budovu v hodnot\u011b cirka 200 milion\u016f korun, odd\u011blen\u00ed n\u00e1sledn\u00e9 p\u00e9\u010de s kapacitou minim\u00e1ln\u011b 30 l\u016f\u017eek a s mo\u017enost\u00ed n\u00e1stavby dal\u0161\u00edch dvou pater. P\u0159\u00edprava zad\u00e1vac\u00edch podm\u00ednek byla n\u00e1ro\u010dn\u00e1 a trvala d\u00e9le ne\u017e roka p\u016fl. J\u00e1 jsem moc r\u00e1d, \u017ee jsme schopni na dobu dal\u0161\u00edch 35 let garantovat kvalitn\u00ed zdravotn\u00ed p\u00e9\u010di nejen pro obyvatele Vala\u0161sk\u00e9ho Mezi\u0159\u00ed\u010d\u00ed. Skupina Agel provozuje nemocnici ve Vala\u0161sk\u00e9m Mezi\u0159\u00ed\u010d\u00ed ji\u017e od roku 2004. Je n\u00e1jemcem budov a pozemk\u016f, kter\u00e9 vlastn\u00ed m\u011bsto. Tento proces, kter\u00fd trval t\u00e9m\u011b\u0159 dva roky, pacht z\u00e1vodu koncesn\u00ed \u0159\u00edzen\u00ed na provozovatele zdravotn\u00edch slu\u017eeb, nem\u00e1 obdob\u00ed v \u010cesk\u00e9 republice. Byl to pr\u00e1vn\u011b velmi, velmi slo\u017eit\u00fd proces a j\u00e1 jsem r\u00e1d, \u017ee dnes jsme na jeho konci. Sp\u00e1dovost Vala\u0161sko-Mezi\u0159\u00edck\u00e9 nemocnice je p\u0159es 85 000 obyvatel p\u0159ivahl\u00e9ho regionu. Oprava vozovky t\u0159\u00eddy m\u00edru v \u010cesk\u00e9m Krumlov\u011b je zd\u00e1rn\u011b u konce. Trvala necel\u00fd m\u011bs\u00edc a \u0159idi\u010di si u\u017e\u00edvaj\u00ed hladk\u00e9 a plynul\u00e9 j\u00edzdy u\u017e od konce letn\u00edch pr\u00e1zdnin. M\u011bsto bude pokra\u010dovat rekonstrukc\u00ed dal\u0161\u00ed \u010d\u00e1sti komunikace sm\u011brem na Vi\u0161n\u00fd. Od 31. \u010dervence do 25. srpna trvala rekonstrukce vozovky t\u0159\u00eddy m\u00edru. \u0158idi\u010di zde museli po\u010d\u00edtat s dopravn\u00edm omezen\u00edm. Za to t\u0159\u00edda m\u00edru ale z\u00edskala nov\u00fd povrch s p\u0159ehledn\u00fdm vodorovn\u00fdm zna\u010den\u00edm a spruhem pro cyklisty. Rekonstruovala se \u010d\u00e1st tzv. parapl\u00ed\u010dka nad Serpentino, kterou ve \u0161t\u00e1t\u011b zan\u00e1dra\u017e\u00edm. Ta oprava st\u00e1la kolem 3 milion\u016f bezdan\u011b a \u0161lo o kompletn\u00ed v\u00fdm\u011bnu povrchu asfaltu n\u011bkde z \u010d\u00e1st\u00ed obrubn\u00edku a opravy \u010d\u00e1ste\u010dn\u011b vpust\u00ed a s\u00edt\u00ed. Vzhledem k p\u0159ekvapiv\u011b ni\u017e\u0161\u00ed vysout\u011b\u017een\u00e9 \u010d\u00e1stce oproti p\u016fvodn\u00edmu p\u0159edpokladu, m\u011bsto u\u0161et\u0159ilo pen\u00edze na rekonstrukci dal\u0161\u00ed \u010d\u00e1sti komunikace, kter\u00e1 pokra\u010duje sm\u011brem na Vi\u0161n\u00fd. My jsme vysout\u011b\u017eili tuto opravu zhruba o milion ni\u017e\u0161\u00ed ne\u017e jsme p\u0159edpokl\u00e1dali. Tud\u00ed\u017e ty prost\u0159edky vlo\u017e\u00edme do opravy ulice Vi\u0161ensk\u00e9, kter\u00e1 navazuje na tuto ulici t\u0159\u00edda m\u00edru sm\u011brem ta Y, ta k\u0159i\u017eovatka sm\u011brem do Vi\u0161n\u00edho. Ta \u010d\u00e1st bude st\u00e1t asi 850 tis\u00edc ke kolej\u016fm, kter\u00e1 byla skoro v tom stavu taky \u0161patn\u00e9m jako t\u0159\u00edda m\u00edru. To znamen\u00e1, je\u0161t\u011b letos dojde k oprav\u011b t\u00e9to \u010d\u00e1sti. Rekonstrukce by m\u011bla za\u010d\u00edt, dokud jsou je\u0161t\u011b p\u0159\u00edzniv\u00e9 klimatick\u00e9 podm\u00ednky, tedy nejpozd\u011bji v m\u011bs\u00edci \u0159\u00edjnu. Na za\u010d\u00e1tku listopadu by tak m\u011blo b\u00fdt hotovo. Opravu vozovky hrad\u00ed m\u011bsto ze sv\u00e9ho rozpo\u010dtu. Je to z \u010d\u00e1sti na opravu komunikac\u00ed chodn\u00edk\u016f a most\u016f. Tam je mo\u017en\u00e1 zaj\u00edmav\u00e9 je\u0161t\u011b to, \u017ee tato \u010d\u00e1st rozpo\u010dtu byla pl\u00e1nov\u00e1 n\u011bkde kolem 11 milion\u016f a letos se dostaneme t\u00e9m\u011b\u0159 ke 20 milion\u016f. To znamen\u00e1, masivn\u011b jsme nav\u00fd\u0161ili rozpo\u010det t\u00e9to slo\u017eky. Rekonstrukce povrchu ulice Vi\u0161ensk\u00e1 se \u00fapln\u011b bez omezen\u00ed neobejde. Tato omezen\u00ed v\u0161ak budou pro \u0159idi\u010de minim\u00e1ln\u00ed. Po dobu fr\u00e9zov\u00e1n\u00ed a asfaltov\u00e1n\u00ed vozovky bude doprava \u0159\u00edzena kivadlov\u011b. Autobusov\u00e9 n\u00e1dra\u017e\u00ed ve Vset\u00edn\u011b zm\u011bn\u00ed provozovatele. Od 1. \u0159\u00edjna ho bude provozovat m\u011bstsk\u00e1 firma DN Vset\u00edn. Tato spole\u010dnost se postar\u00e1 nejen o star\u00e9 n\u00e1dra\u017e\u00ed, ale po dokon\u010den\u00ed stavby i o n\u00e1dra\u017e\u00ed nov\u00e9. Vset\u00ednsk\u00e9 autobusov\u00e9 n\u00e1dra\u017e\u00ed bude m\u00edt nov\u00e9ho provozovatele. Jeho majitel m\u011bsto Vset\u00edn toti\u017e ukon\u010dilo smluvn\u00ed vztah s jeho dosavadn\u00edm n\u00e1jemcem. Chce m\u00edt jeho provoz pod svou kontrolou, prost\u0159ednictv\u00edm sv\u00e9 spole\u010dnosti. Tady ta spole\u010dnost, kterou zalo\u017eilo zastupitelstvo m\u011bsta Vset\u00edn, se jmenuje DN Vset\u00edne 0 a bude prim\u00e1rn\u011b te\u010fka od 1. \u0159\u00edjna provozovat autobusov\u00e9 n\u00e1dra\u017e\u00ed. To, \u017ee jde o lukrativn\u00ed biznis, nejde odhadnout podle cen za jeden pr\u016fjezd autobusu n\u00e1dra\u017e\u00edm. Za ten se alespo\u0148 podle na\u0161ich informac\u00ed plat\u00ed kolem 80 korun. Spole\u010dnost m\u011bsta by tak mohla dostat pod kontrolu i 10 milion\u016f korun ro\u010dn\u011b. Tady ta spole\u010dnost by m\u011bla te\u010fka po tu dobu, ne\u017e se postav\u00ed nov\u00e9 autobusy n\u00e1dra\u017e\u00ed, provozovat to star\u00e9, ale pak by m\u011bla provozovat i to nov\u00e9 autobusov\u00e9 n\u00e1dra\u017e\u00ed s t\u00edm, \u017ee se p\u0159edpokl\u00e1da, pokud to dota\u010dn\u00ed podm\u00ednky povol\u00ed, \u017ee by provozovala i budovan\u00fd parkovac\u00ed d\u016fm, kter\u00fd buduje zpr\u00e1va \u017eeleznic. B\u00fdval\u00fd n\u00e1jemce autobusov\u00e9ho n\u00e1dra\u017e\u00ed \u010d\u00e1st zisku pou\u017e\u00edval na podporu vsetinsk\u00e9ho sportu. Nov\u00e1 spole\u010dnost m\u011bsta v tom chce pokra\u010dovat. P\u0159em\u00fd\u0161l\u00edme a uva\u017eujeme o tom, \u017ee budem pokra\u010dovat nebo nav\u00e1\u017eem na sponsorstv\u00ed tady t\u00e9 spole\u010dnosti a budem sponsorovat sport, kdy\u017e n\u00e1m to finan\u010dn\u00ed prost\u0159edky umo\u017en\u00ed. Nov\u00e9 SRO\u010dko v m\u011bsta Vset\u00edn a zat\u00edm nepo\u010d\u00edt\u00e1 se zam\u011bstnanci. V r\u00e1mci sv\u00e9 funkce m\u00edsto starosty ho povede Petr Kudl\u00edk. Kmochova ulice v Olomouci m\u00e1 za sebou velk\u00e9 opravy. Raduj\u00ed se z nich nejen chodci a \u0159idi\u010di, ale p\u0159edev\u0161\u00edm cyklisti. Ti se toti\u017e do\u010dkali nov\u00e9 cyklostesky. Od za\u010d\u00e1tku l\u00e9ta byla uzav\u0159ena ulice Kmochova a to kv\u016fli velk\u00fdm oprav\u00e1m, kter\u00e9 prob\u00edhaly v n\u011bkolika etap\u00e1ch. My jsme spojili dv\u011b investi\u010dn\u00ed akce do jedn\u00e9 velk\u00e9. Tady se nach\u00e1z\u00edme na ulici Kmochova, kde se d\u011blaly nov\u00e9 povrchy, nov\u00e1 cyklosteska, odd\u011blen\u011b od p\u011b\u0161\u00ed, nov\u00e9 chodn\u00edky, vyzna\u010dily se parkovac\u00ed st\u00e1n\u00ed Kolma, je zde nov\u00e1 v\u00fdsadba strom\u016f, osv\u011btlen\u00ed se d\u011blalo p\u0159elo\u017eky s\u00edt\u00ed. Jsou zde opraven\u00e9 nov\u00e9 p\u0159echody pro chodce a m\u00edsta pro p\u0159ech\u00e1zen\u00ed. Ta cyklosteska, kter\u00e1 navazuje na ji\u017e d\u0159\u00edve vybudovanou cyklostesku v sousedstv\u00ed, kter\u00fd propojily se zde cyklostesky odd\u011blen\u011b od p\u011b\u0161\u00ed, je to v\u00fdznamn\u011b bezpe\u010dn\u011bj\u0161\u00ed jak pro chodce, tak pro cyklisty a celkov\u011b to \u0159e\u0161en\u00ed tady t\u00e9 ulice zvy\u0161uje bezpe\u010dnost a plynulost provozu. J\u00e1 jsem r\u00e1d, \u017ee se poda\u0159il tento projekt, kter\u00fd navazuje u\u017e na ty m\u00edstn\u00ed \u00fapravy v silni\u010dn\u00ed provozu na ulici Navozovce a t\u00edm, \u017ee se propojuje jedno z t\u011bch nejletn\u011bj\u0161\u00edch olomouck\u00fdch s\u00eddli\u0161\u0165 s centrem m\u011bsta. Konec konc\u016f byla to taky v\u011bc, na kterou poukozovali nejenom chodci, ale zejm\u00e9na cyklist\u00e9, tak\u017ee je to sou\u010d\u00e1st t\u00e9 ucelen\u00e9 cyklo dopravy v Olomouc\u00edch, o kterou se sna\u017e\u00edme, kter\u00e1 samoz\u0159ejm\u011b je rozta\u017een\u00e1 v mnoha letech a brzd\u00ed ani ne tak mo\u017en\u00e1 finance nebo projektov\u00e1 p\u0159\u00edprava, ale \u010dasto i to slo\u017eit\u00e9 technick\u00e9 \u0159e\u0161en\u00ed. S opraven\u00e9 ulice maj\u00ed radost nejen \u0159idi\u010di a chodci, ale tak\u00e9 cyklist\u00e9. Tato cyklostezka byla vym\u00fd\u0161len\u00e1 u\u017e v roce 2012, kdy byl zpracovan\u00fd investi\u010dn\u00ed z\u00e1m\u011br. A nebyla to jenom tato, to byl cel\u00fd \u00fasek od \u010cechov\u00fdch sad\u016f a\u017e po konec ulice Jilov\u00e9. A ty prvn\u00ed dva ouseky, \u010dili Jilov\u00e1, se d\u011blala v roce 2018 formou oprav, kde je smy\u0161en\u00e1 stezka pro chodce a cyklisty. No a ten dal\u0161\u00ed \u00fasek na ulici Navozovce, vlastn\u011b napojen\u00fd na ty \u010cechovy sady, se d\u011blal v roce 2022 a letos se kone\u010dn\u011b poda\u0159il i ten prost\u0159edn\u00ed \u00fasek, \u010dili tady na t\u00e9to \u010d\u00e1sti ulice. Bohu\u017eel \u0159idi\u010di se nemohli pr\u016fjezdem k Mochovou ulic\u00ed kochat p\u0159\u00edli\u0161 dlouho, proto\u017ee kv\u016fli oprav\u00e1m Ferstrovy ulice je zde vesm\u011bru zm\u011bsta z\u00e1kaz vjezdu. Do Hole\u0161ovsk\u00e9 sokolovny se sjeli sil\u00e1ci. 1. \u0159\u00edjnov\u00fd v\u00edkend se stala m\u00edstem kon\u00e1n\u00ed Mistrovstv\u00ed \u010cesk\u00e9 republiky mu\u017e\u016f a \u017een ve vzp\u00edr\u00e1n\u00ed. V souboji t\u011bch nejlep\u0161\u00edch vzp\u011bra\u010d\u016f se nestratili ani dom\u00e1c\u00ed borci. Sportovn\u00ed odd\u00edl ve vzp\u00edr\u00e1n\u00ed v Hole\u0161ov\u011b, kter\u00fd vznikl v roce 1979, pat\u0159\u00ed v sou\u010dasnosti k t\u011bm nejlep\u0161\u00edm v \u010cesk\u00e9 republice. Nebylo proto divu, \u017ee pr\u00e1v\u011b tomuto odd\u00edlu se dostalo cti uspo\u0159\u00e1dat Mistrovstv\u00ed republiky ve vzp\u00edr\u00e1n\u00ed mu\u017e\u016f a \u017een. Hole\u0161ovsk\u00fd vzp\u011bresk\u00fd odd\u00edl za\u017e\u00edv\u00e1 v posledn\u00edch letech pom\u011brn\u011b velk\u00fd boom. Vlastn\u011b dostali jsme se t\u0159i doky zp\u00e1tky po n\u011bkolika letech do nejvy\u0161\u0161\u00ed ligov\u00e9 sout\u011b\u017ee, do prvn\u00ed ligy mu\u017e\u016f, kde jsme oni skon\u010dili na t\u0159et\u00edm m\u00edst\u011b. V m\u00edstn\u00ed sokolovn\u011b se p\u0159edstavila t\u00e9m\u011b\u0159 osmdes\u00e1tka nejlep\u0161\u00edch mu\u017e\u016f a \u017een, aby se utkali v souboj\u00edch o mistrovsk\u00e9 tituly. Nesch\u00e1zeli mezi nimi ani dom\u00e1c\u00ed vzp\u011bra\u010di. Jedn\u00edm z nich byl i \u00fa\u010dastn\u00edk leto\u0161n\u00edho mistrovstv\u00ed sv\u011bta Jeho cesta ke vzp\u00edr\u00e1n\u00ed byla d\u00e1na u\u017e od narozen\u00ed. Josef Kol\u00e1\u0159 se v sou\u010dasnosti p\u0159ipravuje na kvalifika\u010dn\u00ed boje o \u00fa\u010dast na olimpi\u00e1d\u011b v Pa\u0159\u00ed\u017ei. Svou formu dok\u00e1zal i v boj\u00edch o mistrovsk\u00fd titul. Tam jasn\u011b zv\u00edt\u011bzil v kategorii do 109 kilogram\u016f, kdy\u017e v nadhozu vytvo\u0159il v\u00fdkonem 195 kilogram\u016f nov\u00fd \u010desk\u00fd rekord. Republikov\u00fd \u0161ampion\u00e1t ve vzp\u00edr\u00e1n\u00ed m\u011bl v Hol\u0161ov\u011b velmi dobrou \u00farove\u0148. Bylo zde vytvo\u0159eno celkem osm n\u00e1rodn\u00edch rekord\u016f. Z dom\u00e1c\u00edch borc\u016f si mistrovsk\u00fd titul krom\u011b Josefa Kol\u00e1\u0159e vybojoval i Petr Mare\u010dek a tak\u00e9 Martin Novotn\u00fd. Mezi \u017eenami Monika Buzkov\u00e1 skon\u010dila na druh\u00e9m m\u00edst\u011b. Sout\u011b\u017ei Drustev, pak vzp\u011bra\u010di Hole\u0161ova v konkurenci 24 odd\u00edl\u016f jasn\u011b zv\u00edt\u011bzili p\u0159ed Horn\u00ed Suchou a Bohum\u00ednem. U\u017e po 18. ve strakonic\u00edch prob\u011bhl skate contest. Sout\u011b\u017e\u00edc\u00ed se v\u016fbec poprv\u00e9 mohli utkat v Nov\u00e9m skate parku za Zimn\u00edm stadionem. Ten strakoni\u010dt\u00ed otev\u0159eli ned\u00e1vno, v kv\u011btnu leto\u0161n\u00edho roku. N\u011bkolik des\u00edtek z\u00e1vodn\u00edk\u016f rozd\u011blen\u00fdch do dvou kategorii se poprv\u00e9 utkalo na Zbrusunov\u00e9m strakonick\u00e9m skate parku v r\u00e1mci dlouholet\u00e9 a obl\u00edben\u00e9 akce Skate Contest. T\u0159\u00ed\u010dlenn\u00e1 porota rozd\u00e1vala body v kategori\u00edch Street do 16 a nad 16 let. Jde o to p\u0159edvest tu nejlep\u0161\u00ed j\u00edzdu, na kterou bude minuta. Budou ty j\u00edzdy dv\u011b, budou se po\u010d\u00edtat v\u017edycky ta lep\u0161\u00ed. A jde o to se probovovat co nejd\u00e1l. A o dve si v\u011bcn\u00fd ceny, kter\u00fd n\u00e1m tady sponso\u0159i v\u011bnovali za v\u00edce jak 110 tis\u00edc dn\u00ed. P\u0159i skate z\u00e1vodech se v prvn\u00ed \u0159ad\u011b hodnot\u00ed kvalita j\u00edzdy a p\u0159edveden\u00fdch trik\u016f, ale tak\u00e9 t\u0159eba vyu\u017eit\u00ed plochy skate parku. Jedn\u00edm z nejmlad\u0161\u00edch z\u00e1vodn\u00edk\u016f byl \u010derstv\u011b desetilet\u00fd Max, kter\u00fd p\u0159ijel z Prahy a v den z\u00e1vodu oslavil narozeniny. S moj\u00ed prvn\u00ed j\u00edzdou jsem velmi spokojen\u00fd, proto\u017ee jsem ji ud\u011blal \u010distou. \u017d\u00e1dn\u00fd trik jsem neskazil a povedla jsem. Max se skateboardingu v\u011bnuje u\u017e p\u0159es \u010dty\u0159i roky a p\u0159ivedla ho k tomu maminka s babi\u010dkou. Tento skate park je kr\u00e1sn\u00fd. Je to zat\u00edm asi nejlep\u0161\u00ed skate park, ve kter\u00e9m jsem byl. Nejenom Max, ale i dal\u0161\u00ed z\u00e1vodn\u00edci si nov\u00fd straku\u0148sk\u00fd skate park nemohli vynachv\u00e1lit. Co se t\u00fd\u010de skate parku, tak lep\u0161\u00ed za n\u00e1s b\u00fdt asi nemoh. A\u017e na n\u011bjak\u00e9 \u00fapln\u011b minim\u00e1ln\u00ed detaily. Tak\u017ee d\u011bkujeme m\u011bstu, \u017ee se to v\u016fbec poda\u0159ilo. A co se t\u00fd\u010de z\u00e1zem\u00ed, je\u0161t\u011b douf\u00e1m, \u017ee tady vznikne v t\u00e9 budov\u011b n\u011bjak\u00e9 z\u00e1zem\u00ed do budoucna, t\u0159eba n\u011bjak\u00e9 soci\u00e1ly a podobn\u011b. T\u00edm, \u017ee je to ve sportovn\u00edm are\u00e1lu, tak i ty z\u00e1chody a v\u0161echno tady je, tak\u017ee je to \u00fapln\u011b perfektn\u00ed. V\u00edt\u011bzem osmn\u00e1ct\u00e9ho ro\u010dn\u00edku skate contestu Strakonice 2023 v kategorii do \u0161estn\u00e1cti let se stal Alex Bla\u017eek z \u010cesk\u00fdch Bud\u011bjovic. V kategorii star\u0161\u00edch nad \u0161estn\u00e1ct let zv\u00edt\u011bzil Vil\u00e9m Jake\u0161 z Pole\u0161ovic u Uhersk\u00e9ho hradi\u0161t\u011b. A11 pr\u00e1v\u011b kon\u010d\u00ed, ale vy z\u016fsta\u0148te s n\u00e1mi. U\u017e za malou chv\u00edli v\u00e1s \u010dek\u00e1 dal\u0161\u00ed velmi zaj\u00edmav\u00fd program Kr\u00e1sn\u00fd ve\u010der. www.hradeckesluzby.cz","nbla_serie":"525","nbla_season":"2023","nbla_episode":"114","nbla_duration":"1428.92","nbla_genre":"3.1.1.1","nbla_editorial_format":"2.1.1","nbla_mtime":"1696346457","nbla_url":"https:\/\/origin.a11.cz\/vod\/c87rxwyv56ntf15bok72c78v2.mp4","nbla_version":"1696346445","nbla_odvysilano":"Ano","bunny_id":"4665a71c-b8a2-4aa1-b6ca-aff50097faa5","youtube_id":"","datum_vydani":"20231003","stopaz":"1428.92","dokument":[],"video_to":[]},"_links":{"self":[{"href":"https:\/\/tv.a11.cz\/api\/wp\/v2\/video\/11317","targetHints":{"allow":["GET"]}}],"collection":[{"href":"https:\/\/tv.a11.cz\/api\/wp\/v2\/video"}],"about":[{"href":"https:\/\/tv.a11.cz\/api\/wp\/v2\/types\/video"}],"author":[{"embeddable":true,"href":"https:\/\/tv.a11.cz\/api\/wp\/v2\/users\/8"}],"wp:featuredmedia":[{"embeddable":true,"href":"https:\/\/tv.a11.cz\/api\/wp\/v2\/media\/11337"}],"wp:attachment":[{"href":"https:\/\/tv.a11.cz\/api\/wp\/v2\/media?parent=11317"}],"wp:term":[{"taxonomy":"category","embeddable":true,"href":"https:\/\/tv.a11.cz\/api\/wp\/v2\/categories?post=11317"},{"taxonomy":"porad","embeddable":true,"href":"https:\/\/tv.a11.cz\/api\/wp\/v2\/porad?post=11317"},{"taxonomy":"region","embeddable":true,"href":"https:\/\/tv.a11.cz\/api\/wp\/v2\/region?post=11317"},{"taxonomy":"kategorie","embeddable":true,"href":"https:\/\/tv.a11.cz\/api\/wp\/v2\/kategorie?post=11317"}],"curies":[{"name":"wp","href":"https:\/\/api.w.org\/{rel}","templated":true}]}}