{"id":11043,"date":"2023-09-28T15:00:41","date_gmt":"2023-09-28T13:00:41","guid":{"rendered":"https:\/\/tv.a11.cz\/?post_type=video&#038;p=11043"},"modified":"2023-10-06T09:02:49","modified_gmt":"2023-10-06T07:02:49","slug":"myjavske-televizni-noviny-magazin-ze-slovenska-16","status":"publish","type":"video","link":"https:\/\/tv.a11.cz\/video\/myjavske-televizni-noviny-magazin-ze-slovenska-16\/","title":{"rendered":"Myjavsk\u00e9 televizn\u00ed noviny 28. 9. 2023"},"content":{"rendered":"","protected":false},"excerpt":{"rendered":"","protected":false},"author":8,"featured_media":11578,"template":"","categories":[182],"porad":[227],"region":[],"kategorie":[],"class_list":["post-11043","video","type-video","status-publish","has-post-thumbnail","hentry","category-ze-sveta-zajimavosti","porad-magazin-ze-slovenska"],"acf":[],"meta_box":{"nbla_idec":"A2326221","nbla_title":"Myjavsk\u00e9 televizn\u00ed noviny","nbla_subtitle":"Magaz\u00edn ze Slovenska","nbla_summary":"","nbla_description":"","nbla_transcription":"Muzeum Slovensk\u00fdch n\u00e1rodn\u00fdch r\u00e1d bylo otvoren\u00e9 p\u0159ed 55. rokmi. Na Miave by mal vzniknout ml\u00e1de\u017enick\u00fd parlament. Po trojro\u010dn\u00e9 pauze se znova be\u017eela kopani\u010derska d\u011bsiatka. Hist\u00f3ria nielen m\u011blsk\u00e9ho regionu se u\u017e 55 rokov z\u00fast\u0159ed\u0148uje v pr\u00edstoroch muzea Slovensk\u00fdch n\u00e1rodn\u00fdch r\u00e1d. Vernisa\u017e v\u00fdstavy, mapuj\u00faca cel\u00e9 toto obdob\u011b, zakonala 13. septembra. Jej\u00ed \u00falohou je odprezentovat nielen st\u00e1le expoz\u00edcie, ale i rozs\u00e1hl\u00fd sb\u011brkov\u00fd fond. Ten tvor\u00ed 7771 sb\u011brkov\u00fdch predmetov, najm\u011bst odboru historie a etnografie, ulo\u017een\u00fdch v \u0161estich depozit\u00e1roch, rozd\u011blen\u00fdch podla materi\u00e1lov\u00e9ho zlo\u017eenia. Depozitar pap\u011bra, textilu, keramiky, kovu, dreva a v\u00fdtvarn\u00e9ho umenia. Najpo\u010detn\u011bj\u0161\u00ed \u010d\u00e1st sb\u011brkov\u00e9ho fondu tvor\u00ed historick\u00e9 sb\u011brky, kter\u00e9 dokumentuj\u00ed historiu jednotliv\u00fdch slovensk\u00fdch n\u00e1rodn\u00fdch r\u00e1d, osobnosti, kter\u00e9 formovaly jich \u010dinnost. D\u011blej jsou to predmety mapuj\u00face o obdob\u011b vyztahovalectva, alebo prvej a druhej sv\u011btovej vojny. Uk\u00e1zat se v\u0161ak vzhledom na rozs\u00e1hlost ned\u00e1 v\u0161etko. V\u00fdstava preto pozost\u00e1v\u00e1 z \u00fazk\u00e9ho v\u00fdberu 55 predmetov. 55 predmetov, kter\u00e9 jsou zauj\u00edmav\u00e9, \u017ee nesou n\u011bjak\u00fd zauj\u00edmav\u00fd pr\u00edbeh, kter\u00fdm se dostali nap\u0159\u00edklad do n\u00e1\u0161ho muzea, alebo jednoducho jsou n\u011b\u010d\u00edm zauj\u00edmav\u00e9. M\u00e1me tu a\u017e zozn\u00e1n pracovn\u00edkov, kte\u0159\u00ed v tomto muzeu t\u011bch 55 rokov pracovali, je to zozn\u00e1n b\u00fdval\u00fdch zamestnanc\u016f muzea. Takt\u011b\u017e se sna\u017e\u00edme nav\u0161t\u011bvn\u00edkovi pribl\u00ed\u017eit aj pracovn\u00e9 pozicie, kter\u00e9 v muzeu m\u00e1me. Samoz\u0159ejm\u011b nezabud\u00e1me ani na prvu \u0159aditelku muzea, kter\u00e1 na t\u00e9to pozici pracovala takmer 40 rokov, pan\u00ed Bl\u00e1nka Landov\u00e1. Velkou zauj\u00edmavost\u00ed a zvl\u00e1\u0161tnost\u00ed je, \u017ee v podstat\u011b n\u00e1\u0161 sb\u011brkov\u00fd fond neza\u010dal n\u011bkde v podstat\u011b v des\u00e1tk\u00e1ch \u010d\u00edsel, ale v priebehu prv\u00fdch troch rokov jeho existencie nadobudl sb\u011brkov\u00fd fond t\u0159i tis\u00edc predmetov, za \u010do vlastn\u011b vd\u011b\u010d\u00edme m\u011bstn\u00e9mu sb\u011bratelovi staro\u017eitnosti Janovi Brada\u010dovi. Prv\u00fd impuls o z\u0159aden\u00ed albo vybudov\u00e1n\u00ed muzea v Mijav\u00e9 p\u0159i\u0161el u\u017e v 20. roku 20. storo\u010d\u00ed. Jedn\u00edm z iniciator\u016f byl pan J\u00e1n Brada\u010d, ale bohu\u017eel t\u00e1to my\u0161l\u00ednka se nezrealizovala v tom \u010dase. Tak\u00fd prv\u00fd dokument, kter\u00fd rozhodl o tom, \u017ee dom Anny Kolen\u00edovej bude m\u011bstem, kde bude muzeum, alebo pametn\u00e1 j\u00edzba, kter\u00e1 bude pametat na revolu\u010dn\u00e9 roky 1848 a 1849. To bylo v roku 1965. Samoz\u0159ejm\u011b p\u0159i t\u00e9 my\u0161l\u00ednk\u00e1ch je zostalo, ale podarilo se o vela v\u011bc, \u017ee muzeum se z\u0159adilo nejen v dome Anny Kolen\u00edovej, ale dokonce v roku 1967 a 1968 se k tomuto historick\u00e9mu objektu pristavil nov\u00fd objekt. Pr\u00edstavba podle architektonick\u00e9ho n\u00e1vrhu profesora Martina Kuseho. Postupn\u011b potom v 70. rokoch jsou p\u0159ipraveny dva dal\u0161\u00ed dva domy, to je dom p\u00e1na Jana Brada\u010da a dom Michala Kubov\u010diaka, kter\u00e9 jsou ka\u017ed\u00e9 z jin\u00e9ho obdob\u00ed. Vynimo\u010dnost n\u00e1\u0161ho muzea vid\u00edm v tom, \u017ee prost\u0159ednictvom t\u011bch sb\u011brkov\u00fdch predmetov prezentuje velk\u00e9 osobnosti slovensk\u00e9ho n\u00e1roda. Je jedn\u00fdm z nejv\u00fdznamn\u011bj\u0161\u00edch. \u0160t\u016fr, Hurban, \u0160tef\u00e1n\u00edk, Anna Kolen\u00edov\u00e1 to jsou v\u00fdznamn\u00e9 postavy na\u0161ich d\u011bjin. Je to m\u011bsto, kde se mapuje historia v\u00fdv\u00edn a vznik Slovensk\u00e9 n\u00e1rodn\u00e9 rady jako politick\u00e9ho reprezentanta n\u00e1roda. Dokonca aj na pametnom m\u011bst\u011b, kde p\u0159edstavitelia 1. Slovensk\u00e9 n\u00e1rodn\u00e9 rady zasadali a kde se budovaly z\u00e1klady parlamentarizmu. Mijava by mala m\u00e1t u\u017e \u010doskoro z\u0159iad\u011bn\u00fd ml\u00e1de\u017enick\u00fd parlament. 16 \u017eijakov a studentov zo z\u00e1kladn\u00e9 \u0161koly V\u011bztova, \u0160t\u016frova, Pz Gymn\u00e1zia a St\u0159edn\u00e9 pr\u011bmyseln\u00e9 \u0161koly, ktor\u00fd prejavili z\u00e1ujem sta\u0165 se jeho \u010dlenmi, zast\u0159etlo na trojd\u0148ovom \u0161kolen\u00ed, kde jim svoje zkusenosti p\u0159i\u0161li odovzda\u0165 koordin\u00e1torky pr\u00e1ce s ml\u00e1de\u017eou a z\u00e1kladn\u00edmi \u010dlenovi a ml\u00e1de\u017enick\u00fdch parlamentov z P\u016fchova a Prievidze. Na\u0161ou hlavnou \u00falohou je vy\u0161koli\u0165 budouc\u00edch \u010dlen\u016f M\u011bstsk\u00e9ho ml\u00e1de\u017enick\u00e9ho parlamentu na Mijave a pomoct jim celkovo zhotovit ten ich ml\u00e1de\u017enick\u00fd parlament, proto\u017ee j\u00e1 osobn\u011b jsem z Prievidze, kde takov\u00fdto M\u011bstsk\u00fd ml\u00e1de\u017enick\u00fd parlament funguje a mysl\u00edm si, \u017ee jsme dobr\u00fdm pr\u00edkladem praxe. Jednozna\u010dn\u00e1 v\u00fdhoda je v tom, \u017ee spoznav\u00e1me nov\u00fdch lud\u00ed, z\u010dast\u011b i sam\u00fdch seba, rozv\u00edj\u00e1me se a pom\u00e1h\u00e1me sv\u00e9mu okol\u00ed. Mus\u00edme naj\u00edt ten kompromis mezi sebou, aby jsme dok\u00e1zali n\u011bco spravit. T\u0159eba lud\u00ed, kte\u0159\u00ed maj\u00ed motivaciu, to v\u011bt\u0161inou mlad\u00e9 lud\u00e9 maj\u00ed, jen za to t\u011b\u017e\u0161\u00ed je hl\u011bd\u00e1, lud\u00ed, kte\u0159\u00ed naozaj chcou n\u011bco spravit, chcou n\u011bco zm\u011bnit a je velmi d\u016fle\u017eit\u00e9 vzpomenout to, \u017ee my to rob\u00edme na dobrovoln\u00e9 b\u00e1ze. To znamen\u00e1, \u017ee n\u00e1m za to nikdo neplat\u00ed, \u017ee na\u0161ou odmenou je potom ten dobr\u00fd pocit z toho, \u017ee jsme n\u011bco spravili pro na\u0161e m\u011bsto a rovnako se i z\u00fa\u010dast\u0148ujeme jin\u00fdch projekt\u016f, dost\u00e1v\u00e1me ponuky na r\u016fzn\u00e9 jin\u00e9 konferenci, \u010di u\u017e celoslovensk\u00e9, ale i n\u00e1rodn\u00e9, mezin\u00e1rodn\u00e9 a tak d\u00e1le. \u00dalohou je, aby se mlad\u00ed lid\u00e9 dozv\u011bd\u011bli o tom, co m\u016f\u017eou o\u010dak\u00e1vat od aktivity v mlad\u011b\u017enickom parlament\u011b a t\u00fdm, \u017ee jim tyto mlad\u00e9 lid\u00e9 svojimi zku\u0161enostami z Privedze a z P\u00fachova p\u0159ibl\u00ed\u017e\u00ed svoje zku\u0161enosti, tak o\u010dak\u00e1v\u00e1me, \u017ee jich tyto aktivity zaujmu, natchnu a o\u010dak\u00e1v\u00e1me, \u017ee minim\u00e1ln\u011b polovice t\u011bchto mlad\u00fdch lid\u00ed se prihl\u00e1s\u00ed do tohto mlad\u011b\u017enick\u00e9ho parlamentu a budou chcete je\u0161t\u011b to m\u011bsto zm\u011bnit a aby tu \u017eili je\u0161t\u011b \u0161\u0165astn\u011bj\u0161\u00ed a radostn\u011bj\u0161\u00ed. Mlad\u00ed lid\u00e9 se m\u016f\u017eou prejavit, z\u00edsk\u00e1vaj\u00ed informace, maj\u00ed mo\u017enost p\u0159esadit v\u011bci, o kter\u00e9 jich zaujmaj\u00ed, maj\u00ed mo\u017enost zjistit, \u017ee nev\u0161etko p\u0159ijde samo, ale \u017ee t\u0159eba p\u0159eto n\u011bco aj urobit, n\u011bkoho informovat, z\u00edskat informace, pomoct n\u011bkomu. V tom vid\u00edm to, \u017ee mlad\u00ed lid\u00e9 se rozv\u00edjaj\u00ed, z\u00edskaj\u00ed vedomosti, zkusenosti, kter\u00e9 v \u0161kole nez\u00edskaj\u00ed. Tuto priamo se st\u0159et\u00e1vaj\u00ed s poslancami, z\u00edskaj\u00ed r\u016fzn\u00e9 zru\u010dnosti, zkusenosti. Jedno je pr\u00fdst na volejbalov\u00fd turnaj a druh\u00e9 je ten volejbalov\u00fd turnaj zorganizovat, zohnat sponsor\u016f, financie, priestory. Toto v\u0161etko se oni p\u0159i t\u00e9to pr\u00e1ci nau\u010d\u00ed. Na\u0161\u00edm z\u00e1m\u011brem bylo poskytnout mlad\u00fdm p\u0159\u00edstor na to, aby se mali kde st\u0159et\u00e1vat a aby mohli realizovat svoje n\u00e1pady. Toto mladi\u017enick\u00fd parlament \u00fapln\u011b p\u0159esn\u011b zast\u0159e\u0161uje a jeho n\u00e1pl\u0148ou je, aby mlad\u00e9 lid\u00e9 byly vypo\u010dut\u00e9, aby se posilnilo postaven\u00ed mlad\u00fdch lid\u00ed v m\u011bst\u011b a aby m\u011bli p\u0159\u00edstor na to, \u017ee mohou n\u011bco urobit pre seba, pre svoji komunitu a pre cel\u00e9 m\u011bsto. Za \u010do jsou m\u011b velmi vd\u011b\u010dn\u00e1 je to, \u017ee poslanci v na\u0161em m\u011bst\u011b n\u00e1s naozaj vypo\u010duj\u00ed. V\u017edycky si vypo\u010duj\u00ed na\u0161e n\u00e1zory, potreby, n\u00e1pady a spolo\u010dn\u011b diskutujeme a debatujeme o tom, jak bychom ty n\u00e1pady mohli zrealizovat. V\u017edycky p\u0159ijdeme n\u011bjak\u00e9mu spolo\u010dn\u00e9mu z\u00e1veru nebo kompromisu, kter\u00fd napln\u00ed o\u010dek\u00e1v\u00e1n\u00ed v\u0161etk\u00fdch. Tak\u017ee na tom funguje na\u0161a kooperativita. V minul\u00e9m roku se n\u00e1m podarilo podp\u00edsat memorandum o spolupr\u00e1ci medzi na\u0161\u00edm mladi\u017enick\u00fdm parlamentem a samozpr\u00e1vou. Pravideln\u011b u\u017e se komunikuje na \u00farovni samozpr\u00e1va parlament\u00e1ci a dost\u00e1v\u00e1me p\u0159\u00edstor na zasadnut\u011bch m\u011bstsk\u00e9ho zastupitelstva, aby jsme m\u011bli mo\u017enost poveda\u0165 to, co je z pohledu mlad\u00fdch nedostate\u010dn\u00e9 nebo co jich tr\u00e1p\u00ed, co by potrebovali. Mlad\u00ed lud\u00e9 se m\u016f\u017eou prihl\u00e1sit do 15. oktobra tohto roku na webov\u00e9 str\u00e1nke m\u011bsta, na facebookovej str\u00e1nke m\u011bsta alebo na facebookovej str\u00e1nke Centra Voln\u00e9ho \u010casu p\u0159\u00edpadn\u011b i v Cent\u0159e Voln\u00e9ho \u010casu osobn\u011b. Na medi\u00e1ln\u00edch str\u00e1nk\u00e1ch to bude formou online dotazn\u00edk, kter\u00fd m\u016f\u017eou vyplnit, ale teda kludn\u011b m\u016f\u017eou i pr\u00fdst do Centra Voln\u00e9ho \u010casu a m\u016f\u017eeme jim asi odpov\u011bdat na p\u0159\u00edpadn\u00e9 ot\u00e1zky. Ani upr\u0161en\u00e9 po\u010dasie neodradilo Be\u017eco postavit se na \u0161tart 11. ro\u010dn\u00edka kopani\u010diarsk\u00e9 d\u011bsiatky. Organiz\u00e1torom podujat\u011b byl atletick\u00fd odd\u011bl T\u011blovyhrn\u00e9 jednoty Spartaka Mijava a M\u011bsto Mijava. U\u017e po dev\u011bt\u00fdkr\u00e1t si dopoludn\u011b mohli zmera\u0165 sily aj \u017eijaci z\u00e1kladn\u00fdch \u0161k\u016fl, kte\u0159\u00ed podle v\u011bku be\u017eeli na 200, 400 alebo 600 metrov. V dobe dne\u0161n\u00edch hodin\u00e1ch se uskuto\u010dnil pret\u011bh \u017eijakov a \u017eija\u010dech z\u00e1kladn\u00fdch \u0161k\u016fl, kte\u0159\u00ed be\u017e\u00e1li p\u0159ed dnesk\u00fdm \u00faradem u z\u00e1vere m\u011bsta. Tro\u0161ku n\u00e1m nevy\u0161lo po\u010dasie, tak\u017ee bylo by ur\u010dit\u011b v\u011bt\u0161\u00ed \u00fa\u010dast, ale tak jsme jim velmi m\u011bli prekvapen\u00fd. P\u0159i\u0161lo v tomto nep\u0159\u00edjazniv\u00e9m po\u010dasi 121 d\u011bt\u00ed. P\u0159ihl\u00e1sen\u00fdch bylo ze v\u0161ech \u0161k\u016f a okol\u00ed cez 200 d\u011bt\u00ed, ale \u017e\u00e1dnou po\u010das\u00ed je to okresalo na tak\u00e9to \u010d\u00edslo. U\u017e jako ho 13. hodin\u011b od\u0161tartovaly hlavn\u00e9 pret\u011bky, a to v kategorii mu\u017ei na 10 kilometr\u016f, \u017eeny na 6,6 kilometra a mu\u017ei a \u017eeny v kategorii bu\u010f fit na 3,3 kilometra. V hlavn\u00fdch pret\u011bkoch se z\u00fa\u010dastnilo 71 bezcoukou v\u0161ech kategori\u00ed, kde se \u0161tartovalo p\u0159ed m\u011bstsk\u00fdm \u00faradom, be\u017ealo se sm\u011brom na Bylu, vyb\u011bhalo se na Mare\u010dkovou ulicu sm\u011brom v n\u011bmocnici, po Starom\u011bjovsk\u00e9 a Hurbanov\u00e9 nasp\u011bt do centra m\u011bsta, kde byla uz\u00e1v\u011bra. Do kategorie bu\u010f fit se prihl\u00e1silo 23 bezcou, najstar\u0161\u00ed mal 79 rokov. Medzi \u017eenami tuto kategoriu vyhrala Aneta Jancov\u00e1 z dom\u00e1ceho atletick\u00e9ho odd\u011blu, kter\u00e1 3,3 kilometra zdolela za 13 minut 49 sekund. Medzi mu\u017emi s \u010dasom 11 minut 39 sekund zv\u00edtazil Mijau\u010dan Martin Madaj. Celkovou nejlep\u0161ou v \u017eensk\u00e9 kategorii na 6,6 kilometra byla Jitka Hud\u00e1kov\u00e1 z joggingklubu Dubnice nad V\u00e1hom. Jej\u00ed v\u00fdsledn\u00fd \u010das byl 26 minut 52 sekund. Chod\u00edm tu u\u017e n\u011bkolik rokov, nev\u00edm kolik ro\u010dn\u00edk jsem te\u010f obsahovala, nehr\u00e1tala jsem to a be\u017ealo se mi velmi dob\u0159e ten jemn\u00fd da\u017e a ta t\u011bplota je \u00fapln\u011b vynikaj\u00faca. A\u017e jste teda obhajovali dnes n\u011bjak\u00e9 v\u00edt\u011bzstvo z t\u011bch p\u0159edch\u00e1zej\u00edc\u00edch rokov? Ano, u\u017e jsem tu byla n\u011bkolikkr\u00e1t i na prvom stup\u011bnku a vlastn\u011b v kategorii nad 50 jsem tu je\u0161t\u011b nebyla. Tento rok jsem vlastn\u011b u\u017e ako\u017ee p\u011bdesiatni\u010dka, tak\u017ee jsem spokojn\u00e1 a \u0161\u0165astn\u00e1. Kter\u00fd ten \u00fasek t\u00e9 trati se v\u00e1m zd\u00e1 taky nejt\u011b\u017e\u0161\u00ed mo\u017eno, alebo nejt\u011b\u017e\u0161\u00ed zvl\u00e1dnu\u010deln\u00fd? Pre m\u011b t\u00fdm, \u017ee beh\u00e1v\u00e1m aj kopce, tak d\u00e1 se podat, proto\u017ee ta trati je velmi dobr\u00e1. Ako\u017ee m\u011b ani ten m\u00edrn\u00fd kop\u010dek nevadil. Tak\u017ee trati je \u00fapln\u011b suprov\u00e1. V\u00edt\u011bzou mu\u017esk\u00e9 kategorie a z\u00e1rove\u0148 celkov\u00fdm v\u00edt\u011bzom sastal aktu\u00e1ln\u00fd majster Slovenska na 10 km na cest\u011b Michal Stan\u00edk, reprezentuj\u00edc\u00ed be\u017eeck\u00fd klub L\u00edsa pod Makitou. Jeho v\u00fdsledn\u00fd \u010das byl 30 minut 28 sekund. Jsem tu prv\u00fdkr\u00e1t, vlastn\u011b tren\u00e9r tu byl u\u017e v\u011bckr\u00e1t, aj m\u016fj otec tu be\u017eal v\u011bckr\u00e1t, tak ten trokaj j\u00e1 jsem p\u0159i\u0161el. Be\u017eal se mi velmi dob\u0159e, po\u010das je par\u00e1dne, trochu se sice \u0161m\u00edkalo m\u011bstami, ale bylo to dobr\u00e9, jsem spokojn\u00fd s v\u00fdkonem. Trati byla dobr\u00e1, byl tam sice jeden v\u00fdbeh a m\u011bstami dost fukalo, ale celkov\u011b se mi be\u017ealo velmi dob\u0159e a trati byla super. Co hovor\u00edte na konkurenci? Konkurence je t\u011b\u017e celkom fajn. Bylo tro\u0161ku, bylo sice minutu za mnou ten druh\u00fd, z za\u010d\u00e1tku jsme be\u017eali spolu a potom jsem si vy\u0161el v\u011bc m\u00e9n\u011bj solo, tak\u017ee celkom dob\u0159e to vy\u0161lo. V kter\u00e9 ty \u010dasy v\u00e1m u\u017e bylo jasn\u00e9, \u017ee teda naozaj dnes asi to bude dobr\u00e9 a \u017ee to naozaj zv\u00edtaz\u00edte? U\u017e na t\u00e9 dlouh\u00e9 rovink\u011b, v prvom kole vlastn\u011b, na t\u00e9 protilahlej, kde u\u017e jsem mu trochu odbehl a vid\u011bl jsem, \u017ee n\u00e1skok si zve\u010dujeme a c\u00edtil jsem se dobr\u00e9, tak u\u017e jsem trochu tu\u0161il, \u017ee asi m\u00e1m u\u017e nedobehne. Organiza\u010dn\u011b n\u00e1m vy\u0161lo absolutn\u011b v\u0161etko, okrem po\u010dasia, tak\u017ee na\u0161a spokojnost je velk\u00e1. Na z\u00e1v\u011br bych se cht\u011bl pod\u011bkovat hlavn\u011b p\u00e1novi prim\u00e1torovi a m\u011bstu Mijava, tak i z toho t\u011blov\u00fdchovn\u00e9 jednot\u011b Spartak Mijava a v\u0161etk\u00fdm lu\u010fom, kte\u0159\u00ed se u\u017e 11 rokov pod\u011blaj\u00ed na organizac\u00ed tohto preteku. V sobotu 23. septembra za\u010dala prv\u00fdm kolom Extraliga mu\u017eov v volejbale. Dom\u00e1c\u00ed Spartak Mijava hostil na svojej palub\u016fvke dvojn\u00e1sobn\u00e9ho majstra Slovenska, volejbalov\u00fd klub Kom\u00e1rno. S\u00fapery se naposledy st\u0159etli v boji o bronzov\u00e9 medaile v \u00fapln\u011bnoj sez\u00f3n\u011b 22. apr\u00edla. Mijava se v\u0161ak neust\u00e1le v\u0161ak neust\u00e1le p\u0159edstavila, St\u0159etnut\u011b prv\u00e9ho kola nov\u00e9ho ro\u010dn\u00edka se p\u0159ed dom\u00e1c\u00edch nevyv\u00edjalo dob\u0159e. Hn\u011b\u010f v \u00favodn\u00e9m set\u011b t\u011bhali za krat\u0161\u00ed konec a prehrali 19-25. V druhom se zmobilizovali a zv\u00edt\u011bzili rovnak\u00fdm v\u00fdsledkom 25. sez\u00f3n\u011b. V druh\u00e9m se zmobilizovali a zv\u00edt\u011bzili rovnak\u00fdm v\u00fdsledkom 25. sez\u00f3n\u011b. V druh\u00e9m se zmobilizovali a zv\u00edt\u011bzili rovnak\u00fdm v\u00fdsledkom 25. sez\u00f3n\u011b. V druh\u00e9m se zmobilizovali a zv\u00edt\u011bzili rovnak\u00fdm v\u00fdsledkom 25. sez\u00f3n\u011b. V druh\u00e9m se zmobilizovali a zv\u00edt\u011bzili rovnak\u00fdm v\u00fdsledkom 25. sez\u00f3n\u011b. Tret\u00ed vyrovnan\u00fd set se rozhodoval a\u017e v samotnom z\u00e1vere, ktor\u00fd napokon prehrali 23-25. U\u017e od za\u010d\u00e1tku \u010dtvrt\u00e9ho setu si hostia udr\u017e\u00edvali veden\u011b, ktor\u00fd napokon i vyhrali 17-25. V\u00edt\u011bzstvom 3-1 si Kom\u00e1rno prip\u00edsala na svoje konto prv\u00e9 3 body. Najbli\u017e\u0161\u011b stretnut\u011b na svojej palubovke odohr\u00e1 Mijava 6. oktobera o 19. s Pre\u0161ovou.","nbla_serie":"834","nbla_season":"","nbla_episode":"","nbla_duration":"910.96","nbla_genre":"","nbla_editorial_format":"","nbla_mtime":"1695991851","nbla_url":"https:\/\/origin.a11.cz\/vod\/6tv8hidzp92gjjkwd2u0k21i4.mp4","nbla_version":"1695940816","nbla_odvysilano":"Ano","bunny_id":"77c38d57-f19e-435d-9ae3-132e02be12f7","youtube_id":"","datum_vydani":"20230929","stopaz":"910.96","dokument":[],"video_to":[]},"_links":{"self":[{"href":"https:\/\/tv.a11.cz\/api\/wp\/v2\/video\/11043","targetHints":{"allow":["GET"]}}],"collection":[{"href":"https:\/\/tv.a11.cz\/api\/wp\/v2\/video"}],"about":[{"href":"https:\/\/tv.a11.cz\/api\/wp\/v2\/types\/video"}],"author":[{"embeddable":true,"href":"https:\/\/tv.a11.cz\/api\/wp\/v2\/users\/8"}],"wp:featuredmedia":[{"embeddable":true,"href":"https:\/\/tv.a11.cz\/api\/wp\/v2\/media\/11578"}],"wp:attachment":[{"href":"https:\/\/tv.a11.cz\/api\/wp\/v2\/media?parent=11043"}],"wp:term":[{"taxonomy":"category","embeddable":true,"href":"https:\/\/tv.a11.cz\/api\/wp\/v2\/categories?post=11043"},{"taxonomy":"porad","embeddable":true,"href":"https:\/\/tv.a11.cz\/api\/wp\/v2\/porad?post=11043"},{"taxonomy":"region","embeddable":true,"href":"https:\/\/tv.a11.cz\/api\/wp\/v2\/region?post=11043"},{"taxonomy":"kategorie","embeddable":true,"href":"https:\/\/tv.a11.cz\/api\/wp\/v2\/kategorie?post=11043"}],"curies":[{"name":"wp","href":"https:\/\/api.w.org\/{rel}","templated":true}]}}