{"id":11042,"date":"2023-09-29T14:21:31","date_gmt":"2023-09-29T12:21:31","guid":{"rendered":"https:\/\/tv.a11.cz\/?post_type=video&#038;p=11042"},"modified":"2023-10-09T12:13:20","modified_gmt":"2023-10-09T10:13:20","slug":"na-palici-13","status":"publish","type":"video","link":"https:\/\/tv.a11.cz\/video\/na-palici-13\/","title":{"rendered":"Pavel Sehnal &#8211; politik a dobrodruh"},"content":{"rendered":"","protected":false},"excerpt":{"rendered":"<p>Dnes ve studiu v\u00edt\u00e1me Zuzanu Bub\u00edlkovou a dal\u0161\u00edm na\u0161\u00edm dne\u0161n\u00edm hostem je pan Pavel Sehnal, politik, byznysmen, dobrodruh a sportovec. A o \u010dem si budeme pov\u00eddat?<\/p>\n","protected":false},"author":8,"featured_media":11114,"template":"","categories":[173],"porad":[216],"region":[],"kategorie":[],"class_list":["post-11042","video","type-video","status-publish","has-post-thumbnail","hentry","category-ze-spolecnosti","porad-na-palici"],"acf":[],"meta_box":{"nbla_idec":"A2329012","nbla_title":"Na Palici","nbla_subtitle":"","nbla_summary":"Po\u0159ad komentuje z\u00e1sadn\u00ed spole\u010densk\u00e1 t\u00e9mata a ud\u00e1losti uplynul\u00e9ho t\u00fddne nebo nadch\u00e1zej\u00edc\u00edch dn\u00ed","nbla_description":"","nbla_transcription":"Dobr\u00fd ve\u010der, d\u00e1my a p\u00e1nov\u00e9, v\u00e1\u017een\u00ed div\u00e1ci, v\u00edt\u00e1m v\u00e1s v po\u0159adu na palici, kde se pod\u00edv\u00e1me na n\u011bkter\u00e1 aktu\u00e1ln\u00ed t\u00e9mata, kter\u00e1 jsou tak tro\u0161ku na palici. Je tady se mnou Zuzana Bub\u00edlkov\u00e1 ve studiu a na\u0161\u00edm dne\u0161n\u00edm hostem je pan Pavel Sehnal, politik, biznismen, dobrodruh, sportovec. J\u00e1 m\u00e1m na v\u00e1s, pardon, j\u00e1 m\u00e1m na v\u00e1s mo\u017en\u00e1 prvn\u00ed ot\u00e1zku. Kdybyste m\u011bl se\u0159adit tyhlecty \u010dty\u0159i kategorie, politik, biznismen, sportovec, dobrodruh, mo\u017en\u00e1 je\u0161t\u011b pokud jsem na n\u011bco zapomn\u011bl, tak dopl\u0148te, kdybyste m\u011bl se\u0159adit od toho, co aktu\u00e1ln\u011b tvo\u0159\u00ed v\u00e1\u0161 jako denn\u00ed pl\u00e1n, tak jak by to bylo, jak by to po\u0159ad\u00ed vypadalo? Tak ur\u010dit\u011b bych na prvn\u00ed m\u00edsto nedal to miliard\u00e1\u0159, proto\u017ee dneska miliardi\u010dka nic nen\u00ed, ne\u017e ka\u017ed\u00fd, kdo m\u00e1 v Praze garzonku, tak je milion\u00e1\u0159, a kdy\u017e m\u00e1 rodinn\u00fd domek, u\u017e je multimilion\u00e1\u0159, tak\u017ee to by na tom prvn\u00edm m\u00edst\u011b nebylo. J\u00e1 bych m\u011bl dobr\u00e1 lajka, to neznamen\u00e1. J\u00e1 bych se taky nebr\u00e1nil. Tak kdybych m\u011bl n\u011bco z toho teda vy\u0161\u00e1hnout, jak stefane reaktora \u0159\u00edkal, tak j\u00e1 bych asi vy\u0161\u00e1hnul, \u017ee jsem majitel aquaparku v \u010ceslici a prost\u011b my tam vykoup\u00e1me milion lid\u00ed ro\u010dn\u011b. A co se mi tam vlastn\u011b l\u00edb\u00ed, a kdy\u017e tam p\u0159ijdu se na to pod\u00edvat, na ten provoz, a te\u010f tam vid\u00edm ty \u00fasm\u011bvav\u00fd lidi v tom baz\u00e9n\u011b, zvl\u00e1\u0161\u0165, kdy\u017e pust\u00edme vlnobyt\u011b, a oni tam c\u00e1kaj\u00ed na sebe a takov\u00fd, a odch\u00e1zej\u00ed \u0161\u0165astn\u00fd, tak si \u0159\u00edk\u00e1m, hele, n\u011bco si dobr\u00fd ud\u011blal, tak\u017ee ta jedna v\u011bc je to rozd\u00e1vat \u0161t\u011bst\u00ed, rozd\u00e1vat \u0161t\u011bst\u00ed t\u011bm n\u00e1v\u0161t\u011bvn\u00edk\u016fm, kte\u0159\u00ed odch\u00e1zej\u00ed s t\u00edm dobr\u00fdm pocitem, to jsme si to u\u017eili a byli jsme spolu. Skv\u011bl\u00fd, skv\u011bl\u00fd. Vr\u00e1t\u00edm se k t\u00e9 ot\u00e1zce, kdybyste se to tady m\u011bl jako se\u0159adit, jestli jste sp\u00ed\u0161 businessman nebo politik nebo dobrodruh sportovec, jak by to se\u0159aden\u00ed bylo? Mo\u017en\u00e1, \u017ee bych, ale j\u00e1 ten pr\u016fse\u010d\u00ed\u010dek, tak ten asi se jmenuje nekone\u010dn\u011b h\u016f\u017eevnat\u00fd chlap. V t\u00e9 oblasti sportu v\u0161ichni v\u011bd\u00ed, \u017ee n\u011bjak b\u011bh\u00e1m na b\u011b\u017ek\u00e1ch a podobn\u011b, ale j\u00e1 jsem taky p\u011b\u0161ky do\u0161el na severn\u00ed a na ji\u017en\u00ed p\u00f3l, byl jsem prvn\u00edm \u010cechem, kter\u00fd p\u011b\u0161ky zdal ova ty p\u00f3ly a mo\u017en\u00e1 ta vytrvalost h\u016f\u017eevna, to jsou pr\u00e1v\u011b takov\u00fd ty vlastn\u016fsky, kter\u00fd \u010dlov\u011bk pot\u0159ebuje i k tomu v\u0161emu ostatn\u00edmu. V biznesu vst\u00e1v\u00e1te r\u00e1no, chod\u00edte do pr\u00e1ce, prost\u011b ostatn\u00ed ti zp\u011bj\u00ed a p\u0159ich\u00e1z\u00ed je\u0161t\u011b je\u0161t\u011b ostatn\u00ed u\u017e taky mo\u017en\u00e1 jsou u televize a dop\u0159\u00e1vaj\u00ed si hezk\u00fdch po\u0159ad\u016f jako ten v\u00e1\u0161, tak\u017ee mysl\u00edm, \u017ee ta h\u016f\u017eevnatost, ta ochota j\u00edt o m\u00edly d\u00e1l, ne\u017e ty ostatn\u00ed, ta je t\u011bm v\u0161em v\u011bcem asi spole\u010dn\u00e1, no ale... V\u00edte, co m\u011b v\u017edycky vrt\u00e1 hlavou, pro\u010d n\u011bkdo, kdy\u017e je miliard\u00e1\u0159, je v biznisme, najednou prost\u011b za\u010dne koketovat s politikou. Vy jste o\u017eivil n\u011bkdej\u0161\u00ed jako ODA, te\u010f u\u017e se jmenuje jin\u00e1k. Aliance pro budoucnost. Pro budoucnost, no, chcete kandidovat do Sen\u00e1tu, jako pro\u010d pro Boha? V\u017edy\u0165 tam m\u00e1te \u010ceslice a severn\u00ed a ji\u017en\u00ed pol. Tam v t\u011bch \u010deslic\u00edch, t\u011bch \u010dast\u00fdch l\u00edh uvid\u00edte mnohem v\u00edce, ne\u017e v Sen\u00e1tu, si tak mysl\u00edm. Tak prost\u011b p\u0159ich\u00e1z\u00ed, prost\u011b, jak bych \u0159ekl, my chlap\u011b, snad to je gener\u00e1ln\u00ed pro v\u0161echny, prost\u011b, jakme tro\u0161i\u010dku ze st\u00e1rn\u00fdm, u\u017e m\u00e1me pocit, \u017ee jsme tak chytr\u00fd, \u017ee bysme u\u017e m\u011bli radit\u011bm osta\u0165. A v ten okam\u017eik m\u00e1te bu\u010f mo\u017enost j\u00edt u\u010dit na vysokou \u0161kolu, abyste teda ty tu zku\u0161enost p\u0159ed\u00e1val, prost\u011b, anebo chcete radit ob\u010dan\u016fm, prost\u011b jste politika, to t\u00edm \u0159\u00edk\u00e1te, a tohle vl\u00e1do d\u011blej, a tohle vl\u00e1do ned\u011blej, prost\u011b, a m\u00e1te pocit, \u017ee vy m\u00e1te tu pravdu a ten dav s v\u00e1ma n\u011bkdy souhlas\u00ed a n\u011bkdy nesouhlas\u00ed, tak\u017ee ta ochota, pot\u0159eba prost\u011b sd\u011blit tu svoji zku\u0161enost, ten sv\u016fj n\u00e1zor ostatn\u00edm, to je ten okam\u017eik, kdy se rozhlednete, jdi do t\u00e9 politiky a \u0159\u00edkajte, jdu do toho prost\u011b, proto\u017ee ten okam\u017eik, kdy\u017e se s\u00e1m sebe vid\u00edte na billboardu n\u011bkde u d\u00e1lnice, to je velk\u00fd zlom, velk\u00fd zlom v \u017eivot\u011b, \u017ee najednou prost\u011b jedete, jedete v\u00fdtahem a chlap zbra\u0161nul a \u0159\u00edk\u00e1, pane, j\u00e1 v\u00e1s od n\u011bkud zn\u00e1m. \u0158ekn\u011bte mi, odkud j\u00e1 v\u00e1s zn\u00e1m. No to se mn\u011b minule stalo, m\u011b jedna pani pov\u00edd\u00e1, hlejte, j\u00e1 v\u00e1s od n\u011bkud zn\u00e1m, ned\u011bl\u00e1te v pokladn\u011b, v bile, tak\u017ee jako, ale nejkrasn\u011bj\u0161\u00ed z\u00e1\u017eitek s t\u00edmto m\u00e1m, to m\u00e1m z metra, j\u00e1 jezd\u00edm metrem, jo, abych m\u011bla z\u00e1\u017eitky, jo, a sed\u00edm a proti mn\u011b dva takov\u00fd asi bezdomovci, a jak jsme byli na pankraci, tak ten jeden pov\u00edd\u00e1 tomu druh\u00e9mu, pameta\u017e, tu n\u00e1s jsme sed\u011bli, jo, a ten druh\u00fd pov\u00edd\u00e1, hned bych se tam vr\u00e1til, drahota, jo, v\u0161ecko, a j\u00e1 pov\u00edd\u00e1m, a ten pov\u00edd\u00e1, no, tak v\u00ed\u0161 co, tak rozbijeme okno, v\u00fdklad, jo, a dostaneme se tam, jo, a mn\u011b to nedalo, jo, a jsem se do toho zapojila, \u0159\u00edk\u00e1m, panov\u00e9, kv\u016fli rozbit\u00fdmu oknu se nedostane teda pankrac, a ten jeden se tak na m\u011b zahled\u011bl a pov\u00edd\u00e1, a v\u00e1s od n\u011bkde ale pozn\u00e1m, nerobili jste vy u n\u00e1s na pankraci bacharku. No, vy teda koketujete s tou politikou. Aktu\u00e1ln\u011b tady m\u00e1me nedostatek penicil\u00ednu. M\u00e1me tady takovou prvn\u00ed zpr\u00e1vu, \u017ee do \u010ceska dorazilo 30 000 balen\u00ed penicil\u00ednu, ale dostane se jen do velk\u00fdch l\u00e9k\u00e1ren. Je to z\u00e1soba zhruba na m\u011bs\u00edc. Nav\u00edc podle ministra v\u00e1lka nen\u00ed mo\u017en\u00e9 rozv\u00e9st ho do v\u0161ech t\u011bch l\u00e9k\u00e1ren. Co vy na to, kdyby jste to mohl n\u011bjak\u00fdm zp\u016fsobem ovlivnit, jak byste takov\u00e9 jako prek\u00e9rn\u00ed situaci \u0159e\u0161ilo? No, nedostatek penicil\u00ednu je celosv\u011btov\u00e1 z\u00e1le\u017eitost, proto\u017ee se spoustu t\u011bch z\u00e1sob vlastn\u011b vypot\u0159ebovalo v minul\u00fdch letech. Z\u00e1rove\u0148, pardon, je\u0161t\u011b z\u00e1rove\u0148 je tady vlastn\u011b takov\u00fd probl\u00e9m, \u017ee v\u0161eobecn\u011b se ty antibiotika nadu\u017e\u00edvaj\u00ed. Co s t\u00edm? No, je to tak trochu na hlavu, jak \u0159\u00edk\u00e1 spr\u00e1vn\u011b v\u00e1\u0161 po\u0159\u00e1d, proto\u017ee vlastn\u011b, jak si s t\u00edm m\u00e1me my ob\u010dan\u00e9 poradit, proto\u017ee st\u00e1t od n\u00e1s ty pen\u00edze vybral, t\u011bch 500 miliard na zdravotnictv\u00ed, a te\u010f s nimi hospoda\u0159\u00ed a my ob\u010dany \u010dek\u00e1me, st\u00e1ty ty n\u00e1m tu slu\u017ebu zabezpe\u010d\u00ed. Tak\u017ee, kdybychom to m\u011bli cel\u00fd jako postavit jinak, tak bych \u0159ekl, no prost\u011b pla\u0165me st\u00e1tu n\u011bjak\u00e9 to nezbytn\u00e9 minimum prost\u011b na n\u011bjakou, na n\u011bjakou vz\u00e1jemnost t\u00e9 zdravotn\u00ed p\u00e9\u010de prost\u011b a pak si, jak si nechme ten trh, aby, aby tu situaci \u0159e\u0161ilo. J\u00e1 si v\u011b\u0159\u00edm tomu, \u017ee, \u017ee, kdybychom nem\u011bli tohleto centr\u00e1ln\u011b \u0159\u00edzen\u00e9 zdravotnictv\u00ed, si ten pojem mohu pak pou\u017e\u00edt a prost\u011b fungovaly tady zdravotn\u00ed poji\u0161\u0165ovny, jejich tady cirka 10 prost\u011b oni by pro n\u00e1s, kte\u0159\u00ed jsme u nich z\u00e1kazn\u00edkem poji\u0161t\u011bnce, oni by pro n\u00e1s nakupovali zdravotn\u00ed p\u00e9\u010di, oni by pro n\u00e1s nakupovali ty l\u00e9ky. Tak j\u00e1 v\u011b\u0159\u00edm, \u017ee to fungovalo mnohem l\u00e9pe, ne\u017e \u010dekat, ne\u017e jeden z\u00e1za\u010dn\u00fd minister tady n\u011bkde se k n\u011bmu dostanou ty informace a on rozhodne a on zaved\u00ed prost\u011b, pro\u010d ty v\u011bci jsou zbyte\u010dn\u00e9. Tak\u017ee m\u016fj n\u00e1zor, n\u011bkdo m\u016f\u017ee \u0159\u00edkat, ne, ne, ne, st\u00e1te, ty se postane, \u0159\u00edk\u00e1m, st\u00e1t to nikdy nedok\u00e1\u017ee, a\u0165 se budeme majit svozu odpadk\u016f nebo nebo n\u00e1kupu l\u00e9\u010div. Prost\u011b mus\u00ed v\u017edycky zafungovat ur\u010dit\u00e1, ur\u010dit\u00e1 tr\u017en\u00ed popt\u00e1vka prost\u011b. Sokrom\u00fd sektor. Sokrom\u00fd sektor. J\u00e1 si mysl\u00edm, \u017ee pan ministr V\u00e1lek vymyslel novou sportovn\u00ed discipl\u00ednu pro nemocn\u00e9. B\u011bh z l\u00e9k\u00e1rny do l\u00e9k\u00e1rny p\u0159espoj\u00ed. Ano, m\u00e1 to jednu obrovskou v\u00fdhodu, proto\u017ee n\u011bkte\u0159\u00ed po\u010das toho b\u011bhu se vyle\u010d\u00ed, tak\u017ee u\u017e vlastn\u011b ten penicillin ani nebudou pot\u0159ebovat. Dob\u011bhnu do t\u00e9 l\u00e9k\u00e1rny, \u0159\u00edk\u00e1m, j\u00e1 jsem vlastn\u011b fre\u0161. No ano, a druh\u00fd u\u017e nedob\u011bhnou, taky ho nebudou pot\u0159ebovat, tak\u017ee j\u00e1 si mysl\u00edm, \u017ee nakonec V\u00e1lek dostane v\u00fdznamen\u00e1n\u00ed za to, \u017ee sn\u00ed\u017eil tu vysokou spot\u0159ebu l\u00e9ku. Ur\u010dit\u011b m\u00e1te pravdu, proto\u017ee asi jsme n\u00e1ro\u010d tro\u0161i\u010dku takov\u00fdch f\u0148ukal\u016f, \u017ee hned b\u011b\u017e\u00edme k doktorov\u011b, hned b\u011b\u017e\u00edme do t\u00e9 l\u00e9k\u00e1rny, tak\u017ee, tak\u017ee mo\u017en\u00e1, kdy\u017e teda se tro\u0161i\u010dku po\u010dk\u00e1me. Jasn\u00e9, n\u011bkdo se uzdrav\u00ed po \u010daji a n\u011bkdo se uzdrav\u00ed jenom t\u00edm, \u017ee prost\u011b bude v\u011bd\u011bt, \u017ee ten Jaroslav Dusek m\u011bl pravdu. My, my se m\u00e1lo t\u011b\u0161\u00edme z t\u011bch nemoc\u00ed, a kdybychom se t\u011b\u0161ili, tak se uzdrav\u00edme sami. Mysl\u00edte, \u017ee toto je perspektiva? Toto byste poradil, kdo kv\u016fli tomu to chcete vstoupat do politiky? Teda p\u0159ed stolet\u00ed pan Pryznic tady zavedl l\u00e1zn\u011b v jese\u0148ku. Jese\u0148ky jsou kr\u00e1sn\u00e9, pokud byste tam, kdybyste tam nebyli a tam prost\u011b \u0159\u00edkal, poj\u010fme se l\u00e9\u010dit vodou prost\u011b a tak d\u00e1le. Tak mo\u017en\u00e1, \u017ee prost\u011b p\u0159i\u0161lo to nastartovat ur\u010dit\u00fd proces, \u017ee v tom \u010dlov\u011bku n\u011bjak\u00e1 uv\u011bdom\u011bn\u00ed si toho pot\u0159eby se l\u00e9\u010dit, ale preventivn\u011b i n\u011bjak\u00e1 pot\u0159eba zdrav\u00e9ho \u017eivotn\u00edho stylu by m\u011bla b\u00fdt. No ale, ale j\u00e1 s v\u00e1mi \u00fapln\u011b souhlas\u00edm prost\u011b, \u017ee nen\u00ed tady pot\u0159eba s ka\u017ed\u00fdm p\u00edchnut\u00ed\u010dkem b\u011b\u017eet k l\u00e9ka\u0159i prost\u011b, tak\u017ee asi, asi bychom m\u011bli v tomhle smyslu b\u00fdt tolerantn\u011bj\u0161\u00ed k t\u00e9 zdravotn\u00ed p\u00e9\u010di. Souhlas\u00edm s t\u00edm, \u017ee spoustu probl\u00e9m\u016f, spoustu nemoc\u00ed se d\u00e1 \u0159e\u0161it vlastn\u011b n\u011bjakou prevenc\u00ed, \u017ee opravdu \u010dlov\u011bk a to jsme tady \u0159e\u0161ili vlastn\u011b i v minul\u00e9m v minul\u00e9m d\u00edlu, \u017ee kdy\u017e jsme tady narazili na to hladov\u011bn\u00ed na ty p\u0159eru\u0161en\u00e9 p\u016fsty a tak d\u00e1l, \u017ee n\u011bjak\u00e1 jako spr\u00e1vn\u00e1 \u017eivotospr\u00e1va m\u016f\u017ee \u010dlov\u011bku jako pomoct a m\u016f\u017ee ho zbavit jako spousty probl\u00e9m\u016f, kter\u00e9 tak anginu asi spr\u00e1vn\u00e1 \u017eivotospr\u00e1va nevy\u0159e\u0161\u00ed. No tak je to taky o n\u011bjak\u00fdm imunitn\u00edm syst\u00e9mu. To znamen\u00e1, \u017ee pokud budete jako se spr\u00e1vn\u011b spr\u00e1vovat, tak si mysl\u00edm, \u017ee m\u016f\u017eete jako pos\u00edlit imunitn\u00ed syst\u00e9m. Abych tomu p\u0159idal, cho\u010fte do sauny a mo\u017en\u00e1 a te\u010f samoz\u0159ejm\u011b. \u010c\u00edslit si tv\u00e1te hezkou saunu ur\u010dit\u011b. M\u00e1me tam prost\u011b dneska koupem ty lidi 15 let a jsou prost\u011b lid\u011b, kte\u0159\u00ed \u0159\u00edkaj\u00ed pane Sehna, ale j\u00e1 od t\u00e9 doby, co se chod\u00edm pravideln\u011b saunovat, tak se vlastn\u011b opravdu c\u00edt\u00edm mnohem l\u00e9pe a ch\u0159\u00edpka se mn\u011b net\u00fdk\u00e1. Tak\u017ee je to, kdy\u017e se bav\u00ed o tom \u017eivotn\u00edm stylu, tak mo\u017en\u00e1 bych tam dodal to saunov\u00e1n\u00ed, \u017ee to je prost\u011b ur\u010dit\u00e1 novej prvek v tom v tom chov\u00e1n\u00ed n\u00e1s lid\u00ed prost\u011b, ale ti lid\u00e9, kte\u0159\u00ed se pravideln\u011b chod\u00ed saunovat, tak opravdu ten imunitn\u00ed syst\u00e9m maj\u00ed lep\u0161\u00ed a ch\u0159\u00edpe\u010dka \u0159\u00edk\u00e1, j\u00e1 to nepot\u0159ebuji, j\u00e1 se chod\u00edm saunovat. Tak mo\u017en\u00e1, \u017ee \u017ee pan minister tady, \u017ee by mo\u017en\u00e1 mohl \u0159\u00edct, jako neb\u011b\u017ete do l\u00e9k\u00e1rny, zab\u011bhn\u011bte si do sauny, t\u0159eba se uzdrav\u00edte. Kdybyste byl v politice, vym\u011bnil byste ho? A j\u00e1 bych \u0159ekl, za koho to je ten probl\u00e9m? To je tak, ta prost\u011b je skoro jedno, kte\u0159\u00ed tam budeme i ministra, prost\u011b jestli je hezk\u00fd nebo u\u0161klen\u00fd, ale j\u00e1 si mysl\u00edm, \u017ee dokud se nezm\u00edn\u00ed ten princip prost\u011b tohodlen z toho, \u017ee d\u016fchody d\u00e1v\u00e1me st\u00e1tu prost\u011b a 208 miliard d\u00e1me st\u00e1tu na \u0161kolstv\u00ed, \u0159\u00edk\u00e1me st\u00e1t, ty pro m\u011b nakup tu \u0161koln\u00ed v\u00fdchovu, tak j\u00e1 bych si rad\u0161i prost\u011b vyb\u00edral z n\u011bjak\u00e9ho pod\u00edlu toho soukrom\u00e9ho \u0161kolstv\u00ed, proto\u017ee najednou m\u00e1te moc d\u011bt\u00ed ve \u0161kolce nebo m\u00e1lo a ten st\u00e1t nezareaguje, tak vlastn\u011b ta pru\u017enost tam nen\u00ed no a pak jsme se o tom zdravotnictv\u00ed taky, \u017ee ho, kdy\u017e jako st\u00e1t nen\u00ed garantem t\u00fd zdravotn\u00ed p\u00e9\u010de, ve smyslu, aby vyb\u00edral ty pen\u00edze, ty vyb\u00edraj\u00ed zdravotn\u00ed poji\u0161\u0165ovny, ale st\u00e1t jim \u0159\u00edk\u00e1, tady m\u00e1te \u00fahradovou vyhl\u00e1\u0161ku, na\u0159\u00edd\u00ed ka\u017ed\u00fd ka\u017ed\u00e9mu tomu pracovi\u0161ti, kolik m\u00e1 ten l\u00e9ka\u0159 dostat prost\u011b tam pak, jestli ten l\u00e9ka\u0159, kter\u00fd men\u0161\u00ed vesnici m\u00e1 m\u00edt stejn\u011b tolik jako l\u00e9ka\u0159 v Praze na homolce za stejn\u00fd \u00fakon, prost\u011b nen\u00ed to asi \u00fapln\u011b objektivn\u00ed ta v\u011bc, tak\u017ee jsme si na to zvykli v\u011bt\u0161in\u011b n\u00e1rod a vyhovuje, oni \u0159\u00edkaj\u00ed, nemus\u00edm se o nic starat a na druhou stranu jsme tro\u0161i\u010dku potom jako v tomto smyslu m\u00e9n\u011b flexibiln\u00ed a m\u016f\u017ee se st\u00e1t to, \u017ee nebude jednou vaj\u00ed\u010dka, pak zase nebude penicill\u00ed, pak zase nebude n\u011bco jin\u00e9ho, prost\u011b ten st\u00e1t nedok\u00e1\u017ee pr\u016f\u017en\u011b zareagovat, tak, jak by dok\u00e1zal ten soukrom\u00fd sektor. Nev\u00edm, jestli m\u016f\u017eeme, m\u016f\u017eeme se pod\u00edvat na dal\u0161\u00ed zaj\u00edmav\u00e9 zaj\u00edmav\u00e9 t\u00e9ma, proto\u017ee Andrej Babi\u0161 \u0159e\u010dnil ve sn\u011bmovn\u011b 6 hodin v kuse, aby oddal hlasov\u00e1n\u00ed o \u00fasporn\u00e9m bal\u00ed\u010dku, i kdy\u017e bylo dop\u0159edu jasn\u00e9, \u017ee ten bal\u00ed\u010dek projde, jak\u00fd to m\u00e1 smysl, jak\u00fd to m\u00e1 smysl, tak j\u00e1 hlavn\u011b obdivuju ka\u017ed\u00e9ho, kdo dok\u00e1\u017ee 6 hodin st\u00e1t za p\u016flt\u00edkem a mluvit, jo. Je pravda, a my tady m\u00e1me probl\u00e9m. M\u011b by asi opuchly nohy, jo, v t\u011bch pospadc\u00edch, jo, a hlavn\u011b bych asi dvakr\u00e1t si musela odsko\u010dit, a on nic, jo, a to teda jako j\u00e1 nem\u00e1m sta\u0159ickou prostatu, jo. Ne, to je opravdu tak, jako on \u0159\u00edkal u\u017e d\u00e1vno, \u017ee prost\u011b sn\u011bmovna je \u017evan\u00edrna. J\u00e1 si mysl\u00edm, \u017ee \u017evan\u00edrna v\u017edycky byla, ale a\u017e za n\u011bj to dostalo ten spr\u00e1vn\u00fd v\u00fdznam, jo. A pro\u010d to d\u011bl\u00e1? No tak se chce zviditeln\u00fd, to bylo v\u017edycky, j\u00e1 si pamatuju, kdy\u017e my jsme d\u011blali takov\u00e9 ty prvn\u00ed p\u0159enosy je\u0161t\u011b z parlamentu \u0159iv\u00e9, jak se zapla kamera, tak se mluvilo t\u0159ikr\u00e1t d\u00edl, jo, proto\u017ee to je divadlo pro lidi. Skute\u010dn\u00e1 politika, to my asi d\u00e1te, zapravdu se d\u011bl\u00e1 v z\u00e1kulis\u00ed. No, p\u0159em\u00fd\u0161lel jsem o tom, jak to vydr\u017eete 6 hodin, no to je skute\u010dn\u011b, jako asi se musel p\u0159ipravit, jak \u0159\u00edk\u00e1te, musela si p\u0159edem odsko\u010dit. A to nebyl nejv\u011bt\u0161\u00ed \u0159e\u010dn\u00edk. V\u00edte, kdo nevydr\u017eel nejv\u00edc? Okamura 7,5 hodiny. Tak j\u00e1 mysl\u00edm, \u017ee tady byly... Byly u\u017e dob\u011bji z Japonsk\u00e9. Vl\u00e1dci Kuby, kter\u00fd jsme dok\u00e1zali hovo\u0159it je\u0161t\u011b dale, \u017ee jo. Ale jako je to, politika je \u0159emeslo, je to slo\u017eit\u00e9 \u0159emeslo. A oni to \u0159emeslo reprezentuj\u00ed t\u00edmto zp\u016fsobem, jo. A to je zp\u016fsob, kter\u00fd, \u0159ekn\u011bme n\u00e1m, pravicov\u011b, smyslej\u00edc\u00edm lidem, prost\u011b \u00fapln\u011b nepozd\u00e1v\u00e1, mysl\u00edm, k\u00e1mo, hele, tak na tohle my koukat nebudem, prost\u011b, jo. Tak\u017ee j\u00e1 nev\u00edm, jak dlouho vydr\u017e\u00ed ten div\u00e1k, jestli vydr\u017e\u00ed 6 hodin, 6 hodin koukat na sv\u00e9ho obl\u00edbence, panova By\u0161e, ale mysl\u00edm si, \u017ee to u\u017e bude opravdu jenom velmi \u00fazk\u00e9 j\u00e1dro toho. Ale \u010d\u00edm jinak se chcete dostat do m\u00e9di\u00ed? Media vyberou, a to j\u00e1 v\u00edm i podle sebe, prost\u011b vyberete to, co je nejzaj\u00edmav\u011bj\u0161\u00ed a co div\u00e1ka nejv\u00edc zaj\u00edm\u00e1, to jsou nad\u00e1vky, ur\u00e1\u017eky, zaj\u00edmavosti, kter\u00e9 \u0159ekne, tam tu oma\u010dku, kter\u00e1 je v\u011bcna. Tak\u017ee j\u00e1 zase ch\u00e1pu tyhle vyk\u0159ikovatele, kte\u0159\u00ed jako, kdy\u017e si vezm\u011bte Voln\u00e9ho, Voln\u00fd se dostal do televize jedin\u011b pro to, \u017ee tam vypnul mikrofon a cht\u011bl d\u00e1t komu si tam p\u0159es hubu. To je asi tak jako, jako jedin\u00e9. P\u0159iv\u00e1zal je\u0161t\u011b k tomu \u0159e\u010dnick\u00e9mu pult\u00edku, nebo jako, nebo? No, te\u010f si dva Slov\u00e1ci dali p\u0159es hubu, hned jsme se dozv\u011bd\u011bli, koho tam maj\u00ed. Tak\u017ee jako, jako toto je ten rozpor, jako \u010d\u00edm se prezentovat, kdy\u017e ta m\u00e9dia jsou takov\u00e1, \u017ee si v\u0161imaj\u00ed jenom to de facto nepodstatn\u00e9, ale z pohledu sledovanosti podstatn\u00e9. M\u00e1te \u00faplnou pravdu, proto\u017ee prost\u011b v politice bu\u010f m\u00e1te kauzu a pak jste zaj\u00edmav\u00fd, a kdy\u017e ji nem\u00e1te, tak jste nejnezaj\u00edmav\u00fd. Prost\u011b a te\u010f jako. A vy budete co? Nikdo o v\u00e1s nev\u00ed. Budete b\u00fdt kauzi a budete zaj\u00edmav\u00fd a nebo. Prost\u011b, kdy\u017e m\u00e1te kauzi\u010dku, tak to je takov\u00fd jako zku\u0161enost z t\u00e9 politiky. To nem\u016f\u017eete hned jako vysv\u011btlit, jo. To mus\u00edte chvilku nap\u00ednat ty m\u00e9dia, jo. Prost\u011b, proto\u017ee j\u00e1 jsem takov\u00fd opozi\u010dn\u00ed politik, proto\u017ee prost\u011b po\u0159\u00e1d m\u00e1m pocit, kudy tam nebude ta spr\u00e1vn\u00e1 pravicov\u00e1 vl\u00e1da, \u017ee nebudu spokojen\u00fd. Ale, ale prost\u011b, kdy\u017e m\u00e1te tu kauzi\u010dku, prost\u011b, tak mus\u00edte chvili\u010dku to rezehr\u00e1vat. Prost\u011b tohle \u0159eknu, tohle ne\u0159eknu. Tak \u0159eknu a ten kuf\u0159\u00edk a j\u00e1 ho dneska je\u0161t\u011b neotev\u0159u a ho otev\u0159u i za t\u00fdden prost\u011b, aby ty m\u00e9dia \u010dekali. Prost\u011b, tak\u017ee m\u00edt tu kauzi\u010dku v t\u00e9 politice, prost\u011b, to je o tom, \u017ee jste t\u00edm atraktivn\u011bj\u0161\u00edm jako politikem, jo. A za to se sb\u00edr\u00e1te ty sledov\u00e1n\u00ed a m\u00e1te ty agentury, kter\u00e9 tam d\u011blaj\u00ed ty \u010d\u00e1re\u010dky, k\u0159\u00ed\u017ee\u010dky, prost\u011b. Fakt, je to slo\u017eit\u00fd \u0159emeslo. A, a co k tomu \u0159\u00edct, no. Vlastn\u011b, je to tak, asi jsme, jako chce to ten n\u00e1roh cht\u00edt, chce to ta planeta, kdy\u017e se kouk\u00e1te, ono, nejsme v tom asi o moc jin\u00fd, no. Jak\u00fd to m\u00e1 v\u016fbec smysl oddalovat hlasov\u00e1n\u00ed, kdy\u017e je jasn\u00e9, \u017ee stejn\u011b se to schv\u00e1l\u00ed? Nen\u00ed to ztr\u00e1ta \u010dasu? No, tak... Nebo je to jenom ta prezentace t\u011bch sezhodin? Tak t\u0159eba je to pr\u00e1v\u011b ten marketingov\u00fd tak, \u017ee sledovala, klesla sledovanost panu Babi\u0161ovinu, tak zase na sebe pot\u0159eboval upozornit. Tak si \u0159ekl, no, tak te\u010fkon to tady... Odehnal od t\u011bch televizn\u00edch obrazov, kdy t\u0159eba zast\u00e1hl se t\u00e9, t\u00e9 koalice, \u017ee jo, proto\u017ee ty to nevydr\u017eeli, to jsou, no, t\u0159eba, \u0159\u00edkaj\u00ed lidi, \u017ee jo, prost\u011b, jak to nevydr\u017eeli. Tak\u017ee ten Babi\u0161, kdy\u017e tam postoj\u00edte v 6 hodin, tak se vy\u010dist\u00ed to publikum u t\u00e9 televize, prost\u011b jako, a tud\u00ed\u017e pak, a\u0165 u\u017e tam \u0159\u00edk\u00e1 kdokoliv, cokoliv, u\u017e je to jedno, proto\u017ee, kdy\u017e to prost\u011b \u010dlov\u011bk zapne, vypne, vy si po\u0159\u00e1d vid\u00ed Babi\u0161e. To je skoro jak s reklamama, \u017ee jo, ty jsou taky v televize furt na m\u00edsto, na m\u00edsto t\u011bch po\u0159ad\u016f. Zept\u00e1m se, vy jste \u0159\u00edkal, \u017ee jste pravicov\u011b sm\u00fd\u0161lej\u00edc\u00ed a jste spokojen\u00fd s aktu\u00e1ln\u00edm vl\u00e1dou, s j\u00edm veden\u00edm? A kde je v\u016fbec pravice, podle v\u00e1s? A jestli v\u016fbec ne? Ano, jestli se vlastn\u011b jedn\u00e1 o pravicov\u00e9. Pravicov\u00e9 ry\u010d. Na\u0161i ot\u00e1zku, no, spokojen\u00fd b\u00fdt nem\u016f\u017ee tady vl\u00e1da p\u0159ij\u00edt s n\u011bjak\u00fdm, \u0159\u00edk\u00e1 tomu konzolida\u010dn\u00ed val\u00ed\u010dek, my tomu \u0159\u00edk\u00e1me konfiska\u010dn\u00ed val\u00ed\u010dek, to znamen\u00e1 prost\u011b, \u017ee st\u00e1t zase \u0161ah\u00e1 do pen\u011b\u017eenky t\u011bm ob\u010dan\u016fm a \u0159\u00edk\u00e1, \u017ee ne my ob\u010dan, ale ty st\u00e1ty by jsi m\u011bl ut\u00e1hnout ten opasek a zru\u0161it. A te\u010fkom jednodu\u0161\u0161\u00ed politici \u0159\u00edkaj\u00ed mu, \u0161krtejte na ministerstvech. No, vlastn\u011b ned\u00e1 \u0161krtnout na ministerstvu n\u011bjak\u00fd po\u010det lid\u00ed, ta agenda z\u016fstane. Tak\u017ee to spr\u00e1vn\u011bj\u0161\u00ed, \u0161krtejte ty agendy prost\u011b, proto\u017ee ten st\u00e1t, ka\u017ed\u00fd novej z\u00e1kon, ka\u017ed\u00e1 nov\u00e1 povinnost, tak hned se k tomu p\u0159ichod\u00ed 10, 20 \u00fa\u0159edn\u00edk\u016f, aby tu povinnost napl\u0148ovaly, kontrolovaly. Tak\u017ee prost\u011b pot\u0159eba oh\u0159ez\u00e1vat ten st\u00e1t, ale ve smyslu nejd\u0159\u00edv oh\u0159ezat ty agendy a pak z\u00e1n\u00edkem ty agendy se uvoln\u00ed ten \u00fa\u0159edn\u00edk. Tak\u017ee st\u00e1t by m\u011bl d\u00e1t tento \u00fapln\u011b fakt d\u016fle\u017eit\u00fd v\u011bc. J\u00e1 chcete oh\u0159ez\u00e1vat agendu na ministerstve, kdy\u017e je tam p\u011bt stran a v\u0161ech t\u011bch p\u011bt stran pot\u0159ebuje si tam prosadit ty svoje svoje kon\u011b. To je ta hr\u016fza. Te\u010fka p\u0159ijali, mysl\u00edm, od ledna, j\u00e1 jsem to kdesi glosovala, nev\u00edm u\u017e kde, \u017ee od ledna p\u0159ijali nov\u00e9 m\u00edsto n\u011bjak\u00e9ho tajemn\u00edka pro n\u00e1rodn\u00ed bezpe\u010dnost. No a u\u017e m\u00e1 dva asistenty. A to je prost\u011b standard. J\u00e1 mysl\u00edm, \u017ee od p\u0159\u00ed\u0161t\u00edho ledna tam bude asistent asistent\u016f a druh\u00fd asistent prvn\u00edho asistenta bude cht\u00edt t\u0159et\u00edho asistenta pro n\u00e1rodn\u00ed nebezpe\u010dnost. A to u\u017e \u0159\u00edkal Parkinson, ka\u017ed\u00fd je dva pod\u0159\u00edzen\u00fd. A t\u00edm se v\u00e1m to ko\u0161et\u00ed. V\u016fbec m\u00e1 smysl d\u011blat takov\u00e9 jako koalice s pl\u00e1cance od A a\u017e do Z jenom proto, proto\u017ee se spojili proti jednomu. Tam nem\u016f\u017ee nic prosadit, proto\u017ee ka\u017ed\u00fd je proti ka\u017ed\u00e9mu. J\u00e1 sp\u00ed\u0161, kdy\u017e se vr\u00e1t\u00edm k tomu, jak \u0159ezat ty agendy a \u0159eknu jednu, a\u0165 ji v\u0161ichni rozum\u00edme, prost\u011b v Praze m\u00e1me 57 radnic, 57 m\u011bstsk\u00fdch \u010d\u00e1st\u00ed. A ty \u00fazemn\u00ed celety u\u017e jsou tak malinky, \u017ee chcete postavit bar\u00e1k, tak jednou p\u016flkou je v jedn\u00fdm m\u011bstsk\u00fdm \u010d\u00e1sti, v druh\u00fdm druh\u00fd. Pak m\u00e1te autobusovou zast\u00e1vku a m\u00e1te jednu. Radnice bojuj\u00ed, aby ta zast\u00e1vka byla tady, aby oni uhr\u00e1li taky aspo\u0148 jednu zast\u00e1vku. Tak\u017ee v okam\u017eiku, kdybychom se vr\u00e1tili k tomu, kdyby bylo Praha 1 a\u017e Praha 10, a te\u010f m\u00e1me jich 57, tak\u017ee kdybychom slou\u010dili n\u011bkter\u00e9 ty men\u0161\u00ed, men\u0161\u00ed m\u011bstsk\u00e9 \u010d\u00e1sti, prost\u011b bylo jich t\u0159eba 15, \u0159eknu, m\u00e1me milion t\u0159ista obyvatel v Praze, 15 radnic by sta\u010dilo, no tak hned jich m\u016f\u017eu \u0161upem 30 radnic vyklidit, prost\u011b a t\u011bch 30, ty \u00fa\u0159edn\u00edky z t\u011bch 30 radnic jsou zku\u0161en\u00fd, v\u016fdborn\u00edky, a ty tam jsou na radnic\u00edch, tam jsou kvalifikovan\u00ed lidi, akor\u00e1\u017ee dost\u00e1vaj\u00ed \u00fakoly zbyte\u010dn\u00fd a zbyte\u010dn\u00fd, prost\u011b, tak\u017ee. Tak\u017ee vlastn\u011b souhlas\u00edte s t\u00edm ze\u0161t\u00edhlov\u00e1n\u00edm st\u00e1tu, tak jak se tedy \u0159\u00edk\u00e1 v posledn\u00edch, \u0159ekn\u011bme, roce, roce a p\u016fl, s t\u00edm vlastn\u011b, po to byste se podepsal? Po to bych se podepsal, jenom \u0159\u00edk\u00e1m, nen\u00ed to jenom \u0159\u00edznout po\u010det \u00fa\u0159edn\u00edk\u016f a \u0159\u00edct, \u017ee v\u00e1s bude o 10% m\u00e9n\u011b, ale pot\u0159eba j\u00edt do t\u011bch agend a \u0159\u00edct, podle tu agendu st\u00e1t j\u00e1 tak nebude, prost\u011b zru\u0161\u00edme to a d\u00e1me j\u00ed pry\u010d. Podle m\u00e9ho kvalifikovan\u00e9ho odh\u00e1du s t\u00edmto m\u00e1te \u0161anci dostat se do politiky, ale t\u00edmto kon\u010d\u00ed. Tak u\u017e jako neprosad\u00edte nic. A to m\u00e1te pravdu. Cht\u011bl jsem \u0159\u00edct, \u017ee vlastn\u011b takhle se to ud\u011blalo s t\u011bmi po\u0161tami a pln\u011b se to jako neschled\u00e1v\u00e1 s pozitivn\u00edmi ohlasy. P\u0159em\u00fdnejte. J\u00e1 v\u016fbec nech\u00e1pu, pro\u010d m\u00e1m datovou schr\u00e1nku, kterou jsem si jako OSV\u010c musela ud\u011blat. V \u017eivot\u011b mi tam \u017e\u00e1dn\u00fd \u00fa\u0159ad nic nepos\u00edlal a dost\u00e1v\u00e1m doporu\u010den\u00e9 dopisy, kv\u016fli kter\u00fdm mus\u00edm j\u00edt na po\u0161tu, kterou mi zru\u0161ili, tak\u017ee mus\u00edm j\u00edt na jinou po\u0161tu. Pro\u010d se toto v\u016fbec jako d\u011bl\u00e1? Pro\u010d to m\u00e1m v\u016fbec? Tak je to ze \u0161t\u00edlu ani toho st\u00e1tn\u00edho apar\u00e1tu. V podstat\u011b. A buzeraceho OSV\u010c, jo? Proto\u017ee to tam pracuje, j\u00e1 ze sv\u00fdho znalostva jsem to tam hledala, jak to tam ud\u011bl\u00e1m. A te\u010f mi tam akurat p\u0159i\u0161lo, \u017ee m\u00e1m zaplatit dan\u011b, jo? Tak to je jako... Tahleto zpr\u00e1va si k v\u00e1m dostane v\u017edycky, garantovan\u011b. Aby to nevypadalo, \u017ee, jak si \u0159\u00edk\u00e1m, zru\u0161\u00edme \u010deskou po\u0161tu, jo? J\u00e1 si mysl\u00edm, \u017ee ten st\u00e1t m\u00e1 zachovat ur\u010ditou p\u00e1te\u0159n\u00ed strukturu a t\u0159eba tam pat\u0159\u00ed i ty po\u0161ty, jo? Je ot\u00e1zka, jestli jich m\u00e1, nebo je\u0161t\u011b n\u011bjak\u00fd men\u0161\u00ed po\u010det a podobn\u011b, jo? Ale prost\u011b ten st\u00e1t by si m\u011bl ur\u010dit\u00fd v\u011bci zachovat. A j\u00e1 skoro si \u0159\u00edk\u00e1m, kdy\u017e te\u010fka mi kamkoliv let\u00edm a prost\u011b po\u0159\u00e1d n\u011bkam l\u00e9t\u00e1m, proto\u017ee mi ta pracovn\u00ed pohodnost n\u011bkam vede, tak m\u011b chyb\u011bj\u00ed ty \u010desk\u00fd aerolinky, jo? \u017de prost\u011b mus\u00edm n\u011bkam, prost\u011b tady do V\u00edn\u011b, do N\u011bmecka, tam p\u0159esednu a let\u00edm d\u00e1l. \u017de si \u0159\u00edk\u00e1m, kdy\u017e u\u017e tady dotujeme vlaky, dotujeme autobusy, tramvaje a v\u0161echno ostatn\u00edho, jestli jsme si nemohli aspo\u0148 p\u00e1r letadel nechat, teda, kdyby je st\u00e1t ob\u010das n\u011bjakou miliardi\u010dkou p\u0159ikrmil, proto\u017ee v tom, co p\u00e1n\u00ed politici dneska utratili, t\u011bch 300 miliard, tak kdyby jednu miliardi\u010dku poslal je\u0161t\u011b na podporu t\u00e9 leteck\u00e9 dopravy, tak za sebe se to vr\u00e1tilo v tom, \u017ee prost\u011b ty na\u0161i obchodn\u00edci, ty \u010desk\u00fd firmy, podnikatele, soukrom\u00edci, co pot\u0159ebuj\u00ed n\u011bkam l\u00edtat a obchodovat, vyv\u00e1\u017eet to \u010desk\u00e9 sbo\u017e\u00ed, tak by to m\u011blo snadn\u011bj\u0161\u00ed. Dneska to, co jste d\u0159\u00edzla, \u017ee jste let\u011bl tam a zp\u00e1tky, tak to dneska nejde. Prost\u011b mus\u00edte n\u011bkde p\u0159esednout. Poj\u010fme d\u00e1l. Pod\u00edv\u00e1me se na posledn\u00ed t\u00e9ma. Jeden z nejv\u011bt\u0161\u00edch absent\u00e9ru na sch\u016fz\u00edch, sen\u00e1tor za \u010cSSD Petr V\u00fdch\u00e1 na ot\u00e1zku, pro\u010d nechod\u00ed na sch\u016fze, odpov\u011bd\u011bl, o zbyte\u010dnostech nehlasuji. A t\u011bch je v posledn\u00ed dob\u011b v\u011b\u010dna. Takhle, j\u00e1 jako, pokud bych tam, a\u0165 u\u017e v poslaneck\u00e9 sn\u011bmo nebo v sen\u00e1tu, musel poslouchat \u0161estihodinov\u00fd projev Andreje Bavi\u0161e, j\u00e1 bych tam asi teda taky nechodil. Na druhou stranu, p\u0159eci jenom je to st\u00e1tn\u00ed \u00fa\u0159edn\u00edk, je placen z na\u0161ich dan\u00ed, tak asi by jako m\u011bl vykon\u00e1vat funkci, m\u011bl vchodit do pr\u00e1ce v podstat\u011b. No tak j\u00e1 si mysl\u00edm, no tak ono u\u017e Schwarzenberg tvrdil, \u017ee kdy\u017e se pl\u00e1caj\u00ed blbosti s paym, tak\u017ee tady toto je obdoba, ale v podstat\u011b j\u00e1 si vzpom\u00edn\u00e1m, jak sen\u00e1t, jako pro\u010d v\u016fbec vznikl, proto\u017ee, to jsem byla tehdy je\u0161t\u011b ve Federaln\u00edm shlom\u00e1\u0159n\u011b a d\u011blalo se \u010ceskoslovensko, musel se rozpustit feder\u00e1ln\u00ed parlament, to znamen\u00e1, \u017ee poslanci m\u011bli ud\u011blat n\u011bco v\u00fdjime\u010dn\u00e9ho, m\u011bli rozpustit sami sebe, co\u017e necht\u011bli ud\u011blat, jo, tam bylo riziko, \u017ee to neprojde, tak\u017ee aby prost\u011b to pro\u0161lo, tak jim sl\u00edbili sen\u00e1t, kam, jak \u0159ekl tehdej\u0161\u00ed p\u0159edseda ODA, Jan Kalvoda, \u0159ekl, aby se m\u011bli kam p\u0159eprasit, co\u017e si mysl\u00edm, \u017ee p\u0159esn\u011b vyst\u00edvuje tohle a m\u011bla to b\u00fdt pojistka demokracie, podle m\u011b, kdy\u017e te\u010f sen\u00e1t pustil a cht\u011bl a odsouhlasil vlastn\u011b za \u00fastavn\u00edho soudce Fremra, kter\u00fd potom vlastn\u011b jenom d\u00edky dv\u011bma sen\u00e1tor\u016fm se to spochybnilo, tak to nen\u00ed pojistka demokracie, to je pojistka vlastn\u00ed trafiky, dob\u0159e placen\u00e9 na 6 let, no, \u017ee, pane budouc\u00ed sen\u00e1tore? D\u011bkuji, d\u011bkuji, pan\u00ed Voli\u010dko, jste z Prahy \u010dty\u0159i, tak mo\u017en\u00e1 m\u011b m\u016f\u017eete volit. Ale to m\u00e1me za rok ty volby, \u017ee jo, na Praze \u010dty\u0159i. Ano, j\u00e1 v\u00edm. Ale j\u00e1 jsem, j\u00e1 jsem byl asi ob\u010dansk\u00fd n\u00e1lad\u011bn taky na to, jestli ne, v podstat\u011b ten sen\u00e1t je fakt \u00fapln\u011b zbyte\u010dn\u00fd a \u017ee tam maj\u00ed jen to, j\u00e1 jsem mu \u0159\u00edkal prdeln\u00e9, tak se omlouv\u00e1m za ten v\u00fdraz, prost\u011b jako, \u017ee za to prost\u011b berou ty prachy a jsou tam, a jsou tam k ni\u010demu, ale tak, jak prost\u011b si vn\u00edm\u00e1m tu turbulnci prost\u011b v cel\u00e9 t\u00e9 Evrop\u011b a i tady v \u010cesku a podobn\u011b, tak \u010d\u00edm d\u00e1l v\u00edc se jsem zast\u00e1v\u00e1m sem toho, \u017ee ten sen\u00e1t tu svoji v\u00e1hu m\u00e1 pr\u00e1v\u011b proto, \u017ee ty ty parlamentn\u00ed volby prost\u011b jako jsou v\u017edycky o velk\u00fdch emoc\u00edch prost\u011b a taky o velk\u00fdch prach\u00e1ch, jo, prost\u011b vl\u00e1dnouc\u00ed hnut\u00ed. Ano, prost\u011b vyprn\u011bte si za 10% hlas\u016f m\u00e1te 100 milion\u016f ro\u010dn\u011b, tak\u017ee kdy\u017e m\u00e1, tak\u017ee kdy\u017e m\u00e1 20 n\u011bkdo procent, no, tak dostane 200 milion\u016f ro\u010dn\u011b, OKAMURA prost\u011b dostane des\u00edtky milion\u016f ro\u010dn\u011b, prost\u011b tak\u017ee ty parlamentn\u00ed volby, to je fakt spolupr\u00e1v\u011b t\u011bch politick\u00fdch str\u00e1n, to je \u00fatok na pen\u00edze, kter\u00fdmi dan\u011buj\u00ed poplatnici, pos\u00edl\u00e1me a spoustou financovan\u00fd ty politick\u00e9 strany, ten sen\u00e1t takhle vlastn\u011b nefunguje, jo, ten sen\u00e1t za toho sen\u00e1tora dostane, ta politick\u00e1 sen\u00e1t u\u017e je 800 milion\u016f tis\u00edc ro\u010dn\u011b jako, tak\u017ee najednou ta v\u00e1\u0161e\u0148ko ten sen\u00e1t je ni\u017e\u0161\u00ed, proto\u017ee se tam ty velk\u00fd prachy pro ty politick\u00e9 strany nerozd\u011bluj\u00ed a tud\u00ed\u017e ta \u0161ance, aby ten sen\u00e1t byl tro\u0161ku postaven, tro\u0161ku na jin\u00fd b\u00e1zi, je p\u0159ece p\u0159\u00edjemn\u011bj\u0161\u00ed, proto\u017ee totoho parlamentu, u\u010ditel, l\u00e9ka\u0159, to je lapa\u010d hlas\u016f, jo, a pak se m\u016f\u017ee st\u00e1t, \u017ee prost\u011b tam m\u00e1te p\u0159ebytek l\u00e9ka\u0159\u016f, p\u0159ebytek u\u010ditel\u016f, proto\u017ee ty politick\u00e9 strany daj\u00ed do t\u011bch \u0161pi\u010dek ty kandid\u00e1ty, prost\u011b nab\u00edraj\u00ed ty hlasy, to je co hlas, to prachy, \u017ee jo, ale v tom sen\u00e1tu prost\u011b u\u017e zase tam vid\u00edte, \u017ee u\u017e jsou to p\u0159ece jen lidi, kter\u00fd p\u0159ich\u00e1zej\u00ed, maj\u00ed n\u011bjakousi \u017eivotn\u00ed zku\u0161enost na \u017eito, proto\u017ee ten sen\u00e1tor jede na n\u011bjak\u00e9 \u00fazem\u00ed a nemus\u00ed na t\u00fd kandid\u00e1ce, co\u017e je n\u011bjak\u00fd bl\u00e1zen\u00fd, m\u00e1te 200 k\u0159esel v parlamentu a na kandid\u00e1ce m\u00e1te 400 lid\u00ed, tak kdyby jste vyhr\u00e1li 100-0, tak v\u00e1m je\u0161t\u011b 200 zb\u011brou. Tak\u017ee u toho sen\u00e1tu m\u00e1m prac\u00ed, \u017ee skute\u010dn\u011b d\u00edky t\u011bmhlet\u011bm proporc\u00edm pen\u011b\u017en\u00edm, prost\u011b je \u0161ance, aby se tam dost\u00e1vali lid\u00e9 zku\u0161en\u011bj\u0161\u00ed, odborn\u011b zdatn\u011bj\u0161\u00ed a mohli b\u00fdt taky v tomto smyslu tou balanc\u00ed proti t\u011bm n\u00e1zor\u016fm t\u011bch politik\u016f, kter\u00fd to maj\u00ed jako to \u0159emeslo. Oslovil jsem voli\u010dek, dostal jsem zaplaceno. Takov\u00e1 posledn\u00ed ot\u00e1zka, pokud byste st\u00e1l sen\u00e1torem, budete chodit do pr\u00e1ce? J\u00e1 to pokl\u00e1d\u00e1m za naprosto jasn\u00fd, srozumiteln\u00fd. Kdy\u017e tu funkci p\u0159ijmu, tak ji mus\u00edm vykon\u00e1vat. Jestli se tak stane, tak m\u011b budete moc kontrolovat. Kdy\u017e \u010dlov\u011bk m\u00e1 n\u011bjak\u00fd ob\u010das povinnosti, kter\u00e9 se ned\u00e1 zru\u0161it, ale ur\u010dit\u011b si mysl\u00edm, 70-80% \u00fa\u010dast bych ch\u00e1pal jako naprostou povinnost. A pokud bych tam nem\u011bl takovou \u00fa\u010dast prost\u011b dos\u00e1hnout, tak bych byl asi f\u00e9rov\u00fd t\u011bm lidem, \u017ee j\u00e1 na to nem\u00e1m \u010d\u00e1st, tak prost\u011b tak, a\u0165 m\u011b n\u011bkdo nahraje. A kdy\u017e tam n\u011bkdo bude kecat 6 hodin, tak si odsko\u010d\u00edte do \u010ceslice okoupat. Pod\u00edvat se na \u010dasn\u00e9 lidi a vr\u00e1tit se zp\u00e1tky. V\u00edte, ono, jako kdy\u017e u\u017e pak to mus\u00edte strp\u011bt, a j\u00e1 jsem, \u017ee on byl m\u00edsto starosta v Let\u0148anech, prost\u011b a to se dneska takhle, jak se, jak se jako obstruhuje naho\u0159e v parlamentu a podobn\u011b, tak dneska se takhle obstruhuje na ka\u017ed\u00e9 radnici. Poj\u010fte, ty lok\u00e1ln\u00ed politici, oni koukaj\u00ed na televizi, tam se to u\u010dej\u00ed, tak\u017ee dneska, kdy\u017e jdete na radnici na jak\u00fdkoliv obci m\u011bstsk\u00fd \u010d\u00e1sti, tak se tam obstruhuje dv\u011b hodiny, to je v\u00e1s chv\u00e1lit program prost\u011b. Tak\u017ee ob\u010dan, kter\u00fd cht\u011bl se n\u011bco dozv\u011bd\u011bt, pro\u010d tam bude samoobsluha a nebude tam tar\u010d\u00edk a nepodobn\u011b, prost\u011b tak u\u017e nevydr\u017e\u00ed p\u0159i tom obstruhu a ani dv\u011b hodiny o programu nezaj\u00edm\u00e1 a pak u\u017e jde sp\u00e1t a kon\u010d\u00ed ty radnice o p\u016flnoci, tak to u\u017e \u00fapln\u011b, tak\u017ee to je prost\u011b takov\u00fd jako nechutn\u00fd, no dneska je to nechutn\u00fd, ale prost\u011b asi to je sou\u010d\u00e1st t\u00e9 politick\u00e9, pat\u0159\u00ed to k tomu hultu, kter\u00fd dneska ty politici p\u0159edv\u00e1d\u011bj\u00ed a a hm, jasn\u011b, bohu\u017eel pro n\u00e1s, no. My v\u00e1m moc r\u00e1d d\u011bkujeme za z\u00e1snu n\u00e1v\u0161t\u011bvu, mysl\u00edm si, \u017ee dneska u\u017e toho v\u00edc nestihneme, tak\u017ee se rozlu\u010d\u00edme s div\u00e1ky, d\u011bkujeme za va\u0161i pozornost a budeme se t\u011b\u0161it v p\u0159\u00ed\u0161t\u00edm d\u00edle po\u0159adu na Palici, kde m\u00e1me p\u0159ipraven\u00e9ho dal\u0161\u00edho zaj\u00edmav\u00e9ho hosta. M\u011bjte se hezky a nashledanou. Nashledanou. M\u011bjte se kr\u00e1sn\u011b, hezk\u00fd ve\u010der.","nbla_serie":"887","nbla_season":"2023","nbla_episode":"12","nbla_duration":"1637.56","nbla_genre":"","nbla_editorial_format":"","nbla_mtime":"1695989543","nbla_url":"https:\/\/origin.a11.cz\/vod\/8cjlf8ze4cw01v5d9kdgaxi7b.mp4","nbla_version":"1695989543","nbla_odvysilano":"Ano","bunny_id":"a181a047-27f8-4afd-9d15-3327e10c0b37","youtube_id":"","datum_vydani":"20230929","stopaz":"1637.56","dokument":[],"video_to":[]},"_links":{"self":[{"href":"https:\/\/tv.a11.cz\/api\/wp\/v2\/video\/11042","targetHints":{"allow":["GET"]}}],"collection":[{"href":"https:\/\/tv.a11.cz\/api\/wp\/v2\/video"}],"about":[{"href":"https:\/\/tv.a11.cz\/api\/wp\/v2\/types\/video"}],"author":[{"embeddable":true,"href":"https:\/\/tv.a11.cz\/api\/wp\/v2\/users\/8"}],"wp:featuredmedia":[{"embeddable":true,"href":"https:\/\/tv.a11.cz\/api\/wp\/v2\/media\/11114"}],"wp:attachment":[{"href":"https:\/\/tv.a11.cz\/api\/wp\/v2\/media?parent=11042"}],"wp:term":[{"taxonomy":"category","embeddable":true,"href":"https:\/\/tv.a11.cz\/api\/wp\/v2\/categories?post=11042"},{"taxonomy":"porad","embeddable":true,"href":"https:\/\/tv.a11.cz\/api\/wp\/v2\/porad?post=11042"},{"taxonomy":"region","embeddable":true,"href":"https:\/\/tv.a11.cz\/api\/wp\/v2\/region?post=11042"},{"taxonomy":"kategorie","embeddable":true,"href":"https:\/\/tv.a11.cz\/api\/wp\/v2\/kategorie?post=11042"}],"curies":[{"name":"wp","href":"https:\/\/api.w.org\/{rel}","templated":true}]}}