{"id":11005,"date":"2023-09-28T19:52:10","date_gmt":"2023-09-28T17:52:10","guid":{"rendered":"https:\/\/tv.a11.cz\/?post_type=video&#038;p=11005"},"modified":"2023-09-27T21:20:50","modified_gmt":"2023-09-27T19:20:50","slug":"a11-zpravy-ctvrtek-28-9-2023","status":"publish","type":"video","link":"https:\/\/tv.a11.cz\/video\/a11-zpravy-ctvrtek-28-9-2023\/","title":{"rendered":"Hlavn\u00ed zpr\u00e1vy \u010dtvrtek 28.9. 2023"},"content":{"rendered":"","protected":false},"excerpt":{"rendered":"<p>V Brn\u011b stav\u00ed ar\u00e9nu za 6 miliard &#8211; Zmaten\u00fd mu\u017e v \u0159ece &#8211; Modern\u00ed aquapark v Kyjov\u011b &#8211; Jiho\u010desk\u00e9 divadlo zah\u00e1jilo sez\u00f3nu<\/p>\n","protected":false},"author":8,"featured_media":11007,"template":"","categories":[17,157],"porad":[212],"region":[218],"kategorie":[],"class_list":["post-11005","video","type-video","status-publish","has-post-thumbnail","hentry","category-domaci","category-zpravy","porad-hlavni-zpravy-a11","region-cela-cr"],"acf":[],"meta_box":{"nbla_idec":"A2300111","nbla_title":"A11 Zpr\u00e1vy","nbla_subtitle":"\u010ctvrtek 28.9. 2023","nbla_summary":"Zpravodajstv\u00ed A11 ze v\u0161ech kout\u016f \u010cesk\u00e9 republiky","nbla_description":"","nbla_transcription":"Kr\u00e1sn\u00fd ve\u010der v\u00e1\u017een\u00ed div\u00e1ci pr\u00e1v\u011b za\u010d\u00ednaj\u00ed a 11 zpr\u00e1vy v\u00edt\u00e1 v\u00e1s u nich Alexandra Pt\u00e1\u010dkov\u00e1. V Brn\u011b za\u010dala stavba ob\u0159\u00ed ar\u00e9ny za bezm\u00e1la 6 miliard korun. V\u00edce\u00fa\u010delov\u00e1 hala vyroste za necel\u00e9 t\u0159i roky. Brno v\u011b\u0159\u00ed, \u017ee vybudov\u00e1n\u00ed miliardov\u00e9ho sportovi\u0161t\u011b p\u0159it\u00e1hne do m\u011bsta mezin\u00e1rodn\u00ed akce. Tady na brn\u011bnsk\u00e9m v\u00fdstavi\u0161ti za\u010dala stavba ob\u0159\u00ed multifunk\u010dn\u00ed haly pro 13 tis\u00edc div\u00e1k\u016f. Slou\u017eit bude prim\u00e1rn\u011b hokejov\u00e9mu klubu Kometa Brno a po\u0159\u00e1d\u00e1n\u00ed akc\u00ed. Ob\u0159\u00ed projekt, kter\u00fd Brno nepamatuje, v\u00fdjde na 6 miliard korun. Hala m\u00e1 podle pl\u00e1nu nab\u00eddnout modern\u00ed z\u00e1zem\u00ed pro kulturn\u00ed, sportovn\u00ed, veletr\u017en\u00ed i kongresov\u00e9 akce. Brn\u011bn\u00e9 a tak\u00e9 dal\u0161\u00ed n\u00e1v\u0161t\u011bvn\u00edci se mohou t\u011b\u0161it, a\u017e se do haly pod\u00edvaj\u00ed a to v roce 2026, proto\u017ee v tomto roce by m\u011bla b\u00fdt hala dokon\u010dena. Ar\u00e9na pojme zhruba 13 tis\u00edc n\u00e1v\u0161t\u011bvn\u00edk\u016f a prim\u00e1rn\u011b bude slou\u017eit z\u00e1pas\u016fm hokejov\u00e9 Komety. Vyu\u017eit\u00ed celkov\u00e9 tohoto prostoru bude na 30 r\u016fzn\u00fdch sportovn\u00edch, kulturn\u00edch, veletr\u017en\u00edch zp\u016fsob\u016f. V\u0161echny tyto informace m\u00e1me zve\u0159ejn\u011bny na webu ar\u00e9na.brno.cz. J\u00e1 jen dopln\u00edm, \u017ee ta zastaven\u00e1 plocha bude zhruba 17 tis\u00edc metr\u016f \u010dtvere\u010dn\u00edch. Z\u00e1rove\u0148 p\u0159i tom nejv\u011bt\u0161\u00edm mo\u017en\u00e9m vyu\u017eit\u00ed ar\u00e9ny se do n\u00ed vlaze zhruba 13 tis\u00edc 300 n\u00e1v\u0161t\u011bvn\u00edk\u016f a v okol\u00ed tak\u00e9 budou vybudov\u00e1ny parkovac\u00ed m\u00edsta, celkem jich bude zhruba 13. Z toho ale necel\u00e1 dvoustovka bude p\u0159\u00edmo v hale. Hala v\u00fdjde na t\u00e9m\u011b\u0159 6 miliard korun. St\u00e1t prost\u0159ednictv\u00edm N\u00e1rodn\u00ed sportovn\u00ed agentury p\u0159ispije 300 milion\u016f. Z rozpo\u010dtu kraje poputuje 200 milion\u016f. M\u011bstsk\u00e1 firma Ar\u00e9na.brno. si na stavbu bere \u00fav\u011br 2,2 miliardy. Na \u00faroc\u00edch zaplat\u00ed 1,7 miliardy. Zbytek, tedy minim\u00e1ln\u011b 3,3 miliardy p\u016fjde z m\u011bstsk\u00e9 kasy. S v\u00fdstavbou Ar\u00e9ny.brno. nesouhlas\u00ed opozice, kter\u00e1 projekt ozna\u010dila za \u010dern\u00fd den pro Brno. Ta na\u0161e kritika Halkov\u00e9ho haly spo\u010d\u00edv\u00e1 v n\u011bkolika v\u011bcech. M\u016f\u017eu za\u010d\u00edt od toho, \u017ee a\u017e se to postav\u00ed, pokud se to postav\u00ed, tak to bude trvale generovat velkou ztr\u00e1tu, proto\u017ee ty p\u0159edpoklady, se kter\u00fdmi oni po\u010dtej\u00ed v n\u011bjak\u00fdch sv\u00fdch ekonomick\u00fdch studi\u00edch, tak jsou postaveny na zcela nere\u00e1ln\u00edch z\u00e1kladech. Tak\u017ee do budoucna to bude stra\u0161n\u011b za\u0165a\u017eovat ten rozpo\u010det. Pak je tady ale ta v\u011bc, \u017ee rozpo\u010det m\u011bsta Brna to neut\u00e1hne, ani\u017e by zru\u0161il v\u0161echny mo\u017en\u00e9 r\u016fzn\u00e9 d\u00e1l\u0161\u00ed stavby. Z t\u00e9 sportovn\u00ed infrastruktury je to nap\u0159\u00edklad lehkoatletick\u00e1 hala. Jinak to jsou z\u00e1le\u017eitosti, jako je rekonstrukce skaly a divadla Bolka Pod\u00edvky, kter\u00e9 se kv\u016fli tomu nebude d\u011blat. M\u011bsto nen\u00ed schopno postavit samo d\u016fm pro seniory, jak p\u00e1n n\u00e1m\u011bstek pro soci\u00e1ln\u00ed oblast Kanadl s\u00e1m \u0159ekl. P\u0159\u00edpadn\u011b je to pozastaven\u00ed kreativn\u00edho centra a m\u00edsta pam\u011bti v b\u00fdval\u00e9 k\u00e1znici a takhle by \u0161lo pokra\u010dovat d\u00e1l. M\u011b by zaj\u00edmalo, \u010d\u00edm ta hala bude v\u00fdjime\u010dn\u011bj\u0161\u00ed, ne\u017e to, co tady m\u00e1me te\u010fka. To by byla asi moje hlavn\u00ed ot\u00e1zka. Jestli to bude pro lidi a jestli to bude pro sp\u011b\u0161n\u00fd, tak ur\u010dit\u011b jsem s t\u00edm. Ale mysl\u00edm si, \u017ee bych to asi pot\u0159eba v\u011bt\u0161\u00ed info, jestli to pro lidi fakt bude. Mysl\u00edm, \u017ee je to super. Je fajn, \u017ee se tady tohle d\u011bl\u00e1 pro lidi, co m\u016f\u017eou sportovat a je fajn, \u017ee se tohle rozr\u016fsta. U\u017e aby to bylo. Ur\u010dit\u011b, ur\u010dit\u011b. A je\u0161t\u011b nav\u00edc parkovn\u00ed m\u00edsta by m\u011bli p\u0159istavit, to by bylo je\u0161t\u011b lep\u0161\u00ed. Ale na halu se t\u011b\u0161\u00edme, budeme chodit na koncerty. U\u017e se t\u011b\u0161\u00edme, a\u017e to bude hotov\u00e9 a to parkovn\u00ed taky m\u011blo by tam nav\u00edc m\u00edst. Asi dobr\u00fd. Asi super to bude, jestli stav\u00ed n\u011bco tak velk\u00fdho. To nic takov\u00e9ho nen\u00ed. Chud\u00e1 ks\u00e1bl\u00edkova. Stavba samotn\u00e9 ar\u00e9ny m\u00e1 v\u00edt na 4,5 miliardy korun a zabere 33 m\u011bs\u00edc\u016f. Z Brna pro televizi A11 Ji\u0159\u00ed V\u00fdner. Policie ve Strakonic\u00edch zachr\u00e1nila mu\u017ee z Otavy. Dezorientovan\u00fd mu\u017e se marn\u011b sna\u017eil dostat z \u0159eky sv\u00e9 pomoc\u00ed. Nesrozumiteln\u011b komunikoval, byl podchlazen\u00fd a siln\u011b op\u011bl\u00fd. Nasledn\u011b si ho do p\u00e9\u010de p\u0159evzala z\u00e1chran\u00e1 slu\u017eba. V dopoledn\u00edch hodin\u00e1ch v sobotu 16. z\u00e1\u0159\u00ed 2023 vyslal opera\u010dn\u00ed d\u016fstojn\u00edk Strakonickou policejn\u00ed hl\u00eddku G\u011bzuna K\u0159emelce, odkud n\u011bjak\u00e1 pad\u00ed odzn\u00e1mila, \u017ee do \u0159eky spadl mu\u017e, nem\u016f\u017ee se dostat na b\u0159eh a ona m\u00e1 obavu o jeho \u017eivot. Tak za\u010d\u00ednala stroh\u00e1 policejn\u00ed zpr\u00e1va, kter\u00e1 n\u00e1s inspirovala pod\u00edvat se na celou ud\u00e1lost bl\u00ed\u017e a vyjeli jsme za policejn\u00ed hl\u00eddkou, kter\u00e1 tehdy slou\u017eila \u010dty\u0159iadvac\u00edtku. My jsme dostali ozn\u00e1men\u00ed o tom, \u017ee tady u jez\u016f je mu\u017e ve vod\u011b a z\u0159ejm\u011b se nem\u016f\u017ee dostat na b\u0159eh. Na to jsme okam\u017eit\u011b vyrazili na m\u00edsto. Kdy\u017e jsme sem p\u0159ijeli, jsme ve vod\u011b uvid\u011bli mu\u017ee, jak chvilkama se sna\u017e\u00ed b\u00fdt na \u010dty\u0159ech, chvilkama se naopak p\u0159et\u00e1\u010d\u00ed na z\u00e1da a pot\u00e1p\u011bl se pod hladinu a pomalu se posouval sm\u011brem k tomu jez\u016f. Tak\u017ee kolega ten nev\u00e1hal, ten b\u011b\u017eel okam\u017eit\u011b do vody za t\u00edm p\u00e1nem, aby ho chytil, aby u\u017e se nemohl d\u00e1le posouvat k jez\u016f nebo mizet pod hladinu. A j\u00e1 jsem b\u011b\u017eela zp\u00e1tky do slu\u017eebn\u00edho vozidla pro \u017eeb\u0159\u00edk, kter\u00fd jsem vlastn\u011b dole u t\u00e9 vody rozlo\u017eila tak, aby sahal do vody, aby se o n\u011bj kolega spole\u010dn\u011b i s t\u00edm p\u00e1nem mohl p\u0159it\u00e1hnout, abych jim potom oboum pomohla na b\u0159eh. P\u00e1na jsme potom vyvedli tady do t\u00e9 meze, on nebyl schopnej samostatn\u011b ani vst\u00e1t, ani chodit, nesrozumiteln\u011b komunikoval a tady se vlastn\u011b dechovou zkou\u0161kou zjistilo, \u017ee m\u011bl 2,31 promile alkoholu v dechu. Byl podchlazen\u00fd, p\u0159ijela pro n\u011bj z\u00e1chranka, aby se ho p\u0159evzali do sv\u00fd p\u00e9\u010de. Nejd\u0159\u00ed\u017e jsme zkou\u0161eli mu\u017ea oslovit, ten mu moc nekomunikoval, tak\u017ee jsem okam\u017eit\u011b se b\u011bh vlastn\u011b dol\u016f, sna\u017eil jsem se ho n\u011bjak\u00fdm zp\u016fsobem zachytit a kolegyn\u011b to teda nev\u00e1hlo. Dob\u011bhlo pro ten \u017eeb\u0159\u00edk, aby jsme ho dok\u00e1zali n\u011bjak\u00fdm zp\u016fsobem dostat ven. U Jezuna K\u0159emelce byl lidsk\u00fd \u017eivot zachr\u00e1n\u011bn d\u00edky z\u00e1sahu dvou\u010dkan\u00e9 policejn\u00ed hl\u00eddky a tak\u00e9 \u017eeny, kter\u00e1 si na prot\u011bj\u0161\u00edm b\u0159ehu v\u0161imla podivn\u00e9ho chov\u00e1n\u00ed mu\u017ee ve vod\u011b a zavolala na linku 158. On by se z t\u00e9 vody pravd\u011bpodobn\u011b s\u00e1m nedostal. Ud\u00e1lost se \u0161\u0165astn\u00fdm koncem pro 56. mu\u017ee z P\u00edsku n\u00e1s zaujala tak\u00e9 proto, \u017ee k ostr\u00e9mu policejn\u00edmu v\u00fdjezdu do\u0161lo nedlouho pot\u00e9, co se ve Strakonic\u00edch uskute\u010dnilo cvi\u010den\u00ed slo\u017eek integrovan\u00e9ho z\u00e1chrann\u00e9ho syst\u00e9mu zam\u011b\u0159en\u00e9 na z\u00e1chranu tonouc\u00edch vod\u00e1k\u016f u P\u011btikolsk\u00e9ho jezu. A p\u0159ece v sobotu 16. z\u00e1\u0159\u00ed bylo n\u011bco jinak. P\u0159ed p\u0159\u00edjezdem policist\u016f u mu\u017ee ve vod\u011b ze stejn\u00e9ho b\u0159ehu sledovali n\u011bjac\u00ed lid\u00e9, z nich nikdo nepomohl. Kyjov dokon\u010dil nejv\u011bt\u0161\u00ed investi\u010dn\u00ed stavbu v historii m\u011bsta. Nov\u00fd aquapark. Jeho v\u00fdstavba trvala t\u00e9m\u011b\u0159 dva roky. Lid\u00e9 ho mohli poprv\u00e9 vyzkou\u0161et v pond\u011bl\u00ed 25. z\u00e1\u0159\u00ed, kdy do\u0161lo na slavnostn\u00ed otev\u0159en\u00ed. Kyjov m\u00e1 za sebou otev\u0159en\u00ed nov\u00e9ho aquacentra. Ke slavnostn\u00edmu p\u0159est\u0159\u00ed\u017een\u00ed p\u00e1sky do\u0161lo v pond\u011bl\u00ed 25. z\u00e1\u0159\u00ed. A mo\u017enost prohl\u00e9dnout si are\u00e1l, ale i vyzkou\u0161et si slu\u017eby a nab\u00eddku nejmodern\u011bj\u0161\u00edho aquaparku nejen na Hodod\u00ednsku, si nenechali uj\u00edt des\u00edtky lid\u00ed. M\u00e1me tam vlastn\u011b plaveck\u00fd baz\u00e9n, m\u00e1me tam z\u00e1\u017eitkovou z\u00f3nu, z\u00e1bavn\u00ed z\u00f3nu, kde m\u00e1me vlastn\u011b n\u011bjakej z\u00e1\u017eitkovej baz\u00e9n se spoustou prvk\u016f. Je tam brouzdali\u0161t\u011b, je tam tobog\u00e1n \u00fa\u017easn\u00fd a potom m\u00e1me z\u00f3nu 3, a to je vlastn\u011b saunov\u00fd sv\u011br, kde m\u00e1me p\u011bt kr\u00e1sn\u00fdch saun, n\u011bjak\u00e9 odpo\u010d\u00ednkov\u00e9 m\u00edstnosti, ochlazovac\u00ed baz\u00e9n, z\u00e1\u017eitkov\u00e9 sprchy atd. Krom\u011b finsk\u00e9, tureck\u00e9, tropick\u00e9, soln\u00e9 a aromasauny nab\u00edz\u00ed are\u00e1l 25 metr\u016f dlouh\u00fd plaveck\u00fd baz\u00e9n s p\u011bti drahami. P\u0159edev\u0161\u00edm d\u011bti si pak jist\u011b u\u017eij\u00ed j\u00edzdu na 75 metr\u016f dlouh\u00e9m tobog\u00e1nu. V z\u00e1\u017eitkov\u00e9m baz\u00e9nu jeho stabiln\u00ed teplota je 32 stup\u0148\u016f, najdete mas\u00e1\u017en\u00ed trysky i chrli\u010de. Nechyb\u00ed ani v\u00fd\u0159ivka. Kapacita are\u00e1lu je 220 lid\u00ed. T\u0159i z\u00f3ny nab\u00eddnou i \u0161irokou \u0161k\u00e1lu ob\u010derstven\u00ed. Zat\u00edmco v p\u0159\u00edzem\u00ed baz\u00e9nov\u00e9ho gastrobaru najdete nap\u0159\u00edklad obl\u00edben\u00e9 hranolky, ale i sal\u00e1ty, menu saunabaru v prvn\u00edm pat\u0159e nab\u00eddne v\u00edce ovoce a leh\u010d\u00edch j\u00eddel, kter\u00e1 jsou po saunov\u00e1n\u00ed vhodn\u00e1. Vychutnat si je m\u016f\u017eete t\u0159eba na t\u0159ech venkovn\u00edch teras\u00e1ch. N\u00e1klady jsou zhruba 325 milion\u016f bez DPH, v\u010detn\u011b v\u0161ech subdod\u00e1vek a dal\u0161\u00edch v\u00edcen\u00e1klad\u016f, kter\u00e9 se v pr\u016fb\u011bhu objevily. Ta stavba samotn\u00e1 trvala zhruba dva roky, p\u0159edt\u00edm zhruba dva a\u017e t\u0159i roky p\u0159\u00edpravy, proto\u017ee jsme sout\u011b\u017eili design buildem, co\u017e n\u00e1m u\u0161et\u0159ilo spoustu pen\u011bz a opravdu zhruba t\u011bch p\u011bt let se na tom intenzivn\u011b makalo od studie a\u017e po samotn\u00e9 zhotoven\u00ed. P\u0159\u00edzniv\u00e9 jsou tak\u00e9 ceny. V t\u00fddnu za hodinu v prvn\u00ed, tedy baz\u00e9nov\u00e9 z\u00f3n\u011b zaplat\u00edte 100 korun. Z\u00e1bavn\u00ed z\u00f3na v\u00fdjde na 220 korun za hodinu a p\u016fl a je v n\u00ed i vstup do baz\u00e9n\u016f. Saunov\u00fd sv\u011bt si m\u016f\u017eete vychutnat za 280 korun na hodinu a p\u016fl a otev\u0159en\u00e9 v\u00e1m za tuto cenu budou i ostatn\u00ed z\u00f3ny. U v\u00edkendu se \u010d\u00e1stka zvy\u0161uje o 30 korun, slevu maj\u00ed studenti a seniori. Nejv\u011bt\u0161\u00ed stavba v historii m\u011bsta Kyjova si zaslou\u017e\u00ed pod\u011bkov\u00e1n\u00ed t\u011bm, kte\u0159\u00ed p\u0159iro\u017eili ruku k d\u00edlu. Od t\u011bch jednotlivc\u016f samoz\u0159ejm\u011b a\u017e po ty stovky lid\u00ed, kte\u0159\u00ed se tady za ty t\u0159i roky takto vyst\u0159\u00eddali. J\u00e1 si dovol\u00edm pod\u011bkovat jednomu \u010dlov\u011bkovi, kter\u00fd to m\u011bl takto za hrbem, a to je m\u00edsto starosta m\u011bsta Daniel \u010cmel\u00edk. Jemu se samoz\u0159ejm\u011b hod\u00ed to nejv\u011bt\u0161\u00ed pod\u011bkov\u00e1n\u00ed s t\u00edm, \u017ee koordinoval celou tady tuto velmi slo\u017eitou a t\u011b\u017ekou agendu. Samoz\u0159ejm\u011b panu architektovi Navr\u00e1tilovi, metrostavu jako dodavateli stavy a v\u0161em t\u011bm dal\u0161\u00edm, \u0159\u00edk\u00e1m stovky lidem, kte\u0159\u00ed tady ka\u017ed\u00fd den takto byli, proto aby my jsme ty dal\u0161\u00ed des\u00edtky let si tady takto mohli u\u017e\u00edvat. J\u00e1 pevn\u011b v\u011b\u0159\u00edm, \u017ee v\u0161em, kte\u0159\u00ed sem takto p\u0159ijdou, se to bude l\u00edbit, \u017ee tu najdou odpo\u010dinek, relaxaci, \u017ee tu nab\u00eddou energii, tak, aby v tom Kijov\u011b se \u017eilo zase o n\u011bco l\u00e9pe. Nov\u00fd aquapark najdete na ulici Mezi vod\u00ed v sousedstv\u00ed nov\u00e9ho venkovn\u00edho koupali\u0161t\u011b na okraji m\u011bstsk\u00e9ho parku. Otev\u0159en\u00fd je denn\u011b do 21 hodin. Starostov\u00e9 z Letom\u011b\u0159icka se se\u0161li s veden\u00edm \u00dasteck\u00e9ho kraje. Takzvan\u00e9ho Dnes \u00dasteck\u00fdm krajem se z\u00fa\u010dastnilo na 60 z nich. Spole\u010dn\u011b \u0159e\u0161ili p\u0159edev\u0161\u00edm to, co starosty v m\u00edst\u011b zaj\u00edm\u00e1 a tr\u00e1p\u00ed. V s\u00e1le Letom\u011b\u0159ick\u00e9ho hradu se konal den s \u00dasteck\u00fdm krajem. Uj\u00edt se ho nenechalo zhruba 60 starost\u016f a m\u00edsto starost\u016f obc\u00ed a m\u011bst Letom\u011b\u0159ick\u00e9ho okresu. Na jejich ot\u00e1zky byli na m\u00edst\u011b p\u0159ipraveni reagovat jak hejtman \u00dasteck\u00e9ho kraje Jan \u0160iller, jeho n\u00e1m\u011bstci a kraji\u0161t\u00ed radn\u00ed, tak i p\u0159\u00edtomn\u00ed vedouc\u00ed odboru krajsk\u00e9ho \u00fa\u0159adu. Za m\u011bsta Letom\u011b\u0159ice se jedn\u00e1n\u00ed z\u00fa\u010dastnila m\u00edsto starostka Alena Ro\u0161cov\u00e1, m\u00edsto starosta Ji\u0159\u00ed Ad\u00e1mek a starosta Radek L\u00e9vy. Tam je obrovsk\u00e1 v\u00fdhoda v tom, \u017ee starostov\u00e9 p\u0159edev\u0161\u00edm t\u011bch men\u0161\u00edch obc\u00ed jsou neuvoln\u011bn\u00ed a chod\u00ed toho starostu nebo starostku vykon\u00e1vat a\u017e po sv\u00e9 pr\u00e1ci n\u011bkde ve\u010der. A pak samoz\u0159ejm\u011b t\u011b\u017ek\u00e1 komunikace a t\u011b\u017ek\u00e9 sh\u00e1n\u011bn\u00ed lid\u00ed na krajsk\u00e9m \u00fa\u0159ad\u011b, kte\u0159\u00ed samoz\u0159ejm\u011b u\u017e maj\u00ed po sv\u00e9 pracovn\u00ed dob\u011b. Tak\u017ee tohle byla jedine\u010dn\u00e1 mo\u017enost sly\u0161et p\u0159edstavy kraje v jednotliv\u00fdch oblastech, kam ten kraj cht\u011bj\u00ed sm\u011b\u0159ovat, jak\u00e9 dota\u010dn\u00ed tituly jsou vytpisov\u00e1ny, kde se ty obce m\u016f\u017eou dovolat n\u011bjak\u00fdch informac\u00ed, kde z\u00edskat finance. A byla tady obrovsk\u00e1 mo\u017enost starost\u016f, starostek, ale i ve\u0159ejnosti zeptat se na konkr\u00e9tn\u00ed v\u011bci, kter\u00e9 je zaj\u00edmaj\u00ed. Na setk\u00e1n\u00ed se \u0159e\u0161ila p\u0159ipravovan\u00e1 v\u00fdstavba vysokorychlostn\u00ed trati, problematika aktivn\u00edch z\u00e1plavov\u00fdch z\u00f3n, ale tak\u00e9 roz\u0161\u00ed\u0159en\u00ed soci\u00e1ln\u00edch slu\u017eeb do\u0161lo i na Lapskou stezku. J\u00e1 jsem p\u0159i\u0161el s jedn\u00edm hlavn\u00edm c\u00edlem a to byl ten rozpohybovat dokon\u010den\u00ed cyklostezky Lapsk\u00fd, kter\u00e1 se \u010dasto pova\u017euje za dokon\u010denou, ale dokon\u010den\u00e1 nen\u00ed. M\u00e1m p\u0159\u00edslip teda od rady m\u011bsta, \u017ee se potk\u00e1me nad t\u00edm, ud\u011bl\u00e1me m\u00edstn\u00ed \u0161et\u0159en\u00ed a snad se to n\u011bjak\u00fdm zp\u016fsobem rozhejbe. A n\u011bkter\u00e9 \u00faseky nejsou asi \u00fapln\u011b v po\u0159\u00e1dku. J\u00e1 jsem o n\u011bkter\u00fdch v\u011bd\u011bl, ale zjistil jsem, \u017ee by kraj mohl se na tom pod\u00edlet. Tak\u017ee jsme se domluvili s pan\u00ed starostkou a s panem m\u00edstostarostou, \u017ee p\u0159\u00ed\u0161t\u00ed t\u00fdden zajedu na to m\u00edsto p\u0159\u00edmo na kole, vemu sebu n\u011bjak\u00e9 \u00fa\u0159edn\u00edky a pokus\u00edme se naj\u00edt \u0159e\u0161en\u00ed. J\u00e1 na ho neslibuji to \u0159e\u0161en\u00ed, proto\u017ee \u00fasteck\u00fd kraj m\u016f\u017ee investovat jen do majetku, kter\u00fd je jeho. To je ten nejv\u011bt\u0161\u00ed probl\u00e9m. A pr\u00e1v\u011b ta inkrimin\u00e1ln\u00e1 silnice v majetku v obce \u017dalostice, my vlastn\u011b nev\u00edme p\u0159esn\u011b, jak\u00fdm zp\u016fsobem se do toho zapojit. Ale n\u011bjak\u00e9 \u0159e\u0161en\u00ed jsme na\u0161li, bylo to velmi p\u0159\u00edjemn\u00e9 popov\u00edd\u00e1n\u00ed. J\u00e1 v\u011b\u0159\u00edm, \u017ee to c\u00edt\u00ed jako probl\u00e9my taky. Tak jestli u\u017e jsme se dostali zajed na c\u00edstu, tak si mysl\u00edm, \u017ee n\u011bjak\u00e9 \u0159e\u0161en\u00ed najdeme. Podobn\u00e1 setk\u00e1n\u00ed s p\u0159edstaviteli \u00fasteck\u00e9ho kraje se v leto\u0161n\u00edm roce konala postupn\u011b ve v\u011bt\u0161in\u011b okres\u016f \u00fasteck\u00e9ho kraje. V \u0159\u00edjnu bude posledn\u00edm m\u00edstem kon\u00e1n\u00ed \u00dast\u00ed nad Labem. Jiho\u010desk\u00e9 divadlo odstartovalo novou sezonu. A p\u0159ed sebou m\u00e1 mnoho pl\u00e1n\u016f. M\u00edstn\u00ed um\u011blce \u010dek\u00e1 15. premi\u00e9r. Novinky chyst\u00e1 i ateli\u00e9r 3D. Hned prvn\u00ed nov\u00e1 inscenace bude tzv. site-specific. Div\u00e1ky toti\u017e pozve do prostor mal\u00e9ho pivovaru Budvaru. Jiho\u010desk\u00e9 divadlo vstupuje do sv\u00e9 104. sezony. Um\u011bleck\u00e9 soubory uvedou 15. premi\u00e9r. Z toho jednu p\u0159ed ot\u00e1\u010div\u00fdm hledi\u0161t\u011bm v \u010cesk\u00e9m Krumlov\u011b. Nebudou chyb\u011bt ani novinky ateli\u00e9ru 3D \u010cinohra. V n\u00e1s \u010dekaj\u00ed dal\u0161\u00ed dva projekty, kter\u00fdmi u\u017e jako v\u00fdjdeme ven z na\u0161ich budov. Prvn\u00ed bude m\u00edt premi\u00e9ru p\u0159ed V\u00e1noci. Je to sv\u011btov\u00e1 premi\u00e9ra nov\u00e9 \u010desk\u00e9 komedie, kter\u00e1 vznikla p\u0159\u00edmo pro jiho\u010desk\u00e9 divadlo. Napsala ji tedy zav\u011bdeck\u00e1 re\u017eirovatelka Zuzana Boryanov\u00e1 a jmenuje se to Velk\u00e1 vodn\u00ed loupe\u017e. Jde o takov\u00fd p\u0159\u00edb\u011bh z alternativn\u00ed sou\u010dasnosti, kde parta fanou\u0161k\u016f budvaru mus\u00ed zachr\u00e1nit budvar, kter\u00e9mu doch\u00e1z\u00ed voda t\u00edm, \u017ee vodu ukradne v plze\u0148sk\u00e9m pivovaru. Tak bude to ve snem docela velk\u00e1 \u0161vanda a chyst\u00e1me to jako side specific produkci, tak\u017ee to budeme skute\u010dn\u011b hr\u00e1t ve spolupr\u00e1ci s budvarem v jejich mal\u00e9m pivovaru, v pobl\u00ed\u017e divadla v ulici Karla IV. A pak n\u00e1s \u010dek\u00e1 po n\u011bjak\u00e9 dob\u011b del\u0161\u00ed zase nov\u00e1 premi\u00e9ra \u010dinohry na ot\u00e1\u010dev\u00e9m hledi\u0161ti v \u010cesk\u00e9m Krumluv\u011b. To bude klasick\u00fd titul podle Jane Austenov\u00e9 Rozum a cit. Velk\u00e1 anglick\u00e1 romance ze za\u010d\u00e1tku 19. stolet\u00ed o l\u00e1sce o zrad\u011b, o takov\u00e1 star\u00e1 dobr\u00e1 Anglie se v\u0161\u00edm v\u0161udy. Na podzim je to Den\u00edk P\u0159\u00e1n\u00ed, je to jednoaktov\u00fd balet nebo tane\u010dn\u00ed divadlo chcete-li v choreografii a re\u017eii Adama Sojky, kter\u00fd tak\u00e9 tvo\u0159\u00ed hudbu a je to p\u016fvodn\u00ed v\u011bc, kter\u00e1 vznik\u00e1 pro n\u00e1\u0161 soubor, za co\u017e jsem velice r\u00e1d. Dal\u0161\u00ed premi\u00e9rou je Julie a Romeo od tv\u016frc\u016f Ond\u0159e Vinkl\u00e1ta, Tom\u00e1\u0161a Rycheck\u00e9ho a re\u017eisera Dodo Gomb\u00e1ra. Leto\u0161n\u00ed sezona bude ve znamen\u00ed vstupu do roku \u010desk\u00e9 hudby, kdy oslav\u00edme v\u00fdro\u010dn\u00ed mnoha v\u00fdznamn\u00fdch \u010desk\u00fdch skladatel\u016f. Sezonu otev\u0159e takzvan\u00fd nev\u00fdchodn\u00fd koncert, co\u017e je hodinov\u00fd projekt pro nejmlad\u0161\u00ed div\u00e1ky, kter\u00fd bude velmi z\u00e1bavnou show, ve kter\u00e9 se propoj\u00ed hledi\u0161t\u011b s jevi\u0161t\u011bm. Prvn\u00ed velkou premi\u00e9rou bude sv\u011btov\u00e1 premi\u00e9ra opery Komensk\u00fd od Jana Jir\u00e1ska, co\u017e je opera, kter\u00e1 vznikla na objedn\u00e1vku jeho \u010desk\u00e9ho divadla. Roky 2023-2024 p\u0159ekleneme kr\u00e1sn\u00fdm projektem Operetta Gala, se kter\u00fdm vystoup\u00edme jak na silvestra, tak na nov\u00fd rok. M\u00e1me p\u0159ipraven\u00e9 \u010dty\u0159i nov\u00e9 inscenace, nov\u00e9 premi\u00e9ry pro v\u0161echny v\u011bkov\u00e9 kategorie a pokud bych m\u011bl n\u011bjakou vyp\u00edchnout, tak t\u0159eba, \u017ee na zimu, na adventn\u00ed obdob\u00ed zase vrac\u00edme velmi \u00fasp\u011b\u0161nou, obnovenou premi\u00e9ru Je\u017e\u00ed\u0161ek Superstar, inscenace, kter\u00e1 je velmi popul\u00e1rn\u00ed, tak\u017ee tu vrac\u00edme na 20 p\u0159edstaven\u00ed a pak taky sez\u00f3n\u00ed zase letn\u00ed inscenaci, kter\u00e1 se bude odehr\u00e1vat na Parn\u00edku, tak bych cht\u011bl pozvat div\u00e1ky, bude to takov\u00e1 parafr\u00e1ze Odisea a antick\u00fdch m\u00edt\u016f, bude se to jmenovat Jeho \u010desk\u00e1 Odisea a pojedeme tady z \u010desk\u00fdch Bod\u011bjovic p\u0159es Hlubokou a\u017e do Purkarce. Ukrajinsk\u00e1 poleorn\u00e1 a v\u00e1le\u010dn\u00e1, tak se jmenuje v\u00fdstava, kter\u00e1 za\u010dala 25. z\u00e1\u0159\u00ed v ostravsk\u00e9 pobo\u010dce N\u00e1rodn\u00edho zem\u011bd\u011blsk\u00e9ho muzea. Ruskou invazy do t\u00e9to zem\u011b n\u00e1m p\u0159ibli\u017euje ze zcela jin\u00e9ho \u00fahlu, ne\u017e je v m\u00e9di\u00edch b\u011b\u017en\u00e9. V\u00e1lku na Ukrajin\u011b zn\u00e1 naprost\u00e1 v\u011bt\u0161ina z n\u00e1s jen z televizn\u00edch zpr\u00e1v. V\u00fdstava Ukrajinsk\u00e1 poleorn\u00e1 a v\u00e1le\u010dn\u00e1 n\u00e1m ji p\u0159ibli\u017euje doslova na dotek. Tady p\u0159\u00edmo za mnou stoj\u00ed kombajn zna\u010dky John Deere, ten jsme p\u0159ivezli z obce Luka\u0161ivka, kousek od \u010cernihivu, severo-v\u00fdchodn\u011b od Kijeva. Hned p\u0159ed n\u00edm stoj\u00ed traktor model Belarus a vlevo se\u010dka Amazon. V\u0161echny tyhle expon\u00e1ty byly zasa\u017eeny ruskou d\u011blost\u0159eleckou nebo raketovou palbou a scho\u0159ely. Z panelu si m\u016f\u017eeme ud\u011blat p\u0159edstavu, jak kl\u00ed\u010dov\u00fd v\u00fdznam zem\u011bd\u011blstv\u00ed m\u011bl nejen pro Ukrajinu, ale i pro mnoho dal\u0161\u00edch zem\u00ed, kter\u00fdm dod\u00e1vala svou produkci. A p\u0159edev\u0161\u00edm vid\u00edme, jak tento \u017eivotn\u011b d\u016fle\u017eit\u00fd sektor zas\u00e1hla v\u00e1lka. Jsme se pr\u00e1v\u011b sna\u017eili uk\u00e1zat, \u017ee to po\u0161kozov\u00e1n\u00ed zem\u011bd\u011blsk\u00e9 krajiny, zem\u011bd\u011blsk\u00e9 p\u016fdy, kter\u00e1 je zam\u011bnovan\u00e1 v sou\u010dasn\u00e9 dob\u011b na \u00farovni trojn\u00e1sobk\u016f rozlohy \u010cesk\u00e9 republiky, a po\u0161kozov\u00e1n\u00ed zem\u011bd\u011blsk\u00e9 techniky bezd\u016fvodn\u00e9 je sou\u010d\u00e1st hybridn\u00ed v\u00e1lky, ve kter\u00e9 se ocit\u00e1me i my, nen\u00ed to jin\u00fd v\u011bc, kter\u00e1 se n\u00e1s net\u00fdk\u00e1. Z\u00e1\u017eitek n\u00e1v\u0161t\u011bvn\u00edk\u016f je\u0161t\u011b umoc\u0148uje virtu\u00e1ln\u00ed realita. Dva z t\u011bch stroj\u016f, kombajn a traktor, jsou k nepozn\u00e1n\u00ed od toho p\u016fvodn\u00edho stavu. Tak\u017ee jsme n\u00e1v\u0161t\u011bvn\u00edk\u016fm cht\u011bli p\u0159ibl\u00ed\u017eit, jak ty stroje vypadaly, aby pochopili, \u017ee ten rezav\u00fd \u0161rot je p\u016fvodn\u011b zelen\u00fd kombajn americk\u00e9 produkce a ten traktor byl \u010derv\u011bn\u00fd, poch\u00e1zel z B\u011bloruska. Morosv\u011btsk\u00fd kraj u\u017e od vzniku tohoto muzea podporuje tematick\u00e9 v\u00fdstavy a v\u016fbec provoz tohoto dan\u00e9ho muzea. A jsem r\u00e1d, \u017ee toto muzeum se v\u011bnuje i tematicky v\u00fdst\u00e1v\u00e1m, t\u0159eba takto v\u00fdstava, kter\u00e1 aktu\u00e1ln\u011b upozor\u0148uje na v\u011bci, kter\u00e9 se d\u011bjou p\u00e1r set kilometr\u016f za na\u0161imi ranicemi. Muzeum star\u00fdch stroj\u016f a technologi\u00ed v \u017damberku m\u00e1 nov\u00fd kab\u00e1t. Pro n\u00e1v\u0161t\u011bvn\u00edky je nov\u011b p\u0159\u00edstupn\u00e9 v pravideln\u00e9 otev\u00edrac\u00ed dob\u011b. Pardubick\u00fd kraj nav\u00edc na sobotu 7. \u0159\u00edjna p\u0159ipravuje oslavy 150 let od zprovozn\u011bn\u00ed n\u011bkdej\u0161\u00ed moravsk\u00e9 pohrani\u010dn\u00ed dr\u00e1hy. A to ve spolupr\u00e1ci s muzeem a s \u010desk\u00fdmi drahami. Jako prvn\u00ed m\u011bly mo\u017enosti zrekonstruovan\u00e9 prostory b\u00fdval\u00e9 \u017dambersk\u00e9 textiln\u00ed tov\u00e1rny von Willer prohl\u00e9dnout pozvan\u00ed host\u00e9. Cel\u00fd projekt se realizoval b\u011bhem posledn\u00edch 14 let. Se n\u00e1m poda\u0159ilo te\u010fka dokon\u010dit expozice zejm\u00e9na zam\u011b\u0159en\u00e9 na textil, tak\u017ee m\u00e1me tady vlastn\u011b tkalcovnu a p\u0159\u00e1delnu. Ve tkalcovni dokonce jsou p\u0159ipraveny n\u011bjak\u00e9 uk\u00e1zky historick\u00e9 techniky a poda\u0159ilo se dokon\u010dit \u010dty\u0159i strojovny stacion\u00e1rn\u00edch motor\u016f. Tady se mohou lid\u00e9 sv\u00e9zt s parn\u00edm vlakem, ale industri\u00e1ln\u00edm, to znamen\u00e1 s men\u0161\u00ed lokomotivou, s men\u0161\u00edmi vozy. Na druhou stranu mohou vid\u011bt i celou \u0159adu r\u016fzn\u00fdch p\u0159\u00edstroj\u016f, poh\u00e1n\u011bn\u00fdch h\u0159\u00eddel\u00ed. Dal\u0161\u00ed den u\u017e kr\u00e1su stroj\u016f mohla obdivovat i ve\u0159ejnost. Zat\u00edmco doposud bylo muzeum p\u0159\u00edstupn\u00e9 pouze b\u011bhem dn\u016f otev\u0159en\u00fdch dve\u0159\u00ed nebo po p\u0159edchoz\u00ed telefonick\u00e9 domluv\u011b, nov\u011b do n\u011bho mohou n\u00e1v\u0161t\u011bvn\u00edci zav\u00edtat v pravidelnou otev\u00edrac\u00ed dobu. Rekonstrukce byla financov\u00e1na z programu Interreg 5A v r\u00e1mci \u010ceskopolsk\u00e9 p\u0159ir\u00e1di\u010dn\u00ed spolupr\u00e1ce a celkov\u00e9 dofinancov\u00e1n\u00ed u na\u0161eho partnera, my jsme byli hlavn\u00ed partner, se pohybovalo kolem 30 milion\u016f korun. Partnery projektu jsou Polska nadat se na ochranu pr\u016fmyslov\u00e9ho d\u011bdictv\u00ed Slezska a m\u011bsto \u017damberg. Jako \u017damber\u00e1ci si toho samoz\u0159ejm\u011b moc v\u00e1\u017e\u00edme, tak\u017ee v\u011bt\u0161ina z n\u00e1s si pamatuje, jak ten objekt tady vypadal tak\u0159ka p\u0159ed dek\u00e1dou. Velk\u00fdm podporovatelem muzea je i Pardubick\u00fd kraj. Jsme podpo\u0159ili n\u011bkolik d\u00edl\u010d\u00edch rekonstrukc\u00ed a obnov a z\u00e1rove\u0148 tak\u00e9 rekonstrukce a restaurov\u00e1n\u00ed historick\u00fdch voz\u016f, kter\u00e9 jsou nasazov\u00e1ny pr\u00e1v\u011b na Kralick\u00fd sn\u011b\u017en\u00edk, tak\u017ee t\u011bch aktivit je velmi mnoho. P\u0159\u00edznivci historick\u00fdch parn\u00edch stroj\u016f by si do sv\u00fdch leto\u0161n\u00edch kalend\u00e1\u0159\u016f m\u011bli zapsat datum 7. \u0159\u00edjna. Tuto sobotu v Doln\u00ed Lipce prob\u011bhnou oslavy 150 let od zah\u00e1jen\u00ed provozu na moravsk\u00e9 pohrani\u010dn\u00ed dr\u00e1ze. P\u0159\u00edmo na m\u00edst\u011b se sjedou ze \u010dty\u0159 sm\u011br\u016f \u010dty\u0159iparn\u00ed lokomotivy a to ve spolupr\u00e1ci s \u010desk\u00fdmi drahami Muzeum star\u00fdch stroj\u016f a technologi\u00ed. T\u011b\u0161it se m\u016f\u017eete na lokomotivu N\u011bmku. Pojede z Pardubick p\u0159es Hradec Kr\u00e1lov\u00e9, ty dne\u0161n\u00ed nad Orlic\u00ed do Doln\u00ed Lipky a druh\u00e1 men\u0161\u00ed lokomotiva Ventilovka, tak ta se vyd\u00e1 na zav\u0159enou a neprovozovanou tra\u0165 a\u017e do \u0161t\u00edtu. Z \u010desk\u00e9 T\u0159ebov\u00e9 p\u0159es \u00fastina Dodlici a\u017e do Doln\u00ed Lipky n\u00e1v\u0161t\u011bvn\u00edky poveze Velk\u00fd Bej\u010dek. Rosni\u010dka sveze cestuj\u00edc\u00ed z Olomouce p\u0159es z\u00e1b\u0159eh na Morav\u011b a \u0160umperk. Dal\u0161\u00ed lokomotivy, tentokr\u00e1t u\u017e statick\u00e9, na v\u00e1s budou \u010dekat p\u0159\u00edmo v Doln\u00ed Lipce, kde bude rovn\u011b\u017e p\u0159ipraven bohat\u00fd doprovodn\u00fd program. V Terez\u00edn\u011b v prostoru Cavaliere 2 prob\u011bhla v po\u0159ad\u00ed druh\u00e1 v\u00fdstava zv\u00ed\u0159at. Byl jich tzv. Pln\u00fd dvorek. N\u00e1v\u0161t\u011bvn\u00edky ale tak\u00e9 \u010dekal zaj\u00edmav\u00fd program, jak obsan\u00ed brkem, v\u00fdroba ove\u010dky nebo bohat\u00e1 tombola. Cavaliere 2 v Terez\u00edn\u011b zaplnili kr\u00e1l\u00edci Holuby a Dr\u016fbe\u017e. Na dvo\u0159e objektu toti\u017e u\u017e po druh\u00e9 vystavoval \u010cesk\u00fd svaz chovatel\u016f, z\u00e1kladn\u00ed organizace Bohu\u0161ovice nad Oh\u0159\u00ed Terez\u00edn. Pro ve\u0159ejnost byla v\u00fdstava otev\u0159ena o v\u00edkendu 16. a 17. z\u00e1\u0159\u00ed. Chovatel\u00e9 se ale v objektu pohybovali u\u017e od \u010dtvrtka a v p\u00e1tek ukazovali zv\u00ed\u0159ata d\u011btem ze \u0161kolek. Poslouzovalo se 99 holub\u016f, 94 kr\u00e1l\u00edk\u016f a 25 voli\u00e9r Dr\u016fbe\u017ee. Z toho bylo 22 hrabav\u00e9 a dv\u011b vodn\u00ed. Dohromady vystavilo 41 vystavovatel\u016f, z toho 6 mlad\u00fdch chovatel\u016f. Tato v\u00fdstava je vlastn\u011b te\u010f za podpory sdru\u017een\u00ed Terez\u00edn M\u011bsto zm\u011bny. My jsme toti\u017e d\u0159\u00edve byli v Bohu\u0161ovic\u00edch, ale jeliko\u017e u\u017e jsme tam nem\u011bli prostor, kde bychom mohli vystavovat, tak jsme se dohodli se sdru\u017een\u00edm Terez\u00edn M\u011bsto zm\u011bny a jsme za to r\u00e1di. Douf\u00e1m, \u017ee tato spolupr\u00e1ce vydr\u017e\u00ed i dal\u0161\u00ed roky. Chovatel\u00e9 Nejl\u00e9pe hodnocen\u00fd zv\u00ed\u0159at na z\u00e1v\u011br v\u00fdstavy obdr\u017eeli ceny. V\u0161ichni mlad\u00ed chovatele nav\u00edc pro sv\u00e9 sv\u011b\u0159ence z\u00edskali krmivo. Bohu\u0161ovick\u00fd svaz douf\u00e1, \u017ee symbolick\u00e1 odm\u011bna bude mlad\u00e9 lidi motivovat, aby chovatelstv\u00ed nevzd\u00e1vali a pokra\u010dovali v pr\u00e1ci. Bylo n\u00e1s 18 \u010dlen\u016f, ale jeliko\u017e u\u017e jsme v\u011bt\u0161inou postar\u0161\u00edho v\u011bku, tak n\u00e1s ub\u00fdv\u00e1, proto\u017ee jsou nemoci nebo u\u017e to nezvl\u00e1daj\u00ed. T\u00edmto bych cht\u011bla apelovat na n\u011bkoho, kdo by m\u011bl chu\u0165 vyskou\u0161et chovatelstv\u00ed a p\u0159ihl\u00e1sit se k n\u00e1m do organizace, aby to zkusil. Budeme r\u00e1di za ka\u017ed\u00e9ho \u010dlena, ale je pravda, \u017ee tak\u00e9 se u n\u00e1s mus\u00ed tro\u0161ku pracovat, hlavn\u011b o tu v\u00fdstavu, kdy se stav\u00ed klece, pak se tady p\u0159i tom budov\u00e1n\u00ed nos\u00ed zv\u00ed\u0159ata nebo se zapisuje, ale to se v\u0161echno \u010dlov\u011bk nau\u010d\u00ed. My, kdy\u017e po\u0159\u00e1d\u00e1me v\u00fdstavu a p\u0159ihl\u00e1s\u00ed se n\u00e1m mlad\u00fd chovatel, tak neplat\u00ed klecn\u00e9 a potom je\u0161t\u011b dostane tu podporu, vlastn\u011b i kdy\u017e nic nevyhraje, tak dostane pytel krmen\u00ed a takov\u00fd men\u0161\u00ed p\u0159\u00edsp\u011bvek, aby to chovatelstv\u00ed d\u00e1le provozoval. V\u00fdstava na dvo\u0159e Kaval\u00edru 2 prob\u011bhla za podpory mnoha sponsor\u016f. Hlavn\u011b bych cht\u011bla pod\u011bkovat za spolupr\u00e1ci s dru\u017een\u00ed Terez\u00edn M\u011bsto zm\u011bny, potom Kalichu, kter\u00fd n\u00e1s podpo\u0159il, to je n\u00e1da\u010dn\u00ed fond z Litom\u011b\u0159ic, i m\u011bsto Bohu\u0161ovice n\u00e1s podporuje d\u00e1le, i kdy\u017e u\u017e tam nejsme, ale \u017ee po\u0159\u00e1d polovina \u010dlen\u016f je z Bohu\u0161ovic, z m\u011bsta, tak\u017ee n\u00e1m po\u0159\u00e1d d\u00e1v\u00e1 n\u011bjak\u00fd p\u0159\u00edsp\u011bvek, za to jsme jim tak\u00e9 vd\u011b\u010dn\u00ed. V\u00fdstavu bohu\u0161ovick\u00fdch chovatel\u016f v Terez\u00edn\u011b podpo\u0159ili tak\u00e9 drubn\u00ed farm\u00e1\u0159i a p\u011bstitele v okol\u00ed, kte\u0159\u00ed zv\u00ed\u0159at\u016fm poskytli ovoce a zeleninu. A11 spr\u00e1vy kon\u010d\u00ed, ale vy z\u016fsta\u0148te s n\u00e1mi. U\u017e za malou chv\u00edli v\u00e1s \u010dek\u00e1 dal\u0161\u00ed zaj\u00edmav\u00fd program. Kr\u00e1sn\u00fd ve\u010der.","nbla_serie":"525","nbla_season":"2023","nbla_episode":"111","nbla_duration":"1514.6","nbla_genre":"3.1.1.1","nbla_editorial_format":"2.1.1","nbla_mtime":"1695833031","nbla_url":"https:\/\/origin.a11.cz\/vod\/91oggf0khu38yty1c3yvav4aw.mp4","nbla_version":"1695833018","nbla_odvysilano":"Ano","bunny_id":"d1f30aa7-5adf-4101-b41f-8c4944773eb4","youtube_id":"","datum_vydani":"20230927","stopaz":"1514.6","dokument":[],"video_to":[]},"_links":{"self":[{"href":"https:\/\/tv.a11.cz\/api\/wp\/v2\/video\/11005","targetHints":{"allow":["GET"]}}],"collection":[{"href":"https:\/\/tv.a11.cz\/api\/wp\/v2\/video"}],"about":[{"href":"https:\/\/tv.a11.cz\/api\/wp\/v2\/types\/video"}],"author":[{"embeddable":true,"href":"https:\/\/tv.a11.cz\/api\/wp\/v2\/users\/8"}],"wp:featuredmedia":[{"embeddable":true,"href":"https:\/\/tv.a11.cz\/api\/wp\/v2\/media\/11007"}],"wp:attachment":[{"href":"https:\/\/tv.a11.cz\/api\/wp\/v2\/media?parent=11005"}],"wp:term":[{"taxonomy":"category","embeddable":true,"href":"https:\/\/tv.a11.cz\/api\/wp\/v2\/categories?post=11005"},{"taxonomy":"porad","embeddable":true,"href":"https:\/\/tv.a11.cz\/api\/wp\/v2\/porad?post=11005"},{"taxonomy":"region","embeddable":true,"href":"https:\/\/tv.a11.cz\/api\/wp\/v2\/region?post=11005"},{"taxonomy":"kategorie","embeddable":true,"href":"https:\/\/tv.a11.cz\/api\/wp\/v2\/kategorie?post=11005"}],"curies":[{"name":"wp","href":"https:\/\/api.w.org\/{rel}","templated":true}]}}