{"id":10999,"date":"2023-09-27T16:08:08","date_gmt":"2023-09-27T14:08:08","guid":{"rendered":"https:\/\/tv.a11.cz\/?post_type=video&#038;p=10999"},"modified":"2023-09-28T19:54:47","modified_gmt":"2023-09-28T17:54:47","slug":"dny-evropskeho-dedictvi-v-lanskroune-nabidly-take-autorske-cteni","status":"publish","type":"video","link":"https:\/\/tv.a11.cz\/video\/dny-evropskeho-dedictvi-v-lanskroune-nabidly-take-autorske-cteni\/","title":{"rendered":"Dny evropsk\u00e9ho d\u011bdictv\u00ed v Lan\u0161kroun\u011b nab\u00eddly tak\u00e9 autorsk\u00e9 \u010dten\u00ed"},"content":{"rendered":"","protected":false},"excerpt":{"rendered":"<p>V Galerii M\u011bstsk\u00e9ho muzea v Lan\u0161kroun\u011b m\u016f\u017eete od soboty 16. z\u00e1\u0159\u00ed do ned\u011ble 12. listopadu obdivovat tvorbu z d\u00edlny Jany Ko\u010dov\u00e9 ze \u0160umperka.<\/p>\n","protected":false},"author":8,"featured_media":11035,"template":"","categories":[17,21,171,157],"porad":[],"region":[104,60],"kategorie":[],"class_list":["post-10999","video","type-video","status-publish","has-post-thumbnail","hentry","category-domaci","category-kultura","category-umeni","category-zpravy","region-orlicko","region-pardubicky-kraj"],"acf":[],"meta_box":{"nbla_idec":"N2309160","nbla_title":"Dny evropsk\u00e9ho d\u011bdictv\u00ed v Lan\u0161kroun\u011b nab\u00eddly tak\u00e9 autorsk\u00e9 \u010dten\u00ed","nbla_subtitle":"","nbla_summary":"","nbla_description":"","nbla_transcription":"V Galerii M\u011bstsk\u00e9ho muzea v Lan\u0161kroun\u011b m\u016f\u017eete od soboty 16. z\u00e1\u0159\u00ed do ned\u011ble 12. listopadu obdivovat tvorbu s d\u00edln\u00fd Jany Ko\u010dov\u00e9 ze \u0160umperka, tak um\u011bn\u00ed t\u00edhne od \u00fatleho d\u011btstv\u00ed. Od \u0161kolky jsem kreslila, kdy\u017e d\u011bti chodili sp\u00e1t, tak na p\u00edskovi\u0161ti, na tom obrubn\u00edku jsem sb\u00edrala tam l\u00edstky od magnolie a koli\u010dkem se na to kreslila, abych nemusela j\u00edt lehnout. Motorka prozradila? Inspiraci nach\u00e1z\u00ed v p\u0159\u00edrod\u011b nebo ve sklence v\u00edna. Jej\u00ed obrazy v\u00e1s zavedou t\u0159eba do Afriky. M\u00e1m r\u00e1da tv\u00e1\u0159e, kter\u00e9 jsou nevesel\u00e9. Bohu\u017eel mo\u017en\u00e1 je to n\u011bkdy chyba, ale m\u00e1m r\u00e1da tv\u00e1\u0159e, kter\u00e9 zra\u010d\u00ed n\u011bjak\u00fd pro\u017eitek, n\u011bjak\u00fd vr\u00e1zky, je tam vid\u011bt ten \u017eivot. Vernisa\u017e byla sou\u010d\u00e1st\u00ed leto\u0161n\u00edch dn\u016f evropsk\u00e9ho d\u011bdictv\u00ed. Program pokra\u010doval v pam\u011btn\u00ed s\u00edni Jind\u0159icha Prave\u010dka. U\u017e i n\u00e1v\u0161t\u011bvn\u00edku pot\u011b\u0161ily skladby pro \u010dembalo v pod\u00e1n\u00ed Terezy Hajflerov\u00e9. Zaposlouchat jste se mohli do autorsk\u00e9ho \u010dten\u00ed Marie Mackov\u00e9 z jej\u00ed nov\u00e9 knihy P\u0159\u00edb\u011bh ho\u0159k\u00e9ho trojl\u00edstku. Torlice, kde von\u011bla \u010derst, je pose\u010den\u00e1 tr\u00e1va a z\u00e1rove\u0148 senoti\u0161e, samo od sebe praskaj\u00edc\u00ed ve \u017ehnouc\u00edm slunci. Do vysok\u00e9 kone\u010dn\u011b dorazilo l\u00e9to. Jedn\u00e1 se o \u010dtvrtou detektivku z pera t\u00e9to autorky, kter\u00e1 je kronik\u00e1\u0159kou m\u011bsta \u00dastina Torlic\u00ed a sou\u010dasn\u011b p\u016fsob\u00ed v \u00dastavu historick\u00fdch v\u011bd Filozofick\u00e9 fakulty Univerzity Pardobice. Proto\u017ee v ka\u017ed\u00e9 spr\u00e1vn\u00e9 detektivce mus\u00ed b\u00fdt n\u011bjak\u00e1 tam mrtvola, tak garantuju, \u017ee jsou tam mrtvoly t\u0159i, dv\u011b p\u0159irozen\u00e9 a jedna um\u011bl\u00e1. D\u011bj je situov\u00e1n do prost\u0159ed\u00ed Lan\u0161kronsk\u00e1. Marie Mackov\u00e1 je autorkou knihy o tab\u00e1kov\u00e9 tov\u00e1rn\u011b, ona se zaj\u00edma vlastn\u011b o tuto problematiku a ten d\u011bj t\u00e9 detektivky m\u00e1 n\u011bco tro\u0161ku bl\u00edzko k Lan\u0161kronu a t\u00e9to tov\u00e1rn\u011b. V\u017edycky moje detektivky jsou z 19. stolet\u00ed, \u010dili je to takov\u00fd ten sub\u017e\u00e1nr retro krimi. Leto\u0161n\u00ed dny evropsk\u00e9ho d\u011bdictv\u00ed m\u011bly pod titul \u017divot v pam\u00e1tk\u00e1ch. My jsme si vzpomn\u011bli na to, \u017ee vlastn\u011b v 19. stolet\u00ed lid\u00e9 v ned\u011bli, po ob\u011bd\u011b se sch\u00e1z\u00edvali, p\u0159e\u010d\u00edtali si, hr\u00e1la hudba, n\u011bkdo recitoval. M\u011bstsk\u00e9 muzeum v\u011b\u0159\u00ed, \u017ee se b\u011bhem sobotn\u00edho odpoledne povedlo lidem p\u0159ipomenout tyto doby minul\u00e9.","nbla_serie":"","nbla_season":"","nbla_episode":"","nbla_duration":"149.6","nbla_genre":"","nbla_editorial_format":"","nbla_mtime":"1695822775","nbla_url":"https:\/\/origin.a11.cz\/vod\/2ndccbdfs8kltwcn03if1kh3c.mp4","nbla_version":"1695822775","nbla_odvysilano":"Ano","bunny_id":"c990659f-b122-4224-a523-93a3193361d8","youtube_id":"","datum_vydani":"20230927","stopaz":"149.6","dokument":[],"video_to":["11036"]},"_links":{"self":[{"href":"https:\/\/tv.a11.cz\/api\/wp\/v2\/video\/10999","targetHints":{"allow":["GET"]}}],"collection":[{"href":"https:\/\/tv.a11.cz\/api\/wp\/v2\/video"}],"about":[{"href":"https:\/\/tv.a11.cz\/api\/wp\/v2\/types\/video"}],"author":[{"embeddable":true,"href":"https:\/\/tv.a11.cz\/api\/wp\/v2\/users\/8"}],"wp:featuredmedia":[{"embeddable":true,"href":"https:\/\/tv.a11.cz\/api\/wp\/v2\/media\/11035"}],"wp:attachment":[{"href":"https:\/\/tv.a11.cz\/api\/wp\/v2\/media?parent=10999"}],"wp:term":[{"taxonomy":"category","embeddable":true,"href":"https:\/\/tv.a11.cz\/api\/wp\/v2\/categories?post=10999"},{"taxonomy":"porad","embeddable":true,"href":"https:\/\/tv.a11.cz\/api\/wp\/v2\/porad?post=10999"},{"taxonomy":"region","embeddable":true,"href":"https:\/\/tv.a11.cz\/api\/wp\/v2\/region?post=10999"},{"taxonomy":"kategorie","embeddable":true,"href":"https:\/\/tv.a11.cz\/api\/wp\/v2\/kategorie?post=10999"}],"curies":[{"name":"wp","href":"https:\/\/api.w.org\/{rel}","templated":true}]}}