{"id":10981,"date":"2023-10-06T22:30:03","date_gmt":"2023-10-06T20:30:03","guid":{"rendered":"https:\/\/tv.a11.cz\/?post_type=video&#038;p=10981"},"modified":"2023-10-10T10:35:36","modified_gmt":"2023-10-10T08:35:36","slug":"mlady-svet-petr-janda","status":"publish","type":"video","link":"https:\/\/tv.a11.cz\/video\/mlady-svet-petr-janda\/","title":{"rendered":"Petr Janda (1\/2)"},"content":{"rendered":"","protected":false},"excerpt":{"rendered":"<p> V roce, o kter\u00e9m bude dnes \u0159e\u010d, spat\u0159il sv\u011btlo sv\u011bta filmov\u00fd trh\u00e1k s Elizabeth Taylor Kleopatra. Tak\u00e9 vznikla legend\u00e1rn\u00ed \u010desk\u00e1 kapela Olympik. Proto dne\u0161n\u00edm hostem nem\u016f\u017ee b\u00fdt nikdo jin\u00fd, ne\u017e Petr Janda.<\/p>\n","protected":false},"author":8,"featured_media":11622,"template":"","categories":[173],"porad":[237],"region":[],"kategorie":[],"class_list":["post-10981","video","type-video","status-publish","has-post-thumbnail","hentry","category-ze-spolecnosti","porad-mlady-svet"],"acf":[],"meta_box":{"nbla_idec":"A2305003A","nbla_title":"Mlad\u00fd Sv\u011bt","nbla_subtitle":"Petr Janda","nbla_summary":"Po\u0159ad pln\u00fd hudby, host\u016f i vzpom\u00ednek. A to z dob d\u00e1vno, ale i ne a\u017e tak d\u00e1vno minul\u00fdch.","nbla_description":"","nbla_transcription":"Dobr\u00fd ve\u010der, v\u00edtejte u Mlad\u00e9ho sv\u011bta, po\u0159adu pln\u00e9ho hudby, host\u016f i vzpom\u00ednek. A to v\u0161ech dob d\u00e1vno, ale i ne a\u017e tak d\u00e1vno minul\u00fdch. Mimo jin\u00e9 nahl\u00e9dneme do archivu legend\u00e1rn\u00edho \u010dasopisu Mlad\u00fd sv\u011bt. V ka\u017ed\u00e9m d\u00edlu na\u0161eho po\u0159adu se vrac\u00edme do jednoho roku. A jak\u00fd rok to bude dnes? Nech\u00e1m v\u00e1s chv\u00edli h\u00e1dat. V roce, kter\u00e9mu se budeme v\u011bnovat, se stalo t\u0159eba tohle. Tu\u0161\u00edte, o kter\u00e9m roce bude tento d\u00edl Mlad\u00e9ho sv\u011bta? M\u00e1m je\u0161t\u011b n\u00e1pov\u011bdy. Jde o rok, kdy se narodila moje maminka a u\u017e jako miminko dostala tuhle, pro tu dobu typickou panenku. Konkr\u00e9tn\u011b tohle je origin\u00e1l. Jmenuje se M\u00e1\u0148a a v na\u0161\u00ed rodin\u011b p\u0159e\u017eila dodnes. Tak i to byla tro\u0161ku n\u00e1pov\u011bda. Letos toti\u017e slav\u00ed kulatiny tahle panenka. V roce, o kter\u00e9m je dnes \u0159e\u010d, spat\u0159ilo sv\u011btlo sv\u011bta i filmov\u00fd trh\u00e1k s Elizabeth Taylor a Richardem Bartnem Cleopatra. V roce 1963 vznikla i legend\u00e1rn\u00ed \u010desk\u00e1 kapela Olimpik. A m\u00edm hostem tedy nem\u016f\u017ee b\u00fdt nikdo jin\u00fd, ne\u017e Petr Janda. Dobr\u00fd den. Dobr\u00fd den. J\u00e1 jsem moc r\u00e1da, \u017ee jste dorazil, proto\u017ee vy nerad tohle d\u011bl\u00e1te. D\u011bkujeme. Vy jste m\u011bli p\u0159edstavit. D\u011bkujeme. D\u011bkujeme. D\u011bkujeme. D\u011bkujeme. D\u011bkujeme. D\u011bkujeme. D\u011bkujeme. D\u011bkujeme. D\u011bkujeme. D\u011bkujeme. D\u011bkujeme. D\u011bkujeme. D\u011bkujeme. J\u00e1 jsem moc r\u00e1da, \u017ee jste dorazil, proto\u017ee vy nerad vzpom\u00edn\u00e1te. Tak d\u011bkuji, \u017ee jste p\u0159i\u0161el do po\u0159adu, kde budeme vzpom\u00ednat. Jsem p\u0159i\u0161el do budoucnosti. Kouk\u00e1te do budoucnosti, kouk\u00e1te po\u0159\u00e1d dop\u0159edu, pro\u010d? No, tam je to, co m\u011b bav\u00ed, to otvo\u0159iv\u00e9, co se vyl\u00edhne. To, co u\u017e bylo, to je fajn si zahr\u00e1t znovu, ale \u010dek\u00e1m na ty novinky, novinky po\u0159\u00e1d. Samoz\u0159ejm\u011b, \u017ee to jednou ustane, u\u017e se to bl\u00ed\u017e\u00ed, kdy to ustane, ale te\u010f zrovna jsem p\u0159i procesu p\u0159ipravu nov\u00fd dvac\u00e1t\u00fd, \u010dtvrt\u00fd album. Tak dneska zvl\u00e1dnem oboj\u00ed, slibuju, slibuju. I tu budoucnost zvl\u00e1dneme. Dob\u0159e. I ten rok 63. Ale jo, jsem v pohod\u011b. Rok 1963, z\u00e1sadn\u00ed rok pro v\u00e1s, proto\u017ee jste za\u010dal v Olimpiku, i kdy\u017e tehdy je\u0161t\u011b Karkulka. No, tenkr\u00e1t se to je\u0161t\u011b m\u011blo Karkulka a j\u00e1 jsem dostal takzvan\u011b, muzikanci se \u0159\u00edk\u00e1 Lano, \u017ee jsem dostal, to znamen\u00e1, \u017ee m\u011b zavolali m\u00fd b\u00fdval\u00fd spoluhr\u00e1\u010di z m\u00fd kapely, jestli bych p\u0159estal trucovat a ne\u0161el do Karkulky. J\u00e1 jsem \u0159\u00edkal n\u011bco v tom smyslu, \u017ee takhle s blb\u00fdm n\u00e1zvem do takov\u00e9 kapely nem\u00e1m opravdu nejmen\u0161\u00ed chut\u00ed j\u00edt, ale nehr\u00e1l jsem nikde a cht\u011bl jsem hr\u00e1t, tak nakonec, kdy\u017e m\u011b zavolali je\u0161t\u011b jednou, tak jsem nakonec \u0159ekl, dob\u0159e, tak j\u00e1 teda p\u016fjdu. Tak\u017ee jsem se dostal do kapely, kter\u00e1 byla tehdy vlastn\u011b doprovednou kapelou zp\u011bv\u00e1k\u016f. No a j\u00e1 jsem tam byl jako kytarista najmutej, proto\u017ee ten sou\u010dasnej nebo tehdej\u0161\u00ed kytarista \u0161el na vojnu, tak m\u011bli d\u00edru, tak pot\u0159ebovali n\u011bkoho jin\u00e9ho. Ale vy jste \u0159\u00edkal, \u017ee se v\u00e1m nel\u00edbilo n\u00e1zev Karkulka, to byl tenkr\u00e1t Karl\u00ednsk\u00fd kulturn\u00ed kabaret. Tak i vy jste zp\u016fsobil to, \u017ee se to p\u0159ejmenovalo na Olimpik? No nejenom j\u00e1, to se nel\u00edbilo nikomu mezi n\u00e1mi, ani na\u0161emu mana\u017eerovi. A on pak p\u0159i\u0161el a \u0159\u00edkal, hele, ta Karkulka hr\u00e1la v Olimpiku klubu, v t\u011bch divadeln\u00edch hr\u00e1ch, tak poj\u010fme se jmenovat Olimpik. N\u00e1m to p\u0159i\u0161lo tenkr\u00e1t, \u017ee to je dobr\u00fd. Ale je to zvl\u00e1\u0161tn\u00ed, to m\u00e1lo lid\u00ed v\u00ed, ale my jsme asi dva roky na to, kdy\u017e jsme kone\u010dn\u011b za\u010dali stvo\u0159it sv\u016fj vlastn\u00ed reperto\u00e1r, p\u0159i\u0161li na to, \u017ee Olimpik je \u00fapln\u011b stejn\u011b tak blb\u00fd jako ta Karkulka a \u017ee se mus\u00edme p\u0159em\u011bnovat. A te\u010f jsme p\u0159em\u00fd\u0161leli, jak se budeme p\u0159em\u011bnov\u00e1vat. A fakt to bylo na stole pom\u011brn\u011b siln\u00e9, ale nakonec se tomu nikdy nedo\u0161lo. A vzpom\u00edn\u00e1m si, \u017ee kdy\u017e jsme o p\u00e1r let pozd\u011bji byli v Pa\u0159\u00ed\u017ei v roce 1968 a \u0159ekli jsme, \u017ee jsme Olimpik, tak bychom \u0159\u00edkali, ne, takhle se jmenovat nem\u016f\u017eete, proto\u017ee to si lidi budou myslit, \u017ee jste z \u0158ecka. Tak jsme se pak ve Francii jmenovali Five Travelers, jako p\u011bt sestuj\u00edc\u00edch. Pamatujete si, ale jak\u00e9 ty n\u00e1zvy byly tenkr\u00e1t na stole, kdy\u017e jste to cht\u011bli p\u0159em\u011bnovat? V\u00edm, \u017ee to bylo v\u0161echno blb\u011bj\u0161\u00ed, ale po\u0159\u00e1d jsme s t\u00edm po\u010d\u00edtali, \u017ee se p\u0159em\u011bnujeme. To byly kapely, na kter\u00e9 n\u00e1m se l\u00edbily Rolling Stones a takov\u00fd ty n\u00e1zvy zv\u00ed\u0159\u00e1ck\u00e1, NMS a takov\u00fd, to bylo p\u011bkn\u00fd, ale Olimpik se n\u00e1m prost\u011b nel\u00edbil. Napadlo v\u00e1s tehdy, p\u0159ed t\u011bmi 60 let letos, \u017ee se z Olimpik\u016f stane tak legend\u00e1rn\u00ed a obrovsk\u00fd \u00fasp\u011b\u0161n\u00e1 kapela? Nebo m\u011bl jste to aspo\u0148 n\u011bkde ve skrytu du\u0161i jako sen? J\u00e1 v\u00e1m to \u0159eknu takhle. V roce 1963 jsem prvn\u00ed rok byl, kdy\u017e jsem za\u010dal pracovat. Opravoval jsem ty telefonn\u00ed \u00fast\u0159edny a v roce 1964 a p\u016fl jsem se rozhodl, \u017ee se budu v\u011bnovat jenom hudb\u011b a tu pr\u00e1ci opust\u00edm. Jen\u017ee jak mlad\u00fd si to nedok\u00e1\u017eu dob\u0159e p\u0159edstavit, \u017ee tenkr\u00e1t to bylo nevolnictv\u00ed za komunist\u016f, se ne\u0161lo jen tak bude j\u00edt z pr\u00e1ce jako dneska. Tam jsem musel d\u00e1t v\u00fdpov\u011b\u010f a prost\u011b m\u011b \u0159ekli, \u017ee se opust\u00ed. A kdy\u017e se to kone\u010dn\u011b povedlo, \u017ee m\u011b pustili, tak jsem \u0161el tenkr\u00e1t za panem vedouc\u00edm a \u0159\u00edkal jsem mu, \u017ee j\u00e1 to tak vid\u00edm maxim\u00e1ln\u011b p\u011bt let, kdy\u017e se mi tady flek. Tak\u017ee takhle jsem si asi myslel, \u017ee budeme legendou. Tak\u017ee jste si vlastn\u011b dal takovou pauzu v t\u00e9 pr\u00e1ci a to pro\u0161lo? Jakoby no, ale samoz\u0159ejm\u011b za p\u011bt let u\u017e se to vyvrbalo \u00fapln\u011b jinak. Taky to bylo v roce 1968 nebo 1969. Byly tady tanky a my jsme hr\u00e1li u\u017e \u00fasp\u011b\u0161n\u011b, tak u\u017e se mi do t\u00e9 pr\u00e1ce necht\u011blo. Nav\u00edc, vy to mo\u017en\u00e1 nev\u00edte, ale vtedy bylo takov\u00e9 heslo v\u0161ech muzikant\u016f, se \u0159\u00edkalo lep\u0161\u00ed blbej bych b\u00fdt, ne\u017e chodit do pr\u00e1ce. Tak asi tak. A jak byste ty za\u010d\u00e1tky prou\u017e\u00edval osobn\u011b? V\u00edte, kdy\u017e se dostanete profesion\u00e1ln\u00edm muzikantem, tak v prvn\u00ed \u0159ad\u011b nemus\u00edte vst\u00e1vat. Prost\u011b r\u00e1no sp\u00edte, a\u017e se v oko proloupne, jak jsme \u0159\u00edkali. Tak si ten \u017eivot tak n\u011bjak jinak \u010dlov\u011bk u\u017e\u00edv\u00e1. A jste fakt svobodn\u00fd, m\u016f\u017eete si d\u011blat, co chcete. Jen\u017ee zase za toho dot\u00e1\u010det to tak \u00fapln\u011b ne\u0161lo, proto\u017ee kdy\u017e jste nem\u011bla pr\u00e1ci, nebyla jste zam\u011bstnal\u00e1, tak v\u00e1s mohly st\u00edhat pro takzvanou p\u0159\u00ed\u017eivu. A za to se i sed\u011blo natvrdo. Spousta lid\u00ed, mlad\u00e9, kter\u00fd necht\u011bli pracovat, tak \u0161li si sednout do krimin\u00e1lu, aby pak z\u00edskali n\u011bjak\u00e9 m\u00edsto t\u0159eba. Tak\u017ee my jsme byli po\u0159\u00e1d v tom pohro\u017een\u00ed, \u017ee n\u00e1s zav\u0159ou. Ale jinak je to omamnej pocit. J\u00e1 si pamatuju, kdy\u017e jsem odevzdal tu uniformi\u010dku s tou \u010depic\u00ed s bleskama a ty k\u0159\u016fzky takov\u00fd ko\u017eeny a tu bra\u0161nu s n\u00e1\u0159ad\u00edm a ze schem\u00e1lskama tomu vedouc\u00edmu, kter\u00fd mu se p\u0159i\u0161el a j\u00e1 se za p\u011bt let vr\u00e1t\u00edm, tak se mi n\u011bjak ulevilo a \u0161el jsem dom\u016f. To \u00fast\u0159ed\u00ed jsme m\u011bli ve t\u0159\u00edd\u011b politick\u00fdch v\u011bz\u0148\u016f, tak jsem \u0161el p\u0159es ten V\u00e1clav\u00e1k nahoru dom\u016f a tak jsem poletoval jako pt\u00e1k. \u0158\u00edkal jsem si, \u017ee jsem \u00fapln\u011b svobodn\u00fd, \u017ee si m\u016f\u017eu d\u011blat, co chci. To je senzace prost\u011b. A je\u0161t\u011b bych k tomu porozknul, \u017ee klika byla v tom, \u017ee m\u00fd rodi\u010de by byli oba muzikanty. Tati nebyla housl\u00e1vn\u00edka piano, sice amat\u00e9rsk\u00fd, ale u n\u00e1s se br\u00e1lo po\u0159\u00e1d. N\u011bjak m\u011bli to pochopen\u00ed a \u0159ekli mi Pet\u0159\u00ed\u010dku, my t\u011b podpo\u0159\u00edme. Kdyby se n\u011bco stalo, tak my t\u011b podpo\u0159\u00edme. A to je apel i na rodi\u010de dneska. Nechte ty kluky b\u00fdt, nejim pust\u00e9 do sv\u011bta. My se te\u010f pod\u00edv\u00e1me na \u00fapln\u00e9 za\u010d\u00e1tky Olimpiku se zn\u00e1m\u00fdm hudebn\u00edm publicistou Josefem Vl\u010dkem. Olimpik byl stra\u0161n\u011b d\u016fle\u017eit\u00fd, proto\u017ee v pozd\u011bj\u0161\u00edch letech za\u010dal skl\u00e1vat \u010desk\u00fd p\u00edsni\u010dek. V tomto roce v\u011bt\u0161inou hr\u00e1l p\u0159ijat\u00fd reperto\u00e1r anglick\u00fdch kapel, jako byly Kings, Beatles, pozd\u011bji t\u0159eba Small Faces nebo Rolling Stones. To je\u0161t\u011b nebyla ta \u010desk\u00e1 \u00e9ra. No a samoz\u0159ejm\u011b Olimpik p\u0159edstavoval taky n\u011bco \u00fapln\u011b jin\u00e9ho, ne\u017e rokov\u00e1 kapela p\u0159edstavuje dneska. Sestava n\u011bkolika muzikant\u016f, nikdy nebyly \u010dty\u0159i, jako je to dneska, ale byly n\u011bkdy \u0161est, sedm, a k n\u00edm p\u0159istupovalo n\u011bkolik zp\u011bv\u00e1k\u016f, kte\u0159\u00ed s n\u00e1mi st\u0159\u00edlej\u00ed, tak\u017ee to byl sp\u00ed\u0161 orchestr ne\u017e beatov\u00e1 kapela. Ale to se \u010dasem taky zm\u011bnilo. Debitov\u00e9 album \u017delva to vzniklo o p\u00e1r let pozd\u011bji, ne v t\u011bch \u00fapln\u00fdch za\u010d\u00e1tc\u00edch. Je pova\u017eov\u00e1no za jedno z p\u0159elomov\u00fdch albu Olimpiku. A \u017eelvu vy do dnes r\u00e1d hrajete? My ji do dnes hrajeme a dokonce by se dalo, \u017ee m\u00e1me tu \u017eelvu jako logo firmy. V\u010dera jsme m\u011bli kost\u00fdmerskou zkou\u0161ku na nov\u00fd saka, kter\u00fd maj\u00ed tu \u017eelvu na z\u00e1dech, takovou vy\u0161itou z kam\u00ednku, je to docela hezk\u00fd. A to pou\u017e\u00edv\u00e1me, je to symbol Olimpiku. Jako stoun\u00ed maj\u00ed vyplazen\u00fd jazyk, tak my m\u00e1me tu \u017eelvu. Ale pr\u00e1v\u011b na albu \u017delva? Je\u0161t\u011b m\u00e1m \u0159\u00edct, \u017ee my m\u00e1me \u017eelvu i doma. Samoz\u0159ejm\u011b v ter\u00e1riu, ale ona n\u011bjak stra\u0161n\u011b roste, tak se ob\u00e1v\u00e1me, \u017ee ji budeme muset koupit nov\u00fd, v\u011bt\u0161\u00ed terarium, ale kam j\u00ed d\u00e1me, \u010dertv\u00ed. Ale pr\u00e1v\u011b na tom prvn\u00edm albu \u017delva byly i dal\u0161\u00ed vele hity. Snad jsem to zavinil j\u00e1, Dej mi v\u00edc sv\u00e9 l\u00e1sky. Dej mi v\u00edc sv\u00e9 l\u00e1sky tam nebylo, to byl jen single. Ale bylo tam D\u011bre\u010dk\u016fv duch. Ale byl to jeden z t\u011bch prvn\u00edch hit\u016f? Jo, ur\u010dit\u011b. Jak vy te\u010f zp\u011btn\u011b vn\u00edm\u00e1te tyhle hity z 60. let? \u00da\u017easn\u011b, proto\u017ee hlavn\u011b se to po\u0159\u00e1d\u00e1 hr\u00e1t a po\u0159\u00e1d to lid\u00e9 vn\u00edmaj\u00ed jako sou\u010dasnou p\u00edsni\u010dku. To je to d\u016fle\u017eit\u00e9. \u017d\u00e1dn\u00e1 starova, nikoho to ani nenapadne, \u017ee hrajeme n\u011bjak\u00e9 star\u00e9 vykop\u00e1vky. Po\u0159\u00e1d ten zvuk je modern\u00ed. A j\u00e1 na to m\u00e1m vysv\u011btlen\u00ed takov\u00e9, \u017ee my jsme vlastn\u011b se napojili na vznik nov\u00fd kultury celosv\u011btov\u00fd, \u0159ekn\u011bme k\u0159es\u0165ansk\u00fd kultury a to byl rock'n'roll. Nikdo ho necht\u011bl, hlavn\u011b teda ty vl\u00e1dn\u00ed t\u0159\u00eddy, ani americk\u00fd government a u\u017e v\u016fbec ne bol\u0161evick\u00fd government, ty to prost\u011b neuzn\u00e1vali, cht\u011bli to n\u011bjak vym\u00edtit, ale byla to kulturn\u00ed revoluce. Bylo to tak siln\u00fd, \u017ee ve\u0161ker\u00e9 ty tlaky, kter\u00e9 zemkr\u00e1t p\u016fsobili, byly slab\u00e9 prost\u011b proti tomu. Ml\u00e1de\u017e to cht\u011bla a prost\u011b to p\u0159ev\u00e1lcovalo, ale ono nen\u00ed divu. J\u00e1 si vzpom\u00edn\u00e1m ten film, kter\u00fd vlastn\u011b odstartoval tu revoluci, kter\u00fd se jmenovala Rock Around the Clock. Kdy\u017e ho prom\u00edtali t\u0159eba v z\u00e1padn\u00ed M\u011bstsku, v n\u00e1s samoz\u0159ejm\u011b ne, tak ty lidi z toho kina \u0161li a p\u0159evracili auta, n\u011b\u010dili v\u00fdlohy. Byly pln\u00e9 prost\u011b agrese takov\u00fd, tak\u017ee ty vl\u00e1dy z toho m\u011bly samoz\u0159ejm\u011b strach. Ale p\u0159esto, proto\u017ee my jsme se vlastn\u011b napojili na tu dobu a ten rock'n'roll do ur\u010dit\u00fd m\u00edry je\u0161t\u011b po\u0159\u00e1d trv\u00e1, u\u017e sice mele z posledn\u00edho, jak j\u00e1 \u0159\u00edk\u00e1m, ale po\u0159\u00e1d tady je a po\u0159\u00e1d nov\u00e1 revoluce je\u0161t\u011b nenastala, tak i ty p\u016fvodn\u00ed p\u00edsni\u010dky rock'n'rollov\u00fd i v dne\u0161n\u00ed dob\u011b maj\u00ed co \u0159\u00edct. J\u00e1 se vr\u00e1t\u00edm k t\u00fd va\u0161\u00ed tvorby. My jsme \u0159\u00edkali, \u017ee r\u00e1d hrajete \u017eelvu a dal\u0161\u00ed hity, ale jsou i hity nebo p\u00edsni\u010dky, kter\u00e9 nehrajete u\u017e r\u00e1d. \u010cetla jsem, je to pravda Agatha? No jist\u011b, takov\u00fd ty odrhova\u010dky. Agatha pt\u00edm pat\u0159\u00ed ur\u010dit\u011b. Ale v tom muzik\u00e1lu, kter\u00fd se hraje tady na Broadway, jsem u\u017e byl \u010dty\u0159ikr\u00e1t na tom seba a tam jsou to nejv\u011bt\u0161\u00ed hity, mus\u00edm \u0159\u00edct. Aha, to takhle b\u00fdv\u00e1. Nebe nad hlavou a takov\u00fd lety. Aha, nebe nad hlavou. To nehrajem samoz\u0159ejm\u011b a hr\u00e1t nikdy nebudem. Douf\u00e1m. Tak my se te\u010f pust\u00edme ten hit, kter\u00fd hrajete. Dej mi v\u00edc sv\u00e9 l\u00e1sky. Vymyslel jsem spoustu n\u00e1pad\u016f co podporujou loupou n\u00e1ladu Hod\u00edm kl\u00ed\u010de do kan\u00e1lu sjed po sadku volou c\u00e1lu noci hod\u00edm stra\u0161it do hradu d\u00e1m p\u0159edvoje house pod bradu b\u00edl\u00e9 pachn\u011b hod\u00edm pozadu \u00fapln\u011b melancholicky snitem pro v\u011bc jako v\u017edycky vyr\u00e1b\u00edm tu hradn\u00ed z\u00e1hadu m\u00e1te r\u00e1di v\u00edc m\u00e1te r\u00e1di v\u00edc m\u00e1te r\u00e1di v\u00edc sv\u00e9 l\u00e1sky j\u00e1 nechci skoro nic j\u00e1 nechci skoro nic j\u00e1 chci jen ohladit tv\u00e9 l\u00e1sky nejlep\u0161\u00ed z t\u011bch d\u00edbrejich n\u00e1pad\u016f mi dokonale zvednul h\u00e1ladu nad prh\u00e1m ti sedmi kr\u00e1sy tebe celou sp\u0159\u00edj\u00ed mi vl\u00e1sky zamknu si na sedm z\u00e1pad\u016f hodit hodit hodit hodit m\u00e1te r\u00e1di v\u00edc m\u00e1te r\u00e1di v\u00edc m\u00e1te r\u00e1di v\u00edc tv\u00e9 l\u00e1sky au j\u00e1 nechci skoro nic j\u00e1 nechci skoro nic j\u00e1 chci jen poladit tv\u00e9 l\u00e1sky au nejlep\u0161\u00ed z t\u011bch divnejch n\u00e1pad\u016f au mi dokonale zved\u0148ul n\u00e1ladu au natrh\u00e1m ti sedmi kr\u00e1si t\u011b celou p\u0159ijmi v l\u00e1sku tam, kde jsi na sedmu z\u00e1padu au au au au au j\u00e1 tady v\u00edt\u00e1m na\u0161eho dal\u0161\u00edho hosta pravideln\u00e9ho hosta m\u00e9ho kolegu, \u0161ef, redaktora \u010dasopisu Mlad\u00fd sv\u011bt Jana Janu\u0161e, ahoj ahoj B\u00e1ro, dobr\u00fd ve\u010der Honza otv\u00edr\u00e1 archivy Mlad\u00e9ho sv\u011bta tak \u0159ekni, jak vypadal Mlad\u00fd sv\u011bt v roce 1963 mo\u017en\u00e1 bychom ho u\u017e dneska \u00fapln\u011b nepoznali byl to \u010dernob\u00edl\u00fd t\u00fdden\u00ed, kter\u00fd st\u00e1l jednu korunu \u010deskoslovenskou m\u00fdval pravideln\u011b 16 str\u00e1nek nem\u011bl je\u0161t\u011b to legend\u00e1rn\u00ed logo, kter\u00e9 tady vid\u00edme i kolem sebe a kter\u00e9 m\u00e1 i dne\u0161n\u00ed obnoven\u00fd Mlad\u00fd sv\u011bt, se kter\u00fdm si ho lid\u00e9 spojuj\u00ed byl to \u010dasopis, kter\u00fd m\u011bl takov\u00fd \u0161irok\u00fd rozptyl proto\u017ee na jednu stranu jedna ob\u00e1lka byla v\u011bnovan\u00e1 t\u00e9matu velk\u00e9 pr\u00e1dlo a to \u010d\u00edslo se v\u011bnovalo opravdu pr\u00e1n\u00edm pr\u00e1dla a jin\u00e9 \u010d\u00edsla zase obsahovaly p\u0159\u00edlohu modern\u00ed mal\u00ed\u0159stv\u00ed na jin\u00e9 ob\u00e1lce byl t\u0159eba Pablo Picasso co\u017e si mo\u017en\u00e1 u tohoto dlhou \u010dasopisu tak\u00e9 neum\u00edme \u00fapln\u011b p\u0159edstavit Jak se prom\u00edtalo do Mlad\u00e9ho sv\u011bta kultura v roce 1963? Kultura byla ur\u010dit\u011b zn\u00e1t v Mlad\u00e9m sv\u011bt\u011b a\u0165 u\u017e to bylo v\u00fdb\u011brem n\u011bkter\u00fdch lid\u00ed, kte\u0159\u00ed byli na ob\u00e1lce objevila se tam t\u0159eba here\u010dka Brigitte Bardot, kter\u00e1 m\u011bla v t\u00e9 dob\u011b za sebou u\u017e ty nejslavn\u011bj\u0161\u00ed filmy jako A b\u016fh stvo\u0159il \u017eenu v roce 1963, o kter\u00e9m se bav\u00edme to\u010dila film Pohrd\u00e1n\u00ed podle Moravia, co\u017e byl v t\u00e9 dob\u011b taky velmi cen\u011bn\u00fd film Mlad\u00fd sv\u011bt \u0159e\u0161il obecn\u011b francouzsk\u00fd film, jak se hraje, jak se nat\u00e1\u010d\u00ed ty v\u011bci Na dal\u0161\u00ed ob\u00e1lce byla t\u0159eba zase tehdy velmi popul\u00e1rn\u00ed \u010desk\u00e1 here\u010dka Marie Tom\u00e1\u0161ov\u00e1. U t\u00e9 je zaj\u00edmav\u00e9, \u017ee ta Mlad\u00fd sv\u011bt \u00fapln\u011b otv\u00edrala V roce 1959, kdy vy\u0161lo prvn\u00ed \u010d\u00edslo Mlad\u00e9ho sv\u011bta, tak pr\u00e1v\u011b Marie Tom\u00e1\u0161ov\u00e1 byla na ob\u00e1lce Mlad\u00e9ho sv\u011bta a te\u010f po n\u011bjak\u00fdch \u010dty\u0159ech letech znovu je to nezaj\u00edmav\u00e9 i s pohledem zp\u011bt, kdy Marie Tom\u00e1\u0161ov\u00e1, tehdy velk\u00e1 hv\u011bzda, dnes prakticky zapomenut\u00e1. Co kultura \u010desk\u00e1, byly to \u010dty\u0159i roky, kdy se otev\u0159el Semafor. To reflektoval Mlad\u00fd sv\u011bt divadlo Semafor? Ur\u010dit\u011b. Semafor byl, jak v tom roce 1963, tak i v jin\u00fdch letech, velmi \u010dasto objektem z\u00e1jmu Mlad\u00e9ho sv\u011bta. Ze Semaforu vych\u00e1zely p\u0159epsan\u00e9 p\u00edsni\u010dky v Mlad\u00e9m sv\u011bt\u011b. Mlad\u00fd sv\u011bt \u0159e\u0161il Ji\u0159\u00edho Such\u00e9ho, V\u00e1ldemara Matu\u0161ku. M\u016f\u017eeme otev\u0159\u00edt t\u00e9ma Zlat\u00e9ho slav\u00edka, kter\u00e9ho... K tomu se ur\u010dit\u011b dostaneme. J\u00e1 chci z\u016fstat u Semaforu, proto\u017ee Pet\u0159e existovala va\u0161e spolupr\u00e1ce se Semaforem. To byla takov\u00e1 zvl\u00e1\u0161tn\u00ed spolupr\u00e1ce. Iniciator do toho byl Jirka \u0160tajdel, br\u00e1cha L\u00e1dy, kter\u00fd se zabil ve t\u0159iceti letech v roce 1973 tady u \u0158\u00ed\u010d\u00e1n v aut\u011b. To byl opravdu mu\u017e \u010cinu, kter\u00fd napsal teda mimochodem ty nejhez\u010d\u00ed texty, co zp\u011bval Karel Gott. My jsme spolu kamar\u00e1dili v let\u011b a on \u0159\u00edkal, \u017ee v t\u00e9 kapelet\u011b takhle se po\u0159\u00e1d pl\u00e1c\u00e1te po t\u011bch tancova\u010dk\u00e1ch. Co kdybychom ud\u011blali v Semaforu? J\u00e1 bych to napsal, a vy byste tam hr\u00e1li. To bylo n\u011bco tak fantasmagorick\u00e9, \u017ee jsem si to nedok\u00e1zal p\u0159edstavit. Semafor byl tenkr\u00e1t v t\u00fddov\u011b, v tom roce 1963 pro m\u011b vej\u0161\u0165 ne\u017e N\u00e1rodn\u00ed divadlo. Tam byly fronty a\u017e na V\u00e1clav\u00e1ch, kdy\u017e se prod\u00e1vali t\u0159eba vstupenky. A on opravdu \u0161el za t\u00edm Karelem Are\u0161em, co\u017e byl tehdej\u0161\u00ed dramaturg a navrhnul mu to, \u017ee to nap\u00ed\u0161e. M\u00e1 to pro hlav\u011b. \u017de to nap\u00ed\u0161e a \u017ee on by to m\u011bl re\u017e\u00edrovat. To se mu l\u00edbilo. Ned\u00e1vno jsem hovil s panem Suchym a pod\u011bkoval jsem mu za to. Fakt ned\u00e1vno. Kone\u010dn\u011b jsem m\u011bl mo\u017enost mu pod\u011bkovat, \u017ee tam tenkr\u00e1t ten Olimpik pustil. To nebylo asi jednoduch\u00e9. My jsme tam odhr\u00e1li p\u0159es 50 p\u0159edstaven\u00ed od listopadu 1963 do \u0159\u00edjna, nebo prost\u011b do p\u0159\u00ed\u0161t\u00edho roku, nev\u00edm, jak to kon\u010dilo, mo\u017en\u00e1 v l\u00e9t\u011b. Tak\u017ee n\u00e1m museli to divadlo uvolnit. Premi\u00e9ra byla teda v tom listopadu. Najednou jsme tam st\u00e1li v tom semaforu a bylo to \u00fa\u017easn\u00e9. To byl ten prvn\u00ed a dalo by se \u0159\u00edct z\u00e1sadn\u00ed krok do budoucnosti Olimpiku. A te\u010f t\u00e9ma Zlat\u00fd Slav\u00edk, proto\u017ee to byla anketa Mlad\u00e9ho sv\u011bta. I s v\u00e1ma je to spojen\u00e9, i kdy\u017e o p\u00e1r let pozd\u011bji. Tak Zlat\u00fd Slav\u00edk, rok 1963 a Mlad\u00fd sv\u011bt. J\u00e1 pr\u00e1v\u011b jsem cht\u011bl nav\u00e1zat hned u toho semaforu, proto\u017ee prvn\u00ed v\u00fdsledky Zlat\u00e9ho Slav\u00edka jsou z roku 1962, kdy se nejobl\u00edben\u011bj\u0161\u00ed p\u00edsni\u010dkou stala p\u00edsni\u010dka L\u00e1ska nebesk\u00e1 odu a Such\u00fd \u0161litr. Tehdy nejpopul\u00e1rn\u011bj\u0161\u00edm zp\u011bv\u00e1kem byl Valdemar Matu\u0161ka. Rok pozd\u011bji, v roce 1963, o kter\u00e9m se bav\u00edme, u\u017e to byl Karel Gott, ale p\u00edsni\u010dku vyhr\u00e1li op\u011bt Such\u00fd a \u0160litr a bylo to O\u010di sn\u011bhem za l\u00e1ta. A nyn\u00ed dojde k souboji dvou nejlep\u0161\u00edch zp\u011bv\u00e1k\u016f. Usly\u0161\u00edte p\u00edse\u0148, kterou zn\u00e1te v pod\u00e1n\u00ed zp\u011bv\u00e1ka Karla van Gotta a sami m\u016f\u017eete posoudit, jeli rozd\u00edlu mezi prvn\u00edm a dvac\u00e1t\u00fdm. A ji\u017e p\u0159edem v\u00e1s uji\u0161\u0165uji, \u017ee rozd\u00edlu nen\u00ed. O\u010di m\u00e1 sn\u011bhem za v\u00e1tem, du\u0161i m\u00e1 chladn\u00fd cht\u00edn, rampouchem srdce prokl\u00e1t\u00e9, studen\u00fd hlas, nadlan\u00ed mr\u00e1z, ledov\u00fd kl\u00edn. Slunce svit, marn\u011b \u00fato\u010d\u00ed, jed\u00edcit nerozt\u00e1. Pros\u00edm v\u00e1s, pane pr\u016fvod\u010d\u00ed, zastavte vlak, u\u017e je to tak, nemohu d\u00e1l. Vid\u00edm, \u017ee u\u017e se \u0161e\u0159\u00ed a v\u00edm, kde \u010dej jen zb\u00fdv\u00e1. Smutek zav\u0159en\u00fdch dve\u0159\u00ed pro toho, kdo je s\u00e1m, pro toho, kdo si v\u011b\u0159\u00ed, pro toho, kdo si zp\u00edv\u00e1. P\u0159esto, \u017ee nartek ho stud\u00ed, pol\u00edpek pohosledn\u00ed. O\u010di m\u00e1 sn\u011bhem za v\u00e1tem, du\u0161i m\u00e1 chladn\u00fd cht\u00edn, a\u017e se m\u011b jednou zept\u00e1te, co z toho m\u00e1m, \u017ee \u017eiju s\u00e1m, neodpov\u00edm. Kapela Olymp\u00edk z\u00edsk\u00e1vala zlat\u00e9 slav\u00edky. My jsme pak teprve se n\u011bjak p\u0159iradili kapely, ale ty nebyly, s t\u011bma nikdo nikdy moc nepo\u010d\u00edtal. To je zvl\u00e1\u0161tn\u00ed, \u017ee kapely jsou v\u017edycky na druh\u00e9 lince, v\u017edycky jsou ty zp\u011bv\u00e1ci. Kolikr\u00e1t je to takov\u00fd zp\u011bv\u00e1\u010dek a je slavn\u011bj\u0161\u00ed, ne\u017e t\u0159eba kapela, kter\u00e1 hraje let\u00e1, hraje dob\u0159e a m\u00e1 sv\u00edt. To je zaj\u00edmav\u00e9. Cht\u011bl bych k tomu slav\u00edku, jestli u\u017e tady se o tom nebudeme bavit, \u0159\u00edct jenom, \u017ee ten slav\u00edk se pak v osmdes\u00e1t\u00fdch letech \u00fapln\u011b vymknul kontrolem. Za\u010daly se tvo\u0159it takov\u00e9 podvodnick\u00e9 skupiny, kter\u00e9 nab\u00edzeli hlasy. Hlasy spo\u010d\u00edvali, v tomhle \u010dlov\u011bk to napsal na korespond\u00e1ch, nalepil na to tu zna\u010dku Marii Sv\u011bta z toho \u010d\u00edsla a poslal to a napsal tam n\u011bjakou adresu. A to byly n\u011bjak\u00e9 kluci a holky, kter\u00e9 za ka\u017ed\u00fd hlas brali n\u011bjak\u00e9 pen\u00edze. Tak\u017ee n\u011bkter\u00e9 ty v\u00fdsledky nebyly spr\u00e1vn\u00e9. To bylo pak blb\u00fd. Pak se to zru\u0161ilo, za\u010dalo to pak, my jsme na to teda nikdy nep\u0159istoupili a dostali jsme jako olympiek t\u011bch nab\u00eddek taky n\u011bjak\u00fdm ochodem. Ale zn\u00e1m, kte\u0159\u00ed na to p\u0159istoupili, ale nebudu to \u0159\u00edkat. Nicm\u00e9n\u011b, co to pro v\u00e1s, jako pro tu rokovou kapelu, znamenalo ten Zlat\u00fd slav\u00edk? N\u011bco velk\u00e9ho nebo n\u011bco dobr\u00fd? Jo, bylo to dobr\u00fd. To nebudu \u0159\u00edkat, \u017ee jsme na to \u00fapln\u011b ka\u0161lali, bylo to dobr\u00fd. Vzpom\u00edn\u00e1m si taky, \u017ee Petr Nov\u00e1k dostal za n\u011bjakou p\u00edsni\u010dku, mo\u017en\u00e1 na hrobn\u00ed k\u00e1men nebo co, a vzpom\u00ednal na to, jak mu to \u0161\u00e9f, tehde \u010di \u0161\u00e9f-reaktorka, na D\u00edho sv\u011bta p\u0159ed\u00e1val n\u011bkde, prob\u011bdn\u011b to tak \u0159\u00edk\u00e1m, na chodb\u011b u hajzlu. Taky si tak. \u017de ta \u00farove\u0148 byla r\u016fzn\u00e1. Honzo, pod\u00edvali se \u010dten\u00e1\u0159i Mlad\u00e9ho sv\u011bta v roce 1963 i do sv\u011bta s t\u00edm \u010dasopisem? Pod\u00edvali se do sv\u011bta, proto\u017ee tehdy byla velmi popul\u00e1rn\u00ed rubrika Velkom\u011bsta, kter\u00e1 p\u0159edstavovala r\u016fzn\u00e9 dne\u0161n\u00edm pohledem cestovatelsk\u00e9 typy, ale opravdu velk\u00e1, velk\u00e1 m\u011bsta zahrani\u010dn\u00ed. Velmi \u010dasto se tam \u0159e\u0161ila Kuba, na ob\u00e1lce, ne jako fotka, ale jako titulek, se n\u011bkolikr\u00e1t objevil Fidel Castro. Jedna ob\u00e1lka byla v\u011bnovan\u00e1 \u010desko-kub\u00e1nsk\u00e9mu filmu, kter\u00fd se jmenoval Komutan\u010d\u00ed Havana, kter\u00fd re\u017e\u00edroval \u010desk\u00fd re\u017eis\u00e9r Vladim\u00edr \u010cech. V\u00edcem\u00e9n\u011b nato\u010dili ho \u010de\u0161t\u00ed filma\u0159i s kub\u00e1nsk\u00fdmi herci. Byl to film, kter\u00fd se n\u011bjak vzp\u011btn\u011b vracel ke kub\u00e1nsk\u00e9 revoluci. Dneska m\u00e1 na \u010desko-slovensk\u00e9 filmov\u00e9 datab\u00e1zy z\u00e1vratn\u00fdch 32%, tak\u017ee to asi n\u011bco vypov\u00edd\u00e1 o jeho kvalit\u011b, ale na druhou stranu v roce 1963 se objevila v Mlad\u00e9m sv\u011bt\u011b t\u0159eba i fotografie Johna Fitzgeralda Kennedyho. \u010cten\u00e1\u0159i Mlad\u00e9ho sv\u011bta se pod\u00edvali nejenom do sv\u011bta, ale pod\u00edvali se i mimozem\u011b kouli, d\u00e1 se \u0159\u00edct, proto\u017ee Mlad\u00fd sv\u011bt tehdy velmi \u0159e\u0161il lety do vesm\u00edru. V\u011bnoval n\u011bkolik ob\u00e1lek popul\u00e1rn\u00edm kosmonaut\u016fm a tak\u00e9 hodn\u011b psal o letu prvn\u00ed \u017eeny do vesm\u00edru. Kdy\u017e Valia T\u011bre\u0161kovov\u00e1 p\u0159ijela do Prahy, taky Mlad\u00fd sv\u011bt v\u011bnoval ob\u00e1lku Valia v Praze a opravdu to byla velk\u00e1 senzace tehdy. Jestli m\u016f\u017eu, tak si vzpom\u00edn\u00e1m na jeden rozhovor s Voskovcem, kter\u00fdmu p\u0159ivezli Mlad\u00fd sv\u011bt a on \u00fadajn\u011b si ho p\u0159e\u010det a \u0159ekl, \u017ee to je dob\u0159e ud\u011blan\u00fd \u010dasopis. Takov\u00e1 informace, tu nev\u00edm, kde jsem ji z\u00edskal, ale m\u00e1m to na hlav\u011b. Myslel si to tehdy asi spousta lid\u00ed, proto\u017ee to jsme tak\u00e9 je\u0161t\u011b ne\u0159ekli, kdy\u017e v \u0159\u00edjnu 1963 vy\u0161lo 250. \u010d\u00edslo Mlad\u00e9ho sv\u011bta a vy\u0161lo s informac\u00ed, \u017ee se vytisklo u\u017e p\u0159es 34 milion\u016f \u010d\u00edsel. Tak\u017ee to je z dne\u0161n\u00edho pohledu opravdu nep\u0159edstaviteln\u00e9 \u010d\u00edslo. Vy s\u00e1m jste to \u010detl, Mlad\u00fd sv\u011bt, dostal se v\u00e1m do rukou? J\u00e1 jsem to nem\u011bl jako odb\u011bratel, ale kupoval jsem si ho. J\u00e1 jsem hodn\u011b jezdil do Ko\u0161ice do \u0161koly tady na Gimpel, proto\u017ee jsem m\u011bl \u0161patn\u00fd p\u016fvod, ale to taky d\u011btem dneska nevysv\u011btl\u00edm, \u017ee jsem m\u011bl \u0161patn\u00fd t\u0159\u00eddn\u00ed p\u016fvod. Tak jsem nemohl chodit na vinohrady a v\u00edm, \u017ee jsem si to tady n\u011bkde u And\u011bla kupoval, \u017ee jsem to \u010detl a \u017ee se mi ten \u010dasopis velmi l\u00edbil. Tak\u017ee jin\u00fd \u010dasopis jsem vlastn\u011b ne\u010detl. Prom\u00edtla se do Mlad\u00e9ho sv\u011bta i n\u011bkter\u00e1 tehdej\u0161\u00ed v\u00fdro\u010d\u00ed, proto\u017ee byla i v\u00fdznamn\u00e1 v\u00fdro\u010d\u00ed v roce 1963. Je to tak. Mlad\u00fd sv\u011bt t\u0159eba \u0159e\u0161il z\u00e1hdu Titanicu. To bylo zhruba 50 let od t\u00e9 doby, co se Titanic potopil. Dne\u0161n\u00edho pohledu, kdy se p\u0159ipom\u00edn\u00e1 letos v\u00fdro\u010d\u00ed \u010cesk\u00e9ho rozhlasu a tak\u00e9 \u010cesk\u00e9 televize, tak tehdy v roce 1963 to bylo teprve 10 let od za\u010d\u00e1tku vys\u00edl\u00e1n\u00ed \u010deskoslovensk\u00e9 televize. Mlad\u00fd sv\u011bt v t\u00e9 dob\u011b tak\u00e9 \u0159e\u0161il nichovskou zradu, proto\u017ee je dobr\u00e9 se na tu minulost pod\u00edvat i tak, \u017ee rok 1963 byl pom\u011brn\u011b ned\u00e1vno, je\u0161t\u011b podle dv\u011b sv\u011btov\u00e9 v\u00e1lci. To byla opravdu \u00fapln\u011b jin\u00e1 doba, \u00fapln\u011b jin\u00e1 atmosf\u00e9ra. Tak\u017ee ur\u010dit\u011b v\u00fdro\u010d\u00ed se tehdy \u0159e\u0161ili hojn\u011b. Honzo, j\u00e1 d\u011bkuji moc za n\u00e1v\u0161t\u011bvu a t\u011b\u0161\u00edme se zase p\u0159\u00ed\u0161t\u011b. D\u011bkuji za pozv\u00e1n\u00ed. D\u011bkuji. D\u011bkuji. Nashledanou. No a my je\u0161t\u011b z\u016fstaneme v zahrani\u010d\u00ed. Rok 1963 p\u0159inesl, krom\u011b vzniku kapely Olympic, i dal\u0161\u00ed z\u00e1sadn\u00ed ud\u00e1lost ve sv\u011bt\u011b hudby. The Beatles nato\u010dili prvn\u00ed album Please Please Me. Stejnojmen\u00fd single byl poprv\u00e9 v \u010dele britsk\u00e9 singlov\u00e9 hitpar\u00e1dy a nebyl zdaleka jedin\u00fd. Tady je dal\u0161\u00ed Love Me Do. Someone like you Love, love me do You know I love you I'll always be true So please Love me do Oh, love me do Love, love me do You know I love you I'll always be true So please Love me do Oh, love me do You know I love you I'll always be true Titulky vytvo\u0159il JohnyX","nbla_serie":"1044","nbla_season":"2023","nbla_episode":"3","nbla_duration":"1778.52","nbla_genre":"3.5","nbla_editorial_format":"2.1.5","nbla_mtime":"1695804576","nbla_url":"https:\/\/origin.a11.cz\/vod\/5wnk2m23qe9zqppde9iuh0214.mp4","nbla_version":"1695804576","nbla_odvysilano":"Ano","bunny_id":"d1e49555-5426-43e6-90c0-b90b87bf6628","youtube_id":"","datum_vydani":"20230927","stopaz":"1778.52","dokument":[],"video_to":[]},"_links":{"self":[{"href":"https:\/\/tv.a11.cz\/api\/wp\/v2\/video\/10981","targetHints":{"allow":["GET"]}}],"collection":[{"href":"https:\/\/tv.a11.cz\/api\/wp\/v2\/video"}],"about":[{"href":"https:\/\/tv.a11.cz\/api\/wp\/v2\/types\/video"}],"author":[{"embeddable":true,"href":"https:\/\/tv.a11.cz\/api\/wp\/v2\/users\/8"}],"wp:featuredmedia":[{"embeddable":true,"href":"https:\/\/tv.a11.cz\/api\/wp\/v2\/media\/11622"}],"wp:attachment":[{"href":"https:\/\/tv.a11.cz\/api\/wp\/v2\/media?parent=10981"}],"wp:term":[{"taxonomy":"category","embeddable":true,"href":"https:\/\/tv.a11.cz\/api\/wp\/v2\/categories?post=10981"},{"taxonomy":"porad","embeddable":true,"href":"https:\/\/tv.a11.cz\/api\/wp\/v2\/porad?post=10981"},{"taxonomy":"region","embeddable":true,"href":"https:\/\/tv.a11.cz\/api\/wp\/v2\/region?post=10981"},{"taxonomy":"kategorie","embeddable":true,"href":"https:\/\/tv.a11.cz\/api\/wp\/v2\/kategorie?post=10981"}],"curies":[{"name":"wp","href":"https:\/\/api.w.org\/{rel}","templated":true}]}}