{"id":10978,"date":"2023-09-26T22:11:56","date_gmt":"2023-09-26T20:11:56","guid":{"rendered":"https:\/\/tv.a11.cz\/?post_type=video&#038;p=10978"},"modified":"2023-10-06T08:59:26","modified_gmt":"2023-10-06T06:59:26","slug":"senicko-magazin-ze-slovenska-20","status":"publish","type":"video","link":"https:\/\/tv.a11.cz\/video\/senicko-magazin-ze-slovenska-20\/","title":{"rendered":"Senicko 26. 9. 2023"},"content":{"rendered":"","protected":false},"excerpt":{"rendered":"","protected":false},"author":8,"featured_media":11575,"template":"","categories":[182],"porad":[227],"region":[],"kategorie":[],"class_list":["post-10978","video","type-video","status-publish","has-post-thumbnail","hentry","category-ze-sveta-zajimavosti","porad-magazin-ze-slovenska"],"acf":[],"meta_box":{"nbla_idec":"A2326219","nbla_title":"Senicko","nbla_subtitle":"Magaz\u00edn ze Slovenska","nbla_summary":"","nbla_description":"","nbla_transcription":"\ud83c\udfb5 Cena za trval\u00e9 parkovac\u00ed m\u011bsto se nav\u00fd\u0161\u00ed. Senick\u00e1 divadeln\u00e1 hor\u016f\u010dka za\u010d\u00edn\u00e1 u\u017e v oktobri. Sony si priv\u011bzla tituly majster a vicemajster Eur\u00f3py. Vo \u010dtvrtok 21. septembra se konalo \u0161iest\u00e9 zasadnut\u00ed M\u011bstsk\u00e9ho zastupitelstva. Jedn\u00fdm z 17. bod\u016f programu, o kterom M\u011bstsk\u00fd poslanci rokovali, byl i n\u00e1vrh V\u0161eobecn\u011b z\u00e1v\u011bzn\u00e9ho nar\u011bden\u00ed o podm\u011bnk\u00e1ch st\u00e1tia motorov\u00fdch vozid\u011bl na \u00fazem\u00ed m\u011bsta Senica, o dan\u00ed za u\u017e\u00edv\u00e1n\u00ed verejn\u00e9ho p\u0159estr\u00e1nstva za trval\u00e9 parkov\u00e1n\u00ed motorov\u00fdch vozid\u011bl na verejnom p\u0159estr\u00e1nstve a o do\u010dasn\u00e9m parkov\u00e1n\u00ed motorov\u00fdch vozid\u011bl na m\u011bstn\u00fdch cest\u00e1ch. Z\u00e1sadnou zmenou je, \u017ee tento n\u00e1vrh V\u0161eobecn\u011b z\u00e1v\u011bzn\u00e9ho nar\u011bden\u00ed naru\u0161\u00ed v\u0161etky typy mesa\u010dn\u00fdch parkovac\u00edch kari\u00e9t a z\u00e1rove\u0148 obsahuje aj \u00fapravu cien za n\u011bkter\u00e9 parkovac\u00ed karty. V n\u00e1vrhu zost\u00e1v\u00e1 poplatok preobyvatel\u016f s trval\u00fdm pobytom v Senici za prv\u00e9 a druh\u00e9 auto nezmen\u011bn\u00e9, teda 20 eur ro\u010dn\u011b. So zv\u00fd\u0161en\u00edm ceny za ro\u010dn\u00e9 parkovac\u00ed karty n\u00e1vrh po\u010d\u00edt\u00e1 pri tretjom a \u010dtvrtom aut\u011b v dom\u00e1cnosti. Je to na \u0161tandard, ak n\u011bkdo m\u00e1 tretje, \u010dtvrt\u00e9 vozidlo, neje to be\u017en\u00e9 a teda tu n\u00e1s ten limit zvy\u0161uje a u\u017e to nebude 80 eur, ale 150 eur. T\u00e1to suma takt\u011b\u017e prech\u00e1dza na obyvatel\u016f, kte\u0159\u00ed nemaj\u00ed trval\u00fd pobyt v m\u011bst\u011b Senica. My t\u00fdmto krokom m\u00e1me z\u00e1ujem motivovat lidi, kte\u0159\u00ed b\u00fdvaj\u00ed v m\u011bst\u011b Senica, aby si nahl\u00e1sili trval\u00fd pobyt pr\u00e1v\u011b v m\u011bst\u011b Senica, proto\u017ee ke\u010f tu b\u00fdvaj\u00ed a vyu\u017e\u00edvaj\u00ed v\u0161etku infrastrukturu, tak my t\u00fdmto krokom m\u00e1me z\u00e1ujem, aby mali trval\u00fd pobyt v m\u011bst\u011b, proto\u017ee podle trval\u00e9ho pobytu je m\u011bsto financovan\u00e9. Nezmen\u011bn\u00e1 ost\u00e1v\u00e1 i cena ro\u010dnej parkovacej karty pre d\u016fchodcov s trval\u00fdm pobytom v Senici, \u010do je 10 eur. Dokonce tuto skupinu n\u00e1vrh roz\u0161\u00edril v r\u00e1mci v\u011bkovej hranice u\u017e od 65 rokov na m\u011bsto p\u016fvodn\u00fdch 70 rokov. V\u00fdhody ost\u00e1vaj\u00ed t\u011b\u017e mnohon\u00e1sobn\u00fdm darcom krvi s trval\u00fdm pobytom v Senici, kte\u0159\u00ed nad\u011bleji budou platit 10 eur ro\u010dn\u011b. V\u00fdhody pochv\u00e1lili zmenu pri poplatku za trval\u00e9 parkovac\u00ed m\u011bsto. Z daraj\u0161\u00edch 250 eur se cena zv\u00fd\u0161\u00ed na 365 eur ro\u010dn\u011b. Dlhodobo vyhrad\u011bn\u00e9 parkovac\u00ed m\u011bsta jsou probl\u00e9mom, proto\u017ee jsou neefektivn\u00e9 a obr\u00e1tkovost na tomto parkovisku je v\u00fdrazn\u011b ni\u017e\u0161\u00ed ako na parkovisku, kter\u00e9 je za tu 20 eurovu zn\u00e1mku. U\u017e v\u011bc ako 50 % lud\u00ed se odhl\u00e1silo z tohto syst\u00e9mu vyhrad\u011bn\u00e9ho trval\u00e9ho parkovan\u00ed, tak se v mnoh\u00fdch lokalit\u00e1ch situace zlep\u0161ila a t\u00fdm p\u00e1dom je efektivn\u011bj\u0161\u00ed vyu\u017e\u00edvan\u00fd pr\u00edstor parkovac\u00ed m\u011bsta, kter\u00fd u\u017e dnes m\u00e1me. To znamen\u00e1, \u017ee \u010dlov\u011bk p\u0159ijde, jde do pr\u00e1ce, nestoj\u00ed tam, je na dovolenke vozidloma pokazen\u00e9, je na n\u00e1kupoch, je na v\u00fdlet\u011b, tak v tom \u010dase to parkovac\u00ed m\u011bsto m\u016f\u017ee vyu\u017e\u00edvat n\u011bkdo in\u00fd a z toho titulu jsou t\u011bto m\u011bsta efektivn\u011bj\u0161\u00ed. Dal\u0161\u00ed body programu, kter\u00e9 zazn\u011bly na zasadnut\u00ed Mestsk\u00e9ho zastupitelstva v\u00e1m prines\u00edme v report\u00e1\u017ei v nasleduj\u00edc\u00edm magaz\u00edn\u011b. Cel\u00fd z\u00e1znam zastupitelstva najdete na na\u0161em YouTube kan\u00e1li alebo na tvsen.sk. 13. ro\u010dn\u00edk Senick\u00e9ho t\u00fd\u017ed\u0148a dobrovolnictva za\u010dal tradi\u010dnou rannou k\u00e1vou v parku p\u0159i Centre voln\u00e9ho \u010dasu v pond\u011blok 18. septembra. U\u017e od polstv\u011btmej r\u00e1no dobrovoln\u00edci zo Senica 2.0, Europe Direct Senica \u010di \u0160tudentsk\u00e9ho parlamentu ponukali v\u0161etk\u00fdch okolojduj\u00edc\u00edch k\u00e1vou, \u010dajom \u010di b\u00e1boukou. Toto mal\u00e9 ob\u010derstven\u011b sl\u016f\u017eilo prepe\u0161\u00edch \u010di cyklist\u016fm jako pod\u011bkovan\u011b za to, \u017ee si zvolili na cestu do pr\u00e1ce \u010di do \u0161koly zdrav\u0161iu a ekologick\u011bj\u0161iu mo\u017enost, jako j\u00edst autom. V poobedn\u00fdch hodin\u00e1ch pokra\u010doval Senick\u00fd t\u00fd\u017ed\u011bn dobrovolnictva s berom odpadkou pri Rieke T\u011bplica v okol\u00ed cyklotrasy. Oblast pri Rieke dobrovoln\u00edci vy\u010distili od smet\u00ed a na n\u011bjak\u00fd \u010das zostane toto m\u011bsto o n\u011b\u010do kraj\u0161\u011b. Na druh\u00fd den, v \u00fatorok 19. septembra, se dobrovoln\u00edci vybrali na n\u00e1v\u0161t\u011bvu do Senick\u00e9ho \u00fatulku pre psou a nep\u0159i\u0161li sem s pr\u00e1zdn\u00fdmi rukami. P\u0159i pr\u00fdlo\u017eitosti t\u00fd\u017ed\u0148a dobrovolnictva jsme se rozhodli vyu\u017e\u00edt v\u00fdt\u011b\u017eok, kter\u00fd jsme vyzb\u011brali v r\u00e1mci ECO d\u0148a a je\u0161t\u011b na prvop\u0159edouc\u00edch podujet\u011bch kdy\u017e jsme organizovali svat oblo\u010den\u00ed, kde se vyzb\u011brali penia\u017eky a tak jsme se rozhodli jich pou\u017e\u00edt na n\u00e1kup t\u00fdchto granuliek a vod\u00edtok a podobn\u011b. A teda jsme se rozhodli sem br\u00fdzat, vyven\u010dit ps\u00edko, lebo si zaslu\u017ee na\u0161u l\u00e1sku a pozornost. Po odovzdan\u00ed daru obozn\u00e1mil spr\u00e1vca \u00fatulku Miro Cabo\u0148 dobrovoln\u00edkov s jednotliv\u00fdmi psami a ka\u017ed\u00e9mu z nich vybral na prech\u00e1dzku toho najvhodn\u011bj\u0161\u00edho. Senick\u00fd t\u00fd\u017ed\u011bn dobrovoln\u00edctva n\u00e1sledn\u011b pokra\u010doval v t\u00e9m pravd\u011bnom stacion\u00e1\u0159i Svetlu\u0161ka v Kunov\u00e9. Tu p\u0159ipravili dobrovoln\u00edci z Centra voln\u00e9ho \u010dasu pre klientov Svetlu\u0161ky t\u0159i zauj\u00edmav\u00e9 aktivity. Dv\u011b jsou tak\u00e9 tvoriv\u00e9, spozn\u00e1vac\u00ed a jedna je aktivita vonku, jako p\u00e1tra\u010dka. Prv\u00e9 jsme m\u011bli v balon\u00edkoch, jsou to r\u016fzn\u00e9 surobiny, kter\u00e9 m\u00e1me v dom\u00e1cnosti, jako ry\u017ea, \u0161o\u0161ovica, cestovinky a na z\u00e1klad\u011b hmatu a sluchu jsme rozv\u00edjali motoriku a priradiovali to k obrazk\u016fm, kter\u00e9 m\u00e1me p\u0159ed sebou. Druh\u00e1 aktivitka, kterou rob\u00edme aj teraz, je zmena geometrick\u00fdch tvar\u016f, kde je trojuholn\u00edk, kruh a \u0161tvorec na z\u00e1klad\u011b prila\u017eenia, nastryhov a trh\u00e1n\u00ed zmenili na \u00fapln\u011b n\u011bjak\u00fd in\u00fd objekt. Vznikali tu nap\u0159\u00edklad labut\u011b, hory, hv\u011bzdy. Je to naozaj velmi rozmanit\u00e9. A je\u0161t\u011b n\u00e1s potom \u010dak\u00e1 jako p\u00e1tra\u010dka vonku. T\u00fdm, \u017ee j\u00e1 u\u017e na strednej jsem chodila aj s Markom \u0160t\u00edtn\u00fdm pom\u00e1hat, tak jsem v\u011bd\u011bla p\u0159ibli\u017en\u011b, jak\u00e1 tu je klientela a v\u00edm, \u017ee velmi r\u00e1di vyr\u00e1baj\u00ed vonkusu, hraj\u00ed se a \u017ee aj keby to \u010dlov\u011bk do nich nepovedal, tak naozaj, \u017ee velmi \u0161ikovn\u00fd a zru\u010dn\u00fd jsou. My se vlastn\u011b s Centrum voln\u00e9ho \u010dasu jako dobrovoln\u00edci zap\u00e1j\u00e1me na Dobrovoln\u00edck\u00fd t\u00fd\u017ede\u0148 v Senici ka\u017edoro\u010dn\u011b. Z\u00e1v\u011br Senick\u00e9ho t\u00fd\u017ed\u0148a dobrovoln\u00edctva se n\u011bsl v znamen\u00ed revitaliza\u010dn\u00e9 \u010dinnosti. Vo \u010dtvrtok 21. septembra sa dobrovoln\u00edci rozhodli vymalovat m\u016fr v parku pred davom a cel\u00fd Senick\u00fd t\u00fd\u017ede\u0148 dobrovoln\u00edctva, kter\u00fd se v\u017edy prekr\u00fdv\u00e1 i s Evropsk\u00fdm t\u00fd\u017ed\u0148om mobility, ukon\u010dilo v pjatok 22. septembra u\u017e\u00edvan\u011b mesk\u00e9 hromadn\u00e9 dopravy zadarmo. Vo \u010dtvrtok 21. a pjatok 22. septembra p\u0159ipravili v Centre voln\u00e9ho \u010dasu tradi\u010dn\u00fd de\u0148 otvoren\u00fdch dver\u00ed. Vo \u010dtvrtok p\u0159ipraven\u00e9 aktivity nav\u0161t\u00edvili d\u011bti zo \u0161kolsk\u00fdch klubov a pjatkov\u00fd program byl p\u0159ipraven\u00fd pre verejnost a najm\u00e9 d\u011bti, kter\u00e9 se u\u017e do n\u011bkter\u00fdch kr\u016f\u017ek\u016f Centra voln\u00e9ho \u010dasu zap\u00edsali, alebo by mali o n\u011bkter\u00fdch z nich z\u00e1ujem. \u010cakali jich tu r\u016fzn\u00e9 tvoriv\u00e9 \u010di hudobn\u00e9 d\u011bln\u011b, ale t\u011b\u017e \u0161portov\u00e9 aktivity. Centrum voln\u00e9ho \u010dasu ponuka v tomto \u0161kolskom roku v\u011bc jako 40 takzvan\u00fdch volno\u010dasov\u00fdch kr\u016f\u017ek\u016f pre d\u011bti a ml\u00e1de\u017e. Z nov\u00fdch kr\u016f\u017ek\u016f by se mo\u017eno zdvoraznila kr\u016f\u017eok redaktorsk\u00fd, kter\u00fd p\u0159ich\u00e1dza jako novinka, proto\u017ee Stono\u017eka by tento rok chcela znova o\u017eivit \u010dasopis. Tak\u017ee hlad\u00e1me d\u011bti, kter\u00e9 by se chceli pod\u011blat na jeho p\u0159\u00edprave a realizaci. D\u011blej kr\u016f\u017eok talian\u010diny, skupinov\u00e9 tr\u00e9ninky, folklorn\u00ed kr\u016f\u017eok a z nov\u00fdch kr\u016f\u017ek\u016f t\u011b\u017e napr\u00edklad kr\u016f\u017eok P\u0159\u00edroda a j\u00e1, alebo badminton, t\u011b\u017e fotografick\u00fd kr\u016f\u017eok, a tak jisto kr\u016f\u017eok ha\u010dkov\u00e1n\u00ed. Je n\u00e1m tro\u0161ku luto, \u017ee p\u0159i t\u011bchto nov\u00fdch kr\u016f\u017ek\u016fch nara\u017e\u00e1me na to, ako by rodi\u010dia, d\u011bti znejist\u011bli nemali dostatok d\u00f4very k n\u011b\u010demu nov\u00e9mu a ka\u017edoro\u010dn\u011b se n\u00e1m st\u00e1v\u00e1, \u017ee n\u011bkter\u00e9 z nov\u00fdch kr\u016f\u017ek\u016f t\u00fdm p\u00e1dom neotvor\u00edme. Toto cestou vyz\u00fdv\u00e1m rodi\u010dov, pokud nad n\u011bkter\u00fdm kr\u016f\u017ek\u016fm v\u00e1haj\u00ed a \u010dakaj\u00ed, \u010di se otvor\u00ed, neotvor\u00ed. Pro n\u00e1s je velmi d\u016fle\u017eit\u00e9, pokud maj\u00ed o kr\u016f\u017eok d\u011bti z\u00e1ujem, aby poslali \u010do najrychlej\u0161i elektronickou prihl\u00e1\u0161ku, lebo v nejbli\u017e\u0161\u00edch d\u0148ech budeme rozhodovat o tom, \u010di a\u017e n\u011bjak\u00fd kr\u016f\u017eok mo\u017eno nebude otvoren\u00fd, vzhledem na n\u00edzk\u00fd po\u010det prihl\u00e1sen\u00fdch uch\u00e1dza\u010dov. Medzi teenagermi je ob\u013e\u00faben\u00e9 st\u0159et\u00e1v\u00e1n\u00ed se ka\u017ed\u00fd p\u011btok v klubovni Centra voln\u00e9ho \u010dasu pod n\u00e1zvom Teens Club, kde si program p\u0159ipravuj\u00ed pr\u00e1v\u011b oni sami, \u010di u\u017eijte ho pozran\u011b filmov, r\u016fzn\u00e9 diskusie alebo hry. Z\u00e1rove\u0148 se zap\u00e1jaj\u00ed do r\u016fzn\u00fdch dobrovoln\u00edck\u00fdch \u010dinnost\u00ed. Tento rok vytvorila pr\u00e1v\u011b \u0159editelka Centra voln\u00e9ho \u010dasu a i zvl\u00e1\u0161\u0165 turistickou skupinu pre teenagerov. Pre ml\u00e1de\u017en\u00edkov je taky stou\u010den\u00fd rozvojov\u00fd program pod n\u00e1zvom DoFes, kter\u00fd maj\u00ed v Centre voln\u00e9ho \u010dasu velmi dobr\u00e9 zk\u00fasanosti. V z\u00favislosti so v\u0161etk\u00fdmi kr\u016f\u017ekami p\u0159ipom\u00edn\u00e1me, \u017ee Centrum voln\u00e9ho \u010dasu je p\u0159ij\u00edmat\u011blem vzd\u011bl\u00e1vac\u00edch poukaz\u016f, kter\u00e9 \u017eiaci a \u0161tudenti dost\u00e1vali v \u0161kol\u00e1ch. J\u00e1 bychom velmi p\u011bkn\u011b chcela poprosit rodi\u010dov, kte\u0159\u00ed by stono\u017eky chceli pomoct, aby poukazy p\u0159inesli i n\u00e1m, poky d\u011bti nav\u0161t\u011bvuj\u00ed na\u0161e kr\u016f\u017eky. Deadline, dokedy treba poukaz p\u0159in\u00e9st, je 28. september. Poukazy n\u00e1m pomohou p\u0159i zaobstaran\u00ed u\u010debn\u00fdch pomocok na na\u0161e z\u00e1jmov\u00e9 \u00fatvary. D\u016fle\u017eitou sou\u010das\u0165ou Centra voln\u00e9ho \u010dasu je i Mat\u011b\u0159sk\u00e9 centrum Stono\u017eky Nesln\u011b\u010dka. Mat\u011b\u0159sk\u00e9 centrum bude pokra\u010dovat o svoje \u010dinnosti a v\u0161ak 6. oktober chceme urobit spolo\u010dn\u00e9 st\u0159etnut\u011b mami\u010dek, kde se budeme bavit o celoro\u010dn\u00e9m programu, o jejich p\u0159edstav\u00e1ch, o jejich pl\u00e1noch a spolo\u010dn\u011b bychom si cht\u011bli vytvori\u0165 program tak, aby byl u\u0161it\u00fd na m\u011bru pr\u00e1v\u011b pro nich. Tak\u017ee budeme velmi r\u00e1di, ak se do Mat\u011b\u0159sk\u00e9ho centra prihl\u00e1s\u00ed. Moment\u00e1ln\u011b u\u017e je n\u011bkolik desiatok mami\u010dek prihl\u00e1sen\u00fdch, \u010demu se velmi t\u011b\u0161\u00edme. Moment\u00e1ln\u011b Mat\u011b\u0159sk\u00e9 centrum funguje v dopoludn\u011bj\u0161\u00edch hodin\u00e1ch, zatial bez programu. V tom voln\u00e9ho \u010dasu se rozhodlo z\u00e1rove\u0148 po dlh\u0161ej dobe o\u017eivit svoju \u00fa\u010dast v sb\u011brke Dni nez\u00e1bud\u011bk, kter\u00e1 je venovan\u00e1 du\u0161evn\u00e9mu zdrav\u00ed. Stono\u0161k\u00e1ry budou v na\u0161em m\u011bst\u011b p\u016fsobit jako koordin\u00e1tory, pri\u010dom verejn\u00e1 sb\u011brka se tu uskuto\u010dn\u00ed v p\u011btok 6. okt\u00f3bra. S pr\u00fdchodom jesen\u011b se do Domu kult\u00fary op\u011bt vrac\u00ed p\u0159edstaven\u00fd divadeln\u00fd festival, kter\u00e9ho tvo\u0159\u00ed amat\u00e9rsk\u00e9 a ochotnick\u00e9 divadeln\u00e9 s\u00fabory Senick\u00e1 divadeln\u00e1 hor\u016f\u010dka. T\u00e1 je ka\u017edoro\u010dn\u011b dopln\u011bn\u00e1 onosnou my\u0161lienkou, kter\u00e1 v\u017edy b\u00fdv\u00e1 vyobrazen\u00e1 na plag\u00e1t\u011b k t\u00e9to prehliadke. Pokusili jsme se tento rok vr\u00e1tit k p\u016fvodn\u00e9 my\u0161lienke, \u017ee divadeln\u00e1 hor\u016f\u010dka je vlastn\u011b nad\u0161en\u011b organiz\u00e1tor\u016fm pre divadlo alebo pre kult\u00faru, tak\u017ee propagujeme znova ten retro teplom\u00e9r a douf\u00e1me, \u017ee bude ta hor\u016f\u010dka jen divadeln\u00e1, \u017ee n\u00e1s zase nezastav\u00ed n\u011bjak\u00e9 pandemick\u00e9 opatren\u00ed. 2. desiat\u00fd za\u010d\u00edn\u00e1me s prv\u00fdm p\u0159edstaven\u00edm Apokalypsa ve velk\u00fdch lev\u00e1roch, kterou zahr\u00e1 divadlo Falang\u00fdr z kostoli\u0161\u0165a. 5. desiat\u00fd uvid\u00ed div\u00e1ci Koc\u016fr v bot\u00e1ch, kbelsk\u00e9 ochotnick\u00e9 divadlo Kbel\u00edk to zahr\u00e1 a 9. desiat\u00fd uvid\u00ed div\u00e1ci Koc\u016fr v bot\u00e1ch a 9. desiat\u00fd uvid\u00ed div\u00e1ci Koc\u016fr v bot\u00e1ch a 9. desiat\u00fd uvid\u00ed div\u00e1ci \u010certice alebo \u0160kr\u011bpky v chy\u00f3ze a 9. desiat\u00fd uvid\u00ed div\u00e1ci \u010certice alebo \u0160kr\u011bpky v chy\u00f3ze a 9. desiat\u00fd uvid\u00ed div\u00e1ci \u010certice alebo \u0160kr\u011bpky v chy\u00f3ze od divadla Vadidlo z Lozorna. 12. desiat\u00fd bude profesion\u00e1ln\u00e9 p\u0159edstaven\u00ed Stud\u0148a l\u00e1sky, kterou teda predved\u011b Mestsk\u00e9 divadlo Tren\u010d\u00edn a 29. desiat\u00fd p\u0159edstaven\u00ed Kom\u00e9dia kurn\u00edch \u0161opa divadeln\u00ed spolok \u0160\u00e1chor 9. 11. se p\u0159edstav\u00ed dom\u00e1ce Z\u00e1horadsk\u00e9 divadlo z obnovenou premi\u00e9rov hry Svatojansk\u00e9 dreamoty a 3. 12. znova Z\u00e1horadsk\u00e9 divadlo s obnovenou premi\u00e9rov rozpr\u00e1vky Princezna zalubena do stra\u0161idla Tak\u017ee klasicky Z\u00e1horadsk\u00e9 divadlo a Mestsk\u00e9 kulturn\u00e9 st\u0159edisko Festival podporilo finan\u010dn\u011b m\u011bsto Senica a m\u00e1me aj sponzora Vin\u00e1rstvo Vimpera Tak\u017ee se div\u00e1ci zase mohou t\u011b\u0161it na skv\u011bl\u00e9 ceny? Ur\u010dit\u011b, to budou hodnotn\u00e9 ceny akor\u00e1t mus\u00edme vymyslet je\u0161t\u011b zp\u016fsob losovania Senick\u00e1 divadeln\u00e1 horou\u010dka v Dome kultury startuje prv\u00fdm p\u0159edstaven\u00edm v podan\u00ed divadla Falang\u00fdr u\u017e v pondilok 2. oktobra o 19. hodin\u011b Tane\u010dn\u00e1 skupina Sony vycestovala v term\u00edn\u011b od 8. do 10. septembra na majstrovstva Eur\u00f3py do \u0161v\u00e9dsk\u00e9ho mesta Orebro Na cestovan\u00ed na s\u00fat\u011b\u0159e do r\u016fzn\u00fdch kraj\u00edn jsou jej\u00ed \u010dlenov\u011b zvyknut\u00ed ale t\u00e1to cesta byla v\u00fdjimno\u010dn\u00e1 Prv\u00fdkr\u00e1t toti\u017e soni\u00e1ci cestovali na s\u00fat\u011b\u0159 spolo\u010dn\u011b jako jedna partia lietadlom Bylo to teda dost organiza\u010dn\u011b n\u00e1ro\u010dn\u00e9 zabezpe\u010dit vytvo\u0159en\u011b, transfer, o to v\u0161etko se postarala na\u0161a jedine\u010dn\u00e1 Janka Bar\u0148\u00e1k Za toto v\u0161etko teda jej velice d\u011bkujeme lebo to v\u0161etko vybavila na jednotku tak\u017ee jsme si to mohli u\u017e\u00edvat naplno V \u010dom to byla n\u00e1ro\u010dn\u00e1 organizac\u00ed? Jedna super vela. Bylo n\u00e1s p\u016fvodn\u011b okolo 45 Najprv jedna skupina se rozhodla, \u017ee p\u016fjde a bude investovat do takov\u00e9to kr\u00e1sn\u00e9 s\u00fat\u011b\u0159e Tak\u017ee bylo to n\u00e1ro\u010dn\u00e9 z toho d\u016fvodu, \u017ee to byly dv\u011b r\u016fzn\u00e9 skupiny, v jinom \u010dase se rozhodly potom n\u00e1sledn\u011b byly n\u011bkter\u00e9 zmeny, kter\u00e9 se musely zapracovat, n\u00e1sledn\u011b zorganizovat je\u0161t\u011b ten transfer z letiska do hotela Tak\u017ee bylo to celkov\u011b n\u00e1ro\u010dn\u00e9 N\u00e1ro\u010dn\u00e9 na \u010das, n\u00e1ro\u010dn\u00e9 na zmeny ale kde je vola, tam je cesta Po \u00fasp\u011b\u0161n\u00e9 organizacii dopravy a ubytovan\u00ed dv\u011b skupiny mohly vychutn\u00e1vat aj \u00fasp\u011bchy u\u017e p\u0159\u00edmo na s\u00fat\u011b\u0159i Majstrilstv\u011b v Eur\u00f3pie se z\u00fa\u010dastnili hlavn\u00e1 v\u011bkov\u00e1 skupina a hlavn\u00e1 v\u011bkov\u00e1 skupina dva tane\u010dn\u00e9 skupiny Sony Obe zlo\u017eky sout\u011b\u017eily v dvoch kategori\u00e1ch Disco Dance skupiny a Disco Dance form\u00e1cie V disko skupin\u00e1ch na\u0161i HVK Shift v siln\u00e9 konkurenci obsadili 16. a 19. m\u011bsto a HVK 2 m\u00e1li proti sebe postaven\u00fdch p\u011b\u0165 \u0161v\u00e9dsk\u00fdch disko skupin My jsme m\u011bli dv\u011b disko skupiny tento rok a vlastn\u011b o tom prv\u00e9m m\u011bst\u011b se rozhodovalo mezi t\u00fdmi na\u0161imi dvomi disko skupinami tak to se velmi t\u011b\u0161\u00edme, lebo bylo to t\u011bsn\u011b o jednu zn\u00e1mku a na druhom m\u011bst\u011b a titul prv\u00e9ho vicemestra Eur\u00f3py si vytancovala skupina Liga V\u00fdjimo\u010dn\u00fdch a prv\u00e9 m\u011bsto byly d\u011bv\u010data Ladies Attack Tak to byl prv\u00fd den, \u017ee jsme se t\u011b\u0161ili s t\u00fdmto titulou Na druh\u00fd den byly form\u00e1cie kter\u00e9 z\u00edskali kr\u00e1sn\u00e9 \u010dtvrt\u00e9 m\u011bsto a HVK 2 v konkurenci norskej a \u0161v\u00e9dskej form\u00e1cie jednozna\u010dn\u011b na sam\u00fdch jednotk\u00e1ch vyhrali a vlastn\u011b teda jsme z\u00edskali titul majstra Eur\u00f3py Velmi jsme si tento pobyt u\u017eili T\u011b\u0161ili jsme se z toho, \u017ee jsme tam spolu \u017ee jsme mohli teda si i pozr\u011bt m\u011bsto i po s\u00fa\u0165a\u017ei vlastn\u011b spolo\u010dn\u011b zaj\u00edst do pizzerie spolo\u010dn\u00e9 chv\u00edle Bylo to \u00fa\u017easn\u00e9, \u00fa\u017easn\u011b jsme si to u\u017eili Jsme perfektn\u00e1 partia, v\u00fdsledky byly neskute\u010dn\u00e9 proto\u017ee konkurence byla velmi siln\u00e1 a nejlep\u0161\u00ed na tom bylo, aspo\u0148 teda pro m\u011b \u017ee posledn\u00ed den toho kv\u00e1zi v\u00fdletu jsem m\u011bla n\u00e1rod\u011bniny a cel\u00e1 tato kr\u00e1sn\u00e1 partia a z\u00e1rove\u0148 cel\u00e1 na\u0161a HVK skupina my zp\u011bvali, tak\u017ee pro m\u011b to byly Ve\u013ea \u0161\u0165ast\u00ed a zdrav\u00ed! Ve\u013ea \u0161\u0165ast\u00ed a zdrav\u00ed! Ve\u013ea \u0161\u0165ast\u00ed a mil\u00e1 Janka! Ve\u013ea \u0161\u0165ast\u00ed a zdrav\u00ed! Ve\u013ea \u0161\u0165ast\u00ed a zdrav\u00ed! D\u011bkuji! T\u00fdmito skv\u011bl\u00fdmi z\u00e1\u017eitkami a je\u0161t\u011b cenej\u0161\u00edmi tane\u010dn\u00fdmi \u00faspechmi z majstrost\u011b v Evropi zavr\u0161ili v Sony tuto s\u00fa\u0165a\u017enou sez\u00f3nu. My u\u017e teraz n\u00e1plno tr\u00e9nujeme a p\u0159ipravujeme se na n\u00e1\u0161 oktobrov\u00fd koncert, kter\u00fd bude 21. oktobra s n\u00e1zvom Musical Show. Tak\u017ee u\u017e n\u00e1zvou napoved\u00e1, \u017ee tam budou n\u011bjak\u00e9 muzik\u00e1lov\u00e9 choreografie. V\u0161etk\u00fdch poz\u00fdv\u00e1me, aby se p\u0159i\u0161li pozr\u011bt, \u010di u\u017e jen na t\u011bto nove choreografie a nebo na t\u00e9to s\u00fa\u0165a\u017en\u00e9. Vlastn\u011b uvid\u00edme majstro Slovenska a Evropy sv\u011bta a douf\u00e1m, \u017ee se jim tento program bude p\u00e1\u010dit. 21. oktobra bude v Dome kultury, jedno p\u0159edstaven\u011b bude o 16. hodin\u011b a druh\u00e9 o 18.30.","nbla_serie":"834","nbla_season":"","nbla_episode":"","nbla_duration":"1014.08","nbla_genre":"","nbla_editorial_format":"","nbla_mtime":"1695758562","nbla_url":"https:\/\/origin.a11.cz\/vod\/d4jfotdg2d11iimd6sreioggx.mp4","nbla_version":"1695758554","nbla_odvysilano":"Ano","bunny_id":"9885605d-7913-48c6-941d-5e50caf7ab12","youtube_id":"","datum_vydani":"20230926","stopaz":"1014.08","dokument":[],"video_to":[]},"_links":{"self":[{"href":"https:\/\/tv.a11.cz\/api\/wp\/v2\/video\/10978","targetHints":{"allow":["GET"]}}],"collection":[{"href":"https:\/\/tv.a11.cz\/api\/wp\/v2\/video"}],"about":[{"href":"https:\/\/tv.a11.cz\/api\/wp\/v2\/types\/video"}],"author":[{"embeddable":true,"href":"https:\/\/tv.a11.cz\/api\/wp\/v2\/users\/8"}],"wp:featuredmedia":[{"embeddable":true,"href":"https:\/\/tv.a11.cz\/api\/wp\/v2\/media\/11575"}],"wp:attachment":[{"href":"https:\/\/tv.a11.cz\/api\/wp\/v2\/media?parent=10978"}],"wp:term":[{"taxonomy":"category","embeddable":true,"href":"https:\/\/tv.a11.cz\/api\/wp\/v2\/categories?post=10978"},{"taxonomy":"porad","embeddable":true,"href":"https:\/\/tv.a11.cz\/api\/wp\/v2\/porad?post=10978"},{"taxonomy":"region","embeddable":true,"href":"https:\/\/tv.a11.cz\/api\/wp\/v2\/region?post=10978"},{"taxonomy":"kategorie","embeddable":true,"href":"https:\/\/tv.a11.cz\/api\/wp\/v2\/kategorie?post=10978"}],"curies":[{"name":"wp","href":"https:\/\/api.w.org\/{rel}","templated":true}]}}