{"id":10931,"date":"2023-09-26T17:52:06","date_gmt":"2023-09-26T15:52:06","guid":{"rendered":"https:\/\/tv.a11.cz\/?post_type=video&#038;p=10931"},"modified":"2023-09-26T20:55:56","modified_gmt":"2023-09-26T18:55:56","slug":"a11-zpravy-utery-26-9-2023","status":"publish","type":"video","link":"https:\/\/tv.a11.cz\/video\/a11-zpravy-utery-26-9-2023\/","title":{"rendered":"A11 Zpr\u00e1vy \u00dater\u00fd 26.9. 2023"},"content":{"rendered":"","protected":false},"excerpt":{"rendered":"<p>Pra\u017esk\u00e9mu inova\u010dn\u00edmu institutu chyb\u00ed finance &#8211; Brno m\u011bn\u00ed p\u0159\u00edst\u0159e\u0161ky zast\u00e1vek MHD &#8211; Jedni\u010dka investovala do \u0161kolek &#8211; Zl\u00ednsk\u00fd kraj ocenil region\u00e1ln\u00ed potraviny<\/p>\n","protected":false},"author":8,"featured_media":10960,"template":"","categories":[17,157],"porad":[212],"region":[218],"kategorie":[],"class_list":["post-10931","video","type-video","status-publish","has-post-thumbnail","hentry","category-domaci","category-zpravy","porad-hlavni-zpravy-a11","region-cela-cr"],"acf":[],"meta_box":{"nbla_idec":"A2300109","nbla_title":"A11 Zpr\u00e1vy","nbla_subtitle":"\u00dater\u00fd 26.9. 2023","nbla_summary":"Zpravodajstv\u00ed A11 ze v\u0161ech kout\u016f \u010cesk\u00e9 republiky","nbla_description":"","nbla_transcription":"Kr\u00e1sn\u00fd ve\u010der, mil\u00ed div\u00e1ci, pr\u00e1v\u011b za\u010d\u00ednaj\u00ed a jeden\u00e1ct zpr\u00e1vy. V\u00edt\u00e1 v\u00e1s u nich Alexandra Pt\u00e1\u010dkov\u00e1. Pra\u017esk\u00e9mu inova\u010dn\u00edmu institutu chyb\u00ed v\u00edce ne\u017e 4 miliony korun. Je mo\u017en\u00e9, \u017ee to m\u00e1 nasv\u011bdom\u00fd b\u00fdval\u00fd \u0159editel Bohumil Kartous, ten ale vinu pop\u00edr\u00e1. V sou\u010dasn\u00e9 chv\u00edli je ve v\u011bci pod\u00e1no trestn\u00ed ozn\u00e1men\u00ed a p\u0159\u00edpadem se zab\u00fdv\u00e1 \u00da\u0159ad pro ochranu hospod\u00e1\u0159sk\u00e9 sout\u011b\u017ee. Na Pra\u017esk\u00e9m inova\u010dn\u00edm institutu byl proveden audit, projedn\u00e1van\u00fd zastupitelstvem hlavn\u00edho m\u011bsta Prahy. Nyn\u00ed vzniklo podez\u0159en\u00ed, \u017ee v dob\u011b, kdy byl \u0159editelem Pra\u017esk\u00e9ho inova\u010dn\u00edho institutu Bohumil Kartous, do\u0161lo k poru\u0161en\u00ed z\u00e1konu a z toho d\u016fvodu bylo pod\u00e1no trestn\u00ed ozn\u00e1men\u00ed panem \u0160\u00e1rkezim. Jeden z t\u011bch z\u00e1kon\u016f se t\u0159eba t\u00fdk\u00e1 ve\u0159ejn\u00fdch zak\u00e1zek. Tak m\u011b zaj\u00edmalo, jestli tam je n\u011bjak\u00e1 trestn\u011b pr\u00e1vn\u00ed odpov\u011bdnost. Kdy\u017e tam bylo naps\u00e1no, \u017ee do\u0161lo k poru\u0161en\u00ed z\u00e1konu, tak jsem slovil policii a podal trestn\u00ed ozn\u00e1men\u00ed na pana \u0159editele Bohumila Kartouse a dal\u0161\u00ed \u010dleny tehdej\u0161\u00edho veden\u00ed Pra\u017esk\u00e9ho inova\u010dn\u00edho institutu. Je mo\u017en\u00e9, \u017ee finan\u010dn\u00ed \u0161koda, ke kter\u00e9 do\u0161lo, je a\u017e ve v\u00fd\u0161i 4,5 milionu korun. To jsou vlastn\u011b nesp\u016fsobil\u00e9 v\u00fddaje z Fondu Evropsk\u00e9 unie. Jak\u00e1 ta \u0161koda p\u0159esn\u011b, j\u00e1 se nev\u00edm, ale tu \u010d\u00e1stko by platil, kdy\u017e tak p\u0159\u00edmo magistr\u00e1t. Bohumil Kartous ale s t\u00edmto na\u0161t\u011bn\u00edm nesouhlas\u00ed. Pra\u017esk\u00fd inova\u010dn\u00ed institut m\u011bl podle n\u011bj finan\u010dn\u00ed pot\u00ed\u017ee i p\u0159edt\u00edm. Deficitem financov\u00e1n\u00ed trp\u011bla organizace u\u017e, kdy\u017e jsem do n\u00ed nastoupil. A p\u0159es trval\u00e9 sliby tehdej\u0161\u00edho veden\u00ed m\u011bsta se to nepoda\u0159ilo zm\u011bnit. Mo\u017enost\u00ed je, \u017ee Bohumil Kartous nebude shled\u00e1n vin\u00fdm. Dle jeho slov je tak\u00e9 mo\u017en\u00e9, \u017ee jsou tyto na\u0161t\u011bn\u00ed motivov\u00e1ny proti n\u011bmu, jeliko\u017e aktivn\u011b bojuje proti dezinformac\u00edm. Zda je toto obvin\u011bn\u00ed pravdiv\u00e9 uk\u00e1\u017ee v\u00fdsledek \u0159\u00edzen\u00ed. Od\u011blil bych dvoj\u00ed zp\u016fsob pojet\u00ed. Pokusy o obvinov\u00e1n\u00ed jsou motivov\u00e1ny \u010d\u00e1ste\u010dn\u011b z toho d\u016fvodu, \u017ee je t\u011b\u017ek\u00e9 p\u0159evz\u00edt odpov\u011bdnost za faktick\u00fd stav v\u011bc\u00ed. Chce to osobn\u00ed odvahu, kter\u00e1 v\u011bt\u0161in\u011b z\u00fa\u010dastn\u011bn\u00fdch chyb\u00ed. \u010cest v\u00fdjimce v podob\u011b radn\u00edho Mazura. P\u0159\u00edm\u00e9 \u00fatoky, a to se t\u00fdk\u00e1 zejm\u00e9na r\u016fzn\u00fdch pokus\u016f o d\u00e9monizaci, jsou motivov\u00e1ny m\u00fdmi aktivitami, kter\u00e9 sm\u011b\u0159uj\u00ed protivlivu dezinformac\u00ed. Ur\u010dit\u011b jsou t\u0159eba \u00famysln\u00e9 trestn\u00e9 \u010diny, ne\u00famysln\u00e9 trestn\u00e9 \u010diny, napom\u00e1h\u00e1n\u00ed trestn\u00e9ho \u010dinu, neozn\u00e1men\u00ed trestn\u00e9ho \u010dinu. A ur\u010dit\u011b, to byly ve\u0159ejn\u00e9 zak\u00e1zky, tak na tom Pra\u017esk\u00e9m jinova\u010dn\u00edm institutu bylo n\u011bjak\u00e9 odd\u011blen\u00ed, kter\u00e9 m\u011blo na starosti. Byla tam n\u011bjak\u00e1 \u00fa\u010detn\u00ed, n\u011bjak\u00fd ekonom t\u0159eba. A pan Bohumil Kartous za to odpov\u00edd\u00e1 rozhodn\u011b man\u017eersky. A ot\u00e1zka je, jak\u00e1 je ta jeho trestn\u00ed zodpov\u011bdnost, t\u0159eba se uk\u00e1\u017ee, \u017ee \u017e\u00e1dn\u00e1. P\u0159\u00edpadem se ji\u017e zab\u00fdv\u00e1 i \u00da\u0159ad pro ochranu hospod\u00e1\u0159sk\u00e9 sout\u011b\u017ee. \u00dahoz m\u016f\u017ee ud\u011blit pokutu Pra\u017esk\u00e9mu jinova\u010dn\u00edmu institutu a bude ji ale platit z\u0159izovatel, ten magistr\u00e1t hlavn\u00edho m\u011bsta Prahy. Zda je na \u0159e\u010den\u00ed pravdiv\u00e9 uk\u00e1\u017ee v\u00fdsledek trestn\u00edho \u0159\u00edzen\u00ed. Pro televize A11 Karolina Gaislerov\u00e1. Obyvatele Brna \u010dek\u00e1 viditeln\u00e1 zm\u011bna. V centru m\u011bsta se m\u011bn\u00ed p\u0159\u00edst\u0159e\u017eky na zast\u00e1vk\u00e1ch MHD za modern\u00ed. N\u00e1\u0161 brn\u011bnsk\u00fd \u0161t\u00e1b sondoval, co v\u0161echno takov\u00e1 nov\u00e1 zast\u00e1vka MHD v Brn\u011b um\u00ed. V centru Brna prob\u00edh\u00e1 v t\u011bchto dnech velk\u00e1 v\u00fdm\u011bna p\u0159\u00edst\u0159e\u017ek\u016f na zast\u00e1vk\u00e1ch MHD. Maj\u00ed jednotn\u00fd design, Wi-Fi p\u0159ipojen\u00ed a z\u00edsku pro nab\u00edjen\u00ed mobiln\u00edch telefon\u016f. Radnice se rozhodla nahradit ty mnoholed star\u00e9. V\u00fdm\u011bny nov\u00fdch a modern\u00edch p\u0159\u00edst\u0159e\u017ek\u016f se u\u017e rozjeli a v\u011bt\u0161inu z nich nahrad\u00ed do konce listopadu. Stoj\u00edme na Moravsk\u00e9m n\u00e1m\u011bst\u00ed, kde vznikly nov\u00e9 zast\u00e1vky, \u010dek\u00e1rny, tramvaj\u00ed. Jsou to dv\u011b z 88 zast\u00e1vek na m\u011bstsk\u00e9 \u010d\u00e1sti Brno-st\u0159ed, kter\u00e9 v t\u00e9to dob\u011b vym\u011b\u0148ujeme. Design p\u0159\u00edst\u0159e\u017ek\u016f navrhli architekti s ohledem na rozmanitost a charakter architektonick\u00e9 z\u00e1stavby v centr\u00e1ln\u00ed \u010d\u00e1sti moravsk\u00e9 metropole. Tady ty nov\u00e9 zast\u00e1vky, krom\u011b toho, \u017ee tady si mysl\u00edm, \u017ee jsou velmi designov\u011b poveden\u00e9, maj\u00ed i nov\u00e9 vybaven\u00ed, ty hlavn\u00ed maj\u00ed z\u00e1suvku USB a p\u0159ipojen\u00ed na Wi-Fi, \u010dili je tady mo\u017en\u00e9 se p\u0159ipojit k internetu. N\u00e1klady na vybudov\u00e1n\u00ed nov\u00fdch p\u0159\u00edst\u0159e\u017ek\u016f a n\u00e1sledn\u00fd provoz zaplat\u00ed dodavatelsk\u00e1 firma. Dodavatel\u00e9 a provozovatel\u00e9 zast\u00e1vek jsme vyb\u011brovali v koncesn\u00edm \u0159\u00edzen\u00ed, d\u00edky kter\u00e9mu se tedy dal\u0161\u00edch 10 let tento dodavatel bude o ty zast\u00e1vky nejen kompletn\u011b starat, ale m\u011bstsk\u00e9 \u010d\u00e1sti bude ro\u010dn\u011b platit minim\u00e1ln\u011b 4 miliony korun takzvan\u00e9ho koncesn\u00edho poplatku. Brn\u011bne si u\u017e v\u0161imly nov\u00fdch p\u0159\u00edst\u0159e\u017ek\u016f MHD v centru. Tak ur\u010dit\u011b, to vyu\u017eije hodn\u011b lid\u00ed, je to dobr\u00e9, proto\u017ee to pom\u016f\u017ee asi, kdy\u017e nem\u00e1te zrovna n\u011bkam, kam jenom se jich t\u0159eba p\u0159ipojit, tak\u017ee pro lidi, co v\u00edc cestujou t\u0159eba, tak to bude dobr\u00e9. Skv\u011bl\u00fd. No tak, je to inovace a dneska se to hod\u00ed na ka\u017ed\u00e9m rohu. Par\u00e1dn\u011b je to. Inovace mi to l\u00edb\u00ed. Vyu\u017eiju ur\u010dit\u011b n\u011bkdy. No, j\u00e1 bych \u0159ekla, perfektn\u00ed zm\u011bna. Vypad\u00e1 modern\u011b, minimalisticky, hezk\u00fd po\u010din. J\u00e1 se v\u011bt\u0161inou nenabij\u00edm ve m\u011bst\u011b, ale dobr\u00e9, hod\u00ed se to. Tak je to super, ur\u010dit\u011b. To ocen\u00edme v\u0161ichni, si mysl\u00edm. 30 nejvyt\u00ed\u017een\u011bj\u0161\u00edch zast\u00e1vek v Brn\u011b poskytne USB port pro dob\u00edjen\u00ed mobiln\u00edch telefon\u016f. Z Brna pro televizi A11, Ji\u0159\u00ed V\u00fdn\u00e9r. Plze\u0148 mysl\u00ed na sv\u00e9 mate\u0159inky. Jej\u00ed prvn\u00ed obvod b\u011bhem letn\u00edch pr\u00e1zdn\u00edn investoval do \u0161kolek des\u00edtky milion\u016f korun. Nejv\u00fdrazn\u011bj\u0161\u00ed investice sm\u011b\u0159ovaly do \u0161edes\u00e1t\u00e9 a sedmaosmdes\u00e1t\u00e9 mate\u0159sk\u00e9 \u0161koly. V prvn\u00edm p\u0159\u00edpad\u011b se jednalo o rekonstrukci interi\u00e9ru dvou pavilon\u016f, ve druh\u00e9m pak o novou modern\u00ed kuchyni. \u0160edes\u00e1ta mate\u0159sk\u00e1 \u0161kola v Plzni je po letn\u00edch pr\u00e1zdnin\u00e1ch uvnit\u0159 dvou pavilon\u016f, prakticky k nepozn\u00e1n\u00ed. Spokojen\u00ed jsou v podstat\u011b v\u0161ichni. D\u011bti, person\u00e1, rodi\u010de, i prvn\u00ed obvod m\u011bsta. Obvod b\u011bhem pr\u00e1zdnin \u0159e\u0161il rekonstrukci pavilon\u016f CAD v t\u00e9to mate\u0159sk\u00e9 \u0161kole, kter\u00e1 spo\u010d\u00edvala v podstat\u011b v kompletn\u00ed uprav\u011b vnit\u0159n\u00edch prostor. M\u011bnila se podlahov\u00e1 krytina, rekonstruovaly se om\u00edtky, d\u011blaly se nov\u00e9 rozvody vody, kanalizace, d\u00e1le soci\u00e1ln\u00edho z\u00e1zem\u00ed a p\u0159\u00edpravn\u00fdch kuchyn\u011bk pro person\u00e1l. Vy\u0161lo to celkem na jeden\u00e1ct cel\u00fdch \u0161est milion\u016f korun. V podn\u011b jsme vlastn\u011b nav\u00fd\u0161ili kapacitu o 71 d\u011bt\u00ed a letos vlastn\u011b ty d\u011bti budou v nov\u00e9m kr\u00e1sn\u00e9m prost\u0159ed\u00ed. U\u017e m\u00e1m ohlasy z rodi\u010dovsk\u00e9 ve\u0159ejnosti, \u017ee je to tu n\u00e1dhern\u00e9, prob\u011bhly zkousky t\u0159\u00eddn\u00ed, v\u0161em se l\u00edb\u00ed, d\u011bkuj\u00ed, t\u00edm jm\u00e9nem teda m\u00fdm j\u00e1 chci pod\u011bkovat je\u0161t\u011b jednou sv\u00fdm zam\u011bstnanc\u016fm, pan\u00ed starostce In\u017e. Sebu Beni\u010dkov\u00e9 a cel\u00e9mu t\u00fdmu zastupitel\u016f. Druh\u00e1 v\u00fdrazn\u00e1 investice prvn\u00edho obvodu m\u00ed\u0159ila na 87. mate\u0159skou \u0161kolu. Tady vznikla nov\u00e1 modern\u00ed kuchyn\u011b. Tak\u00e9 zde na 87. mate\u0159sk\u00e9 \u0161kole jsme o pr\u00e1zd\u011bn\u00e1ch nezah\u00e1leli a vlastn\u011b poda\u0159ilo se n\u00e1m kompletn\u011b p\u0159ebudovat kuchy\u0148, kdy vlastn\u011b kompletn\u00ed rozvody, vody, elektroinstallace, osazen\u00ed nov\u00e9ho gastrovybaven\u00ed, installoval se nov\u00fd odlu\u010dovat \u0161tuk\u016f, nov\u00e1 jednotka vzduchotechniky, rekonstruovaly se p\u0159\u00edpravn\u00e9 kuchyn\u00edky pro person\u00e1l. Va\u0159en\u00ed v konvektomatu se kucha\u0159i zau\u010dovali, ale mysl\u00edm si, \u017ee to va\u0159en\u00ed je rychlej\u0161\u00ed, to j\u00eddlo je \u010derstv\u011bj\u0161\u00ed, m\u00e1 jinou cho\u0165 a mysl\u00edm si, \u017ee zam\u011bstnanci i d\u011bti jsou velmi spokojen\u00ed. St\u00e1lo to bezm\u00e1la 11 milion\u016f korun a byla to investice, kter\u00e1 u\u017e byla pot\u0159eba a zm\u011bnila v podstat\u011b ji\u017e nevyhuj\u00edc\u00ed kuchyni, kter\u00e1 zde byla od za\u010d\u00e1tku \u0161kolky i p\u0159\u00edpravn\u00e9 kuchyn\u00edky pro person\u00e1ly. Spozn\u011b pro televizi A11 Miroslav Sadl\u00e1\u010dek. Olomouc se do\u010dkala nov\u00e9 tramvajov\u00e9 haly. Jej\u00ed v\u00fdstavba p\u0159i\u0161la na 300 milion\u016f korun. V modern\u00ed vozovn\u011b je mo\u017en\u00e9 odstavit a\u017e 9 tramvajov\u00fdch souprav. Olomouck\u00e9 tramvaje maj\u00ed nov\u00fd domov. Parkuj\u00ed v t\u00e9to zast\u0159e\u0161en\u00e9 hale, kter\u00e1 za necel\u00e9 dva roky vyrostla na prostranstv\u00ed mezi tramvajovou smy\u010dkou v ulici Fibichova a hlavn\u00edm vlakov\u00fdm n\u00e1dra\u017e\u00edm. V\u00fdznamn\u011b uleh\u010d\u00ed doprav\u011b na Sokolsk\u00e9 ulici nebo na Nov\u00e9 ulici, kde byly ned\u016fstojn\u011b, ale tak\u00e9 naprosto technicky nevhodn\u011b um\u00edst\u011bn\u00e9 tramvaje na kolej\u00edch ve ve\u0159ejn\u00e9m prostoru. I vandalismus, kter\u00fd prov\u00e1zel ty no\u010dn\u00ed odstavy tramvaj\u00ed, samoz\u0159ejm\u011b t\u00edm to bude mizet. P\u016fvodn\u00ed z\u00e1m\u011br po\u010d\u00edtal jen s otev\u0159en\u00fdm koleji\u0161t\u011bm. Zv\u00edt\u011bzila varianta se 105 metr\u016f dlouhou halou, jej\u00ed\u017e v\u00fdstavba st\u00e1la 300 milion\u016f korun. Jsou vnit\u0159i koleje, na kter\u00e9 se vejde a\u017e dev\u011bt dvouvozov\u00fdch souprav. Nechyb\u00ed technologick\u00e1 m\u00edstnost se zabezpe\u010dovac\u00edm za\u0159\u00edzen\u00edm, z\u00e1zem\u00edm pro \u0159idi\u010de a v\u00fdprav\u010d\u00ed. Are\u00e1l slou\u017e\u00ed nejen pro no\u010dn\u00ed odstav tramvaj\u00ed, ale i jejich kontrol a servis z mont\u00e1\u017en\u00edch jam a l\u00e1vek. P\u0159ijede tramvaj, tak samoz\u0159ejm\u011b kontrola uhl\u00edku, kontrola vrchu, tak\u017ee ze st\u0159echy se kr\u00e1sn\u011b dostanou l\u00e1vky na st\u0159echu tramvaje, jednotliv\u00fd vchody, kde m\u016f\u017ee obsluha, potom bezpe\u010dn\u011b sejdou. M\u00e1me tady t\u0159i mont\u00e1\u017en\u00ed jamy, kter\u00e9 jsou vybaveny roletama, kter\u00e9 se stahuj\u00ed, bezpe\u010dnostn\u00ed pr\u00e1ce a podobn\u011b, jinak je tam samoz\u0159ejm\u011b plnohodnotn\u00e1 vybava, vzduchotechnika, osv\u011btlen\u00ed. T\u00fdk\u00e1 se to i \u00faklidu, kdy v sou\u010dasn\u00e9 dob\u011b ten denn\u00ed \u00faklid b\u00fdv\u00e1 prov\u00e1d\u011bn potn\u011b, v zim\u011b, na venkovn\u00edch prostor\u00e1ch a tohle z toho ur\u010dit\u011b bude komfort pro na\u0161e zam\u011bstnance, v p\u0159\u00edpad\u011b pro osmouvn\u00ed agentury. Olmouck\u00e9 tramvaje parkuj\u00ed u\u017e 120 let v depu p\u0159\u00edmo v centru m\u011bsta a od 80. let minul\u00e9ho stolet\u00ed i na p\u0159ilehl\u00e9m odstavn\u00e9m koleji\u0161ti zvan\u00e9m Rubik. A proto\u017ee se tam u\u017e d\u00e1vno nevejdou, mus\u00ed je dopravn\u00ed podnik odstavovat i v jin\u00fdch \u010d\u00e1stech m\u011bsta. Nov\u00e1 hala vy\u0159e\u0161\u00ed situaci jen \u010d\u00e1ste\u010dn\u011b. P\u0159ed t\u0159emi lety nast\u00ednili radn\u00ed ide\u00e1ln\u00ed \u0159e\u0161en\u00ed \u2013 odstavit centr\u00e1ln\u00ed vozovnu u leti\u0161t\u011b v Ne\u0159ed\u00edn\u011b. Z\u00e1m\u011br ale zat\u00edm z\u016fst\u00e1v\u00e1 jen na pap\u00ed\u0159e. U\u017e po \u010dtrn\u00e1ct\u00e9 se v sobotu uskute\u010dnil Den z L\u00ednsk\u00e9ho kraje. Tradi\u010dn\u00ed oslava \u0161ikovnosti m\u00edstn\u00edch obyvatele letos l\u00e1kala na n\u011bkolik novinek. Mezi ty nejatraktivn\u011bj\u0161\u00ed rozhodn\u011b pat\u0159ila Vynarsk\u00e1 uli\u010dka. Ba\u0165ovsk\u00fd are\u00e1l v centru Zl\u00edna se na jeden den prom\u011bnil v mraveni\u0161t\u011b protkan\u00e9 kulturou, lidov\u00fdmi \u0159emesly, kvalitn\u00edmi a velmi chutn\u00fdmi potravinami a p\u0159edev\u0161\u00edm dobrou n\u00e1ladou. Den z L\u00ednsk\u00e9ho kraje se u\u017e po n\u011bkolik\u00e1t\u00e9 stal oslavou pr\u00e1ce, zru\u010dnosti a invence jeho obyvatel. V kraji m\u00e1me \u0159adu \u0161ikovn\u00fdch lid\u00ed, \u0161ikovn\u00fdch organizac\u00ed a Den kraje je o to, aby se uk\u00e1zali, aby lidem, kte\u0159\u00ed se k n\u00edm norm\u00e1ln\u011b standardn\u011b ve sv\u00fdch \u017eivotech nedostanou, tak prost\u011b dostali se k n\u00edm a uk\u00e1zali, my d\u011bl\u00e1me toto, m\u016f\u017eete k n\u00e1m p\u0159ij\u00edt, m\u016f\u017eeme v\u00e1m pomoci, nebo vy n\u00e1m m\u016f\u017eete pomoci. Je toho jeden kraj, aby se ty lid\u00e9 prost\u011b potkali a propojili. Farm\u00e1\u0159sk\u00e9 a \u0159emesln\u00e9 trhy, bohat\u00fd kulturn\u00ed doprovodn\u00ed program a atrakce pro d\u011bti, b\u011b\u017eeck\u00e9 a cyklistick\u00e9 z\u00e1vody nebo prezentace slo\u017eek integrovan\u00e9ho z\u00e1chrann\u00e9ho syst\u00e9mu pat\u0159\u00ed u\u017e po n\u011bkolik let k ned\u00edln\u00fdm sou\u010d\u00e1stem Dnes L\u00ednsk\u00e9ho kraje. Letos ale na n\u00e1v\u0161t\u011bvn\u00edky \u010dekalo n\u011bkolik zaj\u00edmav\u00fdch novinek. Dnes je novinkou Vin\u00e1 uli\u010dka. Je to v\u011bc, kdy jsme mluvili s na\u0161imi vina\u0159i z na\u0161eho kraje a lid\u00e9 po\u0159\u00e1d jezd\u00ed na jihomor\u00e1vsk\u00e9 \u00fazem\u00ed a p\u0159itom nev\u00ed, \u017ee v Pole\u0161ovic\u00edch, v Bor\u0161ici, u Blatni\u010dky, na Slov\u00e1cku m\u00e1me kr\u00e1sn\u00e1 m\u00edsta, kde se d\u011blaj\u00ed v\u00fdborn\u00e9 v\u00edna. Tak\u017ee ty chceme vyt\u00e1hnout. Ur\u010dit\u011b jsou novinky ve \u0161kol\u00e1ch, robotick\u00e9 v\u011bci. M\u00e1 to velk\u00fd v\u00fdvoj, tak\u017ee lid\u00e9 uvid\u00ed, \u017ee i zaj\u00edmav\u00e9 v\u011bci se u\u010d\u00ed, modern\u00ed v\u011bci se u\u010d\u00ed v na\u0161ich st\u0159edn\u00edch \u0161kol\u00e1ch, tak aby t\u0159eba mohli s d\u00edt\u011btem si rozmyslet, jestli takov\u00e1 \u0161kola a takov\u00e9 povol\u00e1n\u00ed zrovna nen\u00ed to, co by \u010dlov\u011bka bavilo. Den z L\u00ednsk\u00e9ho kraje byl i letos p\u0159\u00edle\u017eitost\u00ed k ofici\u00e1ln\u00edmu vyhl\u00e1\u0161en\u00ed v\u00fdsledk\u016f sout\u011b\u017ee region\u00e1ln\u00ed potravina z L\u00ednsk\u00e9ho kraje. Ta se ud\u011bluje v dev\u00edti kategori\u00edch a v\u011bt\u0161inu ocen\u011bn\u00fdch a nominovan\u00fdch v\u00fdrobk\u016f mohly n\u00e1v\u0161t\u011bvn\u00edci Ba\u0165ovsk\u00e9ho are\u00e1lu ochutnat p\u0159\u00edmo na m\u00edst\u011b. V\u00fdjime\u010dn\u00e9 stavebn\u00ed projekty regionu Zalo\u0148sk\u00fd rok p\u0159edstavila stavba Moravskoslesk\u00e9ho kraje. Tato presti\u017en\u00ed sout\u011b\u017e je uk\u00e1zkou \u00farovn\u011b sou\u010dasn\u00e9 architektury a stavitelstv\u00ed. V\u0161echny stavby p\u0159ihl\u00e1\u0161en\u00e9 do sout\u011b\u017ee pe\u010dliv\u011b posuzovala jeden\u00e1cti\u010dlen\u00e1 odborn\u00e1 porota. Stavbou Moravskoslesk\u00e9ho kraje za rok 2022 je Havih\u0159ovsk\u00e9 n\u00e1dra\u017e\u00ed. Vyu\u017eit\u00ed v\u00fdpravn\u00ed haly a rekonstrukce v\u00fdpravn\u00ed budovy \u017eelezni\u010dn\u00ed stanice z\u00edskali hlavn\u00ed cenu Grand Prix na g\u00e1la ve\u010deru v Ostravsk\u00e9m Landek Parku. Mus\u00edm \u0159\u00edct, \u017ee jsme velmi pot\u011b\u0161en\u00ed, \u017ee jsme tuhle cenu z\u00edskali. Tenhle projekt se p\u0159ipravoval dlouh\u00e1 l\u00e9ta, u\u017e se datuje n\u011bkdy od roku 2005, kdy byla prvn\u00ed n\u011bjak\u00e1 vizualizace. A ta podoba, kter\u00e1 je \u0159ejma dneska, zachov\u00e1v\u00e1 ten p\u016fvodn\u00ed r\u00e1s bruselsk\u00e9ho stylu cel\u00e9 t\u00e9to budovy, kter\u00e1 je dominantou Havist\u00e1 Hav\u00ed\u0159e. \u00dasp\u011bchy ve stavitelstv\u00ed, kter\u00e9 m\u011bn\u00ed tv\u00e1\u0159 na\u0161eho regionu, to je sout\u011b\u017e Stavba Moravskoslesk\u00e9ho kraje. Vyhla\u0161ovateli sout\u011b\u017ee jsou odborn\u00edci z \u0159ad architekt\u016f, stavebn\u00edk\u016f, in\u017een\u00fdr\u016f a technik\u016f. Na za\u010d\u00e1tku st\u00e1l ten z\u00e1m\u011br popularizovat dobr\u00e9, kvalitn\u00ed stavby. A letos je v\u00fdjime\u010dn\u00fd t\u00edm, \u017ee 57 staveb, naprosto rekordn\u00ed \u00fa\u010dast. Sout\u011b\u017e je rozd\u011blen\u00e1 do dev\u00edti kategori\u00ed. Nejsiln\u011bji obsazovanou kategorii jsou stavby ob\u010dansk\u00e9 vybavenosti, kter\u00e9 jsou rozd\u011bleny je\u0161t\u011b na novostavby a rekonstrukce. V ka\u017ed\u00e9 t\u00e9 kategorii m\u00e1 sv\u00e9ho v\u00edt\u011bze a \u010dest na uzn\u00e1n\u00ed, ale p\u0159es v\u0161echny tyto kategorie se vyhla\u0161uje Grand Prix jako velk\u00e1 cena. My se na t\u00e9to sout\u011b\u017ei jako Moraskoslovsk\u00fd kraj pod\u00edl\u00edme ka\u017ed\u00fdm rokem a leto\u0161n\u00ed sedn\u00e1ct\u00fd ro\u010dn\u00edk zaznamenal spoustu staveb, vynikaj\u00edc\u00edch staveb, kter\u00e9 byly dokon\u010deny v roce 2022. A\u0165 jsou to silni\u010dn\u00ed stavby, a\u0165 jsou to rodinn\u00e9 domy, a\u0165 to jsou objekty slou\u017e\u00edc\u00ed soci\u00e1ln\u00edm slu\u017eb\u00e1m. Porota letos m\u011bla obrovskou pr\u00e1ci, p\u0159ijela na ka\u017edou p\u0159ihl\u00e1\u0161enou stavbu, prohl\u00eddla si, m\u011bla \u0161anci se zeptat na souvislosti a tak d\u00e1le. J\u00e1 m\u00e1m velice velkou radost, \u017ee i do t\u00e9to sout\u011b\u017ee jsme p\u0159ihl\u00e1sili my jako Moraskoslovsk\u00fd kraj p\u00e1r staveb. Kraj zabudoval nap\u0159\u00edklad s muzeem Trojmez\u00ed nebo opravou mostu v Ko\u0161atce. Zvl\u00e1\u0161tn\u00ed cenu hejtmana pak z\u00edskala rekonstrukce n\u00e1dra\u017en\u00edch objekt\u016f na osobla\u017esk\u00e9 \u00faskokolejce. Na nadch\u00e1zej\u00edc\u00ed sv\u00e1tek kostele sv. V\u00e1clava se p\u0159ipravuje i stochov na Kladensku. Jen p\u00e1r des\u00edtek metr\u016f od tis\u00edc let star\u00e9ho svatov\u00e1clavsk\u00e9ho dubu nyn\u00ed po rekonstrukci otev\u0159eli muzeum. To nab\u00edz\u00ed pohled nejen do tamn\u00edho regionu. Na prvn\u00ed pohled nen\u00e1padn\u00e1 budova m\u011bstsk\u00e9ho muzea je mezi\u0159ejm\u011b nejstar\u0161\u00edm pam\u00e1tn\u00fdm dubem v \u010cesku a kostelem sv. V\u00e1clava. Zat\u00edmco jeho p\u0159\u00edzem\u00ed u\u017e rekonstrukci pro\u0161lo, nyn\u00ed se stava\u0159i soust\u0159edili na p\u0159\u00ed\u017e\u00edvan\u00e9 druh\u00e9 patro muzea. Tady byl neob\u00fdvan\u00fd prostor a d\u011blala se kompletn\u011b nov\u00e1 podlaha, d\u011blaly se st\u011bny, d\u011blaly se elektrodozvody, d\u011blalo se sem s\u00ed\u0165ov\u00e9 p\u0159ipojen\u00ed, okna, soci\u00e1ln\u00ed z\u00e1zem\u00ed, kuchy\u0148ka. Dopodle se d\u011blaly v\u00fdstavn\u00ed prostory, tak\u017ee \u00fapln\u011b kompletn\u011b cel\u00e1 z\u00e1le\u017eitost tohle patra se p\u0159ed\u011bl\u00e1vala plus p\u016fde a zateplovala se je\u0161t\u011b podlaha a zateplovala se p\u016fde. Je to velmi v\u00fdznamn\u00e9, proto\u017ee je to m\u00edst\u011b bl\u00edzko svatov\u00e1clavsk\u00e9ho dubu, to je na\u0161\u00ed chlouby stochovsk\u00e9 a tradice samoz\u0159ejm\u011b. A je to v\u00fdznamn\u00e9 i z toho d\u016fvodu, \u017ee my chceme podporovat cestovn\u00ed ruch a turistick\u00fd ruch. O \u00favodn\u00ed expozici v nov\u00e9 multifunk\u010dn\u00edm prostoru se postarala unik\u00e1tn\u00ed expozice velkoform\u00e1tov\u00fdch fotografi\u00ed, kte\u0159\u00ed p\u0159edstavuj\u00ed stochovsk\u00e1 partnersk\u00e1 m\u011bsta vedle n\u011bmeck\u00e9ho Sarvelingenu a francouzsk\u00e9ho Bourbon-Lancy. Co\u017e byl vlastn\u011b pl\u00e1n a n\u00e1pad na\u0161\u00ed komise pro regionaln\u00ed rozvoj a cestovn\u00ed ruch a mezin\u00e1rodn\u00ed v\u00fdm\u011bnu a zrealizoval to z rozvoju m\u011bsta Stochov. Je to velmi v\u00fdznamn\u00e9, proto\u017ee nem\u011bli jsme nikdy takov\u00e9 velk\u00e9 fotky, kter\u00e9 reprezentuj\u00ed na\u0161e m\u011bsto, na\u0161e teritory, tak\u017ee je to fantastick\u00e9, Prozat\u00edm ale v\u00fdstava je\u0161t\u011b n\u011bkolik t\u00fddn\u016f z\u016fstane na Stochov\u011b, v nov\u00e9 expozici ve druh\u00e9m pat\u0159e. Jej\u00ed sou\u010d\u00e1st\u00ed jsou unik\u00e1tn\u00ed n\u00e1lezy pr\u00e1v\u011b spojen\u00e9 s rekonstrukc\u00ed muzejn\u00edho objektu. Rekonstrukce trvala dva m\u011bs\u00edce, za\u010d\u00ednali jsme v \u010dervnu a vlastn\u011b jsme kon\u010dili te\u010f v z\u00e1\u0159\u00ed, za\u010d\u00e1tkem z\u00e1\u0159\u00ed, a celkov\u00e9 n\u00e1klady byly zhruba 3,5 milion\u016f. Jak se je poda\u0159ilo investovat, mohou posoudit v\u0161ichni z\u00e1jemci u\u017e v t\u011bchto dnech, kter\u00fdch s oslavou svat\u00e9ho V\u00e1slava, tedy osobnost\u00ed, kter\u00e1 je pr\u00e1v\u011b se Stochovem neodmysliteln\u011b spojen\u00e1 a kterou p\u0159ipom\u00edn\u00e1 i d\u0159ev\u011bn\u00e1 socha p\u0159\u00edmo p\u0159ed budovou m\u00edstn\u00edho muzea. Prostijovsk\u00fd prim\u00e1tor Franti\u0161ek Jura se obr\u00e1til na prezidenta. Nesouhlas\u00ed toti\u017e s vl\u00e1dn\u00edm \u00fasporn\u00fdm bal\u00ed\u010dkem, kter\u00fd podle jeho n\u00e1zoru ohro\u017euje financov\u00e1n\u00ed samozpr\u00e1v a nen\u00ed s\u00e1m. P\u0159ipojil se tak k otev\u0159en\u00e9 v\u00fdzv\u011b adresovan\u00e9 nejvy\u0161\u0161\u00edm \u00fastavn\u00edm \u010dinitel\u016fm. Tuto v\u00fdzvu podepsalo 20 p\u0159edstavitel\u016f jednotliv\u00fdch statut\u00e1rn\u00edch m\u011bst, v\u010detn\u011b 8 z\u00e1stupc\u016f krajsk\u00fdch m\u011bst. M\u011bsta a obce v cel\u00e9 republice nyn\u00ed \u017eij\u00ed v nejistot\u011b. U\u017e pot\u0159ebuj\u00ed za\u010d\u00edt cestovat rozpo\u010dty na nov\u00fd rok, jen\u017ee dosud po\u0159\u00e1dn\u011b nev\u011bd\u00ed, jak\u00fdm zp\u016fsobem se jich dotknou chystan\u00e1 opat\u0159en\u00ed vl\u00e1dy, tedy konsolida\u010dn\u00ed bal\u00ed\u010dek. M\u016f\u017ee tak\u00e9 znamenat v\u00fdrazn\u00fd ubytek pen\u011bz na okladn\u00e1ch. Prost\u011bhovsk\u00fd prim\u00e1tor Franti\u0161ek Jura proto napsal dopis prezidentovi a dal\u0161\u00edm p\u0159edstavitel\u016fm. V r\u00e1mci tvorby na\u0161eho rozpo\u010dtu na p\u0159\u00ed\u0161t\u00ed rok, na\u0161eho m\u011bsta tedy, \u0159e\u0161\u00edme tak\u00e9 to a \u010dek\u00e1me na to, jak\u00fdm zp\u016fsobem a v jak\u00e9 form\u011b bude schov\u00e1len konsolida\u010dn\u00ed bal\u00ed\u010dek, kter\u00fd navoduje vl\u00e1da, proto\u017ee v tom, o \u010dem se dnes mluv\u00ed a co prob\u00edh\u00e1 ve ve\u0159ejn\u00e9m prostoru, i kdy\u017e je pot\u0159eba \u0159\u00edct, \u017ee nen\u00ed moment\u00e1ln\u011b, ale to, co je na stole, je to, \u017ee samozpr\u00e1v\u011b na\u0161e m\u011bsto, kter\u00e9 konkr\u00e9tn\u011b by m\u011blo p\u0159ij\u00edt z rozpo\u010dtov\u00e9ho ur\u010dit\u011b dan\u00ed asi o 1,2 procentn\u00edho bodu, naproti tomu by m\u011bla b\u00fdt zvy\u0161en\u00e1 ta\u0148 z nemovitosti. Ov\u0161em to nejsou jedin\u00e9 zm\u011bny. Vl\u00e1da chce vz\u00edt obc\u00edm p\u0159\u00edjem z Hazardu, zde by mohlo Prost\u011bhov p\u0159ij\u00edt a\u017e o 50 milion\u016f korun. Pak se jedn\u00e1 tak\u00e9 o ni\u017e\u0161\u00edm p\u0159isp\u011bvku na v\u00fdkon st\u00e1tn\u00ed zpr\u00e1vy, tak\u017ee tam m\u00e1 b\u00fdt tak\u00e9 men\u0161\u00ed p\u0159\u00edsp\u011bvek st\u00e1t\u016f. Te\u010f se op\u011bt vr\u00e1tila do hry ta v\u011bc, \u017ee by nepedagogi\u010dn\u00ed pracovn\u00edci ve \u0161kol\u00e1ch m\u011bli b\u00fdt zam\u011bstnanci obce, to znamen\u00e1 v\u0161ichni \u0161koln\u00edci, uklize\u010dky, kucha\u0159ky by tedy p\u0159ech\u00e1zeli pod samozpr\u00e1vu, tak\u017ee to je dal\u0161\u00edch des\u00edtek milion\u016f. Pokud v\u0161e bude schov\u00e1leno, m\u011bsto na tom ztrat\u00ed podle odhadu mnohem v\u00edce, a\u017e 100 milion\u016f korun, to je d\u00edci naprosto z\u00e1sadn\u00ed \u010d\u00e1stka. J\u00e1 jsem odeslal dopis za veden\u00ed na\u0161eho m\u011bsta, kter\u00fd jsem tedy podepsal j\u00e1 jako prim\u00e1tor, kter\u00fd byl odesl\u00e1n prezidentovi republiky, p\u0159edsedovi sen\u00e1tu, p\u0159edsedovi vl\u00e1dy, \u017ee my s t\u00edmto navr\u017een\u00fdm koncentra\u010dn\u00edm badi\u010dkem respektujeme s t\u011bmi v\u011bcmi, kter\u00e9 se dot\u00fdkaj\u00ed samozpr\u00e1v, obc\u00ed a m\u011bst, nesouhlas\u00edme, \u017ee navodujeme, aby ty v\u011bci z\u016fstaly tak, jak jsou tuto chv\u00edli, aby jsme do nich nes\u00e1hali. Stejn\u00fd n\u00e1zor jako Prost\u011bjov maj\u00ed i dal\u0161\u00ed m\u011bsta nap\u0159\u00ed\u010d cel\u00fdm st\u00e1tem. V tuto chv\u00edli, jak m\u00e1m zpr\u00e1vy, tak z 28 prim\u00e1tor\u016f tento dopis odeslalo 17, to je v tuto chv\u00edli, mo\u017en\u00e1 ten po\u010det u\u017e je vy\u0161\u0161\u00ed, to j\u00e1 te\u010f v tuto chv\u00edli nev\u00edm, tak\u017ee ur\u010dit\u011b nejsem s\u00e1m v tomto n\u00e1zoru a je to vlastn\u011b velk\u00e1 v\u011bt\u0161ina prim\u00e1tor\u016f se tuto veden\u00ed m\u011bst v \u010cesk\u00e9 republice. Pokud by byl konsolida\u010dn\u00ed bal\u00ed\u010dek p\u0159ijat, m\u011blo by to na Prost\u011bjov z\u00e1sadn\u00ed dopad. M\u011bsto by muselo rozpo\u010det \u0159e\u0161it jinak, bylo by nap\u0159\u00edklad daleko m\u00e9n\u011b pen\u011bz na investice, mo\u017en\u00e1 tak\u00e9 na dota\u010dn\u00ed programy, \u0161lo by o slo\u017eitou situaci. Studenti Litv\u00ednovsk\u00e9ho gymn\u00e1zia TG Masaryka \u0159\u00e1d\u00ed v Las Vegas. V\u00edt\u011bzstv\u00edm v n\u00e1rodn\u00edm fin\u00e1le se klasifikovali do sv\u011btov\u00e9ho fin\u00e1le z\u00e1vodu z aut\u00ed\u010dky, kter\u00e1 poh\u00e1n\u00ed vod\u00edkov\u00e9 palivo. O hlavn\u00ed v\u00fdhru se ve st\u00e1tech utkaj\u00ed s t\u00fdmy z N\u011bmecka, Austr\u00e1lie, \u010cile, nebo t\u0159eba Slovenska. Toto je vod\u00edkov\u00e9 aut\u00ed\u010dko student\u016f z Litv\u00ednova. Aut\u00ed\u010dko, kter\u00e9 se u\u017e v tuhle chv\u00edli v americk\u00e9m Las Vegas sna\u017e\u00ed podat co nejlep\u0161\u00ed v\u00fdkon mezi dal\u0161\u00edmi z\u00e1vodn\u00edky z r\u016fzn\u00fdch kout\u016f sv\u011bta. Jedeme hlavn\u011b si zaz\u00e1vodit, podat co nejlep\u0161\u00ed v\u00fdkon a moc se t\u011b\u0161\u00edme a u\u017e jsme celkem nap\u011bt\u00ed. Ten t\u00fdm je neskute\u010dn\u011b sehran\u00fd a jsem stra\u0161n\u011b moc r\u00e1d, \u017ee bude reprezentovat jak Litv\u00ednovsk\u00e9 gymn\u00e1zium, tak Usteck\u00fd kraj a \u010ceskou republiku v Las Vegas. Za n\u00e1s my jim dr\u017e\u00edme v\u0161em palce a jsou to \u00fa\u017easn\u00fd mlad\u00ed lidi. Spoustu \u010dasu tomu v\u011bnuj\u00ed a j\u00e1 jim p\u0159eji \u00fasp\u011bch. Sout\u011b\u017e o nejrychlej\u0161\u00ed vod\u00edkov\u00fd povoz m\u00e1 p\u0159\u00edsn\u00e1 pravidla. \u010cesk\u00e9 celost\u00e1tn\u00ed kolo se letos konalo v Ostrav\u011b, kde litv\u00ednov\u0161t\u00ed studenti zv\u00edt\u011bzli mezi 18 dal\u0161\u00edmi st\u0159edo\u0161kolsk\u00fdmi t\u00fdmy. Horizon Hydrogen Grand Prix nebo zkr\u00e1tce H2GP Pro je vlastn\u011b mezin\u00e1rodn\u00ed vzd\u011bl\u00e1vac\u00ed program p\u016fvodem z \u010ceska, kter\u00fd vlastn\u011b pobojuje v\u0161echny studenty st\u0159edn\u00edch \u0161kol po cel\u00e9m sv\u011bt\u011b s jedn\u00edm c\u00edlem a to sestavit svoje vlastn\u00ed vod\u00edkov\u00e9 auto. To auto nen\u00ed teda skute\u010dn\u00e1 auto, ale je to auto na ovl\u00e1d\u00e1n\u00ed 1 k 10. Ale re\u00e1ln\u011b si to m\u016f\u017eeme p\u0159edstavit jako studentskou Formuly 1, kter\u00e1 akor\u00e1t nez\u00e1vod\u00ed s formulema na benz\u00edn, ale z\u00e1vod\u00ed se speci\u00e1lama na vod\u00edkov\u00fd pohon. Jedn\u00edm z c\u00edl\u016f sout\u011b\u017ee je pr\u00e1v\u011b roz\u0161\u00ed\u0159en\u00ed pov\u011bdom\u00ed o alternativn\u00edch zdroj\u00edch energie. Vod\u00edk je vlastn\u011b ur\u010dit\u00fdm zdrojem alternativn\u00edho paliva a jsou to v\u011bci, kter\u00e9 se te\u010f konvisv\u011bt\u011b hodn\u011b \u0159e\u0161\u00ed, mobilita, alternativn\u00ed zdroje atd. A v r\u00e1mci tohoto projektu kr\u00e1sn\u011b jde propojit nejen hezk\u00e1 hrav\u00e1 forma vzd\u011bl\u00e1v\u00e1n\u00ed, zapojen\u00ed d\u011bt\u00ed v r\u00e1mci cel\u00e9ho t\u00fdmu a je\u0161t\u011b vlastn\u011b osv\u011bta v r\u00e1mci ur\u010dit\u00fdch zdroj\u016f alternativn\u00edch paliv. Na\u0161e redakce p\u0159eje t\u00fdmu v Americe hodn\u011b \u00fasp\u011bch\u016f, nov\u00fdch zku\u0161enost\u00ed a z\u00e1\u017eitk\u016f. 11.11. p\u0159ipravila Kl\u00e1ra Typanov\u00e1. V Konstantinov\u00fdch l\u00e1zn\u00edch se konal dal\u0161\u00ed, tentokr\u00e1t u\u017e des\u00e1t\u00fd ro\u010dn\u00edk z\u00e1vodu Nordic Walking Cup. Ur\u010den\u00fd byl ka\u017ed\u00e9mu, kdo m\u00e1 o h\u016fzi s h\u016flkami z\u00e1jem. Zapojili se i klienti l\u00e9\u010debn\u00fdch l\u00e1zn\u00ed, kte\u0159\u00ed byli v Konstantink\u00e1ch na ozdravn\u00e9m pobytu. L\u00e1ze\u0148sk\u00fd park u L\u00e1ze\u0148sk\u00e9ho domu Prus\u00edk. Konstantinovy l\u00e1zn\u011b. Toto m\u00edsto se stalo d\u011bji\u0161t\u011bm u\u017e des\u00e1t\u00e9ho ro\u010dn\u00edku z\u00e1vodu Nordic Walking. Je to takov\u00fd z\u00e1vod, kde se m\u016f\u017eou \u00fa\u010dastnit v\u0161echny kategorie. Jsou t\u0159i trasy, kdy prvn\u00ed je velmi nen\u00e1ro\u010dn\u00e1 trasa, kter\u00e1 je ur\u010den\u00e1 i pro na\u0161e pacienty, kte\u0159\u00ed jsou ne\u00fapln\u011b zdatn\u00ed nebo jsou i s n\u011bjak\u00fdm onemocn\u011bn\u00edm tady u n\u00e1s. Dal\u0161\u00ed trasa je s\u0159edn\u00ed vzd\u00e1lenosti a potom nejdel\u0161\u00ed trasa k v\u00fdznamn\u00e9mu m\u00edstu tady v okol\u00ed a to je Stud\u00e1nka L\u00e1sky a zp\u011bt. Je dlouh\u00e1, asi 6,5 kilometru. St\u00e1hnout od ramen\u00e9, od ucha dol\u016f. Tak\u017ee vlastn\u011b j\u00e1 se mus\u00edm do t\u011bch hol\u00ed tro\u0161i\u010dku v tom kroku p\u0159edklonit a do t\u011bch hol\u00ed se vlastn\u011b ob\u0159\u00ed a z\u00e1rove\u0148 se o n\u011b vzep\u0159\u00ed. M\u00e1me k dispozici zap\u016fj\u010den\u00ed Nordic Walkingov\u00e9 hole, tak\u017ee pro \u00fapln\u00e9 lajky, kte\u0159\u00ed nikdy s t\u011bmito holy nechodili, tak m\u00e1me tady za chvili\u010dku za\u010d\u00edn\u00e1 v\u00fdukov\u00e1 lekce, v\u010detn\u011b n\u011bjak\u00e9ho prota\u017een\u00ed, aby na t\u00e9 trase nedo\u0161lo k n\u011bjak\u00e9mu p\u0159et\u00ed\u017een\u00ed. Tak\u017ee v\u0161ichni jsou srd\u010dn\u011b zv\u00e1ni a nikdo se nemus\u00ed ob\u00e1vat, \u017ee by to nezvl\u00e1dl. J\u00e1 jsem tady po operac\u00ed ze srdcem na zataven\u00ed a u\u017e budu kon\u010dit, tak\u017ee si m\u016f\u017eu dovolit j\u00edt aspo\u0148 tu nejkrat\u0161\u00ed trasu. M\u00e1m tu nejkrat\u0161\u00ed trasu za prv\u00e9. Zat\u00edm se dob\u0159e p\u0159ekon\u010d\u00edm v Konstantink\u00e1ch, p\u0159\u00ed\u0161t\u00ed den u\u017e jedu dom\u016f a cht\u011bl jsem jen n\u011bco o t\u011bch hol\u00fdch, tak m\u011b tady \u017eensky ukecaly. Vrala jsem si nejdal\u0161\u00ed trasu a jdu poprvn\u011b. Jdu to zkusit. A11 pr\u00e1v\u011b kon\u010d\u00ed, ale vy z\u016fsta\u0148te s n\u00e1mi. Za malou chv\u00edli v\u00e1s \u010dek\u00e1 dal\u0161\u00ed zaj\u00edmav\u00fd program Kr\u00e1sn\u00fd ve\u010der.","nbla_serie":"525","nbla_season":"2023","nbla_episode":"109","nbla_duration":"1560.72","nbla_genre":"3.1.1.1","nbla_editorial_format":"2.1.1","nbla_mtime":"1695743014","nbla_url":"https:\/\/origin.a11.cz\/vod\/8g1bzyii6he0amni6u1u39tcn.mp4","nbla_version":"1695743003","nbla_odvysilano":"Ano","bunny_id":"3d619486-3dd5-42f6-8dfe-3c23fdbab0b5","youtube_id":"","datum_vydani":"20230926","stopaz":"1560.72","dokument":[],"video_to":[]},"_links":{"self":[{"href":"https:\/\/tv.a11.cz\/api\/wp\/v2\/video\/10931","targetHints":{"allow":["GET"]}}],"collection":[{"href":"https:\/\/tv.a11.cz\/api\/wp\/v2\/video"}],"about":[{"href":"https:\/\/tv.a11.cz\/api\/wp\/v2\/types\/video"}],"author":[{"embeddable":true,"href":"https:\/\/tv.a11.cz\/api\/wp\/v2\/users\/8"}],"wp:featuredmedia":[{"embeddable":true,"href":"https:\/\/tv.a11.cz\/api\/wp\/v2\/media\/10960"}],"wp:attachment":[{"href":"https:\/\/tv.a11.cz\/api\/wp\/v2\/media?parent=10931"}],"wp:term":[{"taxonomy":"category","embeddable":true,"href":"https:\/\/tv.a11.cz\/api\/wp\/v2\/categories?post=10931"},{"taxonomy":"porad","embeddable":true,"href":"https:\/\/tv.a11.cz\/api\/wp\/v2\/porad?post=10931"},{"taxonomy":"region","embeddable":true,"href":"https:\/\/tv.a11.cz\/api\/wp\/v2\/region?post=10931"},{"taxonomy":"kategorie","embeddable":true,"href":"https:\/\/tv.a11.cz\/api\/wp\/v2\/kategorie?post=10931"}],"curies":[{"name":"wp","href":"https:\/\/api.w.org\/{rel}","templated":true}]}}