{"id":10726,"date":"2023-09-22T16:21:25","date_gmt":"2023-09-22T14:21:25","guid":{"rendered":"https:\/\/tv.a11.cz\/?post_type=video&#038;p=10726"},"modified":"2023-10-09T12:12:51","modified_gmt":"2023-10-09T10:12:51","slug":"na-palici-12","status":"publish","type":"video","link":"https:\/\/tv.a11.cz\/video\/na-palici-12\/","title":{"rendered":"Petr Li\u0161ka &#8211; starosta obce Mal\u00e9 \u017dernoseky"},"content":{"rendered":"","protected":false},"excerpt":{"rendered":"<p>Na\u0161\u00edm dne\u0161n\u00edm hostem je pan Petr Li\u0161ka, poslanec za STAN a z\u00e1rove\u0148 starosta obce Mal\u00e9 \u017dernoseky. Druh\u00e9ho hosta z na\u0161\u00ed obrazovky u\u017e zn\u00e1te. Je to \u0161armantn\u00ed Zuzana Bub\u00edlkov\u00e1.<\/p>\n","protected":false},"author":8,"featured_media":10773,"template":"","categories":[174,173],"porad":[216],"region":[],"kategorie":[],"class_list":["post-10726","video","type-video","status-publish","has-post-thumbnail","hentry","category-rozhovory","category-ze-spolecnosti","porad-na-palici"],"acf":[],"meta_box":{"nbla_idec":"A2329011","nbla_title":"Na Palici","nbla_subtitle":"","nbla_summary":"Aktuality, post\u0159ehy, n\u00e1zory! Pohledy host\u016f a uvoln\u011bn\u00e1 diskuze nad aktu\u00e1ln\u00edmi ud\u00e1lostmi, kter\u00e9 se v uplynul\u00e9m t\u00fddnu staly. S nadhledem, humorem a mo\u017en\u00e1 i \u0161petkou sarkasmu nejen se Zuzanou Bub\u00edlkovou.","nbla_description":"","nbla_transcription":"Dobr\u00fd ve\u010der, v\u00e1\u017een\u00ed div\u00e1ci, j\u00e1 v\u00e1s v\u00edt\u00e1m u dal\u0161\u00edho d\u00edlu po\u0159adu na palici. Na\u0161\u00edm dne\u0161n\u00edm hostem je pan Petr Li\u0161ka, poslanec za stan a z\u00e1rove\u0148 starosta obce Mal\u00e9 \u017dernoseky. Dobr\u00fd ve\u010der. Dobr\u00fd ve\u010der. Kolegy m\u011b tady nemus\u00edm p\u0159edstavovat, to je Zuzana Bub\u00edlkov\u00e1 a s tou jsme si pro v\u00e1s p\u0159ipravili n\u011bkolik zaj\u00edmav\u00fdch t\u00e9mat, kter\u00e9 dneska tady s v\u00e1mi budeme diskutovat. Nebudeme to zdr\u017eovat a poj\u010fme se rovnou pod\u00edvat na to prvn\u00ed t\u00e9ma, kde se p\u0159esuneme na Slovensku, proto\u017ee tam se na venkovn\u00ed tiskovce Fitzovy strany sm\u011br strhla bytka. B\u00fdval\u00fd premi\u00e9r Matovi\u010d p\u0159ijel ve sv\u00e9m aut\u011b s mikrofonem a za\u010dal vyk\u0159ikovat hesla proti Fitzovy hajzli \u0161pinav\u00fd, zni\u010dili jste Slovensko od b\u00fdval\u00e9ho ministra vnitra Kali\u0148\u00e1k\u00e1 ze strany sm\u011br dostal nakl\u00e1da\u010dku. Jako je tohle z toho spr\u00e1vn\u00fd postoj, jak\u00fdm zp\u016fsobem by si m\u011bli politici vyjad\u0159ovat sv\u00e9 n\u00e1zory mezi sebou? J\u00e1 jsem nad\u0161en\u00e1, proto\u017ee kone\u010dn\u011b slovensk\u00e1 hymna se stala realitou na Tatru se bl\u00edzk\u00e1 hromidy objihu a do n\u011bkter\u00fd u\u017e aj hodilo, co by na to tak rozhodn\u011b vid\u011bt, \u017ee se k n\u00e1m v\u00fdchodn\u00ed zvyky bl\u00ed\u017e\u00ed, \u010d\u00edm d\u00e1l v\u00edce, \u017ee jenom agrese rusk\u00e1, ale ale i zvyky n\u011bkde z Azie u\u017e jsou za hranicami. Vy byste se porovala takhle s n\u011bk\u00fdm, kdyby jako \u0161lo do tu\u00e9ho a je\u0161t\u011b ke v\u0161emu, abyste jako v\u011bd\u011bl v dne\u0161n\u00edm sv\u011bt\u011b soci\u00e1ln\u00edch s\u00edt\u00ed, \u017ee se to ur\u010dit\u011b n\u011bkde jako objev\u00ed. Koukn\u011bte na n\u011bj, jako m\u00e1te takovou boxerskou postavu, \u00fapln\u011b si dok\u00e1\u017eu p\u0159edstavit, \u017ee byste m\u011bl milovn\u00fd, jsem b\u00fdval\u00fd b\u00fdval\u00fd voj\u00e1k, tak jsem milovn\u00fd \u010dlov\u011bk, neperu se no b\u00fdval\u00fd voj\u00e1k, ale br\u00e1nil bych se samoz\u0159ejm\u011b. Jo, ale ono te\u010fka si tam poprali u\u017e asi t\u0159ikr\u00e1t na Slovensku, to u\u017e od t\u00e9 doby jako se to posunulo, \u017ee u\u017e asi t\u0159i maj\u00ed, ale u n\u00e1s taky byly bytky. Je to tak, je to tak, m\u016f\u017eeme si, m\u016f\u017eeme si p\u0159ipomenout nap\u0159\u00edklad pana Voln\u00e9ho, jeho proslav\u00fd fl\u00e1kanec, kter\u00fd jako prob\u011bhnul \u010desk\u00fdm internetem a \u010deskou spole\u010dnost\u00ed. I j\u00e1 vlastn\u011b dneska \u0159\u00edk\u00e1m, kdy\u017e m\u011b n\u011bkdo jako zlob\u00ed, a\u0165 m\u011b nezlob\u00ed, \u017ee mu d\u00e1m, kdy\u017e tak fl\u00e1kanec, tak\u017ee to u\u017e se stalo takov\u00fdm jako popkulturn\u00edm t\u00e9matem \u010desk\u00e9 spole\u010dnosti. Ale j\u00e1 si mysl\u00edm, \u017ee je to spr\u00e1vn\u00e9, proto\u017ee parlament m\u00e1 vlastn\u011b zastupovat v\u0161echny lidi ve spole\u010dnosti. M\u011b by teda docela bavilo vid\u011bt ty lidi, co volili Voln\u00e9ho, proto\u017ee to jsou n\u011bjak\u00fd fl\u00e1kancov\u00fd mago\u0159i. Ale v ka\u017ed\u00e9m p\u0159\u00edpad\u011b by to tak m\u011blo b\u00fdt, je to odraz spole\u010dnosti. Parlament je vzorek spole\u010dnosti, tak\u017ee pro\u010d tam pro\u010d tam nem\u00edt i bytka\u0159e a agresivn\u011bj\u0161\u00ed lidi. Kdo zastupuje v\u00e1s podle? No, jako my jsme sp\u00ed\u0161 jako ty ty hodn\u011bj\u0161\u00ed. Aha, tak\u017ee vy jste za hodn\u00e9 lidi, za starosti a za slibuj\u00edc\u00edho. Co jste sliboval Voli\u010dovu, jak\u017ee v\u00e1s volili? Tak j\u00e1 jsem starostou mal\u00fd obce. No co jste jim slibil, to by m\u011b fakt zaj\u00edmalo. Sliboval jsem jim, \u017ee p\u0159enesu ty z\u00e1jmy regionu prost\u011b do toho parlamentu. A na to v\u00e1s volili, na takovou v\u0161eobecnou fr\u00e1zi v\u00e1s zvolili? Samoz\u0159ejm\u011b to nebylo o v\u0161eobecn\u00fdch fr\u00e1z\u00edch, bylo to o konkr\u00e9tn\u00edch. \u0158e\u0161\u00edm \u0159adu jako zaj\u00edmav\u00fdch t\u00e9mat. Vyp\u00edchn\u011bte n\u00e1m t\u0159i n\u011bjak\u00e9 konkr\u00e9tn\u00ed v\u011bci. Tak jsem z Litom\u011b\u0159ick\u00e1, jsem z obce na Laby, tak samoz\u0159ejm\u011b splavn\u011bn\u00ed Labe. Te\u010f aktu\u00e1ln\u00ed t\u00e9ma je... Te\u010f plivete do Labe, aby bylo... Aby bylo v\u00edc vody. Aby bylo v\u00edc vody. Nicm\u00e9n\u011b to po\u0159\u00e1d nesta\u010d\u00ed, ty parn\u00edky z\u016fst\u00e1vaj\u00ed po\u0159\u00e1d v N\u011bmecku. No a pak jsou samoz\u0159ejm\u011b t\u00e9mata, kter\u00e9 te\u010f tro\u0161ku rozd\u011blou tu spole\u010dnost. Jako je v\u00fdstavba vysokorychlostn\u00ed trati a podobn\u00e9 v\u011bci. Jasn\u011b. Pamatuju je\u0161t\u011b, j\u00e1 jsem u\u017e tak star\u00e1, \u017ee si pamatuju je\u0161t\u011b na dal\u0161\u00ed bytku. A to byla na l\u00e9ka\u0159sk\u00e9m sjezdu, jo, na l\u00e9ka\u0159sk\u00e9 komo\u0159e, kdy tehdej\u0161\u00ed, d\u00e1 se \u0159\u00edci i vicepremi\u00e9r, on byl i vicepremi\u00e9r Macek, jo, se stra\u0161n\u011b na\u0161tval, proto\u017ee doktor Rad, jo, \u0159ekl o jeho man\u017eelce, kter\u00e1 byla renti\u00e9rka, jo. A jako nespl\u0148ovala podle n\u011bho takov\u00e9 kriteria kr\u00e1sy, kter\u00e9 Macek jako m\u011bla, \u0159ekl, \u017ee si ji vzal pro pen\u00edze. A ten na t\u00e9 l\u00e9ka\u0159sk\u00e9 komo\u0159e p\u0159i\u0161el a flaknul mu jednu. J\u00e1 mysl\u00edm, \u017ee, \u017ee mo\u017en\u00e1 to i m\u00e1me. N\u00e1sil\u00ed, n\u00e1sil\u00ed prost\u011b prostupuje na\u0161\u00ed spole\u010dnosti jako takhle takomu jako ve\u0159ejn\u00fdm sektoru. M\u00e1me tady, komu byste vy takhle flaknul, kdybyste mohl. P\u00e1r takov\u00fdch adept\u016f, \u010di to okolo sebe m\u00e1m, nebudu jmenovat, proto\u017ee jsem korytn\u00ed \u010dlov\u011bk. U n\u00e1s si pamatuju takovou legend\u00e1rn\u00ed podsedickou facku, kter\u00e1 je p\u00e1r kilometr\u016f od n\u00e1s. No to byl grulek s Wagnerem, pamatuje si dob\u0159e jo, ten potom jako grulek, to odnesl docela to ten nosil, j\u00e1 nev\u00edm, jestli opravdu, anebo jako jenom tak, \u017ee aby, aby uk\u00e1zal tak nosil takov\u00fd ten n\u00e1hradeln\u00edk, ale snad 2 m\u011bs\u00edce. Tak aby uk\u00e1zal, pod\u00edvej, co si mi provedl tohle, kdyby to bylo v medi\u00edch, tak tak tak nosil n\u00e1kr\u010dn\u00edk. Tak ve fin\u00e1le jsou v sou\u010dasn\u00e9 chv\u00edli, jak je velice popul\u00e1rn\u00ed MMA a r\u016fzn\u00e9 souboje, fajty, nejen celebrit, mo\u017en\u00e1, aby jsme mohli zav\u00e9st novou novou \u0161ou, jako j\u00e1 nev\u00edm, klashov de politics nebo n\u011bco takov\u00fdho souboj politik\u016fm. J\u00e1 mysl\u00edm, \u017ee Vemola by vyhral. Na\u0161t\u011bst\u00ed Vemola zat\u00edm nen\u00ed v politice \u0159\u00edkal nebo nazna\u010doval, \u017ee by mo\u017en\u00e1 jednou kandidovala prezidenta r\u016fb\u00edme, \u017ee se to nestane. To by byla dobr\u00e1 jako prvn\u00ed d\u00e1ma, ale rozhodn\u011b by bylo jako docela dobr\u00fd, poj\u010fme d\u00e1l. Ano, kdy\u017e jste u\u017e tady vlastn\u011b zm\u00ednila ten ten l\u00e9ka\u0159sk\u00fd siest, poj\u010fme se pod\u00edvat na na jednoho dal\u0161\u00edho doktora, proto\u017ee 70 let\u00fd praktick\u00fd l\u00e9ka\u0159 Ilia Baudy\u0161, kter\u00fd zastupuje stranu SPD, m\u00e1 v \u010cik\u00e1rn\u011b sv\u00e9 ordinace v litom\u011b\u0159ic\u00edch, to je vlastn\u011b ve va\u0161em ve va\u0161em kraji protivl\u00e1dn\u00ed a protiukrajinskou n\u00e1st\u011bnku, kde krom\u011b jin\u00e9ho p\u00ed\u0161e. V\u0161imn\u011bte si pekarov\u00e1 \u010cernochov\u00e1 Lipavsk\u00fd Vondra nemaj\u00ed d\u011bti. P\u0159\u00edroda si chr\u00e1n\u00ed genofont. Bude se v\u00e1s jako j\u00e1, j\u00e1 toto nech\u00e1pu, proto\u017ee Vondra m\u00e1 t\u0159i d\u011bti, t\u0159i d\u011bti jedno nemam\u017eelsk\u00e9, to v\u00edm p\u0159esn\u011b, to se stalo na hrad\u011b, kdy\u017e byli, to byla poslankyn\u011b, ona te\u010f je, mysl\u00edm, europoslankyn\u011b za ODS Vrec\u00ednov\u00e1 a tehdy jako na hrad\u011b se to stalo, oni tam jezdili na kolob\u011b\u017ek\u00e1ch, tak mo\u017en\u00e1 jako Vondra nem\u011bl svou kolob\u011b\u017eku po j\u00edzdnou, tak nasko\u010dil za Vrec\u00ednovou, no a \u0161up ho, jo, tak\u017ee tohle vlastn\u011b on m\u00e1 t\u0159i d\u011bti, tak\u017ee, jestli teda pan doktor Baudi\u0161 tak to ordinuje a m\u00e1 takov\u00e9 to p\u0159edstavivo nemoc\u00ed, jo, tak to klidn\u011b m\u016f\u017ee jako ze slep\u00fdm st\u0159evem poslat go\u010da\u0159i, jo. To je rozhodn\u011b doklad toho, \u017ee, \u017ee si prost\u011b rozum vyb\u00edr\u00e1 svoji dan\u00ed mezi vzd\u011blan\u00fdm lidmi a \u017ee to nen\u00ed, \u017ee to \u00fapln\u011b mus\u00ed korelovat spolu. To je z va\u0161eho jako, vy o tom v\u00edte? J\u00e1 u\u017e jsem se s t\u00edm \u010dlov\u011bkem setkal, proto\u017ee samoz\u0159ejm\u011b n\u00e1s z\u00e1sobuje i maily jako poslance, tak\u017ee to byl, m\u011bl jsem s t\u00edm n\u011bkolik takov\u00fdch v\u00fdm\u011bn n\u00e1zor\u016f a to je marn\u00e1 snaha jako. On je z SPD, pokud v\u00edm, jo. Fand\u00ed SPD. No a j\u00e1 mysl\u00edm, \u017ee to je jako. To je marn\u00e1 snaha prost\u011b n\u011bco tam zkou\u0161et. A je to dobr\u00fd doktor? Tak nev\u00edm, jako svoji klientelu m\u00e1, j\u00e1 se s n\u00edm osobn\u011b nepotk\u00e1v\u00e1m a nevyu\u017e\u00edv\u00e1m jeho slu\u017eby. P\u0159ijel byste k n\u011bmu? Asi ne, nev\u011b\u0159il bych jeho, jeho, jeho odborn\u00fdm \u00fasudku, ji\u017e m\u00e1 takov\u00fdhle. No, tak douf\u00e1m, \u017ee je to lep\u0161\u00ed doktor, ne\u017e m\u00e1 informace o Vondrovi, proto\u017ee pak bychom mohli zkonstatovat, \u017ee kdyby si p\u0159\u00edroda opravdu chr\u00e1nila sv\u016fj genofon, tak byste m\u011bli o jednoho praktick\u00e9ho l\u00e9ka\u0159e v Litov\u011b \u0159\u00edct skum\u00edn, jo. Citeln\u011b by chyb\u011blo potom t\u011bch l\u00e9ka\u0159\u016f, nen\u00ed dostatek u n\u00e1s na severu, tak. A tak jako lep\u0161\u00ed jako \u017e\u00e1dn\u00fd l\u00e9ka\u0159 ne\u017e \u0161patn\u00fd l\u00e9ka\u0159, jo. To je jako dal\u0161\u00ed v\u011bc. Co si o tom vlastn\u011b mysl\u00edte, jako je v po\u0159\u00e1dku, aby, aby \u010dlov\u011bk vlastn\u011b takhle jako na ve\u0159ejn\u00e9m m\u00edst\u011b, kone\u010dn\u011b, kdy\u017e m\u00e1 takov\u00fd vlastn\u011b dv\u011b, d\u00e1le by se \u0159\u00edct jako vysok\u00e9 funkce, praktick\u00fd l\u00e9ka\u0159 je st\u00e1le vlastn\u011b jako d\u016fle\u017eit\u00e1, d\u016fle\u017eit\u00e1 profese, d\u016fle\u017eit\u00e1 funkce. Z\u00e1rove\u0148 politik, aby sv\u00e9 politick\u00e9 n\u00e1zory takhle jako d\u00e1val na odiv ve sv\u00e9 \u010dek\u00e1rn\u011b sv\u00e9 sv\u00e9. T\u011b\u017eko \u0159\u00edct, nen\u00ed to \u00fapln\u011b jako ve\u0159ejn\u00e9 m\u00edsto ve smyslu jako ve\u0159ejn\u00e9 prostranstv\u00ed, \u00fa\u0159ad st\u00e1tn\u00ed nebo n\u011bco podobn\u00e9ho. Je to prost\u011b soukrom\u00e1 ordinace a nev\u00edm, jak\u00fd je rozd\u00edl mezi mezi politikem, kter\u00fd propaguje sv\u00e9 n\u00e1zory ve sv\u00fd poslaneck\u00fd kancel\u00e1\u0159i t\u0159eba, ale doktorem, kter\u00fd m\u00e1 tu pracovi\u0161t\u011b nikde jinak. Tam ne\u0161lo m\u00e1 v\u00fdhodu, st\u0159et z\u00e1jmu ve fin\u00e1le. Pak m\u00e1 tu v\u00fdhodu, kterou vyu\u017e\u00edv\u00e1 a to \u00fapln\u011b neodsouzuje, neodsouzuje jako to, jakou formou to pod\u00e1v\u00e1, je to jako jeho zp\u016fsob. Dobr\u00fd super dal\u0161\u00ed v\u011bc. Andrij Babi\u0161 si na soci\u00e1ln\u00edch s\u00edt\u00edch post\u011b\u017eoval na p\u0159ipevn\u011bn\u00e1 v\u00fd\u010dka na petl\u00e1v\u00fdch. Jako je pravda, \u017ee j\u00e1 si na to st\u011b\u017eu taky, proto\u017ee z toho se ned\u00e1 p\u00edt, j\u00e1 se to v\u011bt\u0161inou sna\u017e\u00edm utrhnout, ale ono tam dr\u017e\u00ed, jak p\u0159ibyt\u00fd, to je \u00fapln\u011b neuv\u011b\u0159iteln\u00fd. J\u00e1 dos\u00edm n\u016f\u017eky. Vy to st\u0159\u00edh\u00e1te? Jo, st\u0159\u00edh\u00e1m. Nicm\u00e9n\u011b, nicm\u00e9n\u011b v podstat\u011b za jeho vl\u00e1dy se tohle z toho vlastn\u011b ano, ano v Bruselu to jako odsouhlasilo, tak\u017ee jemu se to vr\u00e1tilo zp\u00e1tky jak bumerang a vlastn\u011b se na\u010dapal s\u00e1m, aby si to m\u011bl \u0159\u00edct. Ano, podle lidov\u00e9 p\u00edsn\u011b je ten mysliv\u00e9, jak m\u00ed\u0159il na li\u0161ku a trefil Mari\u0161ku, Mari\u0161ka le\u017e\u00ed na b\u0159i\u0161ku, tak\u017ee vlastn\u011b se to vr\u00e1tilo a trefilo to zp\u00e1tky jako babi\u0161e jo. Co vy na to, jako je to asi nesmysl, \u017ee o kraji mo\u017en\u00e1 vypl\u00fdv\u00e1 z n\u011bjak\u00fd zku\u0161enost\u00ed n\u011bkde n\u011bkde v n\u011bkter\u00fdch regionech. U n\u00e1s jako s t\u011bmi v\u00fd\u010dky asi probl\u00e9m nem\u00e1me, ale tak nap\u0159\u00edklad nezru\u0161\u00edte, to nem\u016f\u017ee tato vl\u00e1da zru\u0161it v koalici. Vl\u00e1da ne, proto\u017ee to je rozhodnut\u00ed Evropsk\u00e9 unie zase mus\u00ed. No ne tak, ale ona to jeho vl\u00e1da v roce 2019 kv\u011btnu d\u00e1vala jako to se p\u0159ece mus\u00ed v\u0161ecko se mus\u00ed pasovat na to, pokud to ten st\u00e1t nep\u0159ijme, to je tak, \u017ee to mus\u00ed p\u0159ijmout, kdy\u017e to rozhodne Evropsk\u00e1 unie takovou to blbost. J\u00e1 v\u00edm, jak to vzniklo. To vzniklo tak, \u017ee si st\u011b\u017eovali st\u00e1ty ji\u017en\u00ed, \u017ee na pl\u00e1\u017e\u00edch maj\u00ed hodn\u011b t\u011bch v\u00fd\u010dek, no tak se to mohla jako rozhodnout, tak si to, a\u0165 si to oni tam p\u0159ivazuj\u00ed, ale pro\u010d to mus\u00edme my, kde j\u00e1 teda nev\u00edm, \u017ee by se povalovaly deseti tis\u00edce v\u00fd\u010dek n\u011bkde na ulici, jo, \u017ev\u00edka\u010dky, jo, ale teda jako \u017ev\u00edka\u010dky a vajgly. Poj\u010fme teda mo\u017en\u00e1 se domluvit tady v r\u00e1mci st\u0159edoevropsk\u00e9ho regionu, \u017ee by vlastn\u011b cigarety byly pevn\u011b p\u0159ipevn\u011bn\u00fd k tomu, k t\u00fd krabi\u010dce. To je n\u00e1pad, jo, a potom tady nebudeme muset \u0159e\u0161it jako vajgly, kter\u00fd tady m\u00e1me v\u0161ude, v\u0161ude, a\u017e v\u00fdka\u010dka by se p\u0159ilepila trvalek zub\u016f. A\u017e by mohla b\u00fdt z n\u011bjak\u00e9ho materi\u00e1lu, kter\u00fd se v\u00e1m t\u0159eba rozpust\u00ed potom v t\u00fd pus, jako\u017ee \u017ev\u00edk\u00e1te t\u0159icet minut, a ono se v\u00e1m potom jako rozpust\u00ed a je\u0161t\u011b v\u00e1s t\u0159eba bude z\u00e1subovat n\u011bjak\u00fdma vitam\u00edn. Dobr\u00fd, \u017ee jo, \u017ee jo, \u017ee je to m\u016f\u017eu. \u017de jo, no hele, ale tak \u0159ekn\u011b mi, kdo je asistenta jako prace, a\u017e skon\u010d\u00edme po\u0159ad, m\u016f\u017eeme si o tom promluvit. On tady ud\u011bl\u00e1 je\u0161t\u011b je\u0161t\u011b kari\u00e9ru, ale v\u00e1\u017en\u011b \u0159ekn\u011bte mi tak, jako vy nem\u016f\u017eete, vy jste v tom bezmocn\u00ed takovou to hloupost a to p\u0159\u00ed\u0161t\u011b m\u00e1 i na ml\u00edko a na v\u0161echno, jako s toma d\u011blat. Tak asi pokud se uk\u00e1\u017ee, to je hloupost. J\u00e1 jsem se s t\u00edm popral n\u011bjak se s t\u00edm n\u011bjak se s t\u00edm zvl\u00e1dnu prost\u011b poradit a uvid\u00edme, jak\u00fd to bude m\u00fd v\u00fdvoj, jestli to bude opravdu lidem tak vadit, \u017ee to je, \u017ee to je takov\u00e9. Kone\u010dn\u011b promluvil, politik ne\u0159ekl nic. Tak ono ve fin\u00e1le jako a\u017e vlastn\u011b na to, \u017ee je to jako otravn\u00fd, \u017ee prost\u011b se nem\u016f\u017eete nap\u00edct t\u00fd l\u00e1ve, proto\u017ee v\u00e1m tam to v\u00ed\u010dko jako ono to nejde ani za\u0161roubovat zp\u00e1tky, proto\u017ee to tam nejde, to to prost\u011b se v\u00e1m jako vysmekne. Jasn\u011b, no tak pak by to mo\u017en\u00e1 st\u00e1lo za to je\u0161t\u011b jako za n\u011bjak\u00e9 projedn\u00e1n\u00ed, jestli tak to jsou d\u016fle\u017eit\u011bj\u0161\u00ed v\u011bce, ne\u017e ano 100% souhlas\u00edm. Poj\u010fme d\u00e1l. \u010ctvrt\u00e9 t\u00e9ma vl\u00e1da hled\u00e1 zp\u016fsob, jak zv\u00fd\u0161it sv\u00e9 preference. Nap\u0159\u00edklad premi\u00e9r Fiala se za\u010dal fotit na soci\u00e1ln\u00edch s\u00edt\u00edch s kdek\u00fdm, ale i t\u0159eba s kon\u00edky, co\u017e do posud ignoroval. Preference vl\u00e1dy jsou i tak nejni\u017e\u0161\u00ed v historii. J\u00e1 mysl\u00edm, \u017ee v na\u0161em \u00fa\u010dinn\u011bj\u0161\u00ed by bylo, kdyby si v\u0161ichni minist\u0159i dali kolem krku v\u011bnec bustu, jo a to by p\u0159il\u00e1kovala spon\u010d si. Tak nev\u00edm, jestli to zvedne preference, ale tak kritizovali jsme pavy a tak asi bysme nem\u011bli opakovat stejn\u00fd chyby, co vy budete d\u011blat pro zv\u00fd\u0161en\u00ed preferenci, kolik vlastn\u011b, jak se v \u010d\u00edslech pohybujete aktu\u00e1ln\u011b. Tak oni pr\u016fzkumy jsou r\u016fzn\u00fd jako stan jako takov\u00fd se pohybuje n\u011bkde mezi 6-8%, co\u017e nen\u00ed \u00fapln\u011b to, co bychom si p\u0159edstavovali, nicm\u00e9n\u011b d\u016flep je\u0161t\u011b dlouh\u00e1 doba a v\u011b\u0159\u00edme, \u017ee se ten ten trend jako, kdy ty lidi pochop\u00ed, \u017ee ty \u00faspory, kter\u00fd se jako d\u011blaj\u00ed, a kter\u00fd bol\u00ed a kter\u00fd prost\u011b ty lidi vn\u00edmaj\u00ed negativn\u011b, tak\u017ee se pozitivn\u011b jako vraz\u00ed. Co ud\u011blat pro to, aby jste se z t\u011bch 6-8% dostali t\u0159eba na dvojcifernou dvojcifern\u00e9 \u010d\u00edslo 10, 12, 15. Zaplatit si pr\u016fzkumy. To je jedna z mo\u017enost\u00ed, kterou kdo vyu\u017e\u00edv\u00e1 samoz\u0159ejm\u011b, ale tak jako je to o budov\u00e1n\u00ed t\u00fd d\u016fv\u011bry. J\u00e1 si budu mluvit jako politik, nebudu tak vtipn\u00fd, ale je to prost\u011b.","nbla_serie":"887","nbla_season":"2023","nbla_episode":"11","nbla_duration":"798.84","nbla_genre":"3.1.3.2","nbla_editorial_format":"2.1.5","nbla_mtime":"1695391470","nbla_url":"https:\/\/origin.a11.cz\/vod\/de6s66k7dtyyeegv1yvv2k8fk.mp4","nbla_version":"1695391470","nbla_odvysilano":"Ano","bunny_id":"ce6313fd-0f7a-4006-80c5-3ffa344e4b41","youtube_id":"","datum_vydani":"20230922","stopaz":"798.84","dokument":[],"video_to":[]},"_links":{"self":[{"href":"https:\/\/tv.a11.cz\/api\/wp\/v2\/video\/10726","targetHints":{"allow":["GET"]}}],"collection":[{"href":"https:\/\/tv.a11.cz\/api\/wp\/v2\/video"}],"about":[{"href":"https:\/\/tv.a11.cz\/api\/wp\/v2\/types\/video"}],"author":[{"embeddable":true,"href":"https:\/\/tv.a11.cz\/api\/wp\/v2\/users\/8"}],"wp:featuredmedia":[{"embeddable":true,"href":"https:\/\/tv.a11.cz\/api\/wp\/v2\/media\/10773"}],"wp:attachment":[{"href":"https:\/\/tv.a11.cz\/api\/wp\/v2\/media?parent=10726"}],"wp:term":[{"taxonomy":"category","embeddable":true,"href":"https:\/\/tv.a11.cz\/api\/wp\/v2\/categories?post=10726"},{"taxonomy":"porad","embeddable":true,"href":"https:\/\/tv.a11.cz\/api\/wp\/v2\/porad?post=10726"},{"taxonomy":"region","embeddable":true,"href":"https:\/\/tv.a11.cz\/api\/wp\/v2\/region?post=10726"},{"taxonomy":"kategorie","embeddable":true,"href":"https:\/\/tv.a11.cz\/api\/wp\/v2\/kategorie?post=10726"}],"curies":[{"name":"wp","href":"https:\/\/api.w.org\/{rel}","templated":true}]}}