{"id":10721,"date":"2023-09-22T13:32:19","date_gmt":"2023-09-22T11:32:19","guid":{"rendered":"https:\/\/tv.a11.cz\/?post_type=video&#038;p=10721"},"modified":"2023-09-22T18:08:37","modified_gmt":"2023-09-22T16:08:37","slug":"zakaz-predjizdeni-pro-kamiony-na-d1-u-brna","status":"publish","type":"video","link":"https:\/\/tv.a11.cz\/video\/zakaz-predjizdeni-pro-kamiony-na-d1-u-brna\/","title":{"rendered":"Z\u00e1kaz p\u0159edj\u00ed\u017ed\u011bn\u00ed pro kamiony na D1 u Brna"},"content":{"rendered":"","protected":false},"excerpt":{"rendered":"<p>Dopravn\u00ed situace kv\u016fli roz\u0161i\u0159ov\u00e1n\u00ed d\u00e1lnice D1 u Brna je ne\u00fanosn\u00e1. Kolony a v\u00e1\u017en\u00e9 dopravn\u00ed nehody jsou na denn\u00edm po\u0159\u00e1dku. Pomoc by m\u011bla nov\u00e1 dopravn\u00ed zna\u010dka. <\/p>\n","protected":false},"author":8,"featured_media":10731,"template":"","categories":[17,22,157],"porad":[],"region":[134,53],"kategorie":[],"class_list":["post-10721","video","type-video","status-publish","has-post-thumbnail","hentry","category-domaci","category-doprava","category-zpravy","region-brnensko","region-jihomoravsky-kraj"],"acf":[],"meta_box":{"nbla_idec":"N2301106","nbla_title":"Z\u00e1kaz p\u0159edj\u00ed\u017ed\u011bn\u00ed pro kamiony na D1 u Brna","nbla_subtitle":"","nbla_summary":"","nbla_description":"","nbla_transcription":"Dopravn\u00ed situace kv\u016fli roz\u0161i\u0159ov\u00e1n\u00ed d\u00e1lnice D1 u Brna je ne\u00fanosn\u00e1. Kolony a v\u00e1\u017en\u011b dopravn\u00ed nehody jsou na denn\u00edm po\u0159\u00e1dku. Pomoc si by m\u011bla nov\u00e1 dopravn\u00ed zna\u010dka. Z\u00e1kaz p\u0159edj\u00ed\u017ed\u011bn\u00ed kamionu na d\u00e1lnici D1 a D2 u Brna. D\u00e1lnice D1 v okol\u00ed Brna ji\u017e dlouhodob\u011b kapacitn\u011b nedosta\u010duje. Ka\u017ed\u00fd den zde projede a\u017e 80 tis\u00edc vozidel, co\u017e zp\u016fsobuje pravideln\u00e9 dopravn\u00ed probl\u00e9my. Selnice se tak nov\u011b roz\u0161i\u0159uje na \u0161est pruh\u016f. D\u00edky dopravn\u00edmu omezen\u00ed je v\u0161ak situace ne\u00fanosn\u00e1 a pr\u00e1v\u011b kamiony brzd\u00ed dopravu na d\u00e1lnici. Jedn\u00edm z t\u011bch opat\u0159en\u00ed je tuto chv\u00edli z\u00e1klad p\u0159edj\u00ed\u017ed\u011bn\u00ed kamionu, proto\u017ee bohu\u017eel se st\u00e1val ten neust\u00e1v\u00fd neduch, \u017ee n\u00e1m kamiony vyj\u00ed\u017ed\u011bj\u00ed do lev\u00e9ho pruhu a t\u00edm p\u00e1dem to cel\u00e9 zablokovali. P\u0159itom ten samotn\u00fd pruh je s tou stavbou omezen z hrdiska \u0161t\u00ed\u0159ky. To znamen\u00e1 v t\u00e9 dob\u011b, kdy on vyj\u00ed\u017ed\u00ed od t\u00e9 stavby, tak se mus\u00ed zp\u00e1tky za\u0159adit doprava. To znamen\u00e1 v t\u00e9 chv\u00edli on ji\u017e t\u0159eba 10-15 kilometr\u016f p\u0159ed t\u00edm, kdy ta kolona za\u010dne p\u0159edj\u00ed\u017ed\u011bt kamiony v stoj\u00edc\u00ed pr\u00e1v\u00e9m pruhu, tak potom zp\u016fsobuje obrovsk\u00e9 kongresce pro osobn\u00ed vozidla, proto\u017ee nen\u00ed schopen se za\u0159adit t\u011bsn\u011b p\u0159ed tou samotnou \u00fazav\u00edrkou zp\u00e1tky doprava, proto\u017ee tam on se nevejde do toho lev\u00e9ho pruhu v r\u00e1mci t\u00e9 samotn\u00e9 \u00fazav\u00edrky. Silni \u010d\u00e1\u0159i tak v t\u011bchto dnech osazuj\u00ed na d\u00e1lnici D1 a D2 speci\u00e1ln\u00ed zna\u010dky, zakazuj\u00edc\u00ed p\u0159edj\u00ed\u017ed\u011bn\u00ed kamionu. V\u0161echny po\u017e\u00e1d\u00e1 v\u0161echny \u0159edi\u010de o trp\u011blivost, o schov\u00fdvavost, ale hlavn\u011b i o takovou zvanou opravdu opatrnost p\u0159i p\u0159\u00edjezdu do tohoto prostoru, proto\u017ee \u010dasto se ty nehody paky st\u00e1vaj\u00ed pr\u00e1v\u011b, kdy\u017e ta kolona stoj\u00ed na to dobr\u017e\u010fov\u00e1n\u00ed, tak prost\u011b se dobr\u017e\u010fuje zezadu, zp\u016fsobuje to zbyte\u010dn\u00e9 nehody a komplikace a pak n\u00e1m ty kolony je\u0161t\u011b se daleko v\u00edc douvaj\u00ed. Tak\u017ee v\u0161echny za to opat\u0159en\u00ed snad p\u0159isp\u011bl aspo\u0148 tro\u0161ku k je\u017ei\u0161t\u011bj\u0161\u00ed plnosti, ale te\u010f konkr\u00e9tce tam rozhodn\u011b, d\u00edky tomu, \u017ee tam je opravdu intenzita 80 tis\u00edc vozidel, tak tam ty konkr\u00e9tce prost\u011b budou, tomu se prost\u011b nem\u011bhneme. Pomoci zm\u00edrnit kolony na D1 kolem Brna by m\u011bly i chytr\u00e9 dopravn\u00ed zna\u010dky, kter\u00e9 sami ur\u010d\u00ed rychlost podle dopravn\u00ed situace. Na d\u00e1lnici kolem Brna sice za\u010dal platit z\u00e1kaz p\u0159edj\u00ed\u017ed\u011bn\u00ed kamionu, z\u00e1zraky se v\u0161ak ne\u010dekaj\u00ed, kolony pr\u00fd nezmiz\u00ed. Z Brna pro televizi A11, Je\u0159iv\u00edn\u00e1r.","nbla_serie":"","nbla_season":"","nbla_episode":"","nbla_duration":"128.6","nbla_genre":"","nbla_editorial_format":"","nbla_mtime":"1695382090","nbla_url":"https:\/\/origin.a11.cz\/vod\/209zqbl0xqi34ku9fxluldr94.mp4","nbla_version":"1695382090","nbla_odvysilano":"Ne","bunny_id":"c1463063-08e2-42ad-b075-4e44fa764dc0","youtube_id":"","datum_vydani":"20230922","stopaz":"128.6","dokument":[],"video_to":["10732"]},"_links":{"self":[{"href":"https:\/\/tv.a11.cz\/api\/wp\/v2\/video\/10721","targetHints":{"allow":["GET"]}}],"collection":[{"href":"https:\/\/tv.a11.cz\/api\/wp\/v2\/video"}],"about":[{"href":"https:\/\/tv.a11.cz\/api\/wp\/v2\/types\/video"}],"author":[{"embeddable":true,"href":"https:\/\/tv.a11.cz\/api\/wp\/v2\/users\/8"}],"wp:featuredmedia":[{"embeddable":true,"href":"https:\/\/tv.a11.cz\/api\/wp\/v2\/media\/10731"}],"wp:attachment":[{"href":"https:\/\/tv.a11.cz\/api\/wp\/v2\/media?parent=10721"}],"wp:term":[{"taxonomy":"category","embeddable":true,"href":"https:\/\/tv.a11.cz\/api\/wp\/v2\/categories?post=10721"},{"taxonomy":"porad","embeddable":true,"href":"https:\/\/tv.a11.cz\/api\/wp\/v2\/porad?post=10721"},{"taxonomy":"region","embeddable":true,"href":"https:\/\/tv.a11.cz\/api\/wp\/v2\/region?post=10721"},{"taxonomy":"kategorie","embeddable":true,"href":"https:\/\/tv.a11.cz\/api\/wp\/v2\/kategorie?post=10721"}],"curies":[{"name":"wp","href":"https:\/\/api.w.org\/{rel}","templated":true}]}}