{"id":10681,"date":"2023-09-22T13:51:03","date_gmt":"2023-09-22T11:51:03","guid":{"rendered":"https:\/\/tv.a11.cz\/?post_type=video&#038;p=10681"},"modified":"2023-10-02T09:56:00","modified_gmt":"2023-10-02T07:56:00","slug":"mlady-svet-michal-horacek","status":"publish","type":"video","link":"https:\/\/tv.a11.cz\/video\/mlady-svet-michal-horacek\/","title":{"rendered":"Michal Hor\u00e1\u010dek (2\/2)"},"content":{"rendered":"","protected":false},"excerpt":{"rendered":"<p>S Michalem Hor\u00e1\u010dkem dnes probereme jeho z\u00e1sadn\u00ed spolupr\u00e1ci s Petrem Hapkou a jak\u00e1 vlastn\u011b takhle doba byla.<\/p>\n","protected":false},"author":8,"featured_media":11116,"template":"","categories":[174,173],"porad":[237],"region":[],"kategorie":[],"class_list":["post-10681","video","type-video","status-publish","has-post-thumbnail","hentry","category-rozhovory","category-ze-spolecnosti","porad-mlady-svet"],"acf":[],"meta_box":{"nbla_idec":"A2305001B","nbla_title":"Mlad\u00fd Sv\u011bt","nbla_subtitle":"Michal Hor\u00e1\u010dek","nbla_summary":"Po\u0159ad pln\u00fd hudby, host\u016f i vzpom\u00ednek. A to z dob d\u00e1vno, ale i ne a\u017e tak d\u00e1vno minul\u00fdch.","nbla_description":"","nbla_transcription":"Sledujete po\u0159ad Mlad\u00fd sv\u011bt, m\u00fdm hostem je Michal Hor\u00e1\u010dek. Michale, my jsme je\u0161t\u011b neprobrali va\u0161\u00ed z\u00e1sadn\u00ed \u017eivotn\u00ed hudebn\u00ed spolupr\u00e1ci s Petrem Hapkou. V roce 1986 to bylo rok, kdy vznikalo, mo\u017en\u00e1 bylo i v pln\u00e9m proudu p\u0159\u00edpravy prvn\u00edho Alba Podm\u011b\u0161il\u00fd host, kter\u00e9 vy\u0161lo rok pozd\u011bji. J\u00e1 si mysl\u00edm, \u017ee u\u017e t\u00edm Albem jste s Petrem Hapkou dok\u00e1zali se dostat lidem pod k\u016f\u017ei. Minim\u00e1ln\u011b m\u011b ano, proto\u017ee konkr\u00e9tn\u011b ta p\u00edsni\u010dka Podm\u011b\u0161il\u00fd host, j\u00e1 do dne\u0161ka j\u00ed m\u00e1m v aut\u011b a velmi r\u00e1da j\u00ed poslouch\u00e1m. B\u011bh\u00e1m jim r\u00e1z po z\u00e1dech, kolikr\u00e1t m\u011b dojme. Ver\u0161ovat to nebudu, to se nedovol\u00edm, to je Hanie Hegerov\u00e9. Ale pro m\u011b jako pro \u017eenu ty ver\u0161e jsou \u00fa\u017easn\u00e9. Jste romantik, kdy\u017e dok\u00e1\u017eete tohle napsat? Neum\u00edm se tak n\u011bjak klasifikovat. Prost\u011b t\u00edm \u00fakolem bylo ud\u011blat koncipovan\u00fd album pro jednu d\u00e1mu. Tak samoz\u0159ejm\u011b jsem musel se sna\u017eit d\u00edvat se kolem sebe chvilku t\u011bma \u017eensk\u00fdma o\u010dima. J\u00e1 mysl\u00edm, \u017ee to je ambice, kter\u00e1 je nesplniteln\u00e1 pro mu\u017ee. Ale tak d\u011blal jsem, co jsem mohl. Ale to jste te\u010f otev\u0159el velk\u00e9 t\u00e9no. Co se v\u00e1m povedlo vid\u011bt \u017eensk\u00fdma o\u010dima? No tak letos, j\u00e1 jsem i pozd\u011bji a nemuselo to b\u00fdt ani s Petrem Hapkou, jsem se hodn\u011b v\u011bnoval pr\u00e1v\u011b tomuhle t\u00e9matu toho \u017eensk\u00e9ho sv\u011bta. J\u00e1 jsem v\u017edycky siln\u011b c\u00edtil, \u017ee 21. stolet\u00ed bude stolet\u00edm \u017een. A to je\u0161t\u011b do za\u010d\u00e1tku 21. stolet\u00ed hodn\u011b chyb\u011blo. A pozd\u011bji jsem ud\u011blal t\u0159eba album, u\u017e bez Petra, kter\u00fd m\u011bl sv\u016fj zvl\u00e1\u0161tn\u00ed osud, \u017ee jednak byl nejprod\u00e1van\u011bj\u0161\u00edm albem. A jednak dostalo And\u011bla jako teda z hlediska kritick\u00fdho. A to se jmenovalo Ohro\u017een\u00fd druh. A tam jsem ud\u011blal takov\u00fd p\u00e1smo od 17. holky, kter\u00e1 za\u010d\u00edn\u00e1 a\u017e po sta\u0159i\u010dkovo by\u010dku, kter\u00e1 sed\u00ed na t\u00e9 verand\u011b v t\u00e9 houpac\u00ed \u017eidli. A m\u011b to, pr\u00e1v\u011b proto\u017ee to je tak nesm\u00edrn\u011b obt\u00ed\u017en\u00e9 pro mu\u017ee, jako jsme to mohli v\u011bnovat, tak proto m\u011b to l\u00e1kalo. Nev\u00edm, jestli se mi to v\u017edycky povedlo, ale jsem tam mo\u017en\u00e1 jo. A Hanna Hegerov\u00e1 to byla tak velik\u00e1 osobnost s tak podmaniv\u00fdm charizmatem a v\u0161im, \u017ee i to, kdy\u017e jsem to nenapsal j\u00e1 dob\u0159e, tak ona to podala tak skv\u011ble, \u017ee to fungovalo. Na t\u00e9 desce je hit Levan Dulova. \u0158\u00edk\u00e1m hit, proto\u017ee se to stalo obrovsk\u00fdm hitem, ale ne\u010dekan\u011b. Vy jste to ne\u010dekali? Hity nevznikaj\u00ed tak, \u017ee chcete napsat hit, proto\u017ee kdyby na to byl n\u011bjak\u00fd postup, tak hity by psali ti lid\u00e9, kte\u0159\u00ed maj\u00ed nejv\u00fdkonn\u011bj\u0161\u00ed po\u010d\u00edta\u010de. Ale ne, to byla p\u00edsni\u010dka, kter\u00e1 m\u011bla b\u00fdt takovou v\u00fdpln\u00ed mezi t\u011bmi v\u00e1\u017en\u011bj\u0161\u00edmi, aby tam bylo tak n\u011bco oddychov\u00e9ho a tak. A m\u011b se ta p\u00edsni\u010dka nikdy nel\u00edbila. Je to docela sklam\u00e1n\u00ed, \u017ee kdy\u017e je n\u011bco nejzn\u00e1m\u011bj\u0161\u00ed, tak zrovna ta Levan Dulova. Nicm\u00e9n\u011b, stalo se. Hanna Hegerov\u00e1 to m\u00e1 a v\u017edycky m\u011bla moc r\u00e1da. \u0158\u00edkala, \u017ee jsem tak r\u00e1da, \u017ee m\u00e1m takov\u00fd ten sajd\u00e1k. Ale mysl\u00edm si, \u017ee pak ta kapela, kter\u00e1 s n\u00ed vystupovala, kterou \u0159\u00eddil Petr Mal\u00e1sek, to pojala dob\u0159e. V\u017edycky to pojala jako velkou parody t\u00e9m\u011b\u0159. Kdy\u017e cel\u00e1 ta kapela zp\u00edv\u00e1 a je siv\u00e1 a jenom vedle druh\u00fdho a tak to m\u00e1 b\u00fdt. A tak se mi to l\u00edbilo. Tak pardon, \u017ee ji nem\u00e1te r\u00e1d, my si ji p\u0159esto te\u010f opust\u00edme. Tak jo. Levan Dulova. Snad z \u00facty k tradici kupuji celou krabici a p\u0159es n\u00ed i pap\u00edr bal\u00edc\u00ed. C\u00edt\u00edm, \u017ee \u0159ekne\u0161. Ach jo, ty jsi m\u00e1, Levan Dulova, \u00fapln\u011b cel\u00e1, celi\u010dk\u00e1, Levan Dulova, n\u00e1dhern\u011b, Levan Dulova. Hmm, Levan Dulova. Nev\u017edycky va\u0159\u00edm dobroty a ob\u010das m\u00fdv\u00e1m teploty a nekapu\u010di donuty a \u010dasto vzdych\u00e1m. Ach jo. Sotva v\u0161ak cinkne\u0161 za vraty, otev\u0159u, kouk\u00e1m, no a ty upad\u00e1\u0161 ve smysl z\u00e1chvaty a v\u017edycky vol\u00e1\u0161. Ach jo, ty jsi m\u00e1, Levan Dulova, n\u00e1dhern\u00e1, cel\u00e1, Levan Dulova, fam\u00f3zn\u011b, Levan Dulova. Hmm, Levan Dulova. J\u00e1 jsem mnohokr\u00e1t sly\u0161ela, jak jste vypr\u00e1vil p\u0159\u00edb\u011bh, jak jste se sezn\u00e1mil s Petrem Hapkou, \u017ee jste p\u0159i\u0161el, zazvonil u n\u011bj u dve\u0159\u00ed, p\u0159ednesl jste texty. P\u0159em\u00fd\u0161lel jste n\u011bkdy o tom, co by se stalo, kdyby ten Petr m\u011bl blbou n\u00e1ladu, poslal v\u00e1s n\u011bkam? P\u0159em\u00fd\u0161lel jste o tom, kam by se ten v\u00e1\u0161 \u017eivot ub\u00edral? Takovou v\u010das m\u011b to napadlo, ale j\u00e1 nejsem zrovna p\u0159\u00edjemn\u00fd v\u011bc takov\u00fdch koncept\u016f, \u017ee m\u00e1me n\u011bjak\u00fd sv\u016fj osud a \u010dlov\u011bk d\u011bl\u00e1, co d\u011bl\u00e1, tak prost\u011b to nezm\u011bn\u00ed. Ale p\u0159esto, j\u00e1 si mysl\u00edm, \u017ee tohle setk\u00e1n\u00ed k n\u011bmu muselo doj\u00edt a muselo doj\u00edt i ty spolupr\u00e1ce. Tak mysl\u00edm si, \u017ee to tak bylo. Zkr\u00e1tka n\u00e1m souzen\u00fd. Mo\u017en\u00e1, \u017ee by se to stalo jinak, nebo nev\u00edm. Ale stalo se tohle, \u017ee on si tak jako otev\u0159el ty desky, pamatuju si, \u017ee ty texty byly psan\u00fd na pr\u016fklep\u00e1c\u00edch, na psac\u00edm stroji. Tenkr\u00e1t teda m\u011bl jenom r\u016f\u017eov\u00fd. Ale j\u00e1 jsem ti necht\u011bl nic nazna\u010dit, prost\u011b to jenom v pap\u00edrnici byl jenom r\u016f\u017eov\u00fd ten m\u011bs\u00edc. No dobr\u00fd, tak to bylo na r\u016f\u017eov\u00fdch pr\u016fklep\u00e1k\u00e1ch. A tak jsem se na to pod\u00edval a zrak mu padnul na n\u011bjakou linku, jednu, jeden ver\u0161, kter\u00fd jsem mu zal\u00edbil. A \u0159ekl tak poj\u010f d\u00e1l. Samoz\u0159ejm\u011b mohl mu padnout zrak na n\u011bco, co by se mu nezal\u00edbilo. No tak nev\u00edm, co by se pak stalo. Nicm\u00e9n\u011b dopadlo to takhle dob\u0159e. \u0158ekl poj\u010f d\u00e1l vlastn\u011b. A j\u00e1 u\u017e jsem nikdy neode\u0161el. Proto\u017ee jsme spolupracovali a\u017e do posledn\u00edch chv\u00edl\u00ed, kde to je\u0161t\u011b bylo mo\u017en\u00e9. Tak to byly velk\u00e9 hity a nejen z roku 1986. Ale my se te\u010f pod\u00edv\u00e1me na z\u00e1sadn\u00ed sv\u011btov\u00e9 hity roku 1986 s hudebn\u00edm dramaturgem Michalem Kleinem. Zcela jako z\u00e1sadn\u00ed um\u011blkyn\u00ed roku 1986 byla bez pochyby zp\u011bva\u010dka Madonna. Jednozna\u010dn\u011b. Ona vyd\u00e1vala svoji novou desku True Blue. S velk\u00fdm o\u010dek\u00e1v\u00e1n\u00edm to bylo. A vlastn\u011b jako dlouhou dobu to bylo t\u0159eba nejprod\u00e1van\u011bj\u0161\u00ed album \u017eensk\u00e9 um\u011blkyn\u00ed na sv\u011bt\u011b. Mezi zp\u011bva\u010dkami. Tak\u017ee to byla velk\u00e1 deska. Co si budeme vypr\u00e1vit, Madonna nen\u00ed kdovi jak\u00e1 zp\u011bva\u010dka. Takov\u00e1 celkem pr\u016fm\u011brn\u00e1. Ona nen\u00ed ani kdovi jak\u00e1 here\u010dka. Tam je sp\u00ed\u0161 podpr\u016fm\u011brn\u00e1. Co j\u00e1 si vybavu, tak v t\u00e9 dob\u011b dokonce zkou\u0161ela herectv\u00ed a moc se j\u00ed nevedlo. Se sv\u00fdm tehdej\u0161\u00edm man\u017eelem Seanem Pennem dostala snad i svoji prvn\u00ed zlatou malinu za nejhor\u0161\u00ed hereck\u00fd v\u00fdkon. Ale n\u011bjak\u00e1 ta aura, ta \u010dakra kolem n\u00ed, kter\u00e1 je, to prost\u011b je celebrita, je to osobnost a to mo\u017en\u00e1 vyv\u00e1\u017e\u00ed to, \u017ee nen\u00ed a\u017e tak dobr\u00e1 zp\u011bva\u010dka ani here\u010dka. Tak se ta deska setkala s velk\u00fdm \u00fasp\u011bchem. Ona si tenkr\u00e1t Madonna nechala i zkr\u00e1tit vlasy, dokonce obarvit na blond, tak\u017ee to byla vlastn\u011b \u00fapln\u011b zcela jin\u00e1, zcela nov\u00e1 Madonna. A mo\u017en\u00e1 i d\u00edky tomu se ta deska dob\u0159e prod\u00e1vala a mo\u017en\u00e1 i d\u00edky tomu se vlastn\u011b z Madony stala takzvan\u00e1 kr\u00e1lovna popu. Vlastn\u011b n\u011bkdy v t\u00e9 dob\u011b plus minus to ozna\u010den\u00ed kr\u00e1lovna popu se za\u010dalo u Madony pou\u017e\u00edvat. \u266b I've been losing sleep, but I made up my mind, I'm keeping my baby. \u266b \u266b I'm gonna keep my baby. \u266b \u266b He says that he's gonna marry me, and we can raise a little family, \u266b \u266b maybe we'll be alright. Sacrifice. \u266b \u266b But my friends keep telling me to give it up, saying I'm too young, I don't give it up. \u266b \u266b What I need right now is some good advice, please. \u266b \u266b Papa don't freak, I'm in trouble deep. Papa don't freak, I've been losing sleep, but I made up my mind, I'm keeping my baby. \u266b \u266b I'm gonna keep my baby. \u266b Dal\u0161\u00ed z\u00e1sadn\u00ed hity roku 1986, co si tak vybavuju, tak ur\u010dit\u011b stoprocentn\u011b, a\u0165 u\u017e to jsou Pecho Boys. V Americe byl hodn\u011b popul\u00e1rn\u00ed Lionel Richie, jeho kr\u00e1sn\u00e1 balada Say You, Say Me, tak kdy\u017e dneska zn\u00ed z r\u00e1dia, tak se to v\u017edycky d\u00e1m jako volume, hezky, p\u011bkn\u011b doprava. Samantha Fox se najednou z ni\u010deho nic objevila, ona d\u0159\u00edv\u00e1 v\u011bc fotila takov\u00e9 ty fotky pro bulv\u00e1rn\u00ed magaz\u00edny, kde byla vlastn\u011b naho\u0159e bes, u toho byl v\u017edycky n\u011bjak\u00fd vtip, my to taky zn\u00e1me z na\u0161eho bulv\u00e1ru tady, a najednou se z n\u00ed stala velk\u00e1 zp\u011bva\u010dka a vlastn\u011b byla to nejv\u00edc fotografovan\u00e1 britsk\u00e1 \u017eena 80. let. Mezi dal\u0161\u00ed hity t\u0159eba p\u00edsni\u010dka z filmu Top Gun, Take My Bread Away od skupiny Berlin, ta taky byla vlastn\u011b hodn\u011b \u00fasp\u011b\u0161n\u00e1, dokonce oscarov\u00e1 melodie. A co j\u00e1 si tak vybavuju, tak ur\u010dit\u011b tam nesm\u00ed chyb\u011bt, a\u010dkoliv to mo\u017en\u00e1 byl sp\u00ed\u0161e hit a\u017e o rok pozd\u011bji, tedy v 87., ale v 86. kapela Bon Jovi vyd\u00e1vala vlastn\u011b sv\u016fj vele\u00fasp\u011b\u0161n\u00fd hit Living on a Prayer a to byla tak\u00e9 do t\u00e9 doby takov\u00e1 v\u011bc nev\u00fddan\u00e1, nesl\u00edchan\u00e1, \u017ee vlastn\u011b heavy metal, i kdy\u017e heavy metal, d\u00e1m to do obozovek, takov\u00fd sp\u00ed\u0161 soft metal, se najednou objevil v r\u00e1d\u00edch, to do t\u00e9 doby vlastn\u011b prakticky jako nebylo. Tak\u017ee vlastn\u011b tohle byl takov\u00fd miln\u00edk, kde vlastn\u011b ten metal se d\u00edky Bon Jov\u00edk\u016fm dostal do americk\u00fdch r\u00e1d\u00ed. \u266a We've got, it doesn't make a difference if we make it or not, we've got each other and that's a life full of love, we'll give it a shot, oh, we're halfway there, oh, living on a prayer, take my hand, we'll make it I swear, oh, living on a prayer. \u266a Jsme te\u010f v klipu Living on a Prayer od Bon Jovi, vid\u011bli nejen tu muziku, ale i to, jak chodili obl\u00edkan\u00ed. Tam byly k\u0159iv\u00e1ky, ko\u017een\u00e9 bundy, r\u016fzn\u00e9 pl\u00eds\u0148\u00e1ky se tomu \u0159\u00edkalo, d\u017e\u00edny. Jak vy jste chodil obl\u00edkan\u00fd, \u0161el jste s modou, nebo to bylo n\u011bco, co jste moc ne\u0159e\u0161il? J\u00e1 jsem s modou rozhodn\u011b ne\u0161el. Ne? Ne, ale jsem chodil do ch\u016fhle a tam nejv\u00fdznamn\u011bj\u0161\u00edm dostihem roku je derby. A v Anglii na v\u00fdznamn\u00fd dostihy se chod\u00ed ve speci\u00e1ln\u00edm obleku, v\u00e1to\u017eaket, ale zejm\u00e9na je pot\u0159eba m\u00edt cylindr a to je\u0161t\u011b \u0161edivej. A j\u00e1 jsem skute\u010dn\u011b na\u0161el, \u017ee v Praze je mo\u017en\u00fd si objednat klobouk, nechat si ho vyrobit, to byly to masn\u00ed ulici. A pochal jsem si ud\u011blat ten \u0161edej cylindr a na to derby jsem cel\u00fd l\u00e9ta v\u017edycky chodil v tomto \u0161ediv\u00e9m cylindru. Ale jinak jsem chodil nen\u00e1padn\u011b, j\u00e1 s modant. Tenkr\u00e1t to bylo stra\u0161n\u011b t\u011b\u017ek\u00e9, jako s modou. M\u011b zaj\u00edm\u00e1, co vy jste poslouchal za muziku, jestli jste m\u011bl n\u011bjak\u00e9 idoly? J\u00e1 tomu te\u010fka dokonce v\u011bnuju. Ka\u017ed\u00fd t\u00fdden rozhlasem m\u00e1m hodinu, kde pr\u00e1v\u011b na tohle vzpom\u00edn\u00e1m. Jmenuje se to Hudebn\u00ed sv\u011bt Michala Hor\u00e1\u010dka. Tak se m\u011b pt\u00e1te na n\u011bco, na co jsem p\u0159ipraven\u00fd. To je dob\u0159e. Proto\u017ee za\u010dn\u011b to m\u011blo 17 d\u00edl\u016f. Nebojte, za chv\u00edli to bude jinak, to v\u00e1s na to p\u0159iprav\u00edm. Tak pov\u00eddejte te\u010f. Tenkr\u00e1t autory, kter\u00e9 jsem nejv\u00edc poslouchal, nap\u0159\u00edklad to byly Bob Dylan a Leonard Cohen. Ale potom je\u0161t\u011b dal\u0161\u00ed, zejm\u00e9na to byl Cat Stevens. Potom Randy Newman a zejm\u00e9na Tom Waits. Pro m\u011b bylo \u00fapln\u011b fantastick\u00e9, kdy\u017e v roce 2008 jsem p\u0159ijel \u017eiv\u011b Tom Waits. P\u00edsni\u010dk\u00e1\u0159 velice sv\u00e9hr\u00e1zn\u00fd, kter\u00fd vlastn\u011b si cel\u00fd \u017eivot tak n\u011bjak hr\u00e1l na to, \u017ee d\u011bl\u00e1 takov\u00fd bodevil, takov\u00fd kabaret. V\u017edycky to muselo b\u00fdt dost takov\u00fd poklesl\u00fd, aby ta jeho poetika fungovala. \u010clov\u011bk m\u00e1 v\u017edycky dojem, \u017ee je v n\u011bjak\u00e9m tom americk\u00e9m pianobaru t\u0159eba. Nebo v n\u011bjak\u00e9m francouzsk\u00e9m bodevilu. Jeho jsem \u0161oupl\u00ed do Pal\u00e1ce kultury, kter\u00fd byl postaven\u00fd hlavn\u011b pro to, aby tam bol\u0161evici m\u011bli ty svoje zv\u011bzdy. Je to obrovsk\u00fd a te\u010fka jsou tam ty \u0159ady t\u011bch sedat, do kter\u00fdch se zabo\u017e\u00edt\u00e1me. Jestli m\u00e1 n\u011bco nejd\u00e1l na sv\u011bt\u011b k bodevilu, tak je to tohle. J\u00e1 jsem si to tak \u00fa\u017easn\u011b u\u017eil, \u017ee i p\u0159esto, \u017ee v tak nep\u0159\u00edzniv\u00fdch podm\u00ednk\u00e1ch vystoupil Tom Waits, stejn\u011b s silou sv\u00fd osobnosti dok\u00e1zal v n\u00e1s vzbudit ten dojem, \u017ee je v tom bodevilu. A m\u011bl to kouzlo. Tak to byl jeden z takov\u00fdch d\u016fle\u017eit\u00fdch pro m\u011b. J\u00e1 jsem moc neposlouchal ty rokov\u00fd kapely jako moje vrstevn\u00edci. To m\u011b rad\u00ed n\u011bco trochu jin\u00e9ho. A dokonce se p\u0159izn\u00e1m, \u017ee jsem m\u011bl r\u00e1d i country. J\u00e1 jsem zmi\u0148ovala, \u017ee za chv\u00edli to bude n\u011bco, na co p\u0159ipraven\u00fd nejste. J\u00e1 jsem si pro v\u00e1s p\u0159ipravila takov\u00fd mal\u00fd quiz. V roce 1986 vznikly slavn\u00e9 televizn\u00ed p\u0159\u00edb\u011bhy o chobotni\u010dk\u00e1ch. Chobotnice z druh\u00e9ho patra a vesel\u00e9 V\u00e1noce p\u0159i jejich chobotnice. Jak se chobotni\u010dky jmenovaly? Za A velkej a malej, za B nabit\u00e1 a vybit\u00e1, nebo za C modr\u00fd a zelen\u00e1? Asi modr\u00fd a zelen\u00e1, ale j\u00e1 jsem to nikdy nevid\u011bl. Nevid\u011bl jste chobotni\u010dky? Ne, nikdy. Ka\u017ed\u00fd V\u00e1noce to b\u011b\u017e\u00ed. Stoj\u00ed to za to. Tak up\u0159\u00edmnou soustrast, ale j\u00e1 jsem to nevid\u011bl. Ale ano, modr\u00fd a zelen\u00e1 je spr\u00e1vn\u00e1 odpov\u011b\u010f. Hlavn\u00ed roli ve filmu Moucha z roku 1986 stv\u00e1rnil za A Jeff Goldblum, za B Jack Nicholson, za C Dustin Hoffman. Asi ten prvn\u00ed bych \u0159ekl. Ale nev\u00edm, j\u00e1 jsem ten film taky nevid\u011bl. \u010cetl jsem tu pov\u00eddku, podle kter\u00e9ho je ud\u011blan\u00e9. To je hrozn\u00e1 pov\u00eddka. To jsem se jako b\u00e1l, kdy\u017e jsem to \u010detl, tak jsem pak na to ne\u0161el, abych to je\u0161t\u011b vid\u011bl. Ano, m\u00e1te pravdu, za A Jeff Goldblum to byl. A posledn\u00ed ot\u00e1zka. Rakousk\u00fd zp\u011bv\u00e1k Falco vydal ve sv\u011bt\u011b v roce 1986 svoji z\u00e1sadn\u00ed desku \u010cesky Falco 3, na kter\u00e9 nebyl hit za A Cadillac Hotel, za B Rackmi Amadeus, za C Genie. No to v\u016fbec nev\u00edm, j\u00e1 jsem to nikdy nesly\u0161el, jeho desku a v \u017eivot\u011b. A ani nechci sly\u0161et. Ale nev\u00edm, tak jak\u00e9 jsou tam ty mo\u017enosti? Cadillac Hotel. \u017de tam nebyl. \u017de tam nebyl. Rackmi Amadeus nebo Genie. Tak asi to prvn\u00ed. Tak\u017ee vy jste nic z toho nevid\u011bla, nesly\u0161ela, m\u00e1te pravdu. Nebyl tam Cadillac Hotel. A ten, kter\u00fd tam byl, velk\u00fd hit Falco Rackmi Amadeus, tak ten si te\u010f pust\u00edme. Rackmi Amadeus. Jsem v\u011bt\u0161inou OZ, ale nev\u00edm, jak to d\u011bl\u00e1\u0161. A nev\u00edm, jak to d\u011bl\u00e1\u0161. Rackmi Amadeus. Rackmi Amadeus. Rackmi Amadeus. Rackmi Amadeus. Rackmi Amadeus. Rackmi Amadeus. Rackmi Amadeus. Rackmi Amadeus. Rackmi Amadeus. Rackmi Amadeus. Rackmi Amadeus. Rackmi Amadeus. Rackmi Amadeus. My se p\u0159esuneme z roku 1986 do sou\u010dasnosti. M\u011b zaj\u00edm\u00e1, jak se m\u00e1te te\u010f, proto\u017ee p\u0159ed t\u011bmi p\u011bti lety, nebo \u0161esti lety, kdy jste kandidoval na prezidenta, v\u00e1s bylo v\u0161ude plno. A m\u011b zaj\u00edm\u00e1, co od t\u00e9 doby, \u010demu se v\u011bnujete te\u010f. P\u00ed\u0161ete, p\u00ed\u0161ete texty, studujete. Co d\u011bl\u00e1 te\u010f Michal Hor\u00e1\u010dek? Michal Hor\u00e1\u010dek. N\u011bkolik v\u011bc\u00ed najednou, jako obvykle, ale nejv\u011bt\u0161\u00ed d\u016fraz skladu na to, abych dokon\u010dil studium d\u011bjin um\u011bn\u00ed na \u00fastavu pro d\u011bjiny um\u011bn\u00ed Filozofick\u00e9 fakulty Univerzity Karlovy. Jsem r\u00e1d, \u017ee m\u011b tam v\u016fbec vzali. Tam se hl\u00e1s\u00ed stra\u0161n\u011b moc lid\u00ed, j\u00e1 beru tak 10 %. A spoustu lid\u00ed si myslelo v rodin\u011b, \u017ee chci jen dok\u00e1zat, \u017ee m\u011b tam vymou, \u017ee to bude to ono. Ne, tak vzali m\u011b tam a pak skute\u010dn\u011b jsem vytrval. A mnohokr\u00e1t jsem p\u0159ipomn\u011bl, r\u00e1d to \u0159eknu znovu, proto\u017ee r\u00e1d bud\u00edm z\u00e1vist, \u017ee beru teda nejen starovn\u00ed d\u016fchod, ale tak\u00e9 prosp\u011bchov\u00e9 stipendium. A tato zvl\u00e1\u0161tn\u00ed kombinace vyvol\u00e1v\u00e1 velikou nevoliu n\u011bkter\u00fdch lid\u00ed. Ten Hor\u00e1\u010dek si zase um\u011bl za\u0159\u00eddit. A te\u010f prvn\u00ed t\u00fdden z\u00e1\u0159\u00ed budu d\u011blat st\u00e1tnice. U\u017e jsem odevzdal svou z\u00e1v\u011bre\u010dnou pr\u00e1ci. A bylo to kr\u00e1sn\u00e9 \u010dty\u0159i roky, kter\u00e9 jsem tam ztr\u00e1vil. Jestli to bude je\u0161t\u011b dal\u0161\u00ed, nev\u00edm v t\u00e9hle chv\u00edli. Je to l\u00e1kav\u00e9, ale zase na druh\u00e9 stran\u011b. J\u00e1 bych je\u0161t\u011b pot\u0159eboval napsat spoustu v\u011bc\u00ed. J\u00e1 je\u0161t\u011b m\u00e1m spoustu co \u0159\u00edct. Co pot\u0159eboval jste je\u0161t\u011b napsat? To je v\u011bdeck\u00e1 discipl\u00edna. Ano, je to spole\u010densk\u00e1 v\u011bda, ale v\u011bdeck\u00e1 d\u011bjny um\u011bn\u00ed. A to pou\u017e\u00edv\u00e1te \u00fapln\u011b jinou \u010d\u00e1st mozku, ne\u017e na tvorbu. A mn\u011b u\u017e to chyb\u00ed. Spoustu v\u011bc\u00ed, kter\u00e9 chci \u0159\u00edct. Tak ur\u010dit\u011b se vr\u00e1t\u00edm k p\u00edsn\u00edm. Ale, co je naprosto sou\u010dasn\u00e9, je to, \u017ee s Michalem Koc\u00e1bem jsme za\u010dali ps\u00e1t operu. To jsme si \u0159\u00edkali u\u017e 25 a 20 let, \u017ee to jednou mus\u00edme ud\u011blat. U\u017e jsme spolu ud\u011blali na takov\u00e9m velk\u00e9m projektu, kter\u00fd jsem jmenoval Odyseu s koncem 80. let. Mo\u017en\u00e1, \u017ee to v tom 86. se u\u017e tak zhruba nat\u00e1\u010delo. Nebo p\u0159ipravovalo. J\u00e1 jsem toho teda ur\u010dit\u011b p\u0159ipravoval, proto\u017ee on teda \u0159\u00edkal, \u017ee bude r\u00e1d, kdy\u017e tam nap\u00ed\u0161u ty slova, ale \u017ee to mus\u00ed b\u00fdt staro\u0159eck\u00e9. J\u00e1 jsem toho Odysa na\u0161la a\u017e kolem 88. No, ale p\u0159ipravovalo se to ur\u010dit\u011b. Bylo to stra\u0161n\u011b slo\u017eit\u00fd. A je to kr\u00e1sn\u00fd. A vlastn\u011b jsme se i na to cht\u011bli vzpomenout a posunout se je\u0161t\u011b n\u011bkam d\u00e1l. Tak\u017ee to bude ur\u010dit\u011b opera, kter\u00e1 se bude jmenovat Vyhn\u00e1n\u00ed \u010e\u00e1bl\u016f z Areca, proto\u017ee Vyhn\u00e1n\u00ed \u010e\u00e1bl\u016f z Areca je fresca Giotta di Bondone, kter\u00e1 je prost\u011b fas\u00edzi. A ten ten impuls byl tak jako silnej, \u017ee to skute\u010dn\u011b se d\u00e1 rozvinout a\u017e do cel\u00e9ho p\u0159\u00edb\u011bhu. A v\u00edc v\u00e1m o tom zat\u00edm \u0159\u00edkat nebudu. Kdo v\u00ed, jestli to v\u016fbec dok\u00e1\u017eeme dokon\u010dit, je to fakt t\u011b\u017ek\u00fd. Ale jo, sch\u00e1z\u00edme se na to a opracujeme na to. J\u00e1 dr\u017e\u00edm palce, a\u0165 to v\u0161echno vyjde, a\u0165 to dot\u00e1hnete. A d\u011bkuju v\u00e1m moc za n\u00e1v\u0161t\u011bvu v po\u0159adu Mlad\u00fd sv\u011bt. D\u011bkuju za p\u0159\u00e1n\u00ed i za pozv\u00e1n\u00ed. A na v\u00e1s se t\u011b\u0161\u00edm zase za t\u00fdden u dal\u0161\u00edho d\u00edlu po\u0159adu Mlad\u00fd sv\u011bt tady na televizi A11. Dobr\u00fd ve\u010der.","nbla_serie":"1044","nbla_season":"2023","nbla_episode":"1","nbla_duration":"1407.12","nbla_genre":"3.5","nbla_editorial_format":"2.1.5","nbla_mtime":"1695296975","nbla_url":"https:\/\/origin.a11.cz\/vod\/56gi5jlyf2kzbkrvime9z7bc9.mp4","nbla_version":"1695296974","nbla_odvysilano":"Ano","bunny_id":"7e946e43-7530-4af6-8449-762fcc562aba","youtube_id":"","datum_vydani":"20230921","stopaz":"1407.12","dokument":[],"video_to":[]},"_links":{"self":[{"href":"https:\/\/tv.a11.cz\/api\/wp\/v2\/video\/10681","targetHints":{"allow":["GET"]}}],"collection":[{"href":"https:\/\/tv.a11.cz\/api\/wp\/v2\/video"}],"about":[{"href":"https:\/\/tv.a11.cz\/api\/wp\/v2\/types\/video"}],"author":[{"embeddable":true,"href":"https:\/\/tv.a11.cz\/api\/wp\/v2\/users\/8"}],"wp:featuredmedia":[{"embeddable":true,"href":"https:\/\/tv.a11.cz\/api\/wp\/v2\/media\/11116"}],"wp:attachment":[{"href":"https:\/\/tv.a11.cz\/api\/wp\/v2\/media?parent=10681"}],"wp:term":[{"taxonomy":"category","embeddable":true,"href":"https:\/\/tv.a11.cz\/api\/wp\/v2\/categories?post=10681"},{"taxonomy":"porad","embeddable":true,"href":"https:\/\/tv.a11.cz\/api\/wp\/v2\/porad?post=10681"},{"taxonomy":"region","embeddable":true,"href":"https:\/\/tv.a11.cz\/api\/wp\/v2\/region?post=10681"},{"taxonomy":"kategorie","embeddable":true,"href":"https:\/\/tv.a11.cz\/api\/wp\/v2\/kategorie?post=10681"}],"curies":[{"name":"wp","href":"https:\/\/api.w.org\/{rel}","templated":true}]}}