{"id":10611,"date":"2023-09-20T15:03:05","date_gmt":"2023-09-20T13:03:05","guid":{"rendered":"https:\/\/tv.a11.cz\/?post_type=video&#038;p=10611"},"modified":"2023-09-21T10:35:41","modified_gmt":"2023-09-21T08:35:41","slug":"pri-prilezitosti-vyroci-90-let-fotbalu-v-bojkovicich-se-utkaly-legendy","status":"publish","type":"video","link":"https:\/\/tv.a11.cz\/video\/pri-prilezitosti-vyroci-90-let-fotbalu-v-bojkovicich-se-utkaly-legendy\/","title":{"rendered":"P\u0159i p\u0159\u00edle\u017eitosti v\u00fdro\u010d\u00ed 90 let fotbalu v Bojkovic\u00edch se utkaly legendy"},"content":{"rendered":"","protected":false},"excerpt":{"rendered":"<p>Devades\u00e1tilet\u00e9 v\u00fdro\u010d\u00ed sportovn\u00edho klubu Slov\u00e1ck\u00e9 Viktorie Bojkovice bylo dobrou p\u0159\u00edle\u017eitost\u00ed uspo\u0159\u00e1dat exhibi\u010dn\u00ed utk\u00e1n\u00ed. Na Moravu zav\u00edtali b\u00fdval\u00e9 opory ligov\u00fdch t\u00fdm\u016f \u010di reprezentace.<\/p>\n","protected":false},"author":8,"featured_media":10655,"template":"","categories":[17,28,184,157],"porad":[],"region":[87,64],"kategorie":[],"class_list":["post-10611","video","type-video","status-publish","has-post-thumbnail","hentry","category-domaci","category-sport","category-z-regionu","category-zpravy","region-hradistsko","region-zlinsky-kraj"],"acf":[],"meta_box":{"nbla_idec":"N2307476","nbla_title":"P\u0159i p\u0159\u00edle\u017eitosti v\u00fdro\u010d\u00ed 90 let fotbalu v Bojkovic\u00edch se utkaly legendy","nbla_subtitle":"","nbla_summary":"","nbla_description":"","nbla_transcription":"90. let\u00e9 v\u00fdro\u010d\u00ed sportovn\u00edho klubu Slov\u00e1ck\u00e9 Viktorie Bojkovice bylo dobrou p\u0159\u00edle\u017eitost\u00ed uspo\u0159\u00e1dat exhibi\u010dn\u00ed utk\u00e1n\u00ed proti Sigi t\u00fdmu. Na Moravu zav\u00eddali b\u00fdval\u00e9 opory ligov\u00fdch t\u00fdm\u016f \u010di reprezentace Petr \u0160vancara, Tom\u00e1\u0161 H\u0159ebka, Franti\u0161ek Straka a samoz\u0159ejm\u011b kapit\u00e1n Horst Siegl. Sv\u00e9 s\u00edly zm\u011b\u0159ili s legend\u00e1rn\u00edm t\u00fdmem Bojkovic. Tribuny praskali ve \u0161vech a je\u0161t\u011b d\u0159\u00edve ne\u017e tleskali g\u00f3l\u016fm, vzdali hol k b\u00fdval\u00fdm tren\u00e9r\u016fm a funkcion\u00e1\u0159\u016fm bojkovick\u00e9ho fotbalu. Co se t\u00fdk\u00e1 historie, tak\u017ee jsme vydali tady tuto knihu 90. letem a tam je zhnut\u00e1 ve\u0161ker\u00e1 historie 90. let fotbalu a\u017e do dne\u0161n\u00ed doby. Tato kniha je i v prodeji dnes tady na st\u00e1nku. V sou\u010dasn\u00e9 dob\u011b m\u00e1 Slov\u00e1ck\u00e1 Viktoria zastoupen\u00ed ve v\u0161ech ml\u00e1de\u017enick\u00fdch kategori\u00edch, za kter\u00e9 nastupuje zhruba 150 d\u011bt\u00ed. Ml\u00e1de\u017enick\u00e9 t\u00fdmy Bojkovic hr\u00e1vaj\u00ed pravideln\u011b na \u0161pici krajsk\u00e9ho p\u0159eboru. N\u011bkter\u00e9 z d\u011bt\u00ed, kter\u00e9 se dnes hon\u00ed za m\u00ed\u010dem na bojkovick\u00e9m tr\u00e1vn\u00edku mo\u017en\u00e1 jednou nakouknou i do lidi, podobn\u011b jako akt\u00e9\u0159i exhibi\u010dn\u00edho \u00fatk\u00e1n\u00ed mezi dom\u00e1c\u00edmi legendami a SIGI t\u00fdmem. Dne\u0161n\u00ed exhibice 90 let tady v Bojkovic\u00edch. Co od toho \u010dekat? Samoz\u0159ejm\u011b v\u00edt\u011bzstv\u00ed, proto\u017ee je to n\u00e1\u0161 asi 40. z\u00e1pas a j\u00e1 v\u011bt\u0161inou ty z\u00e1pasy moderuju, proto\u017ee poj\u010fme si \u0159\u00edct, ty sta\u0159\u00ed p\u00e1ni, kdy\u017e to hrajou, tak je to takov\u00fd pomalej\u0161\u00ed a j\u00e1 se sna\u017e\u00edm do toho n\u011bjak vtipn\u011b glosovat. Tak\u017ee moje rola je sp\u00ed\u0161 ano, pomoct i fotbalem, ale hodn\u011b kolem toho ud\u011blat takovou tu show, aby se dneska v\u0161ichni bavili, aby jsme vlastn\u011b d\u016fstojn\u011b i t\u00edmhle exhibi\u010dn\u00edm z\u00e1pasem poslavili tohle kr\u00e1sn\u00e9 v\u00fdro\u010d\u00ed, kter\u00fd tenhle fotbalov\u00fd klub m\u00e1. Tak\u017ee j\u00e1 od toho \u010dek\u00e1m, abych to zkr\u00e1til, hlavn\u011b to, \u017ee se lidi budou bavit a \u017ee se tady prost\u011b to odpoledne v\u0161ichni spole\u010dn\u011b dob\u0159e u\u017eijeme. V exhibi\u010dn\u00edm kl\u00e1n\u00ed rozhodn\u011b ne\u0161lo o v\u00fdsledek. Zapln\u011bn\u00e9 tribuny bojkovick\u00e9ho fotbalov\u00e9ho stadionu se skv\u011ble bavili technick\u00fdmi finesami a kr\u00e1sn\u00fdmi brankami. Na 90. narozeniny slov\u00e1ck\u00e9 viktorie se tak asi je\u0161t\u011b dlouho nezapomene.","nbla_serie":"","nbla_season":"","nbla_episode":"","nbla_duration":"119.28","nbla_genre":"","nbla_editorial_format":"","nbla_mtime":"1695214215","nbla_url":"https:\/\/origin.a11.cz\/vod\/268fi3f3lx9d2ty4kgoxyf7gi.mp4","nbla_version":"1695214215","nbla_odvysilano":"Ano","bunny_id":"75b92a4e-292a-4d0d-9f6f-737a3ce3048c","youtube_id":"","datum_vydani":"20230920","stopaz":"119.28","dokument":[],"video_to":["10656"]},"_links":{"self":[{"href":"https:\/\/tv.a11.cz\/api\/wp\/v2\/video\/10611","targetHints":{"allow":["GET"]}}],"collection":[{"href":"https:\/\/tv.a11.cz\/api\/wp\/v2\/video"}],"about":[{"href":"https:\/\/tv.a11.cz\/api\/wp\/v2\/types\/video"}],"author":[{"embeddable":true,"href":"https:\/\/tv.a11.cz\/api\/wp\/v2\/users\/8"}],"wp:featuredmedia":[{"embeddable":true,"href":"https:\/\/tv.a11.cz\/api\/wp\/v2\/media\/10655"}],"wp:attachment":[{"href":"https:\/\/tv.a11.cz\/api\/wp\/v2\/media?parent=10611"}],"wp:term":[{"taxonomy":"category","embeddable":true,"href":"https:\/\/tv.a11.cz\/api\/wp\/v2\/categories?post=10611"},{"taxonomy":"porad","embeddable":true,"href":"https:\/\/tv.a11.cz\/api\/wp\/v2\/porad?post=10611"},{"taxonomy":"region","embeddable":true,"href":"https:\/\/tv.a11.cz\/api\/wp\/v2\/region?post=10611"},{"taxonomy":"kategorie","embeddable":true,"href":"https:\/\/tv.a11.cz\/api\/wp\/v2\/kategorie?post=10611"}],"curies":[{"name":"wp","href":"https:\/\/api.w.org\/{rel}","templated":true}]}}