{"id":10603,"date":"2023-09-21T14:53:37","date_gmt":"2023-09-21T12:53:37","guid":{"rendered":"https:\/\/tv.a11.cz\/?post_type=video&#038;p=10603"},"modified":"2023-09-21T19:56:43","modified_gmt":"2023-09-21T17:56:43","slug":"fakultni-nemocnice-olomouc-otevrela-novy-pavilon-pro-nekolik-oboru","status":"publish","type":"video","link":"https:\/\/tv.a11.cz\/video\/fakultni-nemocnice-olomouc-otevrela-novy-pavilon-pro-nekolik-oboru\/","title":{"rendered":"Fakultn\u00ed nemocnice Olomouc otev\u0159ela nov\u00fd pavilon"},"content":{"rendered":"","protected":false},"excerpt":{"rendered":"<p>V Olomouck\u00e9 fakultn\u00ed nemocnici otev\u0159eli dal\u0161\u00ed nov\u00fd pavilon. G\u00e9\u010dko vyrostlo v severoz\u00e1padn\u00edm c\u00edpu are\u00e1lu. Pacienti v t\u0159\u00ed patrov\u00e9 budov\u011b najdou pracovi\u0161t\u011b n\u011bkolika klinik. <\/p>\n","protected":false},"author":8,"featured_media":10700,"template":"","categories":[17,154,157],"porad":[],"region":[106,59],"kategorie":[],"class_list":["post-10603","video","type-video","status-publish","has-post-thumbnail","hentry","category-domaci","category-zdravotnictvi","category-zpravy","region-olomoucko","region-olomoucky-kraj"],"acf":[],"meta_box":{"nbla_idec":"N2306345","nbla_title":"Fakultn\u00ed nemocnice Olomouc otev\u0159ela nov\u00fd pavilon pro n\u011bkolik obor\u016f","nbla_subtitle":"","nbla_summary":"","nbla_description":"","nbla_transcription":"V Olomouck\u00e9 fakultn\u00ed nemocnici otev\u0159eli dal\u0161\u00ed nov\u00fd pavilon. G-\u010dko vyrostlo v severoz\u00e1padn\u00edm c\u00edpu are\u00e1lu. T\u0159\u00edpodla\u017en\u00ed budova nen\u00ed \u0161it\u00e1 na m\u00edru dan\u00e9mu oboru, jak tomu bylo u novostaveb s\u00eddel interny \u010di hematoonkologie. Pacienti v n\u00ed najdou pracovi\u0161t\u011b n\u011bkolika klinik. Tato budova vznikla z pot\u0159eby p\u0159\u00edpravy strategick\u00fdch investic a vyst\u011bhov\u00e1n\u00ed v\u0161ech zdravotnick\u00fdch a nezdravotnick\u00fdch provoz\u016f, hlavn\u011b z budovy Franz Josefa. Se st\u00e1v\u00e1 domovem kompletn\u00ed odd\u011blen\u00ed alergologie, je zde i preventivn\u00ed onkologie, kter\u00e1 nem\u011bla dostatek prostoru ve st\u00e1vaj\u00edc\u00ed budov\u011b onkologick\u00e9 kliniky a je zde i ambulance infek\u010dn\u00edho l\u00e9ka\u0159stv\u00ed, kterou jsme zde pl\u00e1novali dlouhodob\u011b a nem\u00e1me ji kam n\u00e1m um\u00edstit. Fakultn\u00ed nemocnice Olomouck\u00e9 byla jedin\u00e1 fakultn\u00ed nemocnice, kter\u00e1 nem\u011bla infek\u010dn\u00ed odd\u011blen\u00ed, tak\u017ee my jsme stra\u0161n\u011b p\u0159iv\u00edtali, \u017ee to odd\u011blen\u00ed se tady vlastn\u011b vybudovalo. K n\u00e1m p\u0159ich\u00e1zej\u00ed pacienti, kte\u0159\u00ed jsou odl\u00e9\u010deni a nejsou infek\u010dn\u00ed. Pacienti na infek\u010dn\u00ed ambulanci tady maj\u00ed samostatn\u00fd vchod, to znamen\u00e1, \u017ee pacient p\u0159ijde, nemus\u00ed b\u00fdt hospitalizov\u00e1n, vykape se mu antibiotick\u00e1 k\u016fra a odch\u00e1z\u00ed dom\u016f. V P\u0159\u00edzem\u00ed m\u00e1 je\u0161t\u011b t\u0159i ordinace onkologick\u00e1 klinika. Cel\u00e9 druh\u00e9 podla\u017e\u00ed zabralo odd\u011blen\u00ed alergologie a klinick\u00e9 immunologie, kter\u00e9 se tam kompletn\u011b p\u0159esunulo z nevyhovuj\u00edc\u00ed budovy F. M\u00e1me i vyvolovac\u00ed syst\u00e9m, s kter\u00fdm jsme za\u010dali pracovat. Tak\u017ee pacient p\u0159ijde, zoberuje si \u010d\u00eds\u00edlko, po\u010dk\u00e1 na vyvol\u00e1n\u00ed a jde d\u00e1l, postupuje k evidenci, tak\u017ee takto asi vyzer\u00e1 u n\u00e1s evidenc\u00edra. Je to kr\u00e1sn\u00e9 tady, no. V\u0161etko m\u00e1 svoje k\u016fzlo. M\u00e1me nov\u00fd nabitok, nov\u00e9 p\u011bstory, ale za m\u011b, m\u016f\u017eem pov\u011bdat takto, \u017ee srdcom jsem je\u0161t\u011b v star\u00e9 budovi, proto\u017ee jsem tam pracovala v\u00edce jako 30 rokov. Ve t\u0159et\u00edm podla\u017e\u00ed vznikly eduka\u010dn\u00ed a administrativn\u00ed m\u00edstnosti a kancel\u00e1\u0159 nemocni\u010dn\u00edho ombudsmana. Na st\u0159e\u0161e je um\u00edst\u011bna fotovoltaick\u00e1 elektr\u00e1rna. N\u00e1klady dos\u00e1hly bezm\u00e1la 200 milion\u016f korun. Budovu se poda\u0159ilo postavit v rekordn\u011b kr\u00e1tk\u00e9m \u010dase, za pouh\u00fdch 12 m\u011bs\u00edc\u016f, i d\u00edky re\u017eimu Design&amp;Build. Opravdu v jednom partnerovi m\u00e1me jak projektanta, tak zlotovitele, to znamen\u00e1, \u017ee je autorem jak n\u00e1vrh\u016f stavby, tak konkr\u00e9tn\u00edch dispozi\u010dn\u00edch \u0159e\u0161en\u00ed, v\u010detn\u011b t\u00e9 realizace. Stavebn\u00ed ruch t\u00edm ale ve fakultn\u00ed nemocnici rozhodn\u011b nekon\u010d\u00ed. V p\u0159\u00ed\u0161t\u00edm roce by m\u011bla za\u010d\u00edt v\u00fdstavba modern\u00edho superpavilonu, kter\u00fd vyroste na m\u00edst\u011b ned\u00e1vno zdemolovan\u00e9 nejstar\u0161\u00ed budovy, zvan\u00e9 Franz Josef.","nbla_serie":"","nbla_season":"","nbla_episode":"","nbla_duration":"153.92","nbla_genre":"","nbla_editorial_format":"","nbla_mtime":"1695214040","nbla_url":"https:\/\/origin.a11.cz\/vod\/8m18ryoki27yjw2xb7khl8pls.mp4","nbla_version":"1695214040","nbla_odvysilano":"Ano","bunny_id":"5bcb5e94-4acd-49ae-89e1-c20adaa1a6ff","youtube_id":"","datum_vydani":"20230920","stopaz":"153.92","dokument":[],"video_to":["10701"]},"_links":{"self":[{"href":"https:\/\/tv.a11.cz\/api\/wp\/v2\/video\/10603","targetHints":{"allow":["GET"]}}],"collection":[{"href":"https:\/\/tv.a11.cz\/api\/wp\/v2\/video"}],"about":[{"href":"https:\/\/tv.a11.cz\/api\/wp\/v2\/types\/video"}],"author":[{"embeddable":true,"href":"https:\/\/tv.a11.cz\/api\/wp\/v2\/users\/8"}],"wp:featuredmedia":[{"embeddable":true,"href":"https:\/\/tv.a11.cz\/api\/wp\/v2\/media\/10700"}],"wp:attachment":[{"href":"https:\/\/tv.a11.cz\/api\/wp\/v2\/media?parent=10603"}],"wp:term":[{"taxonomy":"category","embeddable":true,"href":"https:\/\/tv.a11.cz\/api\/wp\/v2\/categories?post=10603"},{"taxonomy":"porad","embeddable":true,"href":"https:\/\/tv.a11.cz\/api\/wp\/v2\/porad?post=10603"},{"taxonomy":"region","embeddable":true,"href":"https:\/\/tv.a11.cz\/api\/wp\/v2\/region?post=10603"},{"taxonomy":"kategorie","embeddable":true,"href":"https:\/\/tv.a11.cz\/api\/wp\/v2\/kategorie?post=10603"}],"curies":[{"name":"wp","href":"https:\/\/api.w.org\/{rel}","templated":true}]}}