{"id":10599,"date":"2023-09-21T14:48:22","date_gmt":"2023-09-21T12:48:22","guid":{"rendered":"https:\/\/tv.a11.cz\/?post_type=video&#038;p=10599"},"modified":"2023-09-21T19:40:30","modified_gmt":"2023-09-21T17:40:30","slug":"potapeci-z-velesina-vycistili-vodni-nadrz-rimov","status":"publish","type":"video","link":"https:\/\/tv.a11.cz\/video\/potapeci-z-velesina-vycistili-vodni-nadrz-rimov\/","title":{"rendered":"Pot\u00e1p\u011b\u010di z Vele\u0161\u00edna vy\u010distili vodn\u00ed n\u00e1dr\u017e \u0158\u00edmov"},"content":{"rendered":"","protected":false},"excerpt":{"rendered":"<p>Na vodn\u00ed n\u00e1dr\u017ei \u0158\u00edmov za\u010dal tradi\u010dn\u00ed podzimn\u00ed \u00faklid v r\u00e1mci celorepublikov\u00e9 akce Uklid\u00edme sv\u011bt. \u010clenov\u00e9 klubu sportovn\u00edch pot\u00e1p\u011b\u010d\u016f se dali do pr\u00e1ce v sobotu 16. z\u00e1\u0159\u00ed. <\/p>\n","protected":false},"author":8,"featured_media":10692,"template":"","categories":[17,223,157],"porad":[],"region":[86,64],"kategorie":[],"class_list":["post-10599","video","type-video","status-publish","has-post-thumbnail","hentry","category-domaci","category-ekologie","category-zpravy","region-vsetinsko","region-zlinsky-kraj"],"acf":[],"meta_box":{"nbla_idec":"N2305075","nbla_title":"Pot\u00e1p\u011b\u010di z Vele\u0161\u00edna vy\u010distili vodn\u00ed n\u00e1dr\u017e \u0158\u00edmov","nbla_subtitle":"","nbla_summary":"","nbla_description":"","nbla_transcription":"Na vodn\u00ed n\u00e1dr\u017ei H\u0159\u00edmov za\u010dal tradi\u010dn\u00ed podzimn\u00ed \u00faklid v r\u00e1mci celorepublikov\u00e9 akce Uklidjme sv\u011bt. \u010clenov\u00e9 klubu sportovn\u00edch pot\u00e1p\u011b\u010d\u016f Kalmar-Velesin se dali do pr\u00e1ce v sobotu 16. z\u00e1\u0159\u00ed. Za pomoc\u00ed motorov\u00e9ho \u010dlunu a bydla s h\u00e1kem se pustili do \u010di\u0161t\u011bn\u00ed b\u0159eh\u016f a hladiny H\u0159\u00edmova. Nalod\u00edme se na \u010dlun a obj\u00ed\u017ed\u00edme postupn\u011b celou p\u0159ehradu a sb\u00edr\u00e1me ne\u010distoty. To jsou plasty, fla\u0161ky, plechovky, gumy od aut a v\u0161echno tohleto. V jak\u00e9m stavu ta p\u0159ehrada b\u00fdv\u00e1? Je to hodn\u011b zne\u010di\u0161t\u011bn\u00e9? Kdy\u017e jsme za\u010dali, bylo to hodn\u011b zne\u010di\u0161t\u011bn\u00e9, to se odv\u00e1\u017eilo v pytl\u00edch na moldyk\u00e1\u0159e, te\u010f u\u017e je to mnohem lep\u0161\u00ed. Za t\u00e9m\u011b\u0159 10 let, kdy se vodn\u00ed n\u00e1dr\u017e jednou do roka \u010dist\u00ed, pot\u00e1p\u011b\u010di vyt\u00e1hli schr\u00e1n\u011bn\u00e9 vodn\u00ed plochy, t\u0159eba star\u00fd bicykl, pneumatiky nebo sou\u010d\u00e1stky do auta. Ponory jsou tu kv\u016fli ochran\u00e9mu p\u00e1smu pouze v\u00fdjime\u010dnou z\u00e1le\u017eitost\u00ed a pro \u010dleny KSP Kalmar-Velesin jsou dobrou p\u0159\u00edle\u017eitost\u00ed k v\u00fdcviku pod vodou. Za\u010dalo to, \u017ee jsme se za\u010dali pot\u00e1p\u011bt tady u\u017e pod \u0158\u00edmovskou p\u0159ehradou v v\u00fdvaru. A to \u010din\u00edme jako ka\u017edej rok o V\u00e1noc\u00edch, V\u00e1no\u010dn\u00ed ponor, tomu \u0159\u00edk\u00e1me. A m\u011bli jsme tady i bud\u011bjsk\u00e9 pot\u00e1p\u011b\u010de ze sv\u016fj ur\u010ditej z\u00e1kladen a l\u00edbilo se jim to a ob\u010das n\u00e1s taky nav\u0161t\u00edv\u00ed. T\u0159i metry jsou \u010dist\u00e9, pak je takov\u00fd kal, je to sinice a pod tou sinic\u00ed je zase \u010dist\u00e1 voda, ale tam u\u017e nen\u00ed vid\u011bt, proto\u017ee tam neprostoup\u00ed slune\u010dn\u00ed sv\u011btlo. Tak\u017ee d\u00e1 se \u0159\u00edct, \u017ee ta kvalita vody je dobr\u00e1. Vodn\u00ed n\u00e1dr\u017e byla vybudovan\u00e1 p\u0159ev\u00e1\u017en\u011b jako zdroj pitn\u00e9 vody pro \u010cesk\u00e9 Bud\u011bjovice a okol\u00ed v letech 1971 a\u017e 1978. Slediska objemu a odeb\u00edran\u00e9ho mno\u017estv\u00ed vody jde o nejv\u011bt\u0161\u00ed vod\u00e1renskou n\u00e1dr\u017e v Ji\u017en\u00edch \u010cech\u00e1ch. Celkov\u00fd objem n\u00e1dr\u017ee je 33,8 milion\u016f kub\u00edku vody.","nbla_serie":"","nbla_season":"","nbla_episode":"","nbla_duration":"134.8","nbla_genre":"","nbla_editorial_format":"","nbla_mtime":"1695213152","nbla_url":"https:\/\/origin.a11.cz\/vod\/aoeliz9bpzi9g3bddf3xufjg0.mp4","nbla_version":"1695213152","nbla_odvysilano":"Ano","bunny_id":"4b99840c-2ad2-4369-8fc8-dbbbb66b4292","youtube_id":"","datum_vydani":"20230920","stopaz":"134.8","dokument":[],"video_to":["10693"]},"_links":{"self":[{"href":"https:\/\/tv.a11.cz\/api\/wp\/v2\/video\/10599","targetHints":{"allow":["GET"]}}],"collection":[{"href":"https:\/\/tv.a11.cz\/api\/wp\/v2\/video"}],"about":[{"href":"https:\/\/tv.a11.cz\/api\/wp\/v2\/types\/video"}],"author":[{"embeddable":true,"href":"https:\/\/tv.a11.cz\/api\/wp\/v2\/users\/8"}],"wp:featuredmedia":[{"embeddable":true,"href":"https:\/\/tv.a11.cz\/api\/wp\/v2\/media\/10692"}],"wp:attachment":[{"href":"https:\/\/tv.a11.cz\/api\/wp\/v2\/media?parent=10599"}],"wp:term":[{"taxonomy":"category","embeddable":true,"href":"https:\/\/tv.a11.cz\/api\/wp\/v2\/categories?post=10599"},{"taxonomy":"porad","embeddable":true,"href":"https:\/\/tv.a11.cz\/api\/wp\/v2\/porad?post=10599"},{"taxonomy":"region","embeddable":true,"href":"https:\/\/tv.a11.cz\/api\/wp\/v2\/region?post=10599"},{"taxonomy":"kategorie","embeddable":true,"href":"https:\/\/tv.a11.cz\/api\/wp\/v2\/kategorie?post=10599"}],"curies":[{"name":"wp","href":"https:\/\/api.w.org\/{rel}","templated":true}]}}