{"id":10567,"date":"2023-09-20T12:12:24","date_gmt":"2023-09-20T10:12:24","guid":{"rendered":"https:\/\/tv.a11.cz\/?post_type=video&#038;p=10567"},"modified":"2023-09-21T11:57:26","modified_gmt":"2023-09-21T09:57:26","slug":"motyli-dalnice-lakaji-vzacne-druhy","status":"publish","type":"video","link":"https:\/\/tv.a11.cz\/video\/motyli-dalnice-lakaji-vzacne-druhy\/","title":{"rendered":"Mot\u00fdl\u00ed d\u00e1lnice l\u00e1kaj\u00ed vz\u00e1cn\u00e9 druhy"},"content":{"rendered":"","protected":false},"excerpt":{"rendered":"<p>Pr\u016fseky elektrick\u00e9ho veden\u00ed jsou vn\u00edm\u00e1ny jako nutn\u00e9 zlo. Stromy a ke\u0159e, kter\u00e9 zde rostou p\u0159irozen\u011b, jsou zdrojem probl\u00e9m\u016f pro provozovatele p\u0159enosov\u00e9 s\u00edt\u011b, proto\u017ee jejich r\u016fstem vznik\u00e1 vysok\u00e9 riziko po\u017e\u00e1ru \u010di dokonce poran\u011bn\u00ed.<\/p>\n","protected":false},"author":8,"featured_media":10672,"template":"","categories":[17,223,157],"porad":[],"region":[218],"kategorie":[],"class_list":["post-10567","video","type-video","status-publish","has-post-thumbnail","hentry","category-domaci","category-ekologie","category-zpravy","region-cela-cr"],"acf":[],"meta_box":{"nbla_idec":"N2321011","nbla_title":"Mot\u00fdl\u00ed d\u00e1lnice l\u00e1kaj\u00ed vz\u00e1cn\u00e9 druhy","nbla_subtitle":"","nbla_summary":"","nbla_description":"","nbla_transcription":"Pr\u016fseky elektrick\u00e9ho veden\u00ed jsou vn\u00edm\u00e1ny jako nutn\u00e9 zlo. Stromy a ke\u0159e, kter\u00e9 zde rostou p\u0159irozen\u011b, jsou zdrujem probl\u00e9m\u016f pro provozovatele p\u0159enosov\u00e9 s\u00edt\u011b, proto\u017ee jejich r\u016fstem vznik\u00e1 vysok\u00e9 riziko po\u017e\u00e1ru \u010di dokonce poran\u011bn\u00ed. Je tedy nutn\u00e9 tyto prosty pravideln\u011b prosek\u00e1vat, aby nezasahovali do veden\u00ed. Z tohoto d\u016fvodu provozovatele distribu\u010dn\u00edch a p\u0159enosov\u00fdch soustav prov\u00e1d\u00ed pr\u016fseky v ochrann\u00fdch p\u00e1smech veden\u00ed, kdy se d\u0159evn\u00ed hmota bu\u010f to \u0161t\u011bpkuje, anebo se nech\u00e1v\u00e1 le\u017eet. Existuje je\u0161t\u011b jeden zp\u016fsob, kdy se d\u0159evn\u00ed hmota vyfr\u00e9zuje v cel\u00e9m pr\u016fseku, v\u010detn\u011b povrchu p\u016fdy. Tepl\u00e1rna Kladno skupiny 7 se sna\u017e\u00ed ve spolupr\u00e1ci s docentem H\u016flou z Mendelov\u00fd univerzity v Brn\u011b a in\u017een\u00fdrem V\u00fdtou z odboru \u017eivotn\u00edho prost\u0159ed\u00ed magistr\u00e1t\u016f m\u011bsta Kladna vytvo\u0159it vhodn\u00fd biotop vhodn\u00e9 prost\u0159ed\u00ed pro ohro\u017een\u00e9 druhy rostlin, zv\u00ed\u0159at a hmyzu. S dlouhodob\u00fdm konceptem skupiny 7 Tepl\u00e1rny Kladno je spojit technick\u00e9 za\u0159\u00edzen\u00ed s p\u0159\u00edrodou. V koridorech vysekan\u00fdch tradi\u010dn\u00edm zp\u016fsobem se da\u0159\u00ed agresivn\u00edm a nep\u016fvodn\u00edm druh\u016fm a vytv\u00e1\u0159ej\u00ed se tak monokulturn\u00ed hust\u00e9 porosty n\u00e1let\u016f s minim\u00e1ln\u00ed biodiverzitou. Proto tak\u00e9 vznikla iniciativa mot\u00fdl\u00fdch d\u00e1lnic, p\u016fvodn\u011b ur\u010den\u00e1 pro koridory podel d\u00e1lni\u010dn\u00ed s\u00edt\u011b, ale tyto principy lze aplikovat i pro pr\u016fseky v ochran\u00e9m p\u00e1smu veden\u00ed. Je pot\u0159eba sem nejenom to sekat, jak jsme cht\u011bli, ale je pot\u0159eba dosit ty nov\u00fd druhy bylin. Ty p\u016fvodn\u00ed, kter\u00e9 vytla\u010duj\u00ed postupn\u011b ty invaz\u00edvn\u00ed byliny, kter\u00e9 byly um\u00edle p\u0159ita\u017een\u00e9 p\u016fvodn\u011b, jako v okresu na zahr\u00e1dku, \u017ee jo, p\u0159ed des\u00edtk\u00e9mestovka let. Ale s t\u00edm se to roz\u0161\u00ed\u0159ilo voln\u011b do p\u0159\u00edrody, te\u010f je to invaz\u00edvn\u00ed druh. A dosili jsme r\u016fzn\u00e9 druhy bylin a t\u00edm p\u00e1dem u\u017e se tady objavily nov\u00fd chr\u00e1n\u011bn\u00fd druhy, jako je to h\u0159e\u010dek brvit\u00fd. Nejen v z\u00e1cn\u00e9 byliny, ale vr\u00e1tily se i n\u011bkter\u00e9 p\u016fvodn\u00ed druhy mot\u00fdl\u016f, jako nap\u0159\u00edklad modr\u00e1sek \u010dernolim\u00ed nebo soumra\u010dn\u00edk z ko\u0159icov\u00ed, kter\u00e9 pat\u0159\u00ed k ohro\u017een\u00fdm druh\u016fm. N\u00edzk\u00fd nezapojen\u00fd tr\u00e1vn\u00edk s oslun\u011bn\u00fdmi ke\u0159i a dostatek nektaronocn\u00fdch rostlin, d\u00edky zem\u011bd\u011blsk\u00e9 a pr\u016fmyslov\u00e9 v\u00fdrob\u011b z voln\u00e9 p\u0159\u00edrody, miz\u00ed. A p\u00e9\u010de v\u011bnovan\u00e1 mot\u00fdlim d\u00e1lnic\u00edm vypad\u00e1 s po\u010d\u00e1tku n\u00e1ro\u010dn\u011bj\u0161\u00ed, ale s postupem let se v\u00fdrazn\u011b zjednodu\u0161uje. Je to n\u00e1ro\u010dn\u011bj\u0161\u00ed v tom, \u017ee mus\u00ed \u010dlov\u011bk v\u00edc sledovat d\u011bn\u00ed v t\u00e9 p\u0159\u00edrod\u011b, mus\u00ed sledovat kolob\u011bh, co, kdy, jak kvete. Mus\u00edme vyhodnotit v danej okam\u017eik, kterou bylinu chceme, tady nech\u00e1me, nech\u00e1me ji do kvec, tak\u017ee ji obsek\u00e1me. Prob\u011bhne ten nejv\u00edc cykl, \u017ee vykvete, vysemen\u00ed se a na t\u00e9 vedlej\u0161\u00ed plo\u0161e, kterou my jsme posekali, tam se vysemen\u00ed a tud\u00ed\u017e se n\u00e1m roz\u0161\u00ed\u0159\u00ed. Pr\u00e1ce ka\u017ed\u00fdm rokem de facto ub\u00fdv\u00e1. T\u00edm, jak se roz\u0161\u00ed\u0159uje ta pestrost t\u011bch bylin v t\u00e9 travin\u011b, tak se syk\u00e1 m\u00ed\u0148 a m\u00ed\u0148. Kone\u010dn\u00e1 men\u0161\u00ed n\u00e1ro\u010dnost udr\u017eby pr\u016fsek\u016f, zachov\u00e1n\u00ed vz\u00e1cn\u00fdch a ohro\u017een\u00fdch druh\u016f rozklin i \u017eivo\u010dich\u016f nejsou jedin\u00e9 benefity chytr\u00e9ho se\u010den\u00ed. Okulahod\u00edc\u00ed pohled na kr\u00e1sn\u011b rozkvetlou, barevnou a vonavou louku je doslova k nezaplacen\u00ed. Pro A11 Franti\u0161ek \u0160im\u00e1nek.","nbla_serie":"","nbla_season":"","nbla_episode":"","nbla_duration":"198.4","nbla_genre":"","nbla_editorial_format":"","nbla_mtime":"1695204472","nbla_url":"https:\/\/origin.a11.cz\/vod\/6almu5o6kzbnb5toqwu8xx8tm.mp4","nbla_version":"1695204471","nbla_odvysilano":"Ne","bunny_id":"74c18677-b0e7-44d5-b69b-958cb764200b","youtube_id":"","datum_vydani":"20230920","stopaz":"198.4","dokument":[],"video_to":["10673"]},"_links":{"self":[{"href":"https:\/\/tv.a11.cz\/api\/wp\/v2\/video\/10567","targetHints":{"allow":["GET"]}}],"collection":[{"href":"https:\/\/tv.a11.cz\/api\/wp\/v2\/video"}],"about":[{"href":"https:\/\/tv.a11.cz\/api\/wp\/v2\/types\/video"}],"author":[{"embeddable":true,"href":"https:\/\/tv.a11.cz\/api\/wp\/v2\/users\/8"}],"wp:featuredmedia":[{"embeddable":true,"href":"https:\/\/tv.a11.cz\/api\/wp\/v2\/media\/10672"}],"wp:attachment":[{"href":"https:\/\/tv.a11.cz\/api\/wp\/v2\/media?parent=10567"}],"wp:term":[{"taxonomy":"category","embeddable":true,"href":"https:\/\/tv.a11.cz\/api\/wp\/v2\/categories?post=10567"},{"taxonomy":"porad","embeddable":true,"href":"https:\/\/tv.a11.cz\/api\/wp\/v2\/porad?post=10567"},{"taxonomy":"region","embeddable":true,"href":"https:\/\/tv.a11.cz\/api\/wp\/v2\/region?post=10567"},{"taxonomy":"kategorie","embeddable":true,"href":"https:\/\/tv.a11.cz\/api\/wp\/v2\/kategorie?post=10567"}],"curies":[{"name":"wp","href":"https:\/\/api.w.org\/{rel}","templated":true}]}}