{"id":10547,"date":"2023-09-19T16:00:23","date_gmt":"2023-09-19T14:00:23","guid":{"rendered":"https:\/\/tv.a11.cz\/?post_type=video&#038;p=10547"},"modified":"2023-09-20T12:48:51","modified_gmt":"2023-09-20T10:48:51","slug":"vcelari-usporadali-medovy-den","status":"publish","type":"video","link":"https:\/\/tv.a11.cz\/video\/vcelari-usporadali-medovy-den\/","title":{"rendered":"V\u010dela\u0159i uspo\u0159\u00e1dali Medov\u00fd den"},"content":{"rendered":"","protected":false},"excerpt":{"rendered":"<p>N\u00e1dvo\u0159\u00ed z\u00e1mku \u017derot\u00edn\u016f von\u011blo v p\u00e1tek 8. z\u00e1\u0159\u00ed medem. \u010cesk\u00fd svaz v\u010dela\u0159\u016f, z\u00e1kladn\u00ed organizace Vala\u0161sk\u00e9 Mezi\u0159\u00ed\u010d\u00ed ve spolupr\u00e1ci s m\u011bstem uspo\u0159\u00e1dal ji\u017e tradi\u010dn\u00ed medov\u00fd den. <\/p>\n","protected":false},"author":8,"featured_media":10581,"template":"","categories":[17,157],"porad":[],"region":[86,64],"kategorie":[],"class_list":["post-10547","video","type-video","status-publish","has-post-thumbnail","hentry","category-domaci","category-zpravy","region-vsetinsko","region-zlinsky-kraj"],"acf":[],"meta_box":{"nbla_idec":"N2310231","nbla_title":"V\u010dela\u0159i uspo\u0159\u00e1dali Medov\u00fd den","nbla_subtitle":"","nbla_summary":"","nbla_description":"","nbla_transcription":"N\u00e1dvo\u0159\u00ed Mezi\u0159\u00edtsk\u00e9ho z\u00e1mku \u017derot\u00edn\u016f vonilo v p\u00e1tek 8. z\u00e1\u0159\u00ed medem. \u010cesk\u00fd svaz v\u010dela\u0159\u016f, z\u00e1kladn\u00ed organizace Vala\u0161sk\u00e9 Mezi\u0159\u00ed\u010d\u00ed ve spolupr\u00e1ci s m\u011bstem uspo\u0159\u00e1dal ji\u017e tradi\u010dn\u00ed medov\u00fd den. Prezentujeme se tady k medama, v\u00fdrobkama z medu, v\u010del\u00fdmi produkty jako takov\u00fdmi. M\u016f\u017eete tady naj\u00edt medovn\u00edky, medy propolisy, v\u00fdrobky z vosku. Dopoledn\u00ed \u010d\u00e1st programu pat\u0159ila p\u0159edev\u0161\u00edm d\u011btem z mate\u0159sk\u00fdch a z\u00e1kladn\u00edch \u0161kol. Organiz\u00e1to\u0159i pro n\u011b p\u0159ipravili uk\u00e1zky v\u010del\u00fdch p\u00e1t\u016f i ochutn\u00e1vky medov\u00fdch vzork\u016f. N\u011bkter\u00e1 m\u00edstn\u00ed organizace \u010cesk\u00e9ho svazu ochr\u00e1nc\u016f p\u0159\u00edrody nachystala sout\u011b\u017ee a poutav\u00e9 vypr\u00e1v\u011bn\u00ed o v\u010del\u00e1ch. Zahr\u00e1dk\u00e1\u0159i z Krhov\u00e9 p\u0159edv\u00e1d\u011bli mo\u0161tov\u00e1n\u00ed jabl\u00ed\u010dek a Franti\u0161ka Drdov\u00e1 s Anou \u017dlepkovou nab\u00edzeli nazdoben\u00e9 medov\u00e9 pern\u00ed\u010dky. Jak je to n\u00e1ro\u010dn\u00e9 vytvo\u0159it takov\u00e9 pern\u00edkov\u00e9 d\u00edlo? N\u00e1ro\u010dn\u00e9 to v\u0161em je ur\u010dit\u011b, proto\u017ee se to p\u00edle, pr\u00e1ci, \u010das, ale d\u011bl\u00e1me to r\u00e1di. Ka\u017edoro\u010dn\u011b je sou\u010d\u00e1st\u00ed medov\u00e9ho dne sout\u011b\u017e o nejlep\u0161\u00ed med. Odborn\u00e1 porota hodnotila chu\u0165, v\u016fn\u00ed i vzhled vzork\u016f. Leto\u0161n\u00ed rok byl pro v\u010dely a v\u016fbec pro med velice \u0161patn\u00fd, tak\u017ee m\u00e1me jen 11 vzork\u016f. Medy byly v\u00fdborn\u00e9, bylo velice t\u011b\u017ek\u00e9 vybrat ten, kter\u00fd vyhr\u00e1l. N\u00e1v\u0161t\u011bvn\u00edci medov\u00e9ho dne mohli ochutn\u00e1vat a hlasovat v cen\u011b ve\u0159ejnosti o nejchutn\u011bj\u0161\u00ed med. Nejv\u00edce hlas\u016f z\u00edskal Alois Rechtorovi\u010d z Vala\u0161sk\u00e9ho mezi\u0159\u00ed\u010d\u00ed. Mezi\u0159\u00ed\u010dt\u00ed v\u010dela\u0159i si ve spolupr\u00e1ci se St\u0159ediskem voln\u00e9ho \u010dasu Dome\u010dek vychov\u00e1vaj\u00ed sv\u00e9 n\u00e1stupce. Ve Vala\u0161sk\u00e9m mezi\u0159\u00ed\u010d\u00ed m\u00e1me hodn\u011b aktivn\u00ed v\u010dela\u0159e, d\u00edky \u010demu se n\u00e1m poda\u0159ilo p\u0159i St\u0159edisku voln\u00e9ho \u010dasu zalo\u017eit v\u010dela\u0159sk\u00fd krou\u017eek a u\u017e tam m\u00e1me d\u011bti a vyt\u00e1\u010d\u00edme radni\u010dn\u00ed med. Z toho m\u00e1m velkou radost. Dal\u0161\u00ed zaj\u00edmavou akci p\u0159ipravuje m\u011bsto na t\u0159et\u00ed t\u00fdden v z\u00e1\u0159\u00ed. V z\u00e1\u0159\u00ed je nabit\u00e9 akcemi, ale j\u00e1 bych vypichnul 22. z\u00e1\u0159\u00ed v p\u00e1tek farm\u00e1\u0159sk\u00fd trh, kter\u00fd budeme d\u011blat s ministerstvem zem\u011bd\u011blstv\u00ed, kter\u00e9 podporuje tyto akce a p\u0159iveze i n\u011bkter\u00e9 prodejce s region\u00e1ln\u00ed potravinou. Ob\u011b akce jsou sou\u010d\u00e1st\u00ed programu Deny m\u011bsta Vala\u0161sk\u00e9ho mezi\u0159\u00ed\u010d\u00ed.","nbla_serie":"","nbla_season":"","nbla_episode":"","nbla_duration":"153.72","nbla_genre":"","nbla_editorial_format":"","nbla_mtime":"1695131835","nbla_url":"https:\/\/origin.a11.cz\/vod\/7a8n1myp0hdgzrc8035g7n6tm.mp4","nbla_version":"1695131527","nbla_odvysilano":"Ano","bunny_id":"ed4de2b8-6208-4b3c-8a1c-964f74b0ef06","youtube_id":"","datum_vydani":"20230919","stopaz":"153.72","dokument":[],"video_to":["10619"]},"_links":{"self":[{"href":"https:\/\/tv.a11.cz\/api\/wp\/v2\/video\/10547","targetHints":{"allow":["GET"]}}],"collection":[{"href":"https:\/\/tv.a11.cz\/api\/wp\/v2\/video"}],"about":[{"href":"https:\/\/tv.a11.cz\/api\/wp\/v2\/types\/video"}],"author":[{"embeddable":true,"href":"https:\/\/tv.a11.cz\/api\/wp\/v2\/users\/8"}],"wp:featuredmedia":[{"embeddable":true,"href":"https:\/\/tv.a11.cz\/api\/wp\/v2\/media\/10581"}],"wp:attachment":[{"href":"https:\/\/tv.a11.cz\/api\/wp\/v2\/media?parent=10547"}],"wp:term":[{"taxonomy":"category","embeddable":true,"href":"https:\/\/tv.a11.cz\/api\/wp\/v2\/categories?post=10547"},{"taxonomy":"porad","embeddable":true,"href":"https:\/\/tv.a11.cz\/api\/wp\/v2\/porad?post=10547"},{"taxonomy":"region","embeddable":true,"href":"https:\/\/tv.a11.cz\/api\/wp\/v2\/region?post=10547"},{"taxonomy":"kategorie","embeddable":true,"href":"https:\/\/tv.a11.cz\/api\/wp\/v2\/kategorie?post=10547"}],"curies":[{"name":"wp","href":"https:\/\/api.w.org\/{rel}","templated":true}]}}