{"id":10500,"date":"2023-09-18T19:01:52","date_gmt":"2023-09-18T17:01:52","guid":{"rendered":"https:\/\/tv.a11.cz\/?post_type=video&#038;p=10500"},"modified":"2023-09-18T18:58:13","modified_gmt":"2023-09-18T16:58:13","slug":"a11-zpravy-pondeli-18-9-2023","status":"publish","type":"video","link":"https:\/\/tv.a11.cz\/video\/a11-zpravy-pondeli-18-9-2023\/","title":{"rendered":"Hlavn\u00ed zpr\u00e1vy pond\u011bl\u00ed 18.9. 2023"},"content":{"rendered":"","protected":false},"excerpt":{"rendered":"<p>Tvrd\u00e1 r\u00e1na pro jihomoravsk\u00fd drogov\u00fd trh &#8211; P\u0159edn\u00e1\u0161ky o plze\u0148sk\u00fdch zlo\u010dinech &#8211; Oprava pr\u016ftahu Karlov\u00fdch Var\u016f &#8211; Mot\u00fdl\u00ed d\u00e1lnice<\/p>\n","protected":false},"author":8,"featured_media":10504,"template":"","categories":[17,157],"porad":[212],"region":[218],"kategorie":[],"class_list":["post-10500","video","type-video","status-publish","has-post-thumbnail","hentry","category-domaci","category-zpravy","porad-hlavni-zpravy-a11","region-cela-cr"],"acf":[],"meta_box":{"nbla_idec":"A2300103","nbla_title":"A11 Zpr\u00e1vy","nbla_subtitle":"Pond\u011bl\u00ed 18.9. 2023","nbla_summary":"Zpravodajstv\u00ed A11 ze v\u0161ech kout\u016f \u010cesk\u00e9 republiky","nbla_description":"","nbla_transcription":"Krasn\u00fd ve\u010der, mil\u00ed div\u00e1ci, pr\u00e1v\u011b za\u010d\u00ednaj\u00ed A11 zpr\u00e1vy a v\u00edt\u00e1 v\u00e1s u nich Nikol \u0160edinov\u00e1. Policist\u00e9 jihomoravsk\u00e9ho toxit\u00fdmu v centru Brna zadr\u017eeli 70-let\u00e9ho cizince. Ten podle kriminalist\u016f obvykle jedenkr\u00e1t t\u00fddn\u011b jezdil na jich Evropy, kde ve sv\u00e9 rodn\u00e9 zemi ve Velk\u00e9m nakupoval l\u00e9ky s obsahem pseudoefedrinu. L\u00e9ky d\u00e1le p\u0159eprod\u00e1val sv\u00e9mu kump\u00e1novi, se kter\u00fdm pak vyr\u00e1b\u011bli pervitin ve Velk\u00e9m. Drogov\u00fd trh na Jihomorav\u011b dostal velkou r\u00e1nu. Policist\u00e9 provedli p\u0159\u00edmo v t\u011bchto m\u00edstech v centru m\u011bsta velk\u00fd z\u00e1tah na cizince, kter\u00fd z\u00e1soboval narkomany pervitinem. Policist\u00e9 jihomoravsk\u00e9ho toxit\u00fdmu v centru Brna zatkli 70-let\u00e9ho cizince, trvale bydl\u00edc\u00edho na Blavensku. Zadr\u017een\u00edm cizince, jedouc\u00edho v osobn\u00edm automobilu BMW v centru Brna, se spustila rozs\u00e1hl\u00e1 akce kriminalist\u016f. My jsme zajistili 70-let\u00e9ho cizince, kter\u00fd obvykl\u00e9 jedenkr\u00e1t t\u00fddn\u011b jezdil do sv\u00e9 rodn\u00e9 zem\u011b a p\u0159iv\u00e1\u017eel medicamenty, kter\u00e9 jsou pot\u0159ebn\u00e9 k v\u00fdrob\u011b pervitinu. My jsme zadr\u017eili celkem \u010dty\u0159i osoby, provedli jsme \u010dty\u0159i domovn\u00ed prohl\u00eddky a sedm prohl\u00eddek nebytov\u00fdch prostor\u016f. P\u0159i t\u011bchto prohl\u00eddk\u00e1ch jsme zajistili asi 30 kilogram\u016f l\u00e9ku a z t\u011bch by se dalo vyrobit asi 3,5 kilogram\u016f pervitinu. Dareb\u00e1k do \u010cesk\u00e9 republiky dovezen\u00e9 medicamenty, kter\u00e9 ukr\u00fdval ve speci\u00e1ln\u00ed schr\u00e1nce v \u00fatrob\u00e1ch automobilu, pak prodal sv\u00e9mu kump\u00e1novi z Brna. M\u016f\u017e m\u011bl vytvo\u0159enou s\u00ed\u0165 v\u00fdrobc\u016f pervitinu, t\u00edmupak za dodanou surovinu platili vyrobenou zak\u00e1zanou l\u00e1tkou. M\u016f\u017e z\u00edskanou drogu d\u00e1le p\u0159iprod\u00e1val. Cizince \u010dek\u00e1 z\u0159ejm\u011b dal\u0161\u00ed pobyt ve v\u011bzen\u00ed. Kriminalist\u00e9 p\u0159\u00edpad d\u00e1l vy\u0161et\u0159uj\u00ed z Brna pro televizi A11. Krimin\u00e1ln\u00ed p\u0159\u00edpady o\u010dima vy\u0161et\u0159ovatel\u016f se po pr\u00e1zdninov\u00e9 odmlce vrac\u00ed. Kapit\u00e1nka Mich\u00e1la Noskov\u00e1 a jej\u00ed kolega kapit\u00e1n Franti\u0161ek Miller p\u0159edstavuj\u00ed v r\u00e1mci unik\u00e1tn\u00edch t\u0159\u00ed ukr\u00e1m\u00ed p\u0159edn\u00e1\u0161ek plze\u0148sk\u00e9 zlo\u010diny, na n\u011bj\u017e v uplynul\u00fdch letech pracovala plze\u0148sk\u00e1 krimin\u00e1lka. Studijn\u00ed a v\u011bdeck\u00e1 knihovna Plze\u0148sk\u00e9ho kraje ve spolupr\u00e1ci s krajsk\u00fdm \u0159editelstv\u00edm policie Plze\u0148sk\u00e9ho kraje p\u0159ipravila na leto\u0161n\u00ed rok s\u00e9rii unik\u00e1tn\u00edch true crime p\u0159edn\u00e1\u0161ek. P\u0159edn\u00e1\u0161ky se podrobn\u011b v\u011bnuj\u00ed konkr\u00e9tn\u00edm p\u0159\u00edpad\u016fm a policist\u00e9 p\u0159edstavuj\u00ed ve\u0159ejnosti detaily pr\u016fb\u011bhu vy\u0161et\u0159ov\u00e1n\u00ed. My jsme samoz\u0159ejm\u011b uva\u017eovali nad n\u011bjak\u00fdm pravideln\u00edm cyklem, kter\u00fd by tady v knihovn\u011b b\u011b\u017eel a tohle spojen\u00ed mi p\u0159i\u0161lo stra\u0161n\u011b zaj\u00edmav\u00e9, proto\u017ee kdy\u017e p\u0159edn\u00e1\u0161\u00ed kriminalist\u00e9, tak lep\u0161\u00ed zdroj informac\u00ed o t\u011bch p\u0159\u00edpadech asi neexistuje. Ten z\u00e1jem je obrovsk\u00fd, my jsme p\u016fvodn\u011b zam\u00fd\u0161leli jednu p\u0159edn\u00e1\u0161ku, nakonec jsme dali dv\u011b po sob\u011b a v\u00edc u\u017e to asi nenafoukneme, ale sna\u017e\u00edme se t\u011bm z\u00e1jemc\u016fm v\u00edc \u0159\u00edct, tak\u017ee chyst\u00e1me i doprovodn\u00e9 akce kriminalistovi Franti\u0161kovi Millerovi, kter\u00fd tady p\u0159edn\u00e1\u0161\u00ed v\u00fdjde kniha, tak\u017ee se chyst\u00e1 k\u0159est, bude beseda na sv\u011bt\u011b knihy. Fenom\u00e9n true crime story, tedy p\u0159\u00edb\u011bhy skute\u010dn\u00fdch krimin\u00e1ln\u00edch p\u0159\u00edpad\u016f, nen\u00ed zdaleka \u00faplnou novinkou. Nap\u00ednav\u00e9 p\u0159\u00edpady ve\u0159ejnost v\u017edy fascinovaly, ale v posledn\u00ed dob\u011b se t\u011b\u0161\u00ed \u010d\u00edm d\u00e1l v\u011bt\u0161\u00edmu z\u00e1jmu. A pro vy\u0161et\u0159uj\u00edc\u00ed kriminalisty je to dobr\u00e1 p\u0159\u00edle\u017eitost p\u0159edstavit jejich pr\u00e1ci a oz\u0159ejmit n\u011bkter\u00e9 m\u00fdty, kter\u00e9 o t\u00e9to pr\u00e1ci koluj\u00ed. \u017de by to mohlo b\u00fdt prosp\u011b\u0161n\u00fd jednaky s ohledem jak pro ve\u0159ejnost, tak samoz\u0159ejm\u011b to ud\u011blalo propagace, policie, kdyby se t\u0159eba na\u0161lo n\u011bjak\u00fdch mlad\u00fdch lid\u00ed, kter\u00fd by t\u0159eba projevili z\u00e1jem v pr\u00e1ci u policie. J\u00e1 si mysl\u00edm, \u017ee lidi jsou hlavn\u011b zv\u011bdav\u00ed, \u017ee t\u0159eba se dozv\u00ed n\u011bco, co v t\u00e9 televizi nevid\u00ed, \u017ee se dozv\u00ed, n\u011bkte\u0159\u00ed se dozv\u00ed teda i postupy policie, jak ta policie pracuje a mysl\u00edm si, \u017ee to m\u016f\u017ee pro n\u011bj b\u00fdt zaj\u00edmav\u00e9, aby vid\u011bli vlastn\u011b, pro\u010d i tam t\u0159eba dlouho trv\u00e1 to vy\u0161et\u0159ov\u00e1n\u00ed, \u017ee tam vid\u00ed, \u017ee opravdu my nejsme v Americe, aby jsme m\u011bli druhej den v\u00fdsledky, ale \u017ee to opravdu trv\u00e1 i t\u0159eba t\u00fdden, n\u011bkdy\u017e 13 m\u011bs\u00edc, dva m\u011bs\u00edce, ne\u017e dostaneme vlastn\u011b n\u011bjak\u00e9 v\u00fdsledky a m\u016f\u017eeme se posunout d\u00e1l. P\u0159edn\u00e1\u0161ky jsou postaven\u00e9 tak, \u017ee poslucha\u010di spole\u010dn\u011b s vy\u0161et\u0159ovateli a mohou tak sledovat postupn\u00e9 odhalov\u00e1n\u00ed stop a d\u016fkaz\u016f, kter\u00e9 vedou a\u017e k pachateli a projdou si tak i d\u016fkazn\u00edmi procesy, kter\u00e9 tato pr\u00e1ce obn\u00e1\u0161\u00ed. P\u0159edn\u00e1\u0161ky jsou napl\u00e1novan\u00e9 do konce roku a podrobn\u011bj\u0161\u00ed informace naleznete na str\u00e1nk\u00e1ch Studijn\u00ed v\u011bdeck\u00e9 knihovny a na plze\u0148sk\u00e9 vstupence. Finance z pokladny Moravsko-Slesk\u00e9ho kraje letos op\u011bt pomohou provozovatel\u016fm soci\u00e1ln\u00edch slu\u017eeb. Potravinov\u00e1 banka bude moci zakoupit nov\u00fd v\u016fz na obsluhu sv\u00fdch j\u00eddelen. Organizace Melivita zrekonstruuje sv\u00e9 v\u00fdrobn\u00ed prostory. V neposledn\u00ed \u0159ad\u011b obdr\u017e\u00ed pen\u00edze na provoz sv\u00e9ho hospice Citadella a tak\u00e9 diakonie Vala\u0161sk\u00e9 mezi\u0159\u00ed\u010d\u00ed. Je obecn\u011b zn\u00e1mo, \u017ee v\u00fddaje do soci\u00e1ln\u00ed oblasti pat\u0159\u00ed v\u017edy mezi ty nevratn\u00e9. Z\u00e1rove\u0148, \u017ee bez takto vynakl\u00e1dan\u00fdch pen\u011bz nem\u016f\u017ee fungovat civilizovan\u00fd a hum\u00e1nn\u00ed st\u00e1t. Proto se i letos kraji\u0161t\u00ed zastupitel\u00e9 bez probl\u00e9m\u016f zhodli na objemu prost\u0159edk\u016f ur\u010den\u00fdch pro ty, o kter\u00e9 se nikdo jin\u00fd nepostaral a t\u011b\u017eko postar\u00e1. \u0158\u00edkal se tomu solidarita uvnit\u0159 spole\u010dnosti. N\u00e1\u0161 kraj se rozhodl podpo\u0159it i individu\u00e1ln\u00fdmi dotacemi slu\u017eby a poskytov\u00e1n\u00ed jak\u00fdchkoliv slu\u017eeb soci\u00e1ln\u00edch, ale i preventivn\u00edch v r\u00e1mci cel\u00e9ho K. Mezi nimi nap\u0159\u00edklad pat\u0159\u00ed Potravinov\u00e1 banka, se kterou dlouhodob\u011b spolupracujeme. Zm\u011bn\u011bn\u00e1 instituce m\u00e1 za lo\u0148sk\u00fd rok na sv\u00e9m kont\u011b 800 tun rozvezen\u00fdch potravin po cel\u00e9m \u00fazem\u00ed kraje. Koncov\u00fdmi u\u017eivateli Potravinov\u00e9 banky jsou p\u0159edev\u0161\u00edm klienti r\u016fzn\u00fdch soci\u00e1ln\u00edch slu\u017eeb a dal\u0161\u00ed c\u00edlov\u00e9 skupiny, kter\u00e9 se ocitly v neradostn\u00e9 \u017eivotn\u00ed situaci. Letos chce banka otev\u0159\u00edt nov\u00e9 v\u00fddejny na dal\u0161\u00edch m\u00edstech regionu, aby tak roz\u0161\u00ed\u0159ila a v\u0161em zp\u0159\u00edstupnila takzvanou s\u00ed\u0165 Potravinov\u00e9 pomoci. A to je velmi d\u016fle\u017eit\u00e9 a proto jsme se rozhodli, \u017ee je podpo\u0159\u00edme. A s dal\u0161\u00ed takovou podpo\u0159enou slu\u017ebou je pr\u00e1v\u011b hospicov\u00e1 p\u00e9\u010de, takzvan\u00fd kamenn\u00fd hospic. My ho m\u00e1me v Ostrav\u011b, kter\u00fd provozuje Charita, m\u00e1me ve Frunitku m\u00edstku, kter\u00fd provozuje m\u011bsto, ale proto v Novoji\u010dinsku nem\u00e1me tu slu\u017ebu. A proto jsme se rozhodli, proto\u017ee vyu\u017e\u00edvaj\u00ed to na\u0161e lid\u00e9 pr\u00e1v\u011b z Novoji\u010dinska, \u017ee podpo\u0159\u00edme takzvanou citadelu, kter\u00e1 je ve Vala\u0161sk\u00e9m mez\u0159\u00ed\u010d\u00ed a j\u00ed takte\u017e d\u00e1me 300 tis\u00edc na jej\u00ed provoz. Celkov\u011b letos rozd\u011blil Moravskoselsk\u00fd kraj mezi poskytovatele soci\u00e1ln\u00edch slu\u017eeb 232 miliony korun. Z toho 147 milion\u016f \u010din\u00ed dotace od st\u00e1tu, 85 milion\u016f p\u0159i\u0161lo p\u0159\u00edmo z krajsk\u00e9ho rozpo\u010dtu. Tyto prost\u0159edky b\u00fdvaj\u00ed nej\u010dast\u011bji ur\u010deny na provoz soci\u00e1ln\u00edch slu\u017eeb, drobn\u00e9 opravy budov\u010d\u00ed, dofinancov\u00e1n\u00ed osobn\u00edch n\u00e1klad\u016f pracovn\u00edk\u016f. Podle n\u00e1m\u011bstka Hitmana je absolutn\u011b nep\u0159\u00edpustn\u00e9, aby jen kv\u016fli nedostatku prost\u0159edk\u016f klesla kvalita nebo dostupnost p\u00e9\u010de opot\u0159ebn\u00e9. Dlouh\u00e9 kolony pomalu jedouc\u00edch vozidel. To je obr\u00e1zek Karlovarsk\u00e9ho pr\u016ftahu t\u011bchto dn\u00ed. \u0158editelstv\u00ed silnic a d\u00e1lnic za\u010dalo s jeho opravou, kter\u00e1 se odehraje ve \u010dty\u0159ech etap\u00e1ch a potrv\u00e1 a\u017e do konce \u0159\u00edjna. Jen v prvn\u00edm \u00faseku projede denn\u011b 34 tis\u00edc vozidel a \u0159idi\u010di se tam mus\u00ed obrnit trp\u011blivost\u00ed nebo hledat jinou trasu. Pr\u016ftah Karlov\u00fdmi Vary silnice 1 lomeno 6, kter\u00e1 navazuje na d\u00e1lnici D6. V tomto \u00faseku se jedn\u00e1 o nejvyt\u00ed\u017een\u011bj\u0161\u00ed \u010d\u00e1st a pr\u00e1v\u011b tady za\u010dala oprava pr\u016ftahu. Auta byla svedena do jednoho pruhu, byla sni\u017een\u00e1 rychlost a tvo\u0159\u00ed se kolony, p\u0159edev\u0161\u00edm do pravn\u00ed \u0161pi\u010dce. Prvn\u00ed etapu je ve sm\u011bru Cheb Karlovy Vary. Podle posledn\u00edho s\u010d\u00edt\u00e1n\u00ed dopravy je to zhruba 34 tis\u00edc aut denn\u011b. Je to v tom nejexponovan\u011bj\u0161\u00edm m\u00edst\u011b v Karlov\u00fdch Varech a ty dal\u0161\u00ed etapy u\u017e budou ve sm\u011bru ostrov Cheb a pak se to bude t\u00fdkat Teskomost\u016f, kter\u00e9 se budou p\u0159ebalovat pouze obrusnou vrstvu. Pracovat se bude i v m\u00edstech, kter\u00e1 vypadaj\u00ed na prvn\u00ed pohled, \u017ee opravu nepot\u0159ebuj\u00ed. Stavba je rozd\u011blena na \u010dty\u0159i etapy a\u017e do konce \u0159\u00edjna. Ano, je to prakticky stejn\u00e1 situace jako na t\u00e9 d\u00e1lnici, kdy se sna\u017e\u00edme na n\u011bkter\u00fdch m\u00edstech p\u0159edej\u00edt tomu, aby jsme museli j\u00edt do spodn\u00edch konstru\u010dn\u00edch vrstev, tak\u017ee prakticky cel\u00e1 ta oprava spo\u010d\u00edv\u00e1 v tom, \u017ee se vym\u011b\u0148uje vrchn\u00ed obrusn\u00e1 vrstva s lok\u00e1ln\u00edma opravama konstru\u010dn\u00edch vrstev. Ty etapy budou m\u00edt smysl, budou na sebe opravdu navazovat a budou znamenat omezan\u00ed provozu v n\u011bkter\u00fdch \u00fasec\u00edch pouze a ne v cel\u00e9 t\u00e9 trase, tak bude to d\u00edl\u010d\u00ed omezan\u00ed dopravy. Celkov\u011b opravy budou zhruba za 33 milion\u016f korun bez DPH. Na etap\u011b jsme to rozd\u011blali hlavn\u011b kv\u016fli tomu, aby jsme ulevili \u0159idi\u010d\u016fm, tak\u017ee se sna\u017e\u00edme pohybovat tak, aby \u0159idi\u010di m\u011bli mo\u017enost sj\u00e9t v\u017edycky na p\u0159edchoz\u00edm a nebo navazuj\u00edc\u00edm sjezdu a t\u00edm p\u00e1dem tomu omezan\u00ed bylo co nejmen\u0161\u00ed. Bude to t\u011b\u017ek\u00e9 omezan\u00ed provozu, zv\u00ed\u0159en\u00ed hluku, exhalac\u00ed. To znamen\u00e1, m\u00edstn\u00ed obyvatele budou sv\u00fdm zp\u016fsobem trp\u011bt, ale nicm\u00e9n\u011b ta komunikace do budoucnosti p\u0159ivede m\u011bstu docela dobr\u00fd benefit. Silni \u010d\u00e1\u0159i te\u010f mus\u00ed spol\u00e9hat na po\u010das\u00ed, aby term\u00edn do konce \u0159\u00edjna stihli. P\u0159edpov\u011bdi na z\u00e1\u0159\u00ed jsou zat\u00edm p\u0159\u00edzniv\u00e9. Je to boj o \u010das, proto\u017ee dokud je dobr\u00e9 po\u010das\u00ed a dokud je tam mo\u017enost komunikaci opravit, je to z jedn\u00e9 strany v\u00fdborn\u00e1 \u0161ance, z druh\u00e9 strany je to t\u011b\u017ek\u00e9 omezan\u00ed dopravy. Ten lejzn\u00ed pr\u016ftah je stra\u0161n\u011b d\u016fle\u017eit\u00fd. Pro televizi A11 z Karlov\u00fdch var\u016f Miroslav Sedl\u00e1\u010dek. Budouc\u00ed l\u00e9ka\u0159i a zdravotn\u00edci se na Olomouck\u00e9 univerzit\u011b Palack\u00e9ho do\u010dkaj\u00ed nov\u00e9 supermodern\u00ed budovy. Pr\u00e1v\u011b tady p\u0159ibudou nov\u00e9 v\u00fdukov\u00e9 prostory pro l\u00e9ka\u0159skou fakultu a fakultu zdravotnick\u00fdch v\u011bd. N\u00e1klady vyjdou na 640 milion\u016f korun a hotovo by m\u011blo b\u00fdt v pr\u016fb\u011bhu roku 2026. Neurologick\u00e1 klad\u00edvka j\u00ed jsou rozd\u00e1na povolan\u00fdm. Nebude se ale vy\u0161et\u0159ovat, jak by se mohlo zd\u00e1t, n\u00edbr\u017e klepat na z\u00e1kladn\u00ed k\u00e1men. Univerzita Palack\u00e9ho toti\u017e za\u010d\u00edn\u00e1 stav\u011bt novou supermodern\u00ed budovu pro v\u00fduku budouc\u00edch l\u00e9ka\u0159\u016f a zdravotn\u00edk\u016f. Vyr\u016fst\u00e1 na ruin\u00e1ch b\u00fdval\u00fdch vojensk\u00fdch sklad\u016f p\u0159i Hn\u011bvot\u00ednsk\u00e9 ulici. Je to jeden z kl\u00ed\u010dov\u00fdch bod\u016f v\u00fdvoje univerzity, l\u00e9ka\u0159sk\u00e9 fakulty a mo\u017en\u00e1 m\u011bsta cel\u00e9ho regionu, proto\u017ee budujeme n\u011bco, co opravdu bude katapultovat l\u00e9ka\u0159skou fakultu, mezi \u0161pi\u010dkov\u00e1 pracovi\u0161t\u011b, mezi za\u0159\u00edzen\u00ed, kter\u00e9 vychov\u00e1vaj\u00ed \u0161pi\u010dkov\u00e9 l\u00e9ka\u0159e. Po\u017eehnej pane ob\u011btav\u00e9 a n\u00e1ro\u010dn\u00e9 slu\u017eb\u011b l\u00e9ka\u0159\u016f a v\u0161ech zdravotn\u00edk\u016f. Ve \u010dty\u0159podla\u017en\u00ed novostavb\u011b z\u00edskaj\u00ed v\u00fdukov\u00e9 prostory dv\u011b fakulty, l\u00e9ka\u0159sk\u00e1 a zdravotnick\u00fdch v\u011bd. Nutn\u011b u\u017e je pot\u0159ebuj\u00ed. K dispozici budou m\u00edt i aulu pro 400 osob a menzu, kter\u00e1 uspokoj\u00ed a\u017e 2000 str\u00e1vn\u00edk\u016f denn\u011b. Vzhledem k tomu, \u017ee my t\u0159eba do prvn\u00edho ro\u010dn\u00edku ka\u017ed\u00fd rok u\u017e te\u010f bereme minim\u00e1ln\u011b 250 student\u016f v r\u00e1mci v\u0161eobecn\u00e9ho l\u00e9ka\u0159stv\u00ed, kapacity jak teoretick\u00fdch \u00fastav\u016f z t\u011bch 60. a minul\u00e9ho stolet\u00ed, tak i dostavby z let 2011-2013 pr\u00e1v\u011b na ten nav\u00fd\u0161en\u00fd po\u010det student\u016f n\u00e1m u\u017e neposta\u010duje. Jsou to p\u0159edev\u0161\u00edm praktick\u00e9 u\u010debny, kde na\u0161i studenti mohou vyu\u017e\u00edt cel\u00e9 palety simula\u010dn\u00ed techniky, kter\u00e1 se nab\u00edz\u00ed pro v\u0161eobecn\u00e9 sestry porodn\u00ed, asistentky, radiology itd. Budova je \u0159e\u0161en\u00e1 jako p\u011btitrakt s u\u010debnami po obvodu. N\u00e1klady dos\u00e1hnou 640 milion\u016f korun. P\u0159\u00edbli\u017en\u011b dv\u011b t\u0159etiny pokryje st\u00e1tn\u00ed dotace. Zbytek uhrad\u00ed univerzita ze sv\u00e9ho rozpo\u010dtu. Stavba\u0159i se dali do d\u00edla u\u017e o letn\u00edch pr\u00e1zdnin\u00e1ch. V podstat\u011b m\u00e1me zburan\u00fd st\u0159echny st\u00e1vaj\u00edc\u00ed budovy, kter\u00e9 st\u00e1ly v m\u00edst\u011b t\u00e9 budouc\u00ed stavby. V podstat\u011b jsme zah\u00e1jili zemn\u00ed pr\u00e1ce a budeme navazovat zalo\u017een\u00edm n\u00e1sleduj\u00edc\u00edch dnech. Novou budovu by u\u010ditel\u00e9 a studenti po jej\u00edm dovybaven\u00ed mohli za\u010d\u00edt vyu\u017e\u00edvat v pr\u016fb\u011bhu roku 2026. Pod elektrick\u00fdm veden\u00edm tepl\u00e1rny Kladno ze skupiny Seven Energy vznikaj\u00ed biotopy, kter\u00e9 jsou domovem vz\u00e1cn\u00fdch a chr\u00e1n\u011bn\u00fdch \u017eivo\u010dich\u016f. Mot\u00fdl\u00ed d\u00e1lnice tak nejsou dom\u00e9nou pouze travnat\u00fdch ploch podel selnic. Aktu\u00e1ln\u00edm trendem je nav\u00edc roz\u0161i\u0159ov\u00e1n\u00ed rozkv\u011btl\u00fdch luk a nasazov\u00e1n\u00ed do krajiny nov\u00fdch bylin. Pr\u016fseky elektrick\u00e9ho veden\u00ed jsou vn\u00edm\u00e1ny jako nutn\u00e9 zlo. Stromy a ke\u0159e, kter\u00e9 zde rostou p\u0159irozen\u011b, jsou zdrujem probl\u00e9m\u016f pro provozovatele p\u0159enosov\u00e9 s\u00edt\u011b, proto\u017ee jejich r\u016fstem vznik\u00e1 vysok\u00e9 riziko po\u017e\u00e1ru \u010di dokonce poran\u011bn\u00ed. Je tedy nutn\u00e9 tyto prosty pravideln\u011b prosek\u00e1vat, aby nezasahovaly do veden\u00ed. Z tohoto d\u016fvodu provozovatele distribu\u010dn\u00edch a p\u0159enosov\u00fdch soustav prov\u00e1d\u00ed pr\u016fseky v ochrann\u00fdch p\u00e1smech veden\u00ed, kdy se d\u0159evn\u00ed hmota bu\u010f to \u0161t\u011bpkuje, anebo se nech\u00e1v\u00e1 le\u017eet. Existuje je\u0161t\u011b jeden zp\u016fsob, kdy se d\u0159evn\u00ed hmota vyfr\u00e9zuje v cel\u00e9m pr\u016fseku, v\u010detn\u011b povrchu p\u016fdy. Tepl\u00e1dna Kladno skupiny 7 se sna\u017e\u00ed ve spolupr\u00e1ci s docentem H\u016flou z Mendelov\u00e9 univerzity v Brn\u011b a in\u017een\u00fdrem V\u00edtou z odboru \u017eivotn\u00edho prost\u0159ed\u00ed magistr\u00e1t\u016f m\u011bsta Kladna vytvo\u0159it vhodn\u00fd biotop vhodn\u00e9 prost\u0159ed\u00ed pro ohro\u017een\u00e9 druhy rostlin, zv\u00ed\u0159at a hmyzu. S dlouhodob\u00fdm konceptem skupiny 7 tepl\u00e1dny Kladno je spojit technick\u00e9 za\u0159\u00edzen\u00ed s p\u0159\u00edrodou. V koridorech vysekan\u00fdch tradi\u010dn\u00edm zp\u016fsobem se da\u0159\u00ed agresivn\u00edm a nep\u016fvodn\u00edm druh\u016fm a vytv\u00e1\u0159ej\u00ed se tak monokulturn\u00ed hust\u00e9 porosty n\u00e1let\u016f s minim\u00e1ln\u00ed biodiverzitou. Proto tak\u00e9 vznikla iniciativa mot\u00fdl\u00fdch d\u00e1lnic, p\u016fvodn\u011b ur\u010den\u00e1 pro koridory podel d\u00e1lni\u010dn\u00ed s\u00edt\u011b, ale tyto principy lze aplikovat i pro pr\u016fseky v ochran\u00e9m p\u00e1smu veden\u00ed. Je pot\u0159eba sem nejenom to teda sekat, jak jsme cht\u011bli, ale je pot\u0159eba dosyt ty nov\u00fd druhy bylejn, ty p\u016fvodn\u00ed vlastn\u011b, kter\u00fd vytla\u010duj\u00ed postupn\u011b ty invazivn\u00ed bylejny, kter\u00e9 tady byly um\u011ble p\u0159ita\u017een\u00e9 p\u016fvodn\u011b, jako v okresu na zahr\u00e1dku, \u017ee jo, p\u0159ed des\u00edtk\u00e9 mestovka let, ale s t\u00edm se to roz\u0161\u00ed\u0159ilo voln\u011b do p\u0159\u00edrody, te\u010f je to invazivn\u00ed druh. A dosyly jsme r\u016fzn\u00e9 druhy bylejn a t\u00edm p\u00e1dem u\u017e se tady objavily nov\u00fd chr\u00e1n\u011bn\u00fd druhy, jako je to h\u0159e\u010dek brvit\u00fd. Nejen v z\u00e1cn\u00e9 bylejny, ale vr\u00e1tili se i n\u011bkter\u00e9 p\u016fvodn\u00ed druhy mot\u00fdl\u016f, jako nap\u0159\u00edklad modr\u00e1sek \u010dernolem\u00ed nebo soumra\u010dn\u00edk z ko\u0159icov\u00ed, kter\u00e9 pat\u0159\u00ed k ohro\u017een\u00fdm druh\u016fm. N\u00edzk\u00fd nezapojen\u00fd tr\u00e1vn\u00edk s oslun\u011bn\u00fdmi ke\u0159i a dostatek nektaronocn\u00fdch rostlin, d\u00edky zem\u011bd\u011blsk\u00e9 a pr\u016fmyslov\u00e9 v\u00fdrob\u011b z voln\u00e9 p\u0159\u00edrody miz\u00ed a p\u00e9\u010de v\u011bnovan\u00e1 mot\u00fdlim d\u00e1lnic\u00edm, vypad\u00e1 s po\u010d\u00e1tku n\u00e1ro\u010dn\u011bj\u0161\u00ed, ale s postupem let se v\u00fdrazn\u011b zjednodu\u0161uje. N\u00e1ro\u010dn\u011bj\u0161\u00ed je v tom, \u017ee mus\u00ed \u010dlov\u011bk v\u00edc sledovat d\u011bn\u00ed v t\u00e9 p\u0159\u00edrod\u011b, mus\u00ed sledovat kolob\u011bh, co, kdy, jak kvete. Mus\u00edme vyhodnotit v danej okam\u017eik, kterou bylinu chceme, tady nech\u00e1me, nech\u00e1me ji do kvec, tak\u017ee ji obsek\u00e1me. Prob\u011bhne ten nejv\u011bt\u0161\u00ed cykl, \u017ee vykvete, vysemen\u00ed se a na t\u00e9 vedlej\u0161\u00ed plo\u0161e, kterou my jsme posekali, tam se vysemen\u00ed a tud\u00ed\u017e se n\u00e1m roz\u0161\u00ed\u0159\u00ed. Ka\u017ed\u00fdm rokem de facto ub\u00fdv\u00e1. T\u00edm, jak se roz\u0161\u00ed\u0159uje ta pestrost t\u011bch bylin v t\u00e9 travin\u011b, tak se syk\u00e1 m\u00ed\u0148 a m\u00ed\u0148. Kone\u010dn\u00e1 men\u0161\u00ed n\u00e1ro\u010dnost udr\u017eby pr\u016fsek\u016f, zachov\u00e1n\u00ed vz\u00e1cn\u00fdch a ohro\u017een\u00fdch druh\u016f rozklin i \u017eivo\u010dich\u016f nejsou jedin\u00e9 benefity chytr\u00e9ho se\u010den\u00ed. Okulahod\u00edc\u00ed pohled na kr\u00e1sn\u011b rozkvetlou barevnou a vonavou louku je doslova k nezaplacen\u00ed. Pro A11 Franti\u0161ek \u0160im\u00e1nek. Nov\u00fd s\u00e1l a jeden\u00e1ct premi\u00e9rov\u00fdch novinek, v\u010detn\u011b mimo\u0159\u00e1dn\u00e9ho projektu s Filharmoni\u00ed Bohuslava Martin\u016f. Tak vypad\u00e1 78. sez\u00f3na m\u011bstsk\u00e9ho divadla Zl\u00edn, kter\u00e1 se kr\u00e1sn\u011b rozj\u00ed\u017ed\u00ed. A jsou tu dal\u0161\u00ed dobr\u00e9 zpr\u00e1vy pro div\u00e1ky, kte\u0159\u00ed se mohou t\u011b\u0161it na nov\u00e1, \u0161ir\u0161\u00ed a pohodln\u011bj\u0161\u00ed sedadla. 9. z\u00e1\u0159\u00ed p\u0159iv\u00edtalo m\u011bstsk\u00e9 divadlo ve Zl\u00edn\u011b prvn\u00ed div\u00e1ky t\u00e9to sezony a to p\u011bkn\u011b v nov\u00e9m. O pr\u00e1zdnin\u00e1ch toti\u017e prob\u011bhla rozs\u00e1hl\u00e1 rekonstrukce hledi\u0161t\u011b velk\u00e9ho s\u00e1lu. Zahrnovala osv\u011btlen\u00ed, vybaven\u00ed l\u00f3\u017e\u00ed a vznikly tu nov\u00e9 uli\u010dky. Hlavn\u00ed zm\u011bnou v\u0161ak pro\u0161la podlaha a sedadla. Na z\u00e1klad\u011b star\u0161\u00edch dokument\u016f jsme se vr\u00e1tili k p\u016fvodn\u00edmu barevn\u00e9mu proveden\u00ed. To znamen\u00e1 svitle\u0161ed\u00fd koberec a modr\u00e9 proveden\u00ed seda\u010dek. Co se t\u00fdk\u00e1 m\u00edsta na nohy, tak jsme museli nechat \u0161\u00ed\u0159ku uli\u010dek zachovanou, proto\u017ee m\u00e1me nosn\u00fd beton nad sob\u011b a i pam\u00e1tk\u00e1\u0159i trvali na tom, \u017ee ty uli\u010dky mus\u00ed z\u016fstat stejn\u00e9. Sedadla jsou o n\u011bco \u0161ir\u0161\u00ed a pohodln\u011bj\u0161\u00ed. Po \u00faprav\u00e1ch m\u00e1 s\u00e1l kapacitu celkem 556 m\u00edst oproti p\u016fvodn\u00edm 687. V\u0161echna sedadla te\u010f jen s nap\u011bt\u00edm \u010dekaj\u00ed, a\u017e na nich budou moci div\u00e1ci zhl\u00e9dnout 11 premi\u00e9rov\u00fdch novinek, v\u010detn\u011b mimo\u0159\u00e1dn\u00e9ho projektu z Filharmonii Bohuslava Martin\u016f. Uvedeme v \u010desk\u00e9 premi\u00e9re hru z l\u00ednsk\u00e9ho rod\u00e1ka Toma Stoparda, tak\u017ee na to se mimo\u0159\u00e1dn\u011b t\u011b\u0161\u00edme. Potom samoz\u0159ejm\u011b div\u00e1kov bychom rad\u011bji pozvali na klasick\u00e9 tituly, povedzme \u010desk\u00e1 klasika, velk\u00e1, Karel Jarom\u00edr Erben, Kytice v adapt\u00e1ci a re\u017e\u00ed do Dagomb\u00e1ra. Sv\u011btov\u00e1 klasika, Trajamu\u0161ket\u011bry, ale budeme samoz\u0159ejm\u011b p\u0159ipravovat i s\u00fa\u010dasn\u00e9 tituly, tak jako jsme vlastn\u011b zvykli i posledn\u00e9 roky a stret\u00e1v\u00e1 se to s dobrou odozvou. Prvn\u00ed premi\u00e9rou nov\u00e9 sezony bude inscenace \u0160p\u00edna. D\u00e1le bude n\u00e1sledovat nap\u0159\u00edklad poh\u00e1dka o stvo\u0159en\u00ed, mistrovsk\u00e1 lekce nebo rekondi\u010dn\u00ed terapie pro opil\u00e9 \u0159idi\u010de. Zaj\u00edmav\u00e1 bude nejen pro div\u00e1ky, ale tak\u00e9 pro samotn\u00e9 herce inscenace s n\u00e1zvem Dub. V n\u011bj bude u\u010dinkovat Pavel Vacek a v ka\u017ed\u00e9 reprise s n\u00edm v\u017edy jin\u00fd herec, alebo here\u010dka. A m\u016f\u017eem mo\u017eno preznamenat, \u017ee nebudou to len herci n\u00e1\u0161ho hereck\u00e9ho s\u00faboru. To je na tom pr\u00e1v\u011b zauj\u00edmav\u00e9, \u017ee ten herec vlastn\u011b naozaj p\u016fjde do \u00fapln\u00e9ho dobrodru\u017estva vlastn\u011b nezn\u00e1ma a jedin\u00fd s pr\u00fdvodnikom tam v tom celom bude vlastn\u011b pro n\u011bho Pavel Vacek. Divadlo v\u0161ak \u017e\u00e1d\u00e1 ostrpen\u00ed. Z budovy za\u010daly odpad\u00e1vat t\u011b\u017ek\u00e9 mramorov\u00e9 obklady. Proto je budova oplocena a hlavn\u00ed vstup uzav\u0159en. Pokladna z\u016fst\u00e1v\u00e1 otev\u0159ena do budovy, se div\u00e1ci dostanou z bo\u010dn\u00ed strany. Podpo\u0159it hendikipovan\u00e9 nebo dlouhodob\u011b nemocn\u00e9 mohly hned na dvou m\u00edstech st\u0159edo\u010desk\u00e9ho kraje jeho obyvatel\u00e9. P\u0159ij\u00edt mohly na festivali v Kladn\u011b nebo v Bene\u0161ov\u011b. A skute\u010dn\u011b na obou m\u00edstech uk\u00e1zali, \u017ee cht\u011bj\u00ed a um\u00ed pom\u00e1hat. Jako prvn\u00ed se hudba ozvala z hornick\u00e9ho skansenu majorau u Kladna. Zde u\u017e po des\u00e1t\u00e9 otev\u0159el sv\u00e9 br\u00e1ny tradi\u010dn\u00ed Ta\u0161ka Fest. Ten propuje zdrav\u00e9 hudebn\u00edky s amat\u00e9ry i profesion\u00e1ly s ment\u00e1ln\u00edm a kombinovan\u00fdm posti\u017een\u00edm. Od prvn\u00edho ro\u010dn\u00edku na Ta\u0161ka Festu nechyb\u00ed kladensk\u00e1 zu\u0161ka H\u00fdnka Kub\u00e1ta. Ta si tak\u00e9 za svou podporu vystou\u017eila zvl\u00e1\u0161tn\u00ed zlatou desku. Nejen ta je motivac\u00ed pro u\u010ditele i samotn\u00e9 \u017e\u00e1ky, aby na podiu pro profesion\u00e1ln\u00ed hudebn\u00edky vystupovaly. Na druh\u00e9 stran\u011b st\u0159edn\u00ed \u010cech pak hudebn\u00edci sv\u00fdmi v\u00fdkony pomohli vybrat pen\u00edze pro odd\u011blen\u00ed dlouhodob\u00e9 o\u0161et\u0159ovatelsk\u00e9 p\u00e9\u010de Bene\u0161ovsk\u00e9 nemocnice. A poda\u0159il se vybrat rekordn\u00ed \u010d\u00e1stku. Nav\u00edc Bene\u0161ovsk\u00e1 nemocnice a jej\u00ed zam\u011bstn\u00e1ci krom\u011b sb\u00edrky na dobrou v\u011bc oslavili i v\u00fdznamn\u00e9 v\u00fdro\u010d\u00ed zdej\u0161\u00ed nemocnice. Pop\u0159eju nemocnici 225. v\u00fdro\u010d\u00ed a minim\u00e1ln\u011b jednou tohle. Stejn\u011b jako v p\u0159\u00edpad\u011b kladensk\u00e9ho Ta\u0161kafestu, i v Bene\u0161ov\u011b rozhodn\u011b sn\u00e1ro\u010dnou organizac\u00ed charitativn\u00edch festival\u016f nekon\u010d\u00ed a u\u017e nyn\u00ed p\u0159em\u00fd\u0161l\u00ed na dal\u0161\u00ed v\u00fdro\u010dn\u00edky. Ud\u011bl\u00e1me v\u0161echno proto, aby byl. Stejn\u011b jako n\u00e1v\u0161t\u011bvn\u00edci obou dobro\u010dinn\u00fdch festival\u016f, ti ocenili nejen organiz\u00e1tory sv\u00fdm potleskem, ale tak\u00e9 vlastn\u00edmi p\u0159\u00edsp\u011bvky a podporou, jak pro p\u00e9\u010di od dlouhodob\u011b nemocn\u00e9, tak pro lidi s ment\u00e1ln\u00edm a kombinovan\u00fdm posti\u017een\u00edm. A vyraz\u00edme spole\u010dn\u011b i na hokej. Probyhlo toti\u017e prvn\u00ed kolo 31. ro\u010dn\u00edku \u0160anceligy. Otkal se v n\u011bm Vset\u00edn St\u0159eb\u00ed\u010dem a tento z\u00e1pas skon\u010dil v\u00edt\u011bzstv\u00edm Vset\u00edna 2-0. Ve st\u0159edu odstartoval 31. ro\u010dn\u00edk \u0160anceligy a v r\u00e1mci jeho prvn\u00edho kola zaj\u00ed\u017ed\u011bli hokejist\u00e9 Vset\u00edna na let St\u0159eb\u00ed\u010de. Vala\u0161i za\u010daly aktivn\u011b a sv\u00fdm pohybem soupe\u0159e p\u0159ehr\u00e1vali. Prvn\u00ed p\u0159esilov\u00e1 hra v sez\u00f3n\u011b p\u0159i\u0161la pro vset\u00ednsk\u00fd t\u00fdm v \u010dase 13.08 a byla \u00fasp\u011b\u0161n\u00e1. Jakub D\u0148urka\u010d si p\u0159ed brankou po\u010dkal na p\u0159ihr\u00e1vku Jon\u00e1ka a zvole je p\u0159ekonal finsk\u00e9ho branka\u0159e Pekarine na poprv\u00e9. 8 sekund p\u0159ed koncem prvn\u00ed \u010d\u00e1sti ude\u0159il VHK po druh\u00e9. P\u016f\u010dek vedl p\u0159e\u010d\u00edslen\u00ed do obran\u00e9ho p\u00e1sma dom\u00e1c\u00edch, neukvapil se a obkrou\u017eil branku. Jeho p\u016fk se dostal p\u0159es hr\u0148u k d\u011btkovi a ten zakon\u010dil do odkryt\u00e9 branky. Sl\u00e1via si v druh\u00e9 t\u0159etin\u011b vytvo\u0159ila \u00fazemn\u00ed p\u0159evahu, ale k brance \u017e\u00e1dn\u00e1 akce nevedla. G\u00f3lu se div\u00e1ci nedo\u010dkali ani v posledn\u00ed t\u0159etin\u011b a tak Vset\u00edn porazil St\u0159eb\u00ed\u010d 2-0. Ze zpr\u00e1v je to pro dne\u0161ek v\u0161e. My ale pokra\u010dujeme dal\u0161\u00edm poutav\u00fdm programem a vy si ho ur\u010dit\u011b nenechte uj\u00edt. A m\u011bjte kr\u00e1sn\u00fd ve\u010der.","nbla_serie":"525","nbla_season":"2023","nbla_episode":"103","nbla_duration":"1371.08","nbla_genre":"3.1.1.1","nbla_editorial_format":"2.1.1","nbla_mtime":"1695052300","nbla_url":"https:\/\/origin.a11.cz\/vod\/4hzjb8go0rwad0qsk3f3i4ykh.mp4","nbla_version":"1695052291","nbla_odvysilano":"Ano","bunny_id":"6d6d3cd7-54d4-4140-8eca-e36c1eb65b1a","youtube_id":"","datum_vydani":"20230918","stopaz":"1371.08","dokument":[],"video_to":[]},"_links":{"self":[{"href":"https:\/\/tv.a11.cz\/api\/wp\/v2\/video\/10500","targetHints":{"allow":["GET"]}}],"collection":[{"href":"https:\/\/tv.a11.cz\/api\/wp\/v2\/video"}],"about":[{"href":"https:\/\/tv.a11.cz\/api\/wp\/v2\/types\/video"}],"author":[{"embeddable":true,"href":"https:\/\/tv.a11.cz\/api\/wp\/v2\/users\/8"}],"wp:featuredmedia":[{"embeddable":true,"href":"https:\/\/tv.a11.cz\/api\/wp\/v2\/media\/10504"}],"wp:attachment":[{"href":"https:\/\/tv.a11.cz\/api\/wp\/v2\/media?parent=10500"}],"wp:term":[{"taxonomy":"category","embeddable":true,"href":"https:\/\/tv.a11.cz\/api\/wp\/v2\/categories?post=10500"},{"taxonomy":"porad","embeddable":true,"href":"https:\/\/tv.a11.cz\/api\/wp\/v2\/porad?post=10500"},{"taxonomy":"region","embeddable":true,"href":"https:\/\/tv.a11.cz\/api\/wp\/v2\/region?post=10500"},{"taxonomy":"kategorie","embeddable":true,"href":"https:\/\/tv.a11.cz\/api\/wp\/v2\/kategorie?post=10500"}],"curies":[{"name":"wp","href":"https:\/\/api.w.org\/{rel}","templated":true}]}}