{"id":10491,"date":"2023-09-18T16:11:40","date_gmt":"2023-09-18T14:11:40","guid":{"rendered":"https:\/\/tv.a11.cz\/?post_type=video&#038;p=10491"},"modified":"2023-09-18T19:07:59","modified_gmt":"2023-09-18T17:07:59","slug":"posta-prodava-palac-na-hornim-namesti-v-olomouci","status":"publish","type":"video","link":"https:\/\/tv.a11.cz\/video\/posta-prodava-palac-na-hornim-namesti-v-olomouci\/","title":{"rendered":"Po\u0161ta prod\u00e1v\u00e1 pal\u00e1c na Horn\u00edm n\u00e1m\u011bst\u00ed v Olomouci"},"content":{"rendered":"","protected":false},"excerpt":{"rendered":"<p>To, o \u010dem se od po\u010d\u00e1tku spekulovalo, se potvrdilo. \u010cesk\u00e1 po\u0161ta chce prodat reprezenta\u010dn\u00ed pal\u00e1c na Horn\u00edm n\u00e1m\u011bst\u00ed, v n\u011bm\u017e dlouh\u00e1 l\u00e9ta s\u00eddlila m\u011bstsk\u00e1 pobo\u010dka \u010d\u00edslo 8. <\/p>\n","protected":false},"author":8,"featured_media":10512,"template":"","categories":[17,157],"porad":[],"region":[106,59],"kategorie":[],"class_list":["post-10491","video","type-video","status-publish","has-post-thumbnail","hentry","category-domaci","category-zpravy","region-olomoucko","region-olomoucky-kraj"],"acf":[],"meta_box":{"nbla_idec":"N2306339","nbla_title":"Po\u0161ta prod\u00e1v\u00e1 pal\u00e1c na Horn\u00edm n\u00e1m\u011bst\u00ed v Olomouci","nbla_subtitle":"","nbla_summary":"","nbla_description":"","nbla_transcription":"To, o \u010dem se od po\u010d\u00e1tku spekulovalo, se potvrdilo. \u010cesk\u00e1 po\u0161ta chce prodat reprezenta\u010dn\u00ed pal\u00e1c na Horn\u00edm n\u00e1m\u011bst\u00ed, v n\u011bm\u017e dlouh\u00e1 l\u00e9ta s\u00eddlila m\u011bstsk\u00e1 pobo\u010dka \u010d\u00edslo 8. Ta byla na seznamu sedmi \u00fa\u0159adoven, kter\u00e9 v Olomouci k 1. \u010dervenci po\u0161ta zru\u0161ila. Cenu rozlehl\u00e9 nemovitosti teprve zn\u00e1lci ur\u010d\u00ed. Budovu pot\u00e9 mohou za stanovenou \u010d\u00e1stku z\u00edskat nap\u0159\u00edklad st\u00e1tn\u00ed organizace \u010di podniky. Pokud neprojev\u00ed z\u00e1jem, tak z\u0159ejm\u011b je\u0161t\u011b letos p\u0159ijde na \u0159adu elektronick\u00e1 aukce. O z\u00edsk\u00e1n\u00ed pobo\u010dky nad\u00e1le usiluje olomouck\u00e1 radnice. U ministerstva vnitra ale zat\u00edm nepochodila s \u017e\u00e1dost\u00ed o bez\u00faplatn\u00fd \u010di \u010d\u00e1ste\u010dn\u011b zaplacen\u00fd p\u0159evod budovy po\u0161ty.","nbla_serie":"","nbla_season":"","nbla_episode":"","nbla_duration":"41.6","nbla_genre":"","nbla_editorial_format":"","nbla_mtime":"1695045737","nbla_url":"https:\/\/origin.a11.cz\/vod\/1gm1wnl9zotvqvvhizjci5ux9.mp4","nbla_version":"1695045737","nbla_odvysilano":"Ano","bunny_id":"bc0dd0a1-91c7-49ca-9a94-1dfcbfbf1fbc","youtube_id":"","datum_vydani":"20230918","stopaz":"41.6","dokument":[],"video_to":["10513"]},"_links":{"self":[{"href":"https:\/\/tv.a11.cz\/api\/wp\/v2\/video\/10491","targetHints":{"allow":["GET"]}}],"collection":[{"href":"https:\/\/tv.a11.cz\/api\/wp\/v2\/video"}],"about":[{"href":"https:\/\/tv.a11.cz\/api\/wp\/v2\/types\/video"}],"author":[{"embeddable":true,"href":"https:\/\/tv.a11.cz\/api\/wp\/v2\/users\/8"}],"wp:featuredmedia":[{"embeddable":true,"href":"https:\/\/tv.a11.cz\/api\/wp\/v2\/media\/10512"}],"wp:attachment":[{"href":"https:\/\/tv.a11.cz\/api\/wp\/v2\/media?parent=10491"}],"wp:term":[{"taxonomy":"category","embeddable":true,"href":"https:\/\/tv.a11.cz\/api\/wp\/v2\/categories?post=10491"},{"taxonomy":"porad","embeddable":true,"href":"https:\/\/tv.a11.cz\/api\/wp\/v2\/porad?post=10491"},{"taxonomy":"region","embeddable":true,"href":"https:\/\/tv.a11.cz\/api\/wp\/v2\/region?post=10491"},{"taxonomy":"kategorie","embeddable":true,"href":"https:\/\/tv.a11.cz\/api\/wp\/v2\/kategorie?post=10491"}],"curies":[{"name":"wp","href":"https:\/\/api.w.org\/{rel}","templated":true}]}}