{"id":10374,"date":"2023-09-15T12:40:46","date_gmt":"2023-09-15T10:40:46","guid":{"rendered":"https:\/\/tv.a11.cz\/?post_type=video&#038;p=10374"},"modified":"2023-09-17T18:49:25","modified_gmt":"2023-09-17T16:49:25","slug":"v-ostrave-se-bezel-mestsky-maraton","status":"publish","type":"video","link":"https:\/\/tv.a11.cz\/video\/v-ostrave-se-bezel-mestsky-maraton\/","title":{"rendered":"V Ostrav\u011b se b\u011b\u017eel m\u011bstsk\u00fd maraton"},"content":{"rendered":"","protected":false},"excerpt":{"rendered":"<p>Ostravsk\u00fd maraton slav\u00ed letos st\u00e9 v\u00fdro\u010d\u00ed. U\u017e v roce 1923 toti\u017e vyb\u011bhlo sedmn\u00e1ct borc\u016f z Opavy do Ostravy. Tra\u0165 tehdy m\u011b\u0159ila pouze 31 kilometr\u016f. <\/p>\n","protected":false},"author":8,"featured_media":10446,"template":"","categories":[17,28,184,157],"porad":[],"region":[58,115],"kategorie":[],"class_list":["post-10374","video","type-video","status-publish","has-post-thumbnail","hentry","category-domaci","category-sport","category-z-regionu","category-zpravy","region-moravskoslezsky-kraj","region-ostravsko"],"acf":[],"meta_box":{"nbla_idec":"N2308150","nbla_title":"V Ostrav\u011b se b\u011b\u017eel m\u011bstsk\u00fd maraton","nbla_subtitle":"","nbla_summary":"","nbla_description":"","nbla_transcription":"Ostravsk\u00fd maraton slav\u00ed letos vlastn\u011b z t\u00e9 v\u00fdro\u010d\u00ed. U\u017e v roce 1923 toti\u017e vyb\u011bhlo sedn\u00e1ct borc\u016f z Opavy do Ostravy. Tra\u0165 tehdy m\u011b\u0159ila pouze 31 kilometr\u016f. Dne\u0161n\u00ed potomci t\u011bchto pr\u016fkopn\u00edk\u016f si mohou vybrat z desetikilometrov\u00e9ho b\u011bhu, p\u016flmaratonu nebo urazit opravdu celou trasu legend\u00e1rn\u00edho maratonsk\u00e9ho b\u011bhu. A jejich asi ston\u00e1sobn\u011b v\u00edce ne\u017e ten kn\u00e1d p\u0159ed stolety. Je to velmi v\u00fdznamn\u00e1 ud\u00e1lost, nehledn\u011b na to, \u017ee tento tradi\u010dn\u00ed maraton se poprv\u00e9 b\u011b\u017e\u00ed v tomto kr\u00e1sn\u00e9m prost\u0159ed\u00ed nov\u00e9ho kampusu. Jsem moc r\u00e1d, \u017ee n\u00e1\u0161 opod podporuje tady tu akci. J\u00e1 u\u017e jsem tady po n\u011bkolik\u00e1t\u00e9, po druh\u00e9 u\u017e budu startovat, tak\u017ee za chv\u00edli odstartuju z\u00e1vod \u0160tafe, d\u00e1m ocen a to t\u011b\u0161\u00edm. A odpoledne potom p\u0159ed\u00e1m ceny t\u011bm nejlep\u0161\u00edm. Tak\u017ee jsem moc r\u00e1d, jsem nad\u0161en, \u017ee jsem byl znovu osloven a jak \u0159\u00edk\u00e1m n\u00e1\u0161 opod tu akci velmi podporuje. Jsme t\u00fdm D\u011btsk\u00e9 neurologie, fakultn\u00ed nemocnice Ostrava a t\u011b\u0161\u00edme se stra\u0161n\u011b moc. N\u011bkoho u\u017e m\u00e1me na tom startu a jinak jsme t\u00fdm z l\u00e9ka\u0159\u016f a sest\u0159\u00ed\u010dek. Na ten z\u00e1vod jsem se teda t\u011b\u0161il, proto\u017ee b\u011b\u017e\u00edme za \u00fa\u0159ad, a\u0165 vid\u00edme, \u017ee tahneme v\u0161ichni za jeden pro v\u00e1s. Nab\u011bh\u00e1no m\u00e1me snad v\u0161ichni. Zavod\u00edm za SK P\u0159erov a p\u0159ijel jsem se sp\u00ed\u0161 otestovat, proto\u017ee za t\u0159i t\u00fddny pob\u011b\u017e\u00edm maraton v Ko\u0161ic\u00ed, tak\u017ee te\u010f je to sp\u00ed\u0161 takov\u00fd ten test na tento maraton, jak na tom jsou a uvid\u00edme, jak to dopade. V dne\u0161n\u00edho z\u00e1vodu Ostravsk\u00e9ho City Maratonu se \u00fa\u010dastn\u00ed celkem t\u0159i \u0161tafety, slo\u017een\u00e9 ze zam\u011bstnanc\u016f na\u0161eho \u00fa\u0159adu, jinak dne\u0161n\u00ed den je teda v\u00fdjime\u010dn\u00fd v tom, \u017ee se tady po\u0159\u00e1d\u00e1 b\u011bh pro nada\u010dn\u00ed fontu Kul\u00ed\u0161ek, tak\u017ee je to tady i dobro\u010dinn\u00fd b\u011bh, samoz\u0159ejm\u011b nechyb\u00ed ani d\u011btsk\u00e9 b\u011bhy a potom je to hlavn\u00ed maraton a p\u016flmaraton, kter\u00fd se dnes pob\u011b\u017e\u00ed. Samoz\u0159ejm\u011b n\u00e1\u0161 opor nasazuje velmi kvalitn\u00ed \u0161tafety a mysl\u00edm si, \u017ee op\u011bt a zase budou bojovat o p\u0159edn\u00ed m\u00edsta.","nbla_serie":"","nbla_season":"","nbla_episode":"","nbla_duration":"123.48","nbla_genre":"","nbla_editorial_format":"","nbla_mtime":"1694774289","nbla_url":"https:\/\/origin.a11.cz\/vod\/7l51e6dg0gto6p04z3nlgpebd.mp4","nbla_version":"1694774289","nbla_odvysilano":"Ano","bunny_id":"b5bd3d8b-c6d4-4791-bba8-9241757ec8bc","youtube_id":"","datum_vydani":"20230915","stopaz":"123.48","dokument":[],"video_to":["10447"]},"_links":{"self":[{"href":"https:\/\/tv.a11.cz\/api\/wp\/v2\/video\/10374","targetHints":{"allow":["GET"]}}],"collection":[{"href":"https:\/\/tv.a11.cz\/api\/wp\/v2\/video"}],"about":[{"href":"https:\/\/tv.a11.cz\/api\/wp\/v2\/types\/video"}],"author":[{"embeddable":true,"href":"https:\/\/tv.a11.cz\/api\/wp\/v2\/users\/8"}],"wp:featuredmedia":[{"embeddable":true,"href":"https:\/\/tv.a11.cz\/api\/wp\/v2\/media\/10446"}],"wp:attachment":[{"href":"https:\/\/tv.a11.cz\/api\/wp\/v2\/media?parent=10374"}],"wp:term":[{"taxonomy":"category","embeddable":true,"href":"https:\/\/tv.a11.cz\/api\/wp\/v2\/categories?post=10374"},{"taxonomy":"porad","embeddable":true,"href":"https:\/\/tv.a11.cz\/api\/wp\/v2\/porad?post=10374"},{"taxonomy":"region","embeddable":true,"href":"https:\/\/tv.a11.cz\/api\/wp\/v2\/region?post=10374"},{"taxonomy":"kategorie","embeddable":true,"href":"https:\/\/tv.a11.cz\/api\/wp\/v2\/kategorie?post=10374"}],"curies":[{"name":"wp","href":"https:\/\/api.w.org\/{rel}","templated":true}]}}