{"id":10343,"date":"2023-09-14T18:40:40","date_gmt":"2023-09-14T16:40:40","guid":{"rendered":"https:\/\/tv.a11.cz\/?post_type=video&#038;p=10343"},"modified":"2023-09-15T15:23:24","modified_gmt":"2023-09-15T13:23:24","slug":"zacina-zasadni-dopravni-omezeni-mezi-kladnem-a-dalnici-d6","status":"publish","type":"video","link":"https:\/\/tv.a11.cz\/video\/zacina-zasadni-dopravni-omezeni-mezi-kladnem-a-dalnici-d6\/","title":{"rendered":"Za\u010d\u00edn\u00e1 z\u00e1sadn\u00ed dopravn\u00ed omezen\u00ed mezi Kladnem a d\u00e1lnic\u00ed D6"},"content":{"rendered":"","protected":false},"excerpt":{"rendered":"","protected":false},"author":8,"featured_media":10390,"template":"","categories":[17,22,157],"porad":[],"region":[68,62],"kategorie":[],"class_list":["post-10343","video","type-video","status-publish","has-post-thumbnail","hentry","category-domaci","category-doprava","category-zpravy","region-kladensko","region-stredocesky-kraj"],"acf":[],"meta_box":{"nbla_idec":"N2316021","nbla_title":"Za\u010d\u00edn\u00e1 z\u00e1sadn\u00ed dopravn\u00ed omezen\u00ed mezi Kladnem a d\u00e1lnic\u00ed D6","nbla_subtitle":"","nbla_summary":"","nbla_description":"","nbla_transcription":"S dopravn\u00edmi komplikacemi musej\u00ed v dal\u0161\u00edch t\u00fddnech a m\u011bs\u00edc\u00edch po\u010d\u00edtat motorist\u00e9 mezi d\u00e1lnic\u00ed D6 a Kladnem. St\u0159edo\u010desk\u00fd kraj buduje nov\u00fd kruhov\u00fd objezd pr\u00e1v\u011b na sjezdu d\u00e1lnice sm\u011brem od Prahy. O mezen\u00ed a uzav\u00edrky tak dolehnou nejen na obyvatele velk\u00e9 dobr\u00e9. Hlavn\u011b v prv\u00e9 f\u00e1nazi o\u010dek\u00e1v\u00e1me, \u017ee doprava bude velice slo\u017eit\u00e1 a \u017ee ty kolony vzniknou, a pot\u00e9 se domn\u00edv\u00e1me, \u017ee \u0159idi\u010di si svoji cestu najdou a budou jezdit i jin\u00fdmi cestami nikoliv tady p\u0159es uzav\u00edrku ve velk\u00e9 dobr\u00e9. Stavba nov\u00e9 okru\u017en\u00ed k\u0159i\u017eovatky bude trvat do konce leto\u0161n\u00edho roku, respektive do konce stavebn\u00ed sezony. Kruhov\u00fd objezd by m\u011bli siln\u00ed \u010d\u00e1\u0159i dokon\u010dit je\u0161t\u011b letos, do konce listopadu. Minim\u00e1ln\u011b do t\u00e9 doby mus\u00ed motorist\u00e9 po\u010d\u00edtat s komplikacemi. V dob\u011b stavby logicky dojde k omezen\u00ed dopravy, ta bude \u0159\u00edzen\u00e1 t\u0159\u00edcestn\u00fdm semaforem a \u0159idi\u010di nebudou moci zj\u00ed\u017ed\u011bt z d\u00e1lnice D6 ze sm\u011bru od Prahy na Velkou dobrou. Bude pr\u016fjezd na Valdek na d\u00e1lnici z obce na Prahu a v druh\u00e9 etap\u011b bude zcela zav\u0159en ten sjest i n\u00e1jezd na d\u00e1lnici na Karlovy Vary a sjest z d\u00e1lnice z Prahy. Ale pr\u016fjezd na Valdek a na Prahu bude zachov\u00e1n. Po celou dobu bude otev\u0159en\u00fd sjest D6 od Karlov\u00fdch Var\u016f a sou\u010dasn\u011b n\u00e1jezd sm\u011brem na Prahu. Tak\u017ee v sou\u010dasn\u00e9 dob\u011b se bude stav\u011bt nejen kruhov\u00fd objezd, p\u0159echody pro chodce. Na ja\u0159e pak za\u010dnou opravy st\u00e1vaj\u00edc\u00ed okru\u017en\u00ed k\u0159i\u017eovatky na Velk\u00e9 dobr\u00e9, v\u010detn\u011b silnice Mezin\u00ed a novou okru\u017en\u00ed k\u0159i\u017eovatkou. N\u00e1ro\u010dn\u00e1 investice si vy\u017e\u00e1d\u00e1 v\u00edce ne\u017e 28 milion\u016f korun. Jak st\u0159edu \u010de\u0161t\u00ed silni\u010d\u00e1\u0159i, tak p\u0159edev\u0161\u00edm Velk\u00e1 dobr\u00e1 si od n\u00ed slibuj\u00ed z\u00e1sadn\u00ed sklidn\u011bn\u00ed dopravy a v\u011bt\u0161\u00ed bezpe\u010dnost v cel\u00e9m \u00faseku. T\u00edm denn\u011b projede v\u00edce ne\u017e 13 tis\u00edc vozidel. www.arkance-systems.cz","nbla_serie":"","nbla_season":"","nbla_episode":"","nbla_duration":"106.2","nbla_genre":"","nbla_editorial_format":"","nbla_mtime":"1694709385","nbla_url":"https:\/\/origin.a11.cz\/vod\/eiqnicb72yc78egp7ofawr2kn.mp4","nbla_version":"1694709385","nbla_odvysilano":"Ne","bunny_id":"a224bf01-3fc8-4983-aa6f-74b961091902","youtube_id":"","datum_vydani":"20230914","stopaz":"106.2","dokument":[],"video_to":["10391"]},"_links":{"self":[{"href":"https:\/\/tv.a11.cz\/api\/wp\/v2\/video\/10343","targetHints":{"allow":["GET"]}}],"collection":[{"href":"https:\/\/tv.a11.cz\/api\/wp\/v2\/video"}],"about":[{"href":"https:\/\/tv.a11.cz\/api\/wp\/v2\/types\/video"}],"author":[{"embeddable":true,"href":"https:\/\/tv.a11.cz\/api\/wp\/v2\/users\/8"}],"wp:featuredmedia":[{"embeddable":true,"href":"https:\/\/tv.a11.cz\/api\/wp\/v2\/media\/10390"}],"wp:attachment":[{"href":"https:\/\/tv.a11.cz\/api\/wp\/v2\/media?parent=10343"}],"wp:term":[{"taxonomy":"category","embeddable":true,"href":"https:\/\/tv.a11.cz\/api\/wp\/v2\/categories?post=10343"},{"taxonomy":"porad","embeddable":true,"href":"https:\/\/tv.a11.cz\/api\/wp\/v2\/porad?post=10343"},{"taxonomy":"region","embeddable":true,"href":"https:\/\/tv.a11.cz\/api\/wp\/v2\/region?post=10343"},{"taxonomy":"kategorie","embeddable":true,"href":"https:\/\/tv.a11.cz\/api\/wp\/v2\/kategorie?post=10343"}],"curies":[{"name":"wp","href":"https:\/\/api.w.org\/{rel}","templated":true}]}}