{"id":10340,"date":"2023-09-14T16:36:12","date_gmt":"2023-09-14T14:36:12","guid":{"rendered":"https:\/\/tv.a11.cz\/?post_type=video&#038;p=10340"},"modified":"2023-09-15T15:33:52","modified_gmt":"2023-09-15T13:33:52","slug":"ddm-rozmaryn-rozsiril-nabidku-prirodovednych-krouzku","status":"publish","type":"video","link":"https:\/\/tv.a11.cz\/video\/ddm-rozmaryn-rozsiril-nabidku-prirodovednych-krouzku\/","title":{"rendered":"DDM Rozmar\u00fdn roz\u0161\u00ed\u0159il nab\u00eddku p\u0159\u00edrodov\u011bdn\u00fdch krou\u017ek\u016f"},"content":{"rendered":"","protected":false},"excerpt":{"rendered":"<p>Litom\u011b\u0159ick\u00fd d\u016fm d\u011bt\u00ed a ml\u00e1de\u017ee Rozmar\u00fdn zah\u00e1jil \u0161koln\u00ed rok v \u00fater\u00fd 5. z\u00e1\u0159\u00ed tradi\u010dn\u00edm dnem otev\u0159en\u00fdch dve\u0159\u00ed. Ten m\u00e1 za \u00fakol mimo jin\u00e9 p\u0159edstavit d\u011btem a rodi\u010d\u016fm volno\u010dasov\u00e9 aktivity a nov\u00e9 krou\u017eky.<\/p>\n","protected":false},"author":8,"featured_media":10396,"template":"","categories":[17,25,157],"porad":[],"region":[93,63],"kategorie":[],"class_list":["post-10340","video","type-video","status-publish","has-post-thumbnail","hentry","category-domaci","category-vzdelavani","category-zpravy","region-litomericko","region-ustecky-kraj"],"acf":[],"meta_box":{"nbla_idec":"N2303267","nbla_title":"DDM Rozmar\u00fdn roz\u0161\u00ed\u0159il nab\u00eddku p\u0159\u00edrodov\u011bdn\u00fdch krou\u017ek\u016f","nbla_subtitle":"","nbla_summary":"","nbla_description":"","nbla_transcription":"Litom\u011b\u0159ick\u00fd d\u016fm d\u011bt\u00ed a ml\u00e1de\u017ee Rozmar\u00edn zah\u00e1jil \u0161koln\u00ed rok v \u00fater\u00fd 5. z\u00e1\u0159\u00ed, tradi\u010dn\u00edm dnem otev\u0159en\u00fdch dve\u0159\u00ed. Ten m\u00e1 za \u00fakol mimo jin\u00e9 p\u0159edstavit d\u011btem a rodi\u010d\u016fm volno\u010dasov\u00e9 aktivity a nov\u00e9 krou\u017eky, kter\u00e9 Rozmar\u00edn v dan\u00e9m roce nab\u00edz\u00ed. Ani letos tomu nebylo jinak. D\u016fm d\u011bt\u00ed a ml\u00e1de\u017ee se tentokr\u00e1t rozhodl p\u0159edev\u0161\u00edm n\u00e1sledovat p\u0159\u00e1n\u00ed ve\u0159ejnosti a roz\u0161i\u0159uje nab\u00eddku volno\u010dasov\u00fdch aktivit s \u017eiv\u00fdmi zv\u00ed\u0159\u00e1tky. V lo\u0148sk\u00fdch letech jsme nab\u00edzeli pro d\u011bti jenom krou\u017eek zaobadatele, kter\u00fd se vlastn\u011b zam\u011b\u0159oval na p\u00e9\u010di o zv\u00ed\u0159ata. A v leto\u0161n\u00edm roce nab\u00edz\u00edme nov\u011b i krou\u017eek mazl\u00ed\u010dci, kter\u00fd bude vlastn\u011b v podobn\u00fd re\u017eii veden, ale je ur\u010den pro p\u0159ed\u0161koln\u00ed d\u011bti. Tak\u017ee m\u00e1me dva krou\u017eky s mazl\u00ed\u010dkama, kter\u00fd je pro d\u011bti od 4 do 6 let a potom m\u00e1me dva krou\u017eky zaobadatele, kter\u00fd je od 6 do 12 let. Velk\u00e9mu z\u00e1jmu d\u011bt\u00ed o volno\u010dasov\u00e9 aktivity se zv\u00ed\u0159\u00e1tky chce Rozmar\u00edn p\u0159izp\u016fsobit tak\u00e9 svoje z\u00e1zem\u00ed. M\u00e1me v pl\u00e1nu vystav\u011bt centrum, kter\u00e9 bude st\u00e1t tady na zahrad\u011b Rozmar\u00ednu. Bude tam takov\u00fd bar\u00e1\u010dek, ve kter\u00e9m bude za\u0159\u00edzen\u00ed pro zv\u00ed\u0159ata a bude tam takov\u00e1 klubovna pro d\u011bti. Bude tam kr\u00e1l\u00edk\u00e1rna, ve kter\u00e9 budeme m\u00edt kr\u00e1liky, mor\u010data a p\u00e1r klec\u00ed okolo nap\u0159\u00edklad s potk\u00e1nkama, s my\u0161kama, s k\u0159e\u010dkama, s osm\u00e1kama a tak d\u00e1le. Rozmar\u00edn ov\u0161em jako obvykle nab\u00edz\u00ed i volno\u010dasov\u00e9 krou\u017eky v\u00fdtvarn\u00e9, pohybov\u00e9, hudebn\u00ed, tane\u010dn\u00ed, technick\u00e9 a jazykov\u00e9. V leto\u0161n\u00edm roce pro d\u011bti p\u0159ipravil zhruba 100 volno\u010dasov\u00fdch aktivit, ka\u017ed\u00fd se vybere. M\u00e1me i dal\u0161\u00ed vzd\u011bl\u00e1vac\u00ed aktivity pro st\u0159edo\u0161kol\u00e1ky, to je p\u0159\u00edprava na p\u0159ij\u00edmac\u00ed zkou\u0161ky, roz\u0161i\u0159ovali jsme angli\u010dtiny pro \u0161koln\u00ed d\u011bti, tak\u017ee ta nab\u00eddka je tam te\u010f taky vy\u0161\u0161\u00ed hodinov\u00e1 dotace, m\u00e1me roz\u0161\u00ed\u0159enou nab\u00eddku pro nejmen\u0161\u00ed d\u011bti, to znamen\u00e1 hlavn\u011b pro ty p\u0159ed\u0161kol\u00e1ky, v dopoledn\u00edch hodin\u00e1ch i odpoledn\u00edch hodin\u00e1ch, tam jsme si u\u017e te\u010f na tom dali pr\u00e1ci. Kdy\u017e se pod\u00edv\u00e1te na na\u0161e str\u00e1nky, ur\u010dit\u011b se tam n\u011bco vyberete a m\u00e1me tady kvalitn\u00ed pedagogy, tak\u017ee doporu\u010duji se p\u0159ij\u00edt pod\u00edvat, poptat a my v\u00e1m r\u00e1di \u0159ekneme bl\u00ed\u017e\u0161\u00ed informace k dan\u00e9mu zajimov\u00e9mu \u00fatvaru. V\u0161echny podrobnosti a informace k nab\u00edzen\u00fdm volno\u010dasov\u00fdm krou\u017ek\u016fm najdete na www.ddmrozmarin.cz","nbla_serie":"","nbla_season":"","nbla_episode":"","nbla_duration":"150.1","nbla_genre":"","nbla_editorial_format":"","nbla_mtime":"1694697804","nbla_url":"https:\/\/origin.a11.cz\/vod\/0s146mwyec361wk6pjsjtca2w.mp4","nbla_version":"1694697053","nbla_odvysilano":"Ano","bunny_id":"de7dedca-3930-45bc-95a2-d0f74b7cfc07","youtube_id":"","datum_vydani":"20230914","stopaz":"150.1","dokument":[],"video_to":["10398"]},"_links":{"self":[{"href":"https:\/\/tv.a11.cz\/api\/wp\/v2\/video\/10340","targetHints":{"allow":["GET"]}}],"collection":[{"href":"https:\/\/tv.a11.cz\/api\/wp\/v2\/video"}],"about":[{"href":"https:\/\/tv.a11.cz\/api\/wp\/v2\/types\/video"}],"author":[{"embeddable":true,"href":"https:\/\/tv.a11.cz\/api\/wp\/v2\/users\/8"}],"wp:featuredmedia":[{"embeddable":true,"href":"https:\/\/tv.a11.cz\/api\/wp\/v2\/media\/10396"}],"wp:attachment":[{"href":"https:\/\/tv.a11.cz\/api\/wp\/v2\/media?parent=10340"}],"wp:term":[{"taxonomy":"category","embeddable":true,"href":"https:\/\/tv.a11.cz\/api\/wp\/v2\/categories?post=10340"},{"taxonomy":"porad","embeddable":true,"href":"https:\/\/tv.a11.cz\/api\/wp\/v2\/porad?post=10340"},{"taxonomy":"region","embeddable":true,"href":"https:\/\/tv.a11.cz\/api\/wp\/v2\/region?post=10340"},{"taxonomy":"kategorie","embeddable":true,"href":"https:\/\/tv.a11.cz\/api\/wp\/v2\/kategorie?post=10340"}],"curies":[{"name":"wp","href":"https:\/\/api.w.org\/{rel}","templated":true}]}}