{"id":10330,"date":"2023-09-14T16:17:55","date_gmt":"2023-09-14T14:17:55","guid":{"rendered":"https:\/\/tv.a11.cz\/?post_type=video&#038;p=10330"},"modified":"2023-09-15T15:54:17","modified_gmt":"2023-09-15T13:54:17","slug":"univerzita-stavi-budovu-pro-budouci-lekare-a-zdravotniky","status":"publish","type":"video","link":"https:\/\/tv.a11.cz\/video\/univerzita-stavi-budovu-pro-budouci-lekare-a-zdravotniky\/","title":{"rendered":"Univerzita stav\u00ed budovu pro budouc\u00ed l\u00e9ka\u0159e a zdravotn\u00edky"},"content":{"rendered":"","protected":false},"excerpt":{"rendered":"<p>Univerzita Palack\u00e9ho za\u010d\u00edn\u00e1 stav\u011bt novou supermodern\u00ed budovu pro v\u00fduku budouc\u00edch l\u00e9ka\u0159\u016f a zdravotn\u00edk\u016f. Vyr\u016fst\u00e1 na ruin\u00e1ch b\u00fdval\u00fdch vojensk\u00fdch sklad\u016f p\u0159i Hn\u011bvot\u00ednsk\u00e9 ulici. <\/p>\n","protected":false},"author":8,"featured_media":10407,"template":"","categories":[17,159,154,157],"porad":[],"region":[106,59],"kategorie":[],"class_list":["post-10330","video","type-video","status-publish","has-post-thumbnail","hentry","category-domaci","category-stavebnictvi","category-zdravotnictvi","category-zpravy","region-olomoucko","region-olomoucky-kraj"],"acf":[],"meta_box":{"nbla_idec":"N2306329","nbla_title":"Univerzita stav\u00ed budovu pro budouc\u00ed l\u00e9ka\u0159e a zdravotn\u00edky","nbla_subtitle":"","nbla_summary":"","nbla_description":"","nbla_transcription":"Neurologick\u00e1 klad\u00edvka j\u00ed jsou rozd\u00e1na povolan\u00fdm, nebude se ale vy\u0161et\u0159ovat, jak by se mohlo zd\u00e1t, n\u00edbr\u017e klepat na z\u00e1kladn\u00ed k\u00e1men. Univerzita Palack\u00e9ho toti\u017e za\u010d\u00edn\u00e1 stav\u011bt novou supermodern\u00ed budovu pro v\u00fduku budouc\u00edch l\u00e9ka\u0159\u016f a zdravotn\u00edk\u016f. Vyr\u016fst\u00e1 na ruin\u00e1ch b\u00fdval\u00fdch vojensk\u00fdch sklad\u016f p\u0159i Hn\u011bvot\u00ednsk\u00e9 ulici. Je to jeden z kl\u00ed\u010dov\u00fdch bod\u016f v\u00fdvoje univerzity, l\u00e9ka\u0159sk\u00e9 fakulty a mo\u017en\u00e1 m\u011bsta cel\u00e9ho regionu, proto\u017ee budujeme n\u011bco, co opravdu bude katapultovat l\u00e9ka\u0159skou fakultu mezi \u0161pi\u010dkov\u00e1 pracovi\u0161t\u011b, mezi za\u0159\u00edzen\u00ed, kter\u00e9 vychov\u00e1vaj\u00ed \u0161pi\u010dkov\u00e9 l\u00e9ka\u0159e. Po\u017eehnej pane ob\u011btav\u00e9 a n\u00e1ro\u010dn\u00e9 slu\u017eb\u011b l\u00e9ka\u0159\u016f a v\u0161ech zdravotn\u00edk\u016f. Ve \u010dty\u0159podla\u017en\u00ed novostadb\u011b z\u00edskaj\u00ed v\u00fdukov\u00e9 prostory dv\u011b fakulty \u2013 l\u00e9ka\u0159sk\u00e1 a zdravotnick\u00fdch v\u011bd. Nutn\u011b u\u017e je pot\u0159ebuj\u00ed. K dispozici budou m\u00edt i aulu pro 400 osob a menzu, kter\u00e1 uspokoj\u00ed a\u017e 2000 zdravn\u00edk\u016f denn\u011b. Zhledem k tomu, \u017ee my t\u0159eba do prvn\u00edho ro\u010dn\u00edku ka\u017ed\u00fd rok u\u017e te\u010f bereme minim\u00e1ln\u011b 250 student\u016f v r\u00e1mci v\u0161eobecn\u00e9ho l\u00e9ka\u0159stv\u00ed, kapacity vlastn\u011b jak v teoretick\u00fdch \u00fastav\u016fch z t\u011bch 60. a minul\u00fdch stolet\u00ed, tak i dostavby z let 2011-2013 pr\u00e1v\u011b na ten nav\u00fd\u0161en\u00fd po\u010det student\u016f n\u00e1m u\u017e neposta\u010duje. Jsou to p\u0159edev\u0161\u00edm praktick\u00e9 u\u010debny, kde na\u0161i studenti mohou vyu\u017e\u00edt cel\u00e9 palety simula\u010dn\u00ed techniky, kter\u00e1 se nab\u00edz\u00ed pro v\u0161eobecn\u00e9 sestry porodn\u00ed, asistentky, radiology. Budova je \u0159e\u0161ena jako p\u011btitrakt s u\u010debnami po obvodu. N\u00e1klady dos\u00e1hnou 640 milion\u016f korun. P\u0159\u00edbli\u017en\u011b dv\u011b t\u0159etiny pokryje st\u00e1tn\u00ed dotace. Zbytek uhrad\u00ed univerzita ze sv\u00e9ho rozpo\u010dtu. Stavba\u0159i se dali do d\u00edla u\u017e o letn\u00edch pr\u00e1zdnin\u00e1ch. V podstat\u011b m\u00e1me zburan\u00fd st\u0159echny st\u00e1vaj\u00edc\u00ed budovy, kter\u00e9 st\u00e1ly v m\u00edst\u011b t\u00e9 budouc\u00ed stavby a moment\u00e1ln\u011b jsme zah\u00e1jili zemn\u00ed pr\u00e1ce a budeme navazovat zalo\u017een\u00edm v n\u00e1sleduj\u00edc\u00edch dnech. Novou budovu by u\u010ditel\u00e9 a studenti po jej\u00edm dovybaven\u00ed mohli za\u010d\u00edt vyu\u017e\u00edvat v pr\u016fb\u011bhu roku 2026.","nbla_serie":"","nbla_season":"","nbla_episode":"","nbla_duration":"126.6","nbla_genre":"","nbla_editorial_format":"","nbla_mtime":"1694697697","nbla_url":"https:\/\/origin.a11.cz\/vod\/axtyie6irnjw8h95raaqicmlq.mp4","nbla_version":"1694697499","nbla_odvysilano":"Ano","bunny_id":"f0e804e3-e5d4-4523-8385-b342de97e808","youtube_id":"","datum_vydani":"20230914","stopaz":"126.6","dokument":[],"video_to":["10408"]},"_links":{"self":[{"href":"https:\/\/tv.a11.cz\/api\/wp\/v2\/video\/10330","targetHints":{"allow":["GET"]}}],"collection":[{"href":"https:\/\/tv.a11.cz\/api\/wp\/v2\/video"}],"about":[{"href":"https:\/\/tv.a11.cz\/api\/wp\/v2\/types\/video"}],"author":[{"embeddable":true,"href":"https:\/\/tv.a11.cz\/api\/wp\/v2\/users\/8"}],"wp:featuredmedia":[{"embeddable":true,"href":"https:\/\/tv.a11.cz\/api\/wp\/v2\/media\/10407"}],"wp:attachment":[{"href":"https:\/\/tv.a11.cz\/api\/wp\/v2\/media?parent=10330"}],"wp:term":[{"taxonomy":"category","embeddable":true,"href":"https:\/\/tv.a11.cz\/api\/wp\/v2\/categories?post=10330"},{"taxonomy":"porad","embeddable":true,"href":"https:\/\/tv.a11.cz\/api\/wp\/v2\/porad?post=10330"},{"taxonomy":"region","embeddable":true,"href":"https:\/\/tv.a11.cz\/api\/wp\/v2\/region?post=10330"},{"taxonomy":"kategorie","embeddable":true,"href":"https:\/\/tv.a11.cz\/api\/wp\/v2\/kategorie?post=10330"}],"curies":[{"name":"wp","href":"https:\/\/api.w.org\/{rel}","templated":true}]}}