{"id":10324,"date":"2023-09-14T16:00:59","date_gmt":"2023-09-14T14:00:59","guid":{"rendered":"https:\/\/tv.a11.cz\/?post_type=video&#038;p=10324"},"modified":"2023-09-29T15:50:24","modified_gmt":"2023-09-29T13:50:24","slug":"rozhovor-tomas-pfeiffer","status":"publish","type":"video","link":"https:\/\/tv.a11.cz\/video\/rozhovor-tomas-pfeiffer\/","title":{"rendered":"Tom\u00e1\u0161 Pfeiffer &#8211; \u0159editel institutu TCIM"},"content":{"rendered":"","protected":false},"excerpt":{"rendered":"<p>Pan Pfeiffer je \u017e\u00e1kem a pov\u011b\u0159en\u00fdm pokra\u010dovatelem filosofa a zakladatele biotroniky pana Josefa Zezulky. V roce 1999 zalo\u017eil Nada\u010dn\u00ed fond Byt\u00ed, s jeho\u017e pomoc\u00ed se v Praze buduje a provozuje d\u016fm Biotronick\u00e9 centrum soci\u00e1ln\u00ed pomoci se zam\u011b\u0159en\u00edm na zdravotn\u00ed prevenci. Poj\u010fme si \u0159\u00edci co to je TCIM a pov\u00eddat si o zdrav\u00ed.<\/p>\n","protected":false},"author":8,"featured_media":10470,"template":"","categories":[175,174,173],"porad":[220],"region":[],"kategorie":[],"class_list":["post-10324","video","type-video","status-publish","has-post-thumbnail","hentry","category-osobnosti","category-rozhovory","category-ze-spolecnosti","porad-a11-rozhovory"],"acf":[],"meta_box":{"nbla_idec":"A2302100","nbla_title":"Rozhovor","nbla_subtitle":"Tom\u00e1\u0161 Pfeiffer","nbla_summary":"\u0159editel institutu TCIM","nbla_description":"Je \u017e\u00e1kem a pov\u011b\u0159en\u00fdm pokra\u010dovatelem filosofa a zakladatele biotroniky pana Josefa Zezulky (1912 -1992). V roce 1999 zalo\u017eil Nada\u010dn\u00ed fond Byt\u00ed, s jeho\u017e pomoc\u00ed se v Praze buduje a provozuje d\u016fm Biotronick\u00e9 centrum soci\u00e1ln\u00ed pomoci se zam\u011b\u0159en\u00edm na zdravotn\u00ed prevenci.","nbla_transcription":"Kr\u00e1sn\u00fd dobr\u00fd ve\u010der v\u00e1\u017een\u00ed div\u00e1ci, j\u00e1 v\u00e1s v\u00edt\u00e1m u dal\u0161\u00edho zaj\u00edmav\u00e9ho rozhovoru na televizi A11. Dnes si budeme spole\u010dn\u011b s m\u00fdm hostem pov\u00eddat o zdrav\u00ed, a proto jsem velmi r\u00e1da, \u017ee moje pozv\u00e1n\u00ed p\u0159ijal Tom\u00e1\u0161 Fajfer, filozof, biotronik, zakladatel a \u0159editel institutu pro TCEM. Kr\u00e1sn\u00fd dobr\u00fd ve\u010der, pane Fajfre. D\u011bkuji i v\u0161em, p\u0159eji tote\u017e. Zept\u00e1m se hned na za\u010d\u00e1tek, a\u0165 v\u00edme, o \u010dem se budeme bavit. Co je TCEM? Je to tradi\u010dn\u00ed komplement\u00e1rn\u00ed integrativn\u00ed medic\u00edna, co\u017e je v sou\u010dasnosti term\u00edn, kter\u00fd prosazuje zejm\u00e9na VHO a vlastn\u011b zahrnuje v\u0161echny obory od, \u0159ekn\u011bme, z t\u011bch babi\u010dek, ko\u0159en\u00e1\u0159ek a\u017e po l\u00e9ka\u0159e, kte\u0159\u00ed pracuj\u00ed s integrativn\u00ed medic\u00ednou jako ze standardn\u00edm postupem. Ti v\u0161ichni budou ur\u010dit\u011b zastoupeni na Mezin\u00e1rodn\u00edm kongresu zdrav\u00ed, kter\u00fd se v Praze chyst\u00e1 ve dnech 15. a 17. z\u00e1\u0159\u00ed. Co v\u0161echno \u00fa\u010dastn\u00edci na tomto kongresu za\u017eij\u00ed? Je to kongres, kter\u00fd s m\u00fdm zp\u016fsobem je unik\u00e1tn\u00ed, proto\u017ee je to prvn\u00ed projekt tohoto typu v \u010cesk\u00e9 republice. Ve sv\u011bt\u011b tyto kongresy jsou b\u011b\u017en\u00e9 v Lond\u00fdn\u011b, v \u0158\u00edm\u011b a tak d\u00e1le, ale u n\u00e1s je to s m\u00fdm zp\u016fsobem velmi v\u00fdjime\u010dn\u00e9. Ten kongres p\u0159ivede opravdu velik\u00e9 mno\u017estv\u00ed odborn\u00edk\u016f z cel\u00e9ho sv\u011bta, od Austr\u00e1lie p\u0159es, j\u00e1 nev\u00edm, V\u00fdchod a\u017e po Ameriku. Bude tam mnoho z\u00e1stupc\u016f, kte\u0159\u00ed pracuj\u00ed na univerzit\u00e1ch, ale budou tam i z\u00e1stupci obor\u016f, \u0159ekn\u011bme, t\u011bch, jak bych \u0159ekl, trli\u010dn\u00edch. A co tam za\u017eij\u00ed? No, je to p\u0159\u00edle\u017eitost z\u00edskat ov\u011b\u0159en\u00e9, relevantn\u00ed informace z t\u011bchto obor\u016f, proto\u017ee dle m\u00e9ho soudu v \u010cesk\u00e9 republice pr\u00e1v\u011b tento segment velmi v\u00fdrazn\u011b chyb\u00ed. A co je smyslem tohoto projektu? Je to otev\u0159\u00edt n\u011bjakou debatu? No jist\u011b, samoz\u0159ejm\u011b, proto\u017ee pod\u00edvejte, pokud jste norm\u00e1ln\u00ed, tak nepracujete proto, abyste prosazovali sebe osobn\u011b nebo pro pen\u00edze nebo pro n\u011bco ostatn\u00edho. Ale va\u0161\u00edm c\u00edlem je vlastn\u011b sv\u00fdm oborem pom\u00e1hat lidem. To je p\u0159ece p\u0159irozen\u00e9. A aby se to mohlo ud\u00e1t, tak je pot\u0159eba v\u017edy spolupr\u00e1ce v\u0161ech z\u00fa\u010dastn\u011bn\u00fdch, proto\u017ee bez toho je v\u017edy ten v\u00fdsledek pon\u011bkud slab\u0161\u00ed. \u010cili medic\u00edna EBM je zde tak\u00e9 zastoupena na tomto kongresu. Pardon, jenom pro div\u00e1ky, to je medic\u00edna zalo\u017een\u00e1 na d\u016fkazech, takov\u00e1 ta klasick\u00e1. Klasick\u00e1 medic\u00edna zalo\u017een\u00e1 na d\u016fkazech, ale budou tu zastoupeny i mnoh\u00e9 ostatn\u00ed obory. A c\u00edlem je vytvo\u0159it prostor pro komunikaci, tak, aby ti lid\u00e9 vlastn\u011b se dozv\u011bd\u011bli o tom, co ta kter\u00e1 strana vlastn\u011b p\u0159in\u00e1\u0161\u00ed. A je to mimochodem d\u016fle\u017eit\u00e9 i proto, \u017ee zvl\u00e1\u0161t\u011b u n\u00e1s velmi chyb\u00ed na fakult\u00e1ch edukace nebo vzd\u011bl\u00e1v\u00e1n\u00ed budouc\u00edch l\u00e9ka\u0159\u016f. Oni se s touto tematikou setkaj\u00ed ve sv\u00e9 praxi, ale prakticky nemaj\u00ed \u017e\u00e1dn\u00e9 informace o tom, co to vlastn\u011b p\u0159edstavuje, co\u017e jist\u011b nen\u00ed v\u00fdhodn\u00e9. A tak jedn\u00edm z c\u00edl\u016f je i vlastn\u011b p\u0159in\u00e1\u0161et informace do tohoto prost\u0159ed\u00ed, ale i \u0161irok\u00e9 ve\u0159ejnosti. Kdy\u017e se pod\u00edv\u00e1me na statistiku, tak dneska je to tak, \u017ee st\u00e1le v\u00edce stoup\u00e1 procento lid\u00ed, kte\u0159\u00ed u\u017e\u00edvaj\u00ed tyto obory, a to velmi. Kdy\u017e se pod\u00edv\u00e1me do vysp\u011bl\u00fdch zem\u00ed, nikoli v t\u011bch zem\u00ed t\u0159et\u00edho sv\u011bta, tak je to 30 a\u017e 70 % populace, kter\u00e1 tyto obory pou\u017e\u00edv\u00e1. A to je v\u00fdznamn\u00e9 \u010d\u00edslo. Zept\u00e1m se dostat kapacity ze v\u0161ech t\u011bchto obor\u016f do na jedno m\u00edsto je pom\u011brn\u011b slo\u017eit\u00e9. Jsou naklon\u011bn\u00ed jak jedna, tak druh\u00e1 strana tomu spole\u010dn\u00e9mu dialogu. Pod\u00edvejte, nikde to nen\u00ed \u010dern\u00e9 nebo b\u00edl\u00e9. I v zem\u00edch, kde tyto metody jsou p\u0159edn\u00e1\u0161eny na univerzit\u00e1ch a jsou zarazeny do t\u0159eba zdravotn\u00ed p\u00e9\u010de, tak i tam samoz\u0159ejm\u011b jsou r\u016fzn\u00e9 n\u00e1zory. P\u0159esto zvl\u00e1\u0161t\u011b ve sv\u011bt\u011b je tento segment daleko v\u00edce vyu\u017e\u00edv\u00e1m, jak jsem nazna\u010dil, je p\u0159ij\u00edm\u00e1n i tou v\u011bdeckou \u010d\u00e1st\u00ed jako, \u0159ekn\u011bme, standardn\u00ed, m\u016f\u017eeme se pod\u00edvat na datab\u00e1ze v\u00fdznamn\u00e9 medicinsk\u00e9 datab\u00e1ze a to je Cochrane a PubMed. To jsou velmi presti\u017en\u00ed datab\u00e1ze a na nich najdeme vlastn\u011b v t\u00e9to chv\u00edli p\u0159es 18000 velmi kvalitn\u00edch studi\u00ed, kter\u00e9 se t\u00fdkaj\u00ed pr\u00e1v\u011b t\u011bchto TCIM obor\u016f a nalezneme zde i informace, kter\u00e9 jsou z\u00e1sadn\u00ed. Nap\u0159\u00edklad v Cochraneu provedli vlastn\u011b srovn\u00e1n\u00ed t\u011bchto obor\u016f, tedy TCIM a EB medic\u00edny, \u010dili t\u00e9 klasick\u00e9 a zjistilo se, \u017ee ty v\u00fdsledky v mnoha p\u0159\u00edpadech jsou jen o malinko ni\u017e\u0161\u00ed u t\u00e9 medic\u00edny druh\u00e9 a tak d\u00e1le a tak d\u00e1le. \u010cili to jsou pr\u00e1vn\u00ed informace, kter\u00e9 zde velmi chyb\u00ed, kter\u00e9 je pot\u0159eba p\u0159in\u00e9st velc\u00ed regul\u00e1to\u0159i, jako je t\u0159eba, j\u00e1 nev\u00edm, VHA, VHA, Evropsk\u00fd parlament, Evropsk\u00e1 komise a dal\u0161\u00ed, tak tam t\u0159eba prob\u00edhal obrovsk\u00fd v\u00fdzkum jmenoval se Kambrela, tedy desetn\u00edk a ten zahrnul vlastn\u011b celou tehdy druhou Evropu ne\u017e my a byl potom p\u0159edne\u0161en z\u00e1v\u011bre\u010dn\u00e1 zpr\u00e1va. No a v\u00fdsledkem bylo to, \u017ee v\u0161ichni to regul\u00e1to\u0159i doporu\u010dovali n\u00e1rodn\u00edm vl\u00e1d\u00e1m, aby tyto v\u011bci studovali a zarezovali do zdravotn\u00ed p\u00e9\u010de, pokud se to uk\u00e1\u017ee jako jako hodn\u00e9 od t\u00e9 doby a u\u017e d\u00e1vno p\u0159edt\u00edm bylo tady mnoho v\u00fdzkumn\u00fdch centr v ka\u017ed\u00e9 zem\u011b to tro\u0161ku jinak. N\u011bkde je jedno, n\u011bkde v\u00edce. J\u00e1 jsem t\u0159eba jednal p\u0159ed t\u0159emi m\u011bs\u00edci v Lond\u00fdn\u011b s Johnem Husem, co\u017e je \u0159editel v\u00fdzkumu Kr\u00e1lovsk\u00e9 lond\u00fdnsk\u00e9 nemocnice a bude na kongresu taky na n\u011b\u017e na n\u011bj se velmi t\u011b\u0161\u00edm, proto\u017ee odborn\u00edk vlastn\u011b pr\u00e1v\u011b na v\u00fdzkum a pozoroval jsem, jak se to vlastn\u011b d\u011bl\u00e1 v tom Lond\u00fdn\u011b, jak se to d\u011bl\u00e1 jinde. No a vlastn\u011b maj\u00ed cesta. Ptal jste se na to, jak je dostup do t\u00e9 Prahy. To je vlastn\u011b unik\u00e1tn\u00ed. Tak to za\u010dalo velmi nen\u00e1padn\u011b. J\u00e1 jsem dlouho z\u016fstal po sv\u00e9m p\u016fvodn\u00edm, \u0159ekn\u011bme, \u017ee medi\u00e1ln\u00edm vstupu jsem z\u016fstal, jak si v pozad\u00ed. A pak jsem najednou zaznamenal jakousi \u017e\u00e1dost, aby lid\u00e9 hl\u00e1sili jenom negativn\u00ed zku\u0161enosti s medic\u00ednou touto. No tak jsem si \u0159\u00edkal, no tak to by nebylo spr\u00e1vn\u00e9, je pot\u0159eba p\u0159ines cel\u00fd n\u00e1zor. A za\u010dal jsem tedy vstupovat do r\u016fzn\u00fdch svaz\u016f. Jsem dneska \u010dlen mno\u017estv\u00ed renesan rady Anme, co\u017e je nejv\u011bt\u0161\u00ed evropsk\u00fd svaz pro p\u0159\u00edrodn\u00ed medicinu a dal\u0161\u00edch a dal\u0161\u00edch. A za\u010dal jsem jist\u011b na kongresy, co\u017e vlastn\u011b p\u0159ineslo vytv\u00e1\u0159en\u00ed kontakt\u016f. J\u00e1 jsem m\u011bl kr\u00e1tk\u00fd proslov v britsk\u00e9m parlamentu. Nap\u0159\u00edklad to nevymysl\u00edte, to je prost\u011b \u00fa\u017easn\u00e9. Mohl jsem promluvit v evropsk\u00e9m parlamentu, jak se to stane. No, jste pozv\u00e1n n\u011bk\u00fdm, kdo tam m\u00e1 n\u011bjakou akci. Nap\u0159\u00edklad do toho britsk\u00e9ho parlamentu m\u011b pozval Amrdit S. Bahama, co\u017e je tajemn\u00edk nadstranick\u00e9 parlamentn\u00ed skupiny, kter\u00e1 je p\u0159i parlamentu Brit\u00e1nie. A ten mimochodem bude tak\u00e9 na kongresu, co\u017e bude velmi zaj\u00edmav\u00e1 zku\u0161enost. A on v\u00e1s pozve na tuto akci. No a jeliko\u017e jste v t\u00e9 dob\u011b vlastn\u011b je\u0161t\u011b z t\u00e9 oblasti trochu takov\u00e9, jakoby za oponou, tak samoz\u0159ejm\u011b v\u0161ichni se na v\u00e1s d\u00edvaj\u00ed jako trochu na zvl\u00e1\u0161tn\u00ed osobu. A to pom\u00e1halo tomu navazov\u00e1n\u00ed kontaktu. No a v Bruselu to prob\u00edhalo zase jinak. Tam profesor Marantanga byl z Cambridge, m\u011b prost\u011b vzal za k\u0159\u00eddlo a p\u0159estavil m\u011b v\u0161em t\u011bm \u00favozovk\u00e1m, jak si no hlavou hlavou. J\u00e1 jsem to cht\u011bl \u0159\u00edct, \u017ee by to nebylo vhodn\u00e9, tak\u017ee p\u0159estavil t\u011bm hlavou. No a tak vlastn\u011b za\u010dala cel\u00e1 ta cesta. P\u0159i\u0161ly teda pozv\u00e1nky na kongresy, p\u0159i\u0161ly pozv\u00e1nky, a to i na v\u011bdeck\u00e9 kongresy t\u0159eba v Rakousku jinde. Byl jsem v Bracilon\u011b na kongresu vlastn\u011b integrat\u00ed medicin\u00ed. To byly sam\u00fd l\u00e9ka\u0159i a sam\u00fd profeso\u0159i. No, ale tak nakonec i u n\u00e1s na tom na\u0161em kongresu bude t\u011bch profesor\u016f opravdu mnoho. Jaksi alternativn\u00ed medic\u00edna, jestli mohu tak medic\u00ednu TCIM nebo p\u0159\u00edstup TCIM ozna\u010dit, je to nep\u0159esn\u00e9, ale je to nep\u0159esn\u00e9. Asi je to z m\u00e9ho pohledu lajka. Jak\u00e1 je jej\u00ed popularita v uvozovk\u00e1ch v \u010cesku? To m\u00e1te tak, j\u00e1 jsem pracoval v dob\u011b, kdy n\u00e1s bylo t\u0159eba 15 20. Pak p\u0159i\u0161la revoluce, uvolnila se stavidla, co\u017e bylo dobr\u00e9. Na druhou stranu to p\u0159ineslo vlastn\u011b obrovsk\u00fd b\u016fm a v tom b\u016fmu se vyskytovaly i lid\u00e9, kte\u0159\u00ed tomu d\u011blali tro\u0161ku, jaksi nep\u0159\u00edli\u0161 reklamu, ale p\u0159esto lid\u00e9 za\u010dali m\u00edt o to v\u011bt\u0161\u00ed z\u00e1jem a ten z\u00e1jem trv\u00e1. Agentura Stenmark p\u0159ed n\u011bkolika lety provedla pr\u016fzkum, zd\u00e1 by lid\u00e9, jak si souhlasili s t\u00edm, aby tyto obory byly d\u00e1l jaksi za\u0159azov\u00e1ny. A mysl\u00edm si, \u017ee to bylo 78% \u010cech\u016f tehdy \u0159eklo, \u017ee ano. Mimo to jsme provedli, jak si petici, kterou podepsalo 40 tis\u00edc lid\u00ed. P\u0159edstavte si to a ta petice byla projedn\u00e1na v peticn\u00ed v\u00fdboru v parlamentu. No a ten kone\u010dn\u00fd z\u00e1v\u011br toho jedn\u00e1n\u00ed byl vlastn\u011b velmi pozitivn\u00ed. On \u0159\u00edkal, \u017ee je t\u0159eba p\u0159in\u00e1\u0161et informace do t\u00e9 vzd\u011bl\u00e1vac\u00ed soustavy atd. No a vlastn\u011b ten proces trv\u00e1, je to proces. Mysl\u00edte si, \u017ee je tady mo\u017enost nebo m\u00e1te vy vlastn\u011b tu ambici doc\u00edlit toho, aby tento zp\u016fsob l\u00e9\u010dby, bo p\u00e9\u010de byl hrazen z ve\u0159ejn\u00e9ho zdravotn\u00edho poji\u0161t\u011bn\u00ed? No to se nept\u00e1te na prv\u00e9m m\u00edst\u011b, proto\u017ee m\u016fj obor, j\u00e1 jsem v oboru biotronika a jsem \u017e\u00e1kem Josefa Zezulky, co\u017e byl n\u00e1\u0161 asi nejslavn\u011bj\u0161\u00ed a byl to \u00fa\u017easn\u00fd \u010dlov\u011bk. Tak tento obor jenom profitn\u00ed. To znamen\u00e1, \u017ee ten vlastn\u00ed z\u00e1sah nebo ta pomoc nem\u016f\u017ee b\u00fdt nikdy placena. Je to duchovn\u00ed l\u00e9\u010dba a to samoz\u0159ejm\u011b neznamen\u00e1, \u017ee kdokoliv jin\u00fd, kdo pou\u017e\u00edv\u00e1 bylin nebo cokoliv jin\u00e9ho, nem\u016f\u017ee \u017e\u00e1dat za svou pr\u00e1ci om\u011bnu. Ale tady je to prost\u011b takhle, \u010dili tady tato ambice umn\u00e9 nen\u00ed. Samoz\u0159ejm\u011b, \u017ee v r\u016fzn\u00fdch jin\u00fdch oborech je to r\u016fzn\u00e9, ale to u\u017e je zase na regulatorov\u011b, aby to vlastn\u011b vyu\u017e\u00edval. Tak\u017ee nahrala jste mi, pod\u00edvejte. To, co t\u0159eba v t\u00e9hle chv\u00edli jsem \u0159e\u0161il, byla re\u0161er\u0161e v\u00fdzkum\u016f t\u011bch, kte\u0159\u00ed vlastn\u011b zkoumaly prosp\u011b\u0161nost ve zdravotn\u00ed p\u00e9\u010di t\u011bchto obor\u016f i z hlediska financ\u00ed. A existuje cel\u00e1 \u0159ada studi\u00ed. Velmi zaj\u00edmav\u00e1 byla t\u0159eba \u0161v\u00fdcarsk\u00e1 studie, kter\u00e1 dokazovala naprosto \u0159\u00e1dn\u00fdm zp\u016fsobem, tedy \u0159ekn\u011bme v\u00fdzkumem, klasick\u00fdm v\u00fdzkumem, \u017ee tyto obory p\u0159in\u00e1\u0161ej\u00ed \u00fasporu, kter\u00e1 je v\u00fdznamn\u00e1 a tak d\u00e1le a tak d\u00e1le. A je\u0161t\u011b jednu v\u011bc, kdy\u017e jsme u v\u00fdzkumu. P\u0159i t\u00e9 cest\u011b v t\u00e9to oblasti do sv\u011bta m\u011b p\u0159ekvapilo nejv\u00edc to, co trochu i \u0161okovalo. V\u00edte, kdo ud\u011blal jeden z nejlep\u0161\u00edch v\u00fdzkum\u016f v\u016fbec? Ne, to byste nev\u011b\u0159ila na to. V \u010dem spo\u010d\u00edval? Oni zjistili, \u017ee v\u00fdznamn\u00e1 \u010d\u00e1st jejich person\u00e1lu u\u017e\u00edv\u00e1 tyto metody. Bylo to kolem 50%. Tak se rozhodli, \u017ee to samoz\u0159ejm\u011b mus\u00ed tak\u00e9 zkoumat a n\u011bjak za\u0159adit do syst\u00e9mu. A tak za\u010dali cestu toho v\u00fdzkumu. A tato zpr\u00e1va je, mysl\u00edm, velmi komplexn\u00ed. Velmi zaj\u00edmav\u00e1. K \u010demu do\u0161li? No, do\u0161li k tomu, k \u010demu v\u0161ichni ostatn\u00ed. J\u00e1 t\u0159eba jsem vydal v institutu spolu s p\u0159\u00e1teli kn\u00ed\u017eku a nev\u00edm, jestli ji m\u016f\u017eu uk\u00e1zat. M\u016f\u017eete. Ano, je to alternativn\u00ed medic\u00edna c\u00edna ve sv\u011bt\u011b. Kam ve sv\u011bt\u011b a zde jsou vlastn\u011b v\u0161echny \u0159\u00e1dn\u011b dolo\u017een\u00e9 p\u0159eklady v\u0161ech informac\u00ed, kter\u00e9 m\u00e1me k dispozici z t\u00e9to oblasti, \u010dili p\u0159eklady t\u011bch rozhoduj\u00edc\u00edch, \u0159ekn\u011bme, usnesen\u00ed t\u011bch regul\u00e1tor\u016f, ale i v\u00fdsledky, \u0159ekn\u011bme, t\u011bch v\u00fdzkum\u016f a tak d\u00e1le. A tady vlastn\u011b hned za\u010d\u00e1tku m\u016f\u017eete nal\u00e9zt velmi, velmi informace, kter\u00e9 jsou zat\u00edm u n\u00e1s p\u0159\u00edli\u0161 nezn\u00e1m\u00e9, \u010dili t\u0159eba po\u010det v\u00fdzkumn\u00edch centr, na kter\u00fdch univerzit\u00e1ch adresy univerzity se to p\u0159edn\u00e1\u0161\u00ed a tak d\u00e1le. Kolik lid\u00ed o to m\u00e1 z\u00e1jem, tak je \u00fasp\u011b\u0161nost nebezpe\u010d\u00ed pro pacienta, kter\u00e9 p\u0159in\u00e1\u0161\u00ed alternativn\u00ed medic\u00edna, proto\u017ee tady paradoxn\u011b z v\u00fdzkumu, kter\u00fd vlastn\u011b ud\u011blal Cochrane, vy\u0161lo, \u017ee sv\u00fdm zp\u016fsobem a je to pochopiteln\u00e9, proto\u017ee medic\u00edna je obor, kter\u00fd pracuje v oblastech, \u0159ekn\u011bme, \u0161traumat invazivn\u00edch a tak d\u00e1le, tak\u017ee tam reskdy to nebezpe\u010d\u00ed nen\u00ed v\u011bt\u0161\u00ed, ne\u017e u t\u00e9 medic\u00edny naopak. A r\u00e1d bych tady tak\u00e9 se zm\u00ednil u t\u00e9 medic\u00edny. Pod\u00edvejte, my v\u0161ichni jsme nemocn\u00ed, my v\u0161ichni ob\u010das pot\u0159ebujeme pomoc a j\u00e1 se s velkou l\u00e1skou obrac\u00edm na l\u00e9ka\u0159e, kdy\u017e je to na m\u00edst\u011b a je ovej. No a tady nejde o to, aby vznikal n\u011bjak\u00fd souboj nebo \u0159ekn\u011bme n\u011bjak\u00e1 rivalita, ale jde o to, aby se vyu\u017e\u00edvali zvl\u00e1\u0161t\u011b v dne\u0161n\u00ed dob\u011b, kde vid\u00edme n\u00e1stup nemoc\u00ed, kter\u00e9 zat\u00edm p\u0159\u00edli\u0161 nebyly zn\u00e1my nebo nov\u00fdch nemoc\u00ed. Vid\u00edme chroniky, vid\u00edme v\u0161echnu tuto oblast a dost mo\u017en\u00e1, \u017ee n\u011bkter\u00e9 z t\u011bchto postup\u016f mohou p\u0159in\u00e1\u0161et pomoc. A to m\u011b pr\u00e1v\u011b zaj\u00edm\u00e1, kde vid\u00edte ten prostor v\u00e1mi pou\u017e\u00edvan\u00fdch metod a to nemysl\u00edm v\u00e1s osobn\u011b pouze, ale cel\u00e9ho tohoto oboru nebo t\u00e9to oblasti, kde by mohly nahradit nebo doplnit sp\u00ed\u0161e jich doplnit sp\u00ed\u0161e doplnit ty metody tradi\u010dn\u00ed medit nebo ty klasick\u00e9 medic\u00edny konzervativn\u00ed. J\u00e1 mus\u00edm m\u00edt hodn\u011b dozadu. Klasick\u00e1 medic\u00edna vznikla jako pokra\u010dov\u00e1n\u00ed masti\u010dk\u00e1\u0159\u016fm a tak d\u00e1le. A v podstat\u011b se rozvinula velmi, velmi v\u011bdeck\u00fd obor. Je to tak dob\u0159e a v\u0161ichni jsme r\u00e1di a za ka\u017ed\u00fd \u00fasp\u011bch jsme vd\u011b\u010dn\u00ed. Ona, ale p\u0159es ve\u0161ker\u00fd postup, kdy\u017e se pod\u00edv\u00e1me t\u0159eba do repetitory, a co\u017e je takov\u00e1 tlust\u00e1 kn\u00ed\u017eka, kde jsou v\u0161echny zn\u00e1m\u00e9 nemoc\u00ed, tak na z\u00e1v\u011br m\u00e1te pozn\u00e1mku. L\u00e9\u010dba zn\u00e1m\u00e1, l\u00e9\u010dba nezn\u00e1m\u00e1 a tak d\u00e1le. A rozhodn\u011b v dne\u0161n\u00ed dob\u011b m\u00e1me je\u0161t\u011b mnoho a mnoho t\u011bch pozn\u00e1mek, jaksi l\u00e9\u010dba pouze paliativn\u00ed, to znamen\u00e1 nel\u00e9\u010d\u00edc\u00ed p\u0159\u00ed\u010dinu. A to samoz\u0159ejm\u011b znamen\u00e1, \u017ee se najde je\u0161t\u011b mnoho medic\u00ednn\u011b postup\u016f. A to znamen\u00e1 taky to, \u017ee je to oblast, kter\u00e1 le\u017e\u00ed mimo tento zp\u016fsob. A tam tam vid\u00edte tu p\u0159\u00edle\u017eitost, tam vid\u00edm tu p\u0159\u00edle\u017eitost. Koneckonc\u016f sv\u00fdm zp\u016fsobem, pro\u010d dodnes, pro\u010d je zh\u00e1p\u00e1n\u00ed d\u017eungle a domorov\u00e9 \u0161amany l\u00e9ka\u0159sk\u00e9 t\u00fdmy, kter\u00e9 se pokou\u0161ej\u00ed naj\u00edt, \u0159ekn\u011bme, ty spr\u00e1vn\u00e9 alkaloidy a l\u00e1tky pro v\u00fdvoj nov\u00fdch l\u00e9k\u016f. Cel\u00fd sv\u011bt m\u00e1 za sebou zku\u0161enost v podob\u011b pandemie kovidu. Jak\u00fdm zp\u016fsobem tahle ta cel\u00e1 situace ovlivnila no tradi\u010dn\u00ed nebo tu alternativn\u00ed medic\u00ednu? Byli jsme v podstat\u011b v \u00favozovk\u00e1ch nahn\u00e1n\u00ed do chrt\u00e1n\u016f. To je konzervativn\u00ed. Ano, do ur\u010dit\u00e9 m\u00edry, ale z\u00e1rove\u0148 to m\u011blo i opa\u010dn\u00fd efekt a to velmi v\u00fdrazn\u011b. Sv\u00fdm zp\u016fsobem se aktivizovaly tyto netradi\u010dn\u00ed medic\u00edny a to snad mo\u017en\u00e1 zejm\u00e9na v Indii, kde ta indick\u00e1 medic\u00edna tam mimochodem se l\u00e9ka\u0159i b\u011b\u017en\u011b vzd\u011bl\u00e1vaj\u00ed z\u00e1rove\u0148 v z\u00e1padn\u00ed medic\u00edn\u011b i v t\u00e9 jejich agrov\u00e9d\u011b. To je naprosto standardn\u00ed a jejich postupy p\u0159in\u00e1\u0161ely pom\u011brn\u011b dobr\u00e9 v\u00fdsledky statisticky. Tak\u017ee ono ten kovid zp\u016fsobil mimo jin\u00e9 to, \u017ee tento t\u0159et\u00ed ro\u010dn\u00edk kongresu je u\u017e t\u0159et\u00ed, je prvn\u00ed, tedy fyzick\u00fd a do t\u00e9to doby to byly vlastn\u011b kongresy, kter\u00e9 se odehr\u00e1valy virtu\u00e1ln\u011b. M\u011bli \u00fasp\u011bch, byly \u00fasp\u011b\u0161n\u00e9, ale toto je samoz\u0159ejm\u011b mnohem jaksi zd\u011bln\u011bj\u0161\u00ed, proto\u017ee kdy\u017e n\u011bk\u00fdm m\u016f\u017eete mluvit na\u017eivo, je to je to daleko, daleko lep\u0161\u00ed. J\u00e1 bych jenom je\u0161t\u011b r\u00e1d p\u0159ipomenu, \u017ee na tom kongresu se objevuj\u00ed lid\u00e9 z cel\u00e9ho sv\u011bta. Je to glob\u00e1ln\u00ed kongres. Jsou tu lid\u00e9 z Austr\u00e1lie, kter\u00fd zde vystoup\u00ed, j\u00e1 nev\u00edm, z Indie, ze Sri Lanky, ze v\u0161ech mo\u017en\u00fdch \u010d\u00e1st\u00ed a tak\u00e9 ze z\u00e1padu. To znamen\u00e1, j\u00e1 nev\u00edm, Kornelova Medical College, Ba\u0161v\u00e1ty, Bata\u010d\u00e1r je doktorka, je tu profesorom Nantangavelu, je tu, abych \u0159\u00edkal zm\u011bnila, zm\u00edn\u011bn\u00fd ji\u017e a je tam mnohem dal\u0161\u00ed odpoln\u00edk\u016f opravu z cel\u00e9 Evropy a i tak\u00e9 z\u00e1stupc\u00ed nutliv\u00fdch svaz\u016f. Je tam svaz Anme, o kter\u00e9m jsem mluvil pro p\u0159\u00edrodn\u00ed medic\u00ednu, ale je tam t\u0159eba nap\u0159\u00edklad Salus, co\u017e je svaz, kter\u00fd vych\u00e1z\u00ed z It\u00e1lii a je nav\u00e1zan na evropsk\u00fd parlament, sp\u00ed\u0161e jsou tam dal\u0161\u00ed. \u010cili bude to opravdu d\u016fstojn\u00fd pr\u016f\u0159ez cel\u00e9 t\u00e9to t\u00e9to oblasti, v\u010detn\u011b v\u00fdzkumu, co\u017e je d\u016fle\u017eit\u00e9. A nejde o to tady vlastn\u011b prosazovat n\u011bjak\u00e9, \u0159ekn\u011bme, \u017ee rozum\u00edte takov\u00e9, jak bych to nazval. Z\u00e1jmy, nejde o lobing? Samoz\u0159ejm\u011b, \u017ee se objev\u00ed v\u017edy, ale na\u0161\u00edm c\u00edlem je, aby se sp\u00ed\u0161e dostal do pop\u0159edn\u00ed ten pacient, proto\u017ee my tam m\u00e1me jedno ze sel jednak \u00fasp\u011bchy a trendy alternativn\u00ed tcm pro 21. stolet\u00ed a kulturn\u00ed d\u011bdictv\u00ed pro budoucnost. Tak to je prvn\u00ed a potom zdrav\u00ed nezn\u00e1 hranic, ale nejde, co n\u00e1s spojuje. A to je vlastn\u011b to, co vyjad\u0159uje smysl toho kongresu. Jist\u011b, \u017ee se tam objev\u00ed n\u011bkdo, to se ned\u00e1 vylou\u010dit, kdo bude referovat sp\u00ed\u0161e sv\u00e9 vlastn\u00ed z\u00e1jmy. Ale c\u00edlem je, aby to bylo vedeno hlavn\u011b t\u00edmto sm\u011brem a douf\u00e1me vlastn\u011b i pro p\u0159\u00ednos pro na\u0161i \u010ceskou republiku, proto\u017ee tento kongres je u\u017e dneska narove\u0148 t\u0159eba lond\u00fdnsk\u00e9mu kongresu, kter\u00fd je celosv\u011btov\u011b velk\u00fd. A j\u00e1 t\u0159eba i hned po tomto kongresu odl\u00e9t\u00e1m do \u0158\u00edma, kde se odehr\u00e1v\u00e1 dal\u0161\u00ed kongres a sice integrativn\u00ed medic\u00edn, co\u017e jsou l\u00e9ka\u0159i zejm\u00e9na. J\u00e1 tam m\u00e1m tedy p\u0159ijali jeden z m\u00fdch poustr\u016f, \u010dili j\u00e1 tam budu jakoby pracovn\u011b a na tom kongresu se jdou zase velmi bl\u00ed\u017enavn\u00ed jedinci. P\u0159ed n\u011bjak\u00fdm \u010dasem kr\u00e1tk\u00fdm byl kongres v Indii, v Gujaratu, kde bylo 700 odborn\u00edk\u016f z cel\u00e9ho sv\u011bta, kter\u00fd se v\u011bnuj\u00ed t\u011bmto obor\u016fm. A jaksi je tady po\u0159\u00e1d st\u00e1le co nov\u00e9ho, je to velmi, velmi \u017eiv\u00e1 oblast. Praha se tedy d\u00edky Mezin\u00e1rodn\u00edmu kongresu zdrav\u00ed, stane nebo postav\u00ed vedle t\u011bchto t\u011bchto velk\u00fdch akc\u00ed celosv\u011btov\u00fdch. Ano, nezb\u00fdv\u00e1 n\u00e1m nic jin\u00e9ho, ne\u017e div\u00e1ky pozvat ve dnech 15. a\u017e 17. z\u00e1\u0159\u00ed kam. Tak\u017ee jednak div\u00e1ci mohou mohou vyu\u017e\u00edt vlastn\u011b sledov\u00e1n\u00ed toho kongresu online. To znamen\u00e1, \u017ee ka\u017ed\u00fd se m\u016f\u017ee p\u0159ihl\u00e1sit, sta\u010d\u00ed se na str\u00e1nk\u00e1ch kongresu zaregistrovat sv\u00fdm e-mailem, dostane p\u0159\u00edstupov\u00e1 hesla a m\u016f\u017ee zdarma ten kongres pozorovat. Jsou tam t\u0159i jednac\u00ed s\u00e1ly, je tam hlavn\u00ed s\u00e1l, je tam druh\u00fd s\u00e1l a je tam online s\u00e1l. Tak\u017ee m\u016f\u017eete si vybrat program kongresu je k dispozici, ji\u017e m\u016f\u017eete a je to tedy pro v\u0161echny z v\u00e1s. Byl bych r\u00e1d, kdyby to aspo\u0148 co nejv\u011bt\u0161\u00ed h\u0159ejnosti p\u0159ineslo, p\u0159ineslo pozn\u00e1n\u00ed nebo t\u00e9mach zamy\u0161len\u00ed. Adresa je www.mkz jako Mezin\u00e1rodn\u00ed kongres zdrav\u00ed 2023 to je rok a praha.cz, \u010dili www.mkz 2023 praha.cz a tam se v\u0161ichni m\u016f\u017eeme setkat. Kdybyste m\u011bli z\u00e1jem, tak se m\u016f\u017eete p\u0159ihl\u00e1sit jako i fyzick\u00fd div\u00e1k. Perfektn\u00ed pane Fajfer, j\u00e1 v\u00e1m moc d\u011bkuji za dne\u0161n\u00ed pov\u00edd\u00e1n\u00ed. V\u011b\u0159\u00edm, \u017ee jsme na\u0161im div\u00e1k\u016fm odhalili zase tro\u0161ku tro\u0161ku v\u00edce z t\u00e9 alternativn\u00ed medic\u00edny, kterou tak nespr\u00e1vn\u011b naz\u00fdv\u00e1m a budeme v\u011b\u0159it, \u017ee c\u00edl, kter\u00fd si Mezin\u00e1rodn\u00ed kongres zdrav\u00ed vyt\u00fd\u010dil, je ten, kter\u00e9ho se poda\u0159\u00ed dos\u00e1hnout. Zajmu n\u00e1s v\u0161ech. P\u0159esn\u011b tak, j\u00e1 v\u00e1m moc d\u011bkuji a v\u00e1m, byl\u00fd div\u00e1ci, d\u011bkuji za pozornost a t\u011b\u0161\u00edm se zase n\u011bkdy na vid\u011bnou. Na vid\u011bnou.","nbla_serie":"940","nbla_season":"2023","nbla_episode":"100","nbla_duration":"1303.64","nbla_genre":"3.5.16","nbla_editorial_format":"2.1.5","nbla_mtime":"1694690102","nbla_url":"https:\/\/origin.a11.cz\/vod\/dkolycpmxwqh6givxuplnf3bi.mp4","nbla_version":"1694687853","nbla_odvysilano":"Ano","bunny_id":"3591a32a-bfaf-4509-a24a-cb471155c898","youtube_id":"","datum_vydani":"20230914","stopaz":"1303.64","dokument":[],"video_to":[]},"_links":{"self":[{"href":"https:\/\/tv.a11.cz\/api\/wp\/v2\/video\/10324","targetHints":{"allow":["GET"]}}],"collection":[{"href":"https:\/\/tv.a11.cz\/api\/wp\/v2\/video"}],"about":[{"href":"https:\/\/tv.a11.cz\/api\/wp\/v2\/types\/video"}],"author":[{"embeddable":true,"href":"https:\/\/tv.a11.cz\/api\/wp\/v2\/users\/8"}],"wp:featuredmedia":[{"embeddable":true,"href":"https:\/\/tv.a11.cz\/api\/wp\/v2\/media\/10470"}],"wp:attachment":[{"href":"https:\/\/tv.a11.cz\/api\/wp\/v2\/media?parent=10324"}],"wp:term":[{"taxonomy":"category","embeddable":true,"href":"https:\/\/tv.a11.cz\/api\/wp\/v2\/categories?post=10324"},{"taxonomy":"porad","embeddable":true,"href":"https:\/\/tv.a11.cz\/api\/wp\/v2\/porad?post=10324"},{"taxonomy":"region","embeddable":true,"href":"https:\/\/tv.a11.cz\/api\/wp\/v2\/region?post=10324"},{"taxonomy":"kategorie","embeddable":true,"href":"https:\/\/tv.a11.cz\/api\/wp\/v2\/kategorie?post=10324"}],"curies":[{"name":"wp","href":"https:\/\/api.w.org\/{rel}","templated":true}]}}