{"id":10319,"date":"2023-09-14T11:10:12","date_gmt":"2023-09-14T09:10:12","guid":{"rendered":"https:\/\/tv.a11.cz\/?post_type=video&#038;p=10319"},"modified":"2023-09-15T15:41:08","modified_gmt":"2023-09-15T13:41:08","slug":"prahu-11-trapi-nedostatek-parkovacich-mist","status":"publish","type":"video","link":"https:\/\/tv.a11.cz\/video\/prahu-11-trapi-nedostatek-parkovacich-mist\/","title":{"rendered":"Prahu 11 tr\u00e1p\u00ed nedostatek parkovac\u00edch m\u00edst"},"content":{"rendered":"","protected":false},"excerpt":{"rendered":"<p>Nedostate\u010dn\u00e9 mo\u017enosti parkov\u00e1n\u00ed jsou \u010dast\u00fdm probl\u00e9mem v Praze. I Prahu 11 tyto pot\u00ed\u017ee tr\u00e1p\u00ed. Parkov\u00e1n\u00ed na Praze 11 na Ji\u017en\u00ed m\u011bst\u011b je obrovsk\u00fd probl\u00e9m, jako na v\u011bt\u0161in\u011b s\u00eddli\u0161\u0165 v Praze.<\/p>\n","protected":false},"author":8,"featured_media":10350,"template":"","categories":[17,22,157],"porad":[],"region":[51,143],"kategorie":[],"class_list":["post-10319","video","type-video","status-publish","has-post-thumbnail","hentry","category-domaci","category-doprava","category-zpravy","region-praha","region-praha-4"],"acf":[],"meta_box":{"nbla_idec":"N2300100","nbla_title":"Prahu 11 tr\u00e1p\u00ed nedostatek parkovac\u00edch m\u00edst","nbla_subtitle":"","nbla_summary":"","nbla_description":"","nbla_transcription":"Nedostate\u010dn\u00e9 mo\u017enosti parkov\u00e1n\u00ed jsou \u010dast\u00fdm probl\u00e9mem v Praze. I Prahu 11 tyto pot\u00ed\u017ee tr\u00e1p\u00ed. Parkov\u00e1n\u00ed na Praze 11 na Ji\u017en\u00ed m\u011bst\u011b je obrovsk\u00fd probl\u00e9m, jako na v\u011bt\u0161in\u011b s\u00eddli\u0161\u0165 v Praze. Probl\u00e9m je ten, \u017ee dneska ty kapacity, kter\u00e9 tady jsou, tak v\u016fbec nesta\u010d\u00ed ani t\u011bm rezident\u016fm. Situace v n\u011bkter\u00fdch lokalit\u00e1ch Ji\u017en\u00edho m\u011bsta je kritick\u00e1 a ani rychl\u00e9 zaveden\u00ed z\u00f3n placen\u00e9ho st\u00e1n\u00ed zde situaci nevy\u0159e\u0161\u00ed. V\u0161e monitorujeme a ji\u017e nyn\u00ed v\u00edme, \u017ee v r\u00e1mci Prahy 11 je manko p\u0159es 3 tis\u00edce parkovac\u00edch m\u00edst. V sou\u010dasn\u00e9 chv\u00edli se \u0159e\u0161\u00ed zaveden\u00ed modr\u00fdch z\u00f3n, na co\u017e se n\u00e1zory politik\u016f li\u0161\u00ed. Hnut\u00ed ano je nap\u0159\u00edklad proti zaveden\u00ed modr\u00fdch z\u00f3n, ale p\u0159edseda v\u00fdboru pro dopravu je n\u00e1zoru opa\u010dn\u00e9ho. Je pot\u0159eba nejprve vybudovat nov\u00e1 parkovac\u00ed st\u00e1n\u00ed, lehk\u00fdmi parkovac\u00edmi domy, n\u011bjak\u00fdmi podzemn\u00edmi gar\u00e1\u017eemi, tak aby byl dostatek m\u00edst pro ty rezidenty. My se boj\u00edme toho, \u017ee pokud bychom zavedli modr\u00e9 z\u00f3ny, tak budeme prod\u00e1vat povolenky lidem na m\u00edsta, kter\u00e1 vlastn\u011b neexistuj\u00ed. Zaveden\u00ed modr\u00fdch z\u00f3n je tak prom\u011bstskou \u010d\u00e1st jedinou mo\u017enost\u00ed, jak n\u011bco s parkov\u00e1n\u00edm v dohledn\u00e9 dob\u011b ud\u011blat. D\u016fvody jsou hlavn\u011b finan\u010dn\u00ed. Krom\u011b pozitivn\u00edch efekt\u016f samotn\u00fdch z\u00f3n se tak\u00e9 odblokuje mo\u017enost financov\u00e1n\u00ed parkovac\u00edch dom\u016f z hlavn\u00edho m\u011bsta. Vybudov\u00e1n\u00ed dostate\u010dn\u00e9 s\u00edt\u011b je proces na velmi dlouhou dobu. Kr\u00e1tkodob\u011b lze zajistit pouze p\u00e1r m\u00edst k parkov\u00e1n\u00ed. Je pot\u0159eba vybudovat cel\u00e1 parkovi\u0161t\u011b \u010di parkovac\u00ed domy. Komplexn\u00ed \u0159e\u0161en\u00ed. Nen\u00ed mo\u017en\u00e9 horizontu m\u011bs\u00edc\u016f, dokonce bych \u0159ekl ani jednotek let, proto\u017ee abyste ten probl\u00e9m vy\u0159e\u0161ila, mus\u00edte vybudovat podle m\u011b na Praze 11 ne des\u00edtky, ne stovky, ale tis\u00edce. Jednotky tis\u00edc parkovac\u00edch m\u00edst. Z\u00e1sadn\u00edm probl\u00e9mem v \u0159e\u0161en\u00ed parkov\u00e1n\u00ed je podle n\u011bkter\u00fdch nedostate\u010dn\u00e1 \u010dinnost radnice. Minul\u00e9m volebn\u00edm obdob\u00ed m\u00edsto starosta pro \u00fazemn\u00ed rozvoj SEDEKE proces odstartoval a p\u0159ipravil. To znamen\u00e1, sou\u010dasn\u00e1 radnice ten proces m\u00e1 rozb\u011bhnut\u00fd. M\u00e1 velk\u00e9 l\u00edto, s t\u00edm n\u011bm nepokra\u010duje. Radnice s n\u011bkter\u00fdmi politiky o t\u00e9to v\u011bci jedn\u00e1, jin\u00ed se nesetk\u00e1vaj\u00ed s p\u0159ijet\u00edm. Pro tuto report\u00e1\u017e na\u0161\u00ed redakci starostka Zde\u0148kov\u00e1 ale neodpov\u011bd\u011bla. Z\u00e1sadn\u00edm tak\u00e9 je, \u017ee tento probl\u00e9m tr\u00e1p\u00ed i m\u00edstn\u00ed obyvatelstvo. Bojuju s t\u00edm skoro ka\u017ed\u00fd den. Probl\u00e9m je i ten, \u017ee se m\u011bzd\u00ed hodn\u011b lid\u00ed, tak\u00e9 mimo pra\u017esk\u00fd lidi, kter\u00fd tady zaparkujou, p\u0159estoup\u00ed si na metro a ne v\u017edycky vyu\u017e\u00edvaj\u00ed ty parkovi\u0161t\u011b, kter\u00e9 jsou u metra. Zda se na Praze 11 parkovac\u00ed podm\u00ednky zlep\u0161\u00ed z\u00e1vis\u00ed na tom, kolik parkovac\u00edch m\u00edstce vybuduje. Pro televize A11 Karol\u00edna Geislerov\u00e1.","nbla_serie":"","nbla_season":"","nbla_episode":"","nbla_duration":"153.48","nbla_genre":"","nbla_editorial_format":"","nbla_mtime":"1694682357","nbla_url":"https:\/\/origin.a11.cz\/vod\/5n41i7g083hd7jnoxzqdsb5lq.mp4","nbla_version":"1694682357","nbla_odvysilano":"Ne","bunny_id":"849708ca-be43-4136-8325-4971f005781b","youtube_id":"","datum_vydani":"20230914","stopaz":"153.48","dokument":[],"video_to":["10351"]},"_links":{"self":[{"href":"https:\/\/tv.a11.cz\/api\/wp\/v2\/video\/10319","targetHints":{"allow":["GET"]}}],"collection":[{"href":"https:\/\/tv.a11.cz\/api\/wp\/v2\/video"}],"about":[{"href":"https:\/\/tv.a11.cz\/api\/wp\/v2\/types\/video"}],"author":[{"embeddable":true,"href":"https:\/\/tv.a11.cz\/api\/wp\/v2\/users\/8"}],"wp:featuredmedia":[{"embeddable":true,"href":"https:\/\/tv.a11.cz\/api\/wp\/v2\/media\/10350"}],"wp:attachment":[{"href":"https:\/\/tv.a11.cz\/api\/wp\/v2\/media?parent=10319"}],"wp:term":[{"taxonomy":"category","embeddable":true,"href":"https:\/\/tv.a11.cz\/api\/wp\/v2\/categories?post=10319"},{"taxonomy":"porad","embeddable":true,"href":"https:\/\/tv.a11.cz\/api\/wp\/v2\/porad?post=10319"},{"taxonomy":"region","embeddable":true,"href":"https:\/\/tv.a11.cz\/api\/wp\/v2\/region?post=10319"},{"taxonomy":"kategorie","embeddable":true,"href":"https:\/\/tv.a11.cz\/api\/wp\/v2\/kategorie?post=10319"}],"curies":[{"name":"wp","href":"https:\/\/api.w.org\/{rel}","templated":true}]}}