{"id":10278,"date":"2023-09-13T16:24:58","date_gmt":"2023-09-13T14:24:58","guid":{"rendered":"https:\/\/tv.a11.cz\/?post_type=video&#038;p=10278"},"modified":"2023-09-13T18:32:46","modified_gmt":"2023-09-13T16:32:46","slug":"centralni-ostravsky-obvod-otevrel-dve-hornicke-vystavy","status":"publish","type":"video","link":"https:\/\/tv.a11.cz\/video\/centralni-ostravsky-obvod-otevrel-dve-hornicke-vystavy\/","title":{"rendered":"Centr\u00e1ln\u00ed ostravsk\u00fd obvod otev\u0159el dv\u011b hornick\u00e9 v\u00fdstavy"},"content":{"rendered":"","protected":false},"excerpt":{"rendered":"<p>Auto\u0159i v\u00edt\u011bzn\u00fdch prac\u00ed ze sout\u011b\u017ee Kan\u00e1rek v dole byly ocen\u011bni 8. z\u00e1\u0159\u00ed na radnici Centr\u00e1ln\u00edho ostravsk\u00e9ho obvodu. Tam jsou tak\u00e9 jejich obr\u00e1zky vystaveny.<\/p>\n","protected":false},"author":8,"featured_media":10310,"template":"","categories":[17,157],"porad":[],"region":[58,115],"kategorie":[],"class_list":["post-10278","video","type-video","status-publish","has-post-thumbnail","hentry","category-domaci","category-zpravy","region-moravskoslezsky-kraj","region-ostravsko"],"acf":[],"meta_box":{"nbla_idec":"N2308147","nbla_title":"Centr\u00e1ln\u00ed ostravsk\u00fd obvod otev\u0159el dv\u011b hornick\u00e9 v\u00fdstavy","nbla_subtitle":"","nbla_summary":"","nbla_description":"","nbla_transcription":"Auto\u0159i v\u00edt\u011bzn\u00fdch prac\u00ed ze sout\u011b\u017ee Kan\u00e1rek v dole byly ocen\u011bni 8. z\u00e1\u0159\u00ed na radnici Centr\u00e1ln\u00edho ostravsk\u00e9ho obvodu. Tam jsou tak\u00e9 jejich obr\u00e1zky vystaveny. Pro d\u011bti to t\u00e9ma je atraktivn\u00ed, je tam n\u011bjak\u00e9 k\u0159ehk\u00e9 zv\u00ed\u0159e, je tam n\u011bjak\u00e9 nebezpe\u010d\u00ed, je tam n\u011bjak\u00fd d\u016fl a je vid\u011bt, \u017ee je to zaujalo, proto\u017ee ta d\u00edla, kter\u00e1 poslali do sout\u011b\u017ee, jsou fantastick\u00e1, opravdu \u00fa\u017easn\u00e1, kreativn\u00ed a zaj\u00edmav\u00e1. Tak\u017ee jsme m\u011bli velk\u00fd probl\u00e9m v\u016fbec vybrat n\u011bco, proto\u017ee polovina t\u011bch v\u011bc\u00ed byla \u00fapln\u011b skv\u011bl\u00e1. Prvn\u00ed cenu si odnesla Karolina Kova\u010d\u00edkov\u00e1 za obr\u00e1zek nazvan\u00fd Dole v dole. Jsem trochu nad\u0161en\u00e1, trochu jsem se b\u00e1la i b\u00fdt tady p\u0159ed v\u0161emi lidmi, ale m\u00e1m skv\u011bl\u00fd pocit. Cel\u00e1 odborn\u00e1 porota, kterou jsem se i j\u00e1 z\u00fa\u010dastnil, byla \u00fapln\u011b pav z toho, \u017ee ty d\u011bti namalovali n\u00e1dhern\u00e9 v\u011bci. Tak\u017ee bylo velmi t\u011b\u017ek\u00e9 n\u011bco vybrat, ale vybrali jsme a byli jsme z toho nad\u0161en\u00ed a i j\u00e1 potom jsem je\u0161t\u011b nav\u00edc v\u011bnoval cenu starosty. A takov\u00e1 t\u0159e\u0161ni\u010dka na tom dortu bylo, \u017ee i \u00fa\u0159edn\u00edci a zam\u011bstnanci na\u0161eho \u00fa\u0159adu se chodili d\u00edvat a vyhodnotili taky sami nejkr\u00e1sn\u011bj\u0161\u00ed d\u00edlu. Tak\u017ee v\u0161echno se spojilo \u00fapln\u011b par\u00e1dn\u011b. Jsem v\u011b\u017en\u00fd spisovatel, co st\u00e1le p\u00ed\u0161e prvn\u00ed knihu. Sou\u010dasn\u011b M\u011bstsk\u00fd obvod otev\u0159el je\u0161t\u011b druhou venkovn\u00ed putovn\u00ed v\u00fdstavu nazvanou Postop\u00e1ch horn\u00edctv\u00ed v Moravsk\u00e9 ostrav\u011b a p\u0159\u00edvozu. Lid\u00e9 na n\u00ed mohou porovnat, jak vypadala konkr\u00e9tn\u00ed m\u00edsta v minulosti a jak\u00e1 jsou dnes. Vedle arch\u00edvn\u00edch fotek jsou tu i sn\u00edmky sou\u010dasn\u00e9. Jejich autorem je Ond\u0159ej Dur\u010dak. Pr\u00e1v\u011b to, co je pro ostravu unik\u00e1tn\u00ed v tomhle ohledu a v tomto t\u00e9matu a konkr\u00e9tn\u011b teda pro to \u00fazem\u00ed dne\u0161n\u00ed Moravsk\u00e9 ostrav\u011b a p\u0159\u00edvozu, je pr\u00e1v\u011b to \u00fazk\u00e9 spojen\u00ed t\u011bch pr\u016fmyslov\u00fdch monument\u016f, t\u011bch d\u016fln\u00edch z\u00e1vor\u016f, tehdej\u0161\u00ed i d\u011blnick\u00fdch kolonii pr\u00e1v\u011b s tou b\u011b\u017enou z\u00e1stavbou, bychom \u0159ekli, s t\u00edm norm\u00e1ln\u00edm fungov\u00e1n\u00edm, s t\u00edm urbanismem toho m\u011bsta. M\u00e1me 30 let od doby, kdy se p\u0159estalo f\u00e1rat a t\u011b\u017eit na na\u0161em \u00fazem\u00ed, tak\u017ee je dobr\u00e9 si to znovu p\u0159ipom\u00ednat a ta historie, kter\u00e1 tady je, a Ostrava vlastn\u011b vznikla na z\u00e1klad\u011b sv\u00e9ho uln\u00e9ho bohatstv\u00ed, tak\u017ee je nutn\u00e9 to dnesk\u00e1 gener\u00e1ci p\u0159ipom\u00ednat, jak to tady v\u0161echno bylo. R\u00e1d jsem se velmi pod\u00edval, proto\u017ee \u017eiju v Ostrav\u011b cel\u00fd sv\u016fj \u017eivot, tak\u017ee velmi r\u00e1d jsem se pod\u00edval na tu historii. \u00daradnice bude v\u00fdstava do 17. z\u00e1\u0159\u00ed. Na druhou polovinu m\u011bs\u00edce se p\u0159em\u00edst\u00ed na n\u00e1m\u011bst\u00ed Svatopolka \u010cecha.","nbla_serie":"","nbla_season":"","nbla_episode":"","nbla_duration":"154.44","nbla_genre":"","nbla_editorial_format":"","nbla_mtime":"1694614207","nbla_url":"https:\/\/origin.a11.cz\/vod\/92o00svdhu22mfik28fasa709.mp4","nbla_version":"1694614207","nbla_odvysilano":"Ano","bunny_id":"2fe8477b-5032-4308-9fd6-26da1a17e366","youtube_id":"","datum_vydani":"20230913","stopaz":"154.44","dokument":[],"video_to":["10311"]},"_links":{"self":[{"href":"https:\/\/tv.a11.cz\/api\/wp\/v2\/video\/10278","targetHints":{"allow":["GET"]}}],"collection":[{"href":"https:\/\/tv.a11.cz\/api\/wp\/v2\/video"}],"about":[{"href":"https:\/\/tv.a11.cz\/api\/wp\/v2\/types\/video"}],"author":[{"embeddable":true,"href":"https:\/\/tv.a11.cz\/api\/wp\/v2\/users\/8"}],"wp:featuredmedia":[{"embeddable":true,"href":"https:\/\/tv.a11.cz\/api\/wp\/v2\/media\/10310"}],"wp:attachment":[{"href":"https:\/\/tv.a11.cz\/api\/wp\/v2\/media?parent=10278"}],"wp:term":[{"taxonomy":"category","embeddable":true,"href":"https:\/\/tv.a11.cz\/api\/wp\/v2\/categories?post=10278"},{"taxonomy":"porad","embeddable":true,"href":"https:\/\/tv.a11.cz\/api\/wp\/v2\/porad?post=10278"},{"taxonomy":"region","embeddable":true,"href":"https:\/\/tv.a11.cz\/api\/wp\/v2\/region?post=10278"},{"taxonomy":"kategorie","embeddable":true,"href":"https:\/\/tv.a11.cz\/api\/wp\/v2\/kategorie?post=10278"}],"curies":[{"name":"wp","href":"https:\/\/api.w.org\/{rel}","templated":true}]}}